{"id":22277,"date":"2021-01-21T15:14:03","date_gmt":"2021-01-21T12:14:03","guid":{"rendered":"https:\/\/sd.interkeydijital.com\/?page_id=22277"},"modified":"2021-09-28T16:59:42","modified_gmt":"2021-09-28T13:59:42","slug":"soz-devri","status":"publish","type":"page","link":"https:\/\/www.sivildusun.net\/yedek18062024\/ilham-al\/calisma-hikayeleri\/soz-devri\/","title":{"rendered":"S\u00f6z Devri"},"content":{"rendered":"\t<section class=\"section\" id=\"section_1346798126\">\n\t\t<div class=\"bg section-bg fill bg-fill  bg-loaded\" >\n\n\t\t\t\n\t\t\t<div class=\"loading-spin centered\"><\/div>\n\t\t\t\n\n\t\t<\/div>\n\n\t\t\n\n\t\t<div class=\"section-content relative\">\n\t\t\t\n<div class=\"row\"  id=\"row-718838428\">\n\n\t<div id=\"col-976474535\" class=\"col rightsidebar medium-3 small-12 large-3\"  >\n\t\t\t\t<div class=\"col-inner\"  >\n\t\t\t\n\t\t\t\n<div class=\"row rightsidebar\"  id=\"row-474284135\">\n\n\n\t<div id=\"col-50647761\" class=\"col small-12 large-12\"  >\n\t\t\t\t<div class=\"col-inner box-shadow-3\"  >\n\t\t\t\n\t\t\t\n\n\n\t\t<div class=\"icon-box featured-box icon-box-left text-left\"  >\n\t\t\t\t<div class=\"icon-box-text last-reset\">\n\t\t\t\t\t\t\t\t\t\n\n\t<div id=\"gap-487735327\" class=\"gap-element clearfix\" style=\"display:block; height:auto;\">\n\t\t\n<style>\n#gap-487735327 {\n  padding-top: 6px;\n}\n<\/style>\n\t<\/div>\n\t\n\n<h3>\u0130lham Al<\/h3>\n<div class=\"is-divider divider clearfix\" style=\"max-width:100%;background-color:rgb(233, 72, 63);\"><\/div>\n\n\n\t\t<\/div>\n\t<\/div>\n\t\n\t\n<p>[bellows config_id=\"main\" menu=\"6459\"]<\/p>\n\n\t\t<\/div>\n\t\t\t\t\n<style>\n#col-50647761 > .col-inner {\n  padding: 0px 10px 0px 10px;\n}\n<\/style>\n\t<\/div>\n\n\t\n\n<\/div>\n\t\t<\/div>\n\t\t\t\t\t<\/div>\n\n\t\n\n\t<div id=\"col-105131976\" class=\"col medium-9 small-12 large-9\"  >\n\t\t\t\t<div class=\"col-inner\"  >\n\t\t\t\n\t\t\t\n\n\t\t<div class=\"icon-box featured-box icon-box-left text-left\"  >\n\t\t\t\t<div class=\"icon-box-text last-reset\">\n\t\t\t\t\t\t\t\t\t\n  <div id=\"page-header-1971400195\" class=\"page-header-wrapper\">\n  <div class=\"page-title light divided-title\">\n\n    \n    <div class=\"page-title-inner container align-center flex-row medium-flex-wrap\" >\n              <div class=\"title-wrapper is-xlarge flex-col text-left medium-text-center\">\n          <h1 class=\"entry-title mb-0\">\n            S\u00f6z Devri          <\/h1>\n        <\/div>\n                    <div class=\"title-content flex-col flex-right text-right medium-text-center\">\n        <div class=\"title-breadcrumbs pb-half pt-half\"><\/div>      <\/div>\n    <\/div>\n\n       <\/div>\n  <div class=\"container header-wrapper-divider\"><hr\/><\/div>  <\/div>\n  \n\t<div id=\"gap-201152676\" class=\"gap-element clearfix\" style=\"display:block; height:auto;\">\n\t\t\n<style>\n#gap-201152676 {\n  padding-top: 30px;\n}\n<\/style>\n\t<\/div>\n\t\n\t\t<\/div>\n\t<\/div>\n\t\n\t\n<div class=\"row align-equal\"  id=\"row-1779607702\">\n\n\t<div id=\"col-117994772\" class=\"col small-12 large-12\"  >\n\t\t\t\t<div class=\"col-inner\"  >\n\t\t\t\n\t\t\t\n\n  \n    <div class=\"row large-columns-3 medium-columns-1 small-columns-1 has-shadow row-box-shadow-3-hover\" >\n  <div class=\"col post-item\" >\n\t\t\t<div class=\"col-inner\">\n\t\t\t\t<div class=\"box box-bounce box-text-bottom box-blog-post has-hover\">\n            \t\t\t\t\t<div class=\"box-image\" >\n  \t\t\t\t\t\t<div class=\"image-cover\" style=\"padding-top:56.25%;\">\n\t\t\t\t\t\t\t<a href=\"https:\/\/www.sivildusun.net\/yedek18062024\/soz-devri-galader-ile-aile-konferansi\/\" class=\"plain\" aria-label=\"S\u00f6z Devri | GALADER ile Aile Konferans\u0131\">\n\t\t\t\t\t\t\t\t<img fetchpriority=\"high\" decoding=\"async\" width=\"400\" height=\"370\" src=\"https:\/\/www.sivildusun.net\/yedek18062024\/wp-content\/uploads\/2024\/06\/kapak-1-400x370.jpg\" class=\"attachment-medium size-medium wp-post-image\" alt=\"\" srcset=\"https:\/\/www.sivildusun.net\/yedek18062024\/wp-content\/uploads\/2024\/06\/kapak-1-400x370.jpg 400w, https:\/\/www.sivildusun.net\/yedek18062024\/wp-content\/uploads\/2024\/06\/kapak-1-1024x947.jpg 1024w, https:\/\/www.sivildusun.net\/yedek18062024\/wp-content\/uploads\/2024\/06\/kapak-1-768x710.jpg 768w, https:\/\/www.sivildusun.net\/yedek18062024\/wp-content\/uploads\/2024\/06\/kapak-1.jpg 1295w\" sizes=\"(max-width: 400px) 100vw, 400px\" \/>\t\t\t\t\t\t\t<\/a>\n  \t\t\t\t\t\t\t  \t\t\t\t\t\t\t  \t\t\t\t\t\t<\/div>\n  \t\t\t\t\t\t  \t\t\t\t\t<\/div>\n          \t\t\t\t\t<div class=\"box-text text-left\" >\n\t\t\t\t\t<div class=\"box-text-inner blog-post-inner\">\n\n\t\t\t\t\t\n\t\t\t\t\t\t\t\t\t\t<h5 class=\"post-title is-large \">\n\t\t\t\t\t\t<a href=\"https:\/\/www.sivildusun.net\/yedek18062024\/soz-devri-galader-ile-aile-konferansi\/\" class=\"plain\">S\u00f6z Devri | GALADER ile Aile Konferans\u0131<\/a>\n\t\t\t\t\t<\/h5>\n\t\t\t\t\t\t\t\t\t\t<div class=\"is-divider\"><\/div>\n\t\t\t\t\t\t\t\t\t\t<p class=\"from_the_blog_excerpt \">\n\t\t\t\t\t\tMerhaba! Biz Ankara G\u00f6kku\u015fa\u011f\u0131 Aileler Derne\u011fi (GALADER) olarak, Ankara\u2019da faaliyet g\u00f6steren bir LGBT\u0130+ ebeveynleri toplulu\u011fuyuz....\t\t\t\t\t<\/p>\n\t\t\t\t\t                    \n\t\t\t\t\t\n\t\t\t\t\t\n\t\t\t\t\t<\/div>\n\t\t\t\t\t<\/div>\n\t\t\t\t\t\t\t\t\t\t\t\t\t\t\t\t<div class=\"badge absolute top post-date badge-square\">\n\t\t\t\t\t\t\t<div class=\"badge-inner\">\n\t\t\t\t\t\t\t\t<span class=\"post-date-day\">13<\/span><br>\n\t\t\t\t\t\t\t\t<span class=\"post-date-month is-xsmall\">Haz<\/span>\n\t\t\t\t\t\t\t<\/div>\n\t\t\t\t\t\t<\/div>\n\t\t\t\t\t\t\t\t\t<\/div>\n\t\t\t<\/div>\n\t\t<\/div><div class=\"col post-item\" >\n\t\t\t<div class=\"col-inner\">\n\t\t\t\t<div class=\"box box-bounce box-text-bottom box-blog-post has-hover\">\n            \t\t\t\t\t<div class=\"box-image\" >\n  \t\t\t\t\t\t<div class=\"image-cover\" style=\"padding-top:56.25%;\">\n\t\t\t\t\t\t\t<a href=\"https:\/\/www.sivildusun.net\/yedek18062024\/soz-devri-artiyesiliz-ile-yeni-nesil-doga-akademisi\/\" class=\"plain\" aria-label=\"S\u00f6z Devri | Art\u0131ye\u015filiz ile Yeni Nesil Do\u011fa Akademisi\">\n\t\t\t\t\t\t\t\t<img decoding=\"async\" width=\"400\" height=\"243\" src=\"https:\/\/www.sivildusun.net\/yedek18062024\/wp-content\/uploads\/2024\/06\/Toplu-Fotografimiz-e1717674070114-400x243.jpg\" class=\"attachment-medium size-medium wp-post-image\" alt=\"\" srcset=\"https:\/\/www.sivildusun.net\/yedek18062024\/wp-content\/uploads\/2024\/06\/Toplu-Fotografimiz-e1717674070114-400x243.jpg 400w, https:\/\/www.sivildusun.net\/yedek18062024\/wp-content\/uploads\/2024\/06\/Toplu-Fotografimiz-e1717674070114-1024x623.jpg 1024w, https:\/\/www.sivildusun.net\/yedek18062024\/wp-content\/uploads\/2024\/06\/Toplu-Fotografimiz-e1717674070114-768x467.jpg 768w, https:\/\/www.sivildusun.net\/yedek18062024\/wp-content\/uploads\/2024\/06\/Toplu-Fotografimiz-e1717674070114.jpg 1200w\" sizes=\"(max-width: 400px) 100vw, 400px\" \/>\t\t\t\t\t\t\t<\/a>\n  \t\t\t\t\t\t\t  \t\t\t\t\t\t\t  \t\t\t\t\t\t<\/div>\n  \t\t\t\t\t\t  \t\t\t\t\t<\/div>\n          \t\t\t\t\t<div class=\"box-text text-left\" >\n\t\t\t\t\t<div class=\"box-text-inner blog-post-inner\">\n\n\t\t\t\t\t\n\t\t\t\t\t\t\t\t\t\t<h5 class=\"post-title is-large \">\n\t\t\t\t\t\t<a href=\"https:\/\/www.sivildusun.net\/yedek18062024\/soz-devri-artiyesiliz-ile-yeni-nesil-doga-akademisi\/\" class=\"plain\">S\u00f6z Devri | Art\u0131ye\u015filiz ile Yeni Nesil Do\u011fa Akademisi<\/a>\n\t\t\t\t\t<\/h5>\n\t\t\t\t\t\t\t\t\t\t<div class=\"is-divider\"><\/div>\n\t\t\t\t\t\t\t\t\t\t<p class=\"from_the_blog_excerpt \">\n\t\t\t\t\t\tMerhaba, Art\u0131ye\u015filiz ekibi olarak \u00c7evre G\u00fcn\u00fcn\u00fc kutlad\u0131\u011f\u0131m\u0131z bu hafta mikrofon bizde! Bizler, ki\u015fisel hayatlar\u0131nda ve...\t\t\t\t\t<\/p>\n\t\t\t\t\t                    \n\t\t\t\t\t\n\t\t\t\t\t\n\t\t\t\t\t<\/div>\n\t\t\t\t\t<\/div>\n\t\t\t\t\t\t\t\t\t\t\t\t\t\t\t\t<div class=\"badge absolute top post-date badge-square\">\n\t\t\t\t\t\t\t<div class=\"badge-inner\">\n\t\t\t\t\t\t\t\t<span class=\"post-date-day\">06<\/span><br>\n\t\t\t\t\t\t\t\t<span class=\"post-date-month is-xsmall\">Haz<\/span>\n\t\t\t\t\t\t\t<\/div>\n\t\t\t\t\t\t<\/div>\n\t\t\t\t\t\t\t\t\t<\/div>\n\t\t\t<\/div>\n\t\t<\/div><div class=\"col post-item\" >\n\t\t\t<div class=\"col-inner\">\n\t\t\t\t<div class=\"box box-bounce box-text-bottom box-blog-post has-hover\">\n            \t\t\t\t\t<div class=\"box-image\" >\n  \t\t\t\t\t\t<div class=\"image-cover\" style=\"padding-top:56.25%;\">\n\t\t\t\t\t\t\t<a href=\"https:\/\/www.sivildusun.net\/yedek18062024\/soz-devri-herkes-icin-erisilebilir-yasam-akademisi-dernegi\/\" class=\"plain\" aria-label=\"S\u00f6z Devri | Herkes i\u00e7in Eri\u015filebilir Ya\u015fam Akademisi Derne\u011fi\">\n\t\t\t\t\t\t\t\t<img decoding=\"async\" width=\"400\" height=\"229\" src=\"https:\/\/www.sivildusun.net\/yedek18062024\/wp-content\/uploads\/2024\/05\/WhatsApp-Image-2024-05-16-at-14.19.08-3-400x229.jpeg\" class=\"attachment-medium size-medium wp-post-image\" alt=\"\" srcset=\"https:\/\/www.sivildusun.net\/yedek18062024\/wp-content\/uploads\/2024\/05\/WhatsApp-Image-2024-05-16-at-14.19.08-3-400x229.jpeg 400w, https:\/\/www.sivildusun.net\/yedek18062024\/wp-content\/uploads\/2024\/05\/WhatsApp-Image-2024-05-16-at-14.19.08-3-1024x587.jpeg 1024w, https:\/\/www.sivildusun.net\/yedek18062024\/wp-content\/uploads\/2024\/05\/WhatsApp-Image-2024-05-16-at-14.19.08-3-768x440.jpeg 768w, https:\/\/www.sivildusun.net\/yedek18062024\/wp-content\/uploads\/2024\/05\/WhatsApp-Image-2024-05-16-at-14.19.08-3.jpeg 1390w\" sizes=\"(max-width: 400px) 100vw, 400px\" \/>\t\t\t\t\t\t\t<\/a>\n  \t\t\t\t\t\t\t  \t\t\t\t\t\t\t  \t\t\t\t\t\t<\/div>\n  \t\t\t\t\t\t  \t\t\t\t\t<\/div>\n          \t\t\t\t\t<div class=\"box-text text-left\" >\n\t\t\t\t\t<div class=\"box-text-inner blog-post-inner\">\n\n\t\t\t\t\t\n\t\t\t\t\t\t\t\t\t\t<h5 class=\"post-title is-large \">\n\t\t\t\t\t\t<a href=\"https:\/\/www.sivildusun.net\/yedek18062024\/soz-devri-herkes-icin-erisilebilir-yasam-akademisi-dernegi\/\" class=\"plain\">S\u00f6z Devri | Herkes i\u00e7in Eri\u015filebilir Ya\u015fam Akademisi Derne\u011fi<\/a>\n\t\t\t\t\t<\/h5>\n\t\t\t\t\t\t\t\t\t\t<div class=\"is-divider\"><\/div>\n\t\t\t\t\t\t\t\t\t\t<p class=\"from_the_blog_excerpt \">\n\t\t\t\t\t\tMerhaba, ben \u0130smail. Engelliler Haftas\u0131n\u0131 kapat\u0131rken Herkes \u0130\u00e7in Eri\u015filebilir Ya\u015fam Akademisi Derne\u011fi ad\u0131na mikrofon bende!...\t\t\t\t\t<\/p>\n\t\t\t\t\t                    \n\t\t\t\t\t\n\t\t\t\t\t\n\t\t\t\t\t<\/div>\n\t\t\t\t\t<\/div>\n\t\t\t\t\t\t\t\t\t\t\t\t\t\t\t\t<div class=\"badge absolute top post-date badge-square\">\n\t\t\t\t\t\t\t<div class=\"badge-inner\">\n\t\t\t\t\t\t\t\t<span class=\"post-date-day\">16<\/span><br>\n\t\t\t\t\t\t\t\t<span class=\"post-date-month is-xsmall\">May<\/span>\n\t\t\t\t\t\t\t<\/div>\n\t\t\t\t\t\t<\/div>\n\t\t\t\t\t\t\t\t\t<\/div>\n\t\t\t<\/div>\n\t\t<\/div><div class=\"col post-item\" >\n\t\t\t<div class=\"col-inner\">\n\t\t\t\t<div class=\"box box-bounce box-text-bottom box-blog-post has-hover\">\n            \t\t\t\t\t<div class=\"box-image\" >\n  \t\t\t\t\t\t<div class=\"image-cover\" style=\"padding-top:56.25%;\">\n\t\t\t\t\t\t\t<a href=\"https:\/\/www.sivildusun.net\/yedek18062024\/soz-devri-dijital-iletisim-dernegi\/\" class=\"plain\" aria-label=\"S\u00f6z Devri | Dijital \u0130leti\u015fim Derne\u011fi ile Beraber Duyuyoruz\">\n\t\t\t\t\t\t\t\t<img loading=\"lazy\" decoding=\"async\" width=\"400\" height=\"225\" src=\"https:\/\/www.sivildusun.net\/yedek18062024\/wp-content\/uploads\/2024\/05\/3_-new_website_post_size-400x225.png\" class=\"attachment-medium size-medium wp-post-image\" alt=\"\" srcset=\"https:\/\/www.sivildusun.net\/yedek18062024\/wp-content\/uploads\/2024\/05\/3_-new_website_post_size-400x225.png 400w, https:\/\/www.sivildusun.net\/yedek18062024\/wp-content\/uploads\/2024\/05\/3_-new_website_post_size-1024x576.png 1024w, https:\/\/www.sivildusun.net\/yedek18062024\/wp-content\/uploads\/2024\/05\/3_-new_website_post_size-768x432.png 768w, https:\/\/www.sivildusun.net\/yedek18062024\/wp-content\/uploads\/2024\/05\/3_-new_website_post_size.png 1280w\" sizes=\"(max-width: 400px) 100vw, 400px\" \/>\t\t\t\t\t\t\t<\/a>\n  \t\t\t\t\t\t\t  \t\t\t\t\t\t\t  \t\t\t\t\t\t<\/div>\n  \t\t\t\t\t\t  \t\t\t\t\t<\/div>\n          \t\t\t\t\t<div class=\"box-text text-left\" >\n\t\t\t\t\t<div class=\"box-text-inner blog-post-inner\">\n\n\t\t\t\t\t\n\t\t\t\t\t\t\t\t\t\t<h5 class=\"post-title is-large \">\n\t\t\t\t\t\t<a href=\"https:\/\/www.sivildusun.net\/yedek18062024\/soz-devri-dijital-iletisim-dernegi\/\" class=\"plain\">S\u00f6z Devri | Dijital \u0130leti\u015fim Derne\u011fi ile Beraber Duyuyoruz<\/a>\n\t\t\t\t\t<\/h5>\n\t\t\t\t\t\t\t\t\t\t<div class=\"is-divider\"><\/div>\n\t\t\t\t\t\t\t\t\t\t<p class=\"from_the_blog_excerpt \">\n\t\t\t\t\t\tMerhaba, ben Ezgi Ece A\u015fk\u0131ngil\u00a0 D\u00fcnya Bas\u0131n \u00d6zg\u00fcrl\u00fc\u011f\u00fc G\u00fcn\u00fcnde Dijital \u0130leti\u015fim Derne\u011fi olarak mikrofon bizde!...\t\t\t\t\t<\/p>\n\t\t\t\t\t                    \n\t\t\t\t\t\n\t\t\t\t\t\n\t\t\t\t\t<\/div>\n\t\t\t\t\t<\/div>\n\t\t\t\t\t\t\t\t\t\t\t\t\t\t\t\t<div class=\"badge absolute top post-date badge-square\">\n\t\t\t\t\t\t\t<div class=\"badge-inner\">\n\t\t\t\t\t\t\t\t<span class=\"post-date-day\">03<\/span><br>\n\t\t\t\t\t\t\t\t<span class=\"post-date-month is-xsmall\">May<\/span>\n\t\t\t\t\t\t\t<\/div>\n\t\t\t\t\t\t<\/div>\n\t\t\t\t\t\t\t\t\t<\/div>\n\t\t\t<\/div>\n\t\t<\/div><div class=\"col post-item\" >\n\t\t\t<div class=\"col-inner\">\n\t\t\t\t<div class=\"box box-bounce box-text-bottom box-blog-post has-hover\">\n            \t\t\t\t\t<div class=\"box-image\" >\n  \t\t\t\t\t\t<div class=\"image-cover\" style=\"padding-top:56.25%;\">\n\t\t\t\t\t\t\t<a href=\"https:\/\/www.sivildusun.net\/yedek18062024\/soz-devri-ozkan-kaya-sahnenin-sesi\/\" class=\"plain\" aria-label=\"S\u00f6z Devri | \u00d6zkan Kaya ile Sahnenin Sesi\">\n\t\t\t\t\t\t\t\t<img loading=\"lazy\" decoding=\"async\" width=\"400\" height=\"267\" src=\"https:\/\/www.sivildusun.net\/yedek18062024\/wp-content\/uploads\/2024\/03\/WhatsApp-Image-2024-02-15-at-11.21.41-400x267.jpeg\" class=\"attachment-medium size-medium wp-post-image\" alt=\"\" srcset=\"https:\/\/www.sivildusun.net\/yedek18062024\/wp-content\/uploads\/2024\/03\/WhatsApp-Image-2024-02-15-at-11.21.41-400x267.jpeg 400w, https:\/\/www.sivildusun.net\/yedek18062024\/wp-content\/uploads\/2024\/03\/WhatsApp-Image-2024-02-15-at-11.21.41-1024x682.jpeg 1024w, https:\/\/www.sivildusun.net\/yedek18062024\/wp-content\/uploads\/2024\/03\/WhatsApp-Image-2024-02-15-at-11.21.41-768x512.jpeg 768w, https:\/\/www.sivildusun.net\/yedek18062024\/wp-content\/uploads\/2024\/03\/WhatsApp-Image-2024-02-15-at-11.21.41-1536x1023.jpeg 1536w, https:\/\/www.sivildusun.net\/yedek18062024\/wp-content\/uploads\/2024\/03\/WhatsApp-Image-2024-02-15-at-11.21.41.jpeg 1600w\" sizes=\"(max-width: 400px) 100vw, 400px\" \/>\t\t\t\t\t\t\t<\/a>\n  \t\t\t\t\t\t\t  \t\t\t\t\t\t\t  \t\t\t\t\t\t<\/div>\n  \t\t\t\t\t\t  \t\t\t\t\t<\/div>\n          \t\t\t\t\t<div class=\"box-text text-left\" >\n\t\t\t\t\t<div class=\"box-text-inner blog-post-inner\">\n\n\t\t\t\t\t\n\t\t\t\t\t\t\t\t\t\t<h5 class=\"post-title is-large \">\n\t\t\t\t\t\t<a href=\"https:\/\/www.sivildusun.net\/yedek18062024\/soz-devri-ozkan-kaya-sahnenin-sesi\/\" class=\"plain\">S\u00f6z Devri | \u00d6zkan Kaya ile Sahnenin Sesi<\/a>\n\t\t\t\t\t<\/h5>\n\t\t\t\t\t\t\t\t\t\t<div class=\"is-divider\"><\/div>\n\t\t\t\t\t\t\t\t\t\t<p class=\"from_the_blog_excerpt \">\n\t\t\t\t\t\tMerhaba, Ben \u00d6zkan Kaya. Bu haftan\u0131n s\u00f6z devrinde, Voice of Stage olarak mikrofon bizde! Ba\u011f\u0131ms\u0131z...\t\t\t\t\t<\/p>\n\t\t\t\t\t                    \n\t\t\t\t\t\n\t\t\t\t\t\n\t\t\t\t\t<\/div>\n\t\t\t\t\t<\/div>\n\t\t\t\t\t\t\t\t\t\t\t\t\t\t\t\t<div class=\"badge absolute top post-date badge-square\">\n\t\t\t\t\t\t\t<div class=\"badge-inner\">\n\t\t\t\t\t\t\t\t<span class=\"post-date-day\">27<\/span><br>\n\t\t\t\t\t\t\t\t<span class=\"post-date-month is-xsmall\">Mar<\/span>\n\t\t\t\t\t\t\t<\/div>\n\t\t\t\t\t\t<\/div>\n\t\t\t\t\t\t\t\t\t<\/div>\n\t\t\t<\/div>\n\t\t<\/div><div class=\"col post-item\" >\n\t\t\t<div class=\"col-inner\">\n\t\t\t\t<div class=\"box box-bounce box-text-bottom box-blog-post has-hover\">\n            \t\t\t\t\t<div class=\"box-image\" >\n  \t\t\t\t\t\t<div class=\"image-cover\" style=\"padding-top:56.25%;\">\n\t\t\t\t\t\t\t<a href=\"https:\/\/www.sivildusun.net\/yedek18062024\/soz-devri-dijital-haklara-erisim-ekibi\/\" class=\"plain\" aria-label=\"S\u00f6z Devri | Dijital Haklara Eri\u015fim ekibi ile ya\u015fl\u0131lar haftas\u0131na selam\">\n\t\t\t\t\t\t\t\t<img loading=\"lazy\" decoding=\"async\" width=\"400\" height=\"267\" src=\"https:\/\/www.sivildusun.net\/yedek18062024\/wp-content\/uploads\/2024\/03\/flat-hand-drawn-seniors-using-technology-illustration_23-2148829751-400x267.jpg\" class=\"attachment-medium size-medium wp-post-image\" alt=\"\" srcset=\"https:\/\/www.sivildusun.net\/yedek18062024\/wp-content\/uploads\/2024\/03\/flat-hand-drawn-seniors-using-technology-illustration_23-2148829751-400x267.jpg 400w, https:\/\/www.sivildusun.net\/yedek18062024\/wp-content\/uploads\/2024\/03\/flat-hand-drawn-seniors-using-technology-illustration_23-2148829751-1024x682.jpg 1024w, https:\/\/www.sivildusun.net\/yedek18062024\/wp-content\/uploads\/2024\/03\/flat-hand-drawn-seniors-using-technology-illustration_23-2148829751-768x512.jpg 768w, https:\/\/www.sivildusun.net\/yedek18062024\/wp-content\/uploads\/2024\/03\/flat-hand-drawn-seniors-using-technology-illustration_23-2148829751-1536x1024.jpg 1536w, https:\/\/www.sivildusun.net\/yedek18062024\/wp-content\/uploads\/2024\/03\/flat-hand-drawn-seniors-using-technology-illustration_23-2148829751.jpg 2000w\" sizes=\"(max-width: 400px) 100vw, 400px\" \/>\t\t\t\t\t\t\t<\/a>\n  \t\t\t\t\t\t\t  \t\t\t\t\t\t\t  \t\t\t\t\t\t<\/div>\n  \t\t\t\t\t\t  \t\t\t\t\t<\/div>\n          \t\t\t\t\t<div class=\"box-text text-left\" >\n\t\t\t\t\t<div class=\"box-text-inner blog-post-inner\">\n\n\t\t\t\t\t\n\t\t\t\t\t\t\t\t\t\t<h5 class=\"post-title is-large \">\n\t\t\t\t\t\t<a href=\"https:\/\/www.sivildusun.net\/yedek18062024\/soz-devri-dijital-haklara-erisim-ekibi\/\" class=\"plain\">S\u00f6z Devri | Dijital Haklara Eri\u015fim ekibi ile ya\u015fl\u0131lar haftas\u0131na selam<\/a>\n\t\t\t\t\t<\/h5>\n\t\t\t\t\t\t\t\t\t\t<div class=\"is-divider\"><\/div>\n\t\t\t\t\t\t\t\t\t\t<p class=\"from_the_blog_excerpt \">\n\t\t\t\t\t\tMerhaba, Ben Dijital Haklara Eri\u015fim \u0130nisiyatifi ekibinden Umut Erses. Bundan \u00fc\u00e7 y\u0131l \u00f6nce herkes i\u00e7in...\t\t\t\t\t<\/p>\n\t\t\t\t\t                    \n\t\t\t\t\t\n\t\t\t\t\t\n\t\t\t\t\t<\/div>\n\t\t\t\t\t<\/div>\n\t\t\t\t\t\t\t\t\t\t\t\t\t\t\t\t<div class=\"badge absolute top post-date badge-square\">\n\t\t\t\t\t\t\t<div class=\"badge-inner\">\n\t\t\t\t\t\t\t\t<span class=\"post-date-day\">21<\/span><br>\n\t\t\t\t\t\t\t\t<span class=\"post-date-month is-xsmall\">Mar<\/span>\n\t\t\t\t\t\t\t<\/div>\n\t\t\t\t\t\t<\/div>\n\t\t\t\t\t\t\t\t\t<\/div>\n\t\t\t<\/div>\n\t\t<\/div><div class=\"col post-item\" >\n\t\t\t<div class=\"col-inner\">\n\t\t\t\t<div class=\"box box-bounce box-text-bottom box-blog-post has-hover\">\n            \t\t\t\t\t<div class=\"box-image\" >\n  \t\t\t\t\t\t<div class=\"image-cover\" style=\"padding-top:56.25%;\">\n\t\t\t\t\t\t\t<a href=\"https:\/\/www.sivildusun.net\/yedek18062024\/soz-devri-mersin-kent-konseyi-kadin-meclisi\/\" class=\"plain\" aria-label=\"S\u00f6z Devri | Mersin Kent Konseyi Kad\u0131n Meclisi\">\n\t\t\t\t\t\t\t\t<img loading=\"lazy\" decoding=\"async\" width=\"400\" height=\"284\" src=\"https:\/\/www.sivildusun.net\/yedek18062024\/wp-content\/uploads\/2024\/03\/2-kopyasi-400x284.jpeg\" class=\"attachment-medium size-medium wp-post-image\" alt=\"\" srcset=\"https:\/\/www.sivildusun.net\/yedek18062024\/wp-content\/uploads\/2024\/03\/2-kopyasi-400x284.jpeg 400w, https:\/\/www.sivildusun.net\/yedek18062024\/wp-content\/uploads\/2024\/03\/2-kopyasi-1024x728.jpeg 1024w, https:\/\/www.sivildusun.net\/yedek18062024\/wp-content\/uploads\/2024\/03\/2-kopyasi-768x546.jpeg 768w, https:\/\/www.sivildusun.net\/yedek18062024\/wp-content\/uploads\/2024\/03\/2-kopyasi-1536x1092.jpeg 1536w, https:\/\/www.sivildusun.net\/yedek18062024\/wp-content\/uploads\/2024\/03\/2-kopyasi.jpeg 1720w\" sizes=\"(max-width: 400px) 100vw, 400px\" \/>\t\t\t\t\t\t\t<\/a>\n  \t\t\t\t\t\t\t  \t\t\t\t\t\t\t  \t\t\t\t\t\t<\/div>\n  \t\t\t\t\t\t  \t\t\t\t\t<\/div>\n          \t\t\t\t\t<div class=\"box-text text-left\" >\n\t\t\t\t\t<div class=\"box-text-inner blog-post-inner\">\n\n\t\t\t\t\t\n\t\t\t\t\t\t\t\t\t\t<h5 class=\"post-title is-large \">\n\t\t\t\t\t\t<a href=\"https:\/\/www.sivildusun.net\/yedek18062024\/soz-devri-mersin-kent-konseyi-kadin-meclisi\/\" class=\"plain\">S\u00f6z Devri | Mersin Kent Konseyi Kad\u0131n Meclisi<\/a>\n\t\t\t\t\t<\/h5>\n\t\t\t\t\t\t\t\t\t\t<div class=\"is-divider\"><\/div>\n\t\t\t\t\t\t\t\t\t\t<p class=\"from_the_blog_excerpt \">\n\t\t\t\t\t\tMerhaba, Biz Mersin\u2019in ilk kad\u0131n meclisiyiz. 2022 y\u0131l\u0131nda kurulduk. 70\u2019in \u00fczerinde bile\u015fenimizle Mersin\u2019de kad\u0131n haklar\u0131na...\t\t\t\t\t<\/p>\n\t\t\t\t\t                    \n\t\t\t\t\t\n\t\t\t\t\t\n\t\t\t\t\t<\/div>\n\t\t\t\t\t<\/div>\n\t\t\t\t\t\t\t\t\t\t\t\t\t\t\t\t<div class=\"badge absolute top post-date badge-square\">\n\t\t\t\t\t\t\t<div class=\"badge-inner\">\n\t\t\t\t\t\t\t\t<span class=\"post-date-day\">07<\/span><br>\n\t\t\t\t\t\t\t\t<span class=\"post-date-month is-xsmall\">Mar<\/span>\n\t\t\t\t\t\t\t<\/div>\n\t\t\t\t\t\t<\/div>\n\t\t\t\t\t\t\t\t\t<\/div>\n\t\t\t<\/div>\n\t\t<\/div><div class=\"col post-item\" >\n\t\t\t<div class=\"col-inner\">\n\t\t\t\t<div class=\"box box-bounce box-text-bottom box-blog-post has-hover\">\n            \t\t\t\t\t<div class=\"box-image\" >\n  \t\t\t\t\t\t<div class=\"image-cover\" style=\"padding-top:56.25%;\">\n\t\t\t\t\t\t\t<a href=\"https:\/\/www.sivildusun.net\/yedek18062024\/soz-devri-ozkan-ulucan-ile-asbeste-dur-de-belgeseli\/\" class=\"plain\" aria-label=\"S\u00f6z Devri | \u00d6zkan Ulucan ile Asbeste dur de belgeseli\">\n\t\t\t\t\t\t\t\t<img loading=\"lazy\" decoding=\"async\" width=\"400\" height=\"220\" src=\"https:\/\/www.sivildusun.net\/yedek18062024\/wp-content\/uploads\/2024\/02\/ou3.1-400x220.jpeg\" class=\"attachment-medium size-medium wp-post-image\" alt=\"\" srcset=\"https:\/\/www.sivildusun.net\/yedek18062024\/wp-content\/uploads\/2024\/02\/ou3.1-400x220.jpeg 400w, https:\/\/www.sivildusun.net\/yedek18062024\/wp-content\/uploads\/2024\/02\/ou3.1-1024x563.jpeg 1024w, https:\/\/www.sivildusun.net\/yedek18062024\/wp-content\/uploads\/2024\/02\/ou3.1-768x423.jpeg 768w, https:\/\/www.sivildusun.net\/yedek18062024\/wp-content\/uploads\/2024\/02\/ou3.1.jpeg 1125w\" sizes=\"(max-width: 400px) 100vw, 400px\" \/>\t\t\t\t\t\t\t<\/a>\n  \t\t\t\t\t\t\t  \t\t\t\t\t\t\t  \t\t\t\t\t\t<\/div>\n  \t\t\t\t\t\t  \t\t\t\t\t<\/div>\n          \t\t\t\t\t<div class=\"box-text text-left\" >\n\t\t\t\t\t<div class=\"box-text-inner blog-post-inner\">\n\n\t\t\t\t\t\n\t\t\t\t\t\t\t\t\t\t<h5 class=\"post-title is-large \">\n\t\t\t\t\t\t<a href=\"https:\/\/www.sivildusun.net\/yedek18062024\/soz-devri-ozkan-ulucan-ile-asbeste-dur-de-belgeseli\/\" class=\"plain\">S\u00f6z Devri | \u00d6zkan Ulucan ile Asbeste dur de belgeseli<\/a>\n\t\t\t\t\t<\/h5>\n\t\t\t\t\t\t\t\t\t\t<div class=\"is-divider\"><\/div>\n\t\t\t\t\t\t\t\t\t\t<p class=\"from_the_blog_excerpt \">\n\t\t\t\t\t\tHayat\u0131n her alan\u0131nda y\u0131k\u0131mlar\u0131n ya\u015fand\u0131\u011f\u0131 \u015fu \u00e7a\u011fda, neleri kurtarsam diye d\u00fc\u015f\u00fcn\u00fcrken, yan\u0131 ba\u015f\u0131m\u0131zda b\u00fcy\u00fck bir...\t\t\t\t\t<\/p>\n\t\t\t\t\t                    \n\t\t\t\t\t\n\t\t\t\t\t\n\t\t\t\t\t<\/div>\n\t\t\t\t\t<\/div>\n\t\t\t\t\t\t\t\t\t\t\t\t\t\t\t\t<div class=\"badge absolute top post-date badge-square\">\n\t\t\t\t\t\t\t<div class=\"badge-inner\">\n\t\t\t\t\t\t\t\t<span class=\"post-date-day\">22<\/span><br>\n\t\t\t\t\t\t\t\t<span class=\"post-date-month is-xsmall\">\u015eub<\/span>\n\t\t\t\t\t\t\t<\/div>\n\t\t\t\t\t\t<\/div>\n\t\t\t\t\t\t\t\t\t<\/div>\n\t\t\t<\/div>\n\t\t<\/div><div class=\"col post-item\" >\n\t\t\t<div class=\"col-inner\">\n\t\t\t\t<div class=\"box box-bounce box-text-bottom box-blog-post has-hover\">\n            \t\t\t\t\t<div class=\"box-image\" >\n  \t\t\t\t\t\t<div class=\"image-cover\" style=\"padding-top:56.25%;\">\n\t\t\t\t\t\t\t<a href=\"https:\/\/www.sivildusun.net\/yedek18062024\/soz-devri-sevim-kahraman-ile-halk-sagligi\/\" class=\"plain\" aria-label=\"S\u00f6z Devri | Sevim Kahraman ile halk sa\u011fl\u0131\u011f\u0131 belgeseli\">\n\t\t\t\t\t\t\t\t<img loading=\"lazy\" decoding=\"async\" width=\"400\" height=\"231\" src=\"https:\/\/www.sivildusun.net\/yedek18062024\/wp-content\/uploads\/2024\/02\/FC813CDC-74CE-4DA0-BE7F-463D67E31E2C-400x231.jpeg\" class=\"attachment-medium size-medium wp-post-image\" alt=\"\" srcset=\"https:\/\/www.sivildusun.net\/yedek18062024\/wp-content\/uploads\/2024\/02\/FC813CDC-74CE-4DA0-BE7F-463D67E31E2C-400x231.jpeg 400w, https:\/\/www.sivildusun.net\/yedek18062024\/wp-content\/uploads\/2024\/02\/FC813CDC-74CE-4DA0-BE7F-463D67E31E2C-1024x591.jpeg 1024w, https:\/\/www.sivildusun.net\/yedek18062024\/wp-content\/uploads\/2024\/02\/FC813CDC-74CE-4DA0-BE7F-463D67E31E2C-768x443.jpeg 768w, https:\/\/www.sivildusun.net\/yedek18062024\/wp-content\/uploads\/2024\/02\/FC813CDC-74CE-4DA0-BE7F-463D67E31E2C.jpeg 1123w\" sizes=\"(max-width: 400px) 100vw, 400px\" \/>\t\t\t\t\t\t\t<\/a>\n  \t\t\t\t\t\t\t  \t\t\t\t\t\t\t  \t\t\t\t\t\t<\/div>\n  \t\t\t\t\t\t  \t\t\t\t\t<\/div>\n          \t\t\t\t\t<div class=\"box-text text-left\" >\n\t\t\t\t\t<div class=\"box-text-inner blog-post-inner\">\n\n\t\t\t\t\t\n\t\t\t\t\t\t\t\t\t\t<h5 class=\"post-title is-large \">\n\t\t\t\t\t\t<a href=\"https:\/\/www.sivildusun.net\/yedek18062024\/soz-devri-sevim-kahraman-ile-halk-sagligi\/\" class=\"plain\">S\u00f6z Devri | Sevim Kahraman ile halk sa\u011fl\u0131\u011f\u0131 belgeseli<\/a>\n\t\t\t\t\t<\/h5>\n\t\t\t\t\t\t\t\t\t\t<div class=\"is-divider\"><\/div>\n\t\t\t\t\t\t\t\t\t\t<p class=\"from_the_blog_excerpt \">\n\t\t\t\t\t\tDepremi, Dersim\u2019de de yo\u011fun bir \u015fekilde hissettim. \u0130lk \u00f6nce sevdiklerimi arayarak onlar\u0131n g\u00fcvende olup olmad\u0131\u011f\u0131n\u0131...\t\t\t\t\t<\/p>\n\t\t\t\t\t                    \n\t\t\t\t\t\n\t\t\t\t\t\n\t\t\t\t\t<\/div>\n\t\t\t\t\t<\/div>\n\t\t\t\t\t\t\t\t\t\t\t\t\t\t\t\t<div class=\"badge absolute top post-date badge-square\">\n\t\t\t\t\t\t\t<div class=\"badge-inner\">\n\t\t\t\t\t\t\t\t<span class=\"post-date-day\">15<\/span><br>\n\t\t\t\t\t\t\t\t<span class=\"post-date-month is-xsmall\">\u015eub<\/span>\n\t\t\t\t\t\t\t<\/div>\n\t\t\t\t\t\t<\/div>\n\t\t\t\t\t\t\t\t\t<\/div>\n\t\t\t<\/div>\n\t\t<\/div><div class=\"col post-item\" >\n\t\t\t<div class=\"col-inner\">\n\t\t\t\t<div class=\"box box-bounce box-text-bottom box-blog-post has-hover\">\n            \t\t\t\t\t<div class=\"box-image\" >\n  \t\t\t\t\t\t<div class=\"image-cover\" style=\"padding-top:56.25%;\">\n\t\t\t\t\t\t\t<a href=\"https:\/\/www.sivildusun.net\/yedek18062024\/soz-gayretlerin\/\" class=\"plain\" aria-label=\"Depremin y\u0131ld\u00f6n\u00fcm\u00fcnde sessizlik iyile\u015fiyor | #S\u00f6zGayretlerin\">\n\t\t\t\t\t\t\t\t<img loading=\"lazy\" decoding=\"async\" width=\"400\" height=\"225\" src=\"https:\/\/www.sivildusun.net\/yedek18062024\/wp-content\/uploads\/2024\/01\/Son_SD-Disaridan-Duyurular-1-400x225.png\" class=\"attachment-medium size-medium wp-post-image\" alt=\"\" srcset=\"https:\/\/www.sivildusun.net\/yedek18062024\/wp-content\/uploads\/2024\/01\/Son_SD-Disaridan-Duyurular-1-400x225.png 400w, https:\/\/www.sivildusun.net\/yedek18062024\/wp-content\/uploads\/2024\/01\/Son_SD-Disaridan-Duyurular-1-1024x576.png 1024w, https:\/\/www.sivildusun.net\/yedek18062024\/wp-content\/uploads\/2024\/01\/Son_SD-Disaridan-Duyurular-1-768x432.png 768w, https:\/\/www.sivildusun.net\/yedek18062024\/wp-content\/uploads\/2024\/01\/Son_SD-Disaridan-Duyurular-1-1536x864.png 1536w, https:\/\/www.sivildusun.net\/yedek18062024\/wp-content\/uploads\/2024\/01\/Son_SD-Disaridan-Duyurular-1.png 1600w\" sizes=\"(max-width: 400px) 100vw, 400px\" \/>\t\t\t\t\t\t\t<\/a>\n  \t\t\t\t\t\t\t  \t\t\t\t\t\t\t  \t\t\t\t\t\t<\/div>\n  \t\t\t\t\t\t  \t\t\t\t\t<\/div>\n          \t\t\t\t\t<div class=\"box-text text-left\" >\n\t\t\t\t\t<div class=\"box-text-inner blog-post-inner\">\n\n\t\t\t\t\t\n\t\t\t\t\t\t\t\t\t\t<h5 class=\"post-title is-large \">\n\t\t\t\t\t\t<a href=\"https:\/\/www.sivildusun.net\/yedek18062024\/soz-gayretlerin\/\" class=\"plain\">Depremin y\u0131ld\u00f6n\u00fcm\u00fcnde sessizlik iyile\u015fiyor | #S\u00f6zGayretlerin<\/a>\n\t\t\t\t\t<\/h5>\n\t\t\t\t\t\t\t\t\t\t<div class=\"is-divider\"><\/div>\n\t\t\t\t\t\t\t\t\t\t<p class=\"from_the_blog_excerpt \">\n\t\t\t\t\t\t\t\t\t\t\t<\/p>\n\t\t\t\t\t                    \n\t\t\t\t\t\n\t\t\t\t\t\n\t\t\t\t\t<\/div>\n\t\t\t\t\t<\/div>\n\t\t\t\t\t\t\t\t\t\t\t\t\t\t\t\t<div class=\"badge absolute top post-date badge-square\">\n\t\t\t\t\t\t\t<div class=\"badge-inner\">\n\t\t\t\t\t\t\t\t<span class=\"post-date-day\">31<\/span><br>\n\t\t\t\t\t\t\t\t<span class=\"post-date-month is-xsmall\">Oca<\/span>\n\t\t\t\t\t\t\t<\/div>\n\t\t\t\t\t\t<\/div>\n\t\t\t\t\t\t\t\t\t<\/div>\n\t\t\t<\/div>\n\t\t<\/div><div class=\"col post-item\" >\n\t\t\t<div class=\"col-inner\">\n\t\t\t\t<div class=\"box box-bounce box-text-bottom box-blog-post has-hover\">\n            \t\t\t\t\t<div class=\"box-image\" >\n  \t\t\t\t\t\t<div class=\"image-cover\" style=\"padding-top:56.25%;\">\n\t\t\t\t\t\t\t<a href=\"https:\/\/www.sivildusun.net\/yedek18062024\/soz-devri-mirasim-nerede\/\" class=\"plain\" aria-label=\"S\u00f6z Devri | \u00c7a\u011fr\u0131 Fidan ile Miras\u0131m Nerede\">\n\t\t\t\t\t\t\t\t<img loading=\"lazy\" decoding=\"async\" width=\"400\" height=\"226\" src=\"https:\/\/www.sivildusun.net\/yedek18062024\/wp-content\/uploads\/2024\/01\/szdv-400x226.jpeg\" class=\"attachment-medium size-medium wp-post-image\" alt=\"\" srcset=\"https:\/\/www.sivildusun.net\/yedek18062024\/wp-content\/uploads\/2024\/01\/szdv-400x226.jpeg 400w, https:\/\/www.sivildusun.net\/yedek18062024\/wp-content\/uploads\/2024\/01\/szdv-1024x577.jpeg 1024w, https:\/\/www.sivildusun.net\/yedek18062024\/wp-content\/uploads\/2024\/01\/szdv-768x433.jpeg 768w, https:\/\/www.sivildusun.net\/yedek18062024\/wp-content\/uploads\/2024\/01\/szdv-1536x866.jpeg 1536w, https:\/\/www.sivildusun.net\/yedek18062024\/wp-content\/uploads\/2024\/01\/szdv.jpeg 1600w\" sizes=\"(max-width: 400px) 100vw, 400px\" \/>\t\t\t\t\t\t\t<\/a>\n  \t\t\t\t\t\t\t  \t\t\t\t\t\t\t  \t\t\t\t\t\t<\/div>\n  \t\t\t\t\t\t  \t\t\t\t\t<\/div>\n          \t\t\t\t\t<div class=\"box-text text-left\" >\n\t\t\t\t\t<div class=\"box-text-inner blog-post-inner\">\n\n\t\t\t\t\t\n\t\t\t\t\t\t\t\t\t\t<h5 class=\"post-title is-large \">\n\t\t\t\t\t\t<a href=\"https:\/\/www.sivildusun.net\/yedek18062024\/soz-devri-mirasim-nerede\/\" class=\"plain\">S\u00f6z Devri | \u00c7a\u011fr\u0131 Fidan ile Miras\u0131m Nerede<\/a>\n\t\t\t\t\t<\/h5>\n\t\t\t\t\t\t\t\t\t\t<div class=\"is-divider\"><\/div>\n\t\t\t\t\t\t\t\t\t\t<p class=\"from_the_blog_excerpt \">\n\t\t\t\t\t\tDo\u011fdu\u011fumuz, b\u00fcy\u00fcd\u00fc\u011f\u00fcm\u00fcz ve kendimizi ait hissetti\u011fimiz kadim Anadolu topraklar\u0131n\u0131n, k\u00fclt\u00fcrlerinin ve halklar\u0131n\u0131n izini s\u00fcren Miras\u0131m...\t\t\t\t\t<\/p>\n\t\t\t\t\t                    \n\t\t\t\t\t\n\t\t\t\t\t\n\t\t\t\t\t<\/div>\n\t\t\t\t\t<\/div>\n\t\t\t\t\t\t\t\t\t\t\t\t\t\t\t\t<div class=\"badge absolute top post-date badge-square\">\n\t\t\t\t\t\t\t<div class=\"badge-inner\">\n\t\t\t\t\t\t\t\t<span class=\"post-date-day\">12<\/span><br>\n\t\t\t\t\t\t\t\t<span class=\"post-date-month is-xsmall\">Oca<\/span>\n\t\t\t\t\t\t\t<\/div>\n\t\t\t\t\t\t<\/div>\n\t\t\t\t\t\t\t\t\t<\/div>\n\t\t\t<\/div>\n\t\t<\/div><div class=\"col post-item\" >\n\t\t\t<div class=\"col-inner\">\n\t\t\t\t<div class=\"box box-bounce box-text-bottom box-blog-post has-hover\">\n            \t\t\t\t\t<div class=\"box-image\" >\n  \t\t\t\t\t\t<div class=\"image-cover\" style=\"padding-top:56.25%;\">\n\t\t\t\t\t\t\t<a href=\"https:\/\/www.sivildusun.net\/yedek18062024\/soz-devri-arzella-bektas\/\" class=\"plain\" aria-label=\"S\u00f6z Devri | Arzella Bekta\u015f ile unutulmaya y\u00fcz tutmu\u015f zanaat\">\n\t\t\t\t\t\t\t\t<img loading=\"lazy\" decoding=\"async\" width=\"400\" height=\"225\" src=\"https:\/\/www.sivildusun.net\/yedek18062024\/wp-content\/uploads\/2024\/01\/sozdevr-400x225.png\" class=\"attachment-medium size-medium wp-post-image\" alt=\"\" srcset=\"https:\/\/www.sivildusun.net\/yedek18062024\/wp-content\/uploads\/2024\/01\/sozdevr-400x225.png 400w, https:\/\/www.sivildusun.net\/yedek18062024\/wp-content\/uploads\/2024\/01\/sozdevr-1024x576.png 1024w, https:\/\/www.sivildusun.net\/yedek18062024\/wp-content\/uploads\/2024\/01\/sozdevr-768x432.png 768w, https:\/\/www.sivildusun.net\/yedek18062024\/wp-content\/uploads\/2024\/01\/sozdevr.png 1280w\" sizes=\"(max-width: 400px) 100vw, 400px\" \/>\t\t\t\t\t\t\t<\/a>\n  \t\t\t\t\t\t\t  \t\t\t\t\t\t\t  \t\t\t\t\t\t<\/div>\n  \t\t\t\t\t\t  \t\t\t\t\t<\/div>\n          \t\t\t\t\t<div class=\"box-text text-left\" >\n\t\t\t\t\t<div class=\"box-text-inner blog-post-inner\">\n\n\t\t\t\t\t\n\t\t\t\t\t\t\t\t\t\t<h5 class=\"post-title is-large \">\n\t\t\t\t\t\t<a href=\"https:\/\/www.sivildusun.net\/yedek18062024\/soz-devri-arzella-bektas\/\" class=\"plain\">S\u00f6z Devri | Arzella Bekta\u015f ile unutulmaya y\u00fcz tutmu\u015f zanaat<\/a>\n\t\t\t\t\t<\/h5>\n\t\t\t\t\t\t\t\t\t\t<div class=\"is-divider\"><\/div>\n\t\t\t\t\t\t\t\t\t\t<p class=\"from_the_blog_excerpt \">\n\t\t\t\t\t\tSizin hayat\u0131n\u0131zda da b\u00f6yle a\u015f\u0131lmaz g\u00f6r\u00fcnen ama sonra \u00fczerine y\u00fcr\u00fcd\u00fck\u00e7e a\u00e7\u0131lan kap\u0131lar oldu mu?\t\t\t\t\t<\/p>\n\t\t\t\t\t                    \n\t\t\t\t\t\n\t\t\t\t\t\n\t\t\t\t\t<\/div>\n\t\t\t\t\t<\/div>\n\t\t\t\t\t\t\t\t\t\t\t\t\t\t\t\t<div class=\"badge absolute top post-date badge-square\">\n\t\t\t\t\t\t\t<div class=\"badge-inner\">\n\t\t\t\t\t\t\t\t<span class=\"post-date-day\">05<\/span><br>\n\t\t\t\t\t\t\t\t<span class=\"post-date-month is-xsmall\">Oca<\/span>\n\t\t\t\t\t\t\t<\/div>\n\t\t\t\t\t\t<\/div>\n\t\t\t\t\t\t\t\t\t<\/div>\n\t\t\t<\/div>\n\t\t<\/div><div class=\"col post-item\" >\n\t\t\t<div class=\"col-inner\">\n\t\t\t\t<div class=\"box box-bounce box-text-bottom box-blog-post has-hover\">\n            \t\t\t\t\t<div class=\"box-image\" >\n  \t\t\t\t\t\t<div class=\"image-cover\" style=\"padding-top:56.25%;\">\n\t\t\t\t\t\t\t<a href=\"https:\/\/www.sivildusun.net\/yedek18062024\/soz-devri-djital-dunyada-cocuk-haklari\/\" class=\"plain\" aria-label=\"S\u00f6z Devri |Dijital d\u00fcnyada \u00e7ocuk haklar\u0131 kul\u00fcb\u00fc ile k\u0131z \u00e7ocuklar\u0131 i\u00e7in e\u015fit alanlar\">\n\t\t\t\t\t\t\t\t<img loading=\"lazy\" decoding=\"async\" width=\"400\" height=\"225\" src=\"https:\/\/www.sivildusun.net\/yedek18062024\/wp-content\/uploads\/2023\/12\/new_website_post_size-1-1-400x225.png\" class=\"attachment-medium size-medium wp-post-image\" alt=\"\" srcset=\"https:\/\/www.sivildusun.net\/yedek18062024\/wp-content\/uploads\/2023\/12\/new_website_post_size-1-1-400x225.png 400w, https:\/\/www.sivildusun.net\/yedek18062024\/wp-content\/uploads\/2023\/12\/new_website_post_size-1-1-1024x576.png 1024w, https:\/\/www.sivildusun.net\/yedek18062024\/wp-content\/uploads\/2023\/12\/new_website_post_size-1-1-768x432.png 768w, https:\/\/www.sivildusun.net\/yedek18062024\/wp-content\/uploads\/2023\/12\/new_website_post_size-1-1.png 1280w\" sizes=\"(max-width: 400px) 100vw, 400px\" \/>\t\t\t\t\t\t\t<\/a>\n  \t\t\t\t\t\t\t  \t\t\t\t\t\t\t  \t\t\t\t\t\t<\/div>\n  \t\t\t\t\t\t  \t\t\t\t\t<\/div>\n          \t\t\t\t\t<div class=\"box-text text-left\" >\n\t\t\t\t\t<div class=\"box-text-inner blog-post-inner\">\n\n\t\t\t\t\t\n\t\t\t\t\t\t\t\t\t\t<h5 class=\"post-title is-large \">\n\t\t\t\t\t\t<a href=\"https:\/\/www.sivildusun.net\/yedek18062024\/soz-devri-djital-dunyada-cocuk-haklari\/\" class=\"plain\">S\u00f6z Devri |Dijital d\u00fcnyada \u00e7ocuk haklar\u0131 kul\u00fcb\u00fc ile k\u0131z \u00e7ocuklar\u0131 i\u00e7in e\u015fit alanlar<\/a>\n\t\t\t\t\t<\/h5>\n\t\t\t\t\t\t\t\t\t\t<div class=\"is-divider\"><\/div>\n\t\t\t\t\t\t\t\t\t\t<p class=\"from_the_blog_excerpt \">\n\t\t\t\t\t\tYeti\u015fkin merkezli de\u011fil, \u00e7ocuk merkezli dijital \u00e7ocuk haklar\u0131 i\u00e7in \u00e7\u0131kt\u0131\u011f\u0131m\u0131z yolda hikayemizi anlatmak i\u00e7in bu...\t\t\t\t\t<\/p>\n\t\t\t\t\t                    \n\t\t\t\t\t\n\t\t\t\t\t\n\t\t\t\t\t<\/div>\n\t\t\t\t\t<\/div>\n\t\t\t\t\t\t\t\t\t\t\t\t\t\t\t\t<div class=\"badge absolute top post-date badge-square\">\n\t\t\t\t\t\t\t<div class=\"badge-inner\">\n\t\t\t\t\t\t\t\t<span class=\"post-date-day\">28<\/span><br>\n\t\t\t\t\t\t\t\t<span class=\"post-date-month is-xsmall\">Ara<\/span>\n\t\t\t\t\t\t\t<\/div>\n\t\t\t\t\t\t<\/div>\n\t\t\t\t\t\t\t\t\t<\/div>\n\t\t\t<\/div>\n\t\t<\/div><div class=\"col post-item\" >\n\t\t\t<div class=\"col-inner\">\n\t\t\t\t<div class=\"box box-bounce box-text-bottom box-blog-post has-hover\">\n            \t\t\t\t\t<div class=\"box-image\" >\n  \t\t\t\t\t\t<div class=\"image-cover\" style=\"padding-top:56.25%;\">\n\t\t\t\t\t\t\t<a href=\"https:\/\/www.sivildusun.net\/yedek18062024\/omer-burak-tek-rapor-bulteni\/\" class=\"plain\" aria-label=\"S\u00f6z Devri | \u00d6mer Burak Tek ile Rapor B\u00fclteni\">\n\t\t\t\t\t\t\t\t<img loading=\"lazy\" decoding=\"async\" width=\"400\" height=\"225\" src=\"https:\/\/www.sivildusun.net\/yedek18062024\/wp-content\/uploads\/2023\/12\/new_website_post_size-2-400x225.png\" class=\"attachment-medium size-medium wp-post-image\" alt=\"\" srcset=\"https:\/\/www.sivildusun.net\/yedek18062024\/wp-content\/uploads\/2023\/12\/new_website_post_size-2-400x225.png 400w, https:\/\/www.sivildusun.net\/yedek18062024\/wp-content\/uploads\/2023\/12\/new_website_post_size-2-1024x576.png 1024w, https:\/\/www.sivildusun.net\/yedek18062024\/wp-content\/uploads\/2023\/12\/new_website_post_size-2-768x432.png 768w, https:\/\/www.sivildusun.net\/yedek18062024\/wp-content\/uploads\/2023\/12\/new_website_post_size-2.png 1280w\" sizes=\"(max-width: 400px) 100vw, 400px\" \/>\t\t\t\t\t\t\t<\/a>\n  \t\t\t\t\t\t\t  \t\t\t\t\t\t\t  \t\t\t\t\t\t<\/div>\n  \t\t\t\t\t\t  \t\t\t\t\t<\/div>\n          \t\t\t\t\t<div class=\"box-text text-left\" >\n\t\t\t\t\t<div class=\"box-text-inner blog-post-inner\">\n\n\t\t\t\t\t\n\t\t\t\t\t\t\t\t\t\t<h5 class=\"post-title is-large \">\n\t\t\t\t\t\t<a href=\"https:\/\/www.sivildusun.net\/yedek18062024\/omer-burak-tek-rapor-bulteni\/\" class=\"plain\">S\u00f6z Devri | \u00d6mer Burak Tek ile Rapor B\u00fclteni<\/a>\n\t\t\t\t\t<\/h5>\n\t\t\t\t\t\t\t\t\t\t<div class=\"is-divider\"><\/div>\n\t\t\t\t\t\t\t\t\t\t<p class=\"from_the_blog_excerpt \">\n\t\t\t\t\t\tMerhaba, ben \u00d6mer Burak Tek. Bu haftan\u0131n s\u00f6z devrinde, Rapor B\u00fclteni olarak mikrofon\u00a0bende! Merhaba \u00d6mer...\t\t\t\t\t<\/p>\n\t\t\t\t\t                    \n\t\t\t\t\t\n\t\t\t\t\t\n\t\t\t\t\t<\/div>\n\t\t\t\t\t<\/div>\n\t\t\t\t\t\t\t\t\t\t\t\t\t\t\t\t<div class=\"badge absolute top post-date badge-square\">\n\t\t\t\t\t\t\t<div class=\"badge-inner\">\n\t\t\t\t\t\t\t\t<span class=\"post-date-day\">22<\/span><br>\n\t\t\t\t\t\t\t\t<span class=\"post-date-month is-xsmall\">Ara<\/span>\n\t\t\t\t\t\t\t<\/div>\n\t\t\t\t\t\t<\/div>\n\t\t\t\t\t\t\t\t\t<\/div>\n\t\t\t<\/div>\n\t\t<\/div><div class=\"col post-item\" >\n\t\t\t<div class=\"col-inner\">\n\t\t\t\t<div class=\"box box-bounce box-text-bottom box-blog-post has-hover\">\n            \t\t\t\t\t<div class=\"box-image\" >\n  \t\t\t\t\t\t<div class=\"image-cover\" style=\"padding-top:56.25%;\">\n\t\t\t\t\t\t\t<a href=\"https:\/\/www.sivildusun.net\/yedek18062024\/soz-devri-ekodosd-latmos-daglari\/\" class=\"plain\" aria-label=\"S\u00f6z Devri | EKODOSD ile Latmos Da\u011flar\u0131 belgeseli\">\n\t\t\t\t\t\t\t\t<img loading=\"lazy\" decoding=\"async\" width=\"400\" height=\"267\" src=\"https:\/\/www.sivildusun.net\/yedek18062024\/wp-content\/uploads\/2023\/12\/tn_156-400x267.jpg\" class=\"attachment-medium size-medium wp-post-image\" alt=\"\" srcset=\"https:\/\/www.sivildusun.net\/yedek18062024\/wp-content\/uploads\/2023\/12\/tn_156-400x267.jpg 400w, https:\/\/www.sivildusun.net\/yedek18062024\/wp-content\/uploads\/2023\/12\/tn_156-768x512.jpg 768w, https:\/\/www.sivildusun.net\/yedek18062024\/wp-content\/uploads\/2023\/12\/tn_156.jpg 1000w\" sizes=\"(max-width: 400px) 100vw, 400px\" \/>\t\t\t\t\t\t\t<\/a>\n  \t\t\t\t\t\t\t  \t\t\t\t\t\t\t  \t\t\t\t\t\t<\/div>\n  \t\t\t\t\t\t  \t\t\t\t\t<\/div>\n          \t\t\t\t\t<div class=\"box-text text-left\" >\n\t\t\t\t\t<div class=\"box-text-inner blog-post-inner\">\n\n\t\t\t\t\t\n\t\t\t\t\t\t\t\t\t\t<h5 class=\"post-title is-large \">\n\t\t\t\t\t\t<a href=\"https:\/\/www.sivildusun.net\/yedek18062024\/soz-devri-ekodosd-latmos-daglari\/\" class=\"plain\">S\u00f6z Devri | EKODOSD ile Latmos Da\u011flar\u0131 belgeseli<\/a>\n\t\t\t\t\t<\/h5>\n\t\t\t\t\t\t\t\t\t\t<div class=\"is-divider\"><\/div>\n\t\t\t\t\t\t\t\t\t\t<p class=\"from_the_blog_excerpt \">\n\t\t\t\t\t\tMerhaba, biz EKODOSD ekibiyiz. Bundan 19 y\u0131l \u00f6nce Ku\u015fadas\u0131&#8217;nda ba\u015flayan hikayemizi payla\u015fmak i\u00e7in bu kez...\t\t\t\t\t<\/p>\n\t\t\t\t\t                    \n\t\t\t\t\t\n\t\t\t\t\t\n\t\t\t\t\t<\/div>\n\t\t\t\t\t<\/div>\n\t\t\t\t\t\t\t\t\t\t\t\t\t\t\t\t<div class=\"badge absolute top post-date badge-square\">\n\t\t\t\t\t\t\t<div class=\"badge-inner\">\n\t\t\t\t\t\t\t\t<span class=\"post-date-day\">07<\/span><br>\n\t\t\t\t\t\t\t\t<span class=\"post-date-month is-xsmall\">Ara<\/span>\n\t\t\t\t\t\t\t<\/div>\n\t\t\t\t\t\t<\/div>\n\t\t\t\t\t\t\t\t\t<\/div>\n\t\t\t<\/div>\n\t\t<\/div><div class=\"col post-item\" >\n\t\t\t<div class=\"col-inner\">\n\t\t\t\t<div class=\"box box-bounce box-text-bottom box-blog-post has-hover\">\n            \t\t\t\t\t<div class=\"box-image\" >\n  \t\t\t\t\t\t<div class=\"image-cover\" style=\"padding-top:56.25%;\">\n\t\t\t\t\t\t\t<a href=\"https:\/\/www.sivildusun.net\/yedek18062024\/soz-devri-pedal-arkadasim\/\" class=\"plain\" aria-label=\"S\u00f6z Devri |Mahmut Ender Cebeci ile Pedal Arkada\u015f\u0131m\">\n\t\t\t\t\t\t\t\t<img loading=\"lazy\" decoding=\"async\" width=\"400\" height=\"225\" src=\"https:\/\/www.sivildusun.net\/yedek18062024\/wp-content\/uploads\/2023\/09\/new_website_post_size-5-400x225.png\" class=\"attachment-medium size-medium wp-post-image\" alt=\"\" srcset=\"https:\/\/www.sivildusun.net\/yedek18062024\/wp-content\/uploads\/2023\/09\/new_website_post_size-5-400x225.png 400w, https:\/\/www.sivildusun.net\/yedek18062024\/wp-content\/uploads\/2023\/09\/new_website_post_size-5-1024x576.png 1024w, https:\/\/www.sivildusun.net\/yedek18062024\/wp-content\/uploads\/2023\/09\/new_website_post_size-5-768x432.png 768w, https:\/\/www.sivildusun.net\/yedek18062024\/wp-content\/uploads\/2023\/09\/new_website_post_size-5.png 1280w\" sizes=\"(max-width: 400px) 100vw, 400px\" \/>\t\t\t\t\t\t\t<\/a>\n  \t\t\t\t\t\t\t  \t\t\t\t\t\t\t  \t\t\t\t\t\t<\/div>\n  \t\t\t\t\t\t  \t\t\t\t\t<\/div>\n          \t\t\t\t\t<div class=\"box-text text-left\" >\n\t\t\t\t\t<div class=\"box-text-inner blog-post-inner\">\n\n\t\t\t\t\t\n\t\t\t\t\t\t\t\t\t\t<h5 class=\"post-title is-large \">\n\t\t\t\t\t\t<a href=\"https:\/\/www.sivildusun.net\/yedek18062024\/soz-devri-pedal-arkadasim\/\" class=\"plain\">S\u00f6z Devri |Mahmut Ender Cebeci ile Pedal Arkada\u015f\u0131m<\/a>\n\t\t\t\t\t<\/h5>\n\t\t\t\t\t\t\t\t\t\t<div class=\"is-divider\"><\/div>\n\t\t\t\t\t\t\t\t\t\t<p class=\"from_the_blog_excerpt \">\n\t\t\t\t\t\tHerkese merhaba, ben Mahmut Ender Cebeci. D\u00fcnya Engelliler G\u00fcn\u00fcnde s\u00f6z\u00fc pedal arkada\u015f\u0131m olarak biz devrald\u0131k....\t\t\t\t\t<\/p>\n\t\t\t\t\t                    \n\t\t\t\t\t\n\t\t\t\t\t\n\t\t\t\t\t<\/div>\n\t\t\t\t\t<\/div>\n\t\t\t\t\t\t\t\t\t\t\t\t\t\t\t\t<div class=\"badge absolute top post-date badge-square\">\n\t\t\t\t\t\t\t<div class=\"badge-inner\">\n\t\t\t\t\t\t\t\t<span class=\"post-date-day\">01<\/span><br>\n\t\t\t\t\t\t\t\t<span class=\"post-date-month is-xsmall\">Ara<\/span>\n\t\t\t\t\t\t\t<\/div>\n\t\t\t\t\t\t<\/div>\n\t\t\t\t\t\t\t\t\t<\/div>\n\t\t\t<\/div>\n\t\t<\/div><div class=\"col post-item\" >\n\t\t\t<div class=\"col-inner\">\n\t\t\t\t<div class=\"box box-bounce box-text-bottom box-blog-post has-hover\">\n            \t\t\t\t\t<div class=\"box-image\" >\n  \t\t\t\t\t\t<div class=\"image-cover\" style=\"padding-top:56.25%;\">\n\t\t\t\t\t\t\t<a href=\"https:\/\/www.sivildusun.net\/yedek18062024\/soz-devri-daktilo1984-ile-mutfakta-ne-var\/\" class=\"plain\" aria-label=\"S\u00f6z Devri | Daktilo1984 ile Mutfakta Ne Var\">\n\t\t\t\t\t\t\t\t<img loading=\"lazy\" decoding=\"async\" width=\"400\" height=\"225\" src=\"https:\/\/www.sivildusun.net\/yedek18062024\/wp-content\/uploads\/2023\/11\/new_website_post_size-4-400x225.png\" class=\"attachment-medium size-medium wp-post-image\" alt=\"\" srcset=\"https:\/\/www.sivildusun.net\/yedek18062024\/wp-content\/uploads\/2023\/11\/new_website_post_size-4-400x225.png 400w, https:\/\/www.sivildusun.net\/yedek18062024\/wp-content\/uploads\/2023\/11\/new_website_post_size-4-1024x576.png 1024w, https:\/\/www.sivildusun.net\/yedek18062024\/wp-content\/uploads\/2023\/11\/new_website_post_size-4-768x432.png 768w, https:\/\/www.sivildusun.net\/yedek18062024\/wp-content\/uploads\/2023\/11\/new_website_post_size-4.png 1280w\" sizes=\"(max-width: 400px) 100vw, 400px\" \/>\t\t\t\t\t\t\t<\/a>\n  \t\t\t\t\t\t\t  \t\t\t\t\t\t\t  \t\t\t\t\t\t<\/div>\n  \t\t\t\t\t\t  \t\t\t\t\t<\/div>\n          \t\t\t\t\t<div class=\"box-text text-left\" >\n\t\t\t\t\t<div class=\"box-text-inner blog-post-inner\">\n\n\t\t\t\t\t\n\t\t\t\t\t\t\t\t\t\t<h5 class=\"post-title is-large \">\n\t\t\t\t\t\t<a href=\"https:\/\/www.sivildusun.net\/yedek18062024\/soz-devri-daktilo1984-ile-mutfakta-ne-var\/\" class=\"plain\">S\u00f6z Devri | Daktilo1984 ile Mutfakta Ne Var<\/a>\n\t\t\t\t\t<\/h5>\n\t\t\t\t\t\t\t\t\t\t<div class=\"is-divider\"><\/div>\n\t\t\t\t\t\t\t\t\t\t<p class=\"from_the_blog_excerpt \">\n\t\t\t\t\t\tMerhaba, biz Daktilo1984, Kad\u0131na \u015eiddetle M\u00fccadele G\u00fcn\u00fcnde, Mutfakta Ne Var podcast serisiyle s\u00f6z bizde! Mutfakta...\t\t\t\t\t<\/p>\n\t\t\t\t\t                    \n\t\t\t\t\t\n\t\t\t\t\t\n\t\t\t\t\t<\/div>\n\t\t\t\t\t<\/div>\n\t\t\t\t\t\t\t\t\t\t\t\t\t\t\t\t<div class=\"badge absolute top post-date badge-square\">\n\t\t\t\t\t\t\t<div class=\"badge-inner\">\n\t\t\t\t\t\t\t\t<span class=\"post-date-day\">25<\/span><br>\n\t\t\t\t\t\t\t\t<span class=\"post-date-month is-xsmall\">Kas<\/span>\n\t\t\t\t\t\t\t<\/div>\n\t\t\t\t\t\t<\/div>\n\t\t\t\t\t\t\t\t\t<\/div>\n\t\t\t<\/div>\n\t\t<\/div><div class=\"col post-item\" >\n\t\t\t<div class=\"col-inner\">\n\t\t\t\t<div class=\"box box-bounce box-text-bottom box-blog-post has-hover\">\n            \t\t\t\t\t<div class=\"box-image\" >\n  \t\t\t\t\t\t<div class=\"image-cover\" style=\"padding-top:56.25%;\">\n\t\t\t\t\t\t\t<a href=\"https:\/\/www.sivildusun.net\/yedek18062024\/soz-devri-melike-parlakkilic-ile-yeni-agorada-topluluklari-konusmak\/\" class=\"plain\" aria-label=\"S\u00f6z Devri | Melike Parlakk\u0131l\u0131\u00e7 ile yeni agora&#8217;da topluluklar\u0131 konu\u015fmak\">\n\t\t\t\t\t\t\t\t<img loading=\"lazy\" decoding=\"async\" width=\"400\" height=\"225\" src=\"https:\/\/www.sivildusun.net\/yedek18062024\/wp-content\/uploads\/2023\/11\/new_website_post_size-3-400x225.png\" class=\"attachment-medium size-medium wp-post-image\" alt=\"\" srcset=\"https:\/\/www.sivildusun.net\/yedek18062024\/wp-content\/uploads\/2023\/11\/new_website_post_size-3-400x225.png 400w, https:\/\/www.sivildusun.net\/yedek18062024\/wp-content\/uploads\/2023\/11\/new_website_post_size-3-1024x576.png 1024w, https:\/\/www.sivildusun.net\/yedek18062024\/wp-content\/uploads\/2023\/11\/new_website_post_size-3-768x432.png 768w, https:\/\/www.sivildusun.net\/yedek18062024\/wp-content\/uploads\/2023\/11\/new_website_post_size-3.png 1280w\" sizes=\"(max-width: 400px) 100vw, 400px\" \/>\t\t\t\t\t\t\t<\/a>\n  \t\t\t\t\t\t\t  \t\t\t\t\t\t\t  \t\t\t\t\t\t<\/div>\n  \t\t\t\t\t\t  \t\t\t\t\t<\/div>\n          \t\t\t\t\t<div class=\"box-text text-left\" >\n\t\t\t\t\t<div class=\"box-text-inner blog-post-inner\">\n\n\t\t\t\t\t\n\t\t\t\t\t\t\t\t\t\t<h5 class=\"post-title is-large \">\n\t\t\t\t\t\t<a href=\"https:\/\/www.sivildusun.net\/yedek18062024\/soz-devri-melike-parlakkilic-ile-yeni-agorada-topluluklari-konusmak\/\" class=\"plain\">S\u00f6z Devri | Melike Parlakk\u0131l\u0131\u00e7 ile yeni agora&#8217;da topluluklar\u0131 konu\u015fmak<\/a>\n\t\t\t\t\t<\/h5>\n\t\t\t\t\t\t\t\t\t\t<div class=\"is-divider\"><\/div>\n\t\t\t\t\t\t\t\t\t\t<p class=\"from_the_blog_excerpt \">\n\t\t\t\t\t\td\u00fcnyalar. biter topluluklar ba\u015flat\u0131r dedik; 18 ayl\u0131k d\u00fcnyalar. yolculu\u011fumuzu Antalya&#8217;da d\u00fczenledi\u011fimiz kapan\u0131\u015f bulu\u015fmas\u0131yla sonland\u0131rd\u0131k. Bulu\u015fmam\u0131z\u0131n...\t\t\t\t\t<\/p>\n\t\t\t\t\t                    \n\t\t\t\t\t\n\t\t\t\t\t\n\t\t\t\t\t<\/div>\n\t\t\t\t\t<\/div>\n\t\t\t\t\t\t\t\t\t\t\t\t\t\t\t\t<div class=\"badge absolute top post-date badge-square\">\n\t\t\t\t\t\t\t<div class=\"badge-inner\">\n\t\t\t\t\t\t\t\t<span class=\"post-date-day\">16<\/span><br>\n\t\t\t\t\t\t\t\t<span class=\"post-date-month is-xsmall\">Kas<\/span>\n\t\t\t\t\t\t\t<\/div>\n\t\t\t\t\t\t<\/div>\n\t\t\t\t\t\t\t\t\t<\/div>\n\t\t\t<\/div>\n\t\t<\/div><div class=\"col post-item\" >\n\t\t\t<div class=\"col-inner\">\n\t\t\t\t<div class=\"box box-bounce box-text-bottom box-blog-post has-hover\">\n            \t\t\t\t\t<div class=\"box-image\" >\n  \t\t\t\t\t\t<div class=\"image-cover\" style=\"padding-top:56.25%;\">\n\t\t\t\t\t\t\t<a href=\"https:\/\/www.sivildusun.net\/yedek18062024\/soz-devri-evde-esitlik-var\/\" class=\"plain\" aria-label=\"S\u00f6z Devri : Gelece\u011fe Dokunan Anneler ve Awen for Us ile Evde E\u015fitlik Var\">\n\t\t\t\t\t\t\t\t<img loading=\"lazy\" decoding=\"async\" width=\"400\" height=\"267\" src=\"https:\/\/www.sivildusun.net\/yedek18062024\/wp-content\/uploads\/2023\/11\/ERA01118-400x267.jpg\" class=\"attachment-medium size-medium wp-post-image\" alt=\"\" srcset=\"https:\/\/www.sivildusun.net\/yedek18062024\/wp-content\/uploads\/2023\/11\/ERA01118-400x267.jpg 400w, https:\/\/www.sivildusun.net\/yedek18062024\/wp-content\/uploads\/2023\/11\/ERA01118-1024x683.jpg 1024w, https:\/\/www.sivildusun.net\/yedek18062024\/wp-content\/uploads\/2023\/11\/ERA01118-768x512.jpg 768w, https:\/\/www.sivildusun.net\/yedek18062024\/wp-content\/uploads\/2023\/11\/ERA01118-1536x1024.jpg 1536w, https:\/\/www.sivildusun.net\/yedek18062024\/wp-content\/uploads\/2023\/11\/ERA01118-2048x1365.jpg 2048w\" sizes=\"(max-width: 400px) 100vw, 400px\" \/>\t\t\t\t\t\t\t<\/a>\n  \t\t\t\t\t\t\t  \t\t\t\t\t\t\t  \t\t\t\t\t\t<\/div>\n  \t\t\t\t\t\t  \t\t\t\t\t<\/div>\n          \t\t\t\t\t<div class=\"box-text text-left\" >\n\t\t\t\t\t<div class=\"box-text-inner blog-post-inner\">\n\n\t\t\t\t\t\n\t\t\t\t\t\t\t\t\t\t<h5 class=\"post-title is-large \">\n\t\t\t\t\t\t<a href=\"https:\/\/www.sivildusun.net\/yedek18062024\/soz-devri-evde-esitlik-var\/\" class=\"plain\">S\u00f6z Devri : Gelece\u011fe Dokunan Anneler ve Awen for Us ile Evde E\u015fitlik Var<\/a>\n\t\t\t\t\t<\/h5>\n\t\t\t\t\t\t\t\t\t\t<div class=\"is-divider\"><\/div>\n\t\t\t\t\t\t\t\t\t\t<p class=\"from_the_blog_excerpt \">\n\t\t\t\t\t\tMerhaba, biz evde e\u015fitlik var \u00e7al\u0131\u015fmas\u0131 ekibiyiz, d\u00fcnya \u00e7ocuk kitaplar\u0131 haftas\u0131nda mikrofon bizde. Toplumsal cinsiyet...\t\t\t\t\t<\/p>\n\t\t\t\t\t                    \n\t\t\t\t\t\n\t\t\t\t\t\n\t\t\t\t\t<\/div>\n\t\t\t\t\t<\/div>\n\t\t\t\t\t\t\t\t\t\t\t\t\t\t\t\t<div class=\"badge absolute top post-date badge-square\">\n\t\t\t\t\t\t\t<div class=\"badge-inner\">\n\t\t\t\t\t\t\t\t<span class=\"post-date-day\">09<\/span><br>\n\t\t\t\t\t\t\t\t<span class=\"post-date-month is-xsmall\">Kas<\/span>\n\t\t\t\t\t\t\t<\/div>\n\t\t\t\t\t\t<\/div>\n\t\t\t\t\t\t\t\t\t<\/div>\n\t\t\t<\/div>\n\t\t<\/div><div class=\"col post-item\" >\n\t\t\t<div class=\"col-inner\">\n\t\t\t\t<div class=\"box box-bounce box-text-bottom box-blog-post has-hover\">\n            \t\t\t\t\t<div class=\"box-image\" >\n  \t\t\t\t\t\t<div class=\"image-cover\" style=\"padding-top:56.25%;\">\n\t\t\t\t\t\t\t<a href=\"https:\/\/www.sivildusun.net\/yedek18062024\/soz-devrinde-burgazada-orman-gonulluleri-anlatiyor-toplulukta-beraberce-nasil-is-yapilir\/\" class=\"plain\" aria-label=\"S\u00f6z devrinde Burgazada Orman G\u00f6n\u00fcll\u00fcleri anlat\u0131yor: toplulukta beraberce nas\u0131l i\u015f yap\u0131l\u0131r?\">\n\t\t\t\t\t\t\t\t<img loading=\"lazy\" decoding=\"async\" width=\"400\" height=\"225\" src=\"https:\/\/www.sivildusun.net\/yedek18062024\/wp-content\/uploads\/2023\/11\/new_website_post_size-400x225.png\" class=\"attachment-medium size-medium wp-post-image\" alt=\"\" srcset=\"https:\/\/www.sivildusun.net\/yedek18062024\/wp-content\/uploads\/2023\/11\/new_website_post_size-400x225.png 400w, https:\/\/www.sivildusun.net\/yedek18062024\/wp-content\/uploads\/2023\/11\/new_website_post_size-1024x576.png 1024w, https:\/\/www.sivildusun.net\/yedek18062024\/wp-content\/uploads\/2023\/11\/new_website_post_size-768x432.png 768w, https:\/\/www.sivildusun.net\/yedek18062024\/wp-content\/uploads\/2023\/11\/new_website_post_size.png 1280w\" sizes=\"(max-width: 400px) 100vw, 400px\" \/>\t\t\t\t\t\t\t<\/a>\n  \t\t\t\t\t\t\t  \t\t\t\t\t\t\t  \t\t\t\t\t\t<\/div>\n  \t\t\t\t\t\t  \t\t\t\t\t<\/div>\n          \t\t\t\t\t<div class=\"box-text text-left\" >\n\t\t\t\t\t<div class=\"box-text-inner blog-post-inner\">\n\n\t\t\t\t\t\n\t\t\t\t\t\t\t\t\t\t<h5 class=\"post-title is-large \">\n\t\t\t\t\t\t<a href=\"https:\/\/www.sivildusun.net\/yedek18062024\/soz-devrinde-burgazada-orman-gonulluleri-anlatiyor-toplulukta-beraberce-nasil-is-yapilir\/\" class=\"plain\">S\u00f6z devrinde Burgazada Orman G\u00f6n\u00fcll\u00fcleri anlat\u0131yor: toplulukta beraberce nas\u0131l i\u015f yap\u0131l\u0131r?<\/a>\n\t\t\t\t\t<\/h5>\n\t\t\t\t\t\t\t\t\t\t<div class=\"is-divider\"><\/div>\n\t\t\t\t\t\t\t\t\t\t<p class=\"from_the_blog_excerpt \">\n\t\t\t\t\t\tPlatformumuzu, iki bu\u00e7uk y\u0131l \u00f6nce Burgazada\u2019n\u0131n ormanlar\u0131 ve do\u011fas\u0131n\u0131 hem tan\u0131y\u0131p tan\u0131tmak hem de korumak...\t\t\t\t\t<\/p>\n\t\t\t\t\t                    \n\t\t\t\t\t\n\t\t\t\t\t\n\t\t\t\t\t<\/div>\n\t\t\t\t\t<\/div>\n\t\t\t\t\t\t\t\t\t\t\t\t\t\t\t\t<div class=\"badge absolute top post-date badge-square\">\n\t\t\t\t\t\t\t<div class=\"badge-inner\">\n\t\t\t\t\t\t\t\t<span class=\"post-date-day\">02<\/span><br>\n\t\t\t\t\t\t\t\t<span class=\"post-date-month is-xsmall\">Kas<\/span>\n\t\t\t\t\t\t\t<\/div>\n\t\t\t\t\t\t<\/div>\n\t\t\t\t\t\t\t\t\t<\/div>\n\t\t\t<\/div>\n\t\t<\/div><div class=\"col post-item\" >\n\t\t\t<div class=\"col-inner\">\n\t\t\t\t<div class=\"box box-bounce box-text-bottom box-blog-post has-hover\">\n            \t\t\t\t\t<div class=\"box-image\" >\n  \t\t\t\t\t\t<div class=\"image-cover\" style=\"padding-top:56.25%;\">\n\t\t\t\t\t\t\t<a href=\"https:\/\/www.sivildusun.net\/yedek18062024\/soz-devrinde-sisterslab-anlatiyor-toplulukta-guclu-iliskiler-nasil-kurulur\/\" class=\"plain\" aria-label=\"S\u00f6z devrinde SistersLab anlat\u0131yor: toplulukta g\u00fc\u00e7l\u00fc ili\u015fkiler nas\u0131l kurulur?\">\n\t\t\t\t\t\t\t\t<img loading=\"lazy\" decoding=\"async\" width=\"400\" height=\"225\" src=\"https:\/\/www.sivildusun.net\/yedek18062024\/wp-content\/uploads\/2023\/10\/new_website_post_size-2-400x225.png\" class=\"attachment-medium size-medium wp-post-image\" alt=\"\" srcset=\"https:\/\/www.sivildusun.net\/yedek18062024\/wp-content\/uploads\/2023\/10\/new_website_post_size-2-400x225.png 400w, https:\/\/www.sivildusun.net\/yedek18062024\/wp-content\/uploads\/2023\/10\/new_website_post_size-2-1024x576.png 1024w, https:\/\/www.sivildusun.net\/yedek18062024\/wp-content\/uploads\/2023\/10\/new_website_post_size-2-768x432.png 768w, https:\/\/www.sivildusun.net\/yedek18062024\/wp-content\/uploads\/2023\/10\/new_website_post_size-2.png 1280w\" sizes=\"(max-width: 400px) 100vw, 400px\" \/>\t\t\t\t\t\t\t<\/a>\n  \t\t\t\t\t\t\t  \t\t\t\t\t\t\t  \t\t\t\t\t\t<\/div>\n  \t\t\t\t\t\t  \t\t\t\t\t<\/div>\n          \t\t\t\t\t<div class=\"box-text text-left\" >\n\t\t\t\t\t<div class=\"box-text-inner blog-post-inner\">\n\n\t\t\t\t\t\n\t\t\t\t\t\t\t\t\t\t<h5 class=\"post-title is-large \">\n\t\t\t\t\t\t<a href=\"https:\/\/www.sivildusun.net\/yedek18062024\/soz-devrinde-sisterslab-anlatiyor-toplulukta-guclu-iliskiler-nasil-kurulur\/\" class=\"plain\">S\u00f6z devrinde SistersLab anlat\u0131yor: toplulukta g\u00fc\u00e7l\u00fc ili\u015fkiler nas\u0131l kurulur?<\/a>\n\t\t\t\t\t<\/h5>\n\t\t\t\t\t\t\t\t\t\t<div class=\"is-divider\"><\/div>\n\t\t\t\t\t\t\t\t\t\t<p class=\"from_the_blog_excerpt \">\n\t\t\t\t\t\tMerhaba, biz kad\u0131nlar\u0131n ve k\u0131z \u00e7ocuklar\u0131n STEM* alanlar\u0131ndaki kat\u0131l\u0131m ve g\u00f6r\u00fcn\u00fcrl\u00fcklerini art\u0131rmak i\u00e7in \u00e7al\u0131\u015fan SistersLab-...\t\t\t\t\t<\/p>\n\t\t\t\t\t                    \n\t\t\t\t\t\n\t\t\t\t\t\n\t\t\t\t\t<\/div>\n\t\t\t\t\t<\/div>\n\t\t\t\t\t\t\t\t\t\t\t\t\t\t\t\t<div class=\"badge absolute top post-date badge-square\">\n\t\t\t\t\t\t\t<div class=\"badge-inner\">\n\t\t\t\t\t\t\t\t<span class=\"post-date-day\">26<\/span><br>\n\t\t\t\t\t\t\t\t<span class=\"post-date-month is-xsmall\">Eki<\/span>\n\t\t\t\t\t\t\t<\/div>\n\t\t\t\t\t\t<\/div>\n\t\t\t\t\t\t\t\t\t<\/div>\n\t\t\t<\/div>\n\t\t<\/div><div class=\"col post-item\" >\n\t\t\t<div class=\"col-inner\">\n\t\t\t\t<div class=\"box box-bounce box-text-bottom box-blog-post has-hover\">\n            \t\t\t\t\t<div class=\"box-image\" >\n  \t\t\t\t\t\t<div class=\"image-cover\" style=\"padding-top:56.25%;\">\n\t\t\t\t\t\t\t<a href=\"https:\/\/www.sivildusun.net\/yedek18062024\/soz-devri-ertel-kultur-inisiyatifi-ile-7-fark-7-tat-7-turku\/\" class=\"plain\" aria-label=\"S\u00f6z Devri |Ertel K\u00fclt\u00fcr Inisiyatifi ile 7 Fark 7 Tat 7 T\u00fcrk\u00fc\">\n\t\t\t\t\t\t\t\t<img loading=\"lazy\" decoding=\"async\" width=\"400\" height=\"225\" src=\"https:\/\/www.sivildusun.net\/yedek18062024\/wp-content\/uploads\/2023\/10\/calisma-400x225.png\" class=\"attachment-medium size-medium wp-post-image\" alt=\"\" srcset=\"https:\/\/www.sivildusun.net\/yedek18062024\/wp-content\/uploads\/2023\/10\/calisma-400x225.png 400w, https:\/\/www.sivildusun.net\/yedek18062024\/wp-content\/uploads\/2023\/10\/calisma-1024x576.png 1024w, https:\/\/www.sivildusun.net\/yedek18062024\/wp-content\/uploads\/2023\/10\/calisma-768x432.png 768w, https:\/\/www.sivildusun.net\/yedek18062024\/wp-content\/uploads\/2023\/10\/calisma.png 1280w\" sizes=\"(max-width: 400px) 100vw, 400px\" \/>\t\t\t\t\t\t\t<\/a>\n  \t\t\t\t\t\t\t  \t\t\t\t\t\t\t  \t\t\t\t\t\t<\/div>\n  \t\t\t\t\t\t  \t\t\t\t\t<\/div>\n          \t\t\t\t\t<div class=\"box-text text-left\" >\n\t\t\t\t\t<div class=\"box-text-inner blog-post-inner\">\n\n\t\t\t\t\t\n\t\t\t\t\t\t\t\t\t\t<h5 class=\"post-title is-large \">\n\t\t\t\t\t\t<a href=\"https:\/\/www.sivildusun.net\/yedek18062024\/soz-devri-ertel-kultur-inisiyatifi-ile-7-fark-7-tat-7-turku\/\" class=\"plain\">S\u00f6z Devri |Ertel K\u00fclt\u00fcr Inisiyatifi ile 7 Fark 7 Tat 7 T\u00fcrk\u00fc<\/a>\n\t\t\t\t\t<\/h5>\n\t\t\t\t\t\t\t\t\t\t<div class=\"is-divider\"><\/div>\n\t\t\t\t\t\t\t\t\t\t<p class=\"from_the_blog_excerpt \">\n\t\t\t\t\t\tEsma Ertel&#8217;in bir hayali vard\u0131. \u00dclkenin farkl\u0131 b\u00f6lgelerinden kad\u0131nlar\u0131n cinsiyet e\u015fitli\u011fine bak\u0131\u015flar\u0131 ve farkl\u0131l\u0131\u011f\u0131m\u0131zla olu\u015fturdu\u011fumuz...\t\t\t\t\t<\/p>\n\t\t\t\t\t                    \n\t\t\t\t\t\n\t\t\t\t\t\n\t\t\t\t\t<\/div>\n\t\t\t\t\t<\/div>\n\t\t\t\t\t\t\t\t\t\t\t\t\t\t\t\t<div class=\"badge absolute top post-date badge-square\">\n\t\t\t\t\t\t\t<div class=\"badge-inner\">\n\t\t\t\t\t\t\t\t<span class=\"post-date-day\">12<\/span><br>\n\t\t\t\t\t\t\t\t<span class=\"post-date-month is-xsmall\">Eki<\/span>\n\t\t\t\t\t\t\t<\/div>\n\t\t\t\t\t\t<\/div>\n\t\t\t\t\t\t\t\t\t<\/div>\n\t\t\t<\/div>\n\t\t<\/div><div class=\"col post-item\" >\n\t\t\t<div class=\"col-inner\">\n\t\t\t\t<div class=\"box box-bounce box-text-bottom box-blog-post has-hover\">\n            \t\t\t\t\t<div class=\"box-image\" >\n  \t\t\t\t\t\t<div class=\"image-cover\" style=\"padding-top:56.25%;\">\n\t\t\t\t\t\t\t<a href=\"https:\/\/www.sivildusun.net\/yedek18062024\/soz-devri-fatos-kaytan-ile-romani-godi\/\" class=\"plain\" aria-label=\"S\u00f6z Devri |Fato\u015f Kaytan ile Romani Godi\">\n\t\t\t\t\t\t\t\t<img loading=\"lazy\" decoding=\"async\" width=\"400\" height=\"225\" src=\"https:\/\/www.sivildusun.net\/yedek18062024\/wp-content\/uploads\/2023\/09\/new_website_post_size-4-400x225.png\" class=\"attachment-medium size-medium wp-post-image\" alt=\"\" srcset=\"https:\/\/www.sivildusun.net\/yedek18062024\/wp-content\/uploads\/2023\/09\/new_website_post_size-4-400x225.png 400w, https:\/\/www.sivildusun.net\/yedek18062024\/wp-content\/uploads\/2023\/09\/new_website_post_size-4-1024x576.png 1024w, https:\/\/www.sivildusun.net\/yedek18062024\/wp-content\/uploads\/2023\/09\/new_website_post_size-4-768x432.png 768w, https:\/\/www.sivildusun.net\/yedek18062024\/wp-content\/uploads\/2023\/09\/new_website_post_size-4.png 1280w\" sizes=\"(max-width: 400px) 100vw, 400px\" \/>\t\t\t\t\t\t\t<\/a>\n  \t\t\t\t\t\t\t  \t\t\t\t\t\t\t  \t\t\t\t\t\t<\/div>\n  \t\t\t\t\t\t  \t\t\t\t\t<\/div>\n          \t\t\t\t\t<div class=\"box-text text-left\" >\n\t\t\t\t\t<div class=\"box-text-inner blog-post-inner\">\n\n\t\t\t\t\t\n\t\t\t\t\t\t\t\t\t\t<h5 class=\"post-title is-large \">\n\t\t\t\t\t\t<a href=\"https:\/\/www.sivildusun.net\/yedek18062024\/soz-devri-fatos-kaytan-ile-romani-godi\/\" class=\"plain\">S\u00f6z Devri |Fato\u015f Kaytan ile Romani Godi<\/a>\n\t\t\t\t\t<\/h5>\n\t\t\t\t\t\t\t\t\t\t<div class=\"is-divider\"><\/div>\n\t\t\t\t\t\t\t\t\t\t<p class=\"from_the_blog_excerpt \">\n\t\t\t\t\t\tRomanlar epey \u015fah\u0131slar\u0131na m\u00fcnhas\u0131r bir ya\u015fayan topluluklar. Onlar\u0131n ba\u011fr\u0131ndan \u00e7\u0131km\u0131\u015f Romani Godi de \u00f6yle. Tarihten...\t\t\t\t\t<\/p>\n\t\t\t\t\t                    \n\t\t\t\t\t\n\t\t\t\t\t\n\t\t\t\t\t<\/div>\n\t\t\t\t\t<\/div>\n\t\t\t\t\t\t\t\t\t\t\t\t\t\t\t\t<div class=\"badge absolute top post-date badge-square\">\n\t\t\t\t\t\t\t<div class=\"badge-inner\">\n\t\t\t\t\t\t\t\t<span class=\"post-date-day\">28<\/span><br>\n\t\t\t\t\t\t\t\t<span class=\"post-date-month is-xsmall\">Eyl<\/span>\n\t\t\t\t\t\t\t<\/div>\n\t\t\t\t\t\t<\/div>\n\t\t\t\t\t\t\t\t\t<\/div>\n\t\t\t<\/div>\n\t\t<\/div><div class=\"col post-item\" >\n\t\t\t<div class=\"col-inner\">\n\t\t\t\t<div class=\"box box-bounce box-text-bottom box-blog-post has-hover\">\n            \t\t\t\t\t<div class=\"box-image\" >\n  \t\t\t\t\t\t<div class=\"image-cover\" style=\"padding-top:56.25%;\">\n\t\t\t\t\t\t\t<a href=\"https:\/\/www.sivildusun.net\/yedek18062024\/soz-devri-muhammet-beyazdag-ile-her-sey-yolunda\/\" class=\"plain\" aria-label=\"S\u00f6z Devri |Muhammet Beyazda\u011f ile Her \u015eey Yolunda\">\n\t\t\t\t\t\t\t\t<img loading=\"lazy\" decoding=\"async\" width=\"400\" height=\"225\" src=\"https:\/\/www.sivildusun.net\/yedek18062024\/wp-content\/uploads\/2023\/09\/new_website_post_size-2-400x225.png\" class=\"attachment-medium size-medium wp-post-image\" alt=\"\" srcset=\"https:\/\/www.sivildusun.net\/yedek18062024\/wp-content\/uploads\/2023\/09\/new_website_post_size-2-400x225.png 400w, https:\/\/www.sivildusun.net\/yedek18062024\/wp-content\/uploads\/2023\/09\/new_website_post_size-2-1024x576.png 1024w, https:\/\/www.sivildusun.net\/yedek18062024\/wp-content\/uploads\/2023\/09\/new_website_post_size-2-768x432.png 768w, https:\/\/www.sivildusun.net\/yedek18062024\/wp-content\/uploads\/2023\/09\/new_website_post_size-2.png 1280w\" sizes=\"(max-width: 400px) 100vw, 400px\" \/>\t\t\t\t\t\t\t<\/a>\n  \t\t\t\t\t\t\t  \t\t\t\t\t\t\t  \t\t\t\t\t\t<\/div>\n  \t\t\t\t\t\t  \t\t\t\t\t<\/div>\n          \t\t\t\t\t<div class=\"box-text text-left\" >\n\t\t\t\t\t<div class=\"box-text-inner blog-post-inner\">\n\n\t\t\t\t\t\n\t\t\t\t\t\t\t\t\t\t<h5 class=\"post-title is-large \">\n\t\t\t\t\t\t<a href=\"https:\/\/www.sivildusun.net\/yedek18062024\/soz-devri-muhammet-beyazdag-ile-her-sey-yolunda\/\" class=\"plain\">S\u00f6z Devri |Muhammet Beyazda\u011f ile Her \u015eey Yolunda<\/a>\n\t\t\t\t\t<\/h5>\n\t\t\t\t\t\t\t\t\t\t<div class=\"is-divider\"><\/div>\n\t\t\t\t\t\t\t\t\t\t<p class=\"from_the_blog_excerpt \">\n\t\t\t\t\t\tBu hikaye yaln\u0131z Aleyna\u2019n\u0131n de\u011fil; T\u00fcrkiye\u2019nin do\u011fusunda okula gitmek yerine \u00e7obanl\u0131k yapan t\u00fcm k\u0131z \u00e7ocuklar\u0131n\u0131n...\t\t\t\t\t<\/p>\n\t\t\t\t\t                    \n\t\t\t\t\t\n\t\t\t\t\t\n\t\t\t\t\t<\/div>\n\t\t\t\t\t<\/div>\n\t\t\t\t\t\t\t\t\t\t\t\t\t\t\t\t<div class=\"badge absolute top post-date badge-square\">\n\t\t\t\t\t\t\t<div class=\"badge-inner\">\n\t\t\t\t\t\t\t\t<span class=\"post-date-day\">14<\/span><br>\n\t\t\t\t\t\t\t\t<span class=\"post-date-month is-xsmall\">Eyl<\/span>\n\t\t\t\t\t\t\t<\/div>\n\t\t\t\t\t\t<\/div>\n\t\t\t\t\t\t\t\t\t<\/div>\n\t\t\t<\/div>\n\t\t<\/div><div class=\"col post-item\" >\n\t\t\t<div class=\"col-inner\">\n\t\t\t\t<div class=\"box box-bounce box-text-bottom box-blog-post has-hover\">\n            \t\t\t\t\t<div class=\"box-image\" >\n  \t\t\t\t\t\t<div class=\"image-cover\" style=\"padding-top:56.25%;\">\n\t\t\t\t\t\t\t<a href=\"https:\/\/www.sivildusun.net\/yedek18062024\/soz-devri-keci-dernegi-ile-kuyu-kurumadan\/\" class=\"plain\" aria-label=\"S\u00f6z Devri | Ke\u00e7i Derne\u011fi ile Kuyu Kurumadan\">\n\t\t\t\t\t\t\t\t<img loading=\"lazy\" decoding=\"async\" width=\"400\" height=\"225\" src=\"https:\/\/www.sivildusun.net\/yedek18062024\/wp-content\/uploads\/2023\/09\/new_website_post_size-400x225.png\" class=\"attachment-medium size-medium wp-post-image\" alt=\"\" srcset=\"https:\/\/www.sivildusun.net\/yedek18062024\/wp-content\/uploads\/2023\/09\/new_website_post_size-400x225.png 400w, https:\/\/www.sivildusun.net\/yedek18062024\/wp-content\/uploads\/2023\/09\/new_website_post_size-1024x576.png 1024w, https:\/\/www.sivildusun.net\/yedek18062024\/wp-content\/uploads\/2023\/09\/new_website_post_size-768x432.png 768w, https:\/\/www.sivildusun.net\/yedek18062024\/wp-content\/uploads\/2023\/09\/new_website_post_size.png 1280w\" sizes=\"(max-width: 400px) 100vw, 400px\" \/>\t\t\t\t\t\t\t<\/a>\n  \t\t\t\t\t\t\t  \t\t\t\t\t\t\t  \t\t\t\t\t\t<\/div>\n  \t\t\t\t\t\t  \t\t\t\t\t<\/div>\n          \t\t\t\t\t<div class=\"box-text text-left\" >\n\t\t\t\t\t<div class=\"box-text-inner blog-post-inner\">\n\n\t\t\t\t\t\n\t\t\t\t\t\t\t\t\t\t<h5 class=\"post-title is-large \">\n\t\t\t\t\t\t<a href=\"https:\/\/www.sivildusun.net\/yedek18062024\/soz-devri-keci-dernegi-ile-kuyu-kurumadan\/\" class=\"plain\">S\u00f6z Devri | Ke\u00e7i Derne\u011fi ile Kuyu Kurumadan<\/a>\n\t\t\t\t\t<\/h5>\n\t\t\t\t\t\t\t\t\t\t<div class=\"is-divider\"><\/div>\n\t\t\t\t\t\t\t\t\t\t<p class=\"from_the_blog_excerpt \">\n\t\t\t\t\t\tS\u0131caklar\u0131n ve pe\u015fi s\u0131ra sellerin t\u00fcm g\u00fcndeme hakim oldu\u011fu \u015fu g\u00fcnlerde, s\u00f6z devrine Ke\u00e7i Derne\u011fini...\t\t\t\t\t<\/p>\n\t\t\t\t\t                    \n\t\t\t\t\t\n\t\t\t\t\t\n\t\t\t\t\t<\/div>\n\t\t\t\t\t<\/div>\n\t\t\t\t\t\t\t\t\t\t\t\t\t\t\t\t<div class=\"badge absolute top post-date badge-square\">\n\t\t\t\t\t\t\t<div class=\"badge-inner\">\n\t\t\t\t\t\t\t\t<span class=\"post-date-day\">07<\/span><br>\n\t\t\t\t\t\t\t\t<span class=\"post-date-month is-xsmall\">Eyl<\/span>\n\t\t\t\t\t\t\t<\/div>\n\t\t\t\t\t\t<\/div>\n\t\t\t\t\t\t\t\t\t<\/div>\n\t\t\t<\/div>\n\t\t<\/div><div class=\"col post-item\" >\n\t\t\t<div class=\"col-inner\">\n\t\t\t\t<div class=\"box box-bounce box-text-bottom box-blog-post has-hover\">\n            \t\t\t\t\t<div class=\"box-image\" >\n  \t\t\t\t\t\t<div class=\"image-cover\" style=\"padding-top:56.25%;\">\n\t\t\t\t\t\t\t<a href=\"https:\/\/www.sivildusun.net\/yedek18062024\/soz-devri-beyza-ve-zafer-ile-dijitalde-topluluk-olmak\/\" class=\"plain\" aria-label=\"S\u00f6z Devri | Beyza ve Zafer ile dijitalde topluluk olmak\">\n\t\t\t\t\t\t\t\t<img loading=\"lazy\" decoding=\"async\" width=\"400\" height=\"300\" src=\"https:\/\/www.sivildusun.net\/yedek18062024\/wp-content\/uploads\/2023\/08\/Factory-Fiziksel-Topluluk-Piknigi-400x300.jpg\" class=\"attachment-medium size-medium wp-post-image\" alt=\"\" srcset=\"https:\/\/www.sivildusun.net\/yedek18062024\/wp-content\/uploads\/2023\/08\/Factory-Fiziksel-Topluluk-Piknigi-400x300.jpg 400w, https:\/\/www.sivildusun.net\/yedek18062024\/wp-content\/uploads\/2023\/08\/Factory-Fiziksel-Topluluk-Piknigi-1024x768.jpg 1024w, https:\/\/www.sivildusun.net\/yedek18062024\/wp-content\/uploads\/2023\/08\/Factory-Fiziksel-Topluluk-Piknigi-768x576.jpg 768w, https:\/\/www.sivildusun.net\/yedek18062024\/wp-content\/uploads\/2023\/08\/Factory-Fiziksel-Topluluk-Piknigi-1536x1152.jpg 1536w, https:\/\/www.sivildusun.net\/yedek18062024\/wp-content\/uploads\/2023\/08\/Factory-Fiziksel-Topluluk-Piknigi-2048x1536.jpg 2048w\" sizes=\"(max-width: 400px) 100vw, 400px\" \/>\t\t\t\t\t\t\t<\/a>\n  \t\t\t\t\t\t\t  \t\t\t\t\t\t\t  \t\t\t\t\t\t<\/div>\n  \t\t\t\t\t\t  \t\t\t\t\t<\/div>\n          \t\t\t\t\t<div class=\"box-text text-left\" >\n\t\t\t\t\t<div class=\"box-text-inner blog-post-inner\">\n\n\t\t\t\t\t\n\t\t\t\t\t\t\t\t\t\t<h5 class=\"post-title is-large \">\n\t\t\t\t\t\t<a href=\"https:\/\/www.sivildusun.net\/yedek18062024\/soz-devri-beyza-ve-zafer-ile-dijitalde-topluluk-olmak\/\" class=\"plain\">S\u00f6z Devri | Beyza ve Zafer ile dijitalde topluluk olmak<\/a>\n\t\t\t\t\t<\/h5>\n\t\t\t\t\t\t\t\t\t\t<div class=\"is-divider\"><\/div>\n\t\t\t\t\t\t\t\t\t\t<p class=\"from_the_blog_excerpt \">\n\t\t\t\t\t\tBen Beyza. Yan\u0131mda da \u00e7ok de\u011ferli Zafer Hocam var. Bu yaz\u0131da, topluluklar\u0131 konu\u015furken bilgi ekosistemindeki...\t\t\t\t\t<\/p>\n\t\t\t\t\t                    \n\t\t\t\t\t\n\t\t\t\t\t\n\t\t\t\t\t<\/div>\n\t\t\t\t\t<\/div>\n\t\t\t\t\t\t\t\t\t\t\t\t\t\t\t\t<div class=\"badge absolute top post-date badge-square\">\n\t\t\t\t\t\t\t<div class=\"badge-inner\">\n\t\t\t\t\t\t\t\t<span class=\"post-date-day\">31<\/span><br>\n\t\t\t\t\t\t\t\t<span class=\"post-date-month is-xsmall\">A\u011fu<\/span>\n\t\t\t\t\t\t\t<\/div>\n\t\t\t\t\t\t<\/div>\n\t\t\t\t\t\t\t\t\t<\/div>\n\t\t\t<\/div>\n\t\t<\/div><div class=\"col post-item\" >\n\t\t\t<div class=\"col-inner\">\n\t\t\t\t<div class=\"box box-bounce box-text-bottom box-blog-post has-hover\">\n            \t\t\t\t\t<div class=\"box-image\" >\n  \t\t\t\t\t\t<div class=\"image-cover\" style=\"padding-top:56.25%;\">\n\t\t\t\t\t\t\t<a href=\"https:\/\/www.sivildusun.net\/yedek18062024\/birlikte-degistirmenin-oznesi-topluluklar\/\" class=\"plain\" aria-label=\"S\u00f6z Devri |\u00a0Dudu Karaman ile Denizli Otizm Toplulu\u011fu\">\n\t\t\t\t\t\t\t\t<img loading=\"lazy\" decoding=\"async\" width=\"400\" height=\"225\" src=\"https:\/\/www.sivildusun.net\/yedek18062024\/wp-content\/uploads\/2023\/08\/3_-new_website_post_size-1-400x225.png\" class=\"attachment-medium size-medium wp-post-image\" alt=\"\" srcset=\"https:\/\/www.sivildusun.net\/yedek18062024\/wp-content\/uploads\/2023\/08\/3_-new_website_post_size-1-400x225.png 400w, https:\/\/www.sivildusun.net\/yedek18062024\/wp-content\/uploads\/2023\/08\/3_-new_website_post_size-1-1024x576.png 1024w, https:\/\/www.sivildusun.net\/yedek18062024\/wp-content\/uploads\/2023\/08\/3_-new_website_post_size-1-768x432.png 768w, https:\/\/www.sivildusun.net\/yedek18062024\/wp-content\/uploads\/2023\/08\/3_-new_website_post_size-1.png 1280w\" sizes=\"(max-width: 400px) 100vw, 400px\" \/>\t\t\t\t\t\t\t<\/a>\n  \t\t\t\t\t\t\t  \t\t\t\t\t\t\t  \t\t\t\t\t\t<\/div>\n  \t\t\t\t\t\t  \t\t\t\t\t<\/div>\n          \t\t\t\t\t<div class=\"box-text text-left\" >\n\t\t\t\t\t<div class=\"box-text-inner blog-post-inner\">\n\n\t\t\t\t\t\n\t\t\t\t\t\t\t\t\t\t<h5 class=\"post-title is-large \">\n\t\t\t\t\t\t<a href=\"https:\/\/www.sivildusun.net\/yedek18062024\/birlikte-degistirmenin-oznesi-topluluklar\/\" class=\"plain\">S\u00f6z Devri |\u00a0Dudu Karaman ile Denizli Otizm Toplulu\u011fu<\/a>\n\t\t\t\t\t<\/h5>\n\t\t\t\t\t\t\t\t\t\t<div class=\"is-divider\"><\/div>\n\t\t\t\t\t\t\t\t\t\t<p class=\"from_the_blog_excerpt \">\n\t\t\t\t\t\tSivil D\u00fc\u015f\u00fcn Topluluk Kulu\u00e7kas\u0131 mentorlar\u0131ndan Dudu, kendi hayat hikayesinde topluluklar\u0131n yerini yazd\u0131. Biz insanlar topluluklar\u0131n...\t\t\t\t\t<\/p>\n\t\t\t\t\t                    \n\t\t\t\t\t\n\t\t\t\t\t\n\t\t\t\t\t<\/div>\n\t\t\t\t\t<\/div>\n\t\t\t\t\t\t\t\t\t\t\t\t\t\t\t\t<div class=\"badge absolute top post-date badge-square\">\n\t\t\t\t\t\t\t<div class=\"badge-inner\">\n\t\t\t\t\t\t\t\t<span class=\"post-date-day\">25<\/span><br>\n\t\t\t\t\t\t\t\t<span class=\"post-date-month is-xsmall\">A\u011fu<\/span>\n\t\t\t\t\t\t\t<\/div>\n\t\t\t\t\t\t<\/div>\n\t\t\t\t\t\t\t\t\t<\/div>\n\t\t\t<\/div>\n\t\t<\/div><div class=\"col post-item\" >\n\t\t\t<div class=\"col-inner\">\n\t\t\t\t<div class=\"box box-bounce box-text-bottom box-blog-post has-hover\">\n            \t\t\t\t\t<div class=\"box-image\" >\n  \t\t\t\t\t\t<div class=\"image-cover\" style=\"padding-top:56.25%;\">\n\t\t\t\t\t\t\t<a href=\"https:\/\/www.sivildusun.net\/yedek18062024\/soz-devri-trtex-org-ile-ortak-fanzin\/\" class=\"plain\" aria-label=\"S\u00f6z Devri | Trtex.org ile Ortak Fanzin\">\n\t\t\t\t\t\t\t\t<img loading=\"lazy\" decoding=\"async\" width=\"400\" height=\"225\" src=\"https:\/\/www.sivildusun.net\/yedek18062024\/wp-content\/uploads\/2023\/08\/new_website_post_size-2-400x225.png\" class=\"attachment-medium size-medium wp-post-image\" alt=\"\" srcset=\"https:\/\/www.sivildusun.net\/yedek18062024\/wp-content\/uploads\/2023\/08\/new_website_post_size-2-400x225.png 400w, https:\/\/www.sivildusun.net\/yedek18062024\/wp-content\/uploads\/2023\/08\/new_website_post_size-2-1024x576.png 1024w, https:\/\/www.sivildusun.net\/yedek18062024\/wp-content\/uploads\/2023\/08\/new_website_post_size-2-768x432.png 768w, https:\/\/www.sivildusun.net\/yedek18062024\/wp-content\/uploads\/2023\/08\/new_website_post_size-2.png 1280w\" sizes=\"(max-width: 400px) 100vw, 400px\" \/>\t\t\t\t\t\t\t<\/a>\n  \t\t\t\t\t\t\t  \t\t\t\t\t\t\t  \t\t\t\t\t\t<\/div>\n  \t\t\t\t\t\t  \t\t\t\t\t<\/div>\n          \t\t\t\t\t<div class=\"box-text text-left\" >\n\t\t\t\t\t<div class=\"box-text-inner blog-post-inner\">\n\n\t\t\t\t\t\n\t\t\t\t\t\t\t\t\t\t<h5 class=\"post-title is-large \">\n\t\t\t\t\t\t<a href=\"https:\/\/www.sivildusun.net\/yedek18062024\/soz-devri-trtex-org-ile-ortak-fanzin\/\" class=\"plain\">S\u00f6z Devri | Trtex.org ile Ortak Fanzin<\/a>\n\t\t\t\t\t<\/h5>\n\t\t\t\t\t\t\t\t\t\t<div class=\"is-divider\"><\/div>\n\t\t\t\t\t\t\t\t\t\t<p class=\"from_the_blog_excerpt \">\n\t\t\t\t\t\tMerhaba, ben Trtex.org\u2019un en aktif \u00fcyesi, yani kurucusu Bilgesu Altunkan. 2018\u2019den beri s\u00fcrd\u00fcr\u00fclebilir modayla ilgili...\t\t\t\t\t<\/p>\n\t\t\t\t\t                    \n\t\t\t\t\t\n\t\t\t\t\t\n\t\t\t\t\t<\/div>\n\t\t\t\t\t<\/div>\n\t\t\t\t\t\t\t\t\t\t\t\t\t\t\t\t<div class=\"badge absolute top post-date badge-square\">\n\t\t\t\t\t\t\t<div class=\"badge-inner\">\n\t\t\t\t\t\t\t\t<span class=\"post-date-day\">18<\/span><br>\n\t\t\t\t\t\t\t\t<span class=\"post-date-month is-xsmall\">A\u011fu<\/span>\n\t\t\t\t\t\t\t<\/div>\n\t\t\t\t\t\t<\/div>\n\t\t\t\t\t\t\t\t\t<\/div>\n\t\t\t<\/div>\n\t\t<\/div><div class=\"col post-item\" >\n\t\t\t<div class=\"col-inner\">\n\t\t\t\t<div class=\"box box-bounce box-text-bottom box-blog-post has-hover\">\n            \t\t\t\t\t<div class=\"box-image\" >\n  \t\t\t\t\t\t<div class=\"image-cover\" style=\"padding-top:56.25%;\">\n\t\t\t\t\t\t\t<a href=\"https:\/\/www.sivildusun.net\/yedek18062024\/soz-devri-ekin-al-ile-onarim-atolyesi\/\" class=\"plain\" aria-label=\"S\u00f6z Devri | Ekin Al ile Onar\u0131m At\u00f6lyesi\">\n\t\t\t\t\t\t\t\t<img loading=\"lazy\" decoding=\"async\" width=\"400\" height=\"225\" src=\"https:\/\/www.sivildusun.net\/yedek18062024\/wp-content\/uploads\/2023\/07\/new_website_post_size-2-400x225.png\" class=\"attachment-medium size-medium wp-post-image\" alt=\"\" srcset=\"https:\/\/www.sivildusun.net\/yedek18062024\/wp-content\/uploads\/2023\/07\/new_website_post_size-2-400x225.png 400w, https:\/\/www.sivildusun.net\/yedek18062024\/wp-content\/uploads\/2023\/07\/new_website_post_size-2-1024x576.png 1024w, https:\/\/www.sivildusun.net\/yedek18062024\/wp-content\/uploads\/2023\/07\/new_website_post_size-2-768x432.png 768w, https:\/\/www.sivildusun.net\/yedek18062024\/wp-content\/uploads\/2023\/07\/new_website_post_size-2.png 1280w\" sizes=\"(max-width: 400px) 100vw, 400px\" \/>\t\t\t\t\t\t\t<\/a>\n  \t\t\t\t\t\t\t  \t\t\t\t\t\t\t  \t\t\t\t\t\t<\/div>\n  \t\t\t\t\t\t  \t\t\t\t\t<\/div>\n          \t\t\t\t\t<div class=\"box-text text-left\" >\n\t\t\t\t\t<div class=\"box-text-inner blog-post-inner\">\n\n\t\t\t\t\t\n\t\t\t\t\t\t\t\t\t\t<h5 class=\"post-title is-large \">\n\t\t\t\t\t\t<a href=\"https:\/\/www.sivildusun.net\/yedek18062024\/soz-devri-ekin-al-ile-onarim-atolyesi\/\" class=\"plain\">S\u00f6z Devri | Ekin Al ile Onar\u0131m At\u00f6lyesi<\/a>\n\t\t\t\t\t<\/h5>\n\t\t\t\t\t\t\t\t\t\t<div class=\"is-divider\"><\/div>\n\t\t\t\t\t\t\t\t\t\t<p class=\"from_the_blog_excerpt \">\n\t\t\t\t\t\tMerhaba, ben Ekin Al. Kendimi, her yeni g\u00fcnde daha haysiyetli bir d\u00fcnyan\u0131n yollar\u0131n\u0131 arayan, ba\u011flant\u0131...\t\t\t\t\t<\/p>\n\t\t\t\t\t                    \n\t\t\t\t\t\n\t\t\t\t\t\n\t\t\t\t\t<\/div>\n\t\t\t\t\t<\/div>\n\t\t\t\t\t\t\t\t\t\t\t\t\t\t\t\t<div class=\"badge absolute top post-date badge-square\">\n\t\t\t\t\t\t\t<div class=\"badge-inner\">\n\t\t\t\t\t\t\t\t<span class=\"post-date-day\">28<\/span><br>\n\t\t\t\t\t\t\t\t<span class=\"post-date-month is-xsmall\">Tem<\/span>\n\t\t\t\t\t\t\t<\/div>\n\t\t\t\t\t\t<\/div>\n\t\t\t\t\t\t\t\t\t<\/div>\n\t\t\t<\/div>\n\t\t<\/div><div class=\"col post-item\" >\n\t\t\t<div class=\"col-inner\">\n\t\t\t\t<div class=\"box box-bounce box-text-bottom box-blog-post has-hover\">\n            \t\t\t\t\t<div class=\"box-image\" >\n  \t\t\t\t\t\t<div class=\"image-cover\" style=\"padding-top:56.25%;\">\n\t\t\t\t\t\t\t<a href=\"https:\/\/www.sivildusun.net\/yedek18062024\/soz-devri-ramazan-kilic-ile-tarihte-yasanmamis-olaylar\/\" class=\"plain\" aria-label=\"S\u00f6z Devri | Ramazan K\u0131l\u0131\u00e7 ile Tarihte Ya\u015fanmam\u0131\u015f Olaylar\">\n\t\t\t\t\t\t\t\t<img loading=\"lazy\" decoding=\"async\" width=\"400\" height=\"225\" src=\"https:\/\/www.sivildusun.net\/yedek18062024\/wp-content\/uploads\/2023\/06\/new_website_post_size-400x225.png\" class=\"attachment-medium size-medium wp-post-image\" alt=\"\" srcset=\"https:\/\/www.sivildusun.net\/yedek18062024\/wp-content\/uploads\/2023\/06\/new_website_post_size-400x225.png 400w, https:\/\/www.sivildusun.net\/yedek18062024\/wp-content\/uploads\/2023\/06\/new_website_post_size-1024x576.png 1024w, https:\/\/www.sivildusun.net\/yedek18062024\/wp-content\/uploads\/2023\/06\/new_website_post_size-768x432.png 768w, https:\/\/www.sivildusun.net\/yedek18062024\/wp-content\/uploads\/2023\/06\/new_website_post_size.png 1280w\" sizes=\"(max-width: 400px) 100vw, 400px\" \/>\t\t\t\t\t\t\t<\/a>\n  \t\t\t\t\t\t\t  \t\t\t\t\t\t\t  \t\t\t\t\t\t<\/div>\n  \t\t\t\t\t\t  \t\t\t\t\t<\/div>\n          \t\t\t\t\t<div class=\"box-text text-left\" >\n\t\t\t\t\t<div class=\"box-text-inner blog-post-inner\">\n\n\t\t\t\t\t\n\t\t\t\t\t\t\t\t\t\t<h5 class=\"post-title is-large \">\n\t\t\t\t\t\t<a href=\"https:\/\/www.sivildusun.net\/yedek18062024\/soz-devri-ramazan-kilic-ile-tarihte-yasanmamis-olaylar\/\" class=\"plain\">S\u00f6z Devri | Ramazan K\u0131l\u0131\u00e7 ile Tarihte Ya\u015fanmam\u0131\u015f Olaylar<\/a>\n\t\t\t\t\t<\/h5>\n\t\t\t\t\t\t\t\t\t\t<div class=\"is-divider\"><\/div>\n\t\t\t\t\t\t\t\t\t\t<p class=\"from_the_blog_excerpt \">\n\t\t\t\t\t\tBu haftan\u0131n s\u00f6z devrinde konu\u011fumuz; gen\u00e7 y\u00f6netmen Ramazan K\u0131l\u0131\u00e7. 1993 A\u011fr\u0131 do\u011fumlu olan Ramazan, cinsiyet\u00e7i...\t\t\t\t\t<\/p>\n\t\t\t\t\t                    \n\t\t\t\t\t\n\t\t\t\t\t\n\t\t\t\t\t<\/div>\n\t\t\t\t\t<\/div>\n\t\t\t\t\t\t\t\t\t\t\t\t\t\t\t\t<div class=\"badge absolute top post-date badge-square\">\n\t\t\t\t\t\t\t<div class=\"badge-inner\">\n\t\t\t\t\t\t\t\t<span class=\"post-date-day\">22<\/span><br>\n\t\t\t\t\t\t\t\t<span class=\"post-date-month is-xsmall\">Haz<\/span>\n\t\t\t\t\t\t\t<\/div>\n\t\t\t\t\t\t<\/div>\n\t\t\t\t\t\t\t\t\t<\/div>\n\t\t\t<\/div>\n\t\t<\/div><div class=\"col post-item\" >\n\t\t\t<div class=\"col-inner\">\n\t\t\t\t<div class=\"box box-bounce box-text-bottom box-blog-post has-hover\">\n            \t\t\t\t\t<div class=\"box-image\" >\n  \t\t\t\t\t\t<div class=\"image-cover\" style=\"padding-top:56.25%;\">\n\t\t\t\t\t\t\t<a href=\"https:\/\/www.sivildusun.net\/yedek18062024\/soz-devri-kendine-ait-bir-oda-kabo-ile-birlikte\/\" class=\"plain\" aria-label=\"S\u00f6z Devri | Kendine Ait Bir Oda (KABO) ile Birlikte\">\n\t\t\t\t\t\t\t\t<img loading=\"lazy\" decoding=\"async\" width=\"400\" height=\"225\" src=\"https:\/\/www.sivildusun.net\/yedek18062024\/wp-content\/uploads\/2023\/05\/new_website_post_size-400x225.png\" class=\"attachment-medium size-medium wp-post-image\" alt=\"\" srcset=\"https:\/\/www.sivildusun.net\/yedek18062024\/wp-content\/uploads\/2023\/05\/new_website_post_size-400x225.png 400w, https:\/\/www.sivildusun.net\/yedek18062024\/wp-content\/uploads\/2023\/05\/new_website_post_size-1024x576.png 1024w, https:\/\/www.sivildusun.net\/yedek18062024\/wp-content\/uploads\/2023\/05\/new_website_post_size-768x432.png 768w, https:\/\/www.sivildusun.net\/yedek18062024\/wp-content\/uploads\/2023\/05\/new_website_post_size.png 1280w\" sizes=\"(max-width: 400px) 100vw, 400px\" \/>\t\t\t\t\t\t\t<\/a>\n  \t\t\t\t\t\t\t  \t\t\t\t\t\t\t  \t\t\t\t\t\t<\/div>\n  \t\t\t\t\t\t  \t\t\t\t\t<\/div>\n          \t\t\t\t\t<div class=\"box-text text-left\" >\n\t\t\t\t\t<div class=\"box-text-inner blog-post-inner\">\n\n\t\t\t\t\t\n\t\t\t\t\t\t\t\t\t\t<h5 class=\"post-title is-large \">\n\t\t\t\t\t\t<a href=\"https:\/\/www.sivildusun.net\/yedek18062024\/soz-devri-kendine-ait-bir-oda-kabo-ile-birlikte\/\" class=\"plain\">S\u00f6z Devri | Kendine Ait Bir Oda (KABO) ile Birlikte<\/a>\n\t\t\t\t\t<\/h5>\n\t\t\t\t\t\t\t\t\t\t<div class=\"is-divider\"><\/div>\n\t\t\t\t\t\t\t\t\t\t<p class=\"from_the_blog_excerpt \">\n\t\t\t\t\t\tBu haftan\u0131n s\u00f6z devrinde konu\u011fumuz; 2015\u2019ten bu yana sanat odakl\u0131 etkinliklerin hem \u00fcreticisi hem de...\t\t\t\t\t<\/p>\n\t\t\t\t\t                    \n\t\t\t\t\t\n\t\t\t\t\t\n\t\t\t\t\t<\/div>\n\t\t\t\t\t<\/div>\n\t\t\t\t\t\t\t\t\t\t\t\t\t\t\t\t<div class=\"badge absolute top post-date badge-square\">\n\t\t\t\t\t\t\t<div class=\"badge-inner\">\n\t\t\t\t\t\t\t\t<span class=\"post-date-day\">11<\/span><br>\n\t\t\t\t\t\t\t\t<span class=\"post-date-month is-xsmall\">May<\/span>\n\t\t\t\t\t\t\t<\/div>\n\t\t\t\t\t\t<\/div>\n\t\t\t\t\t\t\t\t\t<\/div>\n\t\t\t<\/div>\n\t\t<\/div><div class=\"col post-item\" >\n\t\t\t<div class=\"col-inner\">\n\t\t\t\t<div class=\"box box-bounce box-text-bottom box-blog-post has-hover\">\n            \t\t\t\t\t<div class=\"box-image\" >\n  \t\t\t\t\t\t<div class=\"image-cover\" style=\"padding-top:56.25%;\">\n\t\t\t\t\t\t\t<a href=\"https:\/\/www.sivildusun.net\/yedek18062024\/soz-devri-ekolojik-denge-dernegi-ile-yasasin-gediz\/\" class=\"plain\" aria-label=\"S\u00f6z Devri | Ekolojik Denge Derne\u011fi ile Ya\u015fas\u0131n Gediz\">\n\t\t\t\t\t\t\t\t<img loading=\"lazy\" decoding=\"async\" width=\"400\" height=\"225\" src=\"https:\/\/www.sivildusun.net\/yedek18062024\/wp-content\/uploads\/2023\/04\/new_website_post_size-5-400x225.png\" class=\"attachment-medium size-medium wp-post-image\" alt=\"\" srcset=\"https:\/\/www.sivildusun.net\/yedek18062024\/wp-content\/uploads\/2023\/04\/new_website_post_size-5-400x225.png 400w, https:\/\/www.sivildusun.net\/yedek18062024\/wp-content\/uploads\/2023\/04\/new_website_post_size-5-1024x576.png 1024w, https:\/\/www.sivildusun.net\/yedek18062024\/wp-content\/uploads\/2023\/04\/new_website_post_size-5-768x432.png 768w, https:\/\/www.sivildusun.net\/yedek18062024\/wp-content\/uploads\/2023\/04\/new_website_post_size-5.png 1280w\" sizes=\"(max-width: 400px) 100vw, 400px\" \/>\t\t\t\t\t\t\t<\/a>\n  \t\t\t\t\t\t\t  \t\t\t\t\t\t\t  \t\t\t\t\t\t<\/div>\n  \t\t\t\t\t\t  \t\t\t\t\t<\/div>\n          \t\t\t\t\t<div class=\"box-text text-left\" >\n\t\t\t\t\t<div class=\"box-text-inner blog-post-inner\">\n\n\t\t\t\t\t\n\t\t\t\t\t\t\t\t\t\t<h5 class=\"post-title is-large \">\n\t\t\t\t\t\t<a href=\"https:\/\/www.sivildusun.net\/yedek18062024\/soz-devri-ekolojik-denge-dernegi-ile-yasasin-gediz\/\" class=\"plain\">S\u00f6z Devri | Ekolojik Denge Derne\u011fi ile Ya\u015fas\u0131n Gediz<\/a>\n\t\t\t\t\t<\/h5>\n\t\t\t\t\t\t\t\t\t\t<div class=\"is-divider\"><\/div>\n\t\t\t\t\t\t\t\t\t\t<p class=\"from_the_blog_excerpt \">\n\t\t\t\t\t\tD\u00fcnya G\u00fcn\u00fcnde s\u00f6z\u00fc bizden devralan konu\u011fumuz, \u0130zmir Ekolojik Denge Derne\u011fi ad\u0131na Tolga \u00c7al\u0131\u015fkanelli. Temiz su,...\t\t\t\t\t<\/p>\n\t\t\t\t\t                    \n\t\t\t\t\t\n\t\t\t\t\t\n\t\t\t\t\t<\/div>\n\t\t\t\t\t<\/div>\n\t\t\t\t\t\t\t\t\t\t\t\t\t\t\t\t<div class=\"badge absolute top post-date badge-square\">\n\t\t\t\t\t\t\t<div class=\"badge-inner\">\n\t\t\t\t\t\t\t\t<span class=\"post-date-day\">22<\/span><br>\n\t\t\t\t\t\t\t\t<span class=\"post-date-month is-xsmall\">Nis<\/span>\n\t\t\t\t\t\t\t<\/div>\n\t\t\t\t\t\t<\/div>\n\t\t\t\t\t\t\t\t\t<\/div>\n\t\t\t<\/div>\n\t\t<\/div><div class=\"col post-item\" >\n\t\t\t<div class=\"col-inner\">\n\t\t\t\t<div class=\"box box-bounce box-text-bottom box-blog-post has-hover\">\n            \t\t\t\t\t<div class=\"box-image\" >\n  \t\t\t\t\t\t<div class=\"image-cover\" style=\"padding-top:56.25%;\">\n\t\t\t\t\t\t\t<a href=\"https:\/\/www.sivildusun.net\/yedek18062024\/soz-devri-besim-toker-ile-nar-taneleri-korosu\/\" class=\"plain\" aria-label=\"S\u00f6z Devri | Besim Toker ile Nar Taneleri Korosu\">\n\t\t\t\t\t\t\t\t<img loading=\"lazy\" decoding=\"async\" width=\"400\" height=\"225\" src=\"https:\/\/www.sivildusun.net\/yedek18062024\/wp-content\/uploads\/2023\/04\/new_website_post_size-3-400x225.png\" class=\"attachment-medium size-medium wp-post-image\" alt=\"\" srcset=\"https:\/\/www.sivildusun.net\/yedek18062024\/wp-content\/uploads\/2023\/04\/new_website_post_size-3-400x225.png 400w, https:\/\/www.sivildusun.net\/yedek18062024\/wp-content\/uploads\/2023\/04\/new_website_post_size-3-1024x576.png 1024w, https:\/\/www.sivildusun.net\/yedek18062024\/wp-content\/uploads\/2023\/04\/new_website_post_size-3-768x432.png 768w, https:\/\/www.sivildusun.net\/yedek18062024\/wp-content\/uploads\/2023\/04\/new_website_post_size-3.png 1280w\" sizes=\"(max-width: 400px) 100vw, 400px\" \/>\t\t\t\t\t\t\t<\/a>\n  \t\t\t\t\t\t\t  \t\t\t\t\t\t\t  \t\t\t\t\t\t<\/div>\n  \t\t\t\t\t\t  \t\t\t\t\t<\/div>\n          \t\t\t\t\t<div class=\"box-text text-left\" >\n\t\t\t\t\t<div class=\"box-text-inner blog-post-inner\">\n\n\t\t\t\t\t\n\t\t\t\t\t\t\t\t\t\t<h5 class=\"post-title is-large \">\n\t\t\t\t\t\t<a href=\"https:\/\/www.sivildusun.net\/yedek18062024\/soz-devri-besim-toker-ile-nar-taneleri-korosu\/\" class=\"plain\">S\u00f6z Devri | Besim Toker ile Nar Taneleri Korosu<\/a>\n\t\t\t\t\t<\/h5>\n\t\t\t\t\t\t\t\t\t\t<div class=\"is-divider\"><\/div>\n\t\t\t\t\t\t\t\t\t\t<p class=\"from_the_blog_excerpt \">\n\t\t\t\t\t\tD\u00fcnya Ses G\u00fcn\u00fcnde s\u00f6z\u00fc bizden devralan konu\u011fumuz, Narl\u0131dere Zihinsel Engellileri Koruma ve Destekleme Derne\u011fi ad\u0131na...\t\t\t\t\t<\/p>\n\t\t\t\t\t                    \n\t\t\t\t\t\n\t\t\t\t\t\n\t\t\t\t\t<\/div>\n\t\t\t\t\t<\/div>\n\t\t\t\t\t\t\t\t\t\t\t\t\t\t\t\t<div class=\"badge absolute top post-date badge-square\">\n\t\t\t\t\t\t\t<div class=\"badge-inner\">\n\t\t\t\t\t\t\t\t<span class=\"post-date-day\">16<\/span><br>\n\t\t\t\t\t\t\t\t<span class=\"post-date-month is-xsmall\">Nis<\/span>\n\t\t\t\t\t\t\t<\/div>\n\t\t\t\t\t\t<\/div>\n\t\t\t\t\t\t\t\t\t<\/div>\n\t\t\t<\/div>\n\t\t<\/div><div class=\"col post-item\" >\n\t\t\t<div class=\"col-inner\">\n\t\t\t\t<div class=\"box box-bounce box-text-bottom box-blog-post has-hover\">\n            \t\t\t\t\t<div class=\"box-image\" >\n  \t\t\t\t\t\t<div class=\"image-cover\" style=\"padding-top:56.25%;\">\n\t\t\t\t\t\t\t<a href=\"https:\/\/www.sivildusun.net\/yedek18062024\/soz-devri-medak-ile-dijital-saglik-uygulamasi\/\" class=\"plain\" aria-label=\"S\u00f6z Devri | MEDAK ile dijital sa\u011fl\u0131k uygulamas\u0131\">\n\t\t\t\t\t\t\t\t<img loading=\"lazy\" decoding=\"async\" width=\"400\" height=\"225\" src=\"https:\/\/www.sivildusun.net\/yedek18062024\/wp-content\/uploads\/2023\/04\/new_website_post_size-400x225.png\" class=\"attachment-medium size-medium wp-post-image\" alt=\"\" srcset=\"https:\/\/www.sivildusun.net\/yedek18062024\/wp-content\/uploads\/2023\/04\/new_website_post_size-400x225.png 400w, https:\/\/www.sivildusun.net\/yedek18062024\/wp-content\/uploads\/2023\/04\/new_website_post_size-1024x576.png 1024w, https:\/\/www.sivildusun.net\/yedek18062024\/wp-content\/uploads\/2023\/04\/new_website_post_size-768x432.png 768w, https:\/\/www.sivildusun.net\/yedek18062024\/wp-content\/uploads\/2023\/04\/new_website_post_size.png 1280w\" sizes=\"(max-width: 400px) 100vw, 400px\" \/>\t\t\t\t\t\t\t<\/a>\n  \t\t\t\t\t\t\t  \t\t\t\t\t\t\t  \t\t\t\t\t\t<\/div>\n  \t\t\t\t\t\t  \t\t\t\t\t<\/div>\n          \t\t\t\t\t<div class=\"box-text text-left\" >\n\t\t\t\t\t<div class=\"box-text-inner blog-post-inner\">\n\n\t\t\t\t\t\n\t\t\t\t\t\t\t\t\t\t<h5 class=\"post-title is-large \">\n\t\t\t\t\t\t<a href=\"https:\/\/www.sivildusun.net\/yedek18062024\/soz-devri-medak-ile-dijital-saglik-uygulamasi\/\" class=\"plain\">S\u00f6z Devri | MEDAK ile dijital sa\u011fl\u0131k uygulamas\u0131<\/a>\n\t\t\t\t\t<\/h5>\n\t\t\t\t\t\t\t\t\t\t<div class=\"is-divider\"><\/div>\n\t\t\t\t\t\t\t\t\t\t<p class=\"from_the_blog_excerpt \">\n\t\t\t\t\t\tBu hafta s\u00f6z\u00fc bizden devralan konu\u011fumuz, b\u00fcy\u00fck do\u011fa olaylar\u0131 ve toplumsal vakalarda sahaya \u00e7\u0131kan e\u011fitimli,...\t\t\t\t\t<\/p>\n\t\t\t\t\t                    \n\t\t\t\t\t\n\t\t\t\t\t\n\t\t\t\t\t<\/div>\n\t\t\t\t\t<\/div>\n\t\t\t\t\t\t\t\t\t\t\t\t\t\t\t\t<div class=\"badge absolute top post-date badge-square\">\n\t\t\t\t\t\t\t<div class=\"badge-inner\">\n\t\t\t\t\t\t\t\t<span class=\"post-date-day\">07<\/span><br>\n\t\t\t\t\t\t\t\t<span class=\"post-date-month is-xsmall\">Nis<\/span>\n\t\t\t\t\t\t\t<\/div>\n\t\t\t\t\t\t<\/div>\n\t\t\t\t\t\t\t\t\t<\/div>\n\t\t\t<\/div>\n\t\t<\/div><div class=\"col post-item\" >\n\t\t\t<div class=\"col-inner\">\n\t\t\t\t<div class=\"box box-bounce box-text-bottom box-blog-post has-hover\">\n            \t\t\t\t\t<div class=\"box-image\" >\n  \t\t\t\t\t\t<div class=\"image-cover\" style=\"padding-top:56.25%;\">\n\t\t\t\t\t\t\t<a href=\"https:\/\/www.sivildusun.net\/yedek18062024\/soz-devri-fethiye-alzheimer-dernegi-ile-beni-unutma\/\" class=\"plain\" aria-label=\"S\u00f6z Devri | Fethiye Alzheimer Derne\u011fi ile Beni Unutma\">\n\t\t\t\t\t\t\t\t<img loading=\"lazy\" decoding=\"async\" width=\"400\" height=\"225\" src=\"https:\/\/www.sivildusun.net\/yedek18062024\/wp-content\/uploads\/2023\/01\/new_website_post_size-4-400x225.png\" class=\"attachment-medium size-medium wp-post-image\" alt=\"\" srcset=\"https:\/\/www.sivildusun.net\/yedek18062024\/wp-content\/uploads\/2023\/01\/new_website_post_size-4-400x225.png 400w, https:\/\/www.sivildusun.net\/yedek18062024\/wp-content\/uploads\/2023\/01\/new_website_post_size-4-1024x576.png 1024w, https:\/\/www.sivildusun.net\/yedek18062024\/wp-content\/uploads\/2023\/01\/new_website_post_size-4-768x432.png 768w, https:\/\/www.sivildusun.net\/yedek18062024\/wp-content\/uploads\/2023\/01\/new_website_post_size-4.png 1280w\" sizes=\"(max-width: 400px) 100vw, 400px\" \/>\t\t\t\t\t\t\t<\/a>\n  \t\t\t\t\t\t\t  \t\t\t\t\t\t\t  \t\t\t\t\t\t<\/div>\n  \t\t\t\t\t\t  \t\t\t\t\t<\/div>\n          \t\t\t\t\t<div class=\"box-text text-left\" >\n\t\t\t\t\t<div class=\"box-text-inner blog-post-inner\">\n\n\t\t\t\t\t\n\t\t\t\t\t\t\t\t\t\t<h5 class=\"post-title is-large \">\n\t\t\t\t\t\t<a href=\"https:\/\/www.sivildusun.net\/yedek18062024\/soz-devri-fethiye-alzheimer-dernegi-ile-beni-unutma\/\" class=\"plain\">S\u00f6z Devri | Fethiye Alzheimer Derne\u011fi ile Beni Unutma<\/a>\n\t\t\t\t\t<\/h5>\n\t\t\t\t\t\t\t\t\t\t<div class=\"is-divider\"><\/div>\n\t\t\t\t\t\t\t\t\t\t<p class=\"from_the_blog_excerpt \">\n\t\t\t\t\t\tBu haftan\u0131n s\u00f6z devrinde konu\u011fumuz, \u00e7ok gen\u00e7 bir topluluk olan Fethiye Alzheimer Derne\u011fi. Onlar\u0131 bir...\t\t\t\t\t<\/p>\n\t\t\t\t\t                    \n\t\t\t\t\t\n\t\t\t\t\t\n\t\t\t\t\t<\/div>\n\t\t\t\t\t<\/div>\n\t\t\t\t\t\t\t\t\t\t\t\t\t\t\t\t<div class=\"badge absolute top post-date badge-square\">\n\t\t\t\t\t\t\t<div class=\"badge-inner\">\n\t\t\t\t\t\t\t\t<span class=\"post-date-day\">28<\/span><br>\n\t\t\t\t\t\t\t\t<span class=\"post-date-month is-xsmall\">Oca<\/span>\n\t\t\t\t\t\t\t<\/div>\n\t\t\t\t\t\t<\/div>\n\t\t\t\t\t\t\t\t\t<\/div>\n\t\t\t<\/div>\n\t\t<\/div><div class=\"col post-item\" >\n\t\t\t<div class=\"col-inner\">\n\t\t\t\t<div class=\"box box-bounce box-text-bottom box-blog-post has-hover\">\n            \t\t\t\t\t<div class=\"box-image\" >\n  \t\t\t\t\t\t<div class=\"image-cover\" style=\"padding-top:56.25%;\">\n\t\t\t\t\t\t\t<a href=\"https:\/\/www.sivildusun.net\/yedek18062024\/soz-devri-ozgur-bogazliyanlioglu-ile-sokak-hayvanlarini-sahiplenme-rehberi\/\" class=\"plain\" aria-label=\"S\u00f6z Devri | \u00d6zg\u00fcr Bo\u011fazl\u0131yanl\u0131o\u011flu ile Sokak Hayvanlar\u0131n\u0131 Sahiplenme Rehberi\">\n\t\t\t\t\t\t\t\t<img loading=\"lazy\" decoding=\"async\" width=\"400\" height=\"225\" src=\"https:\/\/www.sivildusun.net\/yedek18062024\/wp-content\/uploads\/2023\/01\/new_website_post_size-3-400x225.png\" class=\"attachment-medium size-medium wp-post-image\" alt=\"\" srcset=\"https:\/\/www.sivildusun.net\/yedek18062024\/wp-content\/uploads\/2023\/01\/new_website_post_size-3-400x225.png 400w, https:\/\/www.sivildusun.net\/yedek18062024\/wp-content\/uploads\/2023\/01\/new_website_post_size-3-1024x576.png 1024w, https:\/\/www.sivildusun.net\/yedek18062024\/wp-content\/uploads\/2023\/01\/new_website_post_size-3-768x432.png 768w, https:\/\/www.sivildusun.net\/yedek18062024\/wp-content\/uploads\/2023\/01\/new_website_post_size-3.png 1280w\" sizes=\"(max-width: 400px) 100vw, 400px\" \/>\t\t\t\t\t\t\t<\/a>\n  \t\t\t\t\t\t\t  \t\t\t\t\t\t\t  \t\t\t\t\t\t<\/div>\n  \t\t\t\t\t\t  \t\t\t\t\t<\/div>\n          \t\t\t\t\t<div class=\"box-text text-left\" >\n\t\t\t\t\t<div class=\"box-text-inner blog-post-inner\">\n\n\t\t\t\t\t\n\t\t\t\t\t\t\t\t\t\t<h5 class=\"post-title is-large \">\n\t\t\t\t\t\t<a href=\"https:\/\/www.sivildusun.net\/yedek18062024\/soz-devri-ozgur-bogazliyanlioglu-ile-sokak-hayvanlarini-sahiplenme-rehberi\/\" class=\"plain\">S\u00f6z Devri | \u00d6zg\u00fcr Bo\u011fazl\u0131yanl\u0131o\u011flu ile Sokak Hayvanlar\u0131n\u0131 Sahiplenme Rehberi<\/a>\n\t\t\t\t\t<\/h5>\n\t\t\t\t\t\t\t\t\t\t<div class=\"is-divider\"><\/div>\n\t\t\t\t\t\t\t\t\t\t<p class=\"from_the_blog_excerpt \">\n\t\t\t\t\t\tBu haftan\u0131n s\u00f6z devrinde konu\u011fumuz,\u00a0haklar\u0131 ya\u015fatacak \u00e7al\u0131\u015fmalara g\u00f6nl\u00fcn\u00fc kapt\u0131rm\u0131\u015f y\u00f6netmen \u00d6zg\u00fcr Bo\u011fazl\u0131yanl\u0131o\u011flu. Uzun memuriyet ya\u015fant\u0131s\u0131n\u0131n...\t\t\t\t\t<\/p>\n\t\t\t\t\t                    \n\t\t\t\t\t\n\t\t\t\t\t\n\t\t\t\t\t<\/div>\n\t\t\t\t\t<\/div>\n\t\t\t\t\t\t\t\t\t\t\t\t\t\t\t\t<div class=\"badge absolute top post-date badge-square\">\n\t\t\t\t\t\t\t<div class=\"badge-inner\">\n\t\t\t\t\t\t\t\t<span class=\"post-date-day\">20<\/span><br>\n\t\t\t\t\t\t\t\t<span class=\"post-date-month is-xsmall\">Oca<\/span>\n\t\t\t\t\t\t\t<\/div>\n\t\t\t\t\t\t<\/div>\n\t\t\t\t\t\t\t\t\t<\/div>\n\t\t\t<\/div>\n\t\t<\/div><div class=\"col post-item\" >\n\t\t\t<div class=\"col-inner\">\n\t\t\t\t<div class=\"box box-bounce box-text-bottom box-blog-post has-hover\">\n            \t\t\t\t\t<div class=\"box-image\" >\n  \t\t\t\t\t\t<div class=\"image-cover\" style=\"padding-top:56.25%;\">\n\t\t\t\t\t\t\t<a href=\"https:\/\/www.sivildusun.net\/yedek18062024\/soz-devri-gulay-ates-ile-suyunu-koru-gelecegini-koru\/\" class=\"plain\" aria-label=\"S\u00f6z Devri |\u00a0G\u00fclay Ate\u015f ile Suyunu Koru, Gelece\u011fini Koru\">\n\t\t\t\t\t\t\t\t<img loading=\"lazy\" decoding=\"async\" width=\"400\" height=\"225\" src=\"https:\/\/www.sivildusun.net\/yedek18062024\/wp-content\/uploads\/2023\/01\/new_website_post_size-2-400x225.png\" class=\"attachment-medium size-medium wp-post-image\" alt=\"\" srcset=\"https:\/\/www.sivildusun.net\/yedek18062024\/wp-content\/uploads\/2023\/01\/new_website_post_size-2-400x225.png 400w, https:\/\/www.sivildusun.net\/yedek18062024\/wp-content\/uploads\/2023\/01\/new_website_post_size-2-1024x576.png 1024w, https:\/\/www.sivildusun.net\/yedek18062024\/wp-content\/uploads\/2023\/01\/new_website_post_size-2-768x432.png 768w, https:\/\/www.sivildusun.net\/yedek18062024\/wp-content\/uploads\/2023\/01\/new_website_post_size-2.png 1280w\" sizes=\"(max-width: 400px) 100vw, 400px\" \/>\t\t\t\t\t\t\t<\/a>\n  \t\t\t\t\t\t\t  \t\t\t\t\t\t\t  \t\t\t\t\t\t<\/div>\n  \t\t\t\t\t\t  \t\t\t\t\t<\/div>\n          \t\t\t\t\t<div class=\"box-text text-left\" >\n\t\t\t\t\t<div class=\"box-text-inner blog-post-inner\">\n\n\t\t\t\t\t\n\t\t\t\t\t\t\t\t\t\t<h5 class=\"post-title is-large \">\n\t\t\t\t\t\t<a href=\"https:\/\/www.sivildusun.net\/yedek18062024\/soz-devri-gulay-ates-ile-suyunu-koru-gelecegini-koru\/\" class=\"plain\">S\u00f6z Devri |\u00a0G\u00fclay Ate\u015f ile Suyunu Koru, Gelece\u011fini Koru<\/a>\n\t\t\t\t\t<\/h5>\n\t\t\t\t\t\t\t\t\t\t<div class=\"is-divider\"><\/div>\n\t\t\t\t\t\t\t\t\t\t<p class=\"from_the_blog_excerpt \">\n\t\t\t\t\t\tBu haftan\u0131n s\u00f6z devrinde konu\u011fumuz, \u00e7evre haklar\u0131 i\u00e7in g\u00f6n\u00fcll\u00fc \u00e7abalar y\u00fcr\u00fcten G\u00fclay Ate\u015f. Konya\u2019da ya\u015fayan...\t\t\t\t\t<\/p>\n\t\t\t\t\t                    \n\t\t\t\t\t\n\t\t\t\t\t\n\t\t\t\t\t<\/div>\n\t\t\t\t\t<\/div>\n\t\t\t\t\t\t\t\t\t\t\t\t\t\t\t\t<div class=\"badge absolute top post-date badge-square\">\n\t\t\t\t\t\t\t<div class=\"badge-inner\">\n\t\t\t\t\t\t\t\t<span class=\"post-date-day\">13<\/span><br>\n\t\t\t\t\t\t\t\t<span class=\"post-date-month is-xsmall\">Oca<\/span>\n\t\t\t\t\t\t\t<\/div>\n\t\t\t\t\t\t<\/div>\n\t\t\t\t\t\t\t\t\t<\/div>\n\t\t\t<\/div>\n\t\t<\/div><div class=\"col post-item\" >\n\t\t\t<div class=\"col-inner\">\n\t\t\t\t<div class=\"box box-bounce box-text-bottom box-blog-post has-hover\">\n            \t\t\t\t\t<div class=\"box-image\" >\n  \t\t\t\t\t\t<div class=\"image-cover\" style=\"padding-top:56.25%;\">\n\t\t\t\t\t\t\t<a href=\"https:\/\/www.sivildusun.net\/yedek18062024\/soz-devri-coskun-ile-dijitalde-cocuklar-icin-gonulluluk\/\" class=\"plain\" aria-label=\"S\u00f6z Devri | Ey\u00fcp Co\u015fkun ile Dijitalde \u00c7ocuklar i\u00e7in G\u00f6n\u00fcll\u00fcl\u00fck\">\n\t\t\t\t\t\t\t\t<img loading=\"lazy\" decoding=\"async\" width=\"400\" height=\"225\" src=\"https:\/\/www.sivildusun.net\/yedek18062024\/wp-content\/uploads\/2023\/01\/new_website_post_size-400x225.png\" class=\"attachment-medium size-medium wp-post-image\" alt=\"\" srcset=\"https:\/\/www.sivildusun.net\/yedek18062024\/wp-content\/uploads\/2023\/01\/new_website_post_size-400x225.png 400w, https:\/\/www.sivildusun.net\/yedek18062024\/wp-content\/uploads\/2023\/01\/new_website_post_size-1024x576.png 1024w, https:\/\/www.sivildusun.net\/yedek18062024\/wp-content\/uploads\/2023\/01\/new_website_post_size-768x432.png 768w, https:\/\/www.sivildusun.net\/yedek18062024\/wp-content\/uploads\/2023\/01\/new_website_post_size.png 1280w\" sizes=\"(max-width: 400px) 100vw, 400px\" \/>\t\t\t\t\t\t\t<\/a>\n  \t\t\t\t\t\t\t  \t\t\t\t\t\t\t  \t\t\t\t\t\t<\/div>\n  \t\t\t\t\t\t  \t\t\t\t\t<\/div>\n          \t\t\t\t\t<div class=\"box-text text-left\" >\n\t\t\t\t\t<div class=\"box-text-inner blog-post-inner\">\n\n\t\t\t\t\t\n\t\t\t\t\t\t\t\t\t\t<h5 class=\"post-title is-large \">\n\t\t\t\t\t\t<a href=\"https:\/\/www.sivildusun.net\/yedek18062024\/soz-devri-coskun-ile-dijitalde-cocuklar-icin-gonulluluk\/\" class=\"plain\">S\u00f6z Devri | Ey\u00fcp Co\u015fkun ile Dijitalde \u00c7ocuklar i\u00e7in G\u00f6n\u00fcll\u00fcl\u00fck<\/a>\n\t\t\t\t\t<\/h5>\n\t\t\t\t\t\t\t\t\t\t<div class=\"is-divider\"><\/div>\n\t\t\t\t\t\t\t\t\t\t<p class=\"from_the_blog_excerpt \">\n\t\t\t\t\t\tBu haftan\u0131n s\u00f6z devrinde konu\u011fumuz Gen\u00e7 G\u00f6n\u00fcll\u00fcler Derne\u011fi Ba\u015fkan\u0131 Ey\u00fcp Co\u015fkun. Ey\u00fcp, 2004\u2019ten bu yana...\t\t\t\t\t<\/p>\n\t\t\t\t\t                    \n\t\t\t\t\t\n\t\t\t\t\t\n\t\t\t\t\t<\/div>\n\t\t\t\t\t<\/div>\n\t\t\t\t\t\t\t\t\t\t\t\t\t\t\t\t<div class=\"badge absolute top post-date badge-square\">\n\t\t\t\t\t\t\t<div class=\"badge-inner\">\n\t\t\t\t\t\t\t\t<span class=\"post-date-day\">07<\/span><br>\n\t\t\t\t\t\t\t\t<span class=\"post-date-month is-xsmall\">Oca<\/span>\n\t\t\t\t\t\t\t<\/div>\n\t\t\t\t\t\t<\/div>\n\t\t\t\t\t\t\t\t\t<\/div>\n\t\t\t<\/div>\n\t\t<\/div><div class=\"col post-item\" >\n\t\t\t<div class=\"col-inner\">\n\t\t\t\t<div class=\"box box-bounce box-text-bottom box-blog-post has-hover\">\n            \t\t\t\t\t<div class=\"box-image\" >\n  \t\t\t\t\t\t<div class=\"image-cover\" style=\"padding-top:56.25%;\">\n\t\t\t\t\t\t\t<a href=\"https:\/\/www.sivildusun.net\/yedek18062024\/soz-devri-on-ikinci-ev-ile-melek-ceylan\/\" class=\"plain\" aria-label=\"S\u00f6z Devri | Melek Ceylan ile On \u0130kinci Ev\">\n\t\t\t\t\t\t\t\t<img loading=\"lazy\" decoding=\"async\" width=\"400\" height=\"225\" src=\"https:\/\/www.sivildusun.net\/yedek18062024\/wp-content\/uploads\/2022\/12\/new_website_post_size-400x225.png\" class=\"attachment-medium size-medium wp-post-image\" alt=\"\" srcset=\"https:\/\/www.sivildusun.net\/yedek18062024\/wp-content\/uploads\/2022\/12\/new_website_post_size-400x225.png 400w, https:\/\/www.sivildusun.net\/yedek18062024\/wp-content\/uploads\/2022\/12\/new_website_post_size-1024x576.png 1024w, https:\/\/www.sivildusun.net\/yedek18062024\/wp-content\/uploads\/2022\/12\/new_website_post_size-768x432.png 768w, https:\/\/www.sivildusun.net\/yedek18062024\/wp-content\/uploads\/2022\/12\/new_website_post_size.png 1280w\" sizes=\"(max-width: 400px) 100vw, 400px\" \/>\t\t\t\t\t\t\t<\/a>\n  \t\t\t\t\t\t\t  \t\t\t\t\t\t\t  \t\t\t\t\t\t<\/div>\n  \t\t\t\t\t\t  \t\t\t\t\t<\/div>\n          \t\t\t\t\t<div class=\"box-text text-left\" >\n\t\t\t\t\t<div class=\"box-text-inner blog-post-inner\">\n\n\t\t\t\t\t\n\t\t\t\t\t\t\t\t\t\t<h5 class=\"post-title is-large \">\n\t\t\t\t\t\t<a href=\"https:\/\/www.sivildusun.net\/yedek18062024\/soz-devri-on-ikinci-ev-ile-melek-ceylan\/\" class=\"plain\">S\u00f6z Devri | Melek Ceylan ile On \u0130kinci Ev<\/a>\n\t\t\t\t\t<\/h5>\n\t\t\t\t\t\t\t\t\t\t<div class=\"is-divider\"><\/div>\n\t\t\t\t\t\t\t\t\t\t<p class=\"from_the_blog_excerpt \">\n\t\t\t\t\t\tBu hafta s\u00f6z\u00fc bizden devralan konu\u011fumuz On \u0130kinci Ev ekibi ad\u0131na Melek Ceylan. Melek konservatuarda...\t\t\t\t\t<\/p>\n\t\t\t\t\t                    \n\t\t\t\t\t\n\t\t\t\t\t\n\t\t\t\t\t<\/div>\n\t\t\t\t\t<\/div>\n\t\t\t\t\t\t\t\t\t\t\t\t\t\t\t\t<div class=\"badge absolute top post-date badge-square\">\n\t\t\t\t\t\t\t<div class=\"badge-inner\">\n\t\t\t\t\t\t\t\t<span class=\"post-date-day\">30<\/span><br>\n\t\t\t\t\t\t\t\t<span class=\"post-date-month is-xsmall\">Ara<\/span>\n\t\t\t\t\t\t\t<\/div>\n\t\t\t\t\t\t<\/div>\n\t\t\t\t\t\t\t\t\t<\/div>\n\t\t\t<\/div>\n\t\t<\/div><div class=\"col post-item\" >\n\t\t\t<div class=\"col-inner\">\n\t\t\t\t<div class=\"box box-bounce box-text-bottom box-blog-post has-hover\">\n            \t\t\t\t\t<div class=\"box-image\" >\n  \t\t\t\t\t\t<div class=\"image-cover\" style=\"padding-top:56.25%;\">\n\t\t\t\t\t\t\t<a href=\"https:\/\/www.sivildusun.net\/yedek18062024\/soz-devri-aygun-ailesi-ile-kidical-mass\/\" class=\"plain\" aria-label=\"S\u00f6z Devri | Ayg\u00fcn ailesi ile Kidical Mass\">\n\t\t\t\t\t\t\t\t<img loading=\"lazy\" decoding=\"async\" width=\"400\" height=\"225\" src=\"https:\/\/www.sivildusun.net\/yedek18062024\/wp-content\/uploads\/2022\/11\/new_website_post_size-1-400x225.png\" class=\"attachment-medium size-medium wp-post-image\" alt=\"\" srcset=\"https:\/\/www.sivildusun.net\/yedek18062024\/wp-content\/uploads\/2022\/11\/new_website_post_size-1-400x225.png 400w, https:\/\/www.sivildusun.net\/yedek18062024\/wp-content\/uploads\/2022\/11\/new_website_post_size-1-1024x576.png 1024w, https:\/\/www.sivildusun.net\/yedek18062024\/wp-content\/uploads\/2022\/11\/new_website_post_size-1-768x432.png 768w, https:\/\/www.sivildusun.net\/yedek18062024\/wp-content\/uploads\/2022\/11\/new_website_post_size-1.png 1280w\" sizes=\"(max-width: 400px) 100vw, 400px\" \/>\t\t\t\t\t\t\t<\/a>\n  \t\t\t\t\t\t\t  \t\t\t\t\t\t\t  \t\t\t\t\t\t<\/div>\n  \t\t\t\t\t\t  \t\t\t\t\t<\/div>\n          \t\t\t\t\t<div class=\"box-text text-left\" >\n\t\t\t\t\t<div class=\"box-text-inner blog-post-inner\">\n\n\t\t\t\t\t\n\t\t\t\t\t\t\t\t\t\t<h5 class=\"post-title is-large \">\n\t\t\t\t\t\t<a href=\"https:\/\/www.sivildusun.net\/yedek18062024\/soz-devri-aygun-ailesi-ile-kidical-mass\/\" class=\"plain\">S\u00f6z Devri | Ayg\u00fcn ailesi ile Kidical Mass<\/a>\n\t\t\t\t\t<\/h5>\n\t\t\t\t\t\t\t\t\t\t<div class=\"is-divider\"><\/div>\n\t\t\t\t\t\t\t\t\t\t<p class=\"from_the_blog_excerpt \">\n\t\t\t\t\t\tBu hafta s\u00f6z\u00fc bizden devralan konuklar\u0131m\u0131z; k\u0131zlar\u0131 G\u00fcne\u015f ile birlikte Engin ve Safiye. G\u00fcndem \u00c7ocuk...\t\t\t\t\t<\/p>\n\t\t\t\t\t                    \n\t\t\t\t\t\n\t\t\t\t\t\n\t\t\t\t\t<\/div>\n\t\t\t\t\t<\/div>\n\t\t\t\t\t\t\t\t\t\t\t\t\t\t\t\t<div class=\"badge absolute top post-date badge-square\">\n\t\t\t\t\t\t\t<div class=\"badge-inner\">\n\t\t\t\t\t\t\t\t<span class=\"post-date-day\">19<\/span><br>\n\t\t\t\t\t\t\t\t<span class=\"post-date-month is-xsmall\">Kas<\/span>\n\t\t\t\t\t\t\t<\/div>\n\t\t\t\t\t\t<\/div>\n\t\t\t\t\t\t\t\t\t<\/div>\n\t\t\t<\/div>\n\t\t<\/div><div class=\"col post-item\" >\n\t\t\t<div class=\"col-inner\">\n\t\t\t\t<div class=\"box box-bounce box-text-bottom box-blog-post has-hover\">\n            \t\t\t\t\t<div class=\"box-image\" >\n  \t\t\t\t\t\t<div class=\"image-cover\" style=\"padding-top:56.25%;\">\n\t\t\t\t\t\t\t<a href=\"https:\/\/www.sivildusun.net\/yedek18062024\/soz-devri-buket-kapisiz-ile-gorunmez-sinirlar\/\" class=\"plain\" aria-label=\"S\u00f6z Devri | Buket Kap\u0131s\u0131z ile G\u00f6r\u00fcnmez S\u0131n\u0131rlar\">\n\t\t\t\t\t\t\t\t<img loading=\"lazy\" decoding=\"async\" width=\"400\" height=\"225\" src=\"https:\/\/www.sivildusun.net\/yedek18062024\/wp-content\/uploads\/2022\/11\/new_website_post_size-400x225.png\" class=\"attachment-medium size-medium wp-post-image\" alt=\"\" srcset=\"https:\/\/www.sivildusun.net\/yedek18062024\/wp-content\/uploads\/2022\/11\/new_website_post_size-400x225.png 400w, https:\/\/www.sivildusun.net\/yedek18062024\/wp-content\/uploads\/2022\/11\/new_website_post_size-1024x576.png 1024w, https:\/\/www.sivildusun.net\/yedek18062024\/wp-content\/uploads\/2022\/11\/new_website_post_size-768x432.png 768w, https:\/\/www.sivildusun.net\/yedek18062024\/wp-content\/uploads\/2022\/11\/new_website_post_size.png 1280w\" sizes=\"(max-width: 400px) 100vw, 400px\" \/>\t\t\t\t\t\t\t<\/a>\n  \t\t\t\t\t\t\t  \t\t\t\t\t\t\t  \t\t\t\t\t\t<\/div>\n  \t\t\t\t\t\t  \t\t\t\t\t<\/div>\n          \t\t\t\t\t<div class=\"box-text text-left\" >\n\t\t\t\t\t<div class=\"box-text-inner blog-post-inner\">\n\n\t\t\t\t\t\n\t\t\t\t\t\t\t\t\t\t<h5 class=\"post-title is-large \">\n\t\t\t\t\t\t<a href=\"https:\/\/www.sivildusun.net\/yedek18062024\/soz-devri-buket-kapisiz-ile-gorunmez-sinirlar\/\" class=\"plain\">S\u00f6z Devri | Buket Kap\u0131s\u0131z ile G\u00f6r\u00fcnmez S\u0131n\u0131rlar<\/a>\n\t\t\t\t\t<\/h5>\n\t\t\t\t\t\t\t\t\t\t<div class=\"is-divider\"><\/div>\n\t\t\t\t\t\t\t\t\t\t<p class=\"from_the_blog_excerpt \">\n\t\t\t\t\t\tBu hafta s\u00f6z\u00fc bizden devralan konu\u011fumuz, \u015fehir planc\u0131s\u0131 ve dans\u00e7\u0131 Buket Kap\u0131s\u0131z. Do\u011fup b\u00fcy\u00fcd\u00fc\u011f\u00fc \u0130stanbul...\t\t\t\t\t<\/p>\n\t\t\t\t\t                    \n\t\t\t\t\t\n\t\t\t\t\t\n\t\t\t\t\t<\/div>\n\t\t\t\t\t<\/div>\n\t\t\t\t\t\t\t\t\t\t\t\t\t\t\t\t<div class=\"badge absolute top post-date badge-square\">\n\t\t\t\t\t\t\t<div class=\"badge-inner\">\n\t\t\t\t\t\t\t\t<span class=\"post-date-day\">05<\/span><br>\n\t\t\t\t\t\t\t\t<span class=\"post-date-month is-xsmall\">Kas<\/span>\n\t\t\t\t\t\t\t<\/div>\n\t\t\t\t\t\t<\/div>\n\t\t\t\t\t\t\t\t\t<\/div>\n\t\t\t<\/div>\n\t\t<\/div><div class=\"col post-item\" >\n\t\t\t<div class=\"col-inner\">\n\t\t\t\t<div class=\"box box-bounce box-text-bottom box-blog-post has-hover\">\n            \t\t\t\t\t<div class=\"box-image\" >\n  \t\t\t\t\t\t<div class=\"image-cover\" style=\"padding-top:56.25%;\">\n\t\t\t\t\t\t\t<a href=\"https:\/\/www.sivildusun.net\/yedek18062024\/soz-devri-yolcu-tiyatro-ile-gomidas\/\" class=\"plain\" aria-label=\"S\u00f6z Devri | Yolcu Tiyatro ile Gomidas\">\n\t\t\t\t\t\t\t\t<img loading=\"lazy\" decoding=\"async\" width=\"400\" height=\"225\" src=\"https:\/\/www.sivildusun.net\/yedek18062024\/wp-content\/uploads\/2022\/10\/new_website_post_size-1-400x225.png\" class=\"attachment-medium size-medium wp-post-image\" alt=\"\" srcset=\"https:\/\/www.sivildusun.net\/yedek18062024\/wp-content\/uploads\/2022\/10\/new_website_post_size-1-400x225.png 400w, https:\/\/www.sivildusun.net\/yedek18062024\/wp-content\/uploads\/2022\/10\/new_website_post_size-1-1024x576.png 1024w, https:\/\/www.sivildusun.net\/yedek18062024\/wp-content\/uploads\/2022\/10\/new_website_post_size-1-768x432.png 768w, https:\/\/www.sivildusun.net\/yedek18062024\/wp-content\/uploads\/2022\/10\/new_website_post_size-1.png 1280w\" sizes=\"(max-width: 400px) 100vw, 400px\" \/>\t\t\t\t\t\t\t<\/a>\n  \t\t\t\t\t\t\t  \t\t\t\t\t\t\t  \t\t\t\t\t\t<\/div>\n  \t\t\t\t\t\t  \t\t\t\t\t<\/div>\n          \t\t\t\t\t<div class=\"box-text text-left\" >\n\t\t\t\t\t<div class=\"box-text-inner blog-post-inner\">\n\n\t\t\t\t\t\n\t\t\t\t\t\t\t\t\t\t<h5 class=\"post-title is-large \">\n\t\t\t\t\t\t<a href=\"https:\/\/www.sivildusun.net\/yedek18062024\/soz-devri-yolcu-tiyatro-ile-gomidas\/\" class=\"plain\">S\u00f6z Devri | Yolcu Tiyatro ile Gomidas<\/a>\n\t\t\t\t\t<\/h5>\n\t\t\t\t\t\t\t\t\t\t<div class=\"is-divider\"><\/div>\n\t\t\t\t\t\t\t\t\t\t<p class=\"from_the_blog_excerpt \">\n\t\t\t\t\t\tBu hafta s\u00f6z\u00fc bizden devralan konu\u011fumuz, Yolcu Tiyatro ad\u0131na Ersin Umut G\u00fcler. Tiyatro y\u00f6netmeni ve...\t\t\t\t\t<\/p>\n\t\t\t\t\t                    \n\t\t\t\t\t\n\t\t\t\t\t\n\t\t\t\t\t<\/div>\n\t\t\t\t\t<\/div>\n\t\t\t\t\t\t\t\t\t\t\t\t\t\t\t\t<div class=\"badge absolute top post-date badge-square\">\n\t\t\t\t\t\t\t<div class=\"badge-inner\">\n\t\t\t\t\t\t\t\t<span class=\"post-date-day\">27<\/span><br>\n\t\t\t\t\t\t\t\t<span class=\"post-date-month is-xsmall\">Eki<\/span>\n\t\t\t\t\t\t\t<\/div>\n\t\t\t\t\t\t<\/div>\n\t\t\t\t\t\t\t\t\t<\/div>\n\t\t\t<\/div>\n\t\t<\/div><div class=\"col post-item\" >\n\t\t\t<div class=\"col-inner\">\n\t\t\t\t<div class=\"box box-bounce box-text-bottom box-blog-post has-hover\">\n            \t\t\t\t\t<div class=\"box-image\" >\n  \t\t\t\t\t\t<div class=\"image-cover\" style=\"padding-top:56.25%;\">\n\t\t\t\t\t\t\t<a href=\"https:\/\/www.sivildusun.net\/yedek18062024\/soz-devri-kutup-anne-cocuk-okurlarin-haklari\/\" class=\"plain\" aria-label=\"S\u00f6z Devri | K\u00fct\u00fcp-Anne ile \u00c7ocuk Okurlar\u0131n Haklar\u0131\">\n\t\t\t\t\t\t\t\t<img loading=\"lazy\" decoding=\"async\" width=\"400\" height=\"225\" src=\"https:\/\/www.sivildusun.net\/yedek18062024\/wp-content\/uploads\/2022\/09\/2_-new_website_post_size-1-400x225.png\" class=\"attachment-medium size-medium wp-post-image\" alt=\"\" srcset=\"https:\/\/www.sivildusun.net\/yedek18062024\/wp-content\/uploads\/2022\/09\/2_-new_website_post_size-1-400x225.png 400w, https:\/\/www.sivildusun.net\/yedek18062024\/wp-content\/uploads\/2022\/09\/2_-new_website_post_size-1-1024x576.png 1024w, https:\/\/www.sivildusun.net\/yedek18062024\/wp-content\/uploads\/2022\/09\/2_-new_website_post_size-1-768x432.png 768w, https:\/\/www.sivildusun.net\/yedek18062024\/wp-content\/uploads\/2022\/09\/2_-new_website_post_size-1.png 1280w\" sizes=\"(max-width: 400px) 100vw, 400px\" \/>\t\t\t\t\t\t\t<\/a>\n  \t\t\t\t\t\t\t  \t\t\t\t\t\t\t  \t\t\t\t\t\t<\/div>\n  \t\t\t\t\t\t  \t\t\t\t\t<\/div>\n          \t\t\t\t\t<div class=\"box-text text-left\" >\n\t\t\t\t\t<div class=\"box-text-inner blog-post-inner\">\n\n\t\t\t\t\t\n\t\t\t\t\t\t\t\t\t\t<h5 class=\"post-title is-large \">\n\t\t\t\t\t\t<a href=\"https:\/\/www.sivildusun.net\/yedek18062024\/soz-devri-kutup-anne-cocuk-okurlarin-haklari\/\" class=\"plain\">S\u00f6z Devri | K\u00fct\u00fcp-Anne ile \u00c7ocuk Okurlar\u0131n Haklar\u0131<\/a>\n\t\t\t\t\t<\/h5>\n\t\t\t\t\t\t\t\t\t\t<div class=\"is-divider\"><\/div>\n\t\t\t\t\t\t\t\t\t\t<p class=\"from_the_blog_excerpt \">\n\t\t\t\t\t\tUluslararas\u0131 Okuryazarl\u0131k G\u00fcn\u00fcnde s\u00f6z\u00fc bizden devralan konu\u011fumuz, K\u00fct\u00fcp-Anne ekibi. Be\u015f senedir yapt\u0131klar\u0131 \u00e7al\u0131\u015fmalar s\u0131ras\u0131nda yeti\u015fkinlerin...\t\t\t\t\t<\/p>\n\t\t\t\t\t                    \n\t\t\t\t\t\n\t\t\t\t\t\n\t\t\t\t\t<\/div>\n\t\t\t\t\t<\/div>\n\t\t\t\t\t\t\t\t\t\t\t\t\t\t\t\t<div class=\"badge absolute top post-date badge-square\">\n\t\t\t\t\t\t\t<div class=\"badge-inner\">\n\t\t\t\t\t\t\t\t<span class=\"post-date-day\">08<\/span><br>\n\t\t\t\t\t\t\t\t<span class=\"post-date-month is-xsmall\">Eyl<\/span>\n\t\t\t\t\t\t\t<\/div>\n\t\t\t\t\t\t<\/div>\n\t\t\t\t\t\t\t\t\t<\/div>\n\t\t\t<\/div>\n\t\t<\/div><div class=\"col post-item\" >\n\t\t\t<div class=\"col-inner\">\n\t\t\t\t<div class=\"box box-bounce box-text-bottom box-blog-post has-hover\">\n            \t\t\t\t\t<div class=\"box-image\" >\n  \t\t\t\t\t\t<div class=\"image-cover\" style=\"padding-top:56.25%;\">\n\t\t\t\t\t\t\t<a href=\"https:\/\/www.sivildusun.net\/yedek18062024\/soz-devri-ypt-ile-genclik-baris-ve-guvenlik-okulu\/\" class=\"plain\" aria-label=\"S\u00f6z Devri | YPT ile Gen\u00e7lik, Bar\u0131\u015f ve G\u00fcvenlik Okulu\">\n\t\t\t\t\t\t\t\t<img loading=\"lazy\" decoding=\"async\" width=\"400\" height=\"225\" src=\"https:\/\/www.sivildusun.net\/yedek18062024\/wp-content\/uploads\/2022\/09\/3_-new_website_post_size-1-400x225.png\" class=\"attachment-medium size-medium wp-post-image\" alt=\"\" srcset=\"https:\/\/www.sivildusun.net\/yedek18062024\/wp-content\/uploads\/2022\/09\/3_-new_website_post_size-1-400x225.png 400w, https:\/\/www.sivildusun.net\/yedek18062024\/wp-content\/uploads\/2022\/09\/3_-new_website_post_size-1-1024x576.png 1024w, https:\/\/www.sivildusun.net\/yedek18062024\/wp-content\/uploads\/2022\/09\/3_-new_website_post_size-1-768x432.png 768w, https:\/\/www.sivildusun.net\/yedek18062024\/wp-content\/uploads\/2022\/09\/3_-new_website_post_size-1.png 1280w\" sizes=\"(max-width: 400px) 100vw, 400px\" \/>\t\t\t\t\t\t\t<\/a>\n  \t\t\t\t\t\t\t  \t\t\t\t\t\t\t  \t\t\t\t\t\t<\/div>\n  \t\t\t\t\t\t  \t\t\t\t\t<\/div>\n          \t\t\t\t\t<div class=\"box-text text-left\" >\n\t\t\t\t\t<div class=\"box-text-inner blog-post-inner\">\n\n\t\t\t\t\t\n\t\t\t\t\t\t\t\t\t\t<h5 class=\"post-title is-large \">\n\t\t\t\t\t\t<a href=\"https:\/\/www.sivildusun.net\/yedek18062024\/soz-devri-ypt-ile-genclik-baris-ve-guvenlik-okulu\/\" class=\"plain\">S\u00f6z Devri | YPT ile Gen\u00e7lik, Bar\u0131\u015f ve G\u00fcvenlik Okulu<\/a>\n\t\t\t\t\t<\/h5>\n\t\t\t\t\t\t\t\t\t\t<div class=\"is-divider\"><\/div>\n\t\t\t\t\t\t\t\t\t\t<p class=\"from_the_blog_excerpt \">\n\t\t\t\t\t\tD\u00fcnya Bar\u0131\u015f G\u00fcn\u00fcnde s\u00f6z\u00fc bizden devralan konu\u011fumuz, T\u00fcrkiye Gen\u00e7 Bar\u0131\u015f \u0130n\u015fac\u0131lar\u0131 \u0130nisiyatifi (Young Peacebuilders of...\t\t\t\t\t<\/p>\n\t\t\t\t\t                    \n\t\t\t\t\t\n\t\t\t\t\t\n\t\t\t\t\t<\/div>\n\t\t\t\t\t<\/div>\n\t\t\t\t\t\t\t\t\t\t\t\t\t\t\t\t<div class=\"badge absolute top post-date badge-square\">\n\t\t\t\t\t\t\t<div class=\"badge-inner\">\n\t\t\t\t\t\t\t\t<span class=\"post-date-day\">01<\/span><br>\n\t\t\t\t\t\t\t\t<span class=\"post-date-month is-xsmall\">Eyl<\/span>\n\t\t\t\t\t\t\t<\/div>\n\t\t\t\t\t\t<\/div>\n\t\t\t\t\t\t\t\t\t<\/div>\n\t\t\t<\/div>\n\t\t<\/div><div class=\"col post-item\" >\n\t\t\t<div class=\"col-inner\">\n\t\t\t\t<div class=\"box box-bounce box-text-bottom box-blog-post has-hover\">\n            \t\t\t\t\t<div class=\"box-image\" >\n  \t\t\t\t\t\t<div class=\"image-cover\" style=\"padding-top:56.25%;\">\n\t\t\t\t\t\t\t<a href=\"https:\/\/www.sivildusun.net\/yedek18062024\/soz-devri-zeynep-ve-hazal-ile-orman-kampi\/\" class=\"plain\" aria-label=\"S\u00f6z Devri | Zeynep ve Hazal ile orman kamp\u0131\">\n\t\t\t\t\t\t\t\t<img loading=\"lazy\" decoding=\"async\" width=\"400\" height=\"225\" src=\"https:\/\/www.sivildusun.net\/yedek18062024\/wp-content\/uploads\/2022\/08\/3_-new_website_post_size-400x225.png\" class=\"attachment-medium size-medium wp-post-image\" alt=\"\" srcset=\"https:\/\/www.sivildusun.net\/yedek18062024\/wp-content\/uploads\/2022\/08\/3_-new_website_post_size-400x225.png 400w, https:\/\/www.sivildusun.net\/yedek18062024\/wp-content\/uploads\/2022\/08\/3_-new_website_post_size-1024x576.png 1024w, https:\/\/www.sivildusun.net\/yedek18062024\/wp-content\/uploads\/2022\/08\/3_-new_website_post_size-768x432.png 768w, https:\/\/www.sivildusun.net\/yedek18062024\/wp-content\/uploads\/2022\/08\/3_-new_website_post_size.png 1280w\" sizes=\"(max-width: 400px) 100vw, 400px\" \/>\t\t\t\t\t\t\t<\/a>\n  \t\t\t\t\t\t\t  \t\t\t\t\t\t\t  \t\t\t\t\t\t<\/div>\n  \t\t\t\t\t\t  \t\t\t\t\t<\/div>\n          \t\t\t\t\t<div class=\"box-text text-left\" >\n\t\t\t\t\t<div class=\"box-text-inner blog-post-inner\">\n\n\t\t\t\t\t\n\t\t\t\t\t\t\t\t\t\t<h5 class=\"post-title is-large \">\n\t\t\t\t\t\t<a href=\"https:\/\/www.sivildusun.net\/yedek18062024\/soz-devri-zeynep-ve-hazal-ile-orman-kampi\/\" class=\"plain\">S\u00f6z Devri | Zeynep ve Hazal ile orman kamp\u0131<\/a>\n\t\t\t\t\t<\/h5>\n\t\t\t\t\t\t\t\t\t\t<div class=\"is-divider\"><\/div>\n\t\t\t\t\t\t\t\t\t\t<p class=\"from_the_blog_excerpt \">\n\t\t\t\t\t\tBu haftan\u0131n S\u00f6z Devrinde konu\u011fumuz Zeynep Y\u0131lmaz. \u00dcniversiteden mezun olduktan sonra \u00e7al\u0131\u015fma ser\u00fcvenine Batman\u2019da okul...\t\t\t\t\t<\/p>\n\t\t\t\t\t                    \n\t\t\t\t\t\n\t\t\t\t\t\n\t\t\t\t\t<\/div>\n\t\t\t\t\t<\/div>\n\t\t\t\t\t\t\t\t\t\t\t\t\t\t\t\t<div class=\"badge absolute top post-date badge-square\">\n\t\t\t\t\t\t\t<div class=\"badge-inner\">\n\t\t\t\t\t\t\t\t<span class=\"post-date-day\">19<\/span><br>\n\t\t\t\t\t\t\t\t<span class=\"post-date-month is-xsmall\">A\u011fu<\/span>\n\t\t\t\t\t\t\t<\/div>\n\t\t\t\t\t\t<\/div>\n\t\t\t\t\t\t\t\t\t<\/div>\n\t\t\t<\/div>\n\t\t<\/div><div class=\"col post-item\" >\n\t\t\t<div class=\"col-inner\">\n\t\t\t\t<div class=\"box box-bounce box-text-bottom box-blog-post has-hover\">\n            \t\t\t\t\t<div class=\"box-image\" >\n  \t\t\t\t\t\t<div class=\"image-cover\" style=\"padding-top:56.25%;\">\n\t\t\t\t\t\t\t<a href=\"https:\/\/www.sivildusun.net\/yedek18062024\/soz-devri-sena-gizem-demir-ile-kafesin-sesi\/\" class=\"plain\" aria-label=\"S\u00f6z Devri | Sena Gizem Demir ile Kafesin Sesi\">\n\t\t\t\t\t\t\t\t<img loading=\"lazy\" decoding=\"async\" width=\"400\" height=\"225\" src=\"https:\/\/www.sivildusun.net\/yedek18062024\/wp-content\/uploads\/2022\/06\/2_-new_website_post_size-2-400x225.png\" class=\"attachment-medium size-medium wp-post-image\" alt=\"\" srcset=\"https:\/\/www.sivildusun.net\/yedek18062024\/wp-content\/uploads\/2022\/06\/2_-new_website_post_size-2-400x225.png 400w, https:\/\/www.sivildusun.net\/yedek18062024\/wp-content\/uploads\/2022\/06\/2_-new_website_post_size-2-1024x576.png 1024w, https:\/\/www.sivildusun.net\/yedek18062024\/wp-content\/uploads\/2022\/06\/2_-new_website_post_size-2-768x432.png 768w, https:\/\/www.sivildusun.net\/yedek18062024\/wp-content\/uploads\/2022\/06\/2_-new_website_post_size-2.png 1280w\" sizes=\"(max-width: 400px) 100vw, 400px\" \/>\t\t\t\t\t\t\t<\/a>\n  \t\t\t\t\t\t\t  \t\t\t\t\t\t\t  \t\t\t\t\t\t<\/div>\n  \t\t\t\t\t\t  \t\t\t\t\t<\/div>\n          \t\t\t\t\t<div class=\"box-text text-left\" >\n\t\t\t\t\t<div class=\"box-text-inner blog-post-inner\">\n\n\t\t\t\t\t\n\t\t\t\t\t\t\t\t\t\t<h5 class=\"post-title is-large \">\n\t\t\t\t\t\t<a href=\"https:\/\/www.sivildusun.net\/yedek18062024\/soz-devri-sena-gizem-demir-ile-kafesin-sesi\/\" class=\"plain\">S\u00f6z Devri | Sena Gizem Demir ile Kafesin Sesi<\/a>\n\t\t\t\t\t<\/h5>\n\t\t\t\t\t\t\t\t\t\t<div class=\"is-divider\"><\/div>\n\t\t\t\t\t\t\t\t\t\t<p class=\"from_the_blog_excerpt \">\n\t\t\t\t\t\tBu haftan\u0131n s\u00f6z devrinde konu\u011fumuz, Sena Gizem Demir. Kamu Ara\u015ft\u0131rmalar\u0131 Vakf\u0131nda proje geli\u015ftirme sorumlusu olarak...\t\t\t\t\t<\/p>\n\t\t\t\t\t                    \n\t\t\t\t\t\n\t\t\t\t\t\n\t\t\t\t\t<\/div>\n\t\t\t\t\t<\/div>\n\t\t\t\t\t\t\t\t\t\t\t\t\t\t\t\t<div class=\"badge absolute top post-date badge-square\">\n\t\t\t\t\t\t\t<div class=\"badge-inner\">\n\t\t\t\t\t\t\t\t<span class=\"post-date-day\">02<\/span><br>\n\t\t\t\t\t\t\t\t<span class=\"post-date-month is-xsmall\">Haz<\/span>\n\t\t\t\t\t\t\t<\/div>\n\t\t\t\t\t\t<\/div>\n\t\t\t\t\t\t\t\t\t<\/div>\n\t\t\t<\/div>\n\t\t<\/div><div class=\"col post-item\" >\n\t\t\t<div class=\"col-inner\">\n\t\t\t\t<div class=\"box box-bounce box-text-bottom box-blog-post has-hover\">\n            \t\t\t\t\t<div class=\"box-image\" >\n  \t\t\t\t\t\t<div class=\"image-cover\" style=\"padding-top:56.25%;\">\n\t\t\t\t\t\t\t<a href=\"https:\/\/www.sivildusun.net\/yedek18062024\/soz-devri-coskun-gok-ile-engelli-haklari-rehberi\/\" class=\"plain\" aria-label=\"S\u00f6z Devri |\u00a0Co\u015fkun G\u00f6k ile Engelli Haklar\u0131 Rehberi\">\n\t\t\t\t\t\t\t\t<img loading=\"lazy\" decoding=\"async\" width=\"400\" height=\"225\" src=\"https:\/\/www.sivildusun.net\/yedek18062024\/wp-content\/uploads\/2022\/05\/2_-new_website_post_size-400x225.png\" class=\"attachment-medium size-medium wp-post-image\" alt=\"\" srcset=\"https:\/\/www.sivildusun.net\/yedek18062024\/wp-content\/uploads\/2022\/05\/2_-new_website_post_size-400x225.png 400w, https:\/\/www.sivildusun.net\/yedek18062024\/wp-content\/uploads\/2022\/05\/2_-new_website_post_size-1024x576.png 1024w, https:\/\/www.sivildusun.net\/yedek18062024\/wp-content\/uploads\/2022\/05\/2_-new_website_post_size-768x432.png 768w, https:\/\/www.sivildusun.net\/yedek18062024\/wp-content\/uploads\/2022\/05\/2_-new_website_post_size.png 1280w\" sizes=\"(max-width: 400px) 100vw, 400px\" \/>\t\t\t\t\t\t\t<\/a>\n  \t\t\t\t\t\t\t  \t\t\t\t\t\t\t  \t\t\t\t\t\t<\/div>\n  \t\t\t\t\t\t  \t\t\t\t\t<\/div>\n          \t\t\t\t\t<div class=\"box-text text-left\" >\n\t\t\t\t\t<div class=\"box-text-inner blog-post-inner\">\n\n\t\t\t\t\t\n\t\t\t\t\t\t\t\t\t\t<h5 class=\"post-title is-large \">\n\t\t\t\t\t\t<a href=\"https:\/\/www.sivildusun.net\/yedek18062024\/soz-devri-coskun-gok-ile-engelli-haklari-rehberi\/\" class=\"plain\">S\u00f6z Devri |\u00a0Co\u015fkun G\u00f6k ile Engelli Haklar\u0131 Rehberi<\/a>\n\t\t\t\t\t<\/h5>\n\t\t\t\t\t\t\t\t\t\t<div class=\"is-divider\"><\/div>\n\t\t\t\t\t\t\t\t\t\t<p class=\"from_the_blog_excerpt \">\n\t\t\t\t\t\tBu haftan\u0131n s\u00f6z devrinde konu\u011fumuz Engelliler ve Gen\u00e7lik Derne\u011fi (ENGEN\u00c7DER) ba\u015fkan\u0131 Co\u015fkun G\u00f6k. Co\u015fkun, engellilerin...\t\t\t\t\t<\/p>\n\t\t\t\t\t                    \n\t\t\t\t\t\n\t\t\t\t\t\n\t\t\t\t\t<\/div>\n\t\t\t\t\t<\/div>\n\t\t\t\t\t\t\t\t\t\t\t\t\t\t\t\t<div class=\"badge absolute top post-date badge-square\">\n\t\t\t\t\t\t\t<div class=\"badge-inner\">\n\t\t\t\t\t\t\t\t<span class=\"post-date-day\">12<\/span><br>\n\t\t\t\t\t\t\t\t<span class=\"post-date-month is-xsmall\">May<\/span>\n\t\t\t\t\t\t\t<\/div>\n\t\t\t\t\t\t<\/div>\n\t\t\t\t\t\t\t\t\t<\/div>\n\t\t\t<\/div>\n\t\t<\/div><div class=\"col post-item\" >\n\t\t\t<div class=\"col-inner\">\n\t\t\t\t<div class=\"box box-bounce box-text-bottom box-blog-post has-hover\">\n            \t\t\t\t\t<div class=\"box-image\" >\n  \t\t\t\t\t\t<div class=\"image-cover\" style=\"padding-top:56.25%;\">\n\t\t\t\t\t\t\t<a href=\"https:\/\/www.sivildusun.net\/yedek18062024\/soz-devri-benim-koccaman_ailem\/\" class=\"plain\" aria-label=\"S\u00f6z Devri | Zeynep Acar ile Benim Koccaman Ailem\">\n\t\t\t\t\t\t\t\t<img loading=\"lazy\" decoding=\"async\" width=\"400\" height=\"225\" src=\"https:\/\/www.sivildusun.net\/yedek18062024\/wp-content\/uploads\/2022\/04\/web-400x225.png\" class=\"attachment-medium size-medium wp-post-image\" alt=\"\" srcset=\"https:\/\/www.sivildusun.net\/yedek18062024\/wp-content\/uploads\/2022\/04\/web-400x225.png 400w, https:\/\/www.sivildusun.net\/yedek18062024\/wp-content\/uploads\/2022\/04\/web-1024x576.png 1024w, https:\/\/www.sivildusun.net\/yedek18062024\/wp-content\/uploads\/2022\/04\/web-768x432.png 768w, https:\/\/www.sivildusun.net\/yedek18062024\/wp-content\/uploads\/2022\/04\/web.png 1280w\" sizes=\"(max-width: 400px) 100vw, 400px\" \/>\t\t\t\t\t\t\t<\/a>\n  \t\t\t\t\t\t\t  \t\t\t\t\t\t\t  \t\t\t\t\t\t<\/div>\n  \t\t\t\t\t\t  \t\t\t\t\t<\/div>\n          \t\t\t\t\t<div class=\"box-text text-left\" >\n\t\t\t\t\t<div class=\"box-text-inner blog-post-inner\">\n\n\t\t\t\t\t\n\t\t\t\t\t\t\t\t\t\t<h5 class=\"post-title is-large \">\n\t\t\t\t\t\t<a href=\"https:\/\/www.sivildusun.net\/yedek18062024\/soz-devri-benim-koccaman_ailem\/\" class=\"plain\">S\u00f6z Devri | Zeynep Acar ile Benim Koccaman Ailem<\/a>\n\t\t\t\t\t<\/h5>\n\t\t\t\t\t\t\t\t\t\t<div class=\"is-divider\"><\/div>\n\t\t\t\t\t\t\t\t\t\t<p class=\"from_the_blog_excerpt \">\n\t\t\t\t\t\tBu haftan\u0131n s\u00f6z devrinde konu\u011fumuz Zeynep Acar. Zeynep\u2019in de\u011fi\u015fim yaratmaya en \u00e7ok hevesli oldu\u011fu alan,...\t\t\t\t\t<\/p>\n\t\t\t\t\t                    \n\t\t\t\t\t\n\t\t\t\t\t\n\t\t\t\t\t<\/div>\n\t\t\t\t\t<\/div>\n\t\t\t\t\t\t\t\t\t\t\t\t\t\t\t\t<div class=\"badge absolute top post-date badge-square\">\n\t\t\t\t\t\t\t<div class=\"badge-inner\">\n\t\t\t\t\t\t\t\t<span class=\"post-date-day\">07<\/span><br>\n\t\t\t\t\t\t\t\t<span class=\"post-date-month is-xsmall\">Nis<\/span>\n\t\t\t\t\t\t\t<\/div>\n\t\t\t\t\t\t<\/div>\n\t\t\t\t\t\t\t\t\t<\/div>\n\t\t\t<\/div>\n\t\t<\/div><div class=\"col post-item\" >\n\t\t\t<div class=\"col-inner\">\n\t\t\t\t<div class=\"box box-bounce box-text-bottom box-blog-post has-hover\">\n            \t\t\t\t\t<div class=\"box-image\" >\n  \t\t\t\t\t\t<div class=\"image-cover\" style=\"padding-top:56.25%;\">\n\t\t\t\t\t\t\t<a href=\"https:\/\/www.sivildusun.net\/yedek18062024\/soz-devri-emre-guzel-ile-katilimci-kentler-programi\/\" class=\"plain\" aria-label=\"S\u00f6z Devri | Emre G\u00fczel ile Kat\u0131l\u0131mc\u0131 Kentler Program\u0131\">\n\t\t\t\t\t\t\t\t<img loading=\"lazy\" decoding=\"async\" width=\"400\" height=\"225\" src=\"https:\/\/www.sivildusun.net\/yedek18062024\/wp-content\/uploads\/2022\/03\/2_-new_website_post_size-2-1-400x225.png\" class=\"attachment-medium size-medium wp-post-image\" alt=\"\" srcset=\"https:\/\/www.sivildusun.net\/yedek18062024\/wp-content\/uploads\/2022\/03\/2_-new_website_post_size-2-1-400x225.png 400w, https:\/\/www.sivildusun.net\/yedek18062024\/wp-content\/uploads\/2022\/03\/2_-new_website_post_size-2-1-1024x576.png 1024w, https:\/\/www.sivildusun.net\/yedek18062024\/wp-content\/uploads\/2022\/03\/2_-new_website_post_size-2-1-768x432.png 768w, https:\/\/www.sivildusun.net\/yedek18062024\/wp-content\/uploads\/2022\/03\/2_-new_website_post_size-2-1.png 1280w\" sizes=\"(max-width: 400px) 100vw, 400px\" \/>\t\t\t\t\t\t\t<\/a>\n  \t\t\t\t\t\t\t  \t\t\t\t\t\t\t  \t\t\t\t\t\t<\/div>\n  \t\t\t\t\t\t  \t\t\t\t\t<\/div>\n          \t\t\t\t\t<div class=\"box-text text-left\" >\n\t\t\t\t\t<div class=\"box-text-inner blog-post-inner\">\n\n\t\t\t\t\t\n\t\t\t\t\t\t\t\t\t\t<h5 class=\"post-title is-large \">\n\t\t\t\t\t\t<a href=\"https:\/\/www.sivildusun.net\/yedek18062024\/soz-devri-emre-guzel-ile-katilimci-kentler-programi\/\" class=\"plain\">S\u00f6z Devri | Emre G\u00fczel ile Kat\u0131l\u0131mc\u0131 Kentler Program\u0131<\/a>\n\t\t\t\t\t<\/h5>\n\t\t\t\t\t\t\t\t\t\t<div class=\"is-divider\"><\/div>\n\t\t\t\t\t\t\t\t\t\t<p class=\"from_the_blog_excerpt \">\n\t\t\t\t\t\tBu haftan\u0131n s\u00f6z devrinde konu\u011fumuz, Roof Coliving\u2019den Emre G\u00fczel. Roof ekibi, alternatif bir ev modeli...\t\t\t\t\t<\/p>\n\t\t\t\t\t                    \n\t\t\t\t\t\n\t\t\t\t\t\n\t\t\t\t\t<\/div>\n\t\t\t\t\t<\/div>\n\t\t\t\t\t\t\t\t\t\t\t\t\t\t\t\t<div class=\"badge absolute top post-date badge-square\">\n\t\t\t\t\t\t\t<div class=\"badge-inner\">\n\t\t\t\t\t\t\t\t<span class=\"post-date-day\">17<\/span><br>\n\t\t\t\t\t\t\t\t<span class=\"post-date-month is-xsmall\">Mar<\/span>\n\t\t\t\t\t\t\t<\/div>\n\t\t\t\t\t\t<\/div>\n\t\t\t\t\t\t\t\t\t<\/div>\n\t\t\t<\/div>\n\t\t<\/div><div class=\"col post-item\" >\n\t\t\t<div class=\"col-inner\">\n\t\t\t\t<div class=\"box box-bounce box-text-bottom box-blog-post has-hover\">\n            \t\t\t\t\t<div class=\"box-image\" >\n  \t\t\t\t\t\t<div class=\"image-cover\" style=\"padding-top:56.25%;\">\n\t\t\t\t\t\t\t<a href=\"https:\/\/www.sivildusun.net\/yedek18062024\/pozitif-dayanisma-hiv-soz-devri\/\" class=\"plain\" aria-label=\"S\u00f6z Devri |\u00a0Pozitif Dayan\u0131\u015fma ile HIV ayr\u0131mc\u0131l\u0131\u011f\u0131na kar\u015f\u0131\">\n\t\t\t\t\t\t\t\t<img loading=\"lazy\" decoding=\"async\" width=\"400\" height=\"225\" src=\"https:\/\/www.sivildusun.net\/yedek18062024\/wp-content\/uploads\/2022\/03\/2_-new_website_post_size-1-400x225.png\" class=\"attachment-medium size-medium wp-post-image\" alt=\"\" srcset=\"https:\/\/www.sivildusun.net\/yedek18062024\/wp-content\/uploads\/2022\/03\/2_-new_website_post_size-1-400x225.png 400w, https:\/\/www.sivildusun.net\/yedek18062024\/wp-content\/uploads\/2022\/03\/2_-new_website_post_size-1-1024x576.png 1024w, https:\/\/www.sivildusun.net\/yedek18062024\/wp-content\/uploads\/2022\/03\/2_-new_website_post_size-1-768x432.png 768w, https:\/\/www.sivildusun.net\/yedek18062024\/wp-content\/uploads\/2022\/03\/2_-new_website_post_size-1.png 1280w\" sizes=\"(max-width: 400px) 100vw, 400px\" \/>\t\t\t\t\t\t\t<\/a>\n  \t\t\t\t\t\t\t  \t\t\t\t\t\t\t  \t\t\t\t\t\t<\/div>\n  \t\t\t\t\t\t  \t\t\t\t\t<\/div>\n          \t\t\t\t\t<div class=\"box-text text-left\" >\n\t\t\t\t\t<div class=\"box-text-inner blog-post-inner\">\n\n\t\t\t\t\t\n\t\t\t\t\t\t\t\t\t\t<h5 class=\"post-title is-large \">\n\t\t\t\t\t\t<a href=\"https:\/\/www.sivildusun.net\/yedek18062024\/pozitif-dayanisma-hiv-soz-devri\/\" class=\"plain\">S\u00f6z Devri |\u00a0Pozitif Dayan\u0131\u015fma ile HIV ayr\u0131mc\u0131l\u0131\u011f\u0131na kar\u015f\u0131<\/a>\n\t\t\t\t\t<\/h5>\n\t\t\t\t\t\t\t\t\t\t<div class=\"is-divider\"><\/div>\n\t\t\t\t\t\t\t\t\t\t<p class=\"from_the_blog_excerpt \">\n\t\t\t\t\t\t1 Mart, 2014 y\u0131l\u0131ndan bu yana UNAIDS (Birle\u015fmi\u015f Milletler HIV\/AIDS Ortak Program\u0131) taraf\u0131ndan S\u0131f\u0131r Ayr\u0131mc\u0131l\u0131k...\t\t\t\t\t<\/p>\n\t\t\t\t\t                    \n\t\t\t\t\t\n\t\t\t\t\t\n\t\t\t\t\t<\/div>\n\t\t\t\t\t<\/div>\n\t\t\t\t\t\t\t\t\t\t\t\t\t\t\t\t<div class=\"badge absolute top post-date badge-square\">\n\t\t\t\t\t\t\t<div class=\"badge-inner\">\n\t\t\t\t\t\t\t\t<span class=\"post-date-day\">03<\/span><br>\n\t\t\t\t\t\t\t\t<span class=\"post-date-month is-xsmall\">Mar<\/span>\n\t\t\t\t\t\t\t<\/div>\n\t\t\t\t\t\t<\/div>\n\t\t\t\t\t\t\t\t\t<\/div>\n\t\t\t<\/div>\n\t\t<\/div><div class=\"col post-item\" >\n\t\t\t<div class=\"col-inner\">\n\t\t\t\t<div class=\"box box-bounce box-text-bottom box-blog-post has-hover\">\n            \t\t\t\t\t<div class=\"box-image\" >\n  \t\t\t\t\t\t<div class=\"image-cover\" style=\"padding-top:56.25%;\">\n\t\t\t\t\t\t\t<a href=\"https:\/\/www.sivildusun.net\/yedek18062024\/soz-devri-anadolu-dillerinde-kucuk-prens\/\" class=\"plain\" aria-label=\"S\u00f6z Devri |\u00a0\u00d6zlem Durmaz ile Anadolu dillerinde K\u00fc\u00e7\u00fck Prens\">\n\t\t\t\t\t\t\t\t<img loading=\"lazy\" decoding=\"async\" width=\"400\" height=\"225\" src=\"https:\/\/www.sivildusun.net\/yedek18062024\/wp-content\/uploads\/2022\/02\/2_-new_website_post_size-400x225.png\" class=\"attachment-medium size-medium wp-post-image\" alt=\"\" srcset=\"https:\/\/www.sivildusun.net\/yedek18062024\/wp-content\/uploads\/2022\/02\/2_-new_website_post_size-400x225.png 400w, https:\/\/www.sivildusun.net\/yedek18062024\/wp-content\/uploads\/2022\/02\/2_-new_website_post_size-1024x576.png 1024w, https:\/\/www.sivildusun.net\/yedek18062024\/wp-content\/uploads\/2022\/02\/2_-new_website_post_size-768x432.png 768w, https:\/\/www.sivildusun.net\/yedek18062024\/wp-content\/uploads\/2022\/02\/2_-new_website_post_size.png 1280w\" sizes=\"(max-width: 400px) 100vw, 400px\" \/>\t\t\t\t\t\t\t<\/a>\n  \t\t\t\t\t\t\t  \t\t\t\t\t\t\t  \t\t\t\t\t\t<\/div>\n  \t\t\t\t\t\t  \t\t\t\t\t<\/div>\n          \t\t\t\t\t<div class=\"box-text text-left\" >\n\t\t\t\t\t<div class=\"box-text-inner blog-post-inner\">\n\n\t\t\t\t\t\n\t\t\t\t\t\t\t\t\t\t<h5 class=\"post-title is-large \">\n\t\t\t\t\t\t<a href=\"https:\/\/www.sivildusun.net\/yedek18062024\/soz-devri-anadolu-dillerinde-kucuk-prens\/\" class=\"plain\">S\u00f6z Devri |\u00a0\u00d6zlem Durmaz ile Anadolu dillerinde K\u00fc\u00e7\u00fck Prens<\/a>\n\t\t\t\t\t<\/h5>\n\t\t\t\t\t\t\t\t\t\t<div class=\"is-divider\"><\/div>\n\t\t\t\t\t\t\t\t\t\t<p class=\"from_the_blog_excerpt \">\n\t\t\t\t\t\t\t\t\t\t\t<\/p>\n\t\t\t\t\t                    \n\t\t\t\t\t\n\t\t\t\t\t\n\t\t\t\t\t<\/div>\n\t\t\t\t\t<\/div>\n\t\t\t\t\t\t\t\t\t\t\t\t\t\t\t\t<div class=\"badge absolute top post-date badge-square\">\n\t\t\t\t\t\t\t<div class=\"badge-inner\">\n\t\t\t\t\t\t\t\t<span class=\"post-date-day\">17<\/span><br>\n\t\t\t\t\t\t\t\t<span class=\"post-date-month is-xsmall\">\u015eub<\/span>\n\t\t\t\t\t\t\t<\/div>\n\t\t\t\t\t\t<\/div>\n\t\t\t\t\t\t\t\t\t<\/div>\n\t\t\t<\/div>\n\t\t<\/div><div class=\"col post-item\" >\n\t\t\t<div class=\"col-inner\">\n\t\t\t\t<div class=\"box box-bounce box-text-bottom box-blog-post has-hover\">\n            \t\t\t\t\t<div class=\"box-image\" >\n  \t\t\t\t\t\t<div class=\"image-cover\" style=\"padding-top:56.25%;\">\n\t\t\t\t\t\t\t<a href=\"https:\/\/www.sivildusun.net\/yedek18062024\/soz-devri-ercan-erdal-ile-gazete-kolektif\/\" class=\"plain\" aria-label=\"S\u00f6z Devri |\u00a0Ercan Erdal ile Gazete Kolektif\">\n\t\t\t\t\t\t\t\t<img loading=\"lazy\" decoding=\"async\" width=\"400\" height=\"225\" src=\"https:\/\/www.sivildusun.net\/yedek18062024\/wp-content\/uploads\/2022\/01\/2_-new_website_post_size-1-400x225.png\" class=\"attachment-medium size-medium wp-post-image\" alt=\"\" srcset=\"https:\/\/www.sivildusun.net\/yedek18062024\/wp-content\/uploads\/2022\/01\/2_-new_website_post_size-1-400x225.png 400w, https:\/\/www.sivildusun.net\/yedek18062024\/wp-content\/uploads\/2022\/01\/2_-new_website_post_size-1-1024x576.png 1024w, https:\/\/www.sivildusun.net\/yedek18062024\/wp-content\/uploads\/2022\/01\/2_-new_website_post_size-1-768x432.png 768w, https:\/\/www.sivildusun.net\/yedek18062024\/wp-content\/uploads\/2022\/01\/2_-new_website_post_size-1.png 1280w\" sizes=\"(max-width: 400px) 100vw, 400px\" \/>\t\t\t\t\t\t\t<\/a>\n  \t\t\t\t\t\t\t  \t\t\t\t\t\t\t  \t\t\t\t\t\t<\/div>\n  \t\t\t\t\t\t  \t\t\t\t\t<\/div>\n          \t\t\t\t\t<div class=\"box-text text-left\" >\n\t\t\t\t\t<div class=\"box-text-inner blog-post-inner\">\n\n\t\t\t\t\t\n\t\t\t\t\t\t\t\t\t\t<h5 class=\"post-title is-large \">\n\t\t\t\t\t\t<a href=\"https:\/\/www.sivildusun.net\/yedek18062024\/soz-devri-ercan-erdal-ile-gazete-kolektif\/\" class=\"plain\">S\u00f6z Devri |\u00a0Ercan Erdal ile Gazete Kolektif<\/a>\n\t\t\t\t\t<\/h5>\n\t\t\t\t\t\t\t\t\t\t<div class=\"is-divider\"><\/div>\n\t\t\t\t\t\t\t\t\t\t<p class=\"from_the_blog_excerpt \">\n\t\t\t\t\t\t\t\t\t\t\t<\/p>\n\t\t\t\t\t                    \n\t\t\t\t\t\n\t\t\t\t\t\n\t\t\t\t\t<\/div>\n\t\t\t\t\t<\/div>\n\t\t\t\t\t\t\t\t\t\t\t\t\t\t\t\t<div class=\"badge absolute top post-date badge-square\">\n\t\t\t\t\t\t\t<div class=\"badge-inner\">\n\t\t\t\t\t\t\t\t<span class=\"post-date-day\">10<\/span><br>\n\t\t\t\t\t\t\t\t<span class=\"post-date-month is-xsmall\">Oca<\/span>\n\t\t\t\t\t\t\t<\/div>\n\t\t\t\t\t\t<\/div>\n\t\t\t\t\t\t\t\t\t<\/div>\n\t\t\t<\/div>\n\t\t<\/div><div class=\"col post-item\" >\n\t\t\t<div class=\"col-inner\">\n\t\t\t\t<div class=\"box box-bounce box-text-bottom box-blog-post has-hover\">\n            \t\t\t\t\t<div class=\"box-image\" >\n  \t\t\t\t\t\t<div class=\"image-cover\" style=\"padding-top:56.25%;\">\n\t\t\t\t\t\t\t<a href=\"https:\/\/www.sivildusun.net\/yedek18062024\/soz-devri-ensar-ozdemir-ile-kayit-odasi\/\" class=\"plain\" aria-label=\"S\u00f6z Devri |\u00a0Ensar \u00d6zdemir ile Kay\u0131t Odas\u0131\">\n\t\t\t\t\t\t\t\t<img loading=\"lazy\" decoding=\"async\" width=\"400\" height=\"225\" src=\"https:\/\/www.sivildusun.net\/yedek18062024\/wp-content\/uploads\/2021\/12\/2_-new_website_post_size-5-400x225.png\" class=\"attachment-medium size-medium wp-post-image\" alt=\"\" srcset=\"https:\/\/www.sivildusun.net\/yedek18062024\/wp-content\/uploads\/2021\/12\/2_-new_website_post_size-5-400x225.png 400w, https:\/\/www.sivildusun.net\/yedek18062024\/wp-content\/uploads\/2021\/12\/2_-new_website_post_size-5-1024x576.png 1024w, https:\/\/www.sivildusun.net\/yedek18062024\/wp-content\/uploads\/2021\/12\/2_-new_website_post_size-5-768x432.png 768w, https:\/\/www.sivildusun.net\/yedek18062024\/wp-content\/uploads\/2021\/12\/2_-new_website_post_size-5.png 1280w\" sizes=\"(max-width: 400px) 100vw, 400px\" \/>\t\t\t\t\t\t\t<\/a>\n  \t\t\t\t\t\t\t  \t\t\t\t\t\t\t  \t\t\t\t\t\t<\/div>\n  \t\t\t\t\t\t  \t\t\t\t\t<\/div>\n          \t\t\t\t\t<div class=\"box-text text-left\" >\n\t\t\t\t\t<div class=\"box-text-inner blog-post-inner\">\n\n\t\t\t\t\t\n\t\t\t\t\t\t\t\t\t\t<h5 class=\"post-title is-large \">\n\t\t\t\t\t\t<a href=\"https:\/\/www.sivildusun.net\/yedek18062024\/soz-devri-ensar-ozdemir-ile-kayit-odasi\/\" class=\"plain\">S\u00f6z Devri |\u00a0Ensar \u00d6zdemir ile Kay\u0131t Odas\u0131<\/a>\n\t\t\t\t\t<\/h5>\n\t\t\t\t\t\t\t\t\t\t<div class=\"is-divider\"><\/div>\n\t\t\t\t\t\t\t\t\t\t<p class=\"from_the_blog_excerpt \">\n\t\t\t\t\t\tBu hafta s\u00f6z\u00fc bizden devralan konu\u011fumuz, gazeteci ve belgesel yap\u0131mc\u0131s\u0131 olan Ensar \u00d6zdemir. Kariyerine muhabir...\t\t\t\t\t<\/p>\n\t\t\t\t\t                    \n\t\t\t\t\t\n\t\t\t\t\t\n\t\t\t\t\t<\/div>\n\t\t\t\t\t<\/div>\n\t\t\t\t\t\t\t\t\t\t\t\t\t\t\t\t<div class=\"badge absolute top post-date badge-square\">\n\t\t\t\t\t\t\t<div class=\"badge-inner\">\n\t\t\t\t\t\t\t\t<span class=\"post-date-day\">16<\/span><br>\n\t\t\t\t\t\t\t\t<span class=\"post-date-month is-xsmall\">Ara<\/span>\n\t\t\t\t\t\t\t<\/div>\n\t\t\t\t\t\t<\/div>\n\t\t\t\t\t\t\t\t\t<\/div>\n\t\t\t<\/div>\n\t\t<\/div><div class=\"col post-item\" >\n\t\t\t<div class=\"col-inner\">\n\t\t\t\t<div class=\"box box-bounce box-text-bottom box-blog-post has-hover\">\n            \t\t\t\t\t<div class=\"box-image\" >\n  \t\t\t\t\t\t<div class=\"image-cover\" style=\"padding-top:56.25%;\">\n\t\t\t\t\t\t\t<a href=\"https:\/\/www.sivildusun.net\/yedek18062024\/soz-devri-idil-kandil-ile-kadin-oz-savunma-akademisi\/\" class=\"plain\" aria-label=\"S\u00f6z Devri |\u00a0\u0130dil Kandil ile Kad\u0131n \u00d6z Savunma Akademisi\">\n\t\t\t\t\t\t\t\t<img loading=\"lazy\" decoding=\"async\" width=\"400\" height=\"225\" src=\"https:\/\/www.sivildusun.net\/yedek18062024\/wp-content\/uploads\/2021\/11\/2_-new_website_post_size-4-400x225.png\" class=\"attachment-medium size-medium wp-post-image\" alt=\"\" srcset=\"https:\/\/www.sivildusun.net\/yedek18062024\/wp-content\/uploads\/2021\/11\/2_-new_website_post_size-4-400x225.png 400w, https:\/\/www.sivildusun.net\/yedek18062024\/wp-content\/uploads\/2021\/11\/2_-new_website_post_size-4-1024x576.png 1024w, https:\/\/www.sivildusun.net\/yedek18062024\/wp-content\/uploads\/2021\/11\/2_-new_website_post_size-4-768x432.png 768w, https:\/\/www.sivildusun.net\/yedek18062024\/wp-content\/uploads\/2021\/11\/2_-new_website_post_size-4.png 1280w\" sizes=\"(max-width: 400px) 100vw, 400px\" \/>\t\t\t\t\t\t\t<\/a>\n  \t\t\t\t\t\t\t  \t\t\t\t\t\t\t  \t\t\t\t\t\t<\/div>\n  \t\t\t\t\t\t  \t\t\t\t\t<\/div>\n          \t\t\t\t\t<div class=\"box-text text-left\" >\n\t\t\t\t\t<div class=\"box-text-inner blog-post-inner\">\n\n\t\t\t\t\t\n\t\t\t\t\t\t\t\t\t\t<h5 class=\"post-title is-large \">\n\t\t\t\t\t\t<a href=\"https:\/\/www.sivildusun.net\/yedek18062024\/soz-devri-idil-kandil-ile-kadin-oz-savunma-akademisi\/\" class=\"plain\">S\u00f6z Devri |\u00a0\u0130dil Kandil ile Kad\u0131n \u00d6z Savunma Akademisi<\/a>\n\t\t\t\t\t<\/h5>\n\t\t\t\t\t\t\t\t\t\t<div class=\"is-divider\"><\/div>\n\t\t\t\t\t\t\t\t\t\t<p class=\"from_the_blog_excerpt \">\n\t\t\t\t\t\tG\u00fc\u00e7l\u00fc olmak ne demek? Varl\u0131\u011f\u0131n\u0131, kuvvetini, niteliklerini engellere ra\u011fmen ortaya koyabilmek diyebilir miyiz? Bunu m\u00fcmk\u00fcn...\t\t\t\t\t<\/p>\n\t\t\t\t\t                    \n\t\t\t\t\t\n\t\t\t\t\t\n\t\t\t\t\t<\/div>\n\t\t\t\t\t<\/div>\n\t\t\t\t\t\t\t\t\t\t\t\t\t\t\t\t<div class=\"badge absolute top post-date badge-square\">\n\t\t\t\t\t\t\t<div class=\"badge-inner\">\n\t\t\t\t\t\t\t\t<span class=\"post-date-day\">25<\/span><br>\n\t\t\t\t\t\t\t\t<span class=\"post-date-month is-xsmall\">Kas<\/span>\n\t\t\t\t\t\t\t<\/div>\n\t\t\t\t\t\t<\/div>\n\t\t\t\t\t\t\t\t\t<\/div>\n\t\t\t<\/div>\n\t\t<\/div><div class=\"col post-item\" >\n\t\t\t<div class=\"col-inner\">\n\t\t\t\t<div class=\"box box-bounce box-text-bottom box-blog-post has-hover\">\n            \t\t\t\t\t<div class=\"box-image\" >\n  \t\t\t\t\t\t<div class=\"image-cover\" style=\"padding-top:56.25%;\">\n\t\t\t\t\t\t\t<a href=\"https:\/\/www.sivildusun.net\/yedek18062024\/soz-devri-cemre-ceren-asarli-ile-komunite-bodrum\/\" class=\"plain\" aria-label=\"S\u00f6z Devri |\u00a0Cemre Ceren Asarl\u0131 ile Kom\u00fcnite Bodrum\">\n\t\t\t\t\t\t\t\t<img loading=\"lazy\" decoding=\"async\" width=\"400\" height=\"225\" src=\"https:\/\/www.sivildusun.net\/yedek18062024\/wp-content\/uploads\/2021\/11\/2_-new_website_post_size-3-400x225.png\" class=\"attachment-medium size-medium wp-post-image\" alt=\"\" srcset=\"https:\/\/www.sivildusun.net\/yedek18062024\/wp-content\/uploads\/2021\/11\/2_-new_website_post_size-3-400x225.png 400w, https:\/\/www.sivildusun.net\/yedek18062024\/wp-content\/uploads\/2021\/11\/2_-new_website_post_size-3-1024x576.png 1024w, https:\/\/www.sivildusun.net\/yedek18062024\/wp-content\/uploads\/2021\/11\/2_-new_website_post_size-3-768x432.png 768w, https:\/\/www.sivildusun.net\/yedek18062024\/wp-content\/uploads\/2021\/11\/2_-new_website_post_size-3.png 1280w\" sizes=\"(max-width: 400px) 100vw, 400px\" \/>\t\t\t\t\t\t\t<\/a>\n  \t\t\t\t\t\t\t  \t\t\t\t\t\t\t  \t\t\t\t\t\t<\/div>\n  \t\t\t\t\t\t  \t\t\t\t\t<\/div>\n          \t\t\t\t\t<div class=\"box-text text-left\" >\n\t\t\t\t\t<div class=\"box-text-inner blog-post-inner\">\n\n\t\t\t\t\t\n\t\t\t\t\t\t\t\t\t\t<h5 class=\"post-title is-large \">\n\t\t\t\t\t\t<a href=\"https:\/\/www.sivildusun.net\/yedek18062024\/soz-devri-cemre-ceren-asarli-ile-komunite-bodrum\/\" class=\"plain\">S\u00f6z Devri |\u00a0Cemre Ceren Asarl\u0131 ile Kom\u00fcnite Bodrum<\/a>\n\t\t\t\t\t<\/h5>\n\t\t\t\t\t\t\t\t\t\t<div class=\"is-divider\"><\/div>\n\t\t\t\t\t\t\t\t\t\t<p class=\"from_the_blog_excerpt \">\n\t\t\t\t\t\tBu hafta s\u00f6z\u00fc bizden devralan konu\u011fumuz, Kom\u00fcnite Bodrum\u2019un kurucusu Cemre Ceren Asarl\u0131. Giri\u015fimci, yarat\u0131c\u0131, sanat\u00e7\u0131...\t\t\t\t\t<\/p>\n\t\t\t\t\t                    \n\t\t\t\t\t\n\t\t\t\t\t\n\t\t\t\t\t<\/div>\n\t\t\t\t\t<\/div>\n\t\t\t\t\t\t\t\t\t\t\t\t\t\t\t\t<div class=\"badge absolute top post-date badge-square\">\n\t\t\t\t\t\t\t<div class=\"badge-inner\">\n\t\t\t\t\t\t\t\t<span class=\"post-date-day\">18<\/span><br>\n\t\t\t\t\t\t\t\t<span class=\"post-date-month is-xsmall\">Kas<\/span>\n\t\t\t\t\t\t\t<\/div>\n\t\t\t\t\t\t<\/div>\n\t\t\t\t\t\t\t\t\t<\/div>\n\t\t\t<\/div>\n\t\t<\/div><div class=\"col post-item\" >\n\t\t\t<div class=\"col-inner\">\n\t\t\t\t<div class=\"box box-bounce box-text-bottom box-blog-post has-hover\">\n            \t\t\t\t\t<div class=\"box-image\" >\n  \t\t\t\t\t\t<div class=\"image-cover\" style=\"padding-top:56.25%;\">\n\t\t\t\t\t\t\t<a href=\"https:\/\/www.sivildusun.net\/yedek18062024\/soz-devri-omer-tevfik-ertan-ile-soz-devri\/\" class=\"plain\" aria-label=\"S\u00f6z Devri |\u00a0\u00d6mer Tevfik Erten ile through the window\">\n\t\t\t\t\t\t\t\t<img loading=\"lazy\" decoding=\"async\" width=\"400\" height=\"225\" src=\"https:\/\/www.sivildusun.net\/yedek18062024\/wp-content\/uploads\/2021\/11\/2_-new_website_post_size-1-400x225.png\" class=\"attachment-medium size-medium wp-post-image\" alt=\"\" srcset=\"https:\/\/www.sivildusun.net\/yedek18062024\/wp-content\/uploads\/2021\/11\/2_-new_website_post_size-1-400x225.png 400w, https:\/\/www.sivildusun.net\/yedek18062024\/wp-content\/uploads\/2021\/11\/2_-new_website_post_size-1-1024x576.png 1024w, https:\/\/www.sivildusun.net\/yedek18062024\/wp-content\/uploads\/2021\/11\/2_-new_website_post_size-1-768x432.png 768w, https:\/\/www.sivildusun.net\/yedek18062024\/wp-content\/uploads\/2021\/11\/2_-new_website_post_size-1.png 1280w\" sizes=\"(max-width: 400px) 100vw, 400px\" \/>\t\t\t\t\t\t\t<\/a>\n  \t\t\t\t\t\t\t  \t\t\t\t\t\t\t  \t\t\t\t\t\t<\/div>\n  \t\t\t\t\t\t  \t\t\t\t\t<\/div>\n          \t\t\t\t\t<div class=\"box-text text-left\" >\n\t\t\t\t\t<div class=\"box-text-inner blog-post-inner\">\n\n\t\t\t\t\t\n\t\t\t\t\t\t\t\t\t\t<h5 class=\"post-title is-large \">\n\t\t\t\t\t\t<a href=\"https:\/\/www.sivildusun.net\/yedek18062024\/soz-devri-omer-tevfik-ertan-ile-soz-devri\/\" class=\"plain\">S\u00f6z Devri |\u00a0\u00d6mer Tevfik Erten ile through the window<\/a>\n\t\t\t\t\t<\/h5>\n\t\t\t\t\t\t\t\t\t\t<div class=\"is-divider\"><\/div>\n\t\t\t\t\t\t\t\t\t\t<p class=\"from_the_blog_excerpt \">\n\t\t\t\t\t\tBu hafta s\u00f6z\u00fc bizden devralan konu\u011fumuz sanat\u00e7\u0131 ve LGBT\u0130+ haklar\u0131 aktivisti \u00d6mer Tevfik Erten. Sanat\u0131n...\t\t\t\t\t<\/p>\n\t\t\t\t\t                    \n\t\t\t\t\t\n\t\t\t\t\t\n\t\t\t\t\t<\/div>\n\t\t\t\t\t<\/div>\n\t\t\t\t\t\t\t\t\t\t\t\t\t\t\t\t<div class=\"badge absolute top post-date badge-square\">\n\t\t\t\t\t\t\t<div class=\"badge-inner\">\n\t\t\t\t\t\t\t\t<span class=\"post-date-day\">11<\/span><br>\n\t\t\t\t\t\t\t\t<span class=\"post-date-month is-xsmall\">Kas<\/span>\n\t\t\t\t\t\t\t<\/div>\n\t\t\t\t\t\t<\/div>\n\t\t\t\t\t\t\t\t\t<\/div>\n\t\t\t<\/div>\n\t\t<\/div><div class=\"col post-item\" >\n\t\t\t<div class=\"col-inner\">\n\t\t\t\t<div class=\"box box-bounce box-text-bottom box-blog-post has-hover\">\n            \t\t\t\t\t<div class=\"box-image\" >\n  \t\t\t\t\t\t<div class=\"image-cover\" style=\"padding-top:56.25%;\">\n\t\t\t\t\t\t\t<a href=\"https:\/\/www.sivildusun.net\/yedek18062024\/soz-devri-adar-baran-deger-ile-soguk\/\" class=\"plain\" aria-label=\"S\u00f6z Devri | Adar Baran De\u011fer ile So\u011fuk\">\n\t\t\t\t\t\t\t\t<img loading=\"lazy\" decoding=\"async\" width=\"400\" height=\"225\" src=\"https:\/\/www.sivildusun.net\/yedek18062024\/wp-content\/uploads\/2021\/10\/adar-website-400x225.png\" class=\"attachment-medium size-medium wp-post-image\" alt=\"\" srcset=\"https:\/\/www.sivildusun.net\/yedek18062024\/wp-content\/uploads\/2021\/10\/adar-website-400x225.png 400w, https:\/\/www.sivildusun.net\/yedek18062024\/wp-content\/uploads\/2021\/10\/adar-website-1024x576.png 1024w, https:\/\/www.sivildusun.net\/yedek18062024\/wp-content\/uploads\/2021\/10\/adar-website-768x432.png 768w, https:\/\/www.sivildusun.net\/yedek18062024\/wp-content\/uploads\/2021\/10\/adar-website.png 1280w\" sizes=\"(max-width: 400px) 100vw, 400px\" \/>\t\t\t\t\t\t\t<\/a>\n  \t\t\t\t\t\t\t  \t\t\t\t\t\t\t  \t\t\t\t\t\t<\/div>\n  \t\t\t\t\t\t  \t\t\t\t\t<\/div>\n          \t\t\t\t\t<div class=\"box-text text-left\" >\n\t\t\t\t\t<div class=\"box-text-inner blog-post-inner\">\n\n\t\t\t\t\t\n\t\t\t\t\t\t\t\t\t\t<h5 class=\"post-title is-large \">\n\t\t\t\t\t\t<a href=\"https:\/\/www.sivildusun.net\/yedek18062024\/soz-devri-adar-baran-deger-ile-soguk\/\" class=\"plain\">S\u00f6z Devri | Adar Baran De\u011fer ile So\u011fuk<\/a>\n\t\t\t\t\t<\/h5>\n\t\t\t\t\t\t\t\t\t\t<div class=\"is-divider\"><\/div>\n\t\t\t\t\t\t\t\t\t\t<p class=\"from_the_blog_excerpt \">\n\t\t\t\t\t\tBu per\u015fembe s\u00f6z\u00fc bizden devralan konu\u011fumuz Adar Baran De\u011fer. 1993 do\u011fumlu olan Adar, gen\u00e7 ya\u015f\u0131na...\t\t\t\t\t<\/p>\n\t\t\t\t\t                    \n\t\t\t\t\t\n\t\t\t\t\t\n\t\t\t\t\t<\/div>\n\t\t\t\t\t<\/div>\n\t\t\t\t\t\t\t\t\t\t\t\t\t\t\t\t<div class=\"badge absolute top post-date badge-square\">\n\t\t\t\t\t\t\t<div class=\"badge-inner\">\n\t\t\t\t\t\t\t\t<span class=\"post-date-day\">21<\/span><br>\n\t\t\t\t\t\t\t\t<span class=\"post-date-month is-xsmall\">Eki<\/span>\n\t\t\t\t\t\t\t<\/div>\n\t\t\t\t\t\t<\/div>\n\t\t\t\t\t\t\t\t\t<\/div>\n\t\t\t<\/div>\n\t\t<\/div><div class=\"col post-item\" >\n\t\t\t<div class=\"col-inner\">\n\t\t\t\t<div class=\"box box-bounce box-text-bottom box-blog-post has-hover\">\n            \t\t\t\t\t<div class=\"box-image\" >\n  \t\t\t\t\t\t<div class=\"image-cover\" style=\"padding-top:56.25%;\">\n\t\t\t\t\t\t\t<a href=\"https:\/\/www.sivildusun.net\/yedek18062024\/soz-devri-hanife-ciftci-ile-yaratici-drama-rehberi\/\" class=\"plain\" aria-label=\"S\u00f6z Devri | Hanife \u00c7ift\u00e7i ile yarat\u0131c\u0131 drama rehberi\">\n\t\t\t\t\t\t\t\t<img loading=\"lazy\" decoding=\"async\" width=\"400\" height=\"225\" src=\"https:\/\/www.sivildusun.net\/yedek18062024\/wp-content\/uploads\/2021\/10\/2_-new_website_post_size-7-400x225.png\" class=\"attachment-medium size-medium wp-post-image\" alt=\"\" srcset=\"https:\/\/www.sivildusun.net\/yedek18062024\/wp-content\/uploads\/2021\/10\/2_-new_website_post_size-7-400x225.png 400w, https:\/\/www.sivildusun.net\/yedek18062024\/wp-content\/uploads\/2021\/10\/2_-new_website_post_size-7-1024x576.png 1024w, https:\/\/www.sivildusun.net\/yedek18062024\/wp-content\/uploads\/2021\/10\/2_-new_website_post_size-7-768x432.png 768w, https:\/\/www.sivildusun.net\/yedek18062024\/wp-content\/uploads\/2021\/10\/2_-new_website_post_size-7.png 1280w\" sizes=\"(max-width: 400px) 100vw, 400px\" \/>\t\t\t\t\t\t\t<\/a>\n  \t\t\t\t\t\t\t  \t\t\t\t\t\t\t  \t\t\t\t\t\t<\/div>\n  \t\t\t\t\t\t  \t\t\t\t\t<\/div>\n          \t\t\t\t\t<div class=\"box-text text-left\" >\n\t\t\t\t\t<div class=\"box-text-inner blog-post-inner\">\n\n\t\t\t\t\t\n\t\t\t\t\t\t\t\t\t\t<h5 class=\"post-title is-large \">\n\t\t\t\t\t\t<a href=\"https:\/\/www.sivildusun.net\/yedek18062024\/soz-devri-hanife-ciftci-ile-yaratici-drama-rehberi\/\" class=\"plain\">S\u00f6z Devri | Hanife \u00c7ift\u00e7i ile yarat\u0131c\u0131 drama rehberi<\/a>\n\t\t\t\t\t<\/h5>\n\t\t\t\t\t\t\t\t\t\t<div class=\"is-divider\"><\/div>\n\t\t\t\t\t\t\t\t\t\t<p class=\"from_the_blog_excerpt \">\n\t\t\t\t\t\t\t\t\t\t\t<\/p>\n\t\t\t\t\t                    \n\t\t\t\t\t\n\t\t\t\t\t\n\t\t\t\t\t<\/div>\n\t\t\t\t\t<\/div>\n\t\t\t\t\t\t\t\t\t\t\t\t\t\t\t\t<div class=\"badge absolute top post-date badge-square\">\n\t\t\t\t\t\t\t<div class=\"badge-inner\">\n\t\t\t\t\t\t\t\t<span class=\"post-date-day\">14<\/span><br>\n\t\t\t\t\t\t\t\t<span class=\"post-date-month is-xsmall\">Eki<\/span>\n\t\t\t\t\t\t\t<\/div>\n\t\t\t\t\t\t<\/div>\n\t\t\t\t\t\t\t\t\t<\/div>\n\t\t\t<\/div>\n\t\t<\/div><div class=\"col post-item\" >\n\t\t\t<div class=\"col-inner\">\n\t\t\t\t<div class=\"box box-bounce box-text-bottom box-blog-post has-hover\">\n            \t\t\t\t\t<div class=\"box-image\" >\n  \t\t\t\t\t\t<div class=\"image-cover\" style=\"padding-top:56.25%;\">\n\t\t\t\t\t\t\t<a href=\"https:\/\/www.sivildusun.net\/yedek18062024\/soz-devri-yasam-icin-yasa-inisiyatifi\/\" class=\"plain\" aria-label=\"Ya\u015fam i\u00e7in Yasa \u0130nisiyatifi: Hayvanlar g\u00fcn\u00fcn\u00fc neden kutlam\u0131yoruz?\">\n\t\t\t\t\t\t\t\t<img loading=\"lazy\" decoding=\"async\" width=\"400\" height=\"225\" src=\"https:\/\/www.sivildusun.net\/yedek18062024\/wp-content\/uploads\/2021\/10\/2_-new_website_post_size-1-2-400x225.png\" class=\"attachment-medium size-medium wp-post-image\" alt=\"\" srcset=\"https:\/\/www.sivildusun.net\/yedek18062024\/wp-content\/uploads\/2021\/10\/2_-new_website_post_size-1-2-400x225.png 400w, https:\/\/www.sivildusun.net\/yedek18062024\/wp-content\/uploads\/2021\/10\/2_-new_website_post_size-1-2-1024x576.png 1024w, https:\/\/www.sivildusun.net\/yedek18062024\/wp-content\/uploads\/2021\/10\/2_-new_website_post_size-1-2-768x432.png 768w, https:\/\/www.sivildusun.net\/yedek18062024\/wp-content\/uploads\/2021\/10\/2_-new_website_post_size-1-2.png 1280w\" sizes=\"(max-width: 400px) 100vw, 400px\" \/>\t\t\t\t\t\t\t<\/a>\n  \t\t\t\t\t\t\t  \t\t\t\t\t\t\t  \t\t\t\t\t\t<\/div>\n  \t\t\t\t\t\t  \t\t\t\t\t<\/div>\n          \t\t\t\t\t<div class=\"box-text text-left\" >\n\t\t\t\t\t<div class=\"box-text-inner blog-post-inner\">\n\n\t\t\t\t\t\n\t\t\t\t\t\t\t\t\t\t<h5 class=\"post-title is-large \">\n\t\t\t\t\t\t<a href=\"https:\/\/www.sivildusun.net\/yedek18062024\/soz-devri-yasam-icin-yasa-inisiyatifi\/\" class=\"plain\">Ya\u015fam i\u00e7in Yasa \u0130nisiyatifi: Hayvanlar g\u00fcn\u00fcn\u00fc neden kutlam\u0131yoruz?<\/a>\n\t\t\t\t\t<\/h5>\n\t\t\t\t\t\t\t\t\t\t<div class=\"is-divider\"><\/div>\n\t\t\t\t\t\t\t\t\t\t<p class=\"from_the_blog_excerpt \">\n\t\t\t\t\t\tBiz hayvan haklar\u0131 savunucular\u0131 olarak, hayvanlar\u0131n de\u011fil hayvanlar\u0131n haklar\u0131n\u0131n savunulmas\u0131 ve korunmas\u0131 i\u00e7in m\u00fccadelenin gere\u011fine...\t\t\t\t\t<\/p>\n\t\t\t\t\t                    \n\t\t\t\t\t\n\t\t\t\t\t\n\t\t\t\t\t<\/div>\n\t\t\t\t\t<\/div>\n\t\t\t\t\t\t\t\t\t\t\t\t\t\t\t\t<div class=\"badge absolute top post-date badge-square\">\n\t\t\t\t\t\t\t<div class=\"badge-inner\">\n\t\t\t\t\t\t\t\t<span class=\"post-date-day\">07<\/span><br>\n\t\t\t\t\t\t\t\t<span class=\"post-date-month is-xsmall\">Eki<\/span>\n\t\t\t\t\t\t\t<\/div>\n\t\t\t\t\t\t<\/div>\n\t\t\t\t\t\t\t\t\t<\/div>\n\t\t\t<\/div>\n\t\t<\/div><div class=\"col post-item\" >\n\t\t\t<div class=\"col-inner\">\n\t\t\t\t<div class=\"box box-bounce box-text-bottom box-blog-post has-hover\">\n            \t\t\t\t\t<div class=\"box-image\" >\n  \t\t\t\t\t\t<div class=\"image-cover\" style=\"padding-top:56.25%;\">\n\t\t\t\t\t\t\t<a href=\"https:\/\/www.sivildusun.net\/yedek18062024\/soz-devri-beats-by-girlz\/\" class=\"plain\" aria-label=\"S\u00f6z Devri | Beril Sar\u0131altun ile Beats by Girlz\">\n\t\t\t\t\t\t\t\t<img loading=\"lazy\" decoding=\"async\" width=\"400\" height=\"225\" src=\"https:\/\/www.sivildusun.net\/yedek18062024\/wp-content\/uploads\/2021\/09\/2_-new_website_post_size-2-400x225.png\" class=\"attachment-medium size-medium wp-post-image\" alt=\"\" srcset=\"https:\/\/www.sivildusun.net\/yedek18062024\/wp-content\/uploads\/2021\/09\/2_-new_website_post_size-2-400x225.png 400w, https:\/\/www.sivildusun.net\/yedek18062024\/wp-content\/uploads\/2021\/09\/2_-new_website_post_size-2-1024x576.png 1024w, https:\/\/www.sivildusun.net\/yedek18062024\/wp-content\/uploads\/2021\/09\/2_-new_website_post_size-2-768x432.png 768w, https:\/\/www.sivildusun.net\/yedek18062024\/wp-content\/uploads\/2021\/09\/2_-new_website_post_size-2.png 1280w\" sizes=\"(max-width: 400px) 100vw, 400px\" \/>\t\t\t\t\t\t\t<\/a>\n  \t\t\t\t\t\t\t  \t\t\t\t\t\t\t  \t\t\t\t\t\t<\/div>\n  \t\t\t\t\t\t  \t\t\t\t\t<\/div>\n          \t\t\t\t\t<div class=\"box-text text-left\" >\n\t\t\t\t\t<div class=\"box-text-inner blog-post-inner\">\n\n\t\t\t\t\t\n\t\t\t\t\t\t\t\t\t\t<h5 class=\"post-title is-large \">\n\t\t\t\t\t\t<a href=\"https:\/\/www.sivildusun.net\/yedek18062024\/soz-devri-beats-by-girlz\/\" class=\"plain\">S\u00f6z Devri | Beril Sar\u0131altun ile Beats by Girlz<\/a>\n\t\t\t\t\t<\/h5>\n\t\t\t\t\t\t\t\t\t\t<div class=\"is-divider\"><\/div>\n\t\t\t\t\t\t\t\t\t\t<p class=\"from_the_blog_excerpt \">\n\t\t\t\t\t\tBu per\u015fembe s\u00f6z\u00fc bizden devralan konu\u011fumuz, Beril Sar\u0131altun. Lisans\u0131n\u0131 Siyaset Bilimi ve Uluslararas\u0131 \u0130li\u015fkiler \u00fczerine...\t\t\t\t\t<\/p>\n\t\t\t\t\t                    \n\t\t\t\t\t\n\t\t\t\t\t\n\t\t\t\t\t<\/div>\n\t\t\t\t\t<\/div>\n\t\t\t\t\t\t\t\t\t\t\t\t\t\t\t\t<div class=\"badge absolute top post-date badge-square\">\n\t\t\t\t\t\t\t<div class=\"badge-inner\">\n\t\t\t\t\t\t\t\t<span class=\"post-date-day\">30<\/span><br>\n\t\t\t\t\t\t\t\t<span class=\"post-date-month is-xsmall\">Eyl<\/span>\n\t\t\t\t\t\t\t<\/div>\n\t\t\t\t\t\t<\/div>\n\t\t\t\t\t\t\t\t\t<\/div>\n\t\t\t<\/div>\n\t\t<\/div><div class=\"col post-item\" >\n\t\t\t<div class=\"col-inner\">\n\t\t\t\t<div class=\"box box-bounce box-text-bottom box-blog-post has-hover\">\n            \t\t\t\t\t<div class=\"box-image\" >\n  \t\t\t\t\t\t<div class=\"image-cover\" style=\"padding-top:56.25%;\">\n\t\t\t\t\t\t\t<a href=\"https:\/\/www.sivildusun.net\/yedek18062024\/soz-devri-simurg-kus-yuvasi-dernegi\/\" class=\"plain\" aria-label=\"S\u00f6z Devri | Alaz Uslu ile Simurg Ku\u015f Yuvas\u0131 Derne\u011fi\">\n\t\t\t\t\t\t\t\t<img loading=\"lazy\" decoding=\"async\" width=\"400\" height=\"225\" src=\"https:\/\/www.sivildusun.net\/yedek18062024\/wp-content\/uploads\/2021\/09\/new_website_post_size-11-400x225.png\" class=\"attachment-medium size-medium wp-post-image\" alt=\"\" srcset=\"https:\/\/www.sivildusun.net\/yedek18062024\/wp-content\/uploads\/2021\/09\/new_website_post_size-11-400x225.png 400w, https:\/\/www.sivildusun.net\/yedek18062024\/wp-content\/uploads\/2021\/09\/new_website_post_size-11-1024x576.png 1024w, https:\/\/www.sivildusun.net\/yedek18062024\/wp-content\/uploads\/2021\/09\/new_website_post_size-11-768x432.png 768w, https:\/\/www.sivildusun.net\/yedek18062024\/wp-content\/uploads\/2021\/09\/new_website_post_size-11.png 1280w\" sizes=\"(max-width: 400px) 100vw, 400px\" \/>\t\t\t\t\t\t\t<\/a>\n  \t\t\t\t\t\t\t  \t\t\t\t\t\t\t  \t\t\t\t\t\t<\/div>\n  \t\t\t\t\t\t  \t\t\t\t\t<\/div>\n          \t\t\t\t\t<div class=\"box-text text-left\" >\n\t\t\t\t\t<div class=\"box-text-inner blog-post-inner\">\n\n\t\t\t\t\t\n\t\t\t\t\t\t\t\t\t\t<h5 class=\"post-title is-large \">\n\t\t\t\t\t\t<a href=\"https:\/\/www.sivildusun.net\/yedek18062024\/soz-devri-simurg-kus-yuvasi-dernegi\/\" class=\"plain\">S\u00f6z Devri | Alaz Uslu ile Simurg Ku\u015f Yuvas\u0131 Derne\u011fi<\/a>\n\t\t\t\t\t<\/h5>\n\t\t\t\t\t\t\t\t\t\t<div class=\"is-divider\"><\/div>\n\t\t\t\t\t\t\t\t\t\t<p class=\"from_the_blog_excerpt \">\n\t\t\t\t\t\tBu per\u015fembe s\u00f6z\u00fc bizden devralan konu\u011fumuz, Simurg Ku\u015f Yuvas\u0131 Derne\u011finden Alaz Uslu. \u0130n\u015faat Y\u00fcksek M\u00fchendisi...\t\t\t\t\t<\/p>\n\t\t\t\t\t                    \n\t\t\t\t\t\n\t\t\t\t\t\n\t\t\t\t\t<\/div>\n\t\t\t\t\t<\/div>\n\t\t\t\t\t\t\t\t\t\t\t\t\t\t\t\t<div class=\"badge absolute top post-date badge-square\">\n\t\t\t\t\t\t\t<div class=\"badge-inner\">\n\t\t\t\t\t\t\t\t<span class=\"post-date-day\">16<\/span><br>\n\t\t\t\t\t\t\t\t<span class=\"post-date-month is-xsmall\">Eyl<\/span>\n\t\t\t\t\t\t\t<\/div>\n\t\t\t\t\t\t<\/div>\n\t\t\t\t\t\t\t\t\t<\/div>\n\t\t\t<\/div>\n\t\t<\/div><div class=\"col post-item\" >\n\t\t\t<div class=\"col-inner\">\n\t\t\t\t<div class=\"box box-bounce box-text-bottom box-blog-post has-hover\">\n            \t\t\t\t\t<div class=\"box-image\" >\n  \t\t\t\t\t\t<div class=\"image-cover\" style=\"padding-top:56.25%;\">\n\t\t\t\t\t\t\t<a href=\"https:\/\/www.sivildusun.net\/yedek18062024\/soz-devri-unikuir-ile-benim-onur-yuruyusum\/\" class=\"plain\" aria-label=\"S\u00f6z Devri | UniKuir Derne\u011fi ile benim onur y\u00fcr\u00fcy\u00fc\u015f\u00fcm\">\n\t\t\t\t\t\t\t\t<img loading=\"lazy\" decoding=\"async\" width=\"400\" height=\"225\" src=\"https:\/\/www.sivildusun.net\/yedek18062024\/wp-content\/uploads\/2021\/06\/soz_devri_uni_kuir_web-400x225.png\" class=\"attachment-medium size-medium wp-post-image\" alt=\"\" srcset=\"https:\/\/www.sivildusun.net\/yedek18062024\/wp-content\/uploads\/2021\/06\/soz_devri_uni_kuir_web-400x225.png 400w, https:\/\/www.sivildusun.net\/yedek18062024\/wp-content\/uploads\/2021\/06\/soz_devri_uni_kuir_web-1024x576.png 1024w, https:\/\/www.sivildusun.net\/yedek18062024\/wp-content\/uploads\/2021\/06\/soz_devri_uni_kuir_web-768x432.png 768w, https:\/\/www.sivildusun.net\/yedek18062024\/wp-content\/uploads\/2021\/06\/soz_devri_uni_kuir_web.png 1280w\" sizes=\"(max-width: 400px) 100vw, 400px\" \/>\t\t\t\t\t\t\t<\/a>\n  \t\t\t\t\t\t\t  \t\t\t\t\t\t\t  \t\t\t\t\t\t<\/div>\n  \t\t\t\t\t\t  \t\t\t\t\t<\/div>\n          \t\t\t\t\t<div class=\"box-text text-left\" >\n\t\t\t\t\t<div class=\"box-text-inner blog-post-inner\">\n\n\t\t\t\t\t\n\t\t\t\t\t\t\t\t\t\t<h5 class=\"post-title is-large \">\n\t\t\t\t\t\t<a href=\"https:\/\/www.sivildusun.net\/yedek18062024\/soz-devri-unikuir-ile-benim-onur-yuruyusum\/\" class=\"plain\">S\u00f6z Devri | UniKuir Derne\u011fi ile benim onur y\u00fcr\u00fcy\u00fc\u015f\u00fcm<\/a>\n\t\t\t\t\t<\/h5>\n\t\t\t\t\t\t\t\t\t\t<div class=\"is-divider\"><\/div>\n\t\t\t\t\t\t\t\t\t\t<p class=\"from_the_blog_excerpt \">\n\t\t\t\t\t\tBu per\u015fembe s\u00f6z\u00fc bizden devralan konu\u011fumuz, Sivil D\u00fc\u015f\u00fcn deste\u011fiyle #BenimOnurY\u00fcr\u00fcy\u00fc\u015f\u00fcm kampanyas\u0131n\u0131 y\u00fcr\u00fcten ODT\u00dc LGBTI+ Dayan\u0131\u015fmas\u0131...\t\t\t\t\t<\/p>\n\t\t\t\t\t                    \n\t\t\t\t\t\n\t\t\t\t\t\n\t\t\t\t\t<\/div>\n\t\t\t\t\t<\/div>\n\t\t\t\t\t\t\t\t\t\t\t\t\t\t\t\t<div class=\"badge absolute top post-date badge-square\">\n\t\t\t\t\t\t\t<div class=\"badge-inner\">\n\t\t\t\t\t\t\t\t<span class=\"post-date-day\">17<\/span><br>\n\t\t\t\t\t\t\t\t<span class=\"post-date-month is-xsmall\">Haz<\/span>\n\t\t\t\t\t\t\t<\/div>\n\t\t\t\t\t\t<\/div>\n\t\t\t\t\t\t\t\t\t<\/div>\n\t\t\t<\/div>\n\t\t<\/div><div class=\"col post-item\" >\n\t\t\t<div class=\"col-inner\">\n\t\t\t\t<div class=\"box box-bounce box-text-bottom box-blog-post has-hover\">\n            \t\t\t\t\t<div class=\"box-image\" >\n  \t\t\t\t\t\t<div class=\"image-cover\" style=\"padding-top:56.25%;\">\n\t\t\t\t\t\t\t<a href=\"https:\/\/www.sivildusun.net\/yedek18062024\/soz-devri-sule-ates-ile-karantina-perfomanslari\/\" class=\"plain\" aria-label=\"S\u00f6z Devri |\u00a0\u015eule Ate\u015f ile karantina performanslar\u0131\">\n\t\t\t\t\t\t\t\t<img loading=\"lazy\" decoding=\"async\" width=\"400\" height=\"225\" src=\"https:\/\/www.sivildusun.net\/yedek18062024\/wp-content\/uploads\/2021\/04\/sule_ates_web-400x225.png\" class=\"attachment-medium size-medium wp-post-image\" alt=\"\" srcset=\"https:\/\/www.sivildusun.net\/yedek18062024\/wp-content\/uploads\/2021\/04\/sule_ates_web-400x225.png 400w, https:\/\/www.sivildusun.net\/yedek18062024\/wp-content\/uploads\/2021\/04\/sule_ates_web-1024x576.png 1024w, https:\/\/www.sivildusun.net\/yedek18062024\/wp-content\/uploads\/2021\/04\/sule_ates_web-768x432.png 768w, https:\/\/www.sivildusun.net\/yedek18062024\/wp-content\/uploads\/2021\/04\/sule_ates_web.png 1280w\" sizes=\"(max-width: 400px) 100vw, 400px\" \/>\t\t\t\t\t\t\t<\/a>\n  \t\t\t\t\t\t\t  \t\t\t\t\t\t\t  \t\t\t\t\t\t<\/div>\n  \t\t\t\t\t\t  \t\t\t\t\t<\/div>\n          \t\t\t\t\t<div class=\"box-text text-left\" >\n\t\t\t\t\t<div class=\"box-text-inner blog-post-inner\">\n\n\t\t\t\t\t\n\t\t\t\t\t\t\t\t\t\t<h5 class=\"post-title is-large \">\n\t\t\t\t\t\t<a href=\"https:\/\/www.sivildusun.net\/yedek18062024\/soz-devri-sule-ates-ile-karantina-perfomanslari\/\" class=\"plain\">S\u00f6z Devri |\u00a0\u015eule Ate\u015f ile karantina performanslar\u0131<\/a>\n\t\t\t\t\t<\/h5>\n\t\t\t\t\t\t\t\t\t\t<div class=\"is-divider\"><\/div>\n\t\t\t\t\t\t\t\t\t\t<p class=\"from_the_blog_excerpt \">\n\t\t\t\t\t\tBu per\u015fembe s\u00f6z\u00fc bizden devralan konu\u011fumuz, Bizi Ba\u011flayan \u015eeyler \u00d6zel Deste\u011fi ile Karantina 2020 Video...\t\t\t\t\t<\/p>\n\t\t\t\t\t                    \n\t\t\t\t\t\n\t\t\t\t\t\n\t\t\t\t\t<\/div>\n\t\t\t\t\t<\/div>\n\t\t\t\t\t\t\t\t\t\t\t\t\t\t\t\t<div class=\"badge absolute top post-date badge-square\">\n\t\t\t\t\t\t\t<div class=\"badge-inner\">\n\t\t\t\t\t\t\t\t<span class=\"post-date-day\">15<\/span><br>\n\t\t\t\t\t\t\t\t<span class=\"post-date-month is-xsmall\">Nis<\/span>\n\t\t\t\t\t\t\t<\/div>\n\t\t\t\t\t\t<\/div>\n\t\t\t\t\t\t\t\t\t<\/div>\n\t\t\t<\/div>\n\t\t<\/div><div class=\"col post-item\" >\n\t\t\t<div class=\"col-inner\">\n\t\t\t\t<div class=\"box box-bounce box-text-bottom box-blog-post has-hover\">\n            \t\t\t\t\t<div class=\"box-image\" >\n  \t\t\t\t\t\t<div class=\"image-cover\" style=\"padding-top:56.25%;\">\n\t\t\t\t\t\t\t<a href=\"https:\/\/www.sivildusun.net\/yedek18062024\/soz-devri-emine-gultekin-ile-salginda-kadin-saglik-calisanlari\/\" class=\"plain\" aria-label=\"S\u00f6z Devri |\u00a0Emine G\u00fcltekin ile salg\u0131nda kad\u0131n sa\u011fl\u0131k \u00e7al\u0131\u015fanlar\u0131\">\n\t\t\t\t\t\t\t\t<img loading=\"lazy\" decoding=\"async\" width=\"400\" height=\"225\" src=\"https:\/\/www.sivildusun.net\/yedek18062024\/wp-content\/uploads\/2021\/04\/emine_gultekin_website-400x225.png\" class=\"attachment-medium size-medium wp-post-image\" alt=\"\" srcset=\"https:\/\/www.sivildusun.net\/yedek18062024\/wp-content\/uploads\/2021\/04\/emine_gultekin_website-400x225.png 400w, https:\/\/www.sivildusun.net\/yedek18062024\/wp-content\/uploads\/2021\/04\/emine_gultekin_website-1024x576.png 1024w, https:\/\/www.sivildusun.net\/yedek18062024\/wp-content\/uploads\/2021\/04\/emine_gultekin_website-768x432.png 768w, https:\/\/www.sivildusun.net\/yedek18062024\/wp-content\/uploads\/2021\/04\/emine_gultekin_website.png 1280w\" sizes=\"(max-width: 400px) 100vw, 400px\" \/>\t\t\t\t\t\t\t<\/a>\n  \t\t\t\t\t\t\t  \t\t\t\t\t\t\t  \t\t\t\t\t\t<\/div>\n  \t\t\t\t\t\t  \t\t\t\t\t<\/div>\n          \t\t\t\t\t<div class=\"box-text text-left\" >\n\t\t\t\t\t<div class=\"box-text-inner blog-post-inner\">\n\n\t\t\t\t\t\n\t\t\t\t\t\t\t\t\t\t<h5 class=\"post-title is-large \">\n\t\t\t\t\t\t<a href=\"https:\/\/www.sivildusun.net\/yedek18062024\/soz-devri-emine-gultekin-ile-salginda-kadin-saglik-calisanlari\/\" class=\"plain\">S\u00f6z Devri |\u00a0Emine G\u00fcltekin ile salg\u0131nda kad\u0131n sa\u011fl\u0131k \u00e7al\u0131\u015fanlar\u0131<\/a>\n\t\t\t\t\t<\/h5>\n\t\t\t\t\t\t\t\t\t\t<div class=\"is-divider\"><\/div>\n\t\t\t\t\t\t\t\t\t\t<p class=\"from_the_blog_excerpt \">\n\t\t\t\t\t\tBu per\u015fembe s\u00f6z\u00fc bizden devralan konu\u011fumuz, Pandemide Kad\u0131n Sa\u011fl\u0131k \u00c7al\u0131\u015fanlar\u0131 Olmak \u00e7al\u0131\u015fmas\u0131n\u0131 hayata ge\u00e7iren Uzm....\t\t\t\t\t<\/p>\n\t\t\t\t\t                    \n\t\t\t\t\t\n\t\t\t\t\t\n\t\t\t\t\t<\/div>\n\t\t\t\t\t<\/div>\n\t\t\t\t\t\t\t\t\t\t\t\t\t\t\t\t<div class=\"badge absolute top post-date badge-square\">\n\t\t\t\t\t\t\t<div class=\"badge-inner\">\n\t\t\t\t\t\t\t\t<span class=\"post-date-day\">08<\/span><br>\n\t\t\t\t\t\t\t\t<span class=\"post-date-month is-xsmall\">Nis<\/span>\n\t\t\t\t\t\t\t<\/div>\n\t\t\t\t\t\t<\/div>\n\t\t\t\t\t\t\t\t\t<\/div>\n\t\t\t<\/div>\n\t\t<\/div><div class=\"col post-item\" >\n\t\t\t<div class=\"col-inner\">\n\t\t\t\t<div class=\"box box-bounce box-text-bottom box-blog-post has-hover\">\n            \t\t\t\t\t<div class=\"box-image\" >\n  \t\t\t\t\t\t<div class=\"image-cover\" style=\"padding-top:56.25%;\">\n\t\t\t\t\t\t\t<a href=\"https:\/\/www.sivildusun.net\/yedek18062024\/soz-devri-meric-aktas-ile-pandemi-gunlugu\/\" class=\"plain\" aria-label=\"S\u00f6z Devri |\u00a0Meri\u00e7 Akta\u015f Ate\u015f ile pandemi g\u00fcnl\u00fc\u011f\u00fc\">\n\t\t\t\t\t\t\t\t<img loading=\"lazy\" decoding=\"async\" width=\"400\" height=\"225\" src=\"https:\/\/www.sivildusun.net\/yedek18062024\/wp-content\/uploads\/2021\/03\/new_website_post_size-2-400x225.png\" class=\"attachment-medium size-medium wp-post-image\" alt=\"\" srcset=\"https:\/\/www.sivildusun.net\/yedek18062024\/wp-content\/uploads\/2021\/03\/new_website_post_size-2-400x225.png 400w, https:\/\/www.sivildusun.net\/yedek18062024\/wp-content\/uploads\/2021\/03\/new_website_post_size-2-1024x576.png 1024w, https:\/\/www.sivildusun.net\/yedek18062024\/wp-content\/uploads\/2021\/03\/new_website_post_size-2-768x432.png 768w, https:\/\/www.sivildusun.net\/yedek18062024\/wp-content\/uploads\/2021\/03\/new_website_post_size-2.png 1280w\" sizes=\"(max-width: 400px) 100vw, 400px\" \/>\t\t\t\t\t\t\t<\/a>\n  \t\t\t\t\t\t\t  \t\t\t\t\t\t\t  \t\t\t\t\t\t<\/div>\n  \t\t\t\t\t\t  \t\t\t\t\t<\/div>\n          \t\t\t\t\t<div class=\"box-text text-left\" >\n\t\t\t\t\t<div class=\"box-text-inner blog-post-inner\">\n\n\t\t\t\t\t\n\t\t\t\t\t\t\t\t\t\t<h5 class=\"post-title is-large \">\n\t\t\t\t\t\t<a href=\"https:\/\/www.sivildusun.net\/yedek18062024\/soz-devri-meric-aktas-ile-pandemi-gunlugu\/\" class=\"plain\">S\u00f6z Devri |\u00a0Meri\u00e7 Akta\u015f Ate\u015f ile pandemi g\u00fcnl\u00fc\u011f\u00fc<\/a>\n\t\t\t\t\t<\/h5>\n\t\t\t\t\t\t\t\t\t\t<div class=\"is-divider\"><\/div>\n\t\t\t\t\t\t\t\t\t\t<p class=\"from_the_blog_excerpt \">\n\t\t\t\t\t\tBu per\u015fembe s\u00f6z\u00fc bizden devralan konu\u011fumuz,\u00a0Bizi Ba\u011flayan \u015eeyler \u00d6zel Deste\u011fi\u00a0ile\u00a0Pandemi G\u00fcnl\u00fc\u011f\u00fc\u00a0\u00e7al\u0131\u015fmas\u0131n\u0131 hayata ge\u00e7iren Aktivist\u00a0Meri\u00e7 Akta\u015f...\t\t\t\t\t<\/p>\n\t\t\t\t\t                    \n\t\t\t\t\t\n\t\t\t\t\t\n\t\t\t\t\t<\/div>\n\t\t\t\t\t<\/div>\n\t\t\t\t\t\t\t\t\t\t\t\t\t\t\t\t<div class=\"badge absolute top post-date badge-square\">\n\t\t\t\t\t\t\t<div class=\"badge-inner\">\n\t\t\t\t\t\t\t\t<span class=\"post-date-day\">11<\/span><br>\n\t\t\t\t\t\t\t\t<span class=\"post-date-month is-xsmall\">Mar<\/span>\n\t\t\t\t\t\t\t<\/div>\n\t\t\t\t\t\t<\/div>\n\t\t\t\t\t\t\t\t\t<\/div>\n\t\t\t<\/div>\n\t\t<\/div><div class=\"col post-item\" >\n\t\t\t<div class=\"col-inner\">\n\t\t\t\t<div class=\"box box-bounce box-text-bottom box-blog-post has-hover\">\n            \t\t\t\t\t<div class=\"box-image\" >\n  \t\t\t\t\t\t<div class=\"image-cover\" style=\"padding-top:56.25%;\">\n\t\t\t\t\t\t\t<a href=\"https:\/\/www.sivildusun.net\/yedek18062024\/aysu-yumusak-eve-sigmayan-hikayeler-soz-devri\/\" class=\"plain\" aria-label=\"S\u00f6z Devri |\u00a0Aysu Yumu\u015fak ile eve s\u0131\u011fmayan hikayeler\">\n\t\t\t\t\t\t\t\t<img loading=\"lazy\" decoding=\"async\" width=\"400\" height=\"225\" src=\"https:\/\/www.sivildusun.net\/yedek18062024\/wp-content\/uploads\/2021\/03\/aysu_yumusak_website-2-400x225.png\" class=\"attachment-medium size-medium wp-post-image\" alt=\"\" srcset=\"https:\/\/www.sivildusun.net\/yedek18062024\/wp-content\/uploads\/2021\/03\/aysu_yumusak_website-2-400x225.png 400w, https:\/\/www.sivildusun.net\/yedek18062024\/wp-content\/uploads\/2021\/03\/aysu_yumusak_website-2-1024x576.png 1024w, https:\/\/www.sivildusun.net\/yedek18062024\/wp-content\/uploads\/2021\/03\/aysu_yumusak_website-2-768x432.png 768w, https:\/\/www.sivildusun.net\/yedek18062024\/wp-content\/uploads\/2021\/03\/aysu_yumusak_website-2.png 1280w\" sizes=\"(max-width: 400px) 100vw, 400px\" \/>\t\t\t\t\t\t\t<\/a>\n  \t\t\t\t\t\t\t  \t\t\t\t\t\t\t  \t\t\t\t\t\t<\/div>\n  \t\t\t\t\t\t  \t\t\t\t\t<\/div>\n          \t\t\t\t\t<div class=\"box-text text-left\" >\n\t\t\t\t\t<div class=\"box-text-inner blog-post-inner\">\n\n\t\t\t\t\t\n\t\t\t\t\t\t\t\t\t\t<h5 class=\"post-title is-large \">\n\t\t\t\t\t\t<a href=\"https:\/\/www.sivildusun.net\/yedek18062024\/aysu-yumusak-eve-sigmayan-hikayeler-soz-devri\/\" class=\"plain\">S\u00f6z Devri |\u00a0Aysu Yumu\u015fak ile eve s\u0131\u011fmayan hikayeler<\/a>\n\t\t\t\t\t<\/h5>\n\t\t\t\t\t\t\t\t\t\t<div class=\"is-divider\"><\/div>\n\t\t\t\t\t\t\t\t\t\t<p class=\"from_the_blog_excerpt \">\n\t\t\t\t\t\tBu per\u015fembe s\u00f6z\u00fc bizden devralan konu\u011fumuz,\u00a0Bizi Ba\u011flayan \u015eeyler \u00d6zel Deste\u011fi\u00a0ile\u00a0Eve S\u0131\u011fmayan Hikayeler \u00e7al\u0131\u015fmas\u0131n\u0131 hayata ge\u00e7iren...\t\t\t\t\t<\/p>\n\t\t\t\t\t                    \n\t\t\t\t\t\n\t\t\t\t\t\n\t\t\t\t\t<\/div>\n\t\t\t\t\t<\/div>\n\t\t\t\t\t\t\t\t\t\t\t\t\t\t\t\t<div class=\"badge absolute top post-date badge-square\">\n\t\t\t\t\t\t\t<div class=\"badge-inner\">\n\t\t\t\t\t\t\t\t<span class=\"post-date-day\">04<\/span><br>\n\t\t\t\t\t\t\t\t<span class=\"post-date-month is-xsmall\">Mar<\/span>\n\t\t\t\t\t\t\t<\/div>\n\t\t\t\t\t\t<\/div>\n\t\t\t\t\t\t\t\t\t<\/div>\n\t\t\t<\/div>\n\t\t<\/div><div class=\"col post-item\" >\n\t\t\t<div class=\"col-inner\">\n\t\t\t\t<div class=\"box box-bounce box-text-bottom box-blog-post has-hover\">\n            \t\t\t\t\t<div class=\"box-image\" >\n  \t\t\t\t\t\t<div class=\"image-cover\" style=\"padding-top:56.25%;\">\n\t\t\t\t\t\t\t<a href=\"https:\/\/www.sivildusun.net\/yedek18062024\/sinan-kadife-mokoros-takvimi\/\" class=\"plain\" aria-label=\"S\u00f6z Devri | Sinan Kadife ile mokoros takvimi\">\n\t\t\t\t\t\t\t\t<img loading=\"lazy\" decoding=\"async\" width=\"400\" height=\"225\" src=\"https:\/\/www.sivildusun.net\/yedek18062024\/wp-content\/uploads\/2021\/02\/new_website_post_size-2-400x225.png\" class=\"attachment-medium size-medium wp-post-image\" alt=\"\" srcset=\"https:\/\/www.sivildusun.net\/yedek18062024\/wp-content\/uploads\/2021\/02\/new_website_post_size-2-400x225.png 400w, https:\/\/www.sivildusun.net\/yedek18062024\/wp-content\/uploads\/2021\/02\/new_website_post_size-2-1024x576.png 1024w, https:\/\/www.sivildusun.net\/yedek18062024\/wp-content\/uploads\/2021\/02\/new_website_post_size-2-768x432.png 768w, https:\/\/www.sivildusun.net\/yedek18062024\/wp-content\/uploads\/2021\/02\/new_website_post_size-2.png 1280w\" sizes=\"(max-width: 400px) 100vw, 400px\" \/>\t\t\t\t\t\t\t<\/a>\n  \t\t\t\t\t\t\t  \t\t\t\t\t\t\t  \t\t\t\t\t\t<\/div>\n  \t\t\t\t\t\t  \t\t\t\t\t<\/div>\n          \t\t\t\t\t<div class=\"box-text text-left\" >\n\t\t\t\t\t<div class=\"box-text-inner blog-post-inner\">\n\n\t\t\t\t\t\n\t\t\t\t\t\t\t\t\t\t<h5 class=\"post-title is-large \">\n\t\t\t\t\t\t<a href=\"https:\/\/www.sivildusun.net\/yedek18062024\/sinan-kadife-mokoros-takvimi\/\" class=\"plain\">S\u00f6z Devri | Sinan Kadife ile mokoros takvimi<\/a>\n\t\t\t\t\t<\/h5>\n\t\t\t\t\t\t\t\t\t\t<div class=\"is-divider\"><\/div>\n\t\t\t\t\t\t\t\t\t\t<p class=\"from_the_blog_excerpt \">\n\t\t\t\t\t\tBu per\u015fembe s\u00f6z\u00fc bizden devralan konu\u011fumuz,\u00a0Bizi Ba\u011flayan \u015eeyler \u00d6zel Deste\u011fi\u00a0ile Mokoros Takvimi \u00e7al\u0131\u015fmas\u0131n\u0131 hayata ge\u00e7iren...\t\t\t\t\t<\/p>\n\t\t\t\t\t                    \n\t\t\t\t\t\n\t\t\t\t\t\n\t\t\t\t\t<\/div>\n\t\t\t\t\t<\/div>\n\t\t\t\t\t\t\t\t\t\t\t\t\t\t\t\t<div class=\"badge absolute top post-date badge-square\">\n\t\t\t\t\t\t\t<div class=\"badge-inner\">\n\t\t\t\t\t\t\t\t<span class=\"post-date-day\">26<\/span><br>\n\t\t\t\t\t\t\t\t<span class=\"post-date-month is-xsmall\">\u015eub<\/span>\n\t\t\t\t\t\t\t<\/div>\n\t\t\t\t\t\t<\/div>\n\t\t\t\t\t\t\t\t\t<\/div>\n\t\t\t<\/div>\n\t\t<\/div><div class=\"col post-item\" >\n\t\t\t<div class=\"col-inner\">\n\t\t\t\t<div class=\"box box-bounce box-text-bottom box-blog-post has-hover\">\n            \t\t\t\t\t<div class=\"box-image\" >\n  \t\t\t\t\t\t<div class=\"image-cover\" style=\"padding-top:56.25%;\">\n\t\t\t\t\t\t\t<a href=\"https:\/\/www.sivildusun.net\/yedek18062024\/nebiye-yasar-icinde-virus-olmayan-masallar-soz-devri\/\" class=\"plain\" aria-label=\"S\u00f6z Devri |\u00a0Nebiye Ya\u015far ile i\u00e7inde vir\u00fcs olmayan masallar\">\n\t\t\t\t\t\t\t\t<img loading=\"lazy\" decoding=\"async\" width=\"400\" height=\"225\" src=\"https:\/\/www.sivildusun.net\/yedek18062024\/wp-content\/uploads\/2021\/02\/new_website_post_size-3-400x225.png\" class=\"attachment-medium size-medium wp-post-image\" alt=\"\" srcset=\"https:\/\/www.sivildusun.net\/yedek18062024\/wp-content\/uploads\/2021\/02\/new_website_post_size-3-400x225.png 400w, https:\/\/www.sivildusun.net\/yedek18062024\/wp-content\/uploads\/2021\/02\/new_website_post_size-3-1024x576.png 1024w, https:\/\/www.sivildusun.net\/yedek18062024\/wp-content\/uploads\/2021\/02\/new_website_post_size-3-768x432.png 768w, https:\/\/www.sivildusun.net\/yedek18062024\/wp-content\/uploads\/2021\/02\/new_website_post_size-3.png 1280w\" sizes=\"(max-width: 400px) 100vw, 400px\" \/>\t\t\t\t\t\t\t<\/a>\n  \t\t\t\t\t\t\t  \t\t\t\t\t\t\t  \t\t\t\t\t\t<\/div>\n  \t\t\t\t\t\t  \t\t\t\t\t<\/div>\n          \t\t\t\t\t<div class=\"box-text text-left\" >\n\t\t\t\t\t<div class=\"box-text-inner blog-post-inner\">\n\n\t\t\t\t\t\n\t\t\t\t\t\t\t\t\t\t<h5 class=\"post-title is-large \">\n\t\t\t\t\t\t<a href=\"https:\/\/www.sivildusun.net\/yedek18062024\/nebiye-yasar-icinde-virus-olmayan-masallar-soz-devri\/\" class=\"plain\">S\u00f6z Devri |\u00a0Nebiye Ya\u015far ile i\u00e7inde vir\u00fcs olmayan masallar<\/a>\n\t\t\t\t\t<\/h5>\n\t\t\t\t\t\t\t\t\t\t<div class=\"is-divider\"><\/div>\n\t\t\t\t\t\t\t\t\t\t<p class=\"from_the_blog_excerpt \">\n\t\t\t\t\t\tBu per\u015fembe s\u00f6z\u00fc bizden devralan konu\u011fumuz,\u00a0Bizi Ba\u011flayan \u015eeyler \u00d6zel Deste\u011fi\u00a0ile\u00a0Bana Bir Masal Anlat, \u0130\u00e7inde Vir\u00fcs...\t\t\t\t\t<\/p>\n\t\t\t\t\t                    \n\t\t\t\t\t\n\t\t\t\t\t\n\t\t\t\t\t<\/div>\n\t\t\t\t\t<\/div>\n\t\t\t\t\t\t\t\t\t\t\t\t\t\t\t\t<div class=\"badge absolute top post-date badge-square\">\n\t\t\t\t\t\t\t<div class=\"badge-inner\">\n\t\t\t\t\t\t\t\t<span class=\"post-date-day\">18<\/span><br>\n\t\t\t\t\t\t\t\t<span class=\"post-date-month is-xsmall\">\u015eub<\/span>\n\t\t\t\t\t\t\t<\/div>\n\t\t\t\t\t\t<\/div>\n\t\t\t\t\t\t\t\t\t<\/div>\n\t\t\t<\/div>\n\t\t<\/div><div class=\"col post-item\" >\n\t\t\t<div class=\"col-inner\">\n\t\t\t\t<div class=\"box box-bounce box-text-bottom box-blog-post has-hover\">\n            \t\t\t\t\t<div class=\"box-image\" >\n  \t\t\t\t\t\t<div class=\"image-cover\" style=\"padding-top:56.25%;\">\n\t\t\t\t\t\t\t<a href=\"https:\/\/www.sivildusun.net\/yedek18062024\/veli-ekim-soz-devri\/\" class=\"plain\" aria-label=\"S\u00f6z Devri | Veli Ekim ile bisiklet rehberi\">\n\t\t\t\t\t\t\t\t<img loading=\"lazy\" decoding=\"async\" width=\"400\" height=\"241\" src=\"https:\/\/www.sivildusun.net\/yedek18062024\/wp-content\/uploads\/2021\/02\/Screenshot-2021-02-04-at-11.27.34-400x241.png\" class=\"attachment-medium size-medium wp-post-image\" alt=\"\" srcset=\"https:\/\/www.sivildusun.net\/yedek18062024\/wp-content\/uploads\/2021\/02\/Screenshot-2021-02-04-at-11.27.34-400x241.png 400w, https:\/\/www.sivildusun.net\/yedek18062024\/wp-content\/uploads\/2021\/02\/Screenshot-2021-02-04-at-11.27.34-1024x617.png 1024w, https:\/\/www.sivildusun.net\/yedek18062024\/wp-content\/uploads\/2021\/02\/Screenshot-2021-02-04-at-11.27.34-768x463.png 768w, https:\/\/www.sivildusun.net\/yedek18062024\/wp-content\/uploads\/2021\/02\/Screenshot-2021-02-04-at-11.27.34.png 1301w\" sizes=\"(max-width: 400px) 100vw, 400px\" \/>\t\t\t\t\t\t\t<\/a>\n  \t\t\t\t\t\t\t  \t\t\t\t\t\t\t  \t\t\t\t\t\t<\/div>\n  \t\t\t\t\t\t  \t\t\t\t\t<\/div>\n          \t\t\t\t\t<div class=\"box-text text-left\" >\n\t\t\t\t\t<div class=\"box-text-inner blog-post-inner\">\n\n\t\t\t\t\t\n\t\t\t\t\t\t\t\t\t\t<h5 class=\"post-title is-large \">\n\t\t\t\t\t\t<a href=\"https:\/\/www.sivildusun.net\/yedek18062024\/veli-ekim-soz-devri\/\" class=\"plain\">S\u00f6z Devri | Veli Ekim ile bisiklet rehberi<\/a>\n\t\t\t\t\t<\/h5>\n\t\t\t\t\t\t\t\t\t\t<div class=\"is-divider\"><\/div>\n\t\t\t\t\t\t\t\t\t\t<p class=\"from_the_blog_excerpt \">\n\t\t\t\t\t\tBu per\u015fembe bize s\u00f6z\u00fc devralan konu\u011fumuz, Bizi Ba\u011flayan \u015eeyler \u00d6zel Deste\u011fi ile Bisiklet Rehberi \u00e7al\u0131\u015fmas\u0131n\u0131...\t\t\t\t\t<\/p>\n\t\t\t\t\t                    \n\t\t\t\t\t\n\t\t\t\t\t\n\t\t\t\t\t<\/div>\n\t\t\t\t\t<\/div>\n\t\t\t\t\t\t\t\t\t\t\t\t\t\t\t\t<div class=\"badge absolute top post-date badge-square\">\n\t\t\t\t\t\t\t<div class=\"badge-inner\">\n\t\t\t\t\t\t\t\t<span class=\"post-date-day\">04<\/span><br>\n\t\t\t\t\t\t\t\t<span class=\"post-date-month is-xsmall\">\u015eub<\/span>\n\t\t\t\t\t\t\t<\/div>\n\t\t\t\t\t\t<\/div>\n\t\t\t\t\t\t\t\t\t<\/div>\n\t\t\t<\/div>\n\t\t<\/div><div class=\"col post-item\" >\n\t\t\t<div class=\"col-inner\">\n\t\t\t\t<div class=\"box box-bounce box-text-bottom box-blog-post has-hover\">\n            \t\t\t\t\t<div class=\"box-image\" >\n  \t\t\t\t\t\t<div class=\"image-cover\" style=\"padding-top:56.25%;\">\n\t\t\t\t\t\t\t<a href=\"https:\/\/www.sivildusun.net\/yedek18062024\/umut-yanardag-soz-devri\/\" class=\"plain\" aria-label=\"S\u00f6z Devri | Umut Yanarda\u011f ile 65+ sohbetler\">\n\t\t\t\t\t\t\t\t<img loading=\"lazy\" decoding=\"async\" width=\"400\" height=\"250\" src=\"https:\/\/www.sivildusun.net\/yedek18062024\/wp-content\/uploads\/2021\/03\/umut_yanardag_website-400x250.png\" class=\"attachment-medium size-medium wp-post-image\" alt=\"\" srcset=\"https:\/\/www.sivildusun.net\/yedek18062024\/wp-content\/uploads\/2021\/03\/umut_yanardag_website-400x250.png 400w, https:\/\/www.sivildusun.net\/yedek18062024\/wp-content\/uploads\/2021\/03\/umut_yanardag_website-768x480.png 768w, https:\/\/www.sivildusun.net\/yedek18062024\/wp-content\/uploads\/2021\/03\/umut_yanardag_website.png 800w\" sizes=\"(max-width: 400px) 100vw, 400px\" \/>\t\t\t\t\t\t\t<\/a>\n  \t\t\t\t\t\t\t  \t\t\t\t\t\t\t  \t\t\t\t\t\t<\/div>\n  \t\t\t\t\t\t  \t\t\t\t\t<\/div>\n          \t\t\t\t\t<div class=\"box-text text-left\" >\n\t\t\t\t\t<div class=\"box-text-inner blog-post-inner\">\n\n\t\t\t\t\t\n\t\t\t\t\t\t\t\t\t\t<h5 class=\"post-title is-large \">\n\t\t\t\t\t\t<a href=\"https:\/\/www.sivildusun.net\/yedek18062024\/umut-yanardag-soz-devri\/\" class=\"plain\">S\u00f6z Devri | Umut Yanarda\u011f ile 65+ sohbetler<\/a>\n\t\t\t\t\t<\/h5>\n\t\t\t\t\t\t\t\t\t\t<div class=\"is-divider\"><\/div>\n\t\t\t\t\t\t\t\t\t\t<p class=\"from_the_blog_excerpt \">\n\t\t\t\t\t\tSesimiz beraber g\u00fc\u00e7lensin diye s\u00f6z\u00fc devrediyoruz. Sivil d\u00fc\u015f\u00fcnen herkesi s\u00f6z devrine davet ediyoruz! Sivil toplumun...\t\t\t\t\t<\/p>\n\t\t\t\t\t                    \n\t\t\t\t\t\n\t\t\t\t\t\n\t\t\t\t\t<\/div>\n\t\t\t\t\t<\/div>\n\t\t\t\t\t\t\t\t\t\t\t\t\t\t\t\t<div class=\"badge absolute top post-date badge-square\">\n\t\t\t\t\t\t\t<div class=\"badge-inner\">\n\t\t\t\t\t\t\t\t<span class=\"post-date-day\">28<\/span><br>\n\t\t\t\t\t\t\t\t<span class=\"post-date-month is-xsmall\">Oca<\/span>\n\t\t\t\t\t\t\t<\/div>\n\t\t\t\t\t\t<\/div>\n\t\t\t\t\t\t\t\t\t<\/div>\n\t\t\t<\/div>\n\t\t<\/div><div class=\"col post-item\" >\n\t\t\t<div class=\"col-inner\">\n\t\t\t\t<div class=\"box box-bounce box-text-bottom box-blog-post has-hover\">\n            \t\t\t\t\t<div class=\"box-image\" >\n  \t\t\t\t\t\t<div class=\"image-cover\" style=\"padding-top:56.25%;\">\n\t\t\t\t\t\t\t<a href=\"https:\/\/www.sivildusun.net\/yedek18062024\/genc-isi-kooperatif-patronsuz-yonetim-adil-paylasim-kolektif-cikar\/\" class=\"plain\" aria-label=\"S\u00f6z Devri | Gen\u00e7 \u0130\u015fi Kooperatif\">\n\t\t\t\t\t\t\t\t<img loading=\"lazy\" decoding=\"async\" width=\"400\" height=\"363\" src=\"https:\/\/www.sivildusun.net\/yedek18062024\/wp-content\/uploads\/2020\/11\/genc_isi_koop-400x363.jpg\" class=\"attachment-medium size-medium wp-post-image\" alt=\"\" srcset=\"https:\/\/www.sivildusun.net\/yedek18062024\/wp-content\/uploads\/2020\/11\/genc_isi_koop-400x363.jpg 400w, https:\/\/www.sivildusun.net\/yedek18062024\/wp-content\/uploads\/2020\/11\/genc_isi_koop-1024x930.jpg 1024w, https:\/\/www.sivildusun.net\/yedek18062024\/wp-content\/uploads\/2020\/11\/genc_isi_koop-768x698.jpg 768w, https:\/\/www.sivildusun.net\/yedek18062024\/wp-content\/uploads\/2020\/11\/genc_isi_koop-1536x1396.jpg 1536w, https:\/\/www.sivildusun.net\/yedek18062024\/wp-content\/uploads\/2020\/11\/genc_isi_koop.jpg 1587w\" sizes=\"(max-width: 400px) 100vw, 400px\" \/>\t\t\t\t\t\t\t<\/a>\n  \t\t\t\t\t\t\t  \t\t\t\t\t\t\t  \t\t\t\t\t\t<\/div>\n  \t\t\t\t\t\t  \t\t\t\t\t<\/div>\n          \t\t\t\t\t<div class=\"box-text text-left\" >\n\t\t\t\t\t<div class=\"box-text-inner blog-post-inner\">\n\n\t\t\t\t\t\n\t\t\t\t\t\t\t\t\t\t<h5 class=\"post-title is-large \">\n\t\t\t\t\t\t<a href=\"https:\/\/www.sivildusun.net\/yedek18062024\/genc-isi-kooperatif-patronsuz-yonetim-adil-paylasim-kolektif-cikar\/\" class=\"plain\">S\u00f6z Devri | Gen\u00e7 \u0130\u015fi Kooperatif<\/a>\n\t\t\t\t\t<\/h5>\n\t\t\t\t\t\t\t\t\t\t<div class=\"is-divider\"><\/div>\n\t\t\t\t\t\t\t\t\t\t<p class=\"from_the_blog_excerpt \">\n\t\t\t\t\t\tPatronsuz y\u00f6netim, adil payla\u015f\u0131m, kolektif \u00e7\u0131kar Gen\u00e7 \u0130\u015fi Kooperatif s\u00f6z\u00fc devrald\u0131, bak\u0131n kendisini nas\u0131l anlatt\u0131:\u00a0...\t\t\t\t\t<\/p>\n\t\t\t\t\t                    \n\t\t\t\t\t\n\t\t\t\t\t\n\t\t\t\t\t<\/div>\n\t\t\t\t\t<\/div>\n\t\t\t\t\t\t\t\t\t\t\t\t\t\t\t\t<div class=\"badge absolute top post-date badge-square\">\n\t\t\t\t\t\t\t<div class=\"badge-inner\">\n\t\t\t\t\t\t\t\t<span class=\"post-date-day\">09<\/span><br>\n\t\t\t\t\t\t\t\t<span class=\"post-date-month is-xsmall\">Kas<\/span>\n\t\t\t\t\t\t\t<\/div>\n\t\t\t\t\t\t<\/div>\n\t\t\t\t\t\t\t\t\t<\/div>\n\t\t\t<\/div>\n\t\t<\/div><div class=\"col post-item\" >\n\t\t\t<div class=\"col-inner\">\n\t\t\t\t<div class=\"box box-bounce box-text-bottom box-blog-post has-hover\">\n            \t\t\t\t\t<div class=\"box-image\" >\n  \t\t\t\t\t\t<div class=\"image-cover\" style=\"padding-top:56.25%;\">\n\t\t\t\t\t\t\t<a href=\"https:\/\/www.sivildusun.net\/yedek18062024\/istanbul-onur-haftasi-komitesi-kendi-sehrini-asan-gokkusagi\/\" class=\"plain\" aria-label=\"S\u00f6z Devri |\u00a0\u0130stanbul Onur Haftas\u0131 Komitesi\">\n\t\t\t\t\t\t\t\t<img loading=\"lazy\" decoding=\"async\" width=\"400\" height=\"200\" src=\"https:\/\/www.sivildusun.net\/yedek18062024\/wp-content\/uploads\/2020\/06\/istanbul_onur_ayi_komite-400x200.jpg\" class=\"attachment-medium size-medium wp-post-image\" alt=\"\" srcset=\"https:\/\/www.sivildusun.net\/yedek18062024\/wp-content\/uploads\/2020\/06\/istanbul_onur_ayi_komite-400x200.jpg 400w, https:\/\/www.sivildusun.net\/yedek18062024\/wp-content\/uploads\/2020\/06\/istanbul_onur_ayi_komite.jpg 512w\" sizes=\"(max-width: 400px) 100vw, 400px\" \/>\t\t\t\t\t\t\t<\/a>\n  \t\t\t\t\t\t\t  \t\t\t\t\t\t\t  \t\t\t\t\t\t<\/div>\n  \t\t\t\t\t\t  \t\t\t\t\t<\/div>\n          \t\t\t\t\t<div class=\"box-text text-left\" >\n\t\t\t\t\t<div class=\"box-text-inner blog-post-inner\">\n\n\t\t\t\t\t\n\t\t\t\t\t\t\t\t\t\t<h5 class=\"post-title is-large \">\n\t\t\t\t\t\t<a href=\"https:\/\/www.sivildusun.net\/yedek18062024\/istanbul-onur-haftasi-komitesi-kendi-sehrini-asan-gokkusagi\/\" class=\"plain\">S\u00f6z Devri |\u00a0\u0130stanbul Onur Haftas\u0131 Komitesi<\/a>\n\t\t\t\t\t<\/h5>\n\t\t\t\t\t\t\t\t\t\t<div class=\"is-divider\"><\/div>\n\t\t\t\t\t\t\t\t\t\t<p class=\"from_the_blog_excerpt \">\n\t\t\t\t\t\tKendi \u015fehrini a\u015fan g\u00f6kku\u015fa\u011f\u0131 \u0130stanbul LGBT\u0130+ Onur Haftas\u0131 s\u00f6z\u00fc devrald\u0131, bak\u0131n kendisini nas\u0131l anlatt\u0131:\u00a0 ALAMET-\u0130...\t\t\t\t\t<\/p>\n\t\t\t\t\t                    \n\t\t\t\t\t\n\t\t\t\t\t\n\t\t\t\t\t<\/div>\n\t\t\t\t\t<\/div>\n\t\t\t\t\t\t\t\t\t\t\t\t\t\t\t\t<div class=\"badge absolute top post-date badge-square\">\n\t\t\t\t\t\t\t<div class=\"badge-inner\">\n\t\t\t\t\t\t\t\t<span class=\"post-date-day\">09<\/span><br>\n\t\t\t\t\t\t\t\t<span class=\"post-date-month is-xsmall\">Haz<\/span>\n\t\t\t\t\t\t\t<\/div>\n\t\t\t\t\t\t<\/div>\n\t\t\t\t\t\t\t\t\t<\/div>\n\t\t\t<\/div>\n\t\t<\/div><div class=\"col post-item\" >\n\t\t\t<div class=\"col-inner\">\n\t\t\t\t<div class=\"box box-bounce box-text-bottom box-blog-post has-hover\">\n            \t\t\t\t\t<div class=\"box-image\" >\n  \t\t\t\t\t\t<div class=\"image-cover\" style=\"padding-top:56.25%;\">\n\t\t\t\t\t\t\t<a href=\"https:\/\/www.sivildusun.net\/yedek18062024\/kaos-gl-herkesten-bir-parca-yasayan-hafiza\/\" class=\"plain\" aria-label=\"S\u00f6z Devri |\u00a0KAOS GL\">\n\t\t\t\t\t\t\t\t<img loading=\"lazy\" decoding=\"async\" width=\"400\" height=\"400\" src=\"https:\/\/www.sivildusun.net\/yedek18062024\/wp-content\/uploads\/2020\/06\/pride-400x400.png\" class=\"attachment-medium size-medium wp-post-image\" alt=\"\" srcset=\"https:\/\/www.sivildusun.net\/yedek18062024\/wp-content\/uploads\/2020\/06\/pride-400x400.png 400w, https:\/\/www.sivildusun.net\/yedek18062024\/wp-content\/uploads\/2020\/06\/pride-1024x1024.png 1024w, https:\/\/www.sivildusun.net\/yedek18062024\/wp-content\/uploads\/2020\/06\/pride-150x150.png 150w, https:\/\/www.sivildusun.net\/yedek18062024\/wp-content\/uploads\/2020\/06\/pride-768x768.png 768w, https:\/\/www.sivildusun.net\/yedek18062024\/wp-content\/uploads\/2020\/06\/pride-300x300.png 300w, https:\/\/www.sivildusun.net\/yedek18062024\/wp-content\/uploads\/2020\/06\/pride.png 1080w\" sizes=\"(max-width: 400px) 100vw, 400px\" \/>\t\t\t\t\t\t\t<\/a>\n  \t\t\t\t\t\t\t  \t\t\t\t\t\t\t  \t\t\t\t\t\t<\/div>\n  \t\t\t\t\t\t  \t\t\t\t\t<\/div>\n          \t\t\t\t\t<div class=\"box-text text-left\" >\n\t\t\t\t\t<div class=\"box-text-inner blog-post-inner\">\n\n\t\t\t\t\t\n\t\t\t\t\t\t\t\t\t\t<h5 class=\"post-title is-large \">\n\t\t\t\t\t\t<a href=\"https:\/\/www.sivildusun.net\/yedek18062024\/kaos-gl-herkesten-bir-parca-yasayan-hafiza\/\" class=\"plain\">S\u00f6z Devri |\u00a0KAOS GL<\/a>\n\t\t\t\t\t<\/h5>\n\t\t\t\t\t\t\t\t\t\t<div class=\"is-divider\"><\/div>\n\t\t\t\t\t\t\t\t\t\t<p class=\"from_the_blog_excerpt \">\n\t\t\t\t\t\tHerkesten bir par\u00e7a, ya\u015fayan haf\u0131za KAOS GL s\u00f6z\u00fc devrald\u0131, bak\u0131n kendisini nas\u0131l anlatt\u0131:\u00a0 Alamet-i Farikam\u0131z...\t\t\t\t\t<\/p>\n\t\t\t\t\t                    \n\t\t\t\t\t\n\t\t\t\t\t\n\t\t\t\t\t<\/div>\n\t\t\t\t\t<\/div>\n\t\t\t\t\t\t\t\t\t\t\t\t\t\t\t\t<div class=\"badge absolute top post-date badge-square\">\n\t\t\t\t\t\t\t<div class=\"badge-inner\">\n\t\t\t\t\t\t\t\t<span class=\"post-date-day\">08<\/span><br>\n\t\t\t\t\t\t\t\t<span class=\"post-date-month is-xsmall\">Haz<\/span>\n\t\t\t\t\t\t\t<\/div>\n\t\t\t\t\t\t<\/div>\n\t\t\t\t\t\t\t\t\t<\/div>\n\t\t\t<\/div>\n\t\t<\/div><div class=\"col post-item\" >\n\t\t\t<div class=\"col-inner\">\n\t\t\t\t<div class=\"box box-bounce box-text-bottom box-blog-post has-hover\">\n            \t\t\t\t\t<div class=\"box-image\" >\n  \t\t\t\t\t\t<div class=\"image-cover\" style=\"padding-top:56.25%;\">\n\t\t\t\t\t\t\t<a href=\"https:\/\/www.sivildusun.net\/yedek18062024\/simbiyoz-aktivite-bagimsiz-yasam-icin-birlikte-filizlenenler-sosyal-girisim-zihinsel-ve-bedensel-engelleri-asmak-icin-ne-yapabilir\/\" class=\"plain\" aria-label=\"S\u00f6z Devri | Simbiyoz Aktivite\">\n\t\t\t\t\t\t\t\t<img loading=\"lazy\" decoding=\"async\" width=\"400\" height=\"225\" src=\"https:\/\/www.sivildusun.net\/yedek18062024\/wp-content\/uploads\/2020\/04\/simbiyoz_aktivite_website-400x225.png\" class=\"attachment-medium size-medium wp-post-image\" alt=\"\" srcset=\"https:\/\/www.sivildusun.net\/yedek18062024\/wp-content\/uploads\/2020\/04\/simbiyoz_aktivite_website-400x225.png 400w, https:\/\/www.sivildusun.net\/yedek18062024\/wp-content\/uploads\/2020\/04\/simbiyoz_aktivite_website-1024x576.png 1024w, https:\/\/www.sivildusun.net\/yedek18062024\/wp-content\/uploads\/2020\/04\/simbiyoz_aktivite_website-768x432.png 768w, https:\/\/www.sivildusun.net\/yedek18062024\/wp-content\/uploads\/2020\/04\/simbiyoz_aktivite_website.png 1280w\" sizes=\"(max-width: 400px) 100vw, 400px\" \/>\t\t\t\t\t\t\t<\/a>\n  \t\t\t\t\t\t\t  \t\t\t\t\t\t\t  \t\t\t\t\t\t<\/div>\n  \t\t\t\t\t\t  \t\t\t\t\t<\/div>\n          \t\t\t\t\t<div class=\"box-text text-left\" >\n\t\t\t\t\t<div class=\"box-text-inner blog-post-inner\">\n\n\t\t\t\t\t\n\t\t\t\t\t\t\t\t\t\t<h5 class=\"post-title is-large \">\n\t\t\t\t\t\t<a href=\"https:\/\/www.sivildusun.net\/yedek18062024\/simbiyoz-aktivite-bagimsiz-yasam-icin-birlikte-filizlenenler-sosyal-girisim-zihinsel-ve-bedensel-engelleri-asmak-icin-ne-yapabilir\/\" class=\"plain\">S\u00f6z Devri | Simbiyoz Aktivite<\/a>\n\t\t\t\t\t<\/h5>\n\t\t\t\t\t\t\t\t\t\t<div class=\"is-divider\"><\/div>\n\t\t\t\t\t\t\t\t\t\t<p class=\"from_the_blog_excerpt \">\n\t\t\t\t\t\tBa\u011f\u0131ms\u0131z ya\u015fam i\u00e7in birlikte filizlenenler \u00a0 MERHABA! Simbiyoz Aktivite\u2019yi d\u00f6rt kad\u0131n birlikte kurduk. D\u00f6rd\u00fcm\u00fcz de...\t\t\t\t\t<\/p>\n\t\t\t\t\t                    \n\t\t\t\t\t\n\t\t\t\t\t\n\t\t\t\t\t<\/div>\n\t\t\t\t\t<\/div>\n\t\t\t\t\t\t\t\t\t\t\t\t\t\t\t\t<div class=\"badge absolute top post-date badge-square\">\n\t\t\t\t\t\t\t<div class=\"badge-inner\">\n\t\t\t\t\t\t\t\t<span class=\"post-date-day\">09<\/span><br>\n\t\t\t\t\t\t\t\t<span class=\"post-date-month is-xsmall\">Nis<\/span>\n\t\t\t\t\t\t\t<\/div>\n\t\t\t\t\t\t<\/div>\n\t\t\t\t\t\t\t\t\t<\/div>\n\t\t\t<\/div>\n\t\t<\/div><\/div>\n\t\t<\/div>\n\t\t\t\t\t<\/div>\n\n\t\n<\/div>\n\t\t<\/div>\n\t\t\t\t\t<\/div>\n\n\t\n<\/div>\n\t\t<\/div>\n\n\t\t\n<style>\n#section_1346798126 {\n  padding-top: 30px;\n  padding-bottom: 30px;\n}\n<\/style>\n\t<\/section>\n\t\n","protected":false},"excerpt":{"rendered":"","protected":false},"author":6,"featured_media":23567,"parent":22273,"menu_order":1,"comment_status":"closed","ping_status":"closed","template":"page-blank.php","meta":{"footnotes":""},"_links":{"self":[{"href":"https:\/\/www.sivildusun.net\/yedek18062024\/wp-json\/wp\/v2\/pages\/22277"}],"collection":[{"href":"https:\/\/www.sivildusun.net\/yedek18062024\/wp-json\/wp\/v2\/pages"}],"about":[{"href":"https:\/\/www.sivildusun.net\/yedek18062024\/wp-json\/wp\/v2\/types\/page"}],"author":[{"embeddable":true,"href":"https:\/\/www.sivildusun.net\/yedek18062024\/wp-json\/wp\/v2\/users\/6"}],"replies":[{"embeddable":true,"href":"https:\/\/www.sivildusun.net\/yedek18062024\/wp-json\/wp\/v2\/comments?post=22277"}],"version-history":[{"count":0,"href":"https:\/\/www.sivildusun.net\/yedek18062024\/wp-json\/wp\/v2\/pages\/22277\/revisions"}],"up":[{"embeddable":true,"href":"https:\/\/www.sivildusun.net\/yedek18062024\/wp-json\/wp\/v2\/pages\/22273"}],"wp:featuredmedia":[{"embeddable":true,"href":"https:\/\/www.sivildusun.net\/yedek18062024\/wp-json\/wp\/v2\/media\/23567"}],"wp:attachment":[{"href":"https:\/\/www.sivildusun.net\/yedek18062024\/wp-json\/wp\/v2\/media?parent=22277"}],"curies":[{"name":"wp","href":"https:\/\/api.w.org\/{rel}","templated":true}]}}