{"id":22285,"date":"2021-01-21T15:16:49","date_gmt":"2021-01-21T12:16:49","guid":{"rendered":"https:\/\/sd.interkeydijital.com\/?page_id=22285"},"modified":"2021-02-04T14:10:41","modified_gmt":"2021-02-04T11:10:41","slug":"sivil-portreler","status":"publish","type":"page","link":"https:\/\/www.sivildusun.net\/yedek18062024\/ilham-al\/calisma-hikayeleri\/sivil-portreler\/","title":{"rendered":"Sivil Portreler"},"content":{"rendered":"\t<section class=\"section\" id=\"section_2016326677\">\n\t\t<div class=\"bg section-bg fill bg-fill  bg-loaded\" >\n\n\t\t\t\n\t\t\t<div class=\"loading-spin centered\"><\/div>\n\t\t\t\n\n\t\t<\/div>\n\n\t\t\n\n\t\t<div class=\"section-content relative\">\n\t\t\t\n<div class=\"row\"  id=\"row-1945885472\">\n\n\t<div id=\"col-691819790\" class=\"col rightsidebar medium-3 small-12 large-3\"  >\n\t\t\t\t<div class=\"col-inner\"  >\n\t\t\t\n\t\t\t\n<div class=\"row rightsidebar\"  id=\"row-179117454\">\n\n\n\t<div id=\"col-1578601868\" class=\"col small-12 large-12\"  >\n\t\t\t\t<div class=\"col-inner box-shadow-3\"  >\n\t\t\t\n\t\t\t\n\n\n\t\t<div class=\"icon-box featured-box icon-box-left text-left\"  >\n\t\t\t\t<div class=\"icon-box-text last-reset\">\n\t\t\t\t\t\t\t\t\t\n\n\t<div id=\"gap-787300289\" class=\"gap-element clearfix\" style=\"display:block; height:auto;\">\n\t\t\n<style>\n#gap-787300289 {\n  padding-top: 6px;\n}\n<\/style>\n\t<\/div>\n\t\n\n<h3>\u0130lham Al<\/h3>\n<div class=\"is-divider divider clearfix\" style=\"max-width:100%;background-color:rgb(233, 72, 63);\"><\/div>\n\n\n\t\t<\/div>\n\t<\/div>\n\t\n\t\n<p>[bellows config_id=\"main\" menu=\"6459\"]<\/p>\n\n\t\t<\/div>\n\t\t\t\t\n<style>\n#col-1578601868 > .col-inner {\n  padding: 0px 10px 0px 10px;\n}\n<\/style>\n\t<\/div>\n\n\t\n\n<\/div>\n\t\t<\/div>\n\t\t\t\t\t<\/div>\n\n\t\n\n\t<div id=\"col-820462879\" class=\"col medium-9 small-12 large-9\"  >\n\t\t\t\t<div class=\"col-inner\"  >\n\t\t\t\n\t\t\t\n\n\t\t<div class=\"icon-box featured-box icon-box-left text-left\"  >\n\t\t\t\t<div class=\"icon-box-text last-reset\">\n\t\t\t\t\t\t\t\t\t\n  <div id=\"page-header-1928091614\" class=\"page-header-wrapper\">\n  <div class=\"page-title light divided-title\">\n\n    \n    <div class=\"page-title-inner container align-center flex-row medium-flex-wrap\" >\n              <div class=\"title-wrapper is-xlarge flex-col text-left medium-text-center\">\n          <h1 class=\"entry-title mb-0\">\n            Sivil Portreler          <\/h1>\n        <\/div>\n                    <div class=\"title-content flex-col flex-right text-right medium-text-center\">\n        <div class=\"title-breadcrumbs pb-half pt-half\"><\/div>      <\/div>\n    <\/div>\n\n       <\/div>\n  <div class=\"container header-wrapper-divider\"><hr\/><\/div>  <\/div>\n  \n\t<div id=\"gap-1047343015\" class=\"gap-element clearfix\" style=\"display:block; height:auto;\">\n\t\t\n<style>\n#gap-1047343015 {\n  padding-top: 30px;\n}\n<\/style>\n\t<\/div>\n\t\n\t\t<\/div>\n\t<\/div>\n\t\n\t\n<div class=\"row align-equal\"  id=\"row-1279897817\">\n\n\t<div id=\"col-1275215463\" class=\"col small-12 large-12\"  >\n\t\t\t\t<div class=\"col-inner\"  >\n\t\t\t\n\t\t\t\n<div class=\"container section-title-container yesil\" ><h3 class=\"section-title section-title-normal\"><b><\/b><span class=\"section-title-main\" >R\u00d6PORTAJLAR<\/span><b><\/b><\/h3><\/div>\n\n  \n    <div class=\"row large-columns-3 medium-columns-1 small-columns-1 has-shadow row-box-shadow-3-hover slider row-slider slider-nav-circle slider-nav-outside slider-nav-push\"  data-flickity-options='{\"imagesLoaded\": true, \"groupCells\": \"100%\", \"dragThreshold\" : 5, \"cellAlign\": \"left\",\"wrapAround\": true,\"prevNextButtons\": true,\"percentPosition\": true,\"pageDots\": true, \"rightToLeft\": false, \"autoPlay\" : false}' >\n\n  <div class=\"col post-item\" >\n\t\t\t<div class=\"col-inner\">\n\t\t\t\t<div class=\"box box-normal box-text-bottom box-blog-post has-hover\">\n            \t\t\t\t\t<div class=\"box-image\" >\n  \t\t\t\t\t\t<div class=\"image-cover\" style=\"padding-top:56.25%;\">\n\t\t\t\t\t\t\t<a href=\"https:\/\/www.sivildusun.net\/yedek18062024\/mugla-engelsiz-yasam\/\" class=\"plain\" aria-label=\"Mu\u011fla Engelsiz Ya\u015fam Platformu Sivil D\u00fc\u015f\u00fcn deste\u011fiyle \u00f6rg\u00fctleniyor\">\n\t\t\t\t\t\t\t\t<img fetchpriority=\"high\" decoding=\"async\" width=\"1020\" height=\"679\" src=\"https:\/\/www.sivildusun.net\/yedek18062024\/wp-content\/uploads\/2019\/04\/mug\u0306la-engelsiz-yas\u0327am-1-1024x682.png\" class=\"attachment-large size-large wp-post-image\" alt=\"\" srcset=\"https:\/\/www.sivildusun.net\/yedek18062024\/wp-content\/uploads\/2019\/04\/mug\u0306la-engelsiz-yas\u0327am-1-1024x682.png 1024w, https:\/\/www.sivildusun.net\/yedek18062024\/wp-content\/uploads\/2019\/04\/mug\u0306la-engelsiz-yas\u0327am-1-400x267.png 400w, https:\/\/www.sivildusun.net\/yedek18062024\/wp-content\/uploads\/2019\/04\/mug\u0306la-engelsiz-yas\u0327am-1-768x512.png 768w, https:\/\/www.sivildusun.net\/yedek18062024\/wp-content\/uploads\/2019\/04\/mug\u0306la-engelsiz-yas\u0327am-1.png 1160w\" sizes=\"(max-width: 1020px) 100vw, 1020px\" \/>\t\t\t\t\t\t\t<\/a>\n  \t\t\t\t\t\t\t  \t\t\t\t\t\t\t  \t\t\t\t\t\t<\/div>\n  \t\t\t\t\t\t  \t\t\t\t\t<\/div>\n          \t\t\t\t\t<div class=\"box-text text-left\" >\n\t\t\t\t\t<div class=\"box-text-inner blog-post-inner\">\n\n\t\t\t\t\t\n\t\t\t\t\t\t\t\t\t\t<h5 class=\"post-title is-large \">\n\t\t\t\t\t\t<a href=\"https:\/\/www.sivildusun.net\/yedek18062024\/mugla-engelsiz-yasam\/\" class=\"plain\">Mu\u011fla Engelsiz Ya\u015fam Platformu Sivil D\u00fc\u015f\u00fcn deste\u011fiyle \u00f6rg\u00fctleniyor<\/a>\n\t\t\t\t\t<\/h5>\n\t\t\t\t\t\t\t\t\t\t<div class=\"is-divider\"><\/div>\n\t\t\t\t\t\t\t\t\t\t<p class=\"from_the_blog_excerpt \">\n\t\t\t\t\t\tMu\u011fla Engelsiz Ya\u015fam Platformu 19-20 Nisan 2019 tarihlerinde ger\u00e7ekle\u015ftirdi\u011fi toplant\u0131da, \u00f6rg\u00fctlenme \u00e7al\u0131\u015fmalar\u0131n\u0131 #SivilD\u00fc\u015f\u00fcn deste\u011fiyle tamamlad\u0131....\t\t\t\t\t<\/p>\n\t\t\t\t\t                    \n\t\t\t\t\t\n\t\t\t\t\t\n\t\t\t\t\t<\/div>\n\t\t\t\t\t<\/div>\n\t\t\t\t\t\t\t\t\t\t\t\t\t\t\t\t<div class=\"badge absolute top post-date badge-square\">\n\t\t\t\t\t\t\t<div class=\"badge-inner\">\n\t\t\t\t\t\t\t\t<span class=\"post-date-day\">29<\/span><br>\n\t\t\t\t\t\t\t\t<span class=\"post-date-month is-xsmall\">Nis<\/span>\n\t\t\t\t\t\t\t<\/div>\n\t\t\t\t\t\t<\/div>\n\t\t\t\t\t\t\t\t\t<\/div>\n\t\t\t<\/div>\n\t\t<\/div><div class=\"col post-item\" >\n\t\t\t<div class=\"col-inner\">\n\t\t\t\t<div class=\"box box-normal box-text-bottom box-blog-post has-hover\">\n            \t\t\t\t\t<div class=\"box-image\" >\n  \t\t\t\t\t\t<div class=\"image-cover\" style=\"padding-top:56.25%;\">\n\t\t\t\t\t\t\t<a href=\"https:\/\/www.sivildusun.net\/yedek18062024\/agora-dernegi-lubnan\/\" class=\"plain\" aria-label=\"Agora Derne\u011fi Suriyeli m\u00fcltecilerin durumunu incelemek \u00fczere L\u00fcbnan&#8217;dayd\u0131\">\n\t\t\t\t\t\t\t\t<img decoding=\"async\" width=\"1020\" height=\"679\" src=\"https:\/\/www.sivildusun.net\/yedek18062024\/wp-content\/uploads\/2019\/04\/agora-derneg\u0306i-lu\u0308bnan-1-1024x682.png\" class=\"attachment-large size-large wp-post-image\" alt=\"\" srcset=\"https:\/\/www.sivildusun.net\/yedek18062024\/wp-content\/uploads\/2019\/04\/agora-derneg\u0306i-lu\u0308bnan-1-1024x682.png 1024w, https:\/\/www.sivildusun.net\/yedek18062024\/wp-content\/uploads\/2019\/04\/agora-derneg\u0306i-lu\u0308bnan-1-400x267.png 400w, https:\/\/www.sivildusun.net\/yedek18062024\/wp-content\/uploads\/2019\/04\/agora-derneg\u0306i-lu\u0308bnan-1-768x512.png 768w, https:\/\/www.sivildusun.net\/yedek18062024\/wp-content\/uploads\/2019\/04\/agora-derneg\u0306i-lu\u0308bnan-1.png 1160w\" sizes=\"(max-width: 1020px) 100vw, 1020px\" \/>\t\t\t\t\t\t\t<\/a>\n  \t\t\t\t\t\t\t  \t\t\t\t\t\t\t  \t\t\t\t\t\t<\/div>\n  \t\t\t\t\t\t  \t\t\t\t\t<\/div>\n          \t\t\t\t\t<div class=\"box-text text-left\" >\n\t\t\t\t\t<div class=\"box-text-inner blog-post-inner\">\n\n\t\t\t\t\t\n\t\t\t\t\t\t\t\t\t\t<h5 class=\"post-title is-large \">\n\t\t\t\t\t\t<a href=\"https:\/\/www.sivildusun.net\/yedek18062024\/agora-dernegi-lubnan\/\" class=\"plain\">Agora Derne\u011fi Suriyeli m\u00fcltecilerin durumunu incelemek \u00fczere L\u00fcbnan&#8217;dayd\u0131<\/a>\n\t\t\t\t\t<\/h5>\n\t\t\t\t\t\t\t\t\t\t<div class=\"is-divider\"><\/div>\n\t\t\t\t\t\t\t\t\t\t<p class=\"from_the_blog_excerpt \">\n\t\t\t\t\t\tAgora Derne\u011fi #SivilD\u00fc\u015f\u00fcn deste\u011fiyle L\u00fcbnan&#8217;dayd\u0131. Dernek, Suriyeli m\u00fcltecilerin; \u00f6zellikle de kad\u0131n, \u00e7ocuk ve LGBT\u0130+ gruplar\u0131n...\t\t\t\t\t<\/p>\n\t\t\t\t\t                    \n\t\t\t\t\t\n\t\t\t\t\t\n\t\t\t\t\t<\/div>\n\t\t\t\t\t<\/div>\n\t\t\t\t\t\t\t\t\t\t\t\t\t\t\t\t<div class=\"badge absolute top post-date badge-square\">\n\t\t\t\t\t\t\t<div class=\"badge-inner\">\n\t\t\t\t\t\t\t\t<span class=\"post-date-day\">15<\/span><br>\n\t\t\t\t\t\t\t\t<span class=\"post-date-month is-xsmall\">Nis<\/span>\n\t\t\t\t\t\t\t<\/div>\n\t\t\t\t\t\t<\/div>\n\t\t\t\t\t\t\t\t\t<\/div>\n\t\t\t<\/div>\n\t\t<\/div><div class=\"col post-item\" >\n\t\t\t<div class=\"col-inner\">\n\t\t\t\t<div class=\"box box-normal box-text-bottom box-blog-post has-hover\">\n            \t\t\t\t\t<div class=\"box-image\" >\n  \t\t\t\t\t\t<div class=\"image-cover\" style=\"padding-top:56.25%;\">\n\t\t\t\t\t\t\t<a href=\"https:\/\/www.sivildusun.net\/yedek18062024\/bm-engelli-haklari-komitesi-21\/\" class=\"plain\" aria-label=\"BM Engelli Haklar\u0131 Komitesi 21. oturumunda &#8216;T\u00fcrkiye&#8217;de engelli haklar\u0131&#8217; konusu tart\u0131\u015f\u0131ld\u0131\">\n\t\t\t\t\t\t\t\t<img decoding=\"async\" width=\"1020\" height=\"679\" src=\"https:\/\/www.sivildusun.net\/yedek18062024\/wp-content\/uploads\/2019\/03\/engelli-haklari-komitesi-1-1024x682.png\" class=\"attachment-large size-large wp-post-image\" alt=\"\" srcset=\"https:\/\/www.sivildusun.net\/yedek18062024\/wp-content\/uploads\/2019\/03\/engelli-haklari-komitesi-1-1024x682.png 1024w, https:\/\/www.sivildusun.net\/yedek18062024\/wp-content\/uploads\/2019\/03\/engelli-haklari-komitesi-1-400x267.png 400w, https:\/\/www.sivildusun.net\/yedek18062024\/wp-content\/uploads\/2019\/03\/engelli-haklari-komitesi-1-768x512.png 768w, https:\/\/www.sivildusun.net\/yedek18062024\/wp-content\/uploads\/2019\/03\/engelli-haklari-komitesi-1.png 1160w\" sizes=\"(max-width: 1020px) 100vw, 1020px\" \/>\t\t\t\t\t\t\t<\/a>\n  \t\t\t\t\t\t\t  \t\t\t\t\t\t\t  \t\t\t\t\t\t<\/div>\n  \t\t\t\t\t\t  \t\t\t\t\t<\/div>\n          \t\t\t\t\t<div class=\"box-text text-left\" >\n\t\t\t\t\t<div class=\"box-text-inner blog-post-inner\">\n\n\t\t\t\t\t\n\t\t\t\t\t\t\t\t\t\t<h5 class=\"post-title is-large \">\n\t\t\t\t\t\t<a href=\"https:\/\/www.sivildusun.net\/yedek18062024\/bm-engelli-haklari-komitesi-21\/\" class=\"plain\">BM Engelli Haklar\u0131 Komitesi 21. oturumunda &#8216;T\u00fcrkiye&#8217;de engelli haklar\u0131&#8217; konusu tart\u0131\u015f\u0131ld\u0131<\/a>\n\t\t\t\t\t<\/h5>\n\t\t\t\t\t\t\t\t\t\t<div class=\"is-divider\"><\/div>\n\t\t\t\t\t\t\t\t\t\t<p class=\"from_the_blog_excerpt \">\n\t\t\t\t\t\tSamsun Engelliler Federasyonu, #SivilD\u00fc\u015f\u00fcn deste\u011fiyle Birle\u015fmi\u015f Milletler Engelli Haklar\u0131 Komitesinin 21. oturumuna kat\u0131lmak \u00fczere Cenevre&#8217;ye...\t\t\t\t\t<\/p>\n\t\t\t\t\t                    \n\t\t\t\t\t\n\t\t\t\t\t\n\t\t\t\t\t<\/div>\n\t\t\t\t\t<\/div>\n\t\t\t\t\t\t\t\t\t\t\t\t\t\t\t\t<div class=\"badge absolute top post-date badge-square\">\n\t\t\t\t\t\t\t<div class=\"badge-inner\">\n\t\t\t\t\t\t\t\t<span class=\"post-date-day\">20<\/span><br>\n\t\t\t\t\t\t\t\t<span class=\"post-date-month is-xsmall\">Mar<\/span>\n\t\t\t\t\t\t\t<\/div>\n\t\t\t\t\t\t<\/div>\n\t\t\t\t\t\t\t\t\t<\/div>\n\t\t\t<\/div>\n\t\t<\/div><div class=\"col post-item\" >\n\t\t\t<div class=\"col-inner\">\n\t\t\t\t<div class=\"box box-normal box-text-bottom box-blog-post has-hover\">\n            \t\t\t\t\t<div class=\"box-image\" >\n  \t\t\t\t\t\t<div class=\"image-cover\" style=\"padding-top:56.25%;\">\n\t\t\t\t\t\t\t<a href=\"https:\/\/www.sivildusun.net\/yedek18062024\/hakim-roportaji\/\" class=\"plain\" aria-label=\"HAK\u0130M ile \u00e7al\u0131\u015fmalar\u0131n\u0131 ve Sivil D\u00fc\u015f\u00fcn destekli ziyaretlerini konu\u015ftuk\">\n\t\t\t\t\t\t\t\t<img loading=\"lazy\" decoding=\"async\" width=\"820\" height=\"547\" src=\"https:\/\/www.sivildusun.net\/yedek18062024\/wp-content\/uploads\/2019\/03\/hakim.png\" class=\"attachment-large size-large wp-post-image\" alt=\"\" srcset=\"https:\/\/www.sivildusun.net\/yedek18062024\/wp-content\/uploads\/2019\/03\/hakim.png 820w, https:\/\/www.sivildusun.net\/yedek18062024\/wp-content\/uploads\/2019\/03\/hakim-400x267.png 400w, https:\/\/www.sivildusun.net\/yedek18062024\/wp-content\/uploads\/2019\/03\/hakim-768x512.png 768w\" sizes=\"(max-width: 820px) 100vw, 820px\" \/>\t\t\t\t\t\t\t<\/a>\n  \t\t\t\t\t\t\t  \t\t\t\t\t\t\t  \t\t\t\t\t\t<\/div>\n  \t\t\t\t\t\t  \t\t\t\t\t<\/div>\n          \t\t\t\t\t<div class=\"box-text text-left\" >\n\t\t\t\t\t<div class=\"box-text-inner blog-post-inner\">\n\n\t\t\t\t\t\n\t\t\t\t\t\t\t\t\t\t<h5 class=\"post-title is-large \">\n\t\t\t\t\t\t<a href=\"https:\/\/www.sivildusun.net\/yedek18062024\/hakim-roportaji\/\" class=\"plain\">HAK\u0130M ile \u00e7al\u0131\u015fmalar\u0131n\u0131 ve Sivil D\u00fc\u015f\u00fcn destekli ziyaretlerini konu\u015ftuk<\/a>\n\t\t\t\t\t<\/h5>\n\t\t\t\t\t\t\t\t\t\t<div class=\"is-divider\"><\/div>\n\t\t\t\t\t\t\t\t\t\t<p class=\"from_the_blog_excerpt \">\n\t\t\t\t\t\tSivil D\u00fc\u015f\u00fcn\u2019\u00fcn, T\u00fcrkiye\u2019de hayvan haklar\u0131na dikkat \u00e7ekmek ve sivil toplumda alana dair y\u00fcr\u00fct\u00fclen \u00e7al\u0131\u015fmalar\u0131 tan\u0131tmak...\t\t\t\t\t<\/p>\n\t\t\t\t\t                    \n\t\t\t\t\t\n\t\t\t\t\t\n\t\t\t\t\t<\/div>\n\t\t\t\t\t<\/div>\n\t\t\t\t\t\t\t\t\t\t\t\t\t\t\t\t<div class=\"badge absolute top post-date badge-square\">\n\t\t\t\t\t\t\t<div class=\"badge-inner\">\n\t\t\t\t\t\t\t\t<span class=\"post-date-day\">12<\/span><br>\n\t\t\t\t\t\t\t\t<span class=\"post-date-month is-xsmall\">Mar<\/span>\n\t\t\t\t\t\t\t<\/div>\n\t\t\t\t\t\t<\/div>\n\t\t\t\t\t\t\t\t\t<\/div>\n\t\t\t<\/div>\n\t\t<\/div><div class=\"col post-item\" >\n\t\t\t<div class=\"col-inner\">\n\t\t\t\t<div class=\"box box-normal box-text-bottom box-blog-post has-hover\">\n            \t\t\t\t\t<div class=\"box-image\" >\n  \t\t\t\t\t\t<div class=\"image-cover\" style=\"padding-top:56.25%;\">\n\t\t\t\t\t\t\t<a href=\"https:\/\/www.sivildusun.net\/yedek18062024\/engelli-egitim-kultur-saglik-spor-vakfi-sivil-dusun-destegiyle-almanya-ve-makedonyadaydi\/\" class=\"plain\" aria-label=\"Engelli E\u011fitim, K\u00fclt\u00fcr, Sa\u011fl\u0131k, Spor Vakf\u0131 Sivil D\u00fc\u015f\u00fcn deste\u011fiyle Almanya ve Makedonya&#8217;dayd\u0131\">\n\t\t\t\t\t\t\t\t<img loading=\"lazy\" decoding=\"async\" width=\"820\" height=\"547\" src=\"https:\/\/www.sivildusun.net\/yedek18062024\/wp-content\/uploads\/2019\/01\/engelli-eg\u0306itim.png\" class=\"attachment-large size-large wp-post-image\" alt=\"\" srcset=\"https:\/\/www.sivildusun.net\/yedek18062024\/wp-content\/uploads\/2019\/01\/engelli-eg\u0306itim.png 820w, https:\/\/www.sivildusun.net\/yedek18062024\/wp-content\/uploads\/2019\/01\/engelli-eg\u0306itim-400x267.png 400w, https:\/\/www.sivildusun.net\/yedek18062024\/wp-content\/uploads\/2019\/01\/engelli-eg\u0306itim-768x512.png 768w\" sizes=\"(max-width: 820px) 100vw, 820px\" \/>\t\t\t\t\t\t\t<\/a>\n  \t\t\t\t\t\t\t  \t\t\t\t\t\t\t  \t\t\t\t\t\t<\/div>\n  \t\t\t\t\t\t  \t\t\t\t\t<\/div>\n          \t\t\t\t\t<div class=\"box-text text-left\" >\n\t\t\t\t\t<div class=\"box-text-inner blog-post-inner\">\n\n\t\t\t\t\t\n\t\t\t\t\t\t\t\t\t\t<h5 class=\"post-title is-large \">\n\t\t\t\t\t\t<a href=\"https:\/\/www.sivildusun.net\/yedek18062024\/engelli-egitim-kultur-saglik-spor-vakfi-sivil-dusun-destegiyle-almanya-ve-makedonyadaydi\/\" class=\"plain\">Engelli E\u011fitim, K\u00fclt\u00fcr, Sa\u011fl\u0131k, Spor Vakf\u0131 Sivil D\u00fc\u015f\u00fcn deste\u011fiyle Almanya ve Makedonya&#8217;dayd\u0131<\/a>\n\t\t\t\t\t<\/h5>\n\t\t\t\t\t\t\t\t\t\t<div class=\"is-divider\"><\/div>\n\t\t\t\t\t\t\t\t\t\t<p class=\"from_the_blog_excerpt \">\n\t\t\t\t\t\tEngelli E\u011fitim, K\u00fclt\u00fcr, Sa\u011fl\u0131k, Spor Vakf\u0131 Almanya ve Makedonya\u2019da, benzer alanlarda \u00e7al\u0131\u015fan kurumlar\u0131 Sivil D\u00fc\u015f\u00fcn...\t\t\t\t\t<\/p>\n\t\t\t\t\t                    \n\t\t\t\t\t\n\t\t\t\t\t\n\t\t\t\t\t<\/div>\n\t\t\t\t\t<\/div>\n\t\t\t\t\t\t\t\t\t\t\t\t\t\t\t\t<div class=\"badge absolute top post-date badge-square\">\n\t\t\t\t\t\t\t<div class=\"badge-inner\">\n\t\t\t\t\t\t\t\t<span class=\"post-date-day\">16<\/span><br>\n\t\t\t\t\t\t\t\t<span class=\"post-date-month is-xsmall\">Oca<\/span>\n\t\t\t\t\t\t\t<\/div>\n\t\t\t\t\t\t<\/div>\n\t\t\t\t\t\t\t\t\t<\/div>\n\t\t\t<\/div>\n\t\t<\/div><div class=\"col post-item\" >\n\t\t\t<div class=\"col-inner\">\n\t\t\t\t<div class=\"box box-normal box-text-bottom box-blog-post has-hover\">\n            \t\t\t\t\t<div class=\"box-image\" >\n  \t\t\t\t\t\t<div class=\"image-cover\" style=\"padding-top:56.25%;\">\n\t\t\t\t\t\t\t<a href=\"https:\/\/www.sivildusun.net\/yedek18062024\/sivilportreler-yasar-seyman\/\" class=\"plain\" aria-label=\"#SivilPortreler Ya\u015far Seyman\">\n\t\t\t\t\t\t\t\t<img loading=\"lazy\" decoding=\"async\" width=\"820\" height=\"547\" src=\"https:\/\/www.sivildusun.net\/yedek18062024\/wp-content\/uploads\/2019\/01\/yas\u0327ar-seyman.png\" class=\"attachment-large size-large wp-post-image\" alt=\"\" srcset=\"https:\/\/www.sivildusun.net\/yedek18062024\/wp-content\/uploads\/2019\/01\/yas\u0327ar-seyman.png 820w, https:\/\/www.sivildusun.net\/yedek18062024\/wp-content\/uploads\/2019\/01\/yas\u0327ar-seyman-400x267.png 400w, https:\/\/www.sivildusun.net\/yedek18062024\/wp-content\/uploads\/2019\/01\/yas\u0327ar-seyman-768x512.png 768w\" sizes=\"(max-width: 820px) 100vw, 820px\" \/>\t\t\t\t\t\t\t<\/a>\n  \t\t\t\t\t\t\t  \t\t\t\t\t\t\t  \t\t\t\t\t\t<\/div>\n  \t\t\t\t\t\t  \t\t\t\t\t<\/div>\n          \t\t\t\t\t<div class=\"box-text text-left\" >\n\t\t\t\t\t<div class=\"box-text-inner blog-post-inner\">\n\n\t\t\t\t\t\n\t\t\t\t\t\t\t\t\t\t<h5 class=\"post-title is-large \">\n\t\t\t\t\t\t<a href=\"https:\/\/www.sivildusun.net\/yedek18062024\/sivilportreler-yasar-seyman\/\" class=\"plain\">#SivilPortreler Ya\u015far Seyman<\/a>\n\t\t\t\t\t<\/h5>\n\t\t\t\t\t\t\t\t\t\t<div class=\"is-divider\"><\/div>\n\t\t\t\t\t\t\t\t\t\t<p class=\"from_the_blog_excerpt \">\n\t\t\t\t\t\tAvrupa Birli\u011fi Sivil D\u00fc\u015f\u00fcn Program\u0131, yeni d\u00f6nemi i\u00e7in yapt\u0131\u011f\u0131 sivil toplum dan\u0131\u015fma toplant\u0131lar\u0131nda ortaya \u00e7\u0131kan...\t\t\t\t\t<\/p>\n\t\t\t\t\t                    \n\t\t\t\t\t\n\t\t\t\t\t\n\t\t\t\t\t<\/div>\n\t\t\t\t\t<\/div>\n\t\t\t\t\t\t\t\t\t\t\t\t\t\t\t\t<div class=\"badge absolute top post-date badge-square\">\n\t\t\t\t\t\t\t<div class=\"badge-inner\">\n\t\t\t\t\t\t\t\t<span class=\"post-date-day\">02<\/span><br>\n\t\t\t\t\t\t\t\t<span class=\"post-date-month is-xsmall\">Oca<\/span>\n\t\t\t\t\t\t\t<\/div>\n\t\t\t\t\t\t<\/div>\n\t\t\t\t\t\t\t\t\t<\/div>\n\t\t\t<\/div>\n\t\t<\/div><div class=\"col post-item\" >\n\t\t\t<div class=\"col-inner\">\n\t\t\t\t<div class=\"box box-normal box-text-bottom box-blog-post has-hover\">\n            \t\t\t\t\t<div class=\"box-image\" >\n  \t\t\t\t\t\t<div class=\"image-cover\" style=\"padding-top:56.25%;\">\n\t\t\t\t\t\t\t<a href=\"https:\/\/www.sivildusun.net\/yedek18062024\/sivilportreler-emekli-sen\/\" class=\"plain\" aria-label=\"#SivilPortreler D\u0130SK Emekli-Sen&#8217;i yak\u0131ndan tan\u0131yoruz\">\n\t\t\t\t\t\t\t\t<img loading=\"lazy\" decoding=\"async\" width=\"1020\" height=\"679\" src=\"https:\/\/www.sivildusun.net\/yedek18062024\/wp-content\/uploads\/2018\/12\/emekli-sen-1024x682.png\" class=\"attachment-large size-large wp-post-image\" alt=\"\" srcset=\"https:\/\/www.sivildusun.net\/yedek18062024\/wp-content\/uploads\/2018\/12\/emekli-sen-1024x682.png 1024w, https:\/\/www.sivildusun.net\/yedek18062024\/wp-content\/uploads\/2018\/12\/emekli-sen-400x267.png 400w, https:\/\/www.sivildusun.net\/yedek18062024\/wp-content\/uploads\/2018\/12\/emekli-sen-768x512.png 768w, https:\/\/www.sivildusun.net\/yedek18062024\/wp-content\/uploads\/2018\/12\/emekli-sen.png 1160w\" sizes=\"(max-width: 1020px) 100vw, 1020px\" \/>\t\t\t\t\t\t\t<\/a>\n  \t\t\t\t\t\t\t  \t\t\t\t\t\t\t  \t\t\t\t\t\t<\/div>\n  \t\t\t\t\t\t  \t\t\t\t\t<\/div>\n          \t\t\t\t\t<div class=\"box-text text-left\" >\n\t\t\t\t\t<div class=\"box-text-inner blog-post-inner\">\n\n\t\t\t\t\t\n\t\t\t\t\t\t\t\t\t\t<h5 class=\"post-title is-large \">\n\t\t\t\t\t\t<a href=\"https:\/\/www.sivildusun.net\/yedek18062024\/sivilportreler-emekli-sen\/\" class=\"plain\">#SivilPortreler D\u0130SK Emekli-Sen&#8217;i yak\u0131ndan tan\u0131yoruz<\/a>\n\t\t\t\t\t<\/h5>\n\t\t\t\t\t\t\t\t\t\t<div class=\"is-divider\"><\/div>\n\t\t\t\t\t\t\t\t\t\t<p class=\"from_the_blog_excerpt \">\n\t\t\t\t\t\tT\u00fcm Emekliler Sendikas\u0131 (D\u0130SK Emekli-Sen), #SivilD\u00fc\u015f\u00fcn deste\u011fiyle \u015fube ve temsilcilik y\u00f6netimlerine y\u00f6nelik emeklilik sorunlar\u0131, sendikal...\t\t\t\t\t<\/p>\n\t\t\t\t\t                    \n\t\t\t\t\t\n\t\t\t\t\t\n\t\t\t\t\t<\/div>\n\t\t\t\t\t<\/div>\n\t\t\t\t\t\t\t\t\t\t\t\t\t\t\t\t<div class=\"badge absolute top post-date badge-square\">\n\t\t\t\t\t\t\t<div class=\"badge-inner\">\n\t\t\t\t\t\t\t\t<span class=\"post-date-day\">20<\/span><br>\n\t\t\t\t\t\t\t\t<span class=\"post-date-month is-xsmall\">Ara<\/span>\n\t\t\t\t\t\t\t<\/div>\n\t\t\t\t\t\t<\/div>\n\t\t\t\t\t\t\t\t\t<\/div>\n\t\t\t<\/div>\n\t\t<\/div><div class=\"col post-item\" >\n\t\t\t<div class=\"col-inner\">\n\t\t\t\t<div class=\"box box-normal box-text-bottom box-blog-post has-hover\">\n            \t\t\t\t\t<div class=\"box-image\" >\n  \t\t\t\t\t\t<div class=\"image-cover\" style=\"padding-top:56.25%;\">\n\t\t\t\t\t\t\t<a href=\"https:\/\/www.sivildusun.net\/yedek18062024\/insan-haklari-okulu-hakcetelesi\/\" class=\"plain\" aria-label=\"\u0130nsan Haklar\u0131 Okulu&#8217;nu yak\u0131ndan tan\u0131yoruz \/ #Hak\u00c7etelesi\">\n\t\t\t\t\t\t\t\t<img loading=\"lazy\" decoding=\"async\" width=\"1020\" height=\"679\" src=\"https:\/\/www.sivildusun.net\/yedek18062024\/wp-content\/uploads\/2018\/12\/insan-haklari-okulu-1024x682.jpg\" class=\"attachment-large size-large wp-post-image\" alt=\"\" srcset=\"https:\/\/www.sivildusun.net\/yedek18062024\/wp-content\/uploads\/2018\/12\/insan-haklari-okulu-1024x682.jpg 1024w, https:\/\/www.sivildusun.net\/yedek18062024\/wp-content\/uploads\/2018\/12\/insan-haklari-okulu-400x267.jpg 400w, https:\/\/www.sivildusun.net\/yedek18062024\/wp-content\/uploads\/2018\/12\/insan-haklari-okulu-768x512.jpg 768w, https:\/\/www.sivildusun.net\/yedek18062024\/wp-content\/uploads\/2018\/12\/insan-haklari-okulu.jpg 1160w\" sizes=\"(max-width: 1020px) 100vw, 1020px\" \/>\t\t\t\t\t\t\t<\/a>\n  \t\t\t\t\t\t\t  \t\t\t\t\t\t\t  \t\t\t\t\t\t<\/div>\n  \t\t\t\t\t\t  \t\t\t\t\t<\/div>\n          \t\t\t\t\t<div class=\"box-text text-left\" >\n\t\t\t\t\t<div class=\"box-text-inner blog-post-inner\">\n\n\t\t\t\t\t\n\t\t\t\t\t\t\t\t\t\t<h5 class=\"post-title is-large \">\n\t\t\t\t\t\t<a href=\"https:\/\/www.sivildusun.net\/yedek18062024\/insan-haklari-okulu-hakcetelesi\/\" class=\"plain\">\u0130nsan Haklar\u0131 Okulu&#8217;nu yak\u0131ndan tan\u0131yoruz \/ #Hak\u00c7etelesi<\/a>\n\t\t\t\t\t<\/h5>\n\t\t\t\t\t\t\t\t\t\t<div class=\"is-divider\"><\/div>\n\t\t\t\t\t\t\t\t\t\t<p class=\"from_the_blog_excerpt \">\n\t\t\t\t\t\t#Hak\u00c7etelesi kampanyas\u0131 i\u00e7in sivil toplum \u00f6rg\u00fctlerinin \u00e7al\u0131\u015fmalar\u0131n\u0131 yak\u0131ndan tan\u0131maya devam ediyoruz. Bu hafta, hem akademi...\t\t\t\t\t<\/p>\n\t\t\t\t\t                    \n\t\t\t\t\t\n\t\t\t\t\t\n\t\t\t\t\t<\/div>\n\t\t\t\t\t<\/div>\n\t\t\t\t\t\t\t\t\t\t\t\t\t\t\t\t<div class=\"badge absolute top post-date badge-square\">\n\t\t\t\t\t\t\t<div class=\"badge-inner\">\n\t\t\t\t\t\t\t\t<span class=\"post-date-day\">04<\/span><br>\n\t\t\t\t\t\t\t\t<span class=\"post-date-month is-xsmall\">Ara<\/span>\n\t\t\t\t\t\t\t<\/div>\n\t\t\t\t\t\t<\/div>\n\t\t\t\t\t\t\t\t\t<\/div>\n\t\t\t<\/div>\n\t\t<\/div><div class=\"col post-item\" >\n\t\t\t<div class=\"col-inner\">\n\t\t\t\t<div class=\"box box-normal box-text-bottom box-blog-post has-hover\">\n            \t\t\t\t\t<div class=\"box-image\" >\n  \t\t\t\t\t\t<div class=\"image-cover\" style=\"padding-top:56.25%;\">\n\t\t\t\t\t\t\t<a href=\"https:\/\/www.sivildusun.net\/yedek18062024\/sivilportreler-cultheater\/\" class=\"plain\" aria-label=\"Cultheater ile k\u00fclt\u00fcrel haklar\u0131 ve yeni projelerini konu\u015ftuk\">\n\t\t\t\t\t\t\t\t<img loading=\"lazy\" decoding=\"async\" width=\"1020\" height=\"679\" src=\"https:\/\/www.sivildusun.net\/yedek18062024\/wp-content\/uploads\/2018\/11\/cultheater-1-1024x682.jpg\" class=\"attachment-large size-large wp-post-image\" alt=\"\" srcset=\"https:\/\/www.sivildusun.net\/yedek18062024\/wp-content\/uploads\/2018\/11\/cultheater-1-1024x682.jpg 1024w, https:\/\/www.sivildusun.net\/yedek18062024\/wp-content\/uploads\/2018\/11\/cultheater-1-400x267.jpg 400w, https:\/\/www.sivildusun.net\/yedek18062024\/wp-content\/uploads\/2018\/11\/cultheater-1-768x512.jpg 768w, https:\/\/www.sivildusun.net\/yedek18062024\/wp-content\/uploads\/2018\/11\/cultheater-1.jpg 1160w\" sizes=\"(max-width: 1020px) 100vw, 1020px\" \/>\t\t\t\t\t\t\t<\/a>\n  \t\t\t\t\t\t\t  \t\t\t\t\t\t\t  \t\t\t\t\t\t<\/div>\n  \t\t\t\t\t\t  \t\t\t\t\t<\/div>\n          \t\t\t\t\t<div class=\"box-text text-left\" >\n\t\t\t\t\t<div class=\"box-text-inner blog-post-inner\">\n\n\t\t\t\t\t\n\t\t\t\t\t\t\t\t\t\t<h5 class=\"post-title is-large \">\n\t\t\t\t\t\t<a href=\"https:\/\/www.sivildusun.net\/yedek18062024\/sivilportreler-cultheater\/\" class=\"plain\">Cultheater ile k\u00fclt\u00fcrel haklar\u0131 ve yeni projelerini konu\u015ftuk<\/a>\n\t\t\t\t\t<\/h5>\n\t\t\t\t\t\t\t\t\t\t<div class=\"is-divider\"><\/div>\n\t\t\t\t\t\t\t\t\t\t<p class=\"from_the_blog_excerpt \">\n\t\t\t\t\t\tCultheater- K\u00fclt\u00fcr ve Tiyatro Ara\u015ft\u0131rmalar\u0131 Derne\u011fi, 2017 y\u0131l\u0131ndan beri k\u00fclt\u00fcr-sanat alan\u0131nda hak temelli yakla\u015f\u0131mla \u00e7al\u0131\u015fmalar...\t\t\t\t\t<\/p>\n\t\t\t\t\t                    \n\t\t\t\t\t\n\t\t\t\t\t\n\t\t\t\t\t<\/div>\n\t\t\t\t\t<\/div>\n\t\t\t\t\t\t\t\t\t\t\t\t\t\t\t\t<div class=\"badge absolute top post-date badge-square\">\n\t\t\t\t\t\t\t<div class=\"badge-inner\">\n\t\t\t\t\t\t\t\t<span class=\"post-date-day\">14<\/span><br>\n\t\t\t\t\t\t\t\t<span class=\"post-date-month is-xsmall\">Kas<\/span>\n\t\t\t\t\t\t\t<\/div>\n\t\t\t\t\t\t<\/div>\n\t\t\t\t\t\t\t\t\t<\/div>\n\t\t\t<\/div>\n\t\t<\/div><div class=\"col post-item\" >\n\t\t\t<div class=\"col-inner\">\n\t\t\t\t<div class=\"box box-normal box-text-bottom box-blog-post has-hover\">\n            \t\t\t\t\t<div class=\"box-image\" >\n  \t\t\t\t\t\t<div class=\"image-cover\" style=\"padding-top:56.25%;\">\n\t\t\t\t\t\t\t<a href=\"https:\/\/www.sivildusun.net\/yedek18062024\/colyak-dernegi-ile-calismalarini-konustuk\/\" class=\"plain\" aria-label=\"\u00c7\u00f6lyak Derne\u011fi ile \u00e7al\u0131\u015fmalar\u0131n\u0131 konu\u015ftuk\">\n\t\t\t\t\t\t\t\t<img loading=\"lazy\" decoding=\"async\" width=\"600\" height=\"400\" src=\"https:\/\/www.sivildusun.net\/yedek18062024\/wp-content\/uploads\/2018\/05\/Adsiz-tasarim.png\" class=\"attachment-large size-large wp-post-image\" alt=\"\" srcset=\"https:\/\/www.sivildusun.net\/yedek18062024\/wp-content\/uploads\/2018\/05\/Adsiz-tasarim.png 600w, https:\/\/www.sivildusun.net\/yedek18062024\/wp-content\/uploads\/2018\/05\/Adsiz-tasarim-400x267.png 400w\" sizes=\"(max-width: 600px) 100vw, 600px\" \/>\t\t\t\t\t\t\t<\/a>\n  \t\t\t\t\t\t\t  \t\t\t\t\t\t\t  \t\t\t\t\t\t<\/div>\n  \t\t\t\t\t\t  \t\t\t\t\t<\/div>\n          \t\t\t\t\t<div class=\"box-text text-left\" >\n\t\t\t\t\t<div class=\"box-text-inner blog-post-inner\">\n\n\t\t\t\t\t\n\t\t\t\t\t\t\t\t\t\t<h5 class=\"post-title is-large \">\n\t\t\t\t\t\t<a href=\"https:\/\/www.sivildusun.net\/yedek18062024\/colyak-dernegi-ile-calismalarini-konustuk\/\" class=\"plain\">\u00c7\u00f6lyak Derne\u011fi ile \u00e7al\u0131\u015fmalar\u0131n\u0131 konu\u015ftuk<\/a>\n\t\t\t\t\t<\/h5>\n\t\t\t\t\t\t\t\t\t\t<div class=\"is-divider\"><\/div>\n\t\t\t\t\t\t\t\t\t\t<p class=\"from_the_blog_excerpt \">\n\t\t\t\t\t\tSivil D\u00fc\u015f\u00fcn\u2019den \u00d6rg\u00fctlenme Deste\u011fi alarak \u2018\u00c7\u00f6lyakl\u0131lar E\u011fitimde\u2019 \u00e7al\u0131\u015fmas\u0131n\u0131 ger\u00e7ekle\u015ftiren Manisa \u00c7\u00f6lyak ve Organik Beslenme Derne\u011fi...\t\t\t\t\t<\/p>\n\t\t\t\t\t                    \n\t\t\t\t\t\n\t\t\t\t\t\n\t\t\t\t\t<\/div>\n\t\t\t\t\t<\/div>\n\t\t\t\t\t\t\t\t\t\t\t\t\t\t\t\t<div class=\"badge absolute top post-date badge-square\">\n\t\t\t\t\t\t\t<div class=\"badge-inner\">\n\t\t\t\t\t\t\t\t<span class=\"post-date-day\">16<\/span><br>\n\t\t\t\t\t\t\t\t<span class=\"post-date-month is-xsmall\">May<\/span>\n\t\t\t\t\t\t\t<\/div>\n\t\t\t\t\t\t<\/div>\n\t\t\t\t\t\t\t\t\t<\/div>\n\t\t\t<\/div>\n\t\t<\/div><div class=\"col post-item\" >\n\t\t\t<div class=\"col-inner\">\n\t\t\t\t<div class=\"box box-normal box-text-bottom box-blog-post has-hover\">\n            \t\t\t\t\t<div class=\"box-image\" >\n  \t\t\t\t\t\t<div class=\"image-cover\" style=\"padding-top:56.25%;\">\n\t\t\t\t\t\t\t<a href=\"https:\/\/www.sivildusun.net\/yedek18062024\/once-cocuklar-dernegi-hakkim-var-mafe-min-heye\/\" class=\"plain\" aria-label=\"\u00d6nce \u00c7ocuklar Derne\u011fi- &#8216;Hakk\u0131m Var &#8211; Maf\u00ea Min Heye&#8217;\">\n\t\t\t\t\t\t\t\t\t\t\t\t\t\t\t<\/a>\n  \t\t\t\t\t\t\t  \t\t\t\t\t\t\t  \t\t\t\t\t\t<\/div>\n  \t\t\t\t\t\t  \t\t\t\t\t<\/div>\n          \t\t\t\t\t<div class=\"box-text text-left\" >\n\t\t\t\t\t<div class=\"box-text-inner blog-post-inner\">\n\n\t\t\t\t\t\n\t\t\t\t\t\t\t\t\t\t<h5 class=\"post-title is-large \">\n\t\t\t\t\t\t<a href=\"https:\/\/www.sivildusun.net\/yedek18062024\/once-cocuklar-dernegi-hakkim-var-mafe-min-heye\/\" class=\"plain\">\u00d6nce \u00c7ocuklar Derne\u011fi- &#8216;Hakk\u0131m Var &#8211; Maf\u00ea Min Heye&#8217;<\/a>\n\t\t\t\t\t<\/h5>\n\t\t\t\t\t\t\t\t\t\t<div class=\"is-divider\"><\/div>\n\t\t\t\t\t\t\t\t\t\t<p class=\"from_the_blog_excerpt \">\n\t\t\t\t\t\t\u00d6nce \u00c7ocuklar Derne\u011fi, #SivilD\u00fc\u015f\u00fcn deste\u011fiyle \u00e7ocuklar\u0131n kendi haklar\u0131n\u0131 anlatt\u0131\u011f\u0131 &#8216;Hakk\u0131m Var &#8211; Maf\u00ea Min Heye&#8217;...\t\t\t\t\t<\/p>\n\t\t\t\t\t                    \n\t\t\t\t\t\n\t\t\t\t\t\n\t\t\t\t\t<\/div>\n\t\t\t\t\t<\/div>\n\t\t\t\t\t\t\t\t\t\t\t\t\t\t\t\t<div class=\"badge absolute top post-date badge-square\">\n\t\t\t\t\t\t\t<div class=\"badge-inner\">\n\t\t\t\t\t\t\t\t<span class=\"post-date-day\">11<\/span><br>\n\t\t\t\t\t\t\t\t<span class=\"post-date-month is-xsmall\">May<\/span>\n\t\t\t\t\t\t\t<\/div>\n\t\t\t\t\t\t<\/div>\n\t\t\t\t\t\t\t\t\t<\/div>\n\t\t\t<\/div>\n\t\t<\/div><div class=\"col post-item\" >\n\t\t\t<div class=\"col-inner\">\n\t\t\t\t<div class=\"box box-normal box-text-bottom box-blog-post has-hover\">\n            \t\t\t\t\t<div class=\"box-image\" >\n  \t\t\t\t\t\t<div class=\"image-cover\" style=\"padding-top:56.25%;\">\n\t\t\t\t\t\t\t<a href=\"https:\/\/www.sivildusun.net\/yedek18062024\/hakkariden-bir-kadin-bir-hayat-dernegi-ile-calismalarini-konustuk\/\" class=\"plain\" aria-label=\"Hakkari&#8217;den Bir Kad\u0131n Bir Hayat Derne\u011fi ile \u00e7al\u0131\u015fmalar\u0131n\u0131 konu\u015ftuk\">\n\t\t\t\t\t\t\t\t\t\t\t\t\t\t\t<\/a>\n  \t\t\t\t\t\t\t  \t\t\t\t\t\t\t  \t\t\t\t\t\t<\/div>\n  \t\t\t\t\t\t  \t\t\t\t\t<\/div>\n          \t\t\t\t\t<div class=\"box-text text-left\" >\n\t\t\t\t\t<div class=\"box-text-inner blog-post-inner\">\n\n\t\t\t\t\t\n\t\t\t\t\t\t\t\t\t\t<h5 class=\"post-title is-large \">\n\t\t\t\t\t\t<a href=\"https:\/\/www.sivildusun.net\/yedek18062024\/hakkariden-bir-kadin-bir-hayat-dernegi-ile-calismalarini-konustuk\/\" class=\"plain\">Hakkari&#8217;den Bir Kad\u0131n Bir Hayat Derne\u011fi ile \u00e7al\u0131\u015fmalar\u0131n\u0131 konu\u015ftuk<\/a>\n\t\t\t\t\t<\/h5>\n\t\t\t\t\t\t\t\t\t\t<div class=\"is-divider\"><\/div>\n\t\t\t\t\t\t\t\t\t\t<p class=\"from_the_blog_excerpt \">\n\t\t\t\t\t\tGe\u00e7ti\u011fimiz y\u0131l Hakkari\u2019de kurulmu\u015f olan Bir Kad\u0131n Bir Hayat Derne\u011fi, Sivil D\u00fc\u015f\u00fcn deste\u011fi ve Sa\u011fl\u0131kta...\t\t\t\t\t<\/p>\n\t\t\t\t\t                    \n\t\t\t\t\t\n\t\t\t\t\t\n\t\t\t\t\t<\/div>\n\t\t\t\t\t<\/div>\n\t\t\t\t\t\t\t\t\t\t\t\t\t\t\t\t<div class=\"badge absolute top post-date badge-square\">\n\t\t\t\t\t\t\t<div class=\"badge-inner\">\n\t\t\t\t\t\t\t\t<span class=\"post-date-day\">18<\/span><br>\n\t\t\t\t\t\t\t\t<span class=\"post-date-month is-xsmall\">Nis<\/span>\n\t\t\t\t\t\t\t<\/div>\n\t\t\t\t\t\t<\/div>\n\t\t\t\t\t\t\t\t\t<\/div>\n\t\t\t<\/div>\n\t\t<\/div><div class=\"col post-item\" >\n\t\t\t<div class=\"col-inner\">\n\t\t\t\t<div class=\"box box-normal box-text-bottom box-blog-post has-hover\">\n            \t\t\t\t\t<div class=\"box-image\" >\n  \t\t\t\t\t\t<div class=\"image-cover\" style=\"padding-top:56.25%;\">\n\t\t\t\t\t\t\t<a href=\"https:\/\/www.sivildusun.net\/yedek18062024\/koruyucu-tarim-dernegi-sivildusun-destegiyle-ispanyadaydi\/\" class=\"plain\" aria-label=\"Koruyucu Tar\u0131m Derne\u011fi #SivilD\u00fc\u015f\u00fcn deste\u011fiyle \u0130spanya&#8217;dayd\u0131\">\n\t\t\t\t\t\t\t\t\t\t\t\t\t\t\t<\/a>\n  \t\t\t\t\t\t\t  \t\t\t\t\t\t\t  \t\t\t\t\t\t<\/div>\n  \t\t\t\t\t\t  \t\t\t\t\t<\/div>\n          \t\t\t\t\t<div class=\"box-text text-left\" >\n\t\t\t\t\t<div class=\"box-text-inner blog-post-inner\">\n\n\t\t\t\t\t\n\t\t\t\t\t\t\t\t\t\t<h5 class=\"post-title is-large \">\n\t\t\t\t\t\t<a href=\"https:\/\/www.sivildusun.net\/yedek18062024\/koruyucu-tarim-dernegi-sivildusun-destegiyle-ispanyadaydi\/\" class=\"plain\">Koruyucu Tar\u0131m Derne\u011fi #SivilD\u00fc\u015f\u00fcn deste\u011fiyle \u0130spanya&#8217;dayd\u0131<\/a>\n\t\t\t\t\t<\/h5>\n\t\t\t\t\t\t\t\t\t\t<div class=\"is-divider\"><\/div>\n\t\t\t\t\t\t\t\t\t\t<p class=\"from_the_blog_excerpt \">\n\t\t\t\t\t\tKoruyucu Tar\u0131m Derne\u011fi, hem \u00e7ift\u00e7ilerin haklar\u0131 hem de tar\u0131m arazilerinde \u00e7evrenin korunmas\u0131 konular\u0131 ile ilgili...\t\t\t\t\t<\/p>\n\t\t\t\t\t                    \n\t\t\t\t\t\n\t\t\t\t\t\n\t\t\t\t\t<\/div>\n\t\t\t\t\t<\/div>\n\t\t\t\t\t\t\t\t\t\t\t\t\t\t\t\t<div class=\"badge absolute top post-date badge-square\">\n\t\t\t\t\t\t\t<div class=\"badge-inner\">\n\t\t\t\t\t\t\t\t<span class=\"post-date-day\">04<\/span><br>\n\t\t\t\t\t\t\t\t<span class=\"post-date-month is-xsmall\">Nis<\/span>\n\t\t\t\t\t\t\t<\/div>\n\t\t\t\t\t\t<\/div>\n\t\t\t\t\t\t\t\t\t<\/div>\n\t\t\t<\/div>\n\t\t<\/div><div class=\"col post-item\" >\n\t\t\t<div class=\"col-inner\">\n\t\t\t\t<div class=\"box box-normal box-text-bottom box-blog-post has-hover\">\n            \t\t\t\t\t<div class=\"box-image\" >\n  \t\t\t\t\t\t<div class=\"image-cover\" style=\"padding-top:56.25%;\">\n\t\t\t\t\t\t\t<a href=\"https:\/\/www.sivildusun.net\/yedek18062024\/sivilportreler-karakutu-dernegi\/\" class=\"plain\" aria-label=\"#SivilPortreler Karakutu Derne\u011fi\">\n\t\t\t\t\t\t\t\t\t\t\t\t\t\t\t<\/a>\n  \t\t\t\t\t\t\t  \t\t\t\t\t\t\t  \t\t\t\t\t\t<\/div>\n  \t\t\t\t\t\t  \t\t\t\t\t<\/div>\n          \t\t\t\t\t<div class=\"box-text text-left\" >\n\t\t\t\t\t<div class=\"box-text-inner blog-post-inner\">\n\n\t\t\t\t\t\n\t\t\t\t\t\t\t\t\t\t<h5 class=\"post-title is-large \">\n\t\t\t\t\t\t<a href=\"https:\/\/www.sivildusun.net\/yedek18062024\/sivilportreler-karakutu-dernegi\/\" class=\"plain\">#SivilPortreler Karakutu Derne\u011fi<\/a>\n\t\t\t\t\t<\/h5>\n\t\t\t\t\t\t\t\t\t\t<div class=\"is-divider\"><\/div>\n\t\t\t\t\t\t\t\t\t\t<p class=\"from_the_blog_excerpt \">\n\t\t\t\t\t\t[vc_row][vc_column][vc_column_text]Karakutu Derne\u011fi&#8217;nden Sevin\u00e7 Co\u015fkun, Haf\u0131za Yolculu\u011fu Program\u0131 kapsam\u0131nda toplumsal belle\u011fin izini s\u00fcrd\u00fckleri Haf\u0131za Y\u00fcr\u00fcy\u00fc\u015fleri&#8217;ni ve...\t\t\t\t\t<\/p>\n\t\t\t\t\t                    \n\t\t\t\t\t\n\t\t\t\t\t\n\t\t\t\t\t<\/div>\n\t\t\t\t\t<\/div>\n\t\t\t\t\t\t\t\t\t\t\t\t\t\t\t\t<div class=\"badge absolute top post-date badge-square\">\n\t\t\t\t\t\t\t<div class=\"badge-inner\">\n\t\t\t\t\t\t\t\t<span class=\"post-date-day\">22<\/span><br>\n\t\t\t\t\t\t\t\t<span class=\"post-date-month is-xsmall\">Mar<\/span>\n\t\t\t\t\t\t\t<\/div>\n\t\t\t\t\t\t<\/div>\n\t\t\t\t\t\t\t\t\t<\/div>\n\t\t\t<\/div>\n\t\t<\/div><div class=\"col post-item\" >\n\t\t\t<div class=\"col-inner\">\n\t\t\t\t<div class=\"box box-normal box-text-bottom box-blog-post has-hover\">\n            \t\t\t\t\t<div class=\"box-image\" >\n  \t\t\t\t\t\t<div class=\"image-cover\" style=\"padding-top:56.25%;\">\n\t\t\t\t\t\t\t<a href=\"https:\/\/www.sivildusun.net\/yedek18062024\/cinsel-siddete-karsi-hukuki-yardim-dernegi-multeci-kadinlarin-oykusunu-yaziyor\/\" class=\"plain\" aria-label=\"Cinsel \u015eiddete Kar\u015f\u0131 Hukuki Yard\u0131m Derne\u011fi m\u00fclteci kad\u0131nlar\u0131n \u00f6yk\u00fcs\u00fcn\u00fc yaz\u0131yor\">\n\t\t\t\t\t\t\t\t\t\t\t\t\t\t\t<\/a>\n  \t\t\t\t\t\t\t  \t\t\t\t\t\t\t  \t\t\t\t\t\t<\/div>\n  \t\t\t\t\t\t  \t\t\t\t\t<\/div>\n          \t\t\t\t\t<div class=\"box-text text-left\" >\n\t\t\t\t\t<div class=\"box-text-inner blog-post-inner\">\n\n\t\t\t\t\t\n\t\t\t\t\t\t\t\t\t\t<h5 class=\"post-title is-large \">\n\t\t\t\t\t\t<a href=\"https:\/\/www.sivildusun.net\/yedek18062024\/cinsel-siddete-karsi-hukuki-yardim-dernegi-multeci-kadinlarin-oykusunu-yaziyor\/\" class=\"plain\">Cinsel \u015eiddete Kar\u015f\u0131 Hukuki Yard\u0131m Derne\u011fi m\u00fclteci kad\u0131nlar\u0131n \u00f6yk\u00fcs\u00fcn\u00fc yaz\u0131yor<\/a>\n\t\t\t\t\t<\/h5>\n\t\t\t\t\t\t\t\t\t\t<div class=\"is-divider\"><\/div>\n\t\t\t\t\t\t\t\t\t\t<p class=\"from_the_blog_excerpt \">\n\t\t\t\t\t\tCinsel \u015eiddete Kar\u015f\u0131 Hukuki Yard\u0131m Derne\u011fi #SivilD\u00fc\u015f\u00fcn deste\u011fiyle m\u00fclteci kad\u0131nlar\u0131n ba\u015far\u0131 \u00f6yk\u00fclerini bir araya toplad\u0131....\t\t\t\t\t<\/p>\n\t\t\t\t\t                    \n\t\t\t\t\t\n\t\t\t\t\t\n\t\t\t\t\t<\/div>\n\t\t\t\t\t<\/div>\n\t\t\t\t\t\t\t\t\t\t\t\t\t\t\t\t<div class=\"badge absolute top post-date badge-square\">\n\t\t\t\t\t\t\t<div class=\"badge-inner\">\n\t\t\t\t\t\t\t\t<span class=\"post-date-day\">01<\/span><br>\n\t\t\t\t\t\t\t\t<span class=\"post-date-month is-xsmall\">Mar<\/span>\n\t\t\t\t\t\t\t<\/div>\n\t\t\t\t\t\t<\/div>\n\t\t\t\t\t\t\t\t\t<\/div>\n\t\t\t<\/div>\n\t\t<\/div><div class=\"col post-item\" >\n\t\t\t<div class=\"col-inner\">\n\t\t\t\t<div class=\"box box-normal box-text-bottom box-blog-post has-hover\">\n            \t\t\t\t\t<div class=\"box-image\" >\n  \t\t\t\t\t\t<div class=\"image-cover\" style=\"padding-top:56.25%;\">\n\t\t\t\t\t\t\t<a href=\"https:\/\/www.sivildusun.net\/yedek18062024\/hapishanelerde-ucretsiz-ped-hakki-kampanyasinin-detaylarini-dinledik\/\" class=\"plain\" aria-label=\"&#8216;Hapishanelerde \u00dccretsiz Ped Hakk\u0131&#8217; kampanyas\u0131n\u0131n detaylar\u0131n\u0131 dinledik\">\n\t\t\t\t\t\t\t\t\t\t\t\t\t\t\t<\/a>\n  \t\t\t\t\t\t\t  \t\t\t\t\t\t\t  \t\t\t\t\t\t<\/div>\n  \t\t\t\t\t\t  \t\t\t\t\t<\/div>\n          \t\t\t\t\t<div class=\"box-text text-left\" >\n\t\t\t\t\t<div class=\"box-text-inner blog-post-inner\">\n\n\t\t\t\t\t\n\t\t\t\t\t\t\t\t\t\t<h5 class=\"post-title is-large \">\n\t\t\t\t\t\t<a href=\"https:\/\/www.sivildusun.net\/yedek18062024\/hapishanelerde-ucretsiz-ped-hakki-kampanyasinin-detaylarini-dinledik\/\" class=\"plain\">&#8216;Hapishanelerde \u00dccretsiz Ped Hakk\u0131&#8217; kampanyas\u0131n\u0131n detaylar\u0131n\u0131 dinledik<\/a>\n\t\t\t\t\t<\/h5>\n\t\t\t\t\t\t\t\t\t\t<div class=\"is-divider\"><\/div>\n\t\t\t\t\t\t\t\t\t\t<p class=\"from_the_blog_excerpt \">\n\t\t\t\t\t\t#SivilD\u00fc\u015f\u00fcn deste\u011fiyle Hapiste Kad\u0131n A\u011f\u0131&#8217;n\u0131n y\u00fcr\u00fctt\u00fc\u011f\u00fc &#8220;Mahpuslar i\u00e7in \u00dccretsiz Ped Hakk\u0131!&#8221; kampanyas\u0131n\u0131, a\u011f\u0131n temsilcilerinden Duygu...\t\t\t\t\t<\/p>\n\t\t\t\t\t                    \n\t\t\t\t\t\n\t\t\t\t\t\n\t\t\t\t\t<\/div>\n\t\t\t\t\t<\/div>\n\t\t\t\t\t\t\t\t\t\t\t\t\t\t\t\t<div class=\"badge absolute top post-date badge-square\">\n\t\t\t\t\t\t\t<div class=\"badge-inner\">\n\t\t\t\t\t\t\t\t<span class=\"post-date-day\">27<\/span><br>\n\t\t\t\t\t\t\t\t<span class=\"post-date-month is-xsmall\">\u015eub<\/span>\n\t\t\t\t\t\t\t<\/div>\n\t\t\t\t\t\t<\/div>\n\t\t\t\t\t\t\t\t\t<\/div>\n\t\t\t<\/div>\n\t\t<\/div><div class=\"col post-item\" >\n\t\t\t<div class=\"col-inner\">\n\t\t\t\t<div class=\"box box-normal box-text-bottom box-blog-post has-hover\">\n            \t\t\t\t\t<div class=\"box-image\" >\n  \t\t\t\t\t\t<div class=\"image-cover\" style=\"padding-top:56.25%;\">\n\t\t\t\t\t\t\t<a href=\"https:\/\/www.sivildusun.net\/yedek18062024\/dogu-akdeniz-dayanisma-agi-sivil-dusun-destegi-ile-viyanadaydi\/\" class=\"plain\" aria-label=\"Do\u011fu Akdeniz Dayan\u0131\u015fma A\u011f\u0131 Sivil D\u00fc\u015f\u00fcn deste\u011fi ile Viyana&#8217;dayd\u0131\">\n\t\t\t\t\t\t\t\t\t\t\t\t\t\t\t<\/a>\n  \t\t\t\t\t\t\t  \t\t\t\t\t\t\t  \t\t\t\t\t\t<\/div>\n  \t\t\t\t\t\t  \t\t\t\t\t<\/div>\n          \t\t\t\t\t<div class=\"box-text text-left\" >\n\t\t\t\t\t<div class=\"box-text-inner blog-post-inner\">\n\n\t\t\t\t\t\n\t\t\t\t\t\t\t\t\t\t<h5 class=\"post-title is-large \">\n\t\t\t\t\t\t<a href=\"https:\/\/www.sivildusun.net\/yedek18062024\/dogu-akdeniz-dayanisma-agi-sivil-dusun-destegi-ile-viyanadaydi\/\" class=\"plain\">Do\u011fu Akdeniz Dayan\u0131\u015fma A\u011f\u0131 Sivil D\u00fc\u015f\u00fcn deste\u011fi ile Viyana&#8217;dayd\u0131<\/a>\n\t\t\t\t\t<\/h5>\n\t\t\t\t\t\t\t\t\t\t<div class=\"is-divider\"><\/div>\n\t\t\t\t\t\t\t\t\t\t<p class=\"from_the_blog_excerpt \">\n\t\t\t\t\t\tDo\u011fu Akdeniz Dayan\u0131\u015fma A\u011f\u0131\u2019n\u0131 olu\u015fturan Adana Akdam, Mersin-Ba\u011f\u0131ms\u0131z Kad\u0131n Derne\u011fi, Osmaniye-Giri\u015fimci Kad\u0131nlar Derne\u011fi, Samanda\u011f-Kad\u0131n Dayan\u0131\u015fma...\t\t\t\t\t<\/p>\n\t\t\t\t\t                    \n\t\t\t\t\t\n\t\t\t\t\t\n\t\t\t\t\t<\/div>\n\t\t\t\t\t<\/div>\n\t\t\t\t\t\t\t\t\t\t\t\t\t\t\t\t<div class=\"badge absolute top post-date badge-square\">\n\t\t\t\t\t\t\t<div class=\"badge-inner\">\n\t\t\t\t\t\t\t\t<span class=\"post-date-day\">10<\/span><br>\n\t\t\t\t\t\t\t\t<span class=\"post-date-month is-xsmall\">Oca<\/span>\n\t\t\t\t\t\t\t<\/div>\n\t\t\t\t\t\t<\/div>\n\t\t\t\t\t\t\t\t\t<\/div>\n\t\t\t<\/div>\n\t\t<\/div><div class=\"col post-item\" >\n\t\t\t<div class=\"col-inner\">\n\t\t\t\t<div class=\"box box-normal box-text-bottom box-blog-post has-hover\">\n            \t\t\t\t\t<div class=\"box-image\" >\n  \t\t\t\t\t\t<div class=\"image-cover\" style=\"padding-top:56.25%;\">\n\t\t\t\t\t\t\t<a href=\"https:\/\/www.sivildusun.net\/yedek18062024\/sivilportreler-ordu-kadini-guclendirme-dernegi-2\/\" class=\"plain\" aria-label=\"#SivilPortreler Ordu Kad\u0131n\u0131 G\u00fc\u00e7lendirme Derne\u011fi\">\n\t\t\t\t\t\t\t\t\t\t\t\t\t\t\t<\/a>\n  \t\t\t\t\t\t\t  \t\t\t\t\t\t\t  \t\t\t\t\t\t<\/div>\n  \t\t\t\t\t\t  \t\t\t\t\t<\/div>\n          \t\t\t\t\t<div class=\"box-text text-left\" >\n\t\t\t\t\t<div class=\"box-text-inner blog-post-inner\">\n\n\t\t\t\t\t\n\t\t\t\t\t\t\t\t\t\t<h5 class=\"post-title is-large \">\n\t\t\t\t\t\t<a href=\"https:\/\/www.sivildusun.net\/yedek18062024\/sivilportreler-ordu-kadini-guclendirme-dernegi-2\/\" class=\"plain\">#SivilPortreler Ordu Kad\u0131n\u0131 G\u00fc\u00e7lendirme Derne\u011fi<\/a>\n\t\t\t\t\t<\/h5>\n\t\t\t\t\t\t\t\t\t\t<div class=\"is-divider\"><\/div>\n\t\t\t\t\t\t\t\t\t\t<p class=\"from_the_blog_excerpt \">\n\t\t\t\t\t\t[vc_row][vc_column][vc_column_text] Ordu Kad\u0131n\u0131 G\u00fc\u00e7lendirme Derne\u011fi Ba\u015fkan\u0131 Mihriban Yuva #SivilD\u00fc\u015f\u00fcn deste\u011fiyle b\u00f6lgedeki muhtarlara y\u00f6nelik d\u00fczenlendikleri etkinli\u011fi...\t\t\t\t\t<\/p>\n\t\t\t\t\t                    \n\t\t\t\t\t\n\t\t\t\t\t\n\t\t\t\t\t<\/div>\n\t\t\t\t\t<\/div>\n\t\t\t\t\t\t\t\t\t\t\t\t\t\t\t\t<div class=\"badge absolute top post-date badge-square\">\n\t\t\t\t\t\t\t<div class=\"badge-inner\">\n\t\t\t\t\t\t\t\t<span class=\"post-date-day\">03<\/span><br>\n\t\t\t\t\t\t\t\t<span class=\"post-date-month is-xsmall\">Oca<\/span>\n\t\t\t\t\t\t\t<\/div>\n\t\t\t\t\t\t<\/div>\n\t\t\t\t\t\t\t\t\t<\/div>\n\t\t\t<\/div>\n\t\t<\/div><div class=\"col post-item\" >\n\t\t\t<div class=\"col-inner\">\n\t\t\t\t<div class=\"box box-normal box-text-bottom box-blog-post has-hover\">\n            \t\t\t\t\t<div class=\"box-image\" >\n  \t\t\t\t\t\t<div class=\"image-cover\" style=\"padding-top:56.25%;\">\n\t\t\t\t\t\t\t<a href=\"https:\/\/www.sivildusun.net\/yedek18062024\/kent-bostanlarinin-hikayesi-sivil-dusun-destegiyle-yaziliyor\/\" class=\"plain\" aria-label=\"Kent bostanlar\u0131n\u0131n hikayesi Sivil D\u00fc\u015f\u00fcn deste\u011fiyle yaz\u0131l\u0131yor\">\n\t\t\t\t\t\t\t\t\t\t\t\t\t\t\t<\/a>\n  \t\t\t\t\t\t\t  \t\t\t\t\t\t\t  \t\t\t\t\t\t<\/div>\n  \t\t\t\t\t\t  \t\t\t\t\t<\/div>\n          \t\t\t\t\t<div class=\"box-text text-left\" >\n\t\t\t\t\t<div class=\"box-text-inner blog-post-inner\">\n\n\t\t\t\t\t\n\t\t\t\t\t\t\t\t\t\t<h5 class=\"post-title is-large \">\n\t\t\t\t\t\t<a href=\"https:\/\/www.sivildusun.net\/yedek18062024\/kent-bostanlarinin-hikayesi-sivil-dusun-destegiyle-yaziliyor\/\" class=\"plain\">Kent bostanlar\u0131n\u0131n hikayesi Sivil D\u00fc\u015f\u00fcn deste\u011fiyle yaz\u0131l\u0131yor<\/a>\n\t\t\t\t\t<\/h5>\n\t\t\t\t\t\t\t\t\t\t<div class=\"is-divider\"><\/div>\n\t\t\t\t\t\t\t\t\t\t<p class=\"from_the_blog_excerpt \">\n\t\t\t\t\t\t66 Kolektif \u00fcyeleri \u0130stanbul bostanlar\u0131n\u0131n hikayesini yaz\u0131yor.\u00a0 Do\u011fa ile yeniden ba\u011f kurmak, kent m\u00fc\u015ftereklerini korumak...\t\t\t\t\t<\/p>\n\t\t\t\t\t                    \n\t\t\t\t\t\n\t\t\t\t\t\n\t\t\t\t\t<\/div>\n\t\t\t\t\t<\/div>\n\t\t\t\t\t\t\t\t\t\t\t\t\t\t\t\t<div class=\"badge absolute top post-date badge-square\">\n\t\t\t\t\t\t\t<div class=\"badge-inner\">\n\t\t\t\t\t\t\t\t<span class=\"post-date-day\">12<\/span><br>\n\t\t\t\t\t\t\t\t<span class=\"post-date-month is-xsmall\">Ara<\/span>\n\t\t\t\t\t\t\t<\/div>\n\t\t\t\t\t\t<\/div>\n\t\t\t\t\t\t\t\t\t<\/div>\n\t\t\t<\/div>\n\t\t<\/div><div class=\"col post-item\" >\n\t\t\t<div class=\"col-inner\">\n\t\t\t\t<div class=\"box box-normal box-text-bottom box-blog-post has-hover\">\n            \t\t\t\t\t<div class=\"box-image\" >\n  \t\t\t\t\t\t<div class=\"image-cover\" style=\"padding-top:56.25%;\">\n\t\t\t\t\t\t\t<a href=\"https:\/\/www.sivildusun.net\/yedek18062024\/sivilportreler-belgesel-sinemacilar-birligi-yasin-ali-turkeri\/\" class=\"plain\" aria-label=\"#SivilPortreler Belgesel Sinemac\u0131lar Birli\u011fi- Yasin Ali T\u00fcrkeri\">\n\t\t\t\t\t\t\t\t\t\t\t\t\t\t\t<\/a>\n  \t\t\t\t\t\t\t  \t\t\t\t\t\t\t  \t\t\t\t\t\t<\/div>\n  \t\t\t\t\t\t  \t\t\t\t\t<\/div>\n          \t\t\t\t\t<div class=\"box-text text-left\" >\n\t\t\t\t\t<div class=\"box-text-inner blog-post-inner\">\n\n\t\t\t\t\t\n\t\t\t\t\t\t\t\t\t\t<h5 class=\"post-title is-large \">\n\t\t\t\t\t\t<a href=\"https:\/\/www.sivildusun.net\/yedek18062024\/sivilportreler-belgesel-sinemacilar-birligi-yasin-ali-turkeri\/\" class=\"plain\">#SivilPortreler Belgesel Sinemac\u0131lar Birli\u011fi- Yasin Ali T\u00fcrkeri<\/a>\n\t\t\t\t\t<\/h5>\n\t\t\t\t\t\t\t\t\t\t<div class=\"is-divider\"><\/div>\n\t\t\t\t\t\t\t\t\t\t<p class=\"from_the_blog_excerpt \">\n\t\t\t\t\t\tBelgesel Sinemac\u0131lar Birli\u011fi&#8217;nden Yasin Ali T\u00fcrkeri ile Avrupa \u0130nsan Haklar\u0131 ve Demokrasi Arac\u0131 &#8211; D\u0130HAA...\t\t\t\t\t<\/p>\n\t\t\t\t\t                    \n\t\t\t\t\t\n\t\t\t\t\t\n\t\t\t\t\t<\/div>\n\t\t\t\t\t<\/div>\n\t\t\t\t\t\t\t\t\t\t\t\t\t\t\t\t<div class=\"badge absolute top post-date badge-square\">\n\t\t\t\t\t\t\t<div class=\"badge-inner\">\n\t\t\t\t\t\t\t\t<span class=\"post-date-day\">21<\/span><br>\n\t\t\t\t\t\t\t\t<span class=\"post-date-month is-xsmall\">Eyl<\/span>\n\t\t\t\t\t\t\t<\/div>\n\t\t\t\t\t\t<\/div>\n\t\t\t\t\t\t\t\t\t<\/div>\n\t\t\t<\/div>\n\t\t<\/div><div class=\"col post-item\" >\n\t\t\t<div class=\"col-inner\">\n\t\t\t\t<div class=\"box box-normal box-text-bottom box-blog-post has-hover\">\n            \t\t\t\t\t<div class=\"box-image\" >\n  \t\t\t\t\t\t<div class=\"image-cover\" style=\"padding-top:56.25%;\">\n\t\t\t\t\t\t\t<a href=\"https:\/\/www.sivildusun.net\/yedek18062024\/sinema-televizyon-sendikasi-ile-setlerde-isci-sagligi-ve-guvenligi-uzerine-konustuk\/\" class=\"plain\" aria-label=\"Sinema Televizyon Sendikas\u0131 ile setlerde i\u015f\u00e7i sa\u011fl\u0131\u011f\u0131 ve g\u00fcvenli\u011fi \u00fczerine konu\u015ftuk\">\n\t\t\t\t\t\t\t\t\t\t\t\t\t\t\t<\/a>\n  \t\t\t\t\t\t\t  \t\t\t\t\t\t\t  \t\t\t\t\t\t<\/div>\n  \t\t\t\t\t\t  \t\t\t\t\t<\/div>\n          \t\t\t\t\t<div class=\"box-text text-left\" >\n\t\t\t\t\t<div class=\"box-text-inner blog-post-inner\">\n\n\t\t\t\t\t\n\t\t\t\t\t\t\t\t\t\t<h5 class=\"post-title is-large \">\n\t\t\t\t\t\t<a href=\"https:\/\/www.sivildusun.net\/yedek18062024\/sinema-televizyon-sendikasi-ile-setlerde-isci-sagligi-ve-guvenligi-uzerine-konustuk\/\" class=\"plain\">Sinema Televizyon Sendikas\u0131 ile setlerde i\u015f\u00e7i sa\u011fl\u0131\u011f\u0131 ve g\u00fcvenli\u011fi \u00fczerine konu\u015ftuk<\/a>\n\t\t\t\t\t<\/h5>\n\t\t\t\t\t\t\t\t\t\t<div class=\"is-divider\"><\/div>\n\t\t\t\t\t\t\t\t\t\t<p class=\"from_the_blog_excerpt \">\n\t\t\t\t\t\tKurulu\u015f \u00e7al\u0131\u015fmalar\u0131n\u0131, sendikal faaliyetlerini ve Sivil D\u00fc\u015f\u00fcn deste\u011fiyle \u00e7\u0131kard\u0131klar\u0131 Setlerde \u0130\u015f\u00e7i Sa\u011fl\u0131\u011f\u0131 ve \u0130\u015f G\u00fcvenli\u011fi...\t\t\t\t\t<\/p>\n\t\t\t\t\t                    \n\t\t\t\t\t\n\t\t\t\t\t\n\t\t\t\t\t<\/div>\n\t\t\t\t\t<\/div>\n\t\t\t\t\t\t\t\t\t\t\t\t\t\t\t\t<div class=\"badge absolute top post-date badge-square\">\n\t\t\t\t\t\t\t<div class=\"badge-inner\">\n\t\t\t\t\t\t\t\t<span class=\"post-date-day\">16<\/span><br>\n\t\t\t\t\t\t\t\t<span class=\"post-date-month is-xsmall\">Eyl<\/span>\n\t\t\t\t\t\t\t<\/div>\n\t\t\t\t\t\t<\/div>\n\t\t\t\t\t\t\t\t\t<\/div>\n\t\t\t<\/div>\n\t\t<\/div><div class=\"col post-item\" >\n\t\t\t<div class=\"col-inner\">\n\t\t\t\t<div class=\"box box-normal box-text-bottom box-blog-post has-hover\">\n            \t\t\t\t\t<div class=\"box-image\" >\n  \t\t\t\t\t\t<div class=\"image-cover\" style=\"padding-top:56.25%;\">\n\t\t\t\t\t\t\t<a href=\"https:\/\/www.sivildusun.net\/yedek18062024\/sivilportreler-siddet-magduru-cocuklara-ailelerine-yonelik-web-tabanli-basvuru-rehberi-gelistirilmesi\/\" class=\"plain\" aria-label=\"#SivilPortreler \u015eiddet ma\u011fduru \u00e7ocuklara ve ailelerine y\u00f6nelik web tabanl\u0131 ba\u015fvuru rehberi geli\u015ftirilmesi\">\n\t\t\t\t\t\t\t\t<img loading=\"lazy\" decoding=\"async\" width=\"458\" height=\"257\" src=\"https:\/\/www.sivildusun.net\/yedek18062024\/wp-content\/uploads\/2021\/02\/nophoto-2.jpg\" class=\"attachment-large size-large wp-post-image default-featured-img\" alt=\"\" srcset=\"https:\/\/www.sivildusun.net\/yedek18062024\/wp-content\/uploads\/2021\/02\/nophoto-2.jpg 458w, https:\/\/www.sivildusun.net\/yedek18062024\/wp-content\/uploads\/2021\/02\/nophoto-2-400x224.jpg 400w\" sizes=\"(max-width: 458px) 100vw, 458px\" \/>\t\t\t\t\t\t\t<\/a>\n  \t\t\t\t\t\t\t  \t\t\t\t\t\t\t  \t\t\t\t\t\t<\/div>\n  \t\t\t\t\t\t  \t\t\t\t\t<\/div>\n          \t\t\t\t\t<div class=\"box-text text-left\" >\n\t\t\t\t\t<div class=\"box-text-inner blog-post-inner\">\n\n\t\t\t\t\t\n\t\t\t\t\t\t\t\t\t\t<h5 class=\"post-title is-large \">\n\t\t\t\t\t\t<a href=\"https:\/\/www.sivildusun.net\/yedek18062024\/sivilportreler-siddet-magduru-cocuklara-ailelerine-yonelik-web-tabanli-basvuru-rehberi-gelistirilmesi\/\" class=\"plain\">#SivilPortreler \u015eiddet ma\u011fduru \u00e7ocuklara ve ailelerine y\u00f6nelik web tabanl\u0131 ba\u015fvuru rehberi geli\u015ftirilmesi<\/a>\n\t\t\t\t\t<\/h5>\n\t\t\t\t\t\t\t\t\t\t<div class=\"is-divider\"><\/div>\n\t\t\t\t\t\t\t\t\t\t<p class=\"from_the_blog_excerpt \">\n\t\t\t\t\t\t[vc_row][vc_column][vc_column_text]H\u00fcmanist Grup Derne\u011fi \u00e7al\u0131\u015fma ile cinsel istismar ma\u011fduru \u00e7ocuklar ve ailelerinin bu problemle m\u00fccadele ederken...\t\t\t\t\t<\/p>\n\t\t\t\t\t                    \n\t\t\t\t\t\n\t\t\t\t\t\n\t\t\t\t\t<\/div>\n\t\t\t\t\t<\/div>\n\t\t\t\t\t\t\t\t\t\t\t\t\t\t\t\t<div class=\"badge absolute top post-date badge-square\">\n\t\t\t\t\t\t\t<div class=\"badge-inner\">\n\t\t\t\t\t\t\t\t<span class=\"post-date-day\">13<\/span><br>\n\t\t\t\t\t\t\t\t<span class=\"post-date-month is-xsmall\">Eyl<\/span>\n\t\t\t\t\t\t\t<\/div>\n\t\t\t\t\t\t<\/div>\n\t\t\t\t\t\t\t\t\t<\/div>\n\t\t\t<\/div>\n\t\t<\/div><div class=\"col post-item\" >\n\t\t\t<div class=\"col-inner\">\n\t\t\t\t<div class=\"box box-normal box-text-bottom box-blog-post has-hover\">\n            \t\t\t\t\t<div class=\"box-image\" >\n  \t\t\t\t\t\t<div class=\"image-cover\" style=\"padding-top:56.25%;\">\n\t\t\t\t\t\t\t<a href=\"https:\/\/www.sivildusun.net\/yedek18062024\/sivilportreler-yolsuzluk-magduru-taniklarinin-guclendirilmesi\/\" class=\"plain\" aria-label=\"#SivilPortreler Yolsuzluk Ma\u011fduru ve Tan\u0131klar\u0131n\u0131n G\u00fc\u00e7lendirilmesi\">\n\t\t\t\t\t\t\t\t\t\t\t\t\t\t\t<\/a>\n  \t\t\t\t\t\t\t  \t\t\t\t\t\t\t  \t\t\t\t\t\t<\/div>\n  \t\t\t\t\t\t  \t\t\t\t\t<\/div>\n          \t\t\t\t\t<div class=\"box-text text-left\" >\n\t\t\t\t\t<div class=\"box-text-inner blog-post-inner\">\n\n\t\t\t\t\t\n\t\t\t\t\t\t\t\t\t\t<h5 class=\"post-title is-large \">\n\t\t\t\t\t\t<a href=\"https:\/\/www.sivildusun.net\/yedek18062024\/sivilportreler-yolsuzluk-magduru-taniklarinin-guclendirilmesi\/\" class=\"plain\">#SivilPortreler Yolsuzluk Ma\u011fduru ve Tan\u0131klar\u0131n\u0131n G\u00fc\u00e7lendirilmesi<\/a>\n\t\t\t\t\t<\/h5>\n\t\t\t\t\t\t\t\t\t\t<div class=\"is-divider\"><\/div>\n\t\t\t\t\t\t\t\t\t\t<p class=\"from_the_blog_excerpt \">\n\t\t\t\t\t\t[vc_row][vc_column][vc_column_text]Uluslararas\u0131 \u015eeffafl\u0131k Derne\u011fi ve Say\u0131\u015ftay Denet\u00e7ileri Derne\u011fi&#8217;nin #SivilD\u00fc\u015f\u00fcn deste\u011fiyle y\u00fcr\u00fctt\u00fc\u011f\u00fc \u00e7al\u0131\u015fma ile yolsuzluk ma\u011fdurlar\u0131n\u0131n hak...\t\t\t\t\t<\/p>\n\t\t\t\t\t                    \n\t\t\t\t\t\n\t\t\t\t\t\n\t\t\t\t\t<\/div>\n\t\t\t\t\t<\/div>\n\t\t\t\t\t\t\t\t\t\t\t\t\t\t\t\t<div class=\"badge absolute top post-date badge-square\">\n\t\t\t\t\t\t\t<div class=\"badge-inner\">\n\t\t\t\t\t\t\t\t<span class=\"post-date-day\">16<\/span><br>\n\t\t\t\t\t\t\t\t<span class=\"post-date-month is-xsmall\">A\u011fu<\/span>\n\t\t\t\t\t\t\t<\/div>\n\t\t\t\t\t\t<\/div>\n\t\t\t\t\t\t\t\t\t<\/div>\n\t\t\t<\/div>\n\t\t<\/div><div class=\"col post-item\" >\n\t\t\t<div class=\"col-inner\">\n\t\t\t\t<div class=\"box box-normal box-text-bottom box-blog-post has-hover\">\n            \t\t\t\t\t<div class=\"box-image\" >\n  \t\t\t\t\t\t<div class=\"image-cover\" style=\"padding-top:56.25%;\">\n\t\t\t\t\t\t\t<a href=\"https:\/\/www.sivildusun.net\/yedek18062024\/sivilportreler-ankara-bisikletliler-ortak-platformu-abop\/\" class=\"plain\" aria-label=\"#SivilPortreler Ankara Bisikletliler Ortak Platformu- ABOP\">\n\t\t\t\t\t\t\t\t\t\t\t\t\t\t\t<\/a>\n  \t\t\t\t\t\t\t  \t\t\t\t\t\t\t  \t\t\t\t\t\t<\/div>\n  \t\t\t\t\t\t  \t\t\t\t\t<\/div>\n          \t\t\t\t\t<div class=\"box-text text-left\" >\n\t\t\t\t\t<div class=\"box-text-inner blog-post-inner\">\n\n\t\t\t\t\t\n\t\t\t\t\t\t\t\t\t\t<h5 class=\"post-title is-large \">\n\t\t\t\t\t\t<a href=\"https:\/\/www.sivildusun.net\/yedek18062024\/sivilportreler-ankara-bisikletliler-ortak-platformu-abop\/\" class=\"plain\">#SivilPortreler Ankara Bisikletliler Ortak Platformu- ABOP<\/a>\n\t\t\t\t\t<\/h5>\n\t\t\t\t\t\t\t\t\t\t<div class=\"is-divider\"><\/div>\n\t\t\t\t\t\t\t\t\t\t<p class=\"from_the_blog_excerpt \">\n\t\t\t\t\t\t[vc_row][vc_column][vc_column_text]#SivilPortreler Ankara Bisikletliler Ortak Platformu &#8211; ABOP\u200b Sivil D\u00fc\u015f\u00fcn deste\u011fiyle &#8216;Bisikletle hayata dokun!&#8217; diyor, ula\u015f\u0131m...\t\t\t\t\t<\/p>\n\t\t\t\t\t                    \n\t\t\t\t\t\n\t\t\t\t\t\n\t\t\t\t\t<\/div>\n\t\t\t\t\t<\/div>\n\t\t\t\t\t\t\t\t\t\t\t\t\t\t\t\t<div class=\"badge absolute top post-date badge-square\">\n\t\t\t\t\t\t\t<div class=\"badge-inner\">\n\t\t\t\t\t\t\t\t<span class=\"post-date-day\">16<\/span><br>\n\t\t\t\t\t\t\t\t<span class=\"post-date-month is-xsmall\">A\u011fu<\/span>\n\t\t\t\t\t\t\t<\/div>\n\t\t\t\t\t\t<\/div>\n\t\t\t\t\t\t\t\t\t<\/div>\n\t\t\t<\/div>\n\t\t<\/div><div class=\"col post-item\" >\n\t\t\t<div class=\"col-inner\">\n\t\t\t\t<div class=\"box box-normal box-text-bottom box-blog-post has-hover\">\n            \t\t\t\t\t<div class=\"box-image\" >\n  \t\t\t\t\t\t<div class=\"image-cover\" style=\"padding-top:56.25%;\">\n\t\t\t\t\t\t\t<a href=\"https:\/\/www.sivildusun.net\/yedek18062024\/sivilportreler-imece-ev-iscileri-sendikasi\/\" class=\"plain\" aria-label=\"#SivilPortreler \u0130mece Ev \u0130\u015f\u00e7ileri Sendikas\u0131\">\n\t\t\t\t\t\t\t\t\t\t\t\t\t\t\t<\/a>\n  \t\t\t\t\t\t\t  \t\t\t\t\t\t\t  \t\t\t\t\t\t<\/div>\n  \t\t\t\t\t\t  \t\t\t\t\t<\/div>\n          \t\t\t\t\t<div class=\"box-text text-left\" >\n\t\t\t\t\t<div class=\"box-text-inner blog-post-inner\">\n\n\t\t\t\t\t\n\t\t\t\t\t\t\t\t\t\t<h5 class=\"post-title is-large \">\n\t\t\t\t\t\t<a href=\"https:\/\/www.sivildusun.net\/yedek18062024\/sivilportreler-imece-ev-iscileri-sendikasi\/\" class=\"plain\">#SivilPortreler \u0130mece Ev \u0130\u015f\u00e7ileri Sendikas\u0131<\/a>\n\t\t\t\t\t<\/h5>\n\t\t\t\t\t\t\t\t\t\t<div class=\"is-divider\"><\/div>\n\t\t\t\t\t\t\t\t\t\t<p class=\"from_the_blog_excerpt \">\n\t\t\t\t\t\t[vc_row][vc_column][vc_column_text]\u0130mece Ev \u0130\u015f\u00e7ileri Sendikas\u0131 #SivilD\u00fc\u015f\u00fcn deste\u011fiyle \u00f6rg\u00fctlenme \u00e7al\u0131\u015fmalar\u0131na devam ediyor, uluslararas\u0131 a\u011flarla bir araya geliyor...\t\t\t\t\t<\/p>\n\t\t\t\t\t                    \n\t\t\t\t\t\n\t\t\t\t\t\n\t\t\t\t\t<\/div>\n\t\t\t\t\t<\/div>\n\t\t\t\t\t\t\t\t\t\t\t\t\t\t\t\t<div class=\"badge absolute top post-date badge-square\">\n\t\t\t\t\t\t\t<div class=\"badge-inner\">\n\t\t\t\t\t\t\t\t<span class=\"post-date-day\">16<\/span><br>\n\t\t\t\t\t\t\t\t<span class=\"post-date-month is-xsmall\">A\u011fu<\/span>\n\t\t\t\t\t\t\t<\/div>\n\t\t\t\t\t\t<\/div>\n\t\t\t\t\t\t\t\t\t<\/div>\n\t\t\t<\/div>\n\t\t<\/div><div class=\"col post-item\" >\n\t\t\t<div class=\"col-inner\">\n\t\t\t\t<div class=\"box box-normal box-text-bottom box-blog-post has-hover\">\n            \t\t\t\t\t<div class=\"box-image\" >\n  \t\t\t\t\t\t<div class=\"image-cover\" style=\"padding-top:56.25%;\">\n\t\t\t\t\t\t\t<a href=\"https:\/\/www.sivildusun.net\/yedek18062024\/sivilportreler-barinak-hep-beraber\/\" class=\"plain\" aria-label=\"#SivilPortreler Bar\u0131nak Hep Beraber\">\n\t\t\t\t\t\t\t\t\t\t\t\t\t\t\t<\/a>\n  \t\t\t\t\t\t\t  \t\t\t\t\t\t\t  \t\t\t\t\t\t<\/div>\n  \t\t\t\t\t\t  \t\t\t\t\t<\/div>\n          \t\t\t\t\t<div class=\"box-text text-left\" >\n\t\t\t\t\t<div class=\"box-text-inner blog-post-inner\">\n\n\t\t\t\t\t\n\t\t\t\t\t\t\t\t\t\t<h5 class=\"post-title is-large \">\n\t\t\t\t\t\t<a href=\"https:\/\/www.sivildusun.net\/yedek18062024\/sivilportreler-barinak-hep-beraber\/\" class=\"plain\">#SivilPortreler Bar\u0131nak Hep Beraber<\/a>\n\t\t\t\t\t<\/h5>\n\t\t\t\t\t\t\t\t\t\t<div class=\"is-divider\"><\/div>\n\t\t\t\t\t\t\t\t\t\t<p class=\"from_the_blog_excerpt \">\n\t\t\t\t\t\tBurcu \u00c7a\u011flayan #SivilD\u00fc\u015f\u00fcn deste\u011fiyle Avrupa&#8217;daki hayvan bar\u0131naklar\u0131n\u0131 dola\u015farak T\u00fcrkiye&#8217;deki bar\u0131naklarda ya\u015fayan hayvanlar\u0131n durumunun iyile\u015ftirilmesi i\u00e7in...\t\t\t\t\t<\/p>\n\t\t\t\t\t                    \n\t\t\t\t\t\n\t\t\t\t\t\n\t\t\t\t\t<\/div>\n\t\t\t\t\t<\/div>\n\t\t\t\t\t\t\t\t\t\t\t\t\t\t\t\t<div class=\"badge absolute top post-date badge-square\">\n\t\t\t\t\t\t\t<div class=\"badge-inner\">\n\t\t\t\t\t\t\t\t<span class=\"post-date-day\">18<\/span><br>\n\t\t\t\t\t\t\t\t<span class=\"post-date-month is-xsmall\">Haz<\/span>\n\t\t\t\t\t\t\t<\/div>\n\t\t\t\t\t\t<\/div>\n\t\t\t\t\t\t\t\t\t<\/div>\n\t\t\t<\/div>\n\t\t<\/div><div class=\"col post-item\" >\n\t\t\t<div class=\"col-inner\">\n\t\t\t\t<div class=\"box box-normal box-text-bottom box-blog-post has-hover\">\n            \t\t\t\t\t<div class=\"box-image\" >\n  \t\t\t\t\t\t<div class=\"image-cover\" style=\"padding-top:56.25%;\">\n\t\t\t\t\t\t\t<a href=\"https:\/\/www.sivildusun.net\/yedek18062024\/engelsizfestival-tekerlekli-sandalye-simulatoru\/\" class=\"plain\" aria-label=\"#EngelsizFestival Tekerlekli sandalye sim\u00fclat\u00f6r\u00fc\">\n\t\t\t\t\t\t\t\t\t\t\t\t\t\t\t<\/a>\n  \t\t\t\t\t\t\t  \t\t\t\t\t\t\t  \t\t\t\t\t\t<\/div>\n  \t\t\t\t\t\t  \t\t\t\t\t<\/div>\n          \t\t\t\t\t<div class=\"box-text text-left\" >\n\t\t\t\t\t<div class=\"box-text-inner blog-post-inner\">\n\n\t\t\t\t\t\n\t\t\t\t\t\t\t\t\t\t<h5 class=\"post-title is-large \">\n\t\t\t\t\t\t<a href=\"https:\/\/www.sivildusun.net\/yedek18062024\/engelsizfestival-tekerlekli-sandalye-simulatoru\/\" class=\"plain\">#EngelsizFestival Tekerlekli sandalye sim\u00fclat\u00f6r\u00fc<\/a>\n\t\t\t\t\t<\/h5>\n\t\t\t\t\t\t\t\t\t\t<div class=\"is-divider\"><\/div>\n\t\t\t\t\t\t\t\t\t\t<p class=\"from_the_blog_excerpt \">\n\t\t\t\t\t\t[vc_row][vc_column][vc_column_text]#EngelsizFestival kat\u0131l\u0131mc\u0131lar\u0131 sanal ger\u00e7eklikle empati kuruyor. Tekerlekli sandalye sim\u00fclat\u00f6r\u00fcn\u00fc kullananlar deneyimlerini anlatt\u0131.[\/vc_column_text][\/vc_column][\/vc_row]\t\t\t\t\t<\/p>\n\t\t\t\t\t                    \n\t\t\t\t\t\n\t\t\t\t\t\n\t\t\t\t\t<\/div>\n\t\t\t\t\t<\/div>\n\t\t\t\t\t\t\t\t\t\t\t\t\t\t\t\t<div class=\"badge absolute top post-date badge-square\">\n\t\t\t\t\t\t\t<div class=\"badge-inner\">\n\t\t\t\t\t\t\t\t<span class=\"post-date-day\">24<\/span><br>\n\t\t\t\t\t\t\t\t<span class=\"post-date-month is-xsmall\">May<\/span>\n\t\t\t\t\t\t\t<\/div>\n\t\t\t\t\t\t<\/div>\n\t\t\t\t\t\t\t\t\t<\/div>\n\t\t\t<\/div>\n\t\t<\/div><div class=\"col post-item\" >\n\t\t\t<div class=\"col-inner\">\n\t\t\t\t<div class=\"box box-normal box-text-bottom box-blog-post has-hover\">\n            \t\t\t\t\t<div class=\"box-image\" >\n  \t\t\t\t\t\t<div class=\"image-cover\" style=\"padding-top:56.25%;\">\n\t\t\t\t\t\t\t<a href=\"https:\/\/www.sivildusun.net\/yedek18062024\/hayat-sende-dernegi-ile-calismalarini-konustuk\/\" class=\"plain\" aria-label=\"Hayat Sende Derne\u011fi ile \u00e7al\u0131\u015fmalar\u0131n\u0131 konu\u015ftuk\">\n\t\t\t\t\t\t\t\t\t\t\t\t\t\t\t<\/a>\n  \t\t\t\t\t\t\t  \t\t\t\t\t\t\t  \t\t\t\t\t\t<\/div>\n  \t\t\t\t\t\t  \t\t\t\t\t<\/div>\n          \t\t\t\t\t<div class=\"box-text text-left\" >\n\t\t\t\t\t<div class=\"box-text-inner blog-post-inner\">\n\n\t\t\t\t\t\n\t\t\t\t\t\t\t\t\t\t<h5 class=\"post-title is-large \">\n\t\t\t\t\t\t<a href=\"https:\/\/www.sivildusun.net\/yedek18062024\/hayat-sende-dernegi-ile-calismalarini-konustuk\/\" class=\"plain\">Hayat Sende Derne\u011fi ile \u00e7al\u0131\u015fmalar\u0131n\u0131 konu\u015ftuk<\/a>\n\t\t\t\t\t<\/h5>\n\t\t\t\t\t\t\t\t\t\t<div class=\"is-divider\"><\/div>\n\t\t\t\t\t\t\t\t\t\t<p class=\"from_the_blog_excerpt \">\n\t\t\t\t\t\t2007 y\u0131l\u0131nda, koruma alt\u0131ndaki \u00e7ocuk ve gen\u00e7lerin haklar\u0131n\u0131 savunmak amac\u0131yla kurulan Hayat Sende Derne\u011fi&#8216;nden Abdullah...\t\t\t\t\t<\/p>\n\t\t\t\t\t                    \n\t\t\t\t\t\n\t\t\t\t\t\n\t\t\t\t\t<\/div>\n\t\t\t\t\t<\/div>\n\t\t\t\t\t\t\t\t\t\t\t\t\t\t\t\t<div class=\"badge absolute top post-date badge-square\">\n\t\t\t\t\t\t\t<div class=\"badge-inner\">\n\t\t\t\t\t\t\t\t<span class=\"post-date-day\">26<\/span><br>\n\t\t\t\t\t\t\t\t<span class=\"post-date-month is-xsmall\">Nis<\/span>\n\t\t\t\t\t\t\t<\/div>\n\t\t\t\t\t\t<\/div>\n\t\t\t\t\t\t\t\t\t<\/div>\n\t\t\t<\/div>\n\t\t<\/div><div class=\"col post-item\" >\n\t\t\t<div class=\"col-inner\">\n\t\t\t\t<div class=\"box box-normal box-text-bottom box-blog-post has-hover\">\n            \t\t\t\t\t<div class=\"box-image\" >\n  \t\t\t\t\t\t<div class=\"image-cover\" style=\"padding-top:56.25%;\">\n\t\t\t\t\t\t\t<a href=\"https:\/\/www.sivildusun.net\/yedek18062024\/ruh-sagligi-alaninda-kurumsuzlastirma-sempozyumu-uzerine-rusihak-ile-konustuk\/\" class=\"plain\" aria-label=\"Ruh sa\u011fl\u0131\u011f\u0131 alan\u0131nda kurumsuzla\u015ft\u0131rma sempozyumu \u00fczerine RUS\u0130HAK ile konu\u015ftuk\">\n\t\t\t\t\t\t\t\t\t\t\t\t\t\t\t<\/a>\n  \t\t\t\t\t\t\t  \t\t\t\t\t\t\t  \t\t\t\t\t\t<\/div>\n  \t\t\t\t\t\t  \t\t\t\t\t<\/div>\n          \t\t\t\t\t<div class=\"box-text text-left\" >\n\t\t\t\t\t<div class=\"box-text-inner blog-post-inner\">\n\n\t\t\t\t\t\n\t\t\t\t\t\t\t\t\t\t<h5 class=\"post-title is-large \">\n\t\t\t\t\t\t<a href=\"https:\/\/www.sivildusun.net\/yedek18062024\/ruh-sagligi-alaninda-kurumsuzlastirma-sempozyumu-uzerine-rusihak-ile-konustuk\/\" class=\"plain\">Ruh sa\u011fl\u0131\u011f\u0131 alan\u0131nda kurumsuzla\u015ft\u0131rma sempozyumu \u00fczerine RUS\u0130HAK ile konu\u015ftuk<\/a>\n\t\t\t\t\t<\/h5>\n\t\t\t\t\t\t\t\t\t\t<div class=\"is-divider\"><\/div>\n\t\t\t\t\t\t\t\t\t\t<p class=\"from_the_blog_excerpt \">\n\t\t\t\t\t\t\u201cRuh sa\u011fl\u0131\u011f\u0131 alan\u0131nda kurumsuzla\u015ft\u0131rma\u201d konulu bir sempozyum ger\u00e7ekle\u015ftiren Ruh Sa\u011fl\u0131\u011f\u0131nda \u0130nsan Haklar\u0131 Giri\u015fimi Derne\u011fi\u2019nden \u015eehnaz...\t\t\t\t\t<\/p>\n\t\t\t\t\t                    \n\t\t\t\t\t\n\t\t\t\t\t\n\t\t\t\t\t<\/div>\n\t\t\t\t\t<\/div>\n\t\t\t\t\t\t\t\t\t\t\t\t\t\t\t\t<div class=\"badge absolute top post-date badge-square\">\n\t\t\t\t\t\t\t<div class=\"badge-inner\">\n\t\t\t\t\t\t\t\t<span class=\"post-date-day\">12<\/span><br>\n\t\t\t\t\t\t\t\t<span class=\"post-date-month is-xsmall\">Nis<\/span>\n\t\t\t\t\t\t\t<\/div>\n\t\t\t\t\t\t<\/div>\n\t\t\t\t\t\t\t\t\t<\/div>\n\t\t\t<\/div>\n\t\t<\/div><div class=\"col post-item\" >\n\t\t\t<div class=\"col-inner\">\n\t\t\t\t<div class=\"box box-normal box-text-bottom box-blog-post has-hover\">\n            \t\t\t\t\t<div class=\"box-image\" >\n  \t\t\t\t\t\t<div class=\"image-cover\" style=\"padding-top:56.25%;\">\n\t\t\t\t\t\t\t<a href=\"https:\/\/www.sivildusun.net\/yedek18062024\/natura-ile-sivil-dusun-destegiyle-gerceklestirdikleri-ingilteredeki-calisma-ziyaretlerini-konustuk\/\" class=\"plain\" aria-label=\"NATURA ile Sivil D\u00fc\u015f\u00fcn deste\u011fiyle ger\u00e7ekle\u015ftirdikleri \u0130ngiltere&#8217;deki \u00e7al\u0131\u015fma ziyaretlerini konu\u015ftuk\">\n\t\t\t\t\t\t\t\t\t\t\t\t\t\t\t<\/a>\n  \t\t\t\t\t\t\t  \t\t\t\t\t\t\t  \t\t\t\t\t\t<\/div>\n  \t\t\t\t\t\t  \t\t\t\t\t<\/div>\n          \t\t\t\t\t<div class=\"box-text text-left\" >\n\t\t\t\t\t<div class=\"box-text-inner blog-post-inner\">\n\n\t\t\t\t\t\n\t\t\t\t\t\t\t\t\t\t<h5 class=\"post-title is-large \">\n\t\t\t\t\t\t<a href=\"https:\/\/www.sivildusun.net\/yedek18062024\/natura-ile-sivil-dusun-destegiyle-gerceklestirdikleri-ingilteredeki-calisma-ziyaretlerini-konustuk\/\" class=\"plain\">NATURA ile Sivil D\u00fc\u015f\u00fcn deste\u011fiyle ger\u00e7ekle\u015ftirdikleri \u0130ngiltere&#8217;deki \u00e7al\u0131\u015fma ziyaretlerini konu\u015ftuk<\/a>\n\t\t\t\t\t<\/h5>\n\t\t\t\t\t\t\t\t\t\t<div class=\"is-divider\"><\/div>\n\t\t\t\t\t\t\t\t\t\t<p class=\"from_the_blog_excerpt \">\n\t\t\t\t\t\tAnadolu S\u0131\u011fla Ormanlar\u0131&#8217;n\u0131n korunmas\u0131na y\u00f6nelik \u00e7al\u0131\u015fmalar y\u00fcr\u00fcten\u00a0NATURA Do\u011fa ve K\u00fclt\u00fcr Koruma Derne\u011fi ile \u00e7al\u0131\u015fmalar\u0131 ve...\t\t\t\t\t<\/p>\n\t\t\t\t\t                    \n\t\t\t\t\t\n\t\t\t\t\t\n\t\t\t\t\t<\/div>\n\t\t\t\t\t<\/div>\n\t\t\t\t\t\t\t\t\t\t\t\t\t\t\t\t<div class=\"badge absolute top post-date badge-square\">\n\t\t\t\t\t\t\t<div class=\"badge-inner\">\n\t\t\t\t\t\t\t\t<span class=\"post-date-day\">29<\/span><br>\n\t\t\t\t\t\t\t\t<span class=\"post-date-month is-xsmall\">Mar<\/span>\n\t\t\t\t\t\t\t<\/div>\n\t\t\t\t\t\t<\/div>\n\t\t\t\t\t\t\t\t\t<\/div>\n\t\t\t<\/div>\n\t\t<\/div><div class=\"col post-item\" >\n\t\t\t<div class=\"col-inner\">\n\t\t\t\t<div class=\"box box-normal box-text-bottom box-blog-post has-hover\">\n            \t\t\t\t\t<div class=\"box-image\" >\n  \t\t\t\t\t\t<div class=\"image-cover\" style=\"padding-top:56.25%;\">\n\t\t\t\t\t\t\t<a href=\"https:\/\/www.sivildusun.net\/yedek18062024\/sivil-dusun-destegiyle-berline-giden-acik-veri-veri-gazeteciligi-dernegi-ile-konustuk\/\" class=\"plain\" aria-label=\"Sivil D\u00fc\u015f\u00fcn deste\u011fiyle Berlin&#8217;e giden A\u00e7\u0131k Veri ve Veri Gazetecili\u011fi Derne\u011fi ile konu\u015ftuk\">\n\t\t\t\t\t\t\t\t\t\t\t\t\t\t\t<\/a>\n  \t\t\t\t\t\t\t  \t\t\t\t\t\t\t  \t\t\t\t\t\t<\/div>\n  \t\t\t\t\t\t  \t\t\t\t\t<\/div>\n          \t\t\t\t\t<div class=\"box-text text-left\" >\n\t\t\t\t\t<div class=\"box-text-inner blog-post-inner\">\n\n\t\t\t\t\t\n\t\t\t\t\t\t\t\t\t\t<h5 class=\"post-title is-large \">\n\t\t\t\t\t\t<a href=\"https:\/\/www.sivildusun.net\/yedek18062024\/sivil-dusun-destegiyle-berline-giden-acik-veri-veri-gazeteciligi-dernegi-ile-konustuk\/\" class=\"plain\">Sivil D\u00fc\u015f\u00fcn deste\u011fiyle Berlin&#8217;e giden A\u00e7\u0131k Veri ve Veri Gazetecili\u011fi Derne\u011fi ile konu\u015ftuk<\/a>\n\t\t\t\t\t<\/h5>\n\t\t\t\t\t\t\t\t\t\t<div class=\"is-divider\"><\/div>\n\t\t\t\t\t\t\t\t\t\t<p class=\"from_the_blog_excerpt \">\n\t\t\t\t\t\tA\u00e7\u0131k Veri Yolunda: Berlin \u00c7al\u0131\u015fma Ziyareti A\u00e7\u0131k Veri ve Veri Gazetecili\u011fi Derne\u011fi (AVVGD) y\u00f6netim kurulu...\t\t\t\t\t<\/p>\n\t\t\t\t\t                    \n\t\t\t\t\t\n\t\t\t\t\t\n\t\t\t\t\t<\/div>\n\t\t\t\t\t<\/div>\n\t\t\t\t\t\t\t\t\t\t\t\t\t\t\t\t<div class=\"badge absolute top post-date badge-square\">\n\t\t\t\t\t\t\t<div class=\"badge-inner\">\n\t\t\t\t\t\t\t\t<span class=\"post-date-day\">16<\/span><br>\n\t\t\t\t\t\t\t\t<span class=\"post-date-month is-xsmall\">Mar<\/span>\n\t\t\t\t\t\t\t<\/div>\n\t\t\t\t\t\t<\/div>\n\t\t\t\t\t\t\t\t\t<\/div>\n\t\t\t<\/div>\n\t\t<\/div><div class=\"col post-item\" >\n\t\t\t<div class=\"col-inner\">\n\t\t\t\t<div class=\"box box-normal box-text-bottom box-blog-post has-hover\">\n            \t\t\t\t\t<div class=\"box-image\" >\n  \t\t\t\t\t\t<div class=\"image-cover\" style=\"padding-top:56.25%;\">\n\t\t\t\t\t\t\t<a href=\"https:\/\/www.sivildusun.net\/yedek18062024\/sokakta-olalim-birbirimize-degelim-seslerimizi-birlestirelim\/\" class=\"plain\" aria-label=\"&#8216;Sokakta olal\u0131m, birbirimize de\u011felim, seslerimizi birle\u015ftirelim&#8217;\">\n\t\t\t\t\t\t\t\t\t\t\t\t\t\t\t<\/a>\n  \t\t\t\t\t\t\t  \t\t\t\t\t\t\t  \t\t\t\t\t\t<\/div>\n  \t\t\t\t\t\t  \t\t\t\t\t<\/div>\n          \t\t\t\t\t<div class=\"box-text text-left\" >\n\t\t\t\t\t<div class=\"box-text-inner blog-post-inner\">\n\n\t\t\t\t\t\n\t\t\t\t\t\t\t\t\t\t<h5 class=\"post-title is-large \">\n\t\t\t\t\t\t<a href=\"https:\/\/www.sivildusun.net\/yedek18062024\/sokakta-olalim-birbirimize-degelim-seslerimizi-birlestirelim\/\" class=\"plain\">&#8216;Sokakta olal\u0131m, birbirimize de\u011felim, seslerimizi birle\u015ftirelim&#8217;<\/a>\n\t\t\t\t\t<\/h5>\n\t\t\t\t\t\t\t\t\t\t<div class=\"is-divider\"><\/div>\n\t\t\t\t\t\t\t\t\t\t<p class=\"from_the_blog_excerpt \">\n\t\t\t\t\t\t8 Mart D\u00fcnya Kad\u0131nlar G\u00fcn\u00fc&#8217;n\u00fc #Kad\u0131nlarBirlikteG\u00fc\u00e7l\u00fc kampanyam\u0131z \u00e7er\u00e7evesinde sorular\u0131m\u0131z\u0131 yan\u0131tlayan Kad\u0131n Dayan\u0131\u015fma Vakf\u0131&#8217;n\u0131n ilham veren...\t\t\t\t\t<\/p>\n\t\t\t\t\t                    \n\t\t\t\t\t\n\t\t\t\t\t\n\t\t\t\t\t<\/div>\n\t\t\t\t\t<\/div>\n\t\t\t\t\t\t\t\t\t\t\t\t\t\t\t\t<div class=\"badge absolute top post-date badge-square\">\n\t\t\t\t\t\t\t<div class=\"badge-inner\">\n\t\t\t\t\t\t\t\t<span class=\"post-date-day\">08<\/span><br>\n\t\t\t\t\t\t\t\t<span class=\"post-date-month is-xsmall\">Mar<\/span>\n\t\t\t\t\t\t\t<\/div>\n\t\t\t\t\t\t<\/div>\n\t\t\t\t\t\t\t\t\t<\/div>\n\t\t\t<\/div>\n\t\t<\/div><div class=\"col post-item\" >\n\t\t\t<div class=\"col-inner\">\n\t\t\t\t<div class=\"box box-normal box-text-bottom box-blog-post has-hover\">\n            \t\t\t\t\t<div class=\"box-image\" >\n  \t\t\t\t\t\t<div class=\"image-cover\" style=\"padding-top:56.25%;\">\n\t\t\t\t\t\t\t<a href=\"https:\/\/www.sivildusun.net\/yedek18062024\/kadinlarbirlikteguclu-kampanyamiza-demir-leblebiden-mesaj-var\/\" class=\"plain\" aria-label=\"#Kad\u0131nlarBirlikteG\u00fc\u00e7l\u00fc Kampanyam\u0131za Demir Leblebi&#8217;den mesaj var\">\n\t\t\t\t\t\t\t\t\t\t\t\t\t\t\t<\/a>\n  \t\t\t\t\t\t\t  \t\t\t\t\t\t\t  \t\t\t\t\t\t<\/div>\n  \t\t\t\t\t\t  \t\t\t\t\t<\/div>\n          \t\t\t\t\t<div class=\"box-text text-left\" >\n\t\t\t\t\t<div class=\"box-text-inner blog-post-inner\">\n\n\t\t\t\t\t\n\t\t\t\t\t\t\t\t\t\t<h5 class=\"post-title is-large \">\n\t\t\t\t\t\t<a href=\"https:\/\/www.sivildusun.net\/yedek18062024\/kadinlarbirlikteguclu-kampanyamiza-demir-leblebiden-mesaj-var\/\" class=\"plain\">#Kad\u0131nlarBirlikteG\u00fc\u00e7l\u00fc Kampanyam\u0131za Demir Leblebi&#8217;den mesaj var<\/a>\n\t\t\t\t\t<\/h5>\n\t\t\t\t\t\t\t\t\t\t<div class=\"is-divider\"><\/div>\n\t\t\t\t\t\t\t\t\t\t<p class=\"from_the_blog_excerpt \">\n\t\t\t\t\t\t#Kad\u0131nlarBirlikteG\u00fc\u00e7l\u00fc kampanyam\u0131z i\u00e7in kad\u0131n haklar\u0131 konusunda \u00e7al\u0131\u015fmalar\u0131n\u0131 y\u00fcr\u00fcten \u00f6rg\u00fctlere sorular y\u00f6nelttik. Demir Leblebi&#8217;den Sevna Somuncuo\u011flu...\t\t\t\t\t<\/p>\n\t\t\t\t\t                    \n\t\t\t\t\t\n\t\t\t\t\t\n\t\t\t\t\t<\/div>\n\t\t\t\t\t<\/div>\n\t\t\t\t\t\t\t\t\t\t\t\t\t\t\t\t<div class=\"badge absolute top post-date badge-square\">\n\t\t\t\t\t\t\t<div class=\"badge-inner\">\n\t\t\t\t\t\t\t\t<span class=\"post-date-day\">03<\/span><br>\n\t\t\t\t\t\t\t\t<span class=\"post-date-month is-xsmall\">Mar<\/span>\n\t\t\t\t\t\t\t<\/div>\n\t\t\t\t\t\t<\/div>\n\t\t\t\t\t\t\t\t\t<\/div>\n\t\t\t<\/div>\n\t\t<\/div><div class=\"col post-item\" >\n\t\t\t<div class=\"col-inner\">\n\t\t\t\t<div class=\"box box-normal box-text-bottom box-blog-post has-hover\">\n            \t\t\t\t\t<div class=\"box-image\" >\n  \t\t\t\t\t\t<div class=\"image-cover\" style=\"padding-top:56.25%;\">\n\t\t\t\t\t\t\t<a href=\"https:\/\/www.sivildusun.net\/yedek18062024\/genc-isi-kooperatif-ile-sivil-dusun-hareketlilik-ag-olusturma-destegini-konustuk\/\" class=\"plain\" aria-label=\"Gen\u00e7 \u0130\u015fi Kooperatif ile Sivil D\u00fc\u015f\u00fcn Hareketlilik ve A\u011f Olu\u015fturma deste\u011fini konu\u015ftuk\">\n\t\t\t\t\t\t\t\t\t\t\t\t\t\t\t<\/a>\n  \t\t\t\t\t\t\t  \t\t\t\t\t\t\t  \t\t\t\t\t\t<\/div>\n  \t\t\t\t\t\t  \t\t\t\t\t<\/div>\n          \t\t\t\t\t<div class=\"box-text text-left\" >\n\t\t\t\t\t<div class=\"box-text-inner blog-post-inner\">\n\n\t\t\t\t\t\n\t\t\t\t\t\t\t\t\t\t<h5 class=\"post-title is-large \">\n\t\t\t\t\t\t<a href=\"https:\/\/www.sivildusun.net\/yedek18062024\/genc-isi-kooperatif-ile-sivil-dusun-hareketlilik-ag-olusturma-destegini-konustuk\/\" class=\"plain\">Gen\u00e7 \u0130\u015fi Kooperatif ile Sivil D\u00fc\u015f\u00fcn Hareketlilik ve A\u011f Olu\u015fturma deste\u011fini konu\u015ftuk<\/a>\n\t\t\t\t\t<\/h5>\n\t\t\t\t\t\t\t\t\t\t<div class=\"is-divider\"><\/div>\n\t\t\t\t\t\t\t\t\t\t<p class=\"from_the_blog_excerpt \">\n\t\t\t\t\t\tSivil D\u00fc\u015f\u00fcn \u2018Hareketlilik ve A\u011f Olu\u015fturma\u2019 deste\u011fiyle Bel\u00e7ika ve \u0130talya\u2019daki kooperatifleri yerinde inceleme f\u0131rsat\u0131 bulan...\t\t\t\t\t<\/p>\n\t\t\t\t\t                    \n\t\t\t\t\t\n\t\t\t\t\t\n\t\t\t\t\t<\/div>\n\t\t\t\t\t<\/div>\n\t\t\t\t\t\t\t\t\t\t\t\t\t\t\t\t<div class=\"badge absolute top post-date badge-square\">\n\t\t\t\t\t\t\t<div class=\"badge-inner\">\n\t\t\t\t\t\t\t\t<span class=\"post-date-day\">15<\/span><br>\n\t\t\t\t\t\t\t\t<span class=\"post-date-month is-xsmall\">\u015eub<\/span>\n\t\t\t\t\t\t\t<\/div>\n\t\t\t\t\t\t<\/div>\n\t\t\t\t\t\t\t\t\t<\/div>\n\t\t\t<\/div>\n\t\t<\/div><div class=\"col post-item\" >\n\t\t\t<div class=\"col-inner\">\n\t\t\t\t<div class=\"box box-normal box-text-bottom box-blog-post has-hover\">\n            \t\t\t\t\t<div class=\"box-image\" >\n  \t\t\t\t\t\t<div class=\"image-cover\" style=\"padding-top:56.25%;\">\n\t\t\t\t\t\t\t<a href=\"https:\/\/www.sivildusun.net\/yedek18062024\/gidebildigimiz-yere-kadar-yeni-komsularimizla-tanismak-istiyoruz\/\" class=\"plain\" aria-label=\"&#8216;Gidebildi\u011fimiz yere kadar yeni kom\u015fular\u0131m\u0131zla tan\u0131\u015fmak istiyoruz.&#8217;\">\n\t\t\t\t\t\t\t\t\t\t\t\t\t\t\t<\/a>\n  \t\t\t\t\t\t\t  \t\t\t\t\t\t\t  \t\t\t\t\t\t<\/div>\n  \t\t\t\t\t\t  \t\t\t\t\t<\/div>\n          \t\t\t\t\t<div class=\"box-text text-left\" >\n\t\t\t\t\t<div class=\"box-text-inner blog-post-inner\">\n\n\t\t\t\t\t\n\t\t\t\t\t\t\t\t\t\t<h5 class=\"post-title is-large \">\n\t\t\t\t\t\t<a href=\"https:\/\/www.sivildusun.net\/yedek18062024\/gidebildigimiz-yere-kadar-yeni-komsularimizla-tanismak-istiyoruz\/\" class=\"plain\">&#8216;Gidebildi\u011fimiz yere kadar yeni kom\u015fular\u0131m\u0131zla tan\u0131\u015fmak istiyoruz.&#8217;<\/a>\n\t\t\t\t\t<\/h5>\n\t\t\t\t\t\t\t\t\t\t<div class=\"is-divider\"><\/div>\n\t\t\t\t\t\t\t\t\t\t<p class=\"from_the_blog_excerpt \">\n\t\t\t\t\t\tSinetopya&#8217;n\u0131n &#8216;T\u00fcrkiye&#8217;ye Ho\u015f Geldin&#8217; \u00e7al\u0131\u015fmas\u0131 Sivil D\u00fc\u015f\u00fcn deste\u011fiyle devam ediyor Sinetopya bir grup sinema akademisyeni...\t\t\t\t\t<\/p>\n\t\t\t\t\t                    \n\t\t\t\t\t\n\t\t\t\t\t\n\t\t\t\t\t<\/div>\n\t\t\t\t\t<\/div>\n\t\t\t\t\t\t\t\t\t\t\t\t\t\t\t\t<div class=\"badge absolute top post-date badge-square\">\n\t\t\t\t\t\t\t<div class=\"badge-inner\">\n\t\t\t\t\t\t\t\t<span class=\"post-date-day\">11<\/span><br>\n\t\t\t\t\t\t\t\t<span class=\"post-date-month is-xsmall\">Oca<\/span>\n\t\t\t\t\t\t\t<\/div>\n\t\t\t\t\t\t<\/div>\n\t\t\t\t\t\t\t\t\t<\/div>\n\t\t\t<\/div>\n\t\t<\/div><div class=\"col post-item\" >\n\t\t\t<div class=\"col-inner\">\n\t\t\t\t<div class=\"box box-normal box-text-bottom box-blog-post has-hover\">\n            \t\t\t\t\t<div class=\"box-image\" >\n  \t\t\t\t\t\t<div class=\"image-cover\" style=\"padding-top:56.25%;\">\n\t\t\t\t\t\t\t<a href=\"https:\/\/www.sivildusun.net\/yedek18062024\/mahallede-lgbti-roportaj\/\" class=\"plain\" aria-label=\"&#8216;Mahallemizde bar\u0131\u015f dilinin d\u0131\u015f\u0131na \u00e7\u0131kmadan m\u00fccadele etmeliyiz.&#8217;\">\n\t\t\t\t\t\t\t\t\t\t\t\t\t\t\t<\/a>\n  \t\t\t\t\t\t\t  \t\t\t\t\t\t\t  \t\t\t\t\t\t<\/div>\n  \t\t\t\t\t\t  \t\t\t\t\t<\/div>\n          \t\t\t\t\t<div class=\"box-text text-left\" >\n\t\t\t\t\t<div class=\"box-text-inner blog-post-inner\">\n\n\t\t\t\t\t\n\t\t\t\t\t\t\t\t\t\t<h5 class=\"post-title is-large \">\n\t\t\t\t\t\t<a href=\"https:\/\/www.sivildusun.net\/yedek18062024\/mahallede-lgbti-roportaj\/\" class=\"plain\">&#8216;Mahallemizde bar\u0131\u015f dilinin d\u0131\u015f\u0131na \u00e7\u0131kmadan m\u00fccadele etmeliyiz.&#8217;<\/a>\n\t\t\t\t\t<\/h5>\n\t\t\t\t\t\t\t\t\t\t<div class=\"is-divider\"><\/div>\n\t\t\t\t\t\t\t\t\t\t<p class=\"from_the_blog_excerpt \">\n\t\t\t\t\t\t\u0130stanbul, Be\u015fikta\u015f&#8217;ta ya\u015fayan bir grup LGBT\u0130,\u00a0g\u00fcndelik ya\u015famda kar\u015f\u0131la\u015ft\u0131klar\u0131 ayr\u0131mc\u0131\/ \u00f6tekile\u015ftirici pratiklere kar\u015f\u0131 #SivilD\u00fc\u015f\u00fcn deste\u011fiyle \u00f6rg\u00fctleniyor....\t\t\t\t\t<\/p>\n\t\t\t\t\t                    \n\t\t\t\t\t\n\t\t\t\t\t\n\t\t\t\t\t<\/div>\n\t\t\t\t\t<\/div>\n\t\t\t\t\t\t\t\t\t\t\t\t\t\t\t\t<div class=\"badge absolute top post-date badge-square\">\n\t\t\t\t\t\t\t<div class=\"badge-inner\">\n\t\t\t\t\t\t\t\t<span class=\"post-date-day\">14<\/span><br>\n\t\t\t\t\t\t\t\t<span class=\"post-date-month is-xsmall\">Ara<\/span>\n\t\t\t\t\t\t\t<\/div>\n\t\t\t\t\t\t<\/div>\n\t\t\t\t\t\t\t\t\t<\/div>\n\t\t\t<\/div>\n\t\t<\/div><div class=\"col post-item\" >\n\t\t\t<div class=\"col-inner\">\n\t\t\t\t<div class=\"box box-normal box-text-bottom box-blog-post has-hover\">\n            \t\t\t\t\t<div class=\"box-image\" >\n  \t\t\t\t\t\t<div class=\"image-cover\" style=\"padding-top:56.25%;\">\n\t\t\t\t\t\t\t<a href=\"https:\/\/www.sivildusun.net\/yedek18062024\/en-az-ilk-gunku-kadar-gonulluyum\/\" class=\"plain\" aria-label=\"\u2018En az ilk g\u00fcnk\u00fc kadar g\u00f6n\u00fcll\u00fcy\u00fcm\u2019\">\n\t\t\t\t\t\t\t\t\t\t\t\t\t\t\t<\/a>\n  \t\t\t\t\t\t\t  \t\t\t\t\t\t\t  \t\t\t\t\t\t<\/div>\n  \t\t\t\t\t\t  \t\t\t\t\t<\/div>\n          \t\t\t\t\t<div class=\"box-text text-left\" >\n\t\t\t\t\t<div class=\"box-text-inner blog-post-inner\">\n\n\t\t\t\t\t\n\t\t\t\t\t\t\t\t\t\t<h5 class=\"post-title is-large \">\n\t\t\t\t\t\t<a href=\"https:\/\/www.sivildusun.net\/yedek18062024\/en-az-ilk-gunku-kadar-gonulluyum\/\" class=\"plain\">\u2018En az ilk g\u00fcnk\u00fc kadar g\u00f6n\u00fcll\u00fcy\u00fcm\u2019<\/a>\n\t\t\t\t\t<\/h5>\n\t\t\t\t\t\t\t\t\t\t<div class=\"is-divider\"><\/div>\n\t\t\t\t\t\t\t\t\t\t<p class=\"from_the_blog_excerpt \">\n\t\t\t\t\t\tOnline g\u00f6n\u00fcll\u00fc e\u015fle\u015ftirme platformu Vopool\u2019un kurucusu Mehmet \u00c7etinkaya ile sivil toplum ve g\u00f6n\u00fcll\u00fc ili\u015fkisi \u00fczerine&#8230;...\t\t\t\t\t<\/p>\n\t\t\t\t\t                    \n\t\t\t\t\t\n\t\t\t\t\t\n\t\t\t\t\t<\/div>\n\t\t\t\t\t<\/div>\n\t\t\t\t\t\t\t\t\t\t\t\t\t\t\t\t<div class=\"badge absolute top post-date badge-square\">\n\t\t\t\t\t\t\t<div class=\"badge-inner\">\n\t\t\t\t\t\t\t\t<span class=\"post-date-day\">05<\/span><br>\n\t\t\t\t\t\t\t\t<span class=\"post-date-month is-xsmall\">Ara<\/span>\n\t\t\t\t\t\t\t<\/div>\n\t\t\t\t\t\t<\/div>\n\t\t\t\t\t\t\t\t\t<\/div>\n\t\t\t<\/div>\n\t\t<\/div><div class=\"col post-item\" >\n\t\t\t<div class=\"col-inner\">\n\t\t\t\t<div class=\"box box-normal box-text-bottom box-blog-post has-hover\">\n            \t\t\t\t\t<div class=\"box-image\" >\n  \t\t\t\t\t\t<div class=\"image-cover\" style=\"padding-top:56.25%;\">\n\t\t\t\t\t\t\t<a href=\"https:\/\/www.sivildusun.net\/yedek18062024\/acik-acik-roportaj\/\" class=\"plain\" aria-label=\"A\u00e7\u0131k A\u00e7\u0131k, \u015feffaf ba\u011f\u0131\u015f\u00e7\u0131l\u0131k ve sivil toplum ili\u015fkisini anlat\u0131yor\">\n\t\t\t\t\t\t\t\t\t\t\t\t\t\t\t<\/a>\n  \t\t\t\t\t\t\t  \t\t\t\t\t\t\t  \t\t\t\t\t\t<\/div>\n  \t\t\t\t\t\t  \t\t\t\t\t<\/div>\n          \t\t\t\t\t<div class=\"box-text text-left\" >\n\t\t\t\t\t<div class=\"box-text-inner blog-post-inner\">\n\n\t\t\t\t\t\n\t\t\t\t\t\t\t\t\t\t<h5 class=\"post-title is-large \">\n\t\t\t\t\t\t<a href=\"https:\/\/www.sivildusun.net\/yedek18062024\/acik-acik-roportaj\/\" class=\"plain\">A\u00e7\u0131k A\u00e7\u0131k, \u015feffaf ba\u011f\u0131\u015f\u00e7\u0131l\u0131k ve sivil toplum ili\u015fkisini anlat\u0131yor<\/a>\n\t\t\t\t\t<\/h5>\n\t\t\t\t\t\t\t\t\t\t<div class=\"is-divider\"><\/div>\n\t\t\t\t\t\t\t\t\t\t<p class=\"from_the_blog_excerpt \">\n\t\t\t\t\t\tA\u00e7\u0131k A\u00e7\u0131k T\u00fcrkiye\u2019de, ba\u011f\u0131\u015f\u00e7\u0131lar\u0131, ba\u011f\u0131\u015f\u00e7\u0131 haklar\u0131n\u0131 tan\u0131yan \u015feffaf ve hesap verebilir dernek ve vak\u0131flar ile...\t\t\t\t\t<\/p>\n\t\t\t\t\t                    \n\t\t\t\t\t\n\t\t\t\t\t\n\t\t\t\t\t<\/div>\n\t\t\t\t\t<\/div>\n\t\t\t\t\t\t\t\t\t\t\t\t\t\t\t\t<div class=\"badge absolute top post-date badge-square\">\n\t\t\t\t\t\t\t<div class=\"badge-inner\">\n\t\t\t\t\t\t\t\t<span class=\"post-date-day\">09<\/span><br>\n\t\t\t\t\t\t\t\t<span class=\"post-date-month is-xsmall\">Kas<\/span>\n\t\t\t\t\t\t\t<\/div>\n\t\t\t\t\t\t<\/div>\n\t\t\t\t\t\t\t\t\t<\/div>\n\t\t\t<\/div>\n\t\t<\/div><div class=\"col post-item\" >\n\t\t\t<div class=\"col-inner\">\n\t\t\t\t<div class=\"box box-normal box-text-bottom box-blog-post has-hover\">\n            \t\t\t\t\t<div class=\"box-image\" >\n  \t\t\t\t\t\t<div class=\"image-cover\" style=\"padding-top:56.25%;\">\n\t\t\t\t\t\t\t<a href=\"https:\/\/www.sivildusun.net\/yedek18062024\/sinirin-cocuklari-bomovuyla-barisa-oynuyor\/\" class=\"plain\" aria-label=\"S\u0131n\u0131r\u0131n \u00e7ocuklar\u0131 Bomovu&#8217;yla bar\u0131\u015fa oynuyor\">\n\t\t\t\t\t\t\t\t\t\t\t\t\t\t\t<\/a>\n  \t\t\t\t\t\t\t  \t\t\t\t\t\t\t  \t\t\t\t\t\t<\/div>\n  \t\t\t\t\t\t  \t\t\t\t\t<\/div>\n          \t\t\t\t\t<div class=\"box-text text-left\" >\n\t\t\t\t\t<div class=\"box-text-inner blog-post-inner\">\n\n\t\t\t\t\t\n\t\t\t\t\t\t\t\t\t\t<h5 class=\"post-title is-large \">\n\t\t\t\t\t\t<a href=\"https:\/\/www.sivildusun.net\/yedek18062024\/sinirin-cocuklari-bomovuyla-barisa-oynuyor\/\" class=\"plain\">S\u0131n\u0131r\u0131n \u00e7ocuklar\u0131 Bomovu&#8217;yla bar\u0131\u015fa oynuyor<\/a>\n\t\t\t\t\t<\/h5>\n\t\t\t\t\t\t\t\t\t\t<div class=\"is-divider\"><\/div>\n\t\t\t\t\t\t\t\t\t\t<p class=\"from_the_blog_excerpt \">\n\t\t\t\t\t\tSosyal G\u00fc\u00e7lendirme i\u00e7in Spor ve Beden Hareketi A\u011f\u0131- BOMOVU, #SivilD\u00fc\u015f\u00fcn deste\u011fiyle T\u00fcrkiye&#8217;nin kuzeydo\u011fu s\u0131n\u0131r\u0131nda \u00e7ocuklarla...\t\t\t\t\t<\/p>\n\t\t\t\t\t                    \n\t\t\t\t\t\n\t\t\t\t\t\n\t\t\t\t\t<\/div>\n\t\t\t\t\t<\/div>\n\t\t\t\t\t\t\t\t\t\t\t\t\t\t\t\t<div class=\"badge absolute top post-date badge-square\">\n\t\t\t\t\t\t\t<div class=\"badge-inner\">\n\t\t\t\t\t\t\t\t<span class=\"post-date-day\">26<\/span><br>\n\t\t\t\t\t\t\t\t<span class=\"post-date-month is-xsmall\">A\u011fu<\/span>\n\t\t\t\t\t\t\t<\/div>\n\t\t\t\t\t\t<\/div>\n\t\t\t\t\t\t\t\t\t<\/div>\n\t\t\t<\/div>\n\t\t<\/div><div class=\"col post-item\" >\n\t\t\t<div class=\"col-inner\">\n\t\t\t\t<div class=\"box box-normal box-text-bottom box-blog-post has-hover\">\n            \t\t\t\t\t<div class=\"box-image\" >\n  \t\t\t\t\t\t<div class=\"image-cover\" style=\"padding-top:56.25%;\">\n\t\t\t\t\t\t\t<a href=\"https:\/\/www.sivildusun.net\/yedek18062024\/sivilportreler-genel-izleyici-onur-mat\/\" class=\"plain\" aria-label=\"#SivilPortreler Genel \u0130zleyici- Onur Mat\">\n\t\t\t\t\t\t\t\t\t\t\t\t\t\t\t<\/a>\n  \t\t\t\t\t\t\t  \t\t\t\t\t\t\t  \t\t\t\t\t\t<\/div>\n  \t\t\t\t\t\t  \t\t\t\t\t<\/div>\n          \t\t\t\t\t<div class=\"box-text text-left\" >\n\t\t\t\t\t<div class=\"box-text-inner blog-post-inner\">\n\n\t\t\t\t\t\n\t\t\t\t\t\t\t\t\t\t<h5 class=\"post-title is-large \">\n\t\t\t\t\t\t<a href=\"https:\/\/www.sivildusun.net\/yedek18062024\/sivilportreler-genel-izleyici-onur-mat\/\" class=\"plain\">#SivilPortreler Genel \u0130zleyici- Onur Mat<\/a>\n\t\t\t\t\t<\/h5>\n\t\t\t\t\t\t\t\t\t\t<div class=\"is-divider\"><\/div>\n\t\t\t\t\t\t\t\t\t\t<p class=\"from_the_blog_excerpt \">\n\t\t\t\t\t\t\t\t\t\t\t<\/p>\n\t\t\t\t\t                    \n\t\t\t\t\t\n\t\t\t\t\t\n\t\t\t\t\t<\/div>\n\t\t\t\t\t<\/div>\n\t\t\t\t\t\t\t\t\t\t\t\t\t\t\t\t<div class=\"badge absolute top post-date badge-square\">\n\t\t\t\t\t\t\t<div class=\"badge-inner\">\n\t\t\t\t\t\t\t\t<span class=\"post-date-day\">16<\/span><br>\n\t\t\t\t\t\t\t\t<span class=\"post-date-month is-xsmall\">A\u011fu<\/span>\n\t\t\t\t\t\t\t<\/div>\n\t\t\t\t\t\t<\/div>\n\t\t\t\t\t\t\t\t\t<\/div>\n\t\t\t<\/div>\n\t\t<\/div><div class=\"col post-item\" >\n\t\t\t<div class=\"col-inner\">\n\t\t\t\t<div class=\"box box-normal box-text-bottom box-blog-post has-hover\">\n            \t\t\t\t\t<div class=\"box-image\" >\n  \t\t\t\t\t\t<div class=\"image-cover\" style=\"padding-top:56.25%;\">\n\t\t\t\t\t\t\t<a href=\"https:\/\/www.sivildusun.net\/yedek18062024\/sivil-portreler-cem-arslan-kitlesel-mamalama\/\" class=\"plain\" aria-label=\"#Sivil Portreler Cem Arslan- Kitlesel Mamalama\">\n\t\t\t\t\t\t\t\t\t\t\t\t\t\t\t<\/a>\n  \t\t\t\t\t\t\t  \t\t\t\t\t\t\t  \t\t\t\t\t\t<\/div>\n  \t\t\t\t\t\t  \t\t\t\t\t<\/div>\n          \t\t\t\t\t<div class=\"box-text text-left\" >\n\t\t\t\t\t<div class=\"box-text-inner blog-post-inner\">\n\n\t\t\t\t\t\n\t\t\t\t\t\t\t\t\t\t<h5 class=\"post-title is-large \">\n\t\t\t\t\t\t<a href=\"https:\/\/www.sivildusun.net\/yedek18062024\/sivil-portreler-cem-arslan-kitlesel-mamalama\/\" class=\"plain\">#Sivil Portreler Cem Arslan- Kitlesel Mamalama<\/a>\n\t\t\t\t\t<\/h5>\n\t\t\t\t\t\t\t\t\t\t<div class=\"is-divider\"><\/div>\n\t\t\t\t\t\t\t\t\t\t<p class=\"from_the_blog_excerpt \">\n\t\t\t\t\t\t\t\t\t\t\t<\/p>\n\t\t\t\t\t                    \n\t\t\t\t\t\n\t\t\t\t\t\n\t\t\t\t\t<\/div>\n\t\t\t\t\t<\/div>\n\t\t\t\t\t\t\t\t\t\t\t\t\t\t\t\t<div class=\"badge absolute top post-date badge-square\">\n\t\t\t\t\t\t\t<div class=\"badge-inner\">\n\t\t\t\t\t\t\t\t<span class=\"post-date-day\">16<\/span><br>\n\t\t\t\t\t\t\t\t<span class=\"post-date-month is-xsmall\">A\u011fu<\/span>\n\t\t\t\t\t\t\t<\/div>\n\t\t\t\t\t\t<\/div>\n\t\t\t\t\t\t\t\t\t<\/div>\n\t\t\t<\/div>\n\t\t<\/div><div class=\"col post-item\" >\n\t\t\t<div class=\"col-inner\">\n\t\t\t\t<div class=\"box box-normal box-text-bottom box-blog-post has-hover\">\n            \t\t\t\t\t<div class=\"box-image\" >\n  \t\t\t\t\t\t<div class=\"image-cover\" style=\"padding-top:56.25%;\">\n\t\t\t\t\t\t\t<a href=\"https:\/\/www.sivildusun.net\/yedek18062024\/cocuklara-yonelik-ticari-cinsel-somuru-ile-mucadele-agi-soylesisi\/\" class=\"plain\" aria-label=\"\u00c7ocuklara Y\u00f6nelik Ticari Cinsel S\u00f6m\u00fcr\u00fc ile M\u00fccadele A\u011f\u0131 S\u00f6yle\u015fisi\">\n\t\t\t\t\t\t\t\t\t\t\t\t\t\t\t<\/a>\n  \t\t\t\t\t\t\t  \t\t\t\t\t\t\t  \t\t\t\t\t\t<\/div>\n  \t\t\t\t\t\t  \t\t\t\t\t<\/div>\n          \t\t\t\t\t<div class=\"box-text text-left\" >\n\t\t\t\t\t<div class=\"box-text-inner blog-post-inner\">\n\n\t\t\t\t\t\n\t\t\t\t\t\t\t\t\t\t<h5 class=\"post-title is-large \">\n\t\t\t\t\t\t<a href=\"https:\/\/www.sivildusun.net\/yedek18062024\/cocuklara-yonelik-ticari-cinsel-somuru-ile-mucadele-agi-soylesisi\/\" class=\"plain\">\u00c7ocuklara Y\u00f6nelik Ticari Cinsel S\u00f6m\u00fcr\u00fc ile M\u00fccadele A\u011f\u0131 S\u00f6yle\u015fisi<\/a>\n\t\t\t\t\t<\/h5>\n\t\t\t\t\t\t\t\t\t\t<div class=\"is-divider\"><\/div>\n\t\t\t\t\t\t\t\t\t\t<p class=\"from_the_blog_excerpt \">\n\t\t\t\t\t\t\u00c7ocuklara Y\u00f6nelik Ticari Cinsel S\u00f6m\u00fcr\u00fc (\u00c7TCS) \u0130le M\u00fccadele A\u011f\u0131, kurumsal kapasitesini g\u00fc\u00e7lendirmek ve m\u00fccadelenin daha...\t\t\t\t\t<\/p>\n\t\t\t\t\t                    \n\t\t\t\t\t\n\t\t\t\t\t\n\t\t\t\t\t<\/div>\n\t\t\t\t\t<\/div>\n\t\t\t\t\t\t\t\t\t\t\t\t\t\t\t\t<div class=\"badge absolute top post-date badge-square\">\n\t\t\t\t\t\t\t<div class=\"badge-inner\">\n\t\t\t\t\t\t\t\t<span class=\"post-date-day\">01<\/span><br>\n\t\t\t\t\t\t\t\t<span class=\"post-date-month is-xsmall\">Tem<\/span>\n\t\t\t\t\t\t\t<\/div>\n\t\t\t\t\t\t<\/div>\n\t\t\t\t\t\t\t\t\t<\/div>\n\t\t\t<\/div>\n\t\t<\/div><div class=\"col post-item\" >\n\t\t\t<div class=\"col-inner\">\n\t\t\t\t<div class=\"box box-normal box-text-bottom box-blog-post has-hover\">\n            \t\t\t\t\t<div class=\"box-image\" >\n  \t\t\t\t\t\t<div class=\"image-cover\" style=\"padding-top:56.25%;\">\n\t\t\t\t\t\t\t<a href=\"https:\/\/www.sivildusun.net\/yedek18062024\/denge-denetleme-agi-bir-arada-durmak-ya-da-duramamak-iste-butun-mesele\/\" class=\"plain\" aria-label=\"Denge ve Denetleme A\u011f\u0131: Bir arada durmak ya da duramamak, i\u015fte b\u00fct\u00fcn mesele bu!\">\n\t\t\t\t\t\t\t\t\t\t\t\t\t\t\t<\/a>\n  \t\t\t\t\t\t\t  \t\t\t\t\t\t\t  \t\t\t\t\t\t<\/div>\n  \t\t\t\t\t\t  \t\t\t\t\t<\/div>\n          \t\t\t\t\t<div class=\"box-text text-left\" >\n\t\t\t\t\t<div class=\"box-text-inner blog-post-inner\">\n\n\t\t\t\t\t\n\t\t\t\t\t\t\t\t\t\t<h5 class=\"post-title is-large \">\n\t\t\t\t\t\t<a href=\"https:\/\/www.sivildusun.net\/yedek18062024\/denge-denetleme-agi-bir-arada-durmak-ya-da-duramamak-iste-butun-mesele\/\" class=\"plain\">Denge ve Denetleme A\u011f\u0131: Bir arada durmak ya da duramamak, i\u015fte b\u00fct\u00fcn mesele bu!<\/a>\n\t\t\t\t\t<\/h5>\n\t\t\t\t\t\t\t\t\t\t<div class=\"is-divider\"><\/div>\n\t\t\t\t\t\t\t\t\t\t<p class=\"from_the_blog_excerpt \">\n\t\t\t\t\t\tBu i\u015f olmaz diyenlere bal gibi olur dedik, \u015fimdi 206 \u00f6rg\u00fct\u00fcz! \u00a0 Denge ve Denetleme...\t\t\t\t\t<\/p>\n\t\t\t\t\t                    \n\t\t\t\t\t\n\t\t\t\t\t\n\t\t\t\t\t<\/div>\n\t\t\t\t\t<\/div>\n\t\t\t\t\t\t\t\t\t\t\t\t\t\t\t\t<div class=\"badge absolute top post-date badge-square\">\n\t\t\t\t\t\t\t<div class=\"badge-inner\">\n\t\t\t\t\t\t\t\t<span class=\"post-date-day\">01<\/span><br>\n\t\t\t\t\t\t\t\t<span class=\"post-date-month is-xsmall\">Tem<\/span>\n\t\t\t\t\t\t\t<\/div>\n\t\t\t\t\t\t<\/div>\n\t\t\t\t\t\t\t\t\t<\/div>\n\t\t\t<\/div>\n\t\t<\/div><div class=\"col post-item\" >\n\t\t\t<div class=\"col-inner\">\n\t\t\t\t<div class=\"box box-normal box-text-bottom box-blog-post has-hover\">\n            \t\t\t\t\t<div class=\"box-image\" >\n  \t\t\t\t\t\t<div class=\"image-cover\" style=\"padding-top:56.25%;\">\n\t\t\t\t\t\t\t<a href=\"https:\/\/www.sivildusun.net\/yedek18062024\/can-candanla-benim-cocugum-sivil-dusun-ab-programi-uzerine\/\" class=\"plain\" aria-label=\"Can Candan\u2019la Benim \u00c7ocu\u011fum ve Sivil D\u00fc\u015f\u00fcn AB Program\u0131 \u00fczerine&#8230;\">\n\t\t\t\t\t\t\t\t\t\t\t\t\t\t\t<\/a>\n  \t\t\t\t\t\t\t  \t\t\t\t\t\t\t  \t\t\t\t\t\t<\/div>\n  \t\t\t\t\t\t  \t\t\t\t\t<\/div>\n          \t\t\t\t\t<div class=\"box-text text-left\" >\n\t\t\t\t\t<div class=\"box-text-inner blog-post-inner\">\n\n\t\t\t\t\t\n\t\t\t\t\t\t\t\t\t\t<h5 class=\"post-title is-large \">\n\t\t\t\t\t\t<a href=\"https:\/\/www.sivildusun.net\/yedek18062024\/can-candanla-benim-cocugum-sivil-dusun-ab-programi-uzerine\/\" class=\"plain\">Can Candan\u2019la Benim \u00c7ocu\u011fum ve Sivil D\u00fc\u015f\u00fcn AB Program\u0131 \u00fczerine&#8230;<\/a>\n\t\t\t\t\t<\/h5>\n\t\t\t\t\t\t\t\t\t\t<div class=\"is-divider\"><\/div>\n\t\t\t\t\t\t\t\t\t\t<p class=\"from_the_blog_excerpt \">\n\t\t\t\t\t\t[vc_column el_class=&#8221;Akademisyen ve belgesel sinemac\u0131 Can Candan, son bir y\u0131ld\u0131r konu\u015fulan, \u00e7ocuklar\u0131 e\u015fcinsel, biseks\u00fcel ya...\t\t\t\t\t<\/p>\n\t\t\t\t\t                    \n\t\t\t\t\t\n\t\t\t\t\t\n\t\t\t\t\t<\/div>\n\t\t\t\t\t<\/div>\n\t\t\t\t\t\t\t\t\t\t\t\t\t\t\t\t<div class=\"badge absolute top post-date badge-square\">\n\t\t\t\t\t\t\t<div class=\"badge-inner\">\n\t\t\t\t\t\t\t\t<span class=\"post-date-day\">30<\/span><br>\n\t\t\t\t\t\t\t\t<span class=\"post-date-month is-xsmall\">Haz<\/span>\n\t\t\t\t\t\t\t<\/div>\n\t\t\t\t\t\t<\/div>\n\t\t\t\t\t\t\t\t\t<\/div>\n\t\t\t<\/div>\n\t\t<\/div><div class=\"col post-item\" >\n\t\t\t<div class=\"col-inner\">\n\t\t\t\t<div class=\"box box-normal box-text-bottom box-blog-post has-hover\">\n            \t\t\t\t\t<div class=\"box-image\" >\n  \t\t\t\t\t\t<div class=\"image-cover\" style=\"padding-top:56.25%;\">\n\t\t\t\t\t\t\t<a href=\"https:\/\/www.sivildusun.net\/yedek18062024\/gundem-cocuk-derneginden-cocuk-gazetesi\/\" class=\"plain\" aria-label=\"G\u00fcndem \u00c7ocuk Derne\u011fi\u2019nden \u00c7ocuk Gazetesi\">\n\t\t\t\t\t\t\t\t\t\t\t\t\t\t\t<\/a>\n  \t\t\t\t\t\t\t  \t\t\t\t\t\t\t  \t\t\t\t\t\t<\/div>\n  \t\t\t\t\t\t  \t\t\t\t\t<\/div>\n          \t\t\t\t\t<div class=\"box-text text-left\" >\n\t\t\t\t\t<div class=\"box-text-inner blog-post-inner\">\n\n\t\t\t\t\t\n\t\t\t\t\t\t\t\t\t\t<h5 class=\"post-title is-large \">\n\t\t\t\t\t\t<a href=\"https:\/\/www.sivildusun.net\/yedek18062024\/gundem-cocuk-derneginden-cocuk-gazetesi\/\" class=\"plain\">G\u00fcndem \u00c7ocuk Derne\u011fi\u2019nden \u00c7ocuk Gazetesi<\/a>\n\t\t\t\t\t<\/h5>\n\t\t\t\t\t\t\t\t\t\t<div class=\"is-divider\"><\/div>\n\t\t\t\t\t\t\t\t\t\t<p class=\"from_the_blog_excerpt \">\n\t\t\t\t\t\t\u00c7ocuklar\u0131n hak ve \u00f6zg\u00fcrl\u00fck sahibi birey olduklar\u0131n\u0131n benimsendi\u011fi, \u00e7ocuklar\u0131n kendi \u00f6rg\u00fctlenmeleri arac\u0131l\u0131\u011f\u0131yla d\u00fcnyay\u0131 de\u011fi\u015ftirme g\u00fcc\u00fcne...\t\t\t\t\t<\/p>\n\t\t\t\t\t                    \n\t\t\t\t\t\n\t\t\t\t\t\n\t\t\t\t\t<\/div>\n\t\t\t\t\t<\/div>\n\t\t\t\t\t\t\t\t\t\t\t\t\t\t\t\t<div class=\"badge absolute top post-date badge-square\">\n\t\t\t\t\t\t\t<div class=\"badge-inner\">\n\t\t\t\t\t\t\t\t<span class=\"post-date-day\">29<\/span><br>\n\t\t\t\t\t\t\t\t<span class=\"post-date-month is-xsmall\">Haz<\/span>\n\t\t\t\t\t\t\t<\/div>\n\t\t\t\t\t\t<\/div>\n\t\t\t\t\t\t\t\t\t<\/div>\n\t\t\t<\/div>\n\t\t<\/div><div class=\"col post-item\" >\n\t\t\t<div class=\"col-inner\">\n\t\t\t\t<div class=\"box box-normal box-text-bottom box-blog-post has-hover\">\n            \t\t\t\t\t<div class=\"box-image\" >\n  \t\t\t\t\t\t<div class=\"image-cover\" style=\"padding-top:56.25%;\">\n\t\t\t\t\t\t\t<a href=\"https:\/\/www.sivildusun.net\/yedek18062024\/mavi-kalem-afet-acil-durumlarda-kadin-calistayindan-notlar\/\" class=\"plain\" aria-label=\"Mavi Kalem &#8216;Afet ve acil durumlarda kad\u0131n&#8217; \u00e7al\u0131\u015ftay\u0131ndan notlar\">\n\t\t\t\t\t\t\t\t\t\t\t\t\t\t\t<\/a>\n  \t\t\t\t\t\t\t  \t\t\t\t\t\t\t  \t\t\t\t\t\t<\/div>\n  \t\t\t\t\t\t  \t\t\t\t\t<\/div>\n          \t\t\t\t\t<div class=\"box-text text-left\" >\n\t\t\t\t\t<div class=\"box-text-inner blog-post-inner\">\n\n\t\t\t\t\t\n\t\t\t\t\t\t\t\t\t\t<h5 class=\"post-title is-large \">\n\t\t\t\t\t\t<a href=\"https:\/\/www.sivildusun.net\/yedek18062024\/mavi-kalem-afet-acil-durumlarda-kadin-calistayindan-notlar\/\" class=\"plain\">Mavi Kalem &#8216;Afet ve acil durumlarda kad\u0131n&#8217; \u00e7al\u0131\u015ftay\u0131ndan notlar<\/a>\n\t\t\t\t\t<\/h5>\n\t\t\t\t\t\t\t\t\t\t<div class=\"is-divider\"><\/div>\n\t\t\t\t\t\t\t\t\t\t<p class=\"from_the_blog_excerpt \">\n\t\t\t\t\t\tMavi Kalem Derne\u011fi, 16-17 Nisan 2016 tarihlerinde \u2018\u2019Afet ve Acil Durumlarda Kad\u0131n\u2018\u2019 konulu bir c\u0327al\u0131s\u0327tay...\t\t\t\t\t<\/p>\n\t\t\t\t\t                    \n\t\t\t\t\t\n\t\t\t\t\t\n\t\t\t\t\t<\/div>\n\t\t\t\t\t<\/div>\n\t\t\t\t\t\t\t\t\t\t\t\t\t\t\t\t<div class=\"badge absolute top post-date badge-square\">\n\t\t\t\t\t\t\t<div class=\"badge-inner\">\n\t\t\t\t\t\t\t\t<span class=\"post-date-day\">28<\/span><br>\n\t\t\t\t\t\t\t\t<span class=\"post-date-month is-xsmall\">Haz<\/span>\n\t\t\t\t\t\t\t<\/div>\n\t\t\t\t\t\t<\/div>\n\t\t\t\t\t\t\t\t\t<\/div>\n\t\t\t<\/div>\n\t\t<\/div><div class=\"col post-item\" >\n\t\t\t<div class=\"col-inner\">\n\t\t\t\t<div class=\"box box-normal box-text-bottom box-blog-post has-hover\">\n            \t\t\t\t\t<div class=\"box-image\" >\n  \t\t\t\t\t\t<div class=\"image-cover\" style=\"padding-top:56.25%;\">\n\t\t\t\t\t\t\t<a href=\"https:\/\/www.sivildusun.net\/yedek18062024\/daha-demokratik-bir-kentsel-gelisme-icin-nextistanbul\/\" class=\"plain\" aria-label=\"Daha demokratik bir kentsel geli\u015fme i\u00e7in Nextistanbul\">\n\t\t\t\t\t\t\t\t\t\t\t\t\t\t\t<\/a>\n  \t\t\t\t\t\t\t  \t\t\t\t\t\t\t  \t\t\t\t\t\t<\/div>\n  \t\t\t\t\t\t  \t\t\t\t\t<\/div>\n          \t\t\t\t\t<div class=\"box-text text-left\" >\n\t\t\t\t\t<div class=\"box-text-inner blog-post-inner\">\n\n\t\t\t\t\t\n\t\t\t\t\t\t\t\t\t\t<h5 class=\"post-title is-large \">\n\t\t\t\t\t\t<a href=\"https:\/\/www.sivildusun.net\/yedek18062024\/daha-demokratik-bir-kentsel-gelisme-icin-nextistanbul\/\" class=\"plain\">Daha demokratik bir kentsel geli\u015fme i\u00e7in Nextistanbul<\/a>\n\t\t\t\t\t<\/h5>\n\t\t\t\t\t\t\t\t\t\t<div class=\"is-divider\"><\/div>\n\t\t\t\t\t\t\t\t\t\t<p class=\"from_the_blog_excerpt \">\n\t\t\t\t\t\t2012 y\u0131l\u0131nda \u0130stanbul\u2019da olu\u015fan kent muhalefeti hareketinden ilham alarak kurulan ve Nexthamburg platformunun uzant\u0131s\u0131 olarak...\t\t\t\t\t<\/p>\n\t\t\t\t\t                    \n\t\t\t\t\t\n\t\t\t\t\t\n\t\t\t\t\t<\/div>\n\t\t\t\t\t<\/div>\n\t\t\t\t\t\t\t\t\t\t\t\t\t\t\t\t<div class=\"badge absolute top post-date badge-square\">\n\t\t\t\t\t\t\t<div class=\"badge-inner\">\n\t\t\t\t\t\t\t\t<span class=\"post-date-day\">28<\/span><br>\n\t\t\t\t\t\t\t\t<span class=\"post-date-month is-xsmall\">Haz<\/span>\n\t\t\t\t\t\t\t<\/div>\n\t\t\t\t\t\t<\/div>\n\t\t\t\t\t\t\t\t\t<\/div>\n\t\t\t<\/div>\n\t\t<\/div><div class=\"col post-item\" >\n\t\t\t<div class=\"col-inner\">\n\t\t\t\t<div class=\"box box-normal box-text-bottom box-blog-post has-hover\">\n            \t\t\t\t\t<div class=\"box-image\" >\n  \t\t\t\t\t\t<div class=\"image-cover\" style=\"padding-top:56.25%;\">\n\t\t\t\t\t\t\t<a href=\"https:\/\/www.sivildusun.net\/yedek18062024\/sivil-dusun-ab-programi-ile-istanbulun-artigina-farkli-bir-bakis\/\" class=\"plain\" aria-label=\"Sivil D\u00fc\u015f\u00fcn AB Program\u0131 ile \u0130stanbul\u2019un art\u0131\u011f\u0131na farkl\u0131 bir bak\u0131\u015f\">\n\t\t\t\t\t\t\t\t\t\t\t\t\t\t\t<\/a>\n  \t\t\t\t\t\t\t  \t\t\t\t\t\t\t  \t\t\t\t\t\t<\/div>\n  \t\t\t\t\t\t  \t\t\t\t\t<\/div>\n          \t\t\t\t\t<div class=\"box-text text-left\" >\n\t\t\t\t\t<div class=\"box-text-inner blog-post-inner\">\n\n\t\t\t\t\t\n\t\t\t\t\t\t\t\t\t\t<h5 class=\"post-title is-large \">\n\t\t\t\t\t\t<a href=\"https:\/\/www.sivildusun.net\/yedek18062024\/sivil-dusun-ab-programi-ile-istanbulun-artigina-farkli-bir-bakis\/\" class=\"plain\">Sivil D\u00fc\u015f\u00fcn AB Program\u0131 ile \u0130stanbul\u2019un art\u0131\u011f\u0131na farkl\u0131 bir bak\u0131\u015f<\/a>\n\t\t\t\t\t<\/h5>\n\t\t\t\t\t\t\t\t\t\t<div class=\"is-divider\"><\/div>\n\t\t\t\t\t\t\t\t\t\t<p class=\"from_the_blog_excerpt \">\n\t\t\t\t\t\tArt\u0131ki\u015fler Kolektifi\u2019nden Alper \u015een ile \u00e7al\u0131\u015fmalar\u0131, projeleri, aktivizm ve Sivil D\u00fc\u015f\u00fcn AB Program\u0131 \u00fczerine&#8230; Art\u0131ki\u015fler...\t\t\t\t\t<\/p>\n\t\t\t\t\t                    \n\t\t\t\t\t\n\t\t\t\t\t\n\t\t\t\t\t<\/div>\n\t\t\t\t\t<\/div>\n\t\t\t\t\t\t\t\t\t\t\t\t\t\t\t\t<div class=\"badge absolute top post-date badge-square\">\n\t\t\t\t\t\t\t<div class=\"badge-inner\">\n\t\t\t\t\t\t\t\t<span class=\"post-date-day\">27<\/span><br>\n\t\t\t\t\t\t\t\t<span class=\"post-date-month is-xsmall\">Haz<\/span>\n\t\t\t\t\t\t\t<\/div>\n\t\t\t\t\t\t<\/div>\n\t\t\t\t\t\t\t\t\t<\/div>\n\t\t\t<\/div>\n\t\t<\/div><div class=\"col post-item\" >\n\t\t\t<div class=\"col-inner\">\n\t\t\t\t<div class=\"box box-normal box-text-bottom box-blog-post has-hover\">\n            \t\t\t\t\t<div class=\"box-image\" >\n  \t\t\t\t\t\t<div class=\"image-cover\" style=\"padding-top:56.25%;\">\n\t\t\t\t\t\t\t<a href=\"https:\/\/www.sivildusun.net\/yedek18062024\/mus-kadin-catisi-dernegi-yasasin-kadin-dayanismasi\/\" class=\"plain\" aria-label=\"Mu\u015f Kad\u0131n \u00c7at\u0131s\u0131 Derne\u011fi: \u2018Ya\u015fas\u0131n kad\u0131n dayan\u0131\u015fmas\u0131\u2019\">\n\t\t\t\t\t\t\t\t\t\t\t\t\t\t\t<\/a>\n  \t\t\t\t\t\t\t  \t\t\t\t\t\t\t  \t\t\t\t\t\t<\/div>\n  \t\t\t\t\t\t  \t\t\t\t\t<\/div>\n          \t\t\t\t\t<div class=\"box-text text-left\" >\n\t\t\t\t\t<div class=\"box-text-inner blog-post-inner\">\n\n\t\t\t\t\t\n\t\t\t\t\t\t\t\t\t\t<h5 class=\"post-title is-large \">\n\t\t\t\t\t\t<a href=\"https:\/\/www.sivildusun.net\/yedek18062024\/mus-kadin-catisi-dernegi-yasasin-kadin-dayanismasi\/\" class=\"plain\">Mu\u015f Kad\u0131n \u00c7at\u0131s\u0131 Derne\u011fi: \u2018Ya\u015fas\u0131n kad\u0131n dayan\u0131\u015fmas\u0131\u2019<\/a>\n\t\t\t\t\t<\/h5>\n\t\t\t\t\t\t\t\t\t\t<div class=\"is-divider\"><\/div>\n\t\t\t\t\t\t\t\t\t\t<p class=\"from_the_blog_excerpt \">\n\t\t\t\t\t\tSivil D\u00fc\u015f\u00fcn AB Program\u0131\u2019n\u0131n kapasite geli\u015ftirmesine katk\u0131da bulundu\u011fu Mu\u015f Kad\u0131n \u00c7at\u0131s\u0131 Derne\u011fi ile dernek \u00e7al\u0131\u015fmalar\u0131...\t\t\t\t\t<\/p>\n\t\t\t\t\t                    \n\t\t\t\t\t\n\t\t\t\t\t\n\t\t\t\t\t<\/div>\n\t\t\t\t\t<\/div>\n\t\t\t\t\t\t\t\t\t\t\t\t\t\t\t\t<div class=\"badge absolute top post-date badge-square\">\n\t\t\t\t\t\t\t<div class=\"badge-inner\">\n\t\t\t\t\t\t\t\t<span class=\"post-date-day\">25<\/span><br>\n\t\t\t\t\t\t\t\t<span class=\"post-date-month is-xsmall\">Haz<\/span>\n\t\t\t\t\t\t\t<\/div>\n\t\t\t\t\t\t<\/div>\n\t\t\t\t\t\t\t\t\t<\/div>\n\t\t\t<\/div>\n\t\t<\/div><div class=\"col post-item\" >\n\t\t\t<div class=\"col-inner\">\n\t\t\t\t<div class=\"box box-normal box-text-bottom box-blog-post has-hover\">\n            \t\t\t\t\t<div class=\"box-image\" >\n  \t\t\t\t\t\t<div class=\"image-cover\" style=\"padding-top:56.25%;\">\n\t\t\t\t\t\t\t<a href=\"https:\/\/www.sivildusun.net\/yedek18062024\/disk-emekli-senden-aktivist-destekli-egitimler\/\" class=\"plain\" aria-label=\"D\u0130SK Emekli-Sen\u2019den Aktivist destekli e\u011fitimler\">\n\t\t\t\t\t\t\t\t\t\t\t\t\t\t\t<\/a>\n  \t\t\t\t\t\t\t  \t\t\t\t\t\t\t  \t\t\t\t\t\t<\/div>\n  \t\t\t\t\t\t  \t\t\t\t\t<\/div>\n          \t\t\t\t\t<div class=\"box-text text-left\" >\n\t\t\t\t\t<div class=\"box-text-inner blog-post-inner\">\n\n\t\t\t\t\t\n\t\t\t\t\t\t\t\t\t\t<h5 class=\"post-title is-large \">\n\t\t\t\t\t\t<a href=\"https:\/\/www.sivildusun.net\/yedek18062024\/disk-emekli-senden-aktivist-destekli-egitimler\/\" class=\"plain\">D\u0130SK Emekli-Sen\u2019den Aktivist destekli e\u011fitimler<\/a>\n\t\t\t\t\t<\/h5>\n\t\t\t\t\t\t\t\t\t\t<div class=\"is-divider\"><\/div>\n\t\t\t\t\t\t\t\t\t\t<p class=\"from_the_blog_excerpt \">\n\t\t\t\t\t\t&nbsp; T\u00fcm Emekliler Sendikas\u0131 (D\u0130SK Emekli-Sen), Sivil D\u00fc\u015f\u00fcn AB Program\u0131 deste\u011fi ile \u015fube ve temsilcilik...\t\t\t\t\t<\/p>\n\t\t\t\t\t                    \n\t\t\t\t\t\n\t\t\t\t\t\n\t\t\t\t\t<\/div>\n\t\t\t\t\t<\/div>\n\t\t\t\t\t\t\t\t\t\t\t\t\t\t\t\t<div class=\"badge absolute top post-date badge-square\">\n\t\t\t\t\t\t\t<div class=\"badge-inner\">\n\t\t\t\t\t\t\t\t<span class=\"post-date-day\">24<\/span><br>\n\t\t\t\t\t\t\t\t<span class=\"post-date-month is-xsmall\">Haz<\/span>\n\t\t\t\t\t\t\t<\/div>\n\t\t\t\t\t\t<\/div>\n\t\t\t\t\t\t\t\t\t<\/div>\n\t\t\t<\/div>\n\t\t<\/div><div class=\"col post-item\" >\n\t\t\t<div class=\"col-inner\">\n\t\t\t\t<div class=\"box box-normal box-text-bottom box-blog-post has-hover\">\n            \t\t\t\t\t<div class=\"box-image\" >\n  \t\t\t\t\t\t<div class=\"image-cover\" style=\"padding-top:56.25%;\">\n\t\t\t\t\t\t\t<a href=\"https:\/\/www.sivildusun.net\/yedek18062024\/mus-kadin-catisi-dernegini-taniyalim-2\/\" class=\"plain\" aria-label=\"Mu\u015f Kad\u0131n \u00c7at\u0131s\u0131 Derne\u011fi&#8217;ni tan\u0131yal\u0131m\">\n\t\t\t\t\t\t\t\t\t\t\t\t\t\t\t<\/a>\n  \t\t\t\t\t\t\t  \t\t\t\t\t\t\t  \t\t\t\t\t\t<\/div>\n  \t\t\t\t\t\t  \t\t\t\t\t<\/div>\n          \t\t\t\t\t<div class=\"box-text text-left\" >\n\t\t\t\t\t<div class=\"box-text-inner blog-post-inner\">\n\n\t\t\t\t\t\n\t\t\t\t\t\t\t\t\t\t<h5 class=\"post-title is-large \">\n\t\t\t\t\t\t<a href=\"https:\/\/www.sivildusun.net\/yedek18062024\/mus-kadin-catisi-dernegini-taniyalim-2\/\" class=\"plain\">Mu\u015f Kad\u0131n \u00c7at\u0131s\u0131 Derne\u011fi&#8217;ni tan\u0131yal\u0131m<\/a>\n\t\t\t\t\t<\/h5>\n\t\t\t\t\t\t\t\t\t\t<div class=\"is-divider\"><\/div>\n\t\t\t\t\t\t\t\t\t\t<p class=\"from_the_blog_excerpt \">\n\t\t\t\t\t\tMu\u015f Kad\u0131n \u00c7at\u0131s\u0131 Derne\u011fi, k\u0131rsalda kad\u0131nlar\u0131n t\u00f6re ve namus ad\u0131na \u00f6ld\u00fcr\u00fclmelerinin, erken ya\u015fta\/zorla evliliklerin ve...\t\t\t\t\t<\/p>\n\t\t\t\t\t                    \n\t\t\t\t\t\n\t\t\t\t\t\n\t\t\t\t\t<\/div>\n\t\t\t\t\t<\/div>\n\t\t\t\t\t\t\t\t\t\t\t\t\t\t\t\t<div class=\"badge absolute top post-date badge-square\">\n\t\t\t\t\t\t\t<div class=\"badge-inner\">\n\t\t\t\t\t\t\t\t<span class=\"post-date-day\">24<\/span><br>\n\t\t\t\t\t\t\t\t<span class=\"post-date-month is-xsmall\">Haz<\/span>\n\t\t\t\t\t\t\t<\/div>\n\t\t\t\t\t\t<\/div>\n\t\t\t\t\t\t\t\t\t<\/div>\n\t\t\t<\/div>\n\t\t<\/div><div class=\"col post-item\" >\n\t\t\t<div class=\"col-inner\">\n\t\t\t\t<div class=\"box box-normal box-text-bottom box-blog-post has-hover\">\n            \t\t\t\t\t<div class=\"box-image\" >\n  \t\t\t\t\t\t<div class=\"image-cover\" style=\"padding-top:56.25%;\">\n\t\t\t\t\t\t\t<a href=\"https:\/\/www.sivildusun.net\/yedek18062024\/benim-cocuguma-sivil-dusun-destegi\/\" class=\"plain\" aria-label=\"\u2018Benim \u00c7ocu\u011fum\u2019a Sivil D\u00fc\u015f\u00fcn deste\u011fi\">\n\t\t\t\t\t\t\t\t\t\t\t\t\t\t\t<\/a>\n  \t\t\t\t\t\t\t  \t\t\t\t\t\t\t  \t\t\t\t\t\t<\/div>\n  \t\t\t\t\t\t  \t\t\t\t\t<\/div>\n          \t\t\t\t\t<div class=\"box-text text-left\" >\n\t\t\t\t\t<div class=\"box-text-inner blog-post-inner\">\n\n\t\t\t\t\t\n\t\t\t\t\t\t\t\t\t\t<h5 class=\"post-title is-large \">\n\t\t\t\t\t\t<a href=\"https:\/\/www.sivildusun.net\/yedek18062024\/benim-cocuguma-sivil-dusun-destegi\/\" class=\"plain\">\u2018Benim \u00c7ocu\u011fum\u2019a Sivil D\u00fc\u015f\u00fcn deste\u011fi<\/a>\n\t\t\t\t\t<\/h5>\n\t\t\t\t\t\t\t\t\t\t<div class=\"is-divider\"><\/div>\n\t\t\t\t\t\t\t\t\t\t<p class=\"from_the_blog_excerpt \">\n\t\t\t\t\t\tCan Candan\u2019la Benim \u00c7ocu\u011fum ve Sivil D\u00fc\u015f\u00fcn AB Program\u0131 \u00fczerine&#8230; Akademisyen ve belgesel sinemac\u0131 Can...\t\t\t\t\t<\/p>\n\t\t\t\t\t                    \n\t\t\t\t\t\n\t\t\t\t\t\n\t\t\t\t\t<\/div>\n\t\t\t\t\t<\/div>\n\t\t\t\t\t\t\t\t\t\t\t\t\t\t\t\t<div class=\"badge absolute top post-date badge-square\">\n\t\t\t\t\t\t\t<div class=\"badge-inner\">\n\t\t\t\t\t\t\t\t<span class=\"post-date-day\">24<\/span><br>\n\t\t\t\t\t\t\t\t<span class=\"post-date-month is-xsmall\">Haz<\/span>\n\t\t\t\t\t\t\t<\/div>\n\t\t\t\t\t\t<\/div>\n\t\t\t\t\t\t\t\t\t<\/div>\n\t\t\t<\/div>\n\t\t<\/div><div class=\"col post-item\" >\n\t\t\t<div class=\"col-inner\">\n\t\t\t\t<div class=\"box box-normal box-text-bottom box-blog-post has-hover\">\n            \t\t\t\t\t<div class=\"box-image\" >\n  \t\t\t\t\t\t<div class=\"image-cover\" style=\"padding-top:56.25%;\">\n\t\t\t\t\t\t\t<a href=\"https:\/\/www.sivildusun.net\/yedek18062024\/sivil-dusun-ab-programi-ile-istanbulun-artigina-farkli-bir-bakis-2\/\" class=\"plain\" aria-label=\"Sivil D\u00fc\u015f\u00fcn AB Program\u0131 ile \u0130stanbul\u2019un art\u0131\u011f\u0131na farkl\u0131 bir bak\u0131\u015f\">\n\t\t\t\t\t\t\t\t\t\t\t\t\t\t\t<\/a>\n  \t\t\t\t\t\t\t  \t\t\t\t\t\t\t  \t\t\t\t\t\t<\/div>\n  \t\t\t\t\t\t  \t\t\t\t\t<\/div>\n          \t\t\t\t\t<div class=\"box-text text-left\" >\n\t\t\t\t\t<div class=\"box-text-inner blog-post-inner\">\n\n\t\t\t\t\t\n\t\t\t\t\t\t\t\t\t\t<h5 class=\"post-title is-large \">\n\t\t\t\t\t\t<a href=\"https:\/\/www.sivildusun.net\/yedek18062024\/sivil-dusun-ab-programi-ile-istanbulun-artigina-farkli-bir-bakis-2\/\" class=\"plain\">Sivil D\u00fc\u015f\u00fcn AB Program\u0131 ile \u0130stanbul\u2019un art\u0131\u011f\u0131na farkl\u0131 bir bak\u0131\u015f<\/a>\n\t\t\t\t\t<\/h5>\n\t\t\t\t\t\t\t\t\t\t<div class=\"is-divider\"><\/div>\n\t\t\t\t\t\t\t\t\t\t<p class=\"from_the_blog_excerpt \">\n\t\t\t\t\t\tArt\u0131ki\u015fler Kolektifi\u2019nden Alper \u015een ile \u00e7al\u0131\u015fmalar\u0131, projeleri, aktivizm ve Sivil D\u00fc\u015f\u00fcn AB Program\u0131 \u00fczerine&#8230; Art\u0131ki\u015fler...\t\t\t\t\t<\/p>\n\t\t\t\t\t                    \n\t\t\t\t\t\n\t\t\t\t\t\n\t\t\t\t\t<\/div>\n\t\t\t\t\t<\/div>\n\t\t\t\t\t\t\t\t\t\t\t\t\t\t\t\t<div class=\"badge absolute top post-date badge-square\">\n\t\t\t\t\t\t\t<div class=\"badge-inner\">\n\t\t\t\t\t\t\t\t<span class=\"post-date-day\">22<\/span><br>\n\t\t\t\t\t\t\t\t<span class=\"post-date-month is-xsmall\">Haz<\/span>\n\t\t\t\t\t\t\t<\/div>\n\t\t\t\t\t\t<\/div>\n\t\t\t\t\t\t\t\t\t<\/div>\n\t\t\t<\/div>\n\t\t<\/div><div class=\"col post-item\" >\n\t\t\t<div class=\"col-inner\">\n\t\t\t\t<div class=\"box box-normal box-text-bottom box-blog-post has-hover\">\n            \t\t\t\t\t<div class=\"box-image\" >\n  \t\t\t\t\t\t<div class=\"image-cover\" style=\"padding-top:56.25%;\">\n\t\t\t\t\t\t\t<a href=\"https:\/\/www.sivildusun.net\/yedek18062024\/pinar-pinzuti-ile-sivil-dusun-ve-bisiklet-aktivizmi-uzerine\/\" class=\"plain\" aria-label=\"P\u0131nar Pinzuti ile Sivil D\u00fc\u015f\u00fcn ve bisiklet aktivizmi \u00fczerine\">\n\t\t\t\t\t\t\t\t\t\t\t\t\t\t\t<\/a>\n  \t\t\t\t\t\t\t  \t\t\t\t\t\t\t  \t\t\t\t\t\t<\/div>\n  \t\t\t\t\t\t  \t\t\t\t\t<\/div>\n          \t\t\t\t\t<div class=\"box-text text-left\" >\n\t\t\t\t\t<div class=\"box-text-inner blog-post-inner\">\n\n\t\t\t\t\t\n\t\t\t\t\t\t\t\t\t\t<h5 class=\"post-title is-large \">\n\t\t\t\t\t\t<a href=\"https:\/\/www.sivildusun.net\/yedek18062024\/pinar-pinzuti-ile-sivil-dusun-ve-bisiklet-aktivizmi-uzerine\/\" class=\"plain\">P\u0131nar Pinzuti ile Sivil D\u00fc\u015f\u00fcn ve bisiklet aktivizmi \u00fczerine<\/a>\n\t\t\t\t\t<\/h5>\n\t\t\t\t\t\t\t\t\t\t<div class=\"is-divider\"><\/div>\n\t\t\t\t\t\t\t\t\t\t<p class=\"from_the_blog_excerpt \">\n\t\t\t\t\t\tP\u0131nar Pinzuti, 1979 \u0130zmir do\u011fumlu. \u0130zmir Bornova Anadolu Lisesi\u2019nden mezun olduktan sonra Ankara \u00dcniversitesi\u2019nde Japon...\t\t\t\t\t<\/p>\n\t\t\t\t\t                    \n\t\t\t\t\t\n\t\t\t\t\t\n\t\t\t\t\t<\/div>\n\t\t\t\t\t<\/div>\n\t\t\t\t\t\t\t\t\t\t\t\t\t\t\t\t<div class=\"badge absolute top post-date badge-square\">\n\t\t\t\t\t\t\t<div class=\"badge-inner\">\n\t\t\t\t\t\t\t\t<span class=\"post-date-day\">22<\/span><br>\n\t\t\t\t\t\t\t\t<span class=\"post-date-month is-xsmall\">Haz<\/span>\n\t\t\t\t\t\t\t<\/div>\n\t\t\t\t\t\t<\/div>\n\t\t\t\t\t\t\t\t\t<\/div>\n\t\t\t<\/div>\n\t\t<\/div><div class=\"col post-item\" >\n\t\t\t<div class=\"col-inner\">\n\t\t\t\t<div class=\"box box-normal box-text-bottom box-blog-post has-hover\">\n            \t\t\t\t\t<div class=\"box-image\" >\n  \t\t\t\t\t\t<div class=\"image-cover\" style=\"padding-top:56.25%;\">\n\t\t\t\t\t\t\t<a href=\"https:\/\/www.sivildusun.net\/yedek18062024\/sivil-dusunden-cocuklara-yonelik-ticari-cinsel-somuru-ctcs-ile-mucadele-agina-destek\/\" class=\"plain\" aria-label=\"Sivil D\u00fc\u015f\u00fcn\u2019den \u00c7ocuklara Y\u00f6nelik Ticari Cinsel S\u00f6m\u00fcr\u00fc (\u00c7TCS) \u0130le M\u00fccadele A\u011f\u0131\u2019na destek\">\n\t\t\t\t\t\t\t\t\t\t\t\t\t\t\t<\/a>\n  \t\t\t\t\t\t\t  \t\t\t\t\t\t\t  \t\t\t\t\t\t<\/div>\n  \t\t\t\t\t\t  \t\t\t\t\t<\/div>\n          \t\t\t\t\t<div class=\"box-text text-left\" >\n\t\t\t\t\t<div class=\"box-text-inner blog-post-inner\">\n\n\t\t\t\t\t\n\t\t\t\t\t\t\t\t\t\t<h5 class=\"post-title is-large \">\n\t\t\t\t\t\t<a href=\"https:\/\/www.sivildusun.net\/yedek18062024\/sivil-dusunden-cocuklara-yonelik-ticari-cinsel-somuru-ctcs-ile-mucadele-agina-destek\/\" class=\"plain\">Sivil D\u00fc\u015f\u00fcn\u2019den \u00c7ocuklara Y\u00f6nelik Ticari Cinsel S\u00f6m\u00fcr\u00fc (\u00c7TCS) \u0130le M\u00fccadele A\u011f\u0131\u2019na destek<\/a>\n\t\t\t\t\t<\/h5>\n\t\t\t\t\t\t\t\t\t\t<div class=\"is-divider\"><\/div>\n\t\t\t\t\t\t\t\t\t\t<p class=\"from_the_blog_excerpt \">\n\t\t\t\t\t\t\u00c7ocuklara Y\u00f6nelik Ticari Cinsel S\u00f6m\u00fcr\u00fc (\u00c7TCS) \u0130le M\u00fccadele A\u011f\u0131, kurumsal kapasitesini g\u00fc\u00e7lendirmek ve m\u00fccadelenin daha...\t\t\t\t\t<\/p>\n\t\t\t\t\t                    \n\t\t\t\t\t\n\t\t\t\t\t\n\t\t\t\t\t<\/div>\n\t\t\t\t\t<\/div>\n\t\t\t\t\t\t\t\t\t\t\t\t\t\t\t\t<div class=\"badge absolute top post-date badge-square\">\n\t\t\t\t\t\t\t<div class=\"badge-inner\">\n\t\t\t\t\t\t\t\t<span class=\"post-date-day\">22<\/span><br>\n\t\t\t\t\t\t\t\t<span class=\"post-date-month is-xsmall\">Haz<\/span>\n\t\t\t\t\t\t\t<\/div>\n\t\t\t\t\t\t<\/div>\n\t\t\t\t\t\t\t\t\t<\/div>\n\t\t\t<\/div>\n\t\t<\/div><div class=\"col post-item\" >\n\t\t\t<div class=\"col-inner\">\n\t\t\t\t<div class=\"box box-normal box-text-bottom box-blog-post has-hover\">\n            \t\t\t\t\t<div class=\"box-image\" >\n  \t\t\t\t\t\t<div class=\"image-cover\" style=\"padding-top:56.25%;\">\n\t\t\t\t\t\t\t<a href=\"https:\/\/www.sivildusun.net\/yedek18062024\/madde-28\/\" class=\"plain\" aria-label=\"Madde 28\">\n\t\t\t\t\t\t\t\t\t\t\t\t\t\t\t<\/a>\n  \t\t\t\t\t\t\t  \t\t\t\t\t\t\t  \t\t\t\t\t\t<\/div>\n  \t\t\t\t\t\t  \t\t\t\t\t<\/div>\n          \t\t\t\t\t<div class=\"box-text text-left\" >\n\t\t\t\t\t<div class=\"box-text-inner blog-post-inner\">\n\n\t\t\t\t\t\n\t\t\t\t\t\t\t\t\t\t<h5 class=\"post-title is-large \">\n\t\t\t\t\t\t<a href=\"https:\/\/www.sivildusun.net\/yedek18062024\/madde-28\/\" class=\"plain\">Madde 28<\/a>\n\t\t\t\t\t<\/h5>\n\t\t\t\t\t\t\t\t\t\t<div class=\"is-divider\"><\/div>\n\t\t\t\t\t\t\t\t\t\t<p class=\"from_the_blog_excerpt \">\n\t\t\t\t\t\tH\u00fcsn\u00fc \u00d6nd\u00fcl* Birle\u015fmi\u015f Milletler Genel Kurulu (BM) 10 Aral\u0131k 1948 tarihli \u0130nsan Haklar\u0131 Evrensel Bildirisi\u2019ni...\t\t\t\t\t<\/p>\n\t\t\t\t\t                    \n\t\t\t\t\t\n\t\t\t\t\t\n\t\t\t\t\t<\/div>\n\t\t\t\t\t<\/div>\n\t\t\t\t\t\t\t\t\t\t\t\t\t\t\t\t<div class=\"badge absolute top post-date badge-square\">\n\t\t\t\t\t\t\t<div class=\"badge-inner\">\n\t\t\t\t\t\t\t\t<span class=\"post-date-day\">22<\/span><br>\n\t\t\t\t\t\t\t\t<span class=\"post-date-month is-xsmall\">Haz<\/span>\n\t\t\t\t\t\t\t<\/div>\n\t\t\t\t\t\t<\/div>\n\t\t\t\t\t\t\t\t\t<\/div>\n\t\t\t<\/div>\n\t\t<\/div><div class=\"col post-item has-post-icon\" >\n\t\t\t<div class=\"col-inner\">\n\t\t\t\t<div class=\"box box-normal box-text-bottom box-blog-post has-hover\">\n            \t\t\t\t\t<div class=\"box-image\" >\n  \t\t\t\t\t\t<div class=\"image-cover\" style=\"padding-top:56.25%;\">\n\t\t\t\t\t\t\t<a href=\"https:\/\/www.sivildusun.net\/yedek18062024\/sivilportreler-igam\/\" class=\"plain\" aria-label=\"#SivilPortreler \u0130GAM\">\n\t\t\t\t\t\t\t\t\t\t\t\t\t\t\t<\/a>\n  \t\t\t\t\t\t\t  \t\t\t\t\t\t\t  \t\t\t\t\t\t<\/div>\n  \t\t\t\t\t\t  \t\t\t\t\t\t\t<div class=\"absolute no-click x50 y50 md-x50 md-y50 lg-x50 lg-y50\">\n  \t\t\t\t            \t<div class=\"overlay-icon\">\n  \t\t\t\t                    <i class=\"icon-play\"><\/i>\n  \t\t\t\t                <\/div>\n  \t\t\t\t            <\/div>\n  \t\t\t\t\t\t  \t\t\t\t\t<\/div>\n          \t\t\t\t\t<div class=\"box-text text-left\" >\n\t\t\t\t\t<div class=\"box-text-inner blog-post-inner\">\n\n\t\t\t\t\t\n\t\t\t\t\t\t\t\t\t\t<h5 class=\"post-title is-large \">\n\t\t\t\t\t\t<a href=\"https:\/\/www.sivildusun.net\/yedek18062024\/sivilportreler-igam\/\" class=\"plain\">#SivilPortreler \u0130GAM<\/a>\n\t\t\t\t\t<\/h5>\n\t\t\t\t\t\t\t\t\t\t<div class=\"is-divider\"><\/div>\n\t\t\t\t\t\t\t\t\t\t<p class=\"from_the_blog_excerpt \">\n\t\t\t\t\t\t\u0130ltica ve G\u00f6\u00e7 Ara\u015ft\u0131rmalar\u0131 Merkezi\u00a0Y\u00f6netim Kurulu Ba\u015fkan\u0131 Metin \u00c7orabat\u0131r, T\u00fcrkiye&#8217;de bulunan yakla\u015f\u0131k 30bin Ezidi m\u00fcltecinin...\t\t\t\t\t<\/p>\n\t\t\t\t\t                    \n\t\t\t\t\t\n\t\t\t\t\t\n\t\t\t\t\t<\/div>\n\t\t\t\t\t<\/div>\n\t\t\t\t\t\t\t\t\t\t\t\t\t\t\t\t<div class=\"badge absolute top post-date badge-square\">\n\t\t\t\t\t\t\t<div class=\"badge-inner\">\n\t\t\t\t\t\t\t\t<span class=\"post-date-day\">22<\/span><br>\n\t\t\t\t\t\t\t\t<span class=\"post-date-month is-xsmall\">Haz<\/span>\n\t\t\t\t\t\t\t<\/div>\n\t\t\t\t\t\t<\/div>\n\t\t\t\t\t\t\t\t\t<\/div>\n\t\t\t<\/div>\n\t\t<\/div><div class=\"col post-item has-post-icon\" >\n\t\t\t<div class=\"col-inner\">\n\t\t\t\t<div class=\"box box-normal box-text-bottom box-blog-post has-hover\">\n            \t\t\t\t\t<div class=\"box-image\" >\n  \t\t\t\t\t\t<div class=\"image-cover\" style=\"padding-top:56.25%;\">\n\t\t\t\t\t\t\t<a href=\"https:\/\/www.sivildusun.net\/yedek18062024\/sivilportreler-siyah-bant\/\" class=\"plain\" aria-label=\"#SivilPortreler Siyah Bant\">\n\t\t\t\t\t\t\t\t\t\t\t\t\t\t\t<\/a>\n  \t\t\t\t\t\t\t  \t\t\t\t\t\t\t  \t\t\t\t\t\t<\/div>\n  \t\t\t\t\t\t  \t\t\t\t\t\t\t<div class=\"absolute no-click x50 y50 md-x50 md-y50 lg-x50 lg-y50\">\n  \t\t\t\t            \t<div class=\"overlay-icon\">\n  \t\t\t\t                    <i class=\"icon-play\"><\/i>\n  \t\t\t\t                <\/div>\n  \t\t\t\t            <\/div>\n  \t\t\t\t\t\t  \t\t\t\t\t<\/div>\n          \t\t\t\t\t<div class=\"box-text text-left\" >\n\t\t\t\t\t<div class=\"box-text-inner blog-post-inner\">\n\n\t\t\t\t\t\n\t\t\t\t\t\t\t\t\t\t<h5 class=\"post-title is-large \">\n\t\t\t\t\t\t<a href=\"https:\/\/www.sivildusun.net\/yedek18062024\/sivilportreler-siyah-bant\/\" class=\"plain\">#SivilPortreler Siyah Bant<\/a>\n\t\t\t\t\t<\/h5>\n\t\t\t\t\t\t\t\t\t\t<div class=\"is-divider\"><\/div>\n\t\t\t\t\t\t\t\t\t\t<p class=\"from_the_blog_excerpt \">\n\t\t\t\t\t\tSiyah Bant&#8217;tan Asena G\u00fcnal, sanat\u00e7\u0131lar i\u00e7in haz\u0131rlad\u0131klar\u0131 ifade \u00f6zg\u00fcrl\u00fc\u011f\u00fc k\u0131lavuzunu anlat\u0131yor.\t\t\t\t\t<\/p>\n\t\t\t\t\t                    \n\t\t\t\t\t\n\t\t\t\t\t\n\t\t\t\t\t<\/div>\n\t\t\t\t\t<\/div>\n\t\t\t\t\t\t\t\t\t\t\t\t\t\t\t\t<div class=\"badge absolute top post-date badge-square\">\n\t\t\t\t\t\t\t<div class=\"badge-inner\">\n\t\t\t\t\t\t\t\t<span class=\"post-date-day\">22<\/span><br>\n\t\t\t\t\t\t\t\t<span class=\"post-date-month is-xsmall\">Haz<\/span>\n\t\t\t\t\t\t\t<\/div>\n\t\t\t\t\t\t<\/div>\n\t\t\t\t\t\t\t\t\t<\/div>\n\t\t\t<\/div>\n\t\t<\/div><div class=\"col post-item has-post-icon\" >\n\t\t\t<div class=\"col-inner\">\n\t\t\t\t<div class=\"box box-normal box-text-bottom box-blog-post has-hover\">\n            \t\t\t\t\t<div class=\"box-image\" >\n  \t\t\t\t\t\t<div class=\"image-cover\" style=\"padding-top:56.25%;\">\n\t\t\t\t\t\t\t<a href=\"https:\/\/www.sivildusun.net\/yedek18062024\/sivilportreler-cigdemim-dernegi\/\" class=\"plain\" aria-label=\"#SivilPortreler \u00c7i\u011fdemim Derne\u011fi\">\n\t\t\t\t\t\t\t\t\t\t\t\t\t\t\t<\/a>\n  \t\t\t\t\t\t\t  \t\t\t\t\t\t\t  \t\t\t\t\t\t<\/div>\n  \t\t\t\t\t\t  \t\t\t\t\t\t\t<div class=\"absolute no-click x50 y50 md-x50 md-y50 lg-x50 lg-y50\">\n  \t\t\t\t            \t<div class=\"overlay-icon\">\n  \t\t\t\t                    <i class=\"icon-play\"><\/i>\n  \t\t\t\t                <\/div>\n  \t\t\t\t            <\/div>\n  \t\t\t\t\t\t  \t\t\t\t\t<\/div>\n          \t\t\t\t\t<div class=\"box-text text-left\" >\n\t\t\t\t\t<div class=\"box-text-inner blog-post-inner\">\n\n\t\t\t\t\t\n\t\t\t\t\t\t\t\t\t\t<h5 class=\"post-title is-large \">\n\t\t\t\t\t\t<a href=\"https:\/\/www.sivildusun.net\/yedek18062024\/sivilportreler-cigdemim-dernegi\/\" class=\"plain\">#SivilPortreler \u00c7i\u011fdemim Derne\u011fi<\/a>\n\t\t\t\t\t<\/h5>\n\t\t\t\t\t\t\t\t\t\t<div class=\"is-divider\"><\/div>\n\t\t\t\t\t\t\t\t\t\t<p class=\"from_the_blog_excerpt \">\n\t\t\t\t\t\t\u00c7i\u011fdemim Derne\u011fi Y\u00f6netim Kurulu Ba\u015fkan\u0131 Fatih Fethi Aksoy #SivilD\u00fc\u015f\u00fcn deste\u011fiyle d\u00fczenledikleri 3. Ankara Ekolojik Ya\u015fam...\t\t\t\t\t<\/p>\n\t\t\t\t\t                    \n\t\t\t\t\t\n\t\t\t\t\t\n\t\t\t\t\t<\/div>\n\t\t\t\t\t<\/div>\n\t\t\t\t\t\t\t\t\t\t\t\t\t\t\t\t<div class=\"badge absolute top post-date badge-square\">\n\t\t\t\t\t\t\t<div class=\"badge-inner\">\n\t\t\t\t\t\t\t\t<span class=\"post-date-day\">22<\/span><br>\n\t\t\t\t\t\t\t\t<span class=\"post-date-month is-xsmall\">Haz<\/span>\n\t\t\t\t\t\t\t<\/div>\n\t\t\t\t\t\t<\/div>\n\t\t\t\t\t\t\t\t\t<\/div>\n\t\t\t<\/div>\n\t\t<\/div><div class=\"col post-item\" >\n\t\t\t<div class=\"col-inner\">\n\t\t\t\t<div class=\"box box-normal box-text-bottom box-blog-post has-hover\">\n            \t\t\t\t\t<div class=\"box-image\" >\n  \t\t\t\t\t\t<div class=\"image-cover\" style=\"padding-top:56.25%;\">\n\t\t\t\t\t\t\t<a href=\"https:\/\/www.sivildusun.net\/yedek18062024\/orduda-cinsiyet-esitligi-calistaylari-mahallelerde-basladi\/\" class=\"plain\" aria-label=\"Ordu&#8217;da Cinsiyet E\u015fitli\u011fi \u00c7al\u0131\u015ftaylar\u0131 mahallelerde ba\u015flad\u0131\">\n\t\t\t\t\t\t\t\t\t\t\t\t\t\t\t<\/a>\n  \t\t\t\t\t\t\t  \t\t\t\t\t\t\t  \t\t\t\t\t\t<\/div>\n  \t\t\t\t\t\t  \t\t\t\t\t\t\t<div class=\"absolute no-click x50 y50 md-x50 md-y50 lg-x50 lg-y50\">\n  \t\t\t\t            \t<div class=\"overlay-icon\">\n  \t\t\t\t                    <i class=\"icon-play\"><\/i>\n  \t\t\t\t                <\/div>\n  \t\t\t\t            <\/div>\n  \t\t\t\t\t\t  \t\t\t\t\t<\/div>\n          \t\t\t\t\t<div class=\"box-text text-left\" >\n\t\t\t\t\t<div class=\"box-text-inner blog-post-inner\">\n\n\t\t\t\t\t\n\t\t\t\t\t\t\t\t\t\t<h5 class=\"post-title is-large \">\n\t\t\t\t\t\t<a href=\"https:\/\/www.sivildusun.net\/yedek18062024\/orduda-cinsiyet-esitligi-calistaylari-mahallelerde-basladi\/\" class=\"plain\">Ordu&#8217;da Cinsiyet E\u015fitli\u011fi \u00c7al\u0131\u015ftaylar\u0131 mahallelerde ba\u015flad\u0131<\/a>\n\t\t\t\t\t<\/h5>\n\t\t\t\t\t\t\t\t\t\t<div class=\"is-divider\"><\/div>\n\t\t\t\t\t\t\t\t\t\t<p class=\"from_the_blog_excerpt \">\n\t\t\t\t\t\tOrdu Kad\u0131n\u0131 G\u00fc\u00e7lendirme Derne\u011fi&#8217;nin Sivil D\u00fc\u015f\u00fcn deste\u011fiyle hayata ge\u00e7en\u00a0&#8220;Ordu&#8217;da Toplumsal Cinsiyet E\u015fitli\u011fi Mahallelerden Ba\u015fl\u0131yor&#8221; \u00e7al\u0131\u015fmalar\u0131...\t\t\t\t\t<\/p>\n\t\t\t\t\t                    \n\t\t\t\t\t\n\t\t\t\t\t\n\t\t\t\t\t<\/div>\n\t\t\t\t\t<\/div>\n\t\t\t\t\t\t\t\t\t\t\t\t\t\t\t\t<div class=\"badge absolute top post-date badge-square\">\n\t\t\t\t\t\t\t<div class=\"badge-inner\">\n\t\t\t\t\t\t\t\t<span class=\"post-date-day\">21<\/span><br>\n\t\t\t\t\t\t\t\t<span class=\"post-date-month is-xsmall\">Haz<\/span>\n\t\t\t\t\t\t\t<\/div>\n\t\t\t\t\t\t<\/div>\n\t\t\t\t\t\t\t\t\t<\/div>\n\t\t\t<\/div>\n\t\t<\/div><div class=\"col post-item\" >\n\t\t\t<div class=\"col-inner\">\n\t\t\t\t<div class=\"box box-normal box-text-bottom box-blog-post has-hover\">\n            \t\t\t\t\t<div class=\"box-image\" >\n  \t\t\t\t\t\t<div class=\"image-cover\" style=\"padding-top:56.25%;\">\n\t\t\t\t\t\t\t<a href=\"https:\/\/www.sivildusun.net\/yedek18062024\/prof-yakin-erturk-kadinhaklari-sorularinizi-cevapliyor-1\/\" class=\"plain\" aria-label=\"Prof. Yak\u0131n Ert\u00fcrk #kad\u0131nhaklar\u0131 sorular\u0131n\u0131z\u0131 cevapl\u0131yor 1\">\n\t\t\t\t\t\t\t\t\t\t\t\t\t\t\t<\/a>\n  \t\t\t\t\t\t\t  \t\t\t\t\t\t\t  \t\t\t\t\t\t<\/div>\n  \t\t\t\t\t\t  \t\t\t\t\t<\/div>\n          \t\t\t\t\t<div class=\"box-text text-left\" >\n\t\t\t\t\t<div class=\"box-text-inner blog-post-inner\">\n\n\t\t\t\t\t\n\t\t\t\t\t\t\t\t\t\t<h5 class=\"post-title is-large \">\n\t\t\t\t\t\t<a href=\"https:\/\/www.sivildusun.net\/yedek18062024\/prof-yakin-erturk-kadinhaklari-sorularinizi-cevapliyor-1\/\" class=\"plain\">Prof. Yak\u0131n Ert\u00fcrk #kad\u0131nhaklar\u0131 sorular\u0131n\u0131z\u0131 cevapl\u0131yor 1<\/a>\n\t\t\t\t\t<\/h5>\n\t\t\t\t\t\t\t\t\t\t<div class=\"is-divider\"><\/div>\n\t\t\t\t\t\t\t\t\t\t<p class=\"from_the_blog_excerpt \">\n\t\t\t\t\t\tGe\u00e7ti\u011fimiz hafta T\u00fcrkiye\u2019de kad\u0131n haklar\u0131 \u00fczerine merak ettiklerinizi\u00a0@SivilDusun Twitter\u00a0hesab\u0131 \u00fczerinden, BM Kad\u0131na Y\u00f6nelik \u015eiddet \u00d6zel...\t\t\t\t\t<\/p>\n\t\t\t\t\t                    \n\t\t\t\t\t\n\t\t\t\t\t\n\t\t\t\t\t<\/div>\n\t\t\t\t\t<\/div>\n\t\t\t\t\t\t\t\t\t\t\t\t\t\t\t\t<div class=\"badge absolute top post-date badge-square\">\n\t\t\t\t\t\t\t<div class=\"badge-inner\">\n\t\t\t\t\t\t\t\t<span class=\"post-date-day\">21<\/span><br>\n\t\t\t\t\t\t\t\t<span class=\"post-date-month is-xsmall\">Haz<\/span>\n\t\t\t\t\t\t\t<\/div>\n\t\t\t\t\t\t<\/div>\n\t\t\t\t\t\t\t\t\t<\/div>\n\t\t\t<\/div>\n\t\t<\/div><div class=\"col post-item\" >\n\t\t\t<div class=\"col-inner\">\n\t\t\t\t<div class=\"box box-normal box-text-bottom box-blog-post has-hover\">\n            \t\t\t\t\t<div class=\"box-image\" >\n  \t\t\t\t\t\t<div class=\"image-cover\" style=\"padding-top:56.25%;\">\n\t\t\t\t\t\t\t<a href=\"https:\/\/www.sivildusun.net\/yedek18062024\/pelin-basaran-sanatsal-ifade-ozgurlugu-kilavuzunu-anlatiyor\/\" class=\"plain\" aria-label=\"Pelin Ba\u015faran Sanatsal \u0130fade \u00d6zg\u00fcrl\u00fc\u011f\u00fc K\u0131lavuzu&#8217;nu anlat\u0131yor\">\n\t\t\t\t\t\t\t\t\t\t\t\t\t\t\t<\/a>\n  \t\t\t\t\t\t\t  \t\t\t\t\t\t\t  \t\t\t\t\t\t<\/div>\n  \t\t\t\t\t\t  \t\t\t\t\t\t\t<div class=\"absolute no-click x50 y50 md-x50 md-y50 lg-x50 lg-y50\">\n  \t\t\t\t            \t<div class=\"overlay-icon\">\n  \t\t\t\t                    <i class=\"icon-play\"><\/i>\n  \t\t\t\t                <\/div>\n  \t\t\t\t            <\/div>\n  \t\t\t\t\t\t  \t\t\t\t\t<\/div>\n          \t\t\t\t\t<div class=\"box-text text-left\" >\n\t\t\t\t\t<div class=\"box-text-inner blog-post-inner\">\n\n\t\t\t\t\t\n\t\t\t\t\t\t\t\t\t\t<h5 class=\"post-title is-large \">\n\t\t\t\t\t\t<a href=\"https:\/\/www.sivildusun.net\/yedek18062024\/pelin-basaran-sanatsal-ifade-ozgurlugu-kilavuzunu-anlatiyor\/\" class=\"plain\">Pelin Ba\u015faran Sanatsal \u0130fade \u00d6zg\u00fcrl\u00fc\u011f\u00fc K\u0131lavuzu&#8217;nu anlat\u0131yor<\/a>\n\t\t\t\t\t<\/h5>\n\t\t\t\t\t\t\t\t\t\t<div class=\"is-divider\"><\/div>\n\t\t\t\t\t\t\t\t\t\t<p class=\"from_the_blog_excerpt \">\n\t\t\t\t\t\tSiyah Bant taraf\u0131ndan yay\u0131nlanan Sanatsal \u0130fade \u00d6zg\u00fcrl\u00fc\u011f\u00fc K\u0131lavuzu \u00fczerine k\u0131lavuz yazarlar\u0131ndan Pelin Ba\u015faran&#8217;\u0131n Sivil D\u00fc\u015f\u00fcn&#8217;e...\t\t\t\t\t<\/p>\n\t\t\t\t\t                    \n\t\t\t\t\t\n\t\t\t\t\t\n\t\t\t\t\t<\/div>\n\t\t\t\t\t<\/div>\n\t\t\t\t\t\t\t\t\t\t\t\t\t\t\t\t<div class=\"badge absolute top post-date badge-square\">\n\t\t\t\t\t\t\t<div class=\"badge-inner\">\n\t\t\t\t\t\t\t\t<span class=\"post-date-day\">20<\/span><br>\n\t\t\t\t\t\t\t\t<span class=\"post-date-month is-xsmall\">Haz<\/span>\n\t\t\t\t\t\t\t<\/div>\n\t\t\t\t\t\t<\/div>\n\t\t\t\t\t\t\t\t\t<\/div>\n\t\t\t<\/div>\n\t\t<\/div><div class=\"col post-item\" >\n\t\t\t<div class=\"col-inner\">\n\t\t\t\t<div class=\"box box-normal box-text-bottom box-blog-post has-hover\">\n            \t\t\t\t\t<div class=\"box-image\" >\n  \t\t\t\t\t\t<div class=\"image-cover\" style=\"padding-top:56.25%;\">\n\t\t\t\t\t\t\t<a href=\"https:\/\/www.sivildusun.net\/yedek18062024\/baris-hesap-vermekten-gecer\/\" class=\"plain\" aria-label=\"Bar\u0131\u015f hesap vermekten ge\u00e7er\">\n\t\t\t\t\t\t\t\t\t\t\t\t\t\t\t<\/a>\n  \t\t\t\t\t\t\t  \t\t\t\t\t\t\t  \t\t\t\t\t\t<\/div>\n  \t\t\t\t\t\t  \t\t\t\t\t<\/div>\n          \t\t\t\t\t<div class=\"box-text text-left\" >\n\t\t\t\t\t<div class=\"box-text-inner blog-post-inner\">\n\n\t\t\t\t\t\n\t\t\t\t\t\t\t\t\t\t<h5 class=\"post-title is-large \">\n\t\t\t\t\t\t<a href=\"https:\/\/www.sivildusun.net\/yedek18062024\/baris-hesap-vermekten-gecer\/\" class=\"plain\">Bar\u0131\u015f hesap vermekten ge\u00e7er<\/a>\n\t\t\t\t\t<\/h5>\n\t\t\t\t\t\t\t\t\t\t<div class=\"is-divider\"><\/div>\n\t\t\t\t\t\t\t\t\t\t<p class=\"from_the_blog_excerpt \">\n\t\t\t\t\t\tFeray Salman* Bar\u0131\u015f istiyoruz \u00e7a\u011fr\u0131s\u0131, pek \u00e7ok \u00e7a\u011fr\u0131y\u0131 i\u00e7inde bar\u0131nd\u0131r\u0131yor. Bu \u00e7a\u011fr\u0131lar, \u201cGel el s\u0131k\u0131\u015fal\u0131m&#8217;dan,...\t\t\t\t\t<\/p>\n\t\t\t\t\t                    \n\t\t\t\t\t\n\t\t\t\t\t\n\t\t\t\t\t<\/div>\n\t\t\t\t\t<\/div>\n\t\t\t\t\t\t\t\t\t\t\t\t\t\t\t\t<div class=\"badge absolute top post-date badge-square\">\n\t\t\t\t\t\t\t<div class=\"badge-inner\">\n\t\t\t\t\t\t\t\t<span class=\"post-date-day\">20<\/span><br>\n\t\t\t\t\t\t\t\t<span class=\"post-date-month is-xsmall\">Haz<\/span>\n\t\t\t\t\t\t\t<\/div>\n\t\t\t\t\t\t<\/div>\n\t\t\t\t\t\t\t\t\t<\/div>\n\t\t\t<\/div>\n\t\t<\/div><div class=\"col post-item\" >\n\t\t\t<div class=\"col-inner\">\n\t\t\t\t<div class=\"box box-normal box-text-bottom box-blog-post has-hover\">\n            \t\t\t\t\t<div class=\"box-image\" >\n  \t\t\t\t\t\t<div class=\"image-cover\" style=\"padding-top:56.25%;\">\n\t\t\t\t\t\t\t<a href=\"https:\/\/www.sivildusun.net\/yedek18062024\/yuksekova-kadin-dernegi-ile-turkiyede-kadin-olmak-uzerine-2\/\" class=\"plain\" aria-label=\"Y\u00fcksekova Kad\u0131n Derne\u011fi ile T\u00fcrkiye&#8217;de kad\u0131n olmak \u00fczerine\">\n\t\t\t\t\t\t\t\t\t\t\t\t\t\t\t<\/a>\n  \t\t\t\t\t\t\t  \t\t\t\t\t\t\t  \t\t\t\t\t\t<\/div>\n  \t\t\t\t\t\t  \t\t\t\t\t<\/div>\n          \t\t\t\t\t<div class=\"box-text text-left\" >\n\t\t\t\t\t<div class=\"box-text-inner blog-post-inner\">\n\n\t\t\t\t\t\n\t\t\t\t\t\t\t\t\t\t<h5 class=\"post-title is-large \">\n\t\t\t\t\t\t<a href=\"https:\/\/www.sivildusun.net\/yedek18062024\/yuksekova-kadin-dernegi-ile-turkiyede-kadin-olmak-uzerine-2\/\" class=\"plain\">Y\u00fcksekova Kad\u0131n Derne\u011fi ile T\u00fcrkiye&#8217;de kad\u0131n olmak \u00fczerine<\/a>\n\t\t\t\t\t<\/h5>\n\t\t\t\t\t\t\t\t\t\t<div class=\"is-divider\"><\/div>\n\t\t\t\t\t\t\t\t\t\t<p class=\"from_the_blog_excerpt \">\n\t\t\t\t\t\t\u201cE\u015fitlik ve \u00f6zg\u00fcrl\u00fck i\u00e7in, her g\u00fcn 8 Mart, her g\u00fcn m\u00fccadele edece\u011fiz. Ya\u015fas\u0131n kad\u0131n dayan\u0131\u015fmas\u0131,\u201d...\t\t\t\t\t<\/p>\n\t\t\t\t\t                    \n\t\t\t\t\t\n\t\t\t\t\t\n\t\t\t\t\t<\/div>\n\t\t\t\t\t<\/div>\n\t\t\t\t\t\t\t\t\t\t\t\t\t\t\t\t<div class=\"badge absolute top post-date badge-square\">\n\t\t\t\t\t\t\t<div class=\"badge-inner\">\n\t\t\t\t\t\t\t\t<span class=\"post-date-day\">20<\/span><br>\n\t\t\t\t\t\t\t\t<span class=\"post-date-month is-xsmall\">Haz<\/span>\n\t\t\t\t\t\t\t<\/div>\n\t\t\t\t\t\t<\/div>\n\t\t\t\t\t\t\t\t\t<\/div>\n\t\t\t<\/div>\n\t\t<\/div><div class=\"col post-item\" >\n\t\t\t<div class=\"col-inner\">\n\t\t\t\t<div class=\"box box-normal box-text-bottom box-blog-post has-hover\">\n            \t\t\t\t\t<div class=\"box-image\" >\n  \t\t\t\t\t\t<div class=\"image-cover\" style=\"padding-top:56.25%;\">\n\t\t\t\t\t\t\t<a href=\"https:\/\/www.sivildusun.net\/yedek18062024\/ozledigimiz-barisi-nasil-yaratacagiz\/\" class=\"plain\" aria-label=\"\u00d6zledi\u011fimiz bar\u0131\u015f\u0131 nas\u0131l yarataca\u011f\u0131z?\">\n\t\t\t\t\t\t\t\t\t\t\t\t\t\t\t<\/a>\n  \t\t\t\t\t\t\t  \t\t\t\t\t\t\t  \t\t\t\t\t\t<\/div>\n  \t\t\t\t\t\t  \t\t\t\t\t<\/div>\n          \t\t\t\t\t<div class=\"box-text text-left\" >\n\t\t\t\t\t<div class=\"box-text-inner blog-post-inner\">\n\n\t\t\t\t\t\n\t\t\t\t\t\t\t\t\t\t<h5 class=\"post-title is-large \">\n\t\t\t\t\t\t<a href=\"https:\/\/www.sivildusun.net\/yedek18062024\/ozledigimiz-barisi-nasil-yaratacagiz\/\" class=\"plain\">\u00d6zledi\u011fimiz bar\u0131\u015f\u0131 nas\u0131l yarataca\u011f\u0131z?<\/a>\n\t\t\t\t\t<\/h5>\n\t\t\t\t\t\t\t\t\t\t<div class=\"is-divider\"><\/div>\n\t\t\t\t\t\t\t\t\t\t<p class=\"from_the_blog_excerpt \">\n\t\t\t\t\t\tNil\u00fcfer Y\u0131lmaz* Bayram ve bar\u0131\u015f! \u00d6zledi\u011fimiz bar\u0131\u015f\u0131 nas\u0131l yarataca\u011f\u0131z? \u00d6nce kendimizle bar\u0131\u015fman\u0131n bir yolunu bulmal\u0131...\t\t\t\t\t<\/p>\n\t\t\t\t\t                    \n\t\t\t\t\t\n\t\t\t\t\t\n\t\t\t\t\t<\/div>\n\t\t\t\t\t<\/div>\n\t\t\t\t\t\t\t\t\t\t\t\t\t\t\t\t<div class=\"badge absolute top post-date badge-square\">\n\t\t\t\t\t\t\t<div class=\"badge-inner\">\n\t\t\t\t\t\t\t\t<span class=\"post-date-day\">19<\/span><br>\n\t\t\t\t\t\t\t\t<span class=\"post-date-month is-xsmall\">Haz<\/span>\n\t\t\t\t\t\t\t<\/div>\n\t\t\t\t\t\t<\/div>\n\t\t\t\t\t\t\t\t\t<\/div>\n\t\t\t<\/div>\n\t\t<\/div><div class=\"col post-item\" >\n\t\t\t<div class=\"col-inner\">\n\t\t\t\t<div class=\"box box-normal box-text-bottom box-blog-post has-hover\">\n            \t\t\t\t\t<div class=\"box-image\" >\n  \t\t\t\t\t\t<div class=\"image-cover\" style=\"padding-top:56.25%;\">\n\t\t\t\t\t\t\t<a href=\"https:\/\/www.sivildusun.net\/yedek18062024\/sulukule-gonulluleri-okulu-terki-onlemek-icin-calisiyor\/\" class=\"plain\" aria-label=\"Sulukule G\u00f6n\u00fcll\u00fcleri okulu terki \u00f6nlemek i\u00e7in \u00e7al\u0131\u015f\u0131yor\">\n\t\t\t\t\t\t\t\t\t\t\t\t\t\t\t<\/a>\n  \t\t\t\t\t\t\t  \t\t\t\t\t\t\t  \t\t\t\t\t\t<\/div>\n  \t\t\t\t\t\t  \t\t\t\t\t<\/div>\n          \t\t\t\t\t<div class=\"box-text text-left\" >\n\t\t\t\t\t<div class=\"box-text-inner blog-post-inner\">\n\n\t\t\t\t\t\n\t\t\t\t\t\t\t\t\t\t<h5 class=\"post-title is-large \">\n\t\t\t\t\t\t<a href=\"https:\/\/www.sivildusun.net\/yedek18062024\/sulukule-gonulluleri-okulu-terki-onlemek-icin-calisiyor\/\" class=\"plain\">Sulukule G\u00f6n\u00fcll\u00fcleri okulu terki \u00f6nlemek i\u00e7in \u00e7al\u0131\u015f\u0131yor<\/a>\n\t\t\t\t\t<\/h5>\n\t\t\t\t\t\t\t\t\t\t<div class=\"is-divider\"><\/div>\n\t\t\t\t\t\t\t\t\t\t<p class=\"from_the_blog_excerpt \">\n\t\t\t\t\t\tSivil D\u00fc\u015f\u00fcn AB Program\u0131&#8216;n\u0131n deste\u011fi ile Sulukule G\u00f6n\u00fcll\u00fcleri Derne\u011fi taraf\u0131ndan hayata ge\u00e7irilen Okulu terki \u00f6nleme,...\t\t\t\t\t<\/p>\n\t\t\t\t\t                    \n\t\t\t\t\t\n\t\t\t\t\t\n\t\t\t\t\t<\/div>\n\t\t\t\t\t<\/div>\n\t\t\t\t\t\t\t\t\t\t\t\t\t\t\t\t<div class=\"badge absolute top post-date badge-square\">\n\t\t\t\t\t\t\t<div class=\"badge-inner\">\n\t\t\t\t\t\t\t\t<span class=\"post-date-day\">19<\/span><br>\n\t\t\t\t\t\t\t\t<span class=\"post-date-month is-xsmall\">Haz<\/span>\n\t\t\t\t\t\t\t<\/div>\n\t\t\t\t\t\t<\/div>\n\t\t\t\t\t\t\t\t\t<\/div>\n\t\t\t<\/div>\n\t\t<\/div><div class=\"col post-item\" >\n\t\t\t<div class=\"col-inner\">\n\t\t\t\t<div class=\"box box-normal box-text-bottom box-blog-post has-hover\">\n            \t\t\t\t\t<div class=\"box-image\" >\n  \t\t\t\t\t\t<div class=\"image-cover\" style=\"padding-top:56.25%;\">\n\t\t\t\t\t\t\t<a href=\"https:\/\/www.sivildusun.net\/yedek18062024\/ahmet-ceran-turkiyede-ve-abde-kisisel-verilerin-korunmasi-kilavuzunu-anlatiyor\/\" class=\"plain\" aria-label=\"Ahmet Ceran &#8216;T\u00fcrkiye&#8217;de ve AB&#8217;de Ki\u015fisel Verilerin Korunmas\u0131&#8217; k\u0131lavuzunu anlat\u0131yor\">\n\t\t\t\t\t\t\t\t\t\t\t\t\t\t\t<\/a>\n  \t\t\t\t\t\t\t  \t\t\t\t\t\t\t  \t\t\t\t\t\t<\/div>\n  \t\t\t\t\t\t  \t\t\t\t\t\t\t<div class=\"absolute no-click x50 y50 md-x50 md-y50 lg-x50 lg-y50\">\n  \t\t\t\t            \t<div class=\"overlay-icon\">\n  \t\t\t\t                    <i class=\"icon-play\"><\/i>\n  \t\t\t\t                <\/div>\n  \t\t\t\t            <\/div>\n  \t\t\t\t\t\t  \t\t\t\t\t<\/div>\n          \t\t\t\t\t<div class=\"box-text text-left\" >\n\t\t\t\t\t<div class=\"box-text-inner blog-post-inner\">\n\n\t\t\t\t\t\n\t\t\t\t\t\t\t\t\t\t<h5 class=\"post-title is-large \">\n\t\t\t\t\t\t<a href=\"https:\/\/www.sivildusun.net\/yedek18062024\/ahmet-ceran-turkiyede-ve-abde-kisisel-verilerin-korunmasi-kilavuzunu-anlatiyor\/\" class=\"plain\">Ahmet Ceran &#8216;T\u00fcrkiye&#8217;de ve AB&#8217;de Ki\u015fisel Verilerin Korunmas\u0131&#8217; k\u0131lavuzunu anlat\u0131yor<\/a>\n\t\t\t\t\t<\/h5>\n\t\t\t\t\t\t\t\t\t\t<div class=\"is-divider\"><\/div>\n\t\t\t\t\t\t\t\t\t\t<p class=\"from_the_blog_excerpt \">\n\t\t\t\t\t\t\u0130ktisadi Kalk\u0131nma Vakf\u0131\u2019ndan (\u0130KV) Ahmet Ceran\u2019la, Sivil D\u00fc\u015f\u00fcn deste\u011fiyle kaleme ald\u0131\u011f\u0131\u00a0\u201cT\u00fcrkiye&#8217;de ve AB&#8217;de Ki\u015fisel Verilerin...\t\t\t\t\t<\/p>\n\t\t\t\t\t                    \n\t\t\t\t\t\n\t\t\t\t\t\n\t\t\t\t\t<\/div>\n\t\t\t\t\t<\/div>\n\t\t\t\t\t\t\t\t\t\t\t\t\t\t\t\t<div class=\"badge absolute top post-date badge-square\">\n\t\t\t\t\t\t\t<div class=\"badge-inner\">\n\t\t\t\t\t\t\t\t<span class=\"post-date-day\">18<\/span><br>\n\t\t\t\t\t\t\t\t<span class=\"post-date-month is-xsmall\">Haz<\/span>\n\t\t\t\t\t\t\t<\/div>\n\t\t\t\t\t\t<\/div>\n\t\t\t\t\t\t\t\t\t<\/div>\n\t\t\t<\/div>\n\t\t<\/div><div class=\"col post-item\" >\n\t\t\t<div class=\"col-inner\">\n\t\t\t\t<div class=\"box box-normal box-text-bottom box-blog-post has-hover\">\n            \t\t\t\t\t<div class=\"box-image\" >\n  \t\t\t\t\t\t<div class=\"image-cover\" style=\"padding-top:56.25%;\">\n\t\t\t\t\t\t\t<a href=\"https:\/\/www.sivildusun.net\/yedek18062024\/aytekin-yilmaz-anlatiyor-hapishaneler-icin-yerel-yonetimleri-harekete-gecirmek\/\" class=\"plain\" aria-label=\"Aytekin Y\u0131lmaz anlat\u0131yor: Hapishaneler i\u00e7in yerel y\u00f6netimleri harekete ge\u00e7irmek\">\n\t\t\t\t\t\t\t\t\t\t\t\t\t\t\t<\/a>\n  \t\t\t\t\t\t\t  \t\t\t\t\t\t\t  \t\t\t\t\t\t<\/div>\n  \t\t\t\t\t\t  \t\t\t\t\t\t\t<div class=\"absolute no-click x50 y50 md-x50 md-y50 lg-x50 lg-y50\">\n  \t\t\t\t            \t<div class=\"overlay-icon\">\n  \t\t\t\t                    <i class=\"icon-play\"><\/i>\n  \t\t\t\t                <\/div>\n  \t\t\t\t            <\/div>\n  \t\t\t\t\t\t  \t\t\t\t\t<\/div>\n          \t\t\t\t\t<div class=\"box-text text-left\" >\n\t\t\t\t\t<div class=\"box-text-inner blog-post-inner\">\n\n\t\t\t\t\t\n\t\t\t\t\t\t\t\t\t\t<h5 class=\"post-title is-large \">\n\t\t\t\t\t\t<a href=\"https:\/\/www.sivildusun.net\/yedek18062024\/aytekin-yilmaz-anlatiyor-hapishaneler-icin-yerel-yonetimleri-harekete-gecirmek\/\" class=\"plain\">Aytekin Y\u0131lmaz anlat\u0131yor: Hapishaneler i\u00e7in yerel y\u00f6netimleri harekete ge\u00e7irmek<\/a>\n\t\t\t\t\t<\/h5>\n\t\t\t\t\t\t\t\t\t\t<div class=\"is-divider\"><\/div>\n\t\t\t\t\t\t\t\t\t\t<p class=\"from_the_blog_excerpt \">\n\t\t\t\t\t\tMahsus Mahal Derne\u011fi&#8217;nden Aytekin Y\u0131lmaz ile yerel y\u00f6netimlerin hapishanelere hizmet g\u00f6t\u00fcrmesini hedefleyen \u00e7al\u0131\u015fmalar\u0131n\u0131 nas\u0131l kurgulad\u0131klar\u0131n\u0131...\t\t\t\t\t<\/p>\n\t\t\t\t\t                    \n\t\t\t\t\t\n\t\t\t\t\t\n\t\t\t\t\t<\/div>\n\t\t\t\t\t<\/div>\n\t\t\t\t\t\t\t\t\t\t\t\t\t\t\t\t<div class=\"badge absolute top post-date badge-square\">\n\t\t\t\t\t\t\t<div class=\"badge-inner\">\n\t\t\t\t\t\t\t\t<span class=\"post-date-day\">18<\/span><br>\n\t\t\t\t\t\t\t\t<span class=\"post-date-month is-xsmall\">Haz<\/span>\n\t\t\t\t\t\t\t<\/div>\n\t\t\t\t\t\t<\/div>\n\t\t\t\t\t\t\t\t\t<\/div>\n\t\t\t<\/div>\n\t\t<\/div><div class=\"col post-item\" >\n\t\t\t<div class=\"col-inner\">\n\t\t\t\t<div class=\"box box-normal box-text-bottom box-blog-post has-hover\">\n            \t\t\t\t\t<div class=\"box-image\" >\n  \t\t\t\t\t\t<div class=\"image-cover\" style=\"padding-top:56.25%;\">\n\t\t\t\t\t\t\t<a href=\"https:\/\/www.sivildusun.net\/yedek18062024\/nukhet-sirman-baris-icin-israr-ediyoruz-cunku\/\" class=\"plain\" aria-label=\"N\u00fckhet Sirman: &#8220;Bar\u0131\u015f i\u00e7in \u0131srar ediyoruz, \u00e7\u00fcnk\u00fc&#8230;&#8221;\">\n\t\t\t\t\t\t\t\t\t\t\t\t\t\t\t<\/a>\n  \t\t\t\t\t\t\t  \t\t\t\t\t\t\t  \t\t\t\t\t\t<\/div>\n  \t\t\t\t\t\t  \t\t\t\t\t<\/div>\n          \t\t\t\t\t<div class=\"box-text text-left\" >\n\t\t\t\t\t<div class=\"box-text-inner blog-post-inner\">\n\n\t\t\t\t\t\n\t\t\t\t\t\t\t\t\t\t<h5 class=\"post-title is-large \">\n\t\t\t\t\t\t<a href=\"https:\/\/www.sivildusun.net\/yedek18062024\/nukhet-sirman-baris-icin-israr-ediyoruz-cunku\/\" class=\"plain\">N\u00fckhet Sirman: &#8220;Bar\u0131\u015f i\u00e7in \u0131srar ediyoruz, \u00e7\u00fcnk\u00fc&#8230;&#8221;<\/a>\n\t\t\t\t\t<\/h5>\n\t\t\t\t\t\t\t\t\t\t<div class=\"is-divider\"><\/div>\n\t\t\t\t\t\t\t\t\t\t<p class=\"from_the_blog_excerpt \">\n\t\t\t\t\t\tSivil D\u00fc\u015f\u00fcn olarak Eyl\u00fcl ay\u0131 boyunca #Bar\u0131\u015f\u0131D\u00fc\u015fle kampanyam\u0131z kapsam\u0131nda bar\u0131\u015f s\u00fcreci, bar\u0131\u015f, demokrasi ve insan...\t\t\t\t\t<\/p>\n\t\t\t\t\t                    \n\t\t\t\t\t\n\t\t\t\t\t\n\t\t\t\t\t<\/div>\n\t\t\t\t\t<\/div>\n\t\t\t\t\t\t\t\t\t\t\t\t\t\t\t\t<div class=\"badge absolute top post-date badge-square\">\n\t\t\t\t\t\t\t<div class=\"badge-inner\">\n\t\t\t\t\t\t\t\t<span class=\"post-date-day\">18<\/span><br>\n\t\t\t\t\t\t\t\t<span class=\"post-date-month is-xsmall\">Haz<\/span>\n\t\t\t\t\t\t\t<\/div>\n\t\t\t\t\t\t<\/div>\n\t\t\t\t\t\t\t\t\t<\/div>\n\t\t\t<\/div>\n\t\t<\/div><div class=\"col post-item\" >\n\t\t\t<div class=\"col-inner\">\n\t\t\t\t<div class=\"box box-normal box-text-bottom box-blog-post has-hover\">\n            \t\t\t\t\t<div class=\"box-image\" >\n  \t\t\t\t\t\t<div class=\"image-cover\" style=\"padding-top:56.25%;\">\n\t\t\t\t\t\t\t<a href=\"https:\/\/www.sivildusun.net\/yedek18062024\/sivil-dusunle-barisidusle\/\" class=\"plain\" aria-label=\"Sivil D\u00fc\u015f\u00fcn\u2018le #Bar\u0131\u015f\u0131D\u00fc\u015fle\">\n\t\t\t\t\t\t\t\t\t\t\t\t\t\t\t<\/a>\n  \t\t\t\t\t\t\t  \t\t\t\t\t\t\t  \t\t\t\t\t\t<\/div>\n  \t\t\t\t\t\t  \t\t\t\t\t<\/div>\n          \t\t\t\t\t<div class=\"box-text text-left\" >\n\t\t\t\t\t<div class=\"box-text-inner blog-post-inner\">\n\n\t\t\t\t\t\n\t\t\t\t\t\t\t\t\t\t<h5 class=\"post-title is-large \">\n\t\t\t\t\t\t<a href=\"https:\/\/www.sivildusun.net\/yedek18062024\/sivil-dusunle-barisidusle\/\" class=\"plain\">Sivil D\u00fc\u015f\u00fcn\u2018le #Bar\u0131\u015f\u0131D\u00fc\u015fle<\/a>\n\t\t\t\t\t<\/h5>\n\t\t\t\t\t\t\t\t\t\t<div class=\"is-divider\"><\/div>\n\t\t\t\t\t\t\t\t\t\t<p class=\"from_the_blog_excerpt \">\n\t\t\t\t\t\tSivil D\u00fc\u015f\u00fcn olarak Eyl\u00fcl ay\u0131 boyunca bar\u0131\u015f\u0131 konu\u015fuyor, bar\u0131\u015f\u0131 tart\u0131\u015f\u0131yor, bar\u0131\u015f\u0131 d\u00fc\u015fl\u00fcyoruz. 1 Eyl\u00fcl T\u00fcrkiye\u2019de,...\t\t\t\t\t<\/p>\n\t\t\t\t\t                    \n\t\t\t\t\t\n\t\t\t\t\t\n\t\t\t\t\t<\/div>\n\t\t\t\t\t<\/div>\n\t\t\t\t\t\t\t\t\t\t\t\t\t\t\t\t<div class=\"badge absolute top post-date badge-square\">\n\t\t\t\t\t\t\t<div class=\"badge-inner\">\n\t\t\t\t\t\t\t\t<span class=\"post-date-day\">18<\/span><br>\n\t\t\t\t\t\t\t\t<span class=\"post-date-month is-xsmall\">Haz<\/span>\n\t\t\t\t\t\t\t<\/div>\n\t\t\t\t\t\t<\/div>\n\t\t\t\t\t\t\t\t\t<\/div>\n\t\t\t<\/div>\n\t\t<\/div><div class=\"col post-item\" >\n\t\t\t<div class=\"col-inner\">\n\t\t\t\t<div class=\"box box-normal box-text-bottom box-blog-post has-hover\">\n            \t\t\t\t\t<div class=\"box-image\" >\n  \t\t\t\t\t\t<div class=\"image-cover\" style=\"padding-top:56.25%;\">\n\t\t\t\t\t\t\t<a href=\"https:\/\/www.sivildusun.net\/yedek18062024\/bazisi-icin-de-baris-degil-barismak\/\" class=\"plain\" aria-label=\"Baz\u0131s\u0131 i\u00e7in de bar\u0131\u015f de\u011fil, bar\u0131\u015fmak!\">\n\t\t\t\t\t\t\t\t<img loading=\"lazy\" decoding=\"async\" width=\"640\" height=\"360\" src=\"https:\/\/www.sivildusun.net\/yedek18062024\/wp-content\/uploads\/2021\/02\/barisguvercini.jpg\" class=\"attachment-large size-large wp-post-image\" alt=\"\" srcset=\"https:\/\/www.sivildusun.net\/yedek18062024\/wp-content\/uploads\/2021\/02\/barisguvercini.jpg 640w, https:\/\/www.sivildusun.net\/yedek18062024\/wp-content\/uploads\/2021\/02\/barisguvercini-400x225.jpg 400w\" sizes=\"(max-width: 640px) 100vw, 640px\" \/>\t\t\t\t\t\t\t<\/a>\n  \t\t\t\t\t\t\t  \t\t\t\t\t\t\t  \t\t\t\t\t\t<\/div>\n  \t\t\t\t\t\t  \t\t\t\t\t<\/div>\n          \t\t\t\t\t<div class=\"box-text text-left\" >\n\t\t\t\t\t<div class=\"box-text-inner blog-post-inner\">\n\n\t\t\t\t\t\n\t\t\t\t\t\t\t\t\t\t<h5 class=\"post-title is-large \">\n\t\t\t\t\t\t<a href=\"https:\/\/www.sivildusun.net\/yedek18062024\/bazisi-icin-de-baris-degil-barismak\/\" class=\"plain\">Baz\u0131s\u0131 i\u00e7in de bar\u0131\u015f de\u011fil, bar\u0131\u015fmak!<\/a>\n\t\t\t\t\t<\/h5>\n\t\t\t\t\t\t\t\t\t\t<div class=\"is-divider\"><\/div>\n\t\t\t\t\t\t\t\t\t\t<p class=\"from_the_blog_excerpt \">\n\t\t\t\t\t\tAlev Karaduman* Kelimelerin en iyi, en derine inen anlamlar\u0131n\u0131n \u00e7o\u011funlukla ilk \u00f6\u011frendi\u011fimiz anlamlar\u0131 oldu\u011funu d\u00fc\u015f\u00fcn\u00fcrsek,...\t\t\t\t\t<\/p>\n\t\t\t\t\t                    \n\t\t\t\t\t\n\t\t\t\t\t\n\t\t\t\t\t<\/div>\n\t\t\t\t\t<\/div>\n\t\t\t\t\t\t\t\t\t\t\t\t\t\t\t\t<div class=\"badge absolute top post-date badge-square\">\n\t\t\t\t\t\t\t<div class=\"badge-inner\">\n\t\t\t\t\t\t\t\t<span class=\"post-date-day\">18<\/span><br>\n\t\t\t\t\t\t\t\t<span class=\"post-date-month is-xsmall\">Haz<\/span>\n\t\t\t\t\t\t\t<\/div>\n\t\t\t\t\t\t<\/div>\n\t\t\t\t\t\t\t\t\t<\/div>\n\t\t\t<\/div>\n\t\t<\/div><div class=\"col post-item\" >\n\t\t\t<div class=\"col-inner\">\n\t\t\t\t<div class=\"box box-normal box-text-bottom box-blog-post has-hover\">\n            \t\t\t\t\t<div class=\"box-image\" >\n  \t\t\t\t\t\t<div class=\"image-cover\" style=\"padding-top:56.25%;\">\n\t\t\t\t\t\t\t<a href=\"https:\/\/www.sivildusun.net\/yedek18062024\/08-nisan-dunya-romanlar-gunu-icin-yucel-tutal-ile-soylesi\/\" class=\"plain\" aria-label=\"08 Nisan D\u00fcnya Romanlar G\u00fcn\u00fc i\u00e7in Y\u00fccel Tutal ile S\u00f6yle\u015fi\">\n\t\t\t\t\t\t\t\t\t\t\t\t\t\t\t<\/a>\n  \t\t\t\t\t\t\t  \t\t\t\t\t\t\t  \t\t\t\t\t\t<\/div>\n  \t\t\t\t\t\t  \t\t\t\t\t<\/div>\n          \t\t\t\t\t<div class=\"box-text text-left\" >\n\t\t\t\t\t<div class=\"box-text-inner blog-post-inner\">\n\n\t\t\t\t\t\n\t\t\t\t\t\t\t\t\t\t<h5 class=\"post-title is-large \">\n\t\t\t\t\t\t<a href=\"https:\/\/www.sivildusun.net\/yedek18062024\/08-nisan-dunya-romanlar-gunu-icin-yucel-tutal-ile-soylesi\/\" class=\"plain\">08 Nisan D\u00fcnya Romanlar G\u00fcn\u00fc i\u00e7in Y\u00fccel Tutal ile S\u00f6yle\u015fi<\/a>\n\t\t\t\t\t<\/h5>\n\t\t\t\t\t\t\t\t\t\t<div class=\"is-divider\"><\/div>\n\t\t\t\t\t\t\t\t\t\t<p class=\"from_the_blog_excerpt \">\n\t\t\t\t\t\tD\u00fcnya Romanlar G\u00fcn\u00fc\u2019nde buruk kutlama 1971 y\u0131l\u0131nda ger\u00e7ekle\u015ftirilen 1. Uluslararas\u0131 Romanlar Kongresi\u2019nde kutlanmas\u0131na karar verilen...\t\t\t\t\t<\/p>\n\t\t\t\t\t                    \n\t\t\t\t\t\n\t\t\t\t\t\n\t\t\t\t\t<\/div>\n\t\t\t\t\t<\/div>\n\t\t\t\t\t\t\t\t\t\t\t\t\t\t\t\t<div class=\"badge absolute top post-date badge-square\">\n\t\t\t\t\t\t\t<div class=\"badge-inner\">\n\t\t\t\t\t\t\t\t<span class=\"post-date-day\">18<\/span><br>\n\t\t\t\t\t\t\t\t<span class=\"post-date-month is-xsmall\">Haz<\/span>\n\t\t\t\t\t\t\t<\/div>\n\t\t\t\t\t\t<\/div>\n\t\t\t\t\t\t\t\t\t<\/div>\n\t\t\t<\/div>\n\t\t<\/div><div class=\"col post-item\" >\n\t\t\t<div class=\"col-inner\">\n\t\t\t\t<div class=\"box box-normal box-text-bottom box-blog-post has-hover\">\n            \t\t\t\t\t<div class=\"box-image\" >\n  \t\t\t\t\t\t<div class=\"image-cover\" style=\"padding-top:56.25%;\">\n\t\t\t\t\t\t\t<a href=\"https:\/\/www.sivildusun.net\/yedek18062024\/yuksekova-kadin-dernegi-ile-kadin-sivil-toplum-orgutleri-el-ele\/\" class=\"plain\" aria-label=\"Y\u00fcksekova Kad\u0131n Derne\u011fi ile kad\u0131n sivil toplum \u00f6rg\u00fctleri \u2018El Ele\u2019\">\n\t\t\t\t\t\t\t\t\t\t\t\t\t\t\t<\/a>\n  \t\t\t\t\t\t\t  \t\t\t\t\t\t\t  \t\t\t\t\t\t<\/div>\n  \t\t\t\t\t\t  \t\t\t\t\t<\/div>\n          \t\t\t\t\t<div class=\"box-text text-left\" >\n\t\t\t\t\t<div class=\"box-text-inner blog-post-inner\">\n\n\t\t\t\t\t\n\t\t\t\t\t\t\t\t\t\t<h5 class=\"post-title is-large \">\n\t\t\t\t\t\t<a href=\"https:\/\/www.sivildusun.net\/yedek18062024\/yuksekova-kadin-dernegi-ile-kadin-sivil-toplum-orgutleri-el-ele\/\" class=\"plain\">Y\u00fcksekova Kad\u0131n Derne\u011fi ile kad\u0131n sivil toplum \u00f6rg\u00fctleri \u2018El Ele\u2019<\/a>\n\t\t\t\t\t<\/h5>\n\t\t\t\t\t\t\t\t\t\t<div class=\"is-divider\"><\/div>\n\t\t\t\t\t\t\t\t\t\t<p class=\"from_the_blog_excerpt \">\n\t\t\t\t\t\tY\u00fcksekova Kad\u0131n Derne\u011fi ile dernek \u00e7al\u0131\u015fmalar\u0131, Sivil D\u00fc\u015f\u00fcn AB Program\u0131 ile ili\u015fkileri ve T\u00fcrkiye\u2019de kad\u0131n...\t\t\t\t\t<\/p>\n\t\t\t\t\t                    \n\t\t\t\t\t\n\t\t\t\t\t\n\t\t\t\t\t<\/div>\n\t\t\t\t\t<\/div>\n\t\t\t\t\t\t\t\t\t\t\t\t\t\t\t\t<div class=\"badge absolute top post-date badge-square\">\n\t\t\t\t\t\t\t<div class=\"badge-inner\">\n\t\t\t\t\t\t\t\t<span class=\"post-date-day\">18<\/span><br>\n\t\t\t\t\t\t\t\t<span class=\"post-date-month is-xsmall\">Haz<\/span>\n\t\t\t\t\t\t\t<\/div>\n\t\t\t\t\t\t<\/div>\n\t\t\t\t\t\t\t\t\t<\/div>\n\t\t\t<\/div>\n\t\t<\/div><div class=\"col post-item\" >\n\t\t\t<div class=\"col-inner\">\n\t\t\t\t<div class=\"box box-normal box-text-bottom box-blog-post has-hover\">\n            \t\t\t\t\t<div class=\"box-image\" >\n  \t\t\t\t\t\t<div class=\"image-cover\" style=\"padding-top:56.25%;\">\n\t\t\t\t\t\t\t<a href=\"https:\/\/www.sivildusun.net\/yedek18062024\/geri-donusum-kazanacak-turkiye-kazanacak\/\" class=\"plain\" aria-label=\"Geri d\u00f6n\u00fc\u015f\u00fcm kazanacak, T\u00fcrkiye kazanacak\">\n\t\t\t\t\t\t\t\t\t\t\t\t\t\t\t<\/a>\n  \t\t\t\t\t\t\t  \t\t\t\t\t\t\t  \t\t\t\t\t\t<\/div>\n  \t\t\t\t\t\t  \t\t\t\t\t<\/div>\n          \t\t\t\t\t<div class=\"box-text text-left\" >\n\t\t\t\t\t<div class=\"box-text-inner blog-post-inner\">\n\n\t\t\t\t\t\n\t\t\t\t\t\t\t\t\t\t<h5 class=\"post-title is-large \">\n\t\t\t\t\t\t<a href=\"https:\/\/www.sivildusun.net\/yedek18062024\/geri-donusum-kazanacak-turkiye-kazanacak\/\" class=\"plain\">Geri d\u00f6n\u00fc\u015f\u00fcm kazanacak, T\u00fcrkiye kazanacak<\/a>\n\t\t\t\t\t<\/h5>\n\t\t\t\t\t\t\t\t\t\t<div class=\"is-divider\"><\/div>\n\t\t\t\t\t\t\t\t\t\t<p class=\"from_the_blog_excerpt \">\n\t\t\t\t\t\tGeri d\u00f6n\u00fc\u015f\u00fcmde sekt\u00f6r kapasitesinin geli\u015ftirmek ve kamuoyu bilinci olu\u015fturmak&#8230; Geri D\u00f6n\u00fc\u015f\u00fcmc\u00fcler Konfederasyonu, Sivil D\u00fc\u015f\u00fcn AB...\t\t\t\t\t<\/p>\n\t\t\t\t\t                    \n\t\t\t\t\t\n\t\t\t\t\t\n\t\t\t\t\t<\/div>\n\t\t\t\t\t<\/div>\n\t\t\t\t\t\t\t\t\t\t\t\t\t\t\t\t<div class=\"badge absolute top post-date badge-square\">\n\t\t\t\t\t\t\t<div class=\"badge-inner\">\n\t\t\t\t\t\t\t\t<span class=\"post-date-day\">14<\/span><br>\n\t\t\t\t\t\t\t\t<span class=\"post-date-month is-xsmall\">Haz<\/span>\n\t\t\t\t\t\t\t<\/div>\n\t\t\t\t\t\t<\/div>\n\t\t\t\t\t\t\t\t\t<\/div>\n\t\t\t<\/div>\n\t\t<\/div><\/div>\n\t<div id=\"gap-1082307657\" class=\"gap-element clearfix\" style=\"display:block; height:auto;\">\n\t\t\n<style>\n#gap-1082307657 {\n  padding-top: 40px;\n}\n<\/style>\n\t<\/div>\n\t\n<div class=\"container section-title-container kirmizi\" ><h3 class=\"section-title section-title-normal\"><b><\/b><span class=\"section-title-main\" >V\u0130DEO R\u00d6PORTAJLAR<\/span><b><\/b><\/h3><\/div>\n\n  \n    <div class=\"row large-columns-3 medium-columns-1 small-columns-1 has-shadow row-box-shadow-3-hover slider row-slider slider-nav-circle slider-nav-outside slider-nav-push\"  data-flickity-options='{\"imagesLoaded\": true, \"groupCells\": \"100%\", \"dragThreshold\" : 5, \"cellAlign\": \"left\",\"wrapAround\": true,\"prevNextButtons\": true,\"percentPosition\": true,\"pageDots\": true, \"rightToLeft\": false, \"autoPlay\" : false}' >\n\n  <div class=\"col post-item\" >\n\t\t\t<div class=\"col-inner\">\n\t\t\t\t<div class=\"box box-normal box-text-bottom box-blog-post has-hover\">\n            \t\t\t\t\t<div class=\"box-image\" >\n  \t\t\t\t\t\t<div class=\"image-cover\" style=\"padding-top:56.25%;\">\n\t\t\t\t\t\t\t<a href=\"https:\/\/www.sivildusun.net\/yedek18062024\/once-cocuklar-dernegi-hakkim-var-mafe-min-heye-2\/\" class=\"plain\" aria-label=\"\u00d6nce \u00c7ocuklar Derne\u011fi- \u2018Hakk\u0131m Var \u2013 Maf\u00ea Min Heye\u2019\">\n\t\t\t\t\t\t\t\t<img loading=\"lazy\" decoding=\"async\" width=\"480\" height=\"360\" src=\"https:\/\/www.sivildusun.net\/yedek18062024\/wp-content\/uploads\/2021\/01\/hakkim-var.jpg\" class=\"attachment-large size-large wp-post-image\" alt=\"\" srcset=\"https:\/\/www.sivildusun.net\/yedek18062024\/wp-content\/uploads\/2021\/01\/hakkim-var.jpg 480w, https:\/\/www.sivildusun.net\/yedek18062024\/wp-content\/uploads\/2021\/01\/hakkim-var-400x300.jpg 400w\" sizes=\"(max-width: 480px) 100vw, 480px\" \/>\t\t\t\t\t\t\t<\/a>\n  \t\t\t\t\t\t\t  \t\t\t\t\t\t\t  \t\t\t\t\t\t<\/div>\n  \t\t\t\t\t\t  \t\t\t\t\t<\/div>\n          \t\t\t\t\t<div class=\"box-text text-left\" >\n\t\t\t\t\t<div class=\"box-text-inner blog-post-inner\">\n\n\t\t\t\t\t\n\t\t\t\t\t\t\t\t\t\t<h5 class=\"post-title is-large \">\n\t\t\t\t\t\t<a href=\"https:\/\/www.sivildusun.net\/yedek18062024\/once-cocuklar-dernegi-hakkim-var-mafe-min-heye-2\/\" class=\"plain\">\u00d6nce \u00c7ocuklar Derne\u011fi- \u2018Hakk\u0131m Var \u2013 Maf\u00ea Min Heye\u2019<\/a>\n\t\t\t\t\t<\/h5>\n\t\t\t\t\t\t\t\t\t\t<div class=\"is-divider\"><\/div>\n\t\t\t\t\t\t\t\t\t\t<p class=\"from_the_blog_excerpt \">\n\t\t\t\t\t\t\u00d6nce \u00c7ocuklar Derne\u011fi, #SivilD\u00fc\u015f\u00fcn deste\u011fiyle \u00e7ocuklar\u0131n kendi haklar\u0131n\u0131 anlatt\u0131\u011f\u0131 \u2018Hakk\u0131m Var \u2013 Maf\u00ea Min Heye\u2019...\t\t\t\t\t<\/p>\n\t\t\t\t\t                    \n\t\t\t\t\t\n\t\t\t\t\t\n\t\t\t\t\t<\/div>\n\t\t\t\t\t<\/div>\n\t\t\t\t\t\t\t\t\t\t\t\t\t\t\t\t<div class=\"badge absolute top post-date badge-square\">\n\t\t\t\t\t\t\t<div class=\"badge-inner\">\n\t\t\t\t\t\t\t\t<span class=\"post-date-day\">11<\/span><br>\n\t\t\t\t\t\t\t\t<span class=\"post-date-month is-xsmall\">May<\/span>\n\t\t\t\t\t\t\t<\/div>\n\t\t\t\t\t\t<\/div>\n\t\t\t\t\t\t\t\t\t<\/div>\n\t\t\t<\/div>\n\t\t<\/div><div class=\"col post-item\" >\n\t\t\t<div class=\"col-inner\">\n\t\t\t\t<div class=\"box box-normal box-text-bottom box-blog-post has-hover\">\n            \t\t\t\t\t<div class=\"box-image\" >\n  \t\t\t\t\t\t<div class=\"image-cover\" style=\"padding-top:56.25%;\">\n\t\t\t\t\t\t\t<a href=\"https:\/\/www.sivildusun.net\/yedek18062024\/sivilportreler-karakutu-dernegi-2\/\" class=\"plain\" aria-label=\"#SivilPortreler Karakutu Derne\u011fi\">\n\t\t\t\t\t\t\t\t<img loading=\"lazy\" decoding=\"async\" width=\"1020\" height=\"574\" src=\"https:\/\/www.sivildusun.net\/yedek18062024\/wp-content\/uploads\/2021\/01\/kara-kutu-dernegi-1024x576.jpg\" class=\"attachment-large size-large wp-post-image\" alt=\"\" srcset=\"https:\/\/www.sivildusun.net\/yedek18062024\/wp-content\/uploads\/2021\/01\/kara-kutu-dernegi-1024x576.jpg 1024w, https:\/\/www.sivildusun.net\/yedek18062024\/wp-content\/uploads\/2021\/01\/kara-kutu-dernegi-400x225.jpg 400w, https:\/\/www.sivildusun.net\/yedek18062024\/wp-content\/uploads\/2021\/01\/kara-kutu-dernegi-768x432.jpg 768w, https:\/\/www.sivildusun.net\/yedek18062024\/wp-content\/uploads\/2021\/01\/kara-kutu-dernegi.jpg 1280w\" sizes=\"(max-width: 1020px) 100vw, 1020px\" \/>\t\t\t\t\t\t\t<\/a>\n  \t\t\t\t\t\t\t  \t\t\t\t\t\t\t  \t\t\t\t\t\t<\/div>\n  \t\t\t\t\t\t  \t\t\t\t\t<\/div>\n          \t\t\t\t\t<div class=\"box-text text-left\" >\n\t\t\t\t\t<div class=\"box-text-inner blog-post-inner\">\n\n\t\t\t\t\t\n\t\t\t\t\t\t\t\t\t\t<h5 class=\"post-title is-large \">\n\t\t\t\t\t\t<a href=\"https:\/\/www.sivildusun.net\/yedek18062024\/sivilportreler-karakutu-dernegi-2\/\" class=\"plain\">#SivilPortreler Karakutu Derne\u011fi<\/a>\n\t\t\t\t\t<\/h5>\n\t\t\t\t\t\t\t\t\t\t<div class=\"is-divider\"><\/div>\n\t\t\t\t\t\t\t\t\t\t<p class=\"from_the_blog_excerpt \">\n\t\t\t\t\t\tKarakutu Derne\u011fi\u2019nden Sevin\u00e7 Co\u015fkun, Haf\u0131za Yolculu\u011fu Program\u0131 kapsam\u0131nda toplumsal belle\u011fin izini s\u00fcrd\u00fckleri Haf\u0131za Y\u00fcr\u00fcy\u00fc\u015fleri\u2019ni ve...\t\t\t\t\t<\/p>\n\t\t\t\t\t                    \n\t\t\t\t\t\n\t\t\t\t\t\n\t\t\t\t\t<\/div>\n\t\t\t\t\t<\/div>\n\t\t\t\t\t\t\t\t\t\t\t\t\t\t\t\t<div class=\"badge absolute top post-date badge-square\">\n\t\t\t\t\t\t\t<div class=\"badge-inner\">\n\t\t\t\t\t\t\t\t<span class=\"post-date-day\">22<\/span><br>\n\t\t\t\t\t\t\t\t<span class=\"post-date-month is-xsmall\">Mar<\/span>\n\t\t\t\t\t\t\t<\/div>\n\t\t\t\t\t\t<\/div>\n\t\t\t\t\t\t\t\t\t<\/div>\n\t\t\t<\/div>\n\t\t<\/div><div class=\"col post-item\" >\n\t\t\t<div class=\"col-inner\">\n\t\t\t\t<div class=\"box box-normal box-text-bottom box-blog-post has-hover\">\n            \t\t\t\t\t<div class=\"box-image\" >\n  \t\t\t\t\t\t<div class=\"image-cover\" style=\"padding-top:56.25%;\">\n\t\t\t\t\t\t\t<a href=\"https:\/\/www.sivildusun.net\/yedek18062024\/sivilportreler-ordu-kadini-guclendirme-dernegi\/\" class=\"plain\" aria-label=\"#SivilPortreler Ordu Kad\u0131n\u0131 G\u00fc\u00e7lendirme Derne\u011fi\">\n\t\t\t\t\t\t\t\t<img loading=\"lazy\" decoding=\"async\" width=\"1020\" height=\"574\" src=\"https:\/\/www.sivildusun.net\/yedek18062024\/wp-content\/uploads\/2021\/01\/ordu-kadini-guclendirme-1024x576.jpg\" class=\"attachment-large size-large wp-post-image\" alt=\"\" srcset=\"https:\/\/www.sivildusun.net\/yedek18062024\/wp-content\/uploads\/2021\/01\/ordu-kadini-guclendirme-1024x576.jpg 1024w, https:\/\/www.sivildusun.net\/yedek18062024\/wp-content\/uploads\/2021\/01\/ordu-kadini-guclendirme-400x225.jpg 400w, https:\/\/www.sivildusun.net\/yedek18062024\/wp-content\/uploads\/2021\/01\/ordu-kadini-guclendirme-768x432.jpg 768w, https:\/\/www.sivildusun.net\/yedek18062024\/wp-content\/uploads\/2021\/01\/ordu-kadini-guclendirme.jpg 1280w\" sizes=\"(max-width: 1020px) 100vw, 1020px\" \/>\t\t\t\t\t\t\t<\/a>\n  \t\t\t\t\t\t\t  \t\t\t\t\t\t\t  \t\t\t\t\t\t<\/div>\n  \t\t\t\t\t\t  \t\t\t\t\t<\/div>\n          \t\t\t\t\t<div class=\"box-text text-left\" >\n\t\t\t\t\t<div class=\"box-text-inner blog-post-inner\">\n\n\t\t\t\t\t\n\t\t\t\t\t\t\t\t\t\t<h5 class=\"post-title is-large \">\n\t\t\t\t\t\t<a href=\"https:\/\/www.sivildusun.net\/yedek18062024\/sivilportreler-ordu-kadini-guclendirme-dernegi\/\" class=\"plain\">#SivilPortreler Ordu Kad\u0131n\u0131 G\u00fc\u00e7lendirme Derne\u011fi<\/a>\n\t\t\t\t\t<\/h5>\n\t\t\t\t\t\t\t\t\t\t<div class=\"is-divider\"><\/div>\n\t\t\t\t\t\t\t\t\t\t<p class=\"from_the_blog_excerpt \">\n\t\t\t\t\t\tOrdu Kad\u0131n\u0131 G\u00fc\u00e7lendirme Derne\u011fi Ba\u015fkan\u0131 Mihriban Yuva\u00a0#SivilD\u00fc\u015f\u00fcn\u00a0deste\u011fiyle b\u00f6lgedeki muhtarlara y\u00f6nelik d\u00fczenlendikleri etkinli\u011fi ve derne\u011fin di\u011fer...\t\t\t\t\t<\/p>\n\t\t\t\t\t                    \n\t\t\t\t\t\n\t\t\t\t\t\n\t\t\t\t\t<\/div>\n\t\t\t\t\t<\/div>\n\t\t\t\t\t\t\t\t\t\t\t\t\t\t\t\t<div class=\"badge absolute top post-date badge-square\">\n\t\t\t\t\t\t\t<div class=\"badge-inner\">\n\t\t\t\t\t\t\t\t<span class=\"post-date-day\">03<\/span><br>\n\t\t\t\t\t\t\t\t<span class=\"post-date-month is-xsmall\">Oca<\/span>\n\t\t\t\t\t\t\t<\/div>\n\t\t\t\t\t\t<\/div>\n\t\t\t\t\t\t\t\t\t<\/div>\n\t\t\t<\/div>\n\t\t<\/div><div class=\"col post-item\" >\n\t\t\t<div class=\"col-inner\">\n\t\t\t\t<div class=\"box box-normal box-text-bottom box-blog-post has-hover\">\n            \t\t\t\t\t<div class=\"box-image\" >\n  \t\t\t\t\t\t<div class=\"image-cover\" style=\"padding-top:56.25%;\">\n\t\t\t\t\t\t\t<a href=\"https:\/\/www.sivildusun.net\/yedek18062024\/sivilportreler-siddet-magduru-cocuklara-ve-ailelerine-yonelik-web-tabanli-basvuru-rehberi-gelistirilmesi\/\" class=\"plain\" aria-label=\"#SivilPortreler \u015eiddet ma\u011fduru \u00e7ocuklara ve ailelerine y\u00f6nelik web tabanl\u0131 ba\u015fvuru rehberi geli\u015ftirilmesi\">\n\t\t\t\t\t\t\t\t<img loading=\"lazy\" decoding=\"async\" width=\"458\" height=\"257\" src=\"https:\/\/www.sivildusun.net\/yedek18062024\/wp-content\/uploads\/2021\/02\/nophoto-2.jpg\" class=\"attachment-large size-large wp-post-image default-featured-img\" alt=\"\" srcset=\"https:\/\/www.sivildusun.net\/yedek18062024\/wp-content\/uploads\/2021\/02\/nophoto-2.jpg 458w, https:\/\/www.sivildusun.net\/yedek18062024\/wp-content\/uploads\/2021\/02\/nophoto-2-400x224.jpg 400w\" sizes=\"(max-width: 458px) 100vw, 458px\" \/>\t\t\t\t\t\t\t<\/a>\n  \t\t\t\t\t\t\t  \t\t\t\t\t\t\t  \t\t\t\t\t\t<\/div>\n  \t\t\t\t\t\t  \t\t\t\t\t<\/div>\n          \t\t\t\t\t<div class=\"box-text text-left\" >\n\t\t\t\t\t<div class=\"box-text-inner blog-post-inner\">\n\n\t\t\t\t\t\n\t\t\t\t\t\t\t\t\t\t<h5 class=\"post-title is-large \">\n\t\t\t\t\t\t<a href=\"https:\/\/www.sivildusun.net\/yedek18062024\/sivilportreler-siddet-magduru-cocuklara-ve-ailelerine-yonelik-web-tabanli-basvuru-rehberi-gelistirilmesi\/\" class=\"plain\">#SivilPortreler \u015eiddet ma\u011fduru \u00e7ocuklara ve ailelerine y\u00f6nelik web tabanl\u0131 ba\u015fvuru rehberi geli\u015ftirilmesi<\/a>\n\t\t\t\t\t<\/h5>\n\t\t\t\t\t\t\t\t\t\t<div class=\"is-divider\"><\/div>\n\t\t\t\t\t\t\t\t\t\t<p class=\"from_the_blog_excerpt \">\n\t\t\t\t\t\tH\u00fcmanist Grup Derne\u011fi \u00e7al\u0131\u015fma ile cinsel istismar ma\u011fduru \u00e7ocuklar ve ailelerinin bu problemle m\u00fccadele ederken...\t\t\t\t\t<\/p>\n\t\t\t\t\t                    \n\t\t\t\t\t\n\t\t\t\t\t\n\t\t\t\t\t<\/div>\n\t\t\t\t\t<\/div>\n\t\t\t\t\t\t\t\t\t\t\t\t\t\t\t\t<div class=\"badge absolute top post-date badge-square\">\n\t\t\t\t\t\t\t<div class=\"badge-inner\">\n\t\t\t\t\t\t\t\t<span class=\"post-date-day\">13<\/span><br>\n\t\t\t\t\t\t\t\t<span class=\"post-date-month is-xsmall\">Eyl<\/span>\n\t\t\t\t\t\t\t<\/div>\n\t\t\t\t\t\t<\/div>\n\t\t\t\t\t\t\t\t\t<\/div>\n\t\t\t<\/div>\n\t\t<\/div><div class=\"col post-item\" >\n\t\t\t<div class=\"col-inner\">\n\t\t\t\t<div class=\"box box-normal box-text-bottom box-blog-post has-hover\">\n            \t\t\t\t\t<div class=\"box-image\" >\n  \t\t\t\t\t\t<div class=\"image-cover\" style=\"padding-top:56.25%;\">\n\t\t\t\t\t\t\t<a href=\"https:\/\/www.sivildusun.net\/yedek18062024\/sivilportreler-imece-ev-iscileri-sendikasi-2\/\" class=\"plain\" aria-label=\"#SivilPortreler \u0130mece Ev \u0130\u015f\u00e7ileri Sendikas\u0131\">\n\t\t\t\t\t\t\t\t<img loading=\"lazy\" decoding=\"async\" width=\"1020\" height=\"574\" src=\"https:\/\/www.sivildusun.net\/yedek18062024\/wp-content\/uploads\/2021\/01\/imece-1024x576.jpg\" class=\"attachment-large size-large wp-post-image\" alt=\"\" srcset=\"https:\/\/www.sivildusun.net\/yedek18062024\/wp-content\/uploads\/2021\/01\/imece-1024x576.jpg 1024w, https:\/\/www.sivildusun.net\/yedek18062024\/wp-content\/uploads\/2021\/01\/imece-400x225.jpg 400w, https:\/\/www.sivildusun.net\/yedek18062024\/wp-content\/uploads\/2021\/01\/imece-768x432.jpg 768w, https:\/\/www.sivildusun.net\/yedek18062024\/wp-content\/uploads\/2021\/01\/imece.jpg 1280w\" sizes=\"(max-width: 1020px) 100vw, 1020px\" \/>\t\t\t\t\t\t\t<\/a>\n  \t\t\t\t\t\t\t  \t\t\t\t\t\t\t  \t\t\t\t\t\t<\/div>\n  \t\t\t\t\t\t  \t\t\t\t\t<\/div>\n          \t\t\t\t\t<div class=\"box-text text-left\" >\n\t\t\t\t\t<div class=\"box-text-inner blog-post-inner\">\n\n\t\t\t\t\t\n\t\t\t\t\t\t\t\t\t\t<h5 class=\"post-title is-large \">\n\t\t\t\t\t\t<a href=\"https:\/\/www.sivildusun.net\/yedek18062024\/sivilportreler-imece-ev-iscileri-sendikasi-2\/\" class=\"plain\">#SivilPortreler \u0130mece Ev \u0130\u015f\u00e7ileri Sendikas\u0131<\/a>\n\t\t\t\t\t<\/h5>\n\t\t\t\t\t\t\t\t\t\t<div class=\"is-divider\"><\/div>\n\t\t\t\t\t\t\t\t\t\t<p class=\"from_the_blog_excerpt \">\n\t\t\t\t\t\t\u0130mece Ev \u0130\u015f\u00e7ileri Sendikas\u0131 #SivilD\u00fc\u015f\u00fcn deste\u011fiyle \u00f6rg\u00fctlenme \u00e7al\u0131\u015fmalar\u0131na devam ediyor, uluslararas\u0131 a\u011flarla bir araya geliyor...\t\t\t\t\t<\/p>\n\t\t\t\t\t                    \n\t\t\t\t\t\n\t\t\t\t\t\n\t\t\t\t\t<\/div>\n\t\t\t\t\t<\/div>\n\t\t\t\t\t\t\t\t\t\t\t\t\t\t\t\t<div class=\"badge absolute top post-date badge-square\">\n\t\t\t\t\t\t\t<div class=\"badge-inner\">\n\t\t\t\t\t\t\t\t<span class=\"post-date-day\">16<\/span><br>\n\t\t\t\t\t\t\t\t<span class=\"post-date-month is-xsmall\">A\u011fu<\/span>\n\t\t\t\t\t\t\t<\/div>\n\t\t\t\t\t\t<\/div>\n\t\t\t\t\t\t\t\t\t<\/div>\n\t\t\t<\/div>\n\t\t<\/div><div class=\"col post-item\" >\n\t\t\t<div class=\"col-inner\">\n\t\t\t\t<div class=\"box box-normal box-text-bottom box-blog-post has-hover\">\n            \t\t\t\t\t<div class=\"box-image\" >\n  \t\t\t\t\t\t<div class=\"image-cover\" style=\"padding-top:56.25%;\">\n\t\t\t\t\t\t\t<a href=\"https:\/\/www.sivildusun.net\/yedek18062024\/sivilportreler-ankara-bisikletliler-ortak-platformu-abop-2\/\" class=\"plain\" aria-label=\"#SivilPortreler Ankara Bisikletliler Ortak Platformu- ABOP\">\n\t\t\t\t\t\t\t\t<img loading=\"lazy\" decoding=\"async\" width=\"1020\" height=\"574\" src=\"https:\/\/www.sivildusun.net\/yedek18062024\/wp-content\/uploads\/2021\/01\/adana-bisikletliler-1024x576.jpg\" class=\"attachment-large size-large wp-post-image\" alt=\"\" srcset=\"https:\/\/www.sivildusun.net\/yedek18062024\/wp-content\/uploads\/2021\/01\/adana-bisikletliler-1024x576.jpg 1024w, https:\/\/www.sivildusun.net\/yedek18062024\/wp-content\/uploads\/2021\/01\/adana-bisikletliler-400x225.jpg 400w, https:\/\/www.sivildusun.net\/yedek18062024\/wp-content\/uploads\/2021\/01\/adana-bisikletliler-768x432.jpg 768w, https:\/\/www.sivildusun.net\/yedek18062024\/wp-content\/uploads\/2021\/01\/adana-bisikletliler.jpg 1280w\" sizes=\"(max-width: 1020px) 100vw, 1020px\" \/>\t\t\t\t\t\t\t<\/a>\n  \t\t\t\t\t\t\t  \t\t\t\t\t\t\t  \t\t\t\t\t\t<\/div>\n  \t\t\t\t\t\t  \t\t\t\t\t<\/div>\n          \t\t\t\t\t<div class=\"box-text text-left\" >\n\t\t\t\t\t<div class=\"box-text-inner blog-post-inner\">\n\n\t\t\t\t\t\n\t\t\t\t\t\t\t\t\t\t<h5 class=\"post-title is-large \">\n\t\t\t\t\t\t<a href=\"https:\/\/www.sivildusun.net\/yedek18062024\/sivilportreler-ankara-bisikletliler-ortak-platformu-abop-2\/\" class=\"plain\">#SivilPortreler Ankara Bisikletliler Ortak Platformu- ABOP<\/a>\n\t\t\t\t\t<\/h5>\n\t\t\t\t\t\t\t\t\t\t<div class=\"is-divider\"><\/div>\n\t\t\t\t\t\t\t\t\t\t<p class=\"from_the_blog_excerpt \">\n\t\t\t\t\t\t#SivilPortreler Ankara Bisikletliler Ortak Platformu \u2013 ABOP\u200b Sivil D\u00fc\u015f\u00fcn deste\u011fiyle \u2018Bisikletle hayata dokun!\u2019 diyor, ula\u015f\u0131m...\t\t\t\t\t<\/p>\n\t\t\t\t\t                    \n\t\t\t\t\t\n\t\t\t\t\t\n\t\t\t\t\t<\/div>\n\t\t\t\t\t<\/div>\n\t\t\t\t\t\t\t\t\t\t\t\t\t\t\t\t<div class=\"badge absolute top post-date badge-square\">\n\t\t\t\t\t\t\t<div class=\"badge-inner\">\n\t\t\t\t\t\t\t\t<span class=\"post-date-day\">16<\/span><br>\n\t\t\t\t\t\t\t\t<span class=\"post-date-month is-xsmall\">A\u011fu<\/span>\n\t\t\t\t\t\t\t<\/div>\n\t\t\t\t\t\t<\/div>\n\t\t\t\t\t\t\t\t\t<\/div>\n\t\t\t<\/div>\n\t\t<\/div><div class=\"col post-item\" >\n\t\t\t<div class=\"col-inner\">\n\t\t\t\t<div class=\"box box-normal box-text-bottom box-blog-post has-hover\">\n            \t\t\t\t\t<div class=\"box-image\" >\n  \t\t\t\t\t\t<div class=\"image-cover\" style=\"padding-top:56.25%;\">\n\t\t\t\t\t\t\t<a href=\"https:\/\/www.sivildusun.net\/yedek18062024\/sivilportreler-yolsuzluk-magduru-ve-taniklarinin-guclendirilmesi\/\" class=\"plain\" aria-label=\"#SivilPortreler Yolsuzluk Ma\u011fduru ve Tan\u0131klar\u0131n\u0131n G\u00fc\u00e7lendirilmesi\">\n\t\t\t\t\t\t\t\t<img loading=\"lazy\" decoding=\"async\" width=\"1020\" height=\"574\" src=\"https:\/\/www.sivildusun.net\/yedek18062024\/wp-content\/uploads\/2021\/01\/yolsuzluk-magduru-1024x576.jpg\" class=\"attachment-large size-large wp-post-image\" alt=\"\" srcset=\"https:\/\/www.sivildusun.net\/yedek18062024\/wp-content\/uploads\/2021\/01\/yolsuzluk-magduru-1024x576.jpg 1024w, https:\/\/www.sivildusun.net\/yedek18062024\/wp-content\/uploads\/2021\/01\/yolsuzluk-magduru-400x225.jpg 400w, https:\/\/www.sivildusun.net\/yedek18062024\/wp-content\/uploads\/2021\/01\/yolsuzluk-magduru-768x432.jpg 768w, https:\/\/www.sivildusun.net\/yedek18062024\/wp-content\/uploads\/2021\/01\/yolsuzluk-magduru.jpg 1280w\" sizes=\"(max-width: 1020px) 100vw, 1020px\" \/>\t\t\t\t\t\t\t<\/a>\n  \t\t\t\t\t\t\t  \t\t\t\t\t\t\t  \t\t\t\t\t\t<\/div>\n  \t\t\t\t\t\t  \t\t\t\t\t<\/div>\n          \t\t\t\t\t<div class=\"box-text text-left\" >\n\t\t\t\t\t<div class=\"box-text-inner blog-post-inner\">\n\n\t\t\t\t\t\n\t\t\t\t\t\t\t\t\t\t<h5 class=\"post-title is-large \">\n\t\t\t\t\t\t<a href=\"https:\/\/www.sivildusun.net\/yedek18062024\/sivilportreler-yolsuzluk-magduru-ve-taniklarinin-guclendirilmesi\/\" class=\"plain\">#SivilPortreler Yolsuzluk Ma\u011fduru ve Tan\u0131klar\u0131n\u0131n G\u00fc\u00e7lendirilmesi<\/a>\n\t\t\t\t\t<\/h5>\n\t\t\t\t\t\t\t\t\t\t<div class=\"is-divider\"><\/div>\n\t\t\t\t\t\t\t\t\t\t<p class=\"from_the_blog_excerpt \">\n\t\t\t\t\t\tUluslararas\u0131 \u015eeffafl\u0131k Derne\u011fi ve Say\u0131\u015ftay Denet\u00e7ileri Derne\u011fi\u2019nin #SivilD\u00fc\u015f\u00fcn deste\u011fiyle y\u00fcr\u00fctt\u00fc\u011f\u00fc \u00e7al\u0131\u015fma ile yolsuzluk ma\u011fdurlar\u0131n\u0131n hak...\t\t\t\t\t<\/p>\n\t\t\t\t\t                    \n\t\t\t\t\t\n\t\t\t\t\t\n\t\t\t\t\t<\/div>\n\t\t\t\t\t<\/div>\n\t\t\t\t\t\t\t\t\t\t\t\t\t\t\t\t<div class=\"badge absolute top post-date badge-square\">\n\t\t\t\t\t\t\t<div class=\"badge-inner\">\n\t\t\t\t\t\t\t\t<span class=\"post-date-day\">16<\/span><br>\n\t\t\t\t\t\t\t\t<span class=\"post-date-month is-xsmall\">A\u011fu<\/span>\n\t\t\t\t\t\t\t<\/div>\n\t\t\t\t\t\t<\/div>\n\t\t\t\t\t\t\t\t\t<\/div>\n\t\t\t<\/div>\n\t\t<\/div><div class=\"col post-item\" >\n\t\t\t<div class=\"col-inner\">\n\t\t\t\t<div class=\"box box-normal box-text-bottom box-blog-post has-hover\">\n            \t\t\t\t\t<div class=\"box-image\" >\n  \t\t\t\t\t\t<div class=\"image-cover\" style=\"padding-top:56.25%;\">\n\t\t\t\t\t\t\t<a href=\"https:\/\/www.sivildusun.net\/yedek18062024\/engelsizfestival-tekerlekli-sandalye-simulatoru-3\/\" class=\"plain\" aria-label=\"#EngelsizFestival Tekerlekli sandalye sim\u00fclat\u00f6r\u00fc\">\n\t\t\t\t\t\t\t\t<img loading=\"lazy\" decoding=\"async\" width=\"1020\" height=\"574\" src=\"https:\/\/www.sivildusun.net\/yedek18062024\/wp-content\/uploads\/2021\/01\/EngelsizFestival-1024x576.jpg\" class=\"attachment-large size-large wp-post-image\" alt=\"\" srcset=\"https:\/\/www.sivildusun.net\/yedek18062024\/wp-content\/uploads\/2021\/01\/EngelsizFestival-1024x576.jpg 1024w, https:\/\/www.sivildusun.net\/yedek18062024\/wp-content\/uploads\/2021\/01\/EngelsizFestival-400x225.jpg 400w, https:\/\/www.sivildusun.net\/yedek18062024\/wp-content\/uploads\/2021\/01\/EngelsizFestival-768x432.jpg 768w, https:\/\/www.sivildusun.net\/yedek18062024\/wp-content\/uploads\/2021\/01\/EngelsizFestival.jpg 1280w\" sizes=\"(max-width: 1020px) 100vw, 1020px\" \/>\t\t\t\t\t\t\t<\/a>\n  \t\t\t\t\t\t\t  \t\t\t\t\t\t\t  \t\t\t\t\t\t<\/div>\n  \t\t\t\t\t\t  \t\t\t\t\t<\/div>\n          \t\t\t\t\t<div class=\"box-text text-left\" >\n\t\t\t\t\t<div class=\"box-text-inner blog-post-inner\">\n\n\t\t\t\t\t\n\t\t\t\t\t\t\t\t\t\t<h5 class=\"post-title is-large \">\n\t\t\t\t\t\t<a href=\"https:\/\/www.sivildusun.net\/yedek18062024\/engelsizfestival-tekerlekli-sandalye-simulatoru-3\/\" class=\"plain\">#EngelsizFestival Tekerlekli sandalye sim\u00fclat\u00f6r\u00fc<\/a>\n\t\t\t\t\t<\/h5>\n\t\t\t\t\t\t\t\t\t\t<div class=\"is-divider\"><\/div>\n\t\t\t\t\t\t\t\t\t\t<p class=\"from_the_blog_excerpt \">\n\t\t\t\t\t\t#EngelsizFestival kat\u0131l\u0131mc\u0131lar\u0131 sanal ger\u00e7eklikle empati kuruyor. Tekerlekli sandalye sim\u00fclat\u00f6r\u00fcn\u00fc kullananlar deneyimlerini anlatt\u0131. &nbsp;\t\t\t\t\t<\/p>\n\t\t\t\t\t                    \n\t\t\t\t\t\n\t\t\t\t\t\n\t\t\t\t\t<\/div>\n\t\t\t\t\t<\/div>\n\t\t\t\t\t\t\t\t\t\t\t\t\t\t\t\t<div class=\"badge absolute top post-date badge-square\">\n\t\t\t\t\t\t\t<div class=\"badge-inner\">\n\t\t\t\t\t\t\t\t<span class=\"post-date-day\">24<\/span><br>\n\t\t\t\t\t\t\t\t<span class=\"post-date-month is-xsmall\">May<\/span>\n\t\t\t\t\t\t\t<\/div>\n\t\t\t\t\t\t<\/div>\n\t\t\t\t\t\t\t\t\t<\/div>\n\t\t\t<\/div>\n\t\t<\/div><div class=\"col post-item\" >\n\t\t\t<div class=\"col-inner\">\n\t\t\t\t<div class=\"box box-normal box-text-bottom box-blog-post has-hover\">\n            \t\t\t\t\t<div class=\"box-image\" >\n  \t\t\t\t\t\t<div class=\"image-cover\" style=\"padding-top:56.25%;\">\n\t\t\t\t\t\t\t<a href=\"https:\/\/www.sivildusun.net\/yedek18062024\/sivilportreler-genel-izleyici-onur-mat-2\/\" class=\"plain\" aria-label=\"#SivilPortreler Genel \u0130zleyici- Onur Mat\">\n\t\t\t\t\t\t\t\t<img loading=\"lazy\" decoding=\"async\" width=\"1020\" height=\"574\" src=\"https:\/\/www.sivildusun.net\/yedek18062024\/wp-content\/uploads\/2021\/01\/aktivist-1024x576.jpg\" class=\"attachment-large size-large wp-post-image\" alt=\"\" srcset=\"https:\/\/www.sivildusun.net\/yedek18062024\/wp-content\/uploads\/2021\/01\/aktivist-1024x576.jpg 1024w, https:\/\/www.sivildusun.net\/yedek18062024\/wp-content\/uploads\/2021\/01\/aktivist-400x225.jpg 400w, https:\/\/www.sivildusun.net\/yedek18062024\/wp-content\/uploads\/2021\/01\/aktivist-768x432.jpg 768w, https:\/\/www.sivildusun.net\/yedek18062024\/wp-content\/uploads\/2021\/01\/aktivist.jpg 1280w\" sizes=\"(max-width: 1020px) 100vw, 1020px\" \/>\t\t\t\t\t\t\t<\/a>\n  \t\t\t\t\t\t\t  \t\t\t\t\t\t\t  \t\t\t\t\t\t<\/div>\n  \t\t\t\t\t\t  \t\t\t\t\t<\/div>\n          \t\t\t\t\t<div class=\"box-text text-left\" >\n\t\t\t\t\t<div class=\"box-text-inner blog-post-inner\">\n\n\t\t\t\t\t\n\t\t\t\t\t\t\t\t\t\t<h5 class=\"post-title is-large \">\n\t\t\t\t\t\t<a href=\"https:\/\/www.sivildusun.net\/yedek18062024\/sivilportreler-genel-izleyici-onur-mat-2\/\" class=\"plain\">#SivilPortreler Genel \u0130zleyici- Onur Mat<\/a>\n\t\t\t\t\t<\/h5>\n\t\t\t\t\t\t\t\t\t\t<div class=\"is-divider\"><\/div>\n\t\t\t\t\t\t\t\t\t\t<p class=\"from_the_blog_excerpt \">\n\t\t\t\t\t\t&nbsp;\t\t\t\t\t<\/p>\n\t\t\t\t\t                    \n\t\t\t\t\t\n\t\t\t\t\t\n\t\t\t\t\t<\/div>\n\t\t\t\t\t<\/div>\n\t\t\t\t\t\t\t\t\t\t\t\t\t\t\t\t<div class=\"badge absolute top post-date badge-square\">\n\t\t\t\t\t\t\t<div class=\"badge-inner\">\n\t\t\t\t\t\t\t\t<span class=\"post-date-day\">16<\/span><br>\n\t\t\t\t\t\t\t\t<span class=\"post-date-month is-xsmall\">A\u011fu<\/span>\n\t\t\t\t\t\t\t<\/div>\n\t\t\t\t\t\t<\/div>\n\t\t\t\t\t\t\t\t\t<\/div>\n\t\t\t<\/div>\n\t\t<\/div><\/div>\n\t\t<\/div>\n\t\t\t\t\n<style>\n#col-1275215463 > .col-inner {\n  padding: 18px 18px 18px 18px;\n  border-radius: 8px;\n}\n<\/style>\n\t<\/div>\n\n\t\n<\/div>\n\t\t<\/div>\n\t\t\t\t\t<\/div>\n\n\t\n<\/div>\n\t\t<\/div>\n\n\t\t\n<style>\n#section_2016326677 {\n  padding-top: 30px;\n  padding-bottom: 30px;\n}\n<\/style>\n\t<\/section>\n\t\n","protected":false},"excerpt":{"rendered":"","protected":false},"author":6,"featured_media":23567,"parent":22273,"menu_order":5,"comment_status":"closed","ping_status":"closed","template":"page-blank.php","meta":{"footnotes":""},"_links":{"self":[{"href":"https:\/\/www.sivildusun.net\/yedek18062024\/wp-json\/wp\/v2\/pages\/22285"}],"collection":[{"href":"https:\/\/www.sivildusun.net\/yedek18062024\/wp-json\/wp\/v2\/pages"}],"about":[{"href":"https:\/\/www.sivildusun.net\/yedek18062024\/wp-json\/wp\/v2\/types\/page"}],"author":[{"embeddable":true,"href":"https:\/\/www.sivildusun.net\/yedek18062024\/wp-json\/wp\/v2\/users\/6"}],"replies":[{"embeddable":true,"href":"https:\/\/www.sivildusun.net\/yedek18062024\/wp-json\/wp\/v2\/comments?post=22285"}],"version-history":[{"count":0,"href":"https:\/\/www.sivildusun.net\/yedek18062024\/wp-json\/wp\/v2\/pages\/22285\/revisions"}],"up":[{"embeddable":true,"href":"https:\/\/www.sivildusun.net\/yedek18062024\/wp-json\/wp\/v2\/pages\/22273"}],"wp:featuredmedia":[{"embeddable":true,"href":"https:\/\/www.sivildusun.net\/yedek18062024\/wp-json\/wp\/v2\/media\/23567"}],"wp:attachment":[{"href":"https:\/\/www.sivildusun.net\/yedek18062024\/wp-json\/wp\/v2\/media?parent=22285"}],"curies":[{"name":"wp","href":"https:\/\/api.w.org\/{rel}","templated":true}]}}