{"id":22616,"date":"2021-01-31T22:36:50","date_gmt":"2021-01-31T19:36:50","guid":{"rendered":"https:\/\/sd.interkeydijital.com\/?page_id=22616"},"modified":"2024-06-13T16:50:07","modified_gmt":"2024-06-13T13:50:07","slug":"beraber-serisi","status":"publish","type":"page","link":"https:\/\/www.sivildusun.net\/yedek18062024\/yer-al\/beraber-serisi\/","title":{"rendered":"Beraber Serisi"},"content":{"rendered":"\t<section class=\"section\" id=\"section_1780000377\">\n\t\t<div class=\"bg section-bg fill bg-fill  bg-loaded\" >\n\n\t\t\t\n\t\t\t<div class=\"loading-spin centered\"><\/div>\n\t\t\t\n\n\t\t<\/div>\n\n\t\t\n\n\t\t<div class=\"section-content relative\">\n\t\t\t\n<div class=\"row\"  id=\"row-439357638\">\n\n\t<div id=\"col-247280829\" class=\"col medium-3 small-12 large-3\"  >\n\t\t\t\t<div class=\"col-inner\"  >\n\t\t\t\n\t\t\t\n<div class=\"row rightsidebar\"  id=\"row-651572854\">\n\n\n\t<div id=\"col-2032241490\" class=\"col small-12 large-12\"  >\n\t\t\t\t<div class=\"col-inner box-shadow-3\"  >\n\t\t\t\n\t\t\t\n\n\n\t\t<div class=\"icon-box featured-box icon-box-left text-left\"  >\n\t\t\t\t<div class=\"icon-box-text last-reset\">\n\t\t\t\t\t\t\t\t\t\n\n\t<div id=\"gap-1451685561\" class=\"gap-element clearfix\" style=\"display:block; height:auto;\">\n\t\t\n<style>\n#gap-1451685561 {\n  padding-top: 6px;\n}\n<\/style>\n\t<\/div>\n\t\n\n<h3>Yer Al<\/h3>\n<div class=\"is-divider divider clearfix\" style=\"max-width:100%;background-color:rgb(233, 72, 63);\"><\/div>\n\n\n\t\t<\/div>\n\t<\/div>\n\t\n\t\n<p>[bellows config_id=\"main\" menu=\"6465\"]<\/p>\n\n\t\t<\/div>\n\t\t\t\t\n<style>\n#col-2032241490 > .col-inner {\n  padding: 0px 10px 0px 10px;\n}\n<\/style>\n\t<\/div>\n\n\t\n\n<\/div>\n\t\t<\/div>\n\t\t\t\t\t<\/div>\n\n\t\n\n\t<div id=\"col-2139323351\" class=\"col medium-9 small-12 large-9\"  >\n\t\t\t\t<div class=\"col-inner\"  >\n\t\t\t\n\t\t\t\n<div class=\"row align-equal row-dashed\"  id=\"row-1628187349\">\n\n\t<div id=\"col-139905538\" class=\"col small-12 large-12\"  >\n\t\t\t\t<div class=\"col-inner\"  >\n\t\t\t\n\t\t\t\n\n\t\t<div class=\"icon-box featured-box icon-box-left text-left\"  >\n\t\t\t\t<div class=\"icon-box-text last-reset\">\n\t\t\t\t\t\t\t\t\t\n  <div id=\"page-header-1701932378\" class=\"page-header-wrapper\">\n  <div class=\"page-title light divided-title\">\n\n    \n    <div class=\"page-title-inner container align-center flex-row medium-flex-wrap\" >\n              <div class=\"title-wrapper is-xlarge flex-col text-left medium-text-center\">\n          <h1 class=\"entry-title mb-0\">\n            Beraber Serisi          <\/h1>\n        <\/div>\n                    <div class=\"title-content flex-col flex-right text-right medium-text-center\">\n        <div class=\"title-breadcrumbs pb-half pt-half\"><\/div>      <\/div>\n    <\/div>\n\n       <\/div>\n  <div class=\"container header-wrapper-divider\"><hr\/><\/div>  <\/div>\n  \n\t\t<\/div>\n\t<\/div>\n\t\n\t\n\t<div id=\"gap-59584703\" class=\"gap-element clearfix\" style=\"display:block; height:auto;\">\n\t\t\n<style>\n#gap-59584703 {\n  padding-top: 30px;\n}\n<\/style>\n\t<\/div>\n\t\n<p>Canl\u0131 sohbet serimiz BERABER, bizlere bir arada sivil d\u00fc\u015f\u00fcnmek i\u00e7in yepyeni bir alan a\u00e7t\u0131. Uzmanlarla salg\u0131n s\u00fcrecinde genel anlamda hak odakl\u0131 \u00e7al\u0131\u015fmalar\u0131 konu\u015farak ba\u015flad\u0131\u011f\u0131m\u0131z BERABER bulu\u015fmalar\u0131na, Haziran-Aral\u0131k 2020 tarihleri aras\u0131nda, belirli haklar \u00fczerine odaklanarak devam ettik. Y\u00fczlerce sivil toplum \u00f6rg\u00fct\u00fc temsilcisi, aktivist ve g\u00f6n\u00fcll\u00fc, 10 farkl\u0131 hak alan\u0131nda, salg\u0131nla birlikte \u00f6ne \u00e7\u0131kan ihtiya\u00e7lar ile sorunlar\u0131, \u00e7\u00f6z\u00fcm fikirlerini, engelleri ve f\u0131rsatlar\u0131 konu\u015ftu.<\/p>\n<div class=\"accordion\">\n\t<div id=\"accordion-654504905\" class=\"accordion-item\">\n\t\t<a id=\"accordion-654504905-label\" class=\"accordion-title plain\" href=\"#accordion-item-13-temmuz-2020-lgbti+-haklar\u0131\" aria-expanded=\"false\" aria-controls=\"accordion-654504905-content\" >\n\t\t\t<button class=\"toggle\" aria-label=\"A\u00e7\/Kapat\"><i class=\"icon-angle-down\"><\/i><\/button>\n\t\t\t<span>13 Temmuz 2020 LGBTI+ haklar\u0131<\/span>\n\t\t<\/a>\n\t\t<div id=\"accordion-654504905-content\" class=\"accordion-inner\" aria-labelledby=\"accordion-654504905-label\" >\n\t\t\t\n\t\t<\/div>\n\t<\/div>\n\t\n\t<div id=\"accordion-3339821599\" class=\"accordion-item\">\n\t\t<a id=\"accordion-3339821599-label\" class=\"accordion-title plain\" href=\"#accordion-item-22-temmuz-2020-kad\u0131n-haklar\u0131\" aria-expanded=\"false\" aria-controls=\"accordion-3339821599-content\" >\n\t\t\t<button class=\"toggle\" aria-label=\"A\u00e7\/Kapat\"><i class=\"icon-angle-down\"><\/i><\/button>\n\t\t\t<span>22 Temmuz 2020 Kad\u0131n Haklar\u0131<\/span>\n\t\t<\/a>\n\t\t<div id=\"accordion-3339821599-content\" class=\"accordion-inner\" aria-labelledby=\"accordion-3339821599-label\" >\n\t\t\t\n\t\t<\/div>\n\t<\/div>\n\t\n\t<div id=\"accordion-2772805745\" class=\"accordion-item\">\n\t\t<a id=\"accordion-2772805745-label\" class=\"accordion-title plain\" href=\"#accordion-item-5-a\u011fustos-2020-\u00c7ocuk-haklar\u0131\" aria-expanded=\"false\" aria-controls=\"accordion-2772805745-content\" >\n\t\t\t<button class=\"toggle\" aria-label=\"A\u00e7\/Kapat\"><i class=\"icon-angle-down\"><\/i><\/button>\n\t\t\t<span>5 A\u011fustos 2020 \u00c7ocuk Haklar\u0131<\/span>\n\t\t<\/a>\n\t\t<div id=\"accordion-2772805745-content\" class=\"accordion-inner\" aria-labelledby=\"accordion-2772805745-label\" >\n\t\t\t\n\t<div id=\"text-714674355\" class=\"text kirmizi-bullet\">\n\t\t\n<ul>\n<li>Toplumda ve karar al\u0131c\u0131lar nezdinde \u00e7ocuk haklar\u0131na dair alg\u0131 \u00e7ok zay\u0131f. Bu da \u00e7ocuk haklar\u0131na ili\u015fkin en temel sorunlardan biri olarak kar\u015f\u0131m\u0131za \u00e7\u0131k\u0131yor.<\/li>\n<li>\u00d6zellikle karar al\u0131c\u0131lar\u0131n bu konuya bak\u0131\u015flar\u0131 hak odakl\u0131 olmaktan \u00e7ok uzak.<\/li>\n<li>\u00c7ocuk haklar\u0131 alan\u0131nda herhangi bir sorun veya ihlal ger\u00e7ekle\u015fmeden neler yap\u0131labilir, ger\u00e7ekle\u015fti\u011finde neler yap\u0131lmal\u0131 ve en nihayetinde ger\u00e7ekle\u015fmesi ertesi nas\u0131l bir eylem plan\u0131na ihtiya\u00e7 duyulur; bu \u00e7er\u00e7evede kapsaml\u0131 bir \u00e7al\u0131\u015fmaya ihtiya\u00e7 var.<\/li>\n<li>Hem akut sorunlar hem de sorunlar\u0131n ortaya \u00e7\u0131kt\u0131\u011f\u0131 temel konular i\u00e7in paralel \u00e7al\u0131\u015fmalar yapmak \u00f6nemli.<\/li>\n<li>\u00c7ocuk haklar\u0131 meselesini konu\u015furken \u00e7ocuk haklar\u0131 s\u00f6zle\u015fmesi gibi herkesin \u00fczerinde uzla\u015ft\u0131\u011f\u0131 esaslar\u0131n baz al\u0131nmas\u0131 gerekli.<\/li>\n<li>\u00c7ocuk haklar\u0131na dair hangi sorun ele al\u0131n\u0131rsa al\u0131ns\u0131n, \u00e7ocuk haklar\u0131 ve koruma sistemine b\u00fct\u00fcnc\u00fcl yakla\u015fmak gerekiyor.<\/li>\n<li>Mevcut ekonomik sistemde s\u00f6m\u00fcr\u00fclen \u00e7ocuklarla ilgili s\u0131k\u0131nt\u0131lar\u0131n neredeyse tamam\u0131, asl\u0131nda \u00e7ocuklarla bir arama ya\u015fama anlay\u0131\u015f\u0131n\u0131n eksikli\u011finden kaynaklan\u0131yor. Yeni bir ekonomik sistemle birlikte beraber ya\u015fama k\u00fclt\u00fcr\u00fcn\u00fcn \u00e7ocuklar\u0131 da kapsamas\u0131 gerekiyor.<\/li>\n<li>E\u011fitim alan\u0131nda ya\u015fanan ihlallerin kaynaklar\u0131ndan biri de \u00e7ocuk i\u015f\u00e7ili\u011fi. \u00c7ocuk i\u015f\u00e7ili\u011fini ortadan kald\u0131rmak i\u00e7in devletin b\u00fct\u00fcn kurumlar\u0131 ile beraber \u00e7al\u0131\u015fmak gerekiyor. \u00c7ocuk i\u015f\u00e7ili\u011fi alan\u0131nda \u00f6rg\u00fctlenmeye dair engellerle kar\u015f\u0131la\u015f\u0131l\u0131yor ve bu da hak ihlallerini derinle\u015ftiriyor. \u00c7ocuk i\u015f\u00e7ili\u011finde as\u0131l mevzu, yoksulluk d\u00f6ng\u00fcs\u00fc ve \u00e7ocu\u011fun iyi olma hali. Bu anlamda \u00e7ocu\u011fun ailesinin desteklenmesi de \u00f6nemli.<\/li>\n<li>Salg\u0131nla birlikte eve kapanma hali ve sosyalle\u015fme sorunu \u00e7ok \u00f6nemli bir mesele haline geldi, en \u00e7ok da e\u011fitim haklar\u0131 zarar g\u00f6rd\u00fc. Salg\u0131n\u0131n, \u00e7ocuklar\u0131n alternatif e\u011fitim hakk\u0131na \u00e7ok b\u00fcy\u00fck bir darbe vurdu ve buna ek olarak T\u00fcrkiye\u2019de alternatif e\u011fitim uygulamas\u0131 yapan kurumlar\u0131n salg\u0131nla birlikte s\u00fcrd\u00fcr\u00fclebilirli\u011fi de tehlike alt\u0131na girdi.<\/li>\n<li>Salg\u0131n d\u00f6nemini, otizmli, engelli ve kronik hastal\u0131\u011fa sahip \u00e7ocuklar, diyaliz hastas\u0131 ve hastanede ya\u015fayan \u00e7ocuklar ve m\u00fclteci \u00e7ocuklar en dezavantajl\u0131 gruplar olarak deneyimledi.<\/li>\n<li>Salg\u0131na kar\u015f\u0131n al\u0131nan \u00f6nlemlerden olan soka\u011fa \u00e7\u0131kma yasaklar\u0131, \u00f6zellikle belli bir rutinleri olan otizmli \u00e7ocuklar i\u00e7in zorlay\u0131c\u0131 oldu ancak otizmli \u00e7ocuklar her \u015feye ra\u011fmen iyi bir m\u00fccadele verdiler. Bu noktada otizm alan\u0131nda \u00e7al\u0131\u015fan kurumlar\u0131n lobi ve savunuculuk faaliyetlerinin etkisinin b\u00fcy\u00fck.<\/li>\n<li>T\u00fcrkiye salg\u0131nla beraber e\u011fitim alan\u0131nda EBA sistemini \u00e7ok h\u0131zl\u0131 organize etmesine ra\u011fmen, pek \u00e7ok \u00e7ocuk -\u00f6zellikle m\u00fclteci \u00e7ocuklar- internete ve teknolojik cihazlara eri\u015fimleri olmamas\u0131 sebebiyle, e\u011fitim haklar\u0131na eri\u015femedi. \u0130nternete eri\u015fim ara\u00e7lar\u0131n\u0131 yayg\u0131nla\u015ft\u0131rmak gerekiyor.<\/li>\n<li>Salg\u0131nla beraber ev i\u00e7i \u015fiddet ve istismar vakalar\u0131 konusunda rehber \u00f6\u011fretmenlerin \u00e7ocuklara ula\u015famamas\u0131 ve vakalar\u0131n takibini yapamamas\u0131 bir di\u011fer \u00f6nemli konu olarak \u00f6ne \u00e7\u0131kt\u0131.<\/li>\n<\/ul>\n\t\t\t<\/div>\n\t\n\t\t<\/div>\n\t<\/div>\n\t\n\t<div id=\"accordion-1407104061\" class=\"accordion-item\">\n\t\t<a id=\"accordion-1407104061-label\" class=\"accordion-title plain\" href=\"#accordion-item-26-a\u011fustos-2020-gen\u00e7lik-haklar\u0131\" aria-expanded=\"false\" aria-controls=\"accordion-1407104061-content\" >\n\t\t\t<button class=\"toggle\" aria-label=\"A\u00e7\/Kapat\"><i class=\"icon-angle-down\"><\/i><\/button>\n\t\t\t<span>26 A\u011fustos 2020 Gen\u00e7lik Haklar\u0131<\/span>\n\t\t<\/a>\n\t\t<div id=\"accordion-1407104061-content\" class=\"accordion-inner\" aria-labelledby=\"accordion-1407104061-label\" >\n\t\t\t\n\t\t<\/div>\n\t<\/div>\n\t\n\t<div id=\"accordion-1841208749\" class=\"accordion-item\">\n\t\t<a id=\"accordion-1841208749-label\" class=\"accordion-title plain\" href=\"#accordion-item-9-eyl\u00fcl-2020-engelli-haklar\u0131\" aria-expanded=\"false\" aria-controls=\"accordion-1841208749-content\" >\n\t\t\t<button class=\"toggle\" aria-label=\"A\u00e7\/Kapat\"><i class=\"icon-angle-down\"><\/i><\/button>\n\t\t\t<span>9 Eyl\u00fcl 2020 Engelli Haklar\u0131<\/span>\n\t\t<\/a>\n\t\t<div id=\"accordion-1841208749-content\" class=\"accordion-inner\" aria-labelledby=\"accordion-1841208749-label\" >\n\t\t\t\n\t<div id=\"text-1966576609\" class=\"text sari-bullet\">\n\t\t\n<ul>\n<li>Salg\u0131n ger\u00e7e\u011fi kar\u015f\u0131s\u0131nda bulu\u015fmalar\u0131m\u0131z\u0131 ara vermeden online ortama ta\u015f\u0131d\u0131k. Engelli bireylerin e\u011fitimde geri kalmamas\u0131 amac\u0131yla dijitalde e\u011fitimler verdik, bu e\u011fitimlerde ileti\u015fim becerileri, sanat, spor ve \u00f6z savunuculuk gibi konulara odakland\u0131k.<\/li>\n<\/ul>\n<ul>\n<li>Salg\u0131n s\u00fcrecinde de g\u00f6r\u00fcld\u00fc\u011f\u00fc \u00fczere, yeni ko\u015fullar alt\u0131nda farkl\u0131 hak kay\u0131plar\u0131 ya da zorluklar ortaya \u00e7\u0131kabiliyor. Bunlar\u0131 tespit edebilmek i\u00e7in her \u015feyden \u00f6nce hedef kitle ile ileti\u015fime ge\u00e7mek \u00e7ok \u00f6nemli. Alanda \u00e7al\u0131\u015fan \u00f6rg\u00fctler olarak, bu ileti\u015fimi g\u00fc\u00e7l\u00fc tutmak ve geli\u015ftirmek i\u00e7in farkl\u0131 ileti\u015fim kanallar\u0131 kullan\u0131yoruz.<\/li>\n<\/ul>\n<ul>\n<li>Engelli haklar\u0131 belli \u00f6l\u00e7\u00fcde yasalar\u0131n korumas\u0131 alt\u0131nda olsa da bu yasalara tam anlam\u0131yla uyulmuyor, bu durum ise engelli bireylerin ya\u015famlar\u0131n\u0131 daha da zorla\u015ft\u0131r\u0131yor.<\/li>\n<\/ul>\n<ul>\n<li>Baz\u0131 haklar yasalarca g\u00fcvence alt\u0131nda de\u011fil; bu da ciddi hak kay\u0131plar\u0131na sebep oluyor. Eksiklikleri g\u00f6r\u00fcn\u00fcr k\u0131lmak ve en nihayetinde karar vericiler arac\u0131l\u0131\u011f\u0131yla somut ad\u0131mlar at\u0131lmas\u0131n\u0131 sa\u011flamak \u00e7ok \u00f6nemli. Bu do\u011frultuda \u00e7abalar artarak devam etmeli.<\/li>\n<\/ul>\n<ul>\n<li>Engelli vatanda\u015flar\u0131 sahip olduklar\u0131 haklar noktas\u0131nda bilgilendirmek ve toplumda konuya ili\u015fkin fark\u0131ndal\u0131k yaratmak amac\u0131yla sosyal medya kampanyalar\u0131 y\u00fcr\u00fct\u00fcyoruz. \u00d6zellikle salg\u0131n s\u00fcrecinde yap\u0131lan sosyal medya payla\u015f\u0131mlar\u0131n\u0131n engellileri pek de g\u00f6z \u00f6n\u00fcne alarak haz\u0131rlanmad\u0131\u011f\u0131n\u0131 fark ediyoruz. Hedeflerimizin ba\u015f\u0131nda, farkl\u0131 engellilik durumlar\u0131ndaki bireylerin ihtiya\u00e7lar\u0131n\u0131 kar\u015f\u0131layacak \u015fekilde payla\u015f\u0131m ve kampanyalar haz\u0131rlamak var. Temel amac\u0131m\u0131z engelli haklar\u0131 ala\u0131nd fark\u0131ndal\u0131k yaratmak ancak bununla birlikte, bireysel sorunlarda gerek engelli bireylere gerekse ba\u015fta ebeveynleri olmak \u00fczere aile \u00fcyelerine destek olmak i\u00e7in telefon dan\u0131\u015fmanl\u0131\u011f\u0131 hizmeti de veriyoruz.<\/li>\n<\/ul>\n<ul>\n<li>Mevcut problemlere \u00e7\u00f6z\u00fcm getirebilmek i\u00e7in tan\u0131kl\u0131k etti\u011fimiz sorunlar\u0131 ve \u00fcretti\u011fimiz \u00e7\u00f6z\u00fcm \u00f6nerilerini kamuya iletiyoruz. EBA e\u011fitimi baz\u0131 engelli \u00f6\u011frenci ve \u00f6\u011fretmenler i\u00e7in uygun de\u011fil. Engelli bireyler salg\u0131n s\u00fcrecinde sa\u011fl\u0131k kurul raporlar\u0131n\u0131n al\u0131nmas\u0131 ve yenilenmesinde zorluk ya\u015f\u0131yor, bu da onlar\u0131n e\u011fitim hakk\u0131\u0131ndan yararlanmas\u0131 yolunda engel olu\u015fturuyor. Engelli bireylerin i\u015f d\u00fcnyas\u0131na a\u00e7\u0131lan f\u0131rsat kap\u0131lar\u0131ndan olan EKPSS\u2019nin salg\u0131n sebebiyle ertelenmesi ve net olmayan ileri bir tarihte ger\u00e7ekle\u015ftirilecek olmas\u0131 da e\u011fitim alan\u0131nda deneyimlenen sorunlardan biri. Hayat Eve S\u0131\u011far uygulamas\u0131ndan yararlanma noktas\u0131nda ya\u015fanan sorunlar var.<\/li>\n<\/ul>\n<p>Sa\u011fl\u0131k Bakanl\u0131\u011f\u0131, Milli E\u011fitim Bakanl\u0131\u011f\u0131 ve Aile, \u00c7al\u0131\u015fma ve Sosyal Hizmetler Bakanl\u0131\u011f\u0131 ba\u015fta olmak \u00fczere baz\u0131 kamu kurumlar\u0131 ile s\u0131k temas i\u00e7erisindeyiz ve bu mecralar\u0131n da katk\u0131s\u0131 ile sorunlara \u00e7\u00f6z\u00fcm ar\u0131yoruz.<\/p>\n<ul>\n<li>Engelli bireylerin ya\u015famlar\u0131n\u0131n bir derece kolayla\u015fmas\u0131 i\u00e7in i\u00e7inde bulunduklar\u0131 durumun \u00e7evrelerindeki insanlarca fark ediliyor olmas\u0131 b\u00fcy\u00fck \u00f6nem ta\u015f\u0131yor. Bu ba\u011flamda herkesten \u00f6nce engelli bireylerin ebeveynlerine e\u011fitimler verilmesi gerekiyor.<\/li>\n<\/ul>\n<ul>\n<li>Sivil toplum \u00f6rg\u00fct\u00fc temsilcileri olarak ayn\u0131 ama\u00e7 do\u011frultusunda emek harcamam\u0131za ra\u011fmen, birbirmizden haberdar olamayabiliyoruz. Bu y\u00fczden, ortak \u00e7al\u0131\u015fmalar y\u00fcr\u00fctemedi\u011fimiz zamanlar oluyor.<\/li>\n<\/ul>\n<ul>\n<li>Engelli haklar\u0131 alan\u0131nda faal ST\u00d6\u2019ler olarak i\u015fbirliklerini art\u0131rmam\u0131z ve a\u011f benzeri \u00e7at\u0131lar alt\u0131nda biraraya geldikleri takdirde daha etkili sonu\u00e7lar verecek \u00e7al\u0131\u015fmalar y\u00fcr\u00fctebiliriz.<\/li>\n<\/ul>\n<ul>\n<li>Kurumsal kapasitemizi g\u00fc\u00e7lendirmek bizim i\u00e7in \u00f6nemli bir ihtiya\u00e7. Bu noktada Sivil D\u00fc\u015f\u00fcn ve benzeri programlar\u0131n desteklerini heyecanla takip ediyoruz. Bu alandaki destek kalemlerinin geni\u015fletilmesi bizim i\u00e7in \u00f6nemli.<\/li>\n<\/ul>\n<ul>\n<li>Engelli haklar\u0131 noktas\u0131nda ya\u015fanan sorunlara daha kal\u0131c\u0131 \u00e7\u00f6z\u00fcm bulunmas\u0131 i\u00e7in g\u00fc\u00e7l\u00fc bir kamu-sivil toplum i\u015fbirli\u011fine ihtiya\u00e7 var. G\u00fcn\u00fcm\u00fczde ya\u015fanan bir\u00e7ok sorun ya da eksiklik asl\u0131nda iki taraf aras\u0131nda g\u00fc\u00e7lendirilecek ileti\u015fim kanallar\u0131 ile giderilebilir.<\/li>\n<\/ul>\n<ul>\n<li>Salg\u0131n\u0131n getirdi\u011fi riskler insanlar\u0131n b\u00fcy\u00fck \u00f6l\u00e7\u00fcde fiziksel ortamlardan \u00e7ekilmelerine ve evlerine kapanmalar\u0131na sebep oldu. Bu ise, yeni normal ko\u015fullara ge\u00e7i\u015f yapmakta zorlanan ve hala fiziki \u00e7al\u0131\u015fmalar y\u00fcr\u00fctmeyi hedefleyen ST\u00d6\u2019lerin g\u00f6n\u00fcll\u00fck a\u011flar\u0131ndaki insan kayna\u011f\u0131n\u0131n erimesini beraberinde getirdi. Bu noktada ST\u00d6\u2019lerin mevcut ko\u015fullarda, belki yeni y\u00f6ntemlerle g\u00f6n\u00fcll\u00fc havuzlar\u0131n\u0131 muhafaza etmesi \u00e7ok \u00f6nemli.<\/li>\n<\/ul>\n\t\t\t<\/div>\n\t\n\t\t<\/div>\n\t<\/div>\n\t\n\t<div id=\"accordion-3044052285\" class=\"accordion-item\">\n\t\t<a id=\"accordion-3044052285-label\" class=\"accordion-title plain\" href=\"#accordion-item-29-eyl\u00fcl-2020-ya\u015fl\u0131-haklar\u0131\" aria-expanded=\"false\" aria-controls=\"accordion-3044052285-content\" >\n\t\t\t<button class=\"toggle\" aria-label=\"A\u00e7\/Kapat\"><i class=\"icon-angle-down\"><\/i><\/button>\n\t\t\t<span>29 Eyl\u00fcl 2020 Ya\u015fl\u0131 Haklar\u0131<\/span>\n\t\t<\/a>\n\t\t<div id=\"accordion-3044052285-content\" class=\"accordion-inner\" aria-labelledby=\"accordion-3044052285-label\" >\n\t\t\t\n\t\t<\/div>\n\t<\/div>\n\t\n\t<div id=\"accordion-247688634\" class=\"accordion-item\">\n\t\t<a id=\"accordion-247688634-label\" class=\"accordion-title plain\" href=\"#accordion-item-9-ekim-2020-\u00c7evre-hakk\u0131\" aria-expanded=\"false\" aria-controls=\"accordion-247688634-content\" >\n\t\t\t<button class=\"toggle\" aria-label=\"A\u00e7\/Kapat\"><i class=\"icon-angle-down\"><\/i><\/button>\n\t\t\t<span>9 Ekim 2020 \u00c7evre Hakk\u0131<\/span>\n\t\t<\/a>\n\t\t<div id=\"accordion-247688634-content\" class=\"accordion-inner\" aria-labelledby=\"accordion-247688634-label\" >\n\t\t\t\n\t\t<\/div>\n\t<\/div>\n\t\n\t<div id=\"accordion-1449639004\" class=\"accordion-item\">\n\t\t<a id=\"accordion-1449639004-label\" class=\"accordion-title plain\" href=\"#accordion-item-27-ekim-2020-hayvan-haklar\u0131\" aria-expanded=\"false\" aria-controls=\"accordion-1449639004-content\" >\n\t\t\t<button class=\"toggle\" aria-label=\"A\u00e7\/Kapat\"><i class=\"icon-angle-down\"><\/i><\/button>\n\t\t\t<span>27 Ekim 2020 Hayvan Haklar\u0131<\/span>\n\t\t<\/a>\n\t\t<div id=\"accordion-1449639004-content\" class=\"accordion-inner\" aria-labelledby=\"accordion-1449639004-label\" >\n\t\t\t\n\t\t<\/div>\n\t<\/div>\n\t\n\t<div id=\"accordion-1905535912\" class=\"accordion-item\">\n\t\t<a id=\"accordion-1905535912-label\" class=\"accordion-title plain\" href=\"#accordion-item-9-kas\u0131m-2020-t\u00fcketici-haklar\u0131\" aria-expanded=\"false\" aria-controls=\"accordion-1905535912-content\" >\n\t\t\t<button class=\"toggle\" aria-label=\"A\u00e7\/Kapat\"><i class=\"icon-angle-down\"><\/i><\/button>\n\t\t\t<span>9 Kas\u0131m 2020 T\u00fcketici Haklar\u0131<\/span>\n\t\t<\/a>\n\t\t<div id=\"accordion-1905535912-content\" class=\"accordion-inner\" aria-labelledby=\"accordion-1905535912-label\" >\n\t\t\t\n\t\t<\/div>\n\t<\/div>\n\t\n\t<div id=\"accordion-4125239538\" class=\"accordion-item\">\n\t\t<a id=\"accordion-4125239538-label\" class=\"accordion-title plain\" href=\"#accordion-item-23-kas\u0131m-2020-dijital-haklar\" aria-expanded=\"false\" aria-controls=\"accordion-4125239538-content\" >\n\t\t\t<button class=\"toggle\" aria-label=\"A\u00e7\/Kapat\"><i class=\"icon-angle-down\"><\/i><\/button>\n\t\t\t<span>23 Kas\u0131m 2020 Dijital Haklar<\/span>\n\t\t<\/a>\n\t\t<div id=\"accordion-4125239538-content\" class=\"accordion-inner\" aria-labelledby=\"accordion-4125239538-label\" >\n\t\t\t\n\t\t<\/div>\n\t<\/div>\n\t\n\t<div id=\"accordion-2561530270\" class=\"accordion-item\">\n\t\t<a id=\"accordion-2561530270-label\" class=\"accordion-title plain\" href=\"#accordion-item-salg\u0131n-s\u00fcrecinde-hak-odakl\u0131-\u00c7al\u0131\u015fmalar-|-adem-arkada\u015f-thibert,-sivil-\u0130zleme-ve-savunuculuk-uzman\u0131\" aria-expanded=\"false\" aria-controls=\"accordion-2561530270-content\" >\n\t\t\t<button class=\"toggle\" aria-label=\"A\u00e7\/Kapat\"><i class=\"icon-angle-down\"><\/i><\/button>\n\t\t\t<span>Salg\u0131n S\u00fcrecinde Hak Odakl\u0131 \u00c7al\u0131\u015fmalar | Adem Arkada\u015f Thibert, Sivil \u0130zleme ve Savunuculuk Uzman\u0131<\/span>\n\t\t<\/a>\n\t\t<div id=\"accordion-2561530270-content\" class=\"accordion-inner\" aria-labelledby=\"accordion-2561530270-label\" >\n\t\t\t\n<div class=\"video video-fit mb\" style=\"padding-top:56.25%;\"><p><iframe title=\"BERABER I |\u00a0Sivil Toplumla Beraber Canl\u0131 Yay\u0131n Sohbetleri\" width=\"1020\" height=\"574\" src=\"https:\/\/www.youtube.com\/embed\/Rtl4_lcYH_A?list=PLlWFltJ5eLx-xYgbf8YnoU3J3IWbhrc7S\" frameborder=\"0\" allow=\"accelerometer; autoplay; clipboard-write; encrypted-media; gyroscope; picture-in-picture; web-share\" referrerpolicy=\"strict-origin-when-cross-origin\" allowfullscreen><\/iframe><\/p>\n<\/div>\n\t\t<\/div>\n\t<\/div>\n\t\n\t<div id=\"accordion-1747133193\" class=\"accordion-item\">\n\t\t<a id=\"accordion-1747133193-label\" class=\"accordion-title plain\" href=\"#accordion-item-salg\u0131n-s\u00fcrecinde-hak-odakl\u0131-\u00c7al\u0131\u015fmalar-|-do\u00e7.-dr.-it\u0131r-errhart,-akademisyen,-aktivist\" aria-expanded=\"false\" aria-controls=\"accordion-1747133193-content\" >\n\t\t\t<button class=\"toggle\" aria-label=\"A\u00e7\/Kapat\"><i class=\"icon-angle-down\"><\/i><\/button>\n\t\t\t<span>Salg\u0131n S\u00fcrecinde Hak Odakl\u0131 \u00c7al\u0131\u015fmalar | Do\u00e7. Dr. It\u0131r Errhart, Akademisyen, Aktivist<\/span>\n\t\t<\/a>\n\t\t<div id=\"accordion-1747133193-content\" class=\"accordion-inner\" aria-labelledby=\"accordion-1747133193-label\" >\n\t\t\t\n<div class=\"video video-fit mb\" style=\"padding-top:56.25%;\"><p><iframe title=\"BERABER II | Sivil Toplumla Beraber Canl\u0131 Yay\u0131n Sohbetleri\" width=\"1020\" height=\"574\" src=\"https:\/\/www.youtube.com\/embed\/sfqeTKWEkOg?list=PLlWFltJ5eLx-xYgbf8YnoU3J3IWbhrc7S\" frameborder=\"0\" allow=\"accelerometer; autoplay; clipboard-write; encrypted-media; gyroscope; picture-in-picture; web-share\" referrerpolicy=\"strict-origin-when-cross-origin\" allowfullscreen><\/iframe><\/p>\n<\/div>\n\t\t<\/div>\n\t<\/div>\n\t\n<\/div>\n\t\t<\/div>\n\t\t\t\t\n<style>\n#col-139905538 > .col-inner {\n  padding: 0px 30px 30px 30px;\n  border-radius: 8px;\n}\n<\/style>\n\t<\/div>\n\n\t\n<\/div>\n\t\t<\/div>\n\t\t\t\t\t<\/div>\n\n\t\n<\/div>\n\t\t<\/div>\n\n\t\t\n<style>\n#section_1780000377 {\n  padding-top: 30px;\n  padding-bottom: 30px;\n}\n<\/style>\n\t<\/section>\n\t\n","protected":false},"excerpt":{"rendered":"","protected":false},"author":1,"featured_media":23567,"parent":727,"menu_order":0,"comment_status":"closed","ping_status":"closed","template":"page-blank.php","meta":{"footnotes":""},"_links":{"self":[{"href":"https:\/\/www.sivildusun.net\/yedek18062024\/wp-json\/wp\/v2\/pages\/22616"}],"collection":[{"href":"https:\/\/www.sivildusun.net\/yedek18062024\/wp-json\/wp\/v2\/pages"}],"about":[{"href":"https:\/\/www.sivildusun.net\/yedek18062024\/wp-json\/wp\/v2\/types\/page"}],"author":[{"embeddable":true,"href":"https:\/\/www.sivildusun.net\/yedek18062024\/wp-json\/wp\/v2\/users\/1"}],"replies":[{"embeddable":true,"href":"https:\/\/www.sivildusun.net\/yedek18062024\/wp-json\/wp\/v2\/comments?post=22616"}],"version-history":[{"count":0,"href":"https:\/\/www.sivildusun.net\/yedek18062024\/wp-json\/wp\/v2\/pages\/22616\/revisions"}],"up":[{"embeddable":true,"href":"https:\/\/www.sivildusun.net\/yedek18062024\/wp-json\/wp\/v2\/pages\/727"}],"wp:featuredmedia":[{"embeddable":true,"href":"https:\/\/www.sivildusun.net\/yedek18062024\/wp-json\/wp\/v2\/media\/23567"}],"wp:attachment":[{"href":"https:\/\/www.sivildusun.net\/yedek18062024\/wp-json\/wp\/v2\/media?parent=22616"}],"curies":[{"name":"wp","href":"https:\/\/api.w.org\/{rel}","templated":true}]}}