{"id":29403,"date":"2022-04-20T15:40:44","date_gmt":"2022-04-20T12:40:44","guid":{"rendered":"https:\/\/www.sivildusun.net\/?page_id=29403"},"modified":"2024-04-01T09:35:20","modified_gmt":"2024-04-01T06:35:20","slug":"sikca-sorulan-sorular","status":"publish","type":"page","link":"https:\/\/www.sivildusun.net\/yedek18062024\/destek-al\/sikca-sorulan-sorular\/","title":{"rendered":"S\u0131k\u00e7a Sorulan Sorular"},"content":{"rendered":"\t<section class=\"section\" id=\"section_2103046579\">\n\t\t<div class=\"bg section-bg fill bg-fill  bg-loaded\" >\n\n\t\t\t\n\t\t\t\n\t\t\t\n\n\t\t<\/div>\n\n\t\t\n\n\t\t<div class=\"section-content relative\">\n\t\t\t\n<div class=\"row\"  id=\"row-1833261860\">\n\n\t<div id=\"col-1223954993\" class=\"col medium-3 small-12 large-3\"  >\n\t\t\t\t<div class=\"col-inner\"  >\n\t\t\t\n\t\t\t\n<div class=\"row rightsidebar\"  id=\"row-421589447\">\n\n\n\t<div id=\"col-1325741166\" class=\"col small-12 large-12\"  >\n\t\t\t\t<div class=\"col-inner box-shadow-3\"  >\n\t\t\t\n\t\t\t\n\n\n\t\t<div class=\"icon-box featured-box icon-box-left text-left\"  >\n\t\t\t\t<div class=\"icon-box-text last-reset\">\n\t\t\t\t\t\t\t\t\t\n\n\t<div id=\"gap-1817539415\" class=\"gap-element clearfix\" style=\"display:block; height:auto;\">\n\t\t\n<style>\n#gap-1817539415 {\n  padding-top: 6px;\n}\n<\/style>\n\t<\/div>\n\t\n\n<h3>Destek Al<\/h3>\n<div class=\"is-divider divider clearfix\" style=\"max-width:100%;background-color:rgb(233, 72, 63);\"><\/div>\n\n\n\t\t<\/div>\n\t<\/div>\n\t\n\t\n<p>[bellows config_id=\"main\" menu=\"4\"]<\/p>\n<a data-animate=\"fadeInLeft\" href=\"https:\/\/mis.sivildusun.eu\/\" target=\"_blank\" class=\"button primary is-outline lowercase expand\" rel=\"noopener\"  >\n    <span>Ba\u015fvuru Yap<\/span>\n  <\/a>\n\n\n\n\t\t<\/div>\n\t\t\t\t\n<style>\n#col-1325741166 > .col-inner {\n  padding: 0px 10px 0px 10px;\n}\n<\/style>\n\t<\/div>\n\n\t\n\n<\/div>\n\t\t<\/div>\n\t\t\t\t\t<\/div>\n\n\t\n\n\t<div id=\"col-23941054\" class=\"col medium-9 small-12 large-9\"  >\n\t\t\t\t<div class=\"col-inner\"  >\n\t\t\t\n\t\t\t\n  <div id=\"page-header-2093636271\" class=\"page-header-wrapper\">\n  <div class=\"page-title light divided-title\">\n\n    \n    <div class=\"page-title-inner container align-center flex-row medium-flex-wrap\" >\n              <div class=\"title-wrapper is-xlarge flex-col text-left medium-text-center\">\n          <h1 class=\"entry-title mb-0\">\n            S\u0131k\u00e7a Sorulan Sorular          <\/h1>\n        <\/div>\n                    <div class=\"title-content flex-col flex-right text-right medium-text-center\">\n        <div class=\"title-breadcrumbs pb-half pt-half\"><\/div>      <\/div>\n    <\/div>\n\n       <\/div>\n  <div class=\"container header-wrapper-divider\"><hr\/><\/div>  <\/div>\n  \n\t<div id=\"gap-1802780958\" class=\"gap-element clearfix\" style=\"display:block; height:auto;\">\n\t\t\n<style>\n#gap-1802780958 {\n  padding-top: 30px;\n}\n<\/style>\n\t<\/div>\n\t\n<p><input id=\"sss_search\" type=\"text\" placeholder=\"Sorularda ara...\" \/><\/p>\n\n\t\t<div class=\"tabbed-content\">\n\t\t\t\n\t\t\t<ul class=\"nav nav-tabs nav-uppercase nav-size-normal nav-left\" role=\"tablist\"><li id=\"tab-uygun-ba\u015fvuru-sahipleri\" class=\"tab active has-icon\" role=\"presentation\"><a href=\"#tab_uygun-ba\u015fvuru-sahipleri\" role=\"tab\" aria-selected=\"true\" aria-controls=\"tab_uygun-ba\u015fvuru-sahipleri\"><span>Uygun Ba\u015fvuru Sahipleri<\/span><\/a><\/li>\n<li id=\"tab-destek-miktar\u0131\" class=\"tab has-icon\" role=\"presentation\"><a href=\"#tab_destek-miktar\u0131\" tabindex=\"-1\" role=\"tab\" aria-selected=\"false\" aria-controls=\"tab_destek-miktar\u0131\"><span>Destek Miktar\u0131<\/span><\/a><\/li>\n<li id=\"tab-\u00c7al\u0131\u015fmalar\u0131n-uygulama-s\u00fcreci\" class=\"tab has-icon\" role=\"presentation\"><a href=\"#tab_\u00c7al\u0131\u015fmalar\u0131n-uygulama-s\u00fcreci\" tabindex=\"-1\" role=\"tab\" aria-selected=\"false\" aria-controls=\"tab_\u00c7al\u0131\u015fmalar\u0131n-uygulama-s\u00fcreci\"><span>\u00c7al\u0131\u015fmalar\u0131n Uygulama S\u00fcreci<\/span><\/a><\/li>\n<li id=\"tab-uygun-harcama-kalemleri\" class=\"tab has-icon\" role=\"presentation\"><a href=\"#tab_uygun-harcama-kalemleri\" tabindex=\"-1\" role=\"tab\" aria-selected=\"false\" aria-controls=\"tab_uygun-harcama-kalemleri\"><span>Uygun Harcama Kalemleri<\/span><\/a><\/li>\n<li id=\"tab-kay\u0131t-ve-ba\u015fvuru\" class=\"tab has-icon\" role=\"presentation\"><a href=\"#tab_kay\u0131t-ve-ba\u015fvuru\" tabindex=\"-1\" role=\"tab\" aria-selected=\"false\" aria-controls=\"tab_kay\u0131t-ve-ba\u015fvuru\"><span>Kay\u0131t ve Ba\u015fvuru<\/span><\/a><\/li>\n<li id=\"tab-sivil-d\u00fc\u015f\u00fcn-yard\u0131m-masas\u0131\" class=\"tab has-icon\" role=\"presentation\"><a href=\"#tab_sivil-d\u00fc\u015f\u00fcn-yard\u0131m-masas\u0131\" tabindex=\"-1\" role=\"tab\" aria-selected=\"false\" aria-controls=\"tab_sivil-d\u00fc\u015f\u00fcn-yard\u0131m-masas\u0131\"><span>Sivil D\u00fc\u015f\u00fcn Yard\u0131m Masas\u0131<\/span><\/a><\/li>\n<li id=\"tab-bilgilendirme-bulu\u015fmalar\u0131\" class=\"tab has-icon\" role=\"presentation\"><a href=\"#tab_bilgilendirme-bulu\u015fmalar\u0131\" tabindex=\"-1\" role=\"tab\" aria-selected=\"false\" aria-controls=\"tab_bilgilendirme-bulu\u015fmalar\u0131\"><span>Bilgilendirme Bulu\u015fmalar\u0131<\/span><\/a><\/li>\n<li id=\"tab-uygunluk-kontrol-s\u00fcreci\" class=\"tab has-icon\" role=\"presentation\"><a href=\"#tab_uygunluk-kontrol-s\u00fcreci\" tabindex=\"-1\" role=\"tab\" aria-selected=\"false\" aria-controls=\"tab_uygunluk-kontrol-s\u00fcreci\"><span>Uygunluk Kontrol S\u00fcreci<\/span><\/a><\/li><\/ul><div class=\"tab-panels\"><div id=\"tab_uygun-ba\u015fvuru-sahipleri\" class=\"panel active entry-content\" role=\"tabpanel\" aria-labelledby=\"tab-uygun-ba\u015fvuru-sahipleri\">\n<div class=\"accordion\">\n\t<div id=\"accordion-3090656992\" class=\"accordion-item\">\n\t\t<a id=\"accordion-3090656992-label\" class=\"accordion-title plain\" href=\"#accordion-item-kimler-ba\u015fvurabilir?\" aria-expanded=\"false\" aria-controls=\"accordion-3090656992-content\" >\n\t\t\t<button class=\"toggle\" aria-label=\"A\u00e7\/Kapat\"><i class=\"icon-angle-down\"><\/i><\/button>\n\t\t\t<span>Kimler ba\u015fvurabilir?<\/span>\n\t\t<\/a>\n\t\t<div id=\"accordion-3090656992-content\" class=\"accordion-inner\" aria-labelledby=\"accordion-3090656992-label\" >\n\t\t\t\n<ul>\n<li>Dernek, vak\u0131f, sivil inisiyatif, a\u011f veya platformlar<\/li>\n<li>\u00dcniversitelerin hak odakl\u0131 \u00e7al\u0131\u015fma y\u00fcr\u00fcten sivil toplum birim veya merkezleri<\/li>\n<li>Federasyon, konfederasyon, kar amac\u0131 g\u00fctmeyen kooperatif ve kar amac\u0131 g\u00fctmeyen i\u015fletmeler<\/li>\n<li>Sendika, meslek \u00f6rg\u00fctleri, barolar, kent konseyleri<\/li>\n<li>Aktivistler ba\u015fvurabilir<\/li>\n<\/ul>\n\t\t<\/div>\n\t<\/div>\n\t\n\t<div id=\"accordion-1756645814\" class=\"accordion-item\">\n\t\t<a id=\"accordion-1756645814-label\" class=\"accordion-title plain\" href=\"#accordion-item-aktivistler-ba\u015fvurabilir-mi?\" aria-expanded=\"false\" aria-controls=\"accordion-1756645814-content\" >\n\t\t\t<button class=\"toggle\" aria-label=\"A\u00e7\/Kapat\"><i class=\"icon-angle-down\"><\/i><\/button>\n\t\t\t<span>Aktivistler ba\u015fvurabilir mi?<\/span>\n\t\t<\/a>\n\t\t<div id=\"accordion-1756645814-content\" class=\"accordion-inner\" aria-labelledby=\"accordion-1756645814-label\" >\n\t\t\t\n<p>Evet,Temel hak ve o\u0308zgu\u0308rlu\u0308kleri gelis\u0327tirmek ic\u0327in go\u0308nu\u0308llu\u0308 olarak c\u0327al\u0131s\u0327an tu\u0308m bireyler aktivist olarak bas\u0327vuru yapabilirler.<\/p>\n<p>\u00b7Hak odakl\u0131 \u00e7al\u0131\u015fmalara g\u00f6n\u00fcll\u00fc faaliyetlere zaman ve enerji ay\u0131ran<\/p>\n<p>\u00b7Hak odakl\u0131 bir \u00e7al\u0131\u015fmaya liderlik i\u00e7in g\u00f6n\u00fcll\u00fc olarak sorumluluk \u00fcstlenen<\/p>\n<p>\u00b7Hak odakl\u0131 yeni bir giri\u015fim veya platformun ba\u015flat\u0131lmas\u0131nda g\u00f6n\u00fcll\u00fc \u00e7aba sahibi olan bireyleri i\u00e7erir ancak bunlarla da s\u0131n\u0131rl\u0131 de\u011fildir.<\/p>\n\t\t<\/div>\n\t<\/div>\n\t\n\t<div id=\"accordion-1938094255\" class=\"accordion-item\">\n\t\t<a id=\"accordion-1938094255-label\" class=\"accordion-title plain\" href=\"#accordion-item-sivil-d\u00fc\u015f\u00fcn\u2019\u00fcn-aktivistler-ve-st\u00d6&#039;ler-i\u00e7in-uygunluk-kriterleri-nelerdir?\" aria-expanded=\"false\" aria-controls=\"accordion-1938094255-content\" >\n\t\t\t<button class=\"toggle\" aria-label=\"A\u00e7\/Kapat\"><i class=\"icon-angle-down\"><\/i><\/button>\n\t\t\t<span>Sivil D\u00fc\u015f\u00fcn\u2019\u00fcn aktivistler ve ST\u00d6'ler i\u00e7in uygunluk kriterleri nelerdir?<\/span>\n\t\t<\/a>\n\t\t<div id=\"accordion-1938094255-content\" class=\"accordion-inner\" aria-labelledby=\"accordion-1938094255-label\" >\n\t\t\t\n<ul>\n<li>Sivil D\u00fc\u015f\u00fcn, AB de\u011ferleri, temel hak ve \u00f6zg\u00fcrl\u00fckleri, demokrasi ve e\u015fitli\u011fi benimseyen t\u00fcm \u00e7al\u0131\u015fmalara a\u00e7\u0131kt\u0131r. Sivil D\u00fc\u015f\u00fcn, sadece siyasi faaliyetler i\u00e7ermeyen \u00e7al\u0131\u015fmalar\u0131 destekler.<\/li>\n<li>Sivil D\u00fc\u015f\u00fcn; akademik, ticari ve burs taleplerini i\u00e7eren \u00e7al\u0131\u015fmalar\u0131 desteklemez. \u00c7\u0131kar \u00e7at\u0131\u015fmas\u0131 riski ta\u015f\u0131yan ba\u015fvurular uygun de\u011fildir.<\/li>\n<li>Sivil D\u00fc\u015f\u00fcn kar amac\u0131 g\u00fcden \u00e7al\u0131\u015fmalar\u0131 desteklemez.<\/li>\n<\/ul>\n\t\t<\/div>\n\t<\/div>\n\t\n\t<div id=\"accordion-4032699178\" class=\"accordion-item\">\n\t\t<a id=\"accordion-4032699178-label\" class=\"accordion-title plain\" href=\"#accordion-item-\u00dcyesi\/\u00e7al\u0131\u015fan\u0131\/g\u00f6n\u00fcll\u00fcs\u00fc-oldu\u011fum-st\u00d6-ad\u0131na-bireysel-ba\u015fvuruda-bulunabilir-miyim?\" aria-expanded=\"false\" aria-controls=\"accordion-4032699178-content\" >\n\t\t\t<button class=\"toggle\" aria-label=\"A\u00e7\/Kapat\"><i class=\"icon-angle-down\"><\/i><\/button>\n\t\t\t<span>\u00dcyesi\/\u00e7al\u0131\u015fan\u0131\/g\u00f6n\u00fcll\u00fcs\u00fc oldu\u011fum ST\u00d6 ad\u0131na bireysel ba\u015fvuruda bulunabilir miyim?<\/span>\n\t\t<\/a>\n\t\t<div id=\"accordion-4032699178-content\" class=\"accordion-inner\" aria-labelledby=\"accordion-4032699178-label\" >\n\t\t\t\n<ul>\n<li>Evet, \u00fcyesi\/\u00e7al\u0131\u015fan\u0131\/g\u00f6n\u00fcll\u00fcs\u00fc oldu\u011funuz ST\u00d6 izin verdi\u011fi s\u00fcrece ba\u015fvuru yapabilirsiniz. L\u00fctfen Sivil D\u00fc\u015f\u00fcn\u2019\u00fcn, Bilgi Sisteminde (MIS) ba\u015fvuruyu g\u00f6nderen ki\u015fiden ba\u011f\u0131ms\u0131z olarak her ST\u00d6 i\u00e7in yaln\u0131zca bir hesaba izin verdi\u011fini unutmay\u0131n. Ayr\u0131 bir hesap a\u00e7mak, teknik olarak uygun bulunmamaktad\u0131r.<\/li>\n<\/ul>\n\t\t<\/div>\n\t<\/div>\n\t\n\t<div id=\"accordion-4252262559\" class=\"accordion-item\">\n\t\t<a id=\"accordion-4252262559-label\" class=\"accordion-title plain\" href=\"#accordion-item-sivil-d\u00fc\u015f\u00fcn-uzman-havuzunda-yer-alan-uzmanlar\u0131n-sivil-d\u00fc\u015f\u00fcn-desteklerinden-yararlanmas\u0131-m\u00fcmk\u00fcn-m\u00fc?\" aria-expanded=\"false\" aria-controls=\"accordion-4252262559-content\" >\n\t\t\t<button class=\"toggle\" aria-label=\"A\u00e7\/Kapat\"><i class=\"icon-angle-down\"><\/i><\/button>\n\t\t\t<span>Sivil D\u00fc\u015f\u00fcn Uzman Havuzunda yer alan uzmanlar\u0131n Sivil D\u00fc\u015f\u00fcn desteklerinden yararlanmas\u0131 m\u00fcmk\u00fcn m\u00fc?<\/span>\n\t\t<\/a>\n\t\t<div id=\"accordion-4252262559-content\" class=\"accordion-inner\" aria-labelledby=\"accordion-4252262559-label\" >\n\t\t\t\n<ul>\n<li>Evet, uzman\u0131n Sivil D\u00fc\u015f\u00fcn\u2019deki konumu ile ba\u015fvuruyu g\u00f6nderen kurulu\u015f aras\u0131nda do\u011frudan veya dolayl\u0131 bir \u00e7\u0131kar \u00e7at\u0131\u015fmas\u0131 olmad\u0131\u011f\u0131 s\u00fcrece. Sivil D\u00fc\u015f\u00fcn Ekibi ilgili kontrolleri yapar ve uzmanlar\u0131 \u00e7\u0131kar \u00e7at\u0131\u015fmalar\u0131ndan ka\u00e7\u0131nmaya \u00e7a\u011f\u0131r\u0131r.<\/li>\n<\/ul>\n\t\t<\/div>\n\t<\/div>\n\t\n\t<div id=\"accordion-2080096860\" class=\"accordion-item\">\n\t\t<a id=\"accordion-2080096860-label\" class=\"accordion-title plain\" href=\"#accordion-item-birden-fazla-ba\u015fvuru-g\u00f6nderebilir-miyim?\" aria-expanded=\"false\" aria-controls=\"accordion-2080096860-content\" >\n\t\t\t<button class=\"toggle\" aria-label=\"A\u00e7\/Kapat\"><i class=\"icon-angle-down\"><\/i><\/button>\n\t\t\t<span>Birden fazla ba\u015fvuru g\u00f6nderebilir miyim?<\/span>\n\t\t<\/a>\n\t\t<div id=\"accordion-2080096860-content\" class=\"accordion-inner\" aria-labelledby=\"accordion-2080096860-label\" >\n\t\t\t\n<ul>\n<li>Evet, birden fazla ba\u015fvuru g\u00f6nderebilirsiniz. Desteklere bas\u0327vuru yapacak herkes ic\u0327in maksimum talep edilebilecek destek limiti, 22 Nisan 2022 itibar\u0131yla gu\u0308ncellendi. Yani, o\u0308nceden destek alm\u0131\u015f olsan\u0131z da -daha o\u0308nce ald\u0131klar\u0131 miktar ne olursa olsun- yeni bas\u0327vurucular gibi, 2025\u2019e kadar yapaca\u011f\u0131n\u0131z tu\u0308m bas\u0327vurular ic\u0327in toplamda 10 bin \u20ac\u2019ya kadar destek talep edebilirsiniz.<\/li>\n<\/ul>\n\t\t<\/div>\n\t<\/div>\n\t\n\t<div id=\"accordion-1336092377\" class=\"accordion-item\">\n\t\t<a id=\"accordion-1336092377-label\" class=\"accordion-title plain\" href=\"#accordion-item-\u00d6nceki-d\u00f6nemlerde-sivil-d\u00fc\u015f\u00fcn-desteklerinden-faydalanm\u0131\u015ft\u0131m;-tekrar-ba\u015fvuruda-bulunabilir-miyim?\" aria-expanded=\"false\" aria-controls=\"accordion-1336092377-content\" >\n\t\t\t<button class=\"toggle\" aria-label=\"A\u00e7\/Kapat\"><i class=\"icon-angle-down\"><\/i><\/button>\n\t\t\t<span>\u00d6nceki d\u00f6nemlerde Sivil D\u00fc\u015f\u00fcn desteklerinden faydalanm\u0131\u015ft\u0131m; tekrar ba\u015fvuruda bulunabilir miyim?<\/span>\n\t\t<\/a>\n\t\t<div id=\"accordion-1336092377-content\" class=\"accordion-inner\" aria-labelledby=\"accordion-1336092377-label\" >\n\t\t\t\n<ul>\n<li>Evet!<\/li>\n<\/ul>\n\t\t<\/div>\n\t<\/div>\n\t\n\t<div id=\"accordion-577877586\" class=\"accordion-item\">\n\t\t<a id=\"accordion-577877586-label\" class=\"accordion-title plain\" href=\"#accordion-item-aktivistlerin-ba\u015fvurular\u0131nda-ek-bir-bir-kriteriniz-var-m\u0131?-\u00d6rn.-bir-dernek-\u00fcyesi,-bir-sosyal-giri\u015fime-g\u00f6n\u00fcll\u00fc-destek-veren-vs.-yoksa-\u015fu-a\u015famada-sadece-proje-fikri-olmas\u0131-yeterli-mi?\" aria-expanded=\"false\" aria-controls=\"accordion-577877586-content\" >\n\t\t\t<button class=\"toggle\" aria-label=\"A\u00e7\/Kapat\"><i class=\"icon-angle-down\"><\/i><\/button>\n\t\t\t<span>Aktivistlerin ba\u015fvurular\u0131nda ek bir bir kriteriniz var m\u0131? \u00d6rn. bir dernek \u00fcyesi, bir sosyal giri\u015fime g\u00f6n\u00fcll\u00fc destek veren vs. yoksa \u015fu a\u015famada sadece proje fikri olmas\u0131 yeterli mi?<\/span>\n\t\t<\/a>\n\t\t<div id=\"accordion-577877586-content\" class=\"accordion-inner\" aria-labelledby=\"accordion-577877586-label\" >\n\t\t\t\n<ul>\n<li>Uluslararas\u0131 s\u00f6zle\u015fmelerde tan\u0131mlanan temel hak ve \u00f6zg\u00fcrl\u00fckleri geli\u015ftirmek i\u00e7in \u00e7al\u0131\u015fan t\u00fcm sivil toplum \u00f6rg\u00fctleri ve aktivistler Sivil D\u00fc\u015f\u00fcn deste\u011fine ba\u015fvurabilir. Aktivistlerin ba\u015fvurular\u0131nda ek bir kriter bulunmamaktad\u0131r. Detayl\u0131 bilgi i\u00e7in Ba\u015fvuru Rehberi\u2019nde yer alan \u201cKimler Ba\u015fvurabilir?\u201d b\u00f6l\u00fcm\u00fcn\u00fc inceleyin.<\/li>\n<\/ul>\n\t\t<\/div>\n\t<\/div>\n\t\n\t<div id=\"accordion-3551538847\" class=\"accordion-item\">\n\t\t<a id=\"accordion-3551538847-label\" class=\"accordion-title plain\" href=\"#accordion-item-daha-\u00f6nce-proje-yapmam\u0131\u015f-bir-dernek-ve\/veya-aktivist-olarak-sivil-d\u00fc\u015f\u00fcn\u2019e-ba\u015fvuru-yapabilir-miyiz?\" aria-expanded=\"false\" aria-controls=\"accordion-3551538847-content\" >\n\t\t\t<button class=\"toggle\" aria-label=\"A\u00e7\/Kapat\"><i class=\"icon-angle-down\"><\/i><\/button>\n\t\t\t<span>Daha \u00f6nce proje yapmam\u0131\u015f bir dernek ve\/veya aktivist olarak Sivil D\u00fc\u015f\u00fcn\u2019e ba\u015fvuru yapabilir miyiz?<\/span>\n\t\t<\/a>\n\t\t<div id=\"accordion-3551538847-content\" class=\"accordion-inner\" aria-labelledby=\"accordion-3551538847-label\" >\n\t\t\t\n<ul>\n<li>Evet ba\u015fvurabilirsiniz. <\/li>\n<\/ul>\n\t\t<\/div>\n\t<\/div>\n\t\n\t<div id=\"accordion-1995744920\" class=\"accordion-item\">\n\t\t<a id=\"accordion-1995744920-label\" class=\"accordion-title plain\" href=\"#accordion-item-desteklere-bir-grupla-ba\u015fvururken-ayn\u0131-zamanda-ba\u015fka-bir-grup-ya-da-bireysel-olarak-ba\u015fvurabilir-miyim?\" aria-expanded=\"false\" aria-controls=\"accordion-1995744920-content\" >\n\t\t\t<button class=\"toggle\" aria-label=\"A\u00e7\/Kapat\"><i class=\"icon-angle-down\"><\/i><\/button>\n\t\t\t<span>Desteklere bir grupla ba\u015fvururken ayn\u0131 zamanda ba\u015fka bir grup ya da bireysel olarak ba\u015fvurabilir miyim?<\/span>\n\t\t<\/a>\n\t\t<div id=\"accordion-1995744920-content\" class=\"accordion-inner\" aria-labelledby=\"accordion-1995744920-label\" >\n\t\t\t\n<ul>\n<li>Ba\u015fvurucular\u0131n ayn\u0131 anda ya da pe\u015fi s\u0131ra tek seferde 5.000 EUR, toplamda ise 10.000 EUR\u2019u ge\u00e7meyecek \u015fekilde birden fazla ba\u015fvuru yapabilmeleri m\u00fcmk\u00fcnd\u00fcr. Fakat bir \u00e7al\u0131\u015fman\u0131n uygulama s\u00fcresi 6 ayla s\u0131n\u0131rl\u0131d\u0131r ve birden fazla \u00e7al\u0131\u015fman\u0131n birbirini zamansal olarak kesmesi durumunda Uygunluk Kontrol\u00fc Uzmanlar\u0131, \u00e7al\u0131\u015fmalar\u0131n zaman ve insan kayna\u011f\u0131 anlam\u0131nda y\u00f6netilebilir ve ger\u00e7ekle\u015ftirilebilir olup olmad\u0131\u011f\u0131n\u0131 \u00f6\u011frenmek isteyebilirler.<\/li>\n<\/ul>\n\t\t<\/div>\n\t<\/div>\n\t\n\t<div id=\"accordion-1639394842\" class=\"accordion-item\">\n\t\t<a id=\"accordion-1639394842-label\" class=\"accordion-title plain\" href=\"#accordion-item-kooperatif-olarak-sivil-d\u00fc\u015f\u00fcn\u2019e-ba\u015fvurmak-istiyoruz,-kooperatifler-ba\u015fvurabilir-mi?\" aria-expanded=\"false\" aria-controls=\"accordion-1639394842-content\" >\n\t\t\t<button class=\"toggle\" aria-label=\"A\u00e7\/Kapat\"><i class=\"icon-angle-down\"><\/i><\/button>\n\t\t\t<span>Kooperatif olarak Sivil D\u00fc\u015f\u00fcn\u2019e ba\u015fvurmak istiyoruz, kooperatifler ba\u015fvurabilir mi?<\/span>\n\t\t<\/a>\n\t\t<div id=\"accordion-1639394842-content\" class=\"accordion-inner\" aria-labelledby=\"accordion-1639394842-label\" >\n\t\t\t\n<ul>\n<li>Kar amac\u0131 g\u00fctmeyen kooperatifler, Sivil D\u00fc\u015f\u00fcn\u2019e ba\u015fvurabilir. Detayl\u0131 bilgi i\u00e7in Ba\u015fvuru Rehberi\u2019nde yer alan \u201cKimler Ba\u015fvurabilir?\u201d b\u00f6l\u00fcm\u00fcn\u00fc inceleyebilirsiniz.<\/li>\n<\/ul>\n\t\t<\/div>\n\t<\/div>\n\t\n\t<div id=\"accordion-1185451092\" class=\"accordion-item\">\n\t\t<a id=\"accordion-1185451092-label\" class=\"accordion-title plain\" href=\"#accordion-item-yerelde-y\u00fcr\u00fctece\u011fimiz-\u00e7al\u0131\u015fmam\u0131z-i\u00e7in-belediye-ile-de-\u00e7al\u0131\u015fmak-istiyoruz.-payda\u015f-kurum-olarak-\u00e7al\u0131\u015fmam\u0131za-katk\u0131-sunabilirler-mi?\" aria-expanded=\"false\" aria-controls=\"accordion-1185451092-content\" >\n\t\t\t<button class=\"toggle\" aria-label=\"A\u00e7\/Kapat\"><i class=\"icon-angle-down\"><\/i><\/button>\n\t\t\t<span>Yerelde y\u00fcr\u00fctece\u011fimiz \u00e7al\u0131\u015fmam\u0131z i\u00e7in belediye ile de \u00e7al\u0131\u015fmak istiyoruz. Payda\u015f kurum olarak \u00e7al\u0131\u015fmam\u0131za katk\u0131 sunabilirler mi?<\/span>\n\t\t<\/a>\n\t\t<div id=\"accordion-1185451092-content\" class=\"accordion-inner\" aria-labelledby=\"accordion-1185451092-label\" >\n\t\t\t\n<ul>\n<li>Evet, farkl\u0131 kurumlar \u00e7al\u0131\u015fman\u0131za payda\u015f kurum olarak destek sunabilirler. Bu kurumlar\u0131n logolar\u0131na i\u00e7eriklerinizde G\u00f6r\u00fcn\u00fcrl\u00fck Rehberi\u2019ne uygun olacak \u015fekilde yer verebilirsiniz.<\/li>\n<\/ul>\n\t\t<\/div>\n\t<\/div>\n\t\n<\/div>\n<\/div>\n<div id=\"tab_destek-miktar\u0131\" class=\"panel entry-content\" role=\"tabpanel\" aria-labelledby=\"tab-destek-miktar\u0131\">\n<div class=\"accordion\">\n\t<div id=\"accordion-1578353369\" class=\"accordion-item\">\n\t\t<a id=\"accordion-1578353369-label\" class=\"accordion-title plain\" href=\"#accordion-item-maksimum-destek-miktar\u0131-nedir?\" aria-expanded=\"false\" aria-controls=\"accordion-1578353369-content\" >\n\t\t\t<button class=\"toggle\" aria-label=\"A\u00e7\/Kapat\"><i class=\"icon-angle-down\"><\/i><\/button>\n\t\t\t<span>Maksimum destek miktar\u0131 nedir?<\/span>\n\t\t<\/a>\n\t\t<div id=\"accordion-1578353369-content\" class=\"accordion-inner\" aria-labelledby=\"accordion-1578353369-label\" >\n\t\t\t\n<ul>\n<li>Ba\u015fvuruda bulunan \u00f6rg\u00fct ve aktivistler, a\u015fa\u011f\u0131da belirtilen uygun harcama kalemleri i\u00e7in en fazla 5000 euro tutar\u0131nda destek talep edebilirler. Birden fazla kez ve birden fazla destek kategorisine ba\u015fvuru yapabilir, ancak program s\u00fcresince en fazla 10.000 euro destek alabilirsiniz. Sivil D\u00fc\u015f\u00fcn sadece ayni destek verir.<\/li>\n<\/ul>\n\t\t<\/div>\n\t<\/div>\n\t\n\t<div id=\"accordion-3382661772\" class=\"accordion-item\">\n\t\t<a id=\"accordion-3382661772-label\" class=\"accordion-title plain\" href=\"#accordion-item-aktivistlerin-alabilece\u011fi-en-y\u00fcksek-destek-miktar\u0131-yine-ayn\u0131-m\u0131?\" aria-expanded=\"false\" aria-controls=\"accordion-3382661772-content\" >\n\t\t\t<button class=\"toggle\" aria-label=\"A\u00e7\/Kapat\"><i class=\"icon-angle-down\"><\/i><\/button>\n\t\t\t<span>Aktivistlerin alabilece\u011fi en y\u00fcksek destek miktar\u0131 yine ayn\u0131 m\u0131?<\/span>\n\t\t<\/a>\n\t\t<div id=\"accordion-3382661772-content\" class=\"accordion-inner\" aria-labelledby=\"accordion-3382661772-label\" >\n\t\t\t\n<ul>\n<li>Evet, aktivistler de ayn\u0131 sivil toplum \u00f6rg\u00fctleri gibi tek seferde 5.000 Euro, bir d\u00f6nemde ise toplamda 10.000 Euro destek talep edebiliyorlar.<\/li>\n<\/ul>\n\t\t<\/div>\n\t<\/div>\n\t\n\t<div id=\"accordion-924148581\" class=\"accordion-item\">\n\t\t<a id=\"accordion-924148581-label\" class=\"accordion-title plain\" href=\"#accordion-item-ayn\u0131-projenin-farkl\u0131-a\u015famalar\u0131-i\u00e7in-2-ba\u015fvuru-yap\u0131larak-toplamda-10.000-euro-al\u0131nabilir-mi?\" aria-expanded=\"false\" aria-controls=\"accordion-924148581-content\" >\n\t\t\t<button class=\"toggle\" aria-label=\"A\u00e7\/Kapat\"><i class=\"icon-angle-down\"><\/i><\/button>\n\t\t\t<span>Ayn\u0131 projenin farkl\u0131 a\u015famalar\u0131 i\u00e7in 2 ba\u015fvuru yap\u0131larak toplamda 10.000 Euro al\u0131nabilir mi?<\/span>\n\t\t<\/a>\n\t\t<div id=\"accordion-924148581-content\" class=\"accordion-inner\" aria-labelledby=\"accordion-924148581-label\" >\n\t\t\t\n<ul>\n<li>Ba\u015fvurucular\u0131n ayn\u0131 anda ya da pe\u015fi s\u0131ra tek seferde 5.000 EUR, toplamda ise 10.000 EUR\u2019u ge\u00e7meyecek \u015fekilde birden fazla ba\u015fvuru yapabilmeleri m\u00fcmk\u00fcnd\u00fcr. Fakat bir \u00e7al\u0131\u015fman\u0131n uygulama s\u00fcresi 6 ayla s\u0131n\u0131rl\u0131d\u0131r ve iki \u00e7al\u0131\u015fman\u0131n birbirini zamansal olarak kesmesi durumunda Uygunluk Kontrol\u00fc Uzmanlar\u0131, \u00e7al\u0131\u015fmalar\u0131n zaman ve insan kayna\u011f\u0131 anlam\u0131nda y\u00f6netilebilir ve ger\u00e7ekle\u015ftirilebilir olup olmad\u0131\u011f\u0131n\u0131 \u00f6\u011frenmek isteyebilirler. <\/li>\n<\/ul>\n\t\t<\/div>\n\t<\/div>\n\t\n<\/div>\n<\/div>\n<div id=\"tab_\u00c7al\u0131\u015fmalar\u0131n-uygulama-s\u00fcreci\" class=\"panel entry-content\" role=\"tabpanel\" aria-labelledby=\"tab-\u00c7al\u0131\u015fmalar\u0131n-uygulama-s\u00fcreci\">\n<div class=\"accordion\">\n\t<div id=\"accordion-1260909790\" class=\"accordion-item\">\n\t\t<a id=\"accordion-1260909790-label\" class=\"accordion-title plain\" href=\"#accordion-item-onaylanan-\u00e7al\u0131\u015fmalar-ne-zaman-tamamlanmal\u0131d\u0131r?\" aria-expanded=\"false\" aria-controls=\"accordion-1260909790-content\" >\n\t\t\t<button class=\"toggle\" aria-label=\"A\u00e7\/Kapat\"><i class=\"icon-angle-down\"><\/i><\/button>\n\t\t\t<span>Onaylanan \u00e7al\u0131\u015fmalar ne zaman tamamlanmal\u0131d\u0131r?<\/span>\n\t\t<\/a>\n\t\t<div id=\"accordion-1260909790-content\" class=\"accordion-inner\" aria-labelledby=\"accordion-1260909790-label\" >\n\t\t\t\n<ul>\n<li>Onaylanan \u00e7al\u0131\u015fmalar, en ge\u00e7 d\u00f6rt hafta i\u00e7inde ba\u015flamal\u0131 ve en ge\u00e7 6 ay i\u00e7inde tamamlanmal\u0131d\u0131r.<\/li>\n<\/ul>\n\t\t<\/div>\n\t<\/div>\n\t\n\t<div id=\"accordion-2028640484\" class=\"accordion-item\">\n\t\t<a id=\"accordion-2028640484-label\" class=\"accordion-title plain\" href=\"#accordion-item-do\u0308viz-kurundaki-dalgalanma-nedeniyle-bu\u0308tc\u0327e-olus\u0327tururken-1-euro&#039;nun-kars\u0327\u0131l\u0131g\u0306\u0131n\u0131-kac\u0327-tl-olarak-dikkate-alacag\u0306\u0131z?\" aria-expanded=\"false\" aria-controls=\"accordion-2028640484-content\" >\n\t\t\t<button class=\"toggle\" aria-label=\"A\u00e7\/Kapat\"><i class=\"icon-angle-down\"><\/i><\/button>\n\t\t\t<span>Do\u0308viz kurundaki dalgalanma nedeniyle bu\u0308tc\u0327e olus\u0327tururken 1 Euro'nun kars\u0327\u0131l\u0131g\u0306\u0131n\u0131 kac\u0327 TL olarak dikkate alacag\u0306\u0131z?<\/span>\n\t\t<\/a>\n\t\t<div id=\"accordion-2028640484-content\" class=\"accordion-inner\" aria-labelledby=\"accordion-2028640484-label\" >\n\t\t\t\n<ul>\n<li>Uygulama a\u015famas\u0131 boyunca ba\u015fvurunuzu g\u00f6nderdi\u011finiz tarihteki InforEuro kuru dikkate al\u0131n\u0131r. Bilgi Sistemi\u2019nde de InforEuro kuruna g\u00f6re hesaplan\u0131r.<\/li>\n<\/ul>\n\t\t<\/div>\n\t<\/div>\n\t\n\t<div id=\"accordion-346016567\" class=\"accordion-item\">\n\t\t<a id=\"accordion-346016567-label\" class=\"accordion-title plain\" href=\"#accordion-item-uzman-desteg\u0306inin-sivil-du\u0308s\u0327u\u0308n-uzman-havuzundan-olmas\u0131-s\u0327art-m\u0131d\u0131r?-yap\u0131lacak-c\u0327al\u0131s\u0327madaki-go\u0308revleri-c\u0327es\u0327itli-c\u0327al\u0131s\u0327malar\u0131m\u0131zda-yer-alan-ekip-arkadas\u0327lar\u0131m\u0131z\u0131n-yerine-getirmesi-ic\u0327in-onlar\u0131n-uzman-olarak-\u00e7al\u0131\u015fmam\u0131za-e\u015fle\u015ftirilmesi-mu\u0308mku\u0308n-mu\u0308?\" aria-expanded=\"false\" aria-controls=\"accordion-346016567-content\" >\n\t\t\t<button class=\"toggle\" aria-label=\"A\u00e7\/Kapat\"><i class=\"icon-angle-down\"><\/i><\/button>\n\t\t\t<span>Uzman desteg\u0306inin Sivil Du\u0308s\u0327u\u0308n Uzman havuzundan olmas\u0131 s\u0327art m\u0131d\u0131r? Yap\u0131lacak c\u0327al\u0131s\u0327madaki go\u0308revleri c\u0327es\u0327itli c\u0327al\u0131s\u0327malar\u0131m\u0131zda yer alan ekip arkadas\u0327lar\u0131m\u0131z\u0131n yerine getirmesi ic\u0327in onlar\u0131n uzman olarak \u00e7al\u0131\u015fmam\u0131za e\u015fle\u015ftirilmesi mu\u0308mku\u0308n mu\u0308?<\/span>\n\t\t<\/a>\n\t\t<div id=\"accordion-346016567-content\" class=\"accordion-inner\" aria-labelledby=\"accordion-346016567-label\" >\n\t\t\t\n<ul>\n<li>Sivil D\u00fc\u015f\u00fcn Avrupa Birli\u011fi T\u00fcrkiye Delegasyonu taraf\u0131ndan onaylanm\u0131\u015f, farkl\u0131 hak alanlar\u0131nda yetkinli\u011fe sahip uzmanlardan olu\u015fan bir uzman havuzu ile \u00e7al\u0131\u015f\u0131r. Fakat yine de \u00e7al\u0131\u015fman\u0131zdaki \u00f6zel durumlardan \u00f6t\u00fcr\u00fc Sivil D\u00fc\u015f\u00fcn Uzman Havuzunda yer almayan bir uzmanla \u00e7al\u0131\u015fmak isteyebilirsiniz. Bu durumda Sivil D\u00fc\u015f\u00fcn ekibi, Avrupa Birli\u011fi T\u00fcrkiye Delegasyonu\u2019ndan, \u00f6nerdi\u011finiz uzman i\u00e7in onay ister. Onay s\u00fcreci uzmanlar\u0131n \u00f6zge\u00e7mi\u015fleri ve g\u00f6rev tan\u0131mlar\u0131n\u0131n uygunluk incelemesini i\u00e7erdi\u011fi i\u00e7in zaman alabilir. B\u00f6yle bir durumda \u00e7al\u0131\u015fmak istedi\u011finiz uzman(lar)\u0131n AB format\u0131nda \u00f6zge\u00e7mi\u015flerini Program Destek Uzman\u0131n\u0131za iletin. Uzman ile \u00e7al\u0131\u015fmaya ba\u015flamadan veya herhangi bir anla\u015fma yapmadan \u00f6nce Sivil D\u00fc\u015f\u00fcn ekibinin onay\u0131n\u0131 ald\u0131\u011f\u0131n\u0131zdan emin olun.<\/li>\n<\/ul>\n\t\t<\/div>\n\t<\/div>\n\t\n\t<div id=\"accordion-2169191698\" class=\"accordion-item\">\n\t\t<a id=\"accordion-2169191698-label\" class=\"accordion-title plain\" href=\"#accordion-item-uzmandan-destek-alma-s\u00fcreci,-kanal\u0131-nas\u0131l-ger\u00e7ekle\u015fiyor?-zoom,-telefon,-mail,-y\u00fcz-y\u00fcze...\" aria-expanded=\"false\" aria-controls=\"accordion-2169191698-content\" >\n\t\t\t<button class=\"toggle\" aria-label=\"A\u00e7\/Kapat\"><i class=\"icon-angle-down\"><\/i><\/button>\n\t\t\t<span>Uzmandan destek alma s\u00fcreci, kanal\u0131 nas\u0131l ger\u00e7ekle\u015fiyor? zoom, telefon, mail, y\u00fcz y\u00fcze...<\/span>\n\t\t<\/a>\n\t\t<div id=\"accordion-2169191698-content\" class=\"accordion-inner\" aria-labelledby=\"accordion-2169191698-label\" >\n\t\t\t\n<ul>\n<li>Pandemi ko\u015fullar\u0131 nedeniyle \u00e7al\u0131\u015fma sahipleri ve uzmanlar\u0131m\u0131z\u0131n \u00e7evrimi\u00e7i yollarla bir araya gelmesini tavsiye ediyoruz. Fakat \u00e7al\u0131\u015fman\u0131z i\u00e7in mobilize etti\u011fimiz uzman sizinle ayn\u0131 \u015fehirde ikamet ediyorsa ve hem uzman\u0131m\u0131z hem de sizin i\u00e7in fiziki olarak bir araya gelmenin \u00f6n\u00fcnde herhangi bir engel yoksa  elbette fiziki bulu\u015fmalar da ger\u00e7ekle\u015ftirebilirsiniz.<\/li>\n<\/ul>\n\t\t<\/div>\n\t<\/div>\n\t\n\t<div id=\"accordion-3016455626\" class=\"accordion-item\">\n\t\t<a id=\"accordion-3016455626-label\" class=\"accordion-title plain\" href=\"#accordion-item-uygulama-s\u00fcrecinde,-onaylanan-ba\u015fvuru-formumuzdaki-uzman-deste\u011fi-su\u0308resini-uzatabiliyor-muyuz?\" aria-expanded=\"false\" aria-controls=\"accordion-3016455626-content\" >\n\t\t\t<button class=\"toggle\" aria-label=\"A\u00e7\/Kapat\"><i class=\"icon-angle-down\"><\/i><\/button>\n\t\t\t<span>Uygulama s\u00fcrecinde, onaylanan ba\u015fvuru formumuzdaki uzman deste\u011fi su\u0308resini uzatabiliyor muyuz?<\/span>\n\t\t<\/a>\n\t\t<div id=\"accordion-3016455626-content\" class=\"accordion-inner\" aria-labelledby=\"accordion-3016455626-label\" >\n\t\t\t\n<ul>\n<li>Ek s\u00fcreye neden ihtiya\u00e7 duyuldu\u011funun gerek\u00e7elendirilmesi gerekmektedir. Sunaca\u011f\u0131n\u0131z gerek\u00e7e, \u00f6ncelikle Sivil D\u00fc\u015f\u00fcn ekibi, ard\u0131ndan da Avrupa Birli\u011fi Delegasyonu taraf\u0131ndan de\u011ferlendirilecektir. Delegasyon\u2019un gerek\u00e7eyi anlaml\u0131 bulup, onay vermesi durumunda uzman deste\u011fi s\u00fcresi uzat\u0131labilir.  <\/li>\n<\/ul>\n\t\t<\/div>\n\t<\/div>\n\t\n\t<div id=\"accordion-1538781448\" class=\"accordion-item\">\n\t\t<a id=\"accordion-1538781448-label\" class=\"accordion-title plain\" href=\"#accordion-item-destek-al\u0131nan-\u00e7al\u0131\u015fmalar-yay\u0131nlan\u0131yor-mu?\" aria-expanded=\"false\" aria-controls=\"accordion-1538781448-content\" >\n\t\t\t<button class=\"toggle\" aria-label=\"A\u00e7\/Kapat\"><i class=\"icon-angle-down\"><\/i><\/button>\n\t\t\t<span>Destek al\u0131nan \u00e7al\u0131\u015fmalar yay\u0131nlan\u0131yor mu?<\/span>\n\t\t<\/a>\n\t\t<div id=\"accordion-1538781448-content\" class=\"accordion-inner\" aria-labelledby=\"accordion-1538781448-label\" >\n\t\t\t\n<ul>\n<li>Sivil D\u00fc\u015f\u00fcn, sosyal medya hesaplar\u0131ndan, internet sitesinden ve e-b\u00fclten \u00fczerinden takvim ve i\u00e7eri\u011fe uygun olacak \u015fekilde desteklenen \u00e7al\u0131\u015fmalar\u0131n i\u00e7eriklerini payla\u015f\u0131r Sivil D\u00fc\u015f\u00fcn destekleri kapsam\u0131nda ger\u00e7ekle\u015ftirdi\u011finiz \u00e7al\u0131\u015fman\u0131z\u0131n \u00e7\u0131kt\u0131lar\u0131n\u0131 sosyal medyada payla\u015f\u0131rken Sivil D\u00fc\u015f\u00fcn hesaplar\u0131n\u0131 etiketlerseniz, Sivil D\u00fc\u015f\u00fcn hesaplar\u0131n\u0131zdan i\u00e7eri\u011finizin Sivil D\u00fc\u015f\u00fcn hesaplar\u0131ndan da payla\u015f\u0131l\u0131r. <\/li>\n<\/ul>\n\t\t<\/div>\n\t<\/div>\n\t\n\t<div id=\"accordion-2350509987\" class=\"accordion-item\">\n\t\t<a id=\"accordion-2350509987-label\" class=\"accordion-title plain\" href=\"#accordion-item-\u00c7al\u0131\u015fma-kapsam\u0131ndaki-harcamalar-kdv-den-ve-gelir-vergisinden-muaf-m\u0131d\u0131r?\" aria-expanded=\"false\" aria-controls=\"accordion-2350509987-content\" >\n\t\t\t<button class=\"toggle\" aria-label=\"A\u00e7\/Kapat\"><i class=\"icon-angle-down\"><\/i><\/button>\n\t\t\t<span>\u00c7al\u0131\u015fma kapsam\u0131ndaki harcamalar KDV den ve gelir vergisinden muaf m\u0131d\u0131r?<\/span>\n\t\t<\/a>\n\t\t<div id=\"accordion-2350509987-content\" class=\"accordion-inner\" aria-labelledby=\"accordion-2350509987-label\" >\n\t\t\t\n<ul>\n<li>Avrupa Birli\u011fi \u2013 T\u00fcrkiye \u00c7er\u00e7eve Anla\u015fmas\u0131  gere\u011fi, yap\u0131lan t\u00fcm uygun harcamalar KDV\u2019den muaft\u0131r. T\u00fcm teklif, tedarik s\u00f6zle\u015fmesi ve faturalar\u0131n KDV\u2019siz olmas\u0131 gerekir. Ancak gelir vergisinden muaf de\u011fildir.  <\/li>\n<\/ul>\n\t\t<\/div>\n\t<\/div>\n\t\n\t<div id=\"accordion-627064533\" class=\"accordion-item\">\n\t\t<a id=\"accordion-627064533-label\" class=\"accordion-title plain\" href=\"#accordion-item-tedarik\u00e7iler,-hizmet-bedelini-faturaland\u0131rabiliyor-mu?-hizmet-bedeli-i\u00e7in-bir-limit-var-m\u0131?\" aria-expanded=\"false\" aria-controls=\"accordion-627064533-content\" >\n\t\t\t<button class=\"toggle\" aria-label=\"A\u00e7\/Kapat\"><i class=\"icon-angle-down\"><\/i><\/button>\n\t\t\t<span>Tedarik\u00e7iler, hizmet bedelini faturaland\u0131rabiliyor mu? Hizmet bedeli i\u00e7in bir limit var m\u0131?<\/span>\n\t\t<\/a>\n\t\t<div id=\"accordion-627064533-content\" class=\"accordion-inner\" aria-labelledby=\"accordion-627064533-label\" >\n\t\t\t\n<ul>\n<li>Tedarik\u00e7iler, hizmet bedelini faturaya dahil edebilir ancak toplam al\u0131nan hizmetin %25\u2019ini ge\u00e7memelidir.   <\/li>\n<\/ul>\n\t\t<\/div>\n\t<\/div>\n\t\n\t<div id=\"accordion-2082190659\" class=\"accordion-item\">\n\t\t<a id=\"accordion-2082190659-label\" class=\"accordion-title plain\" href=\"#accordion-item-birlikte-\u00e7al\u0131\u015ft\u0131\u011f\u0131m-tedarik\u00e7i-damga-vergisinden-muaf-olur-mu?\" aria-expanded=\"false\" aria-controls=\"accordion-2082190659-content\" >\n\t\t\t<button class=\"toggle\" aria-label=\"A\u00e7\/Kapat\"><i class=\"icon-angle-down\"><\/i><\/button>\n\t\t\t<span>Birlikte \u00e7al\u0131\u015ft\u0131\u011f\u0131m tedarik\u00e7i damga vergisinden muaf olur mu?<\/span>\n\t\t<\/a>\n\t\t<div id=\"accordion-2082190659-content\" class=\"accordion-inner\" aria-labelledby=\"accordion-2082190659-label\" >\n\t\t\t\n<ul>\n<li>Evet, \u00e7al\u0131\u015fman\u0131z kapsam\u0131nda yap\u0131lan t\u00fcm uygun harcamalar damga verigisinden muaft\u0131r.  <\/li>\n<\/ul>\n\t\t<\/div>\n\t<\/div>\n\t\n\t<div id=\"accordion-1889014439\" class=\"accordion-item\">\n\t\t<a id=\"accordion-1889014439-label\" class=\"accordion-title plain\" href=\"#accordion-item-destek-almaya-hak-kazand\u0131ktan-sonra-\u00e7al\u0131\u015fman\u0131n-tamamlanamamas\u0131\/olumsuz-sonu\u00e7lanmas\u0131-durumunda-nas\u0131l-bir-s\u00fcre\u00e7-ilerliyor?\" aria-expanded=\"false\" aria-controls=\"accordion-1889014439-content\" >\n\t\t\t<button class=\"toggle\" aria-label=\"A\u00e7\/Kapat\"><i class=\"icon-angle-down\"><\/i><\/button>\n\t\t\t<span>Destek almaya hak kazand\u0131ktan sonra \u00e7al\u0131\u015fman\u0131n tamamlanamamas\u0131\/olumsuz sonu\u00e7lanmas\u0131 durumunda nas\u0131l bir s\u00fcre\u00e7 ilerliyor?<\/span>\n\t\t<\/a>\n\t\t<div id=\"accordion-1889014439-content\" class=\"accordion-inner\" aria-labelledby=\"accordion-1889014439-label\" >\n\t\t\t\n<ul>\n<li>\u00c7al\u0131\u015fman\u0131z onayland\u0131ktan hemen sonra ya da \u00e7al\u0131\u015fman\u0131zda kayda de\u011fer bir a\u015fama katetmi\u015f olsan\u0131z dahi detayl\u0131 gerek\u00e7elendirmesini yapman\u0131z durumunda \u00e7al\u0131\u015fman\u0131z\u0131 geri \u00e7ekme se\u00e7ene\u011finiz bulunuyor. Yeterli gerek\u00e7e sunulmamas\u0131 durumda, bir sonraki ba\u015fvurunuz bu s\u00fcre\u00e7ten olumsuz etkilenebilir. Elbette, bu a\u015famada varsa tedarik s\u00f6zle\u015fmelerinin iptali, tamamlanan faaliyetlerin faturaland\u0131r\u0131lmas\u0131 ve \u00e7al\u0131\u015fman\u0131z\u0131 geri \u00e7ekmemiz ve kapatabilmemiz i\u00e7in gerken \u00e7al\u0131\u015fma raporunun doldurulmas\u0131 gibi faaliyetleri tamamlaman\u0131z gerekir.  <\/li>\n<\/ul>\n\t\t<\/div>\n\t<\/div>\n\t\n\t<div id=\"accordion-3343264084\" class=\"accordion-item\">\n\t\t<a id=\"accordion-3343264084-label\" class=\"accordion-title plain\" href=\"#accordion-item-ekipman-kiralayaca\u011f\u0131m\u0131z-firman\u0131n-bizim-ilimizde-mi-olmas\u0131-gerekiyor-yoksa-ba\u015fka-%20bir-ilde-olabilir-mi?\" aria-expanded=\"false\" aria-controls=\"accordion-3343264084-content\" >\n\t\t\t<button class=\"toggle\" aria-label=\"A\u00e7\/Kapat\"><i class=\"icon-angle-down\"><\/i><\/button>\n\t\t\t<span>Ekipman kiralayaca\u011f\u0131m\u0131z firman\u0131n bizim ilimizde mi olmas\u0131 gerekiyor yoksa ba\u015fka  bir ilde olabilir mi?<\/span>\n\t\t<\/a>\n\t\t<div id=\"accordion-3343264084-content\" class=\"accordion-inner\" aria-labelledby=\"accordion-3343264084-label\" >\n\t\t\t\n<ul>\n<li>Ekipmanlar\u0131n tedari\u011finin m\u00fcmk\u00fcn olmas\u0131 a\u00e7\u0131s\u0131ndan ekipmanlar\u0131 kiralayaca\u011f\u0131n\u0131z tedarik\u00e7inin bulundu\u011funuz ve\/veya \u00e7al\u0131\u015fmay\u0131 ger\u00e7ekle\u015ftirece\u011finiz \u015fehirde  olmas\u0131 tercih edilir.  <\/li>\n<\/ul>\n\t\t<\/div>\n\t<\/div>\n\t\n\t<div id=\"accordion-4272484195\" class=\"accordion-item\">\n\t\t<a id=\"accordion-4272484195-label\" class=\"accordion-title plain\" href=\"#accordion-item-yurt-d\u0131\u015f\u0131nda-bir-e\u011fitime-kat\u0131lmak-istiyorum,-sadece-e\u011fitim-\u00fccreti-mi-kar\u015f\u0131lan\u0131yor-yoksa-u\u00e7ak,-pasaport,-konaklama-da-kar\u015f\u0131lan\u0131r-m\u0131?\" aria-expanded=\"false\" aria-controls=\"accordion-4272484195-content\" >\n\t\t\t<button class=\"toggle\" aria-label=\"A\u00e7\/Kapat\"><i class=\"icon-angle-down\"><\/i><\/button>\n\t\t\t<span>Yurt d\u0131\u015f\u0131nda bir e\u011fitime kat\u0131lmak istiyorum, sadece e\u011fitim \u00fccreti mi kar\u015f\u0131lan\u0131yor yoksa u\u00e7ak, pasaport, konaklama da kar\u015f\u0131lan\u0131r m\u0131?<\/span>\n\t\t<\/a>\n\t\t<div id=\"accordion-4272484195-content\" class=\"accordion-inner\" aria-labelledby=\"accordion-4272484195-label\" >\n\t\t\t\n<ul>\n<li>Yurt d\u0131\u015f\u0131nda herhangi bir e\u011fitim, konferans, seminer gibi bir etkinli\u011fe kat\u0131labilmeniz i\u00e7in seyahat, konaklama, pasaport, vize ve g\u00fcnl\u00fck harcama deste\u011fi kar\u015f\u0131lan\u0131r. Detayl\u0131 bilgi i\u00e7in l\u00fctfen Uygulama Rehberi\u2019ni inceleyin.  <\/li>\n<\/ul>\n\t\t<\/div>\n\t<\/div>\n\t\n\t<div id=\"accordion-2649650520\" class=\"accordion-item\">\n\t\t<a id=\"accordion-2649650520-label\" class=\"accordion-title plain\" href=\"#accordion-item-ka\u00e7-teklif-almak-gerekiyor-bir-hizmet-i\u00e7in-tek-teklif-yeterli-mi?-bu-teklifler-ba\u015fvuruda-sunulmal\u0131-m\u0131?\" aria-expanded=\"false\" aria-controls=\"accordion-2649650520-content\" >\n\t\t\t<button class=\"toggle\" aria-label=\"A\u00e7\/Kapat\"><i class=\"icon-angle-down\"><\/i><\/button>\n\t\t\t<span>Ka\u00e7 teklif almak gerekiyor bir hizmet i\u00e7in tek teklif yeterli mi? Bu teklifler ba\u015fvuruda sunulmal\u0131 m\u0131?<\/span>\n\t\t<\/a>\n\t\t<div id=\"accordion-2649650520-content\" class=\"accordion-inner\" aria-labelledby=\"accordion-2649650520-label\" >\n\t\t\t\n<ul>\n<li>Ba\u015fvuru a\u015famas\u0131nda piyasa ara\u015ft\u0131rmas\u0131 yaparak b\u00fct\u00e7enizi haz\u0131rlaman\u0131z\u0131 tavsiye ediyoruz. Teklif toplama a\u015famas\u0131na ise ba\u015fvurunuz onayland\u0131ktan sonra ge\u00e7ebilirsiniz. \u0130\u00e7erikleri birbiriyle ve destek talep formunuzla ayn\u0131, g\u00fcncel tarihli ve KDV\u2019siz en az 3 teklif toplaman\u0131z gerekir. En uygun teklifi veren tedarik\u00e7i ile s\u00f6zle\u015fme a\u015famas\u0131na ge\u00e7ebilirsiniz. Detayl\u0131 bilgi i\u00e7in l\u00fctfen Uygulama Rehberi\u2019ni inceleyin.<\/li>\n<\/ul>\n\t\t<\/div>\n\t<\/div>\n\t\n\t<div id=\"accordion-1087871504\" class=\"accordion-item\">\n\t\t<a id=\"accordion-1087871504-label\" class=\"accordion-title plain\" href=\"#accordion-item-birlikte-\u00e7al\u0131\u015faca\u011f\u0131m-tedarik\u00e7i-\u00f6n-\u00f6deme-talep-ediyor,-bu-m\u00fcmk\u00fcn-m\u00fc-acaba?\" aria-expanded=\"false\" aria-controls=\"accordion-1087871504-content\" >\n\t\t\t<button class=\"toggle\" aria-label=\"A\u00e7\/Kapat\"><i class=\"icon-angle-down\"><\/i><\/button>\n\t\t\t<span>Birlikte \u00e7al\u0131\u015faca\u011f\u0131m tedarik\u00e7i \u00f6n \u00f6deme talep ediyor, bu m\u00fcmk\u00fcn m\u00fc acaba?<\/span>\n\t\t<\/a>\n\t\t<div id=\"accordion-1087871504-content\" class=\"accordion-inner\" aria-labelledby=\"accordion-1087871504-label\" >\n\t\t\t\n<ul>\n<li>Sivil Du\u0308s\u0327u\u0308n ekibi, tedarikc\u0327ilerin o\u0308demeleri ic\u0327in faturalar\u0131 onaylar ve varsa c\u0327al\u0131s\u0327ma c\u0327\u0131kt\u0131lar\u0131n\u0131z\u0131n go\u0308ru\u0308nu\u0308rlu\u0308k rehberine uygun s\u0327ekilde u\u0308retildig\u0306ini kontrol eder. Sivil Du\u0308s\u0327u\u0308n, bu onaylar al\u0131nmadan tedarikc\u0327ilere \u00f6deme yapmaz. Ancak sadece ekipman kiralama faaliyeti i\u00e7in %20 oran\u0131nda bir \u00f6n \u00f6deme yap\u0131labilir.<\/li>\n<\/ul>\n\t\t<\/div>\n\t<\/div>\n\t\n\t<div id=\"accordion-877181029\" class=\"accordion-item\">\n\t\t<a id=\"accordion-877181029-label\" class=\"accordion-title plain\" href=\"#accordion-item-sivil-d\u00fc\u015f\u00fcn-deste\u011fi-ile-\u00fcretece\u011fimiz-belgesel-filmimizin-telif-haklar\u0131-bizde-mi-kal\u0131yor?\" aria-expanded=\"false\" aria-controls=\"accordion-877181029-content\" >\n\t\t\t<button class=\"toggle\" aria-label=\"A\u00e7\/Kapat\"><i class=\"icon-angle-down\"><\/i><\/button>\n\t\t\t<span>Sivil D\u00fc\u015f\u00fcn deste\u011fi ile \u00fcretece\u011fimiz belgesel filmimizin telif haklar\u0131 bizde mi kal\u0131yor?<\/span>\n\t\t<\/a>\n\t\t<div id=\"accordion-877181029-content\" class=\"accordion-inner\" aria-labelledby=\"accordion-877181029-label\" >\n\t\t\t\n<ul>\n<li>Sivil D\u00fc\u015f\u00fcn deste\u011fi ile \u00fcretilen b\u00fct\u00fcn i\u00e7eriklerin fikri m\u00fclkiyet haklar\u0131, y\u00fcklenici firma \u00fczerinden Avrupa Birli\u011fi T\u00fcrkiye Delegasyonu\u2019na aktar\u0131l\u0131r. Delegasyon bu \u00e7al\u0131\u015fmay\u0131 s\u00fcresiz olarak kullanma ve payla\u015fma hakk\u0131na sahiptir. Fikri m\u00fclkiyet haklar\u0131na dair daha detayl\u0131 bilgi tedarik s\u00f6zle\u015fmesinde yer almaktad\u0131r. L\u00fctfen Uygulama Rehberi\u2019ni inceleyin.<\/li>\n<\/ul>\n\t\t<\/div>\n\t<\/div>\n\t\n\t<div id=\"accordion-2533425134\" class=\"accordion-item\">\n\t\t<a id=\"accordion-2533425134-label\" class=\"accordion-title plain\" href=\"#accordion-item-sivil-d\u00fc\u015f\u00fcn-deste\u011fiyle-\u00fcretece\u011fimiz-filmimizi-festivallere-g\u00f6ndermek-istiyoruz.-bunun-i\u00e7in-\u00e7al\u0131\u015fmam\u0131z-bitse-bile-size-haber-vermemiz-gerekir-mi?\" aria-expanded=\"false\" aria-controls=\"accordion-2533425134-content\" >\n\t\t\t<button class=\"toggle\" aria-label=\"A\u00e7\/Kapat\"><i class=\"icon-angle-down\"><\/i><\/button>\n\t\t\t<span>Sivil D\u00fc\u015f\u00fcn deste\u011fiyle \u00fcretece\u011fimiz filmimizi festivallere g\u00f6ndermek istiyoruz. Bunun i\u00e7in \u00e7al\u0131\u015fmam\u0131z bitse bile size haber vermemiz gerekir mi?<\/span>\n\t\t<\/a>\n\t\t<div id=\"accordion-2533425134-content\" class=\"accordion-inner\" aria-labelledby=\"accordion-2533425134-label\" >\n\t\t\t\n<ul>\n<li>Sivil D\u00fc\u015f\u00fcn deste\u011fi ile \u00fcretilen bir filmi festivallere g\u00f6nderebilirsiniz ancak, Sivil D\u00fc\u015f\u00fcn deste\u011fiyle \u00fcretilen t\u00fcm \u00e7\u0131kt\u0131lar\u0131n telif hakk\u0131n\u0131n AB Delegasyonu\u2019nda oldu\u011fu g\u00f6z \u00f6n\u00fcnde bulundurulmal\u0131d\u0131r. Ba\u015fvuru formunuzda festivale g\u00f6nderme konusunda bir beyanda bulunduysan\u0131z, muhakkak Program Destek Uzman\u0131n\u0131z\u0131 s\u00fcre\u00e7 ile ilgili bilgilendirmelisiniz. Bu konuda ba\u015fvuru formunda bir beyanda bulunmad\u0131ysan\u0131z, hem Sivil D\u00fc\u015f\u00fcn ekibinin s\u00fcreci takip edebilmesi hem de \u00f6d\u00fcl almas\u0131 durumunda  internet sitesi ve sosyal medya hesaplar\u0131ndan yayg\u0131nla\u015ft\u0131r\u0131labilmesi i\u00e7in Program Destek Uzman\u0131n\u0131z\u0131 bilgilendirmenizi \u00f6neririz.<\/li>\n<\/ul>\n\t\t<\/div>\n\t<\/div>\n\t\n\t<div id=\"accordion-2863035485\" class=\"accordion-item\">\n\t\t<a id=\"accordion-2863035485-label\" class=\"accordion-title plain\" href=\"#accordion-item-sivil-d\u00fc\u015f\u00fcn\u2019e-ba\u015fvurmak-istiyorum-fakat-ayn\u0131-zamanda-bir-video-prod\u00fcksiyon-\u015firketim-de-var.-hem-\u00e7al\u0131\u015fma-sahibi-hem-de-tedarik\u00e7i-olabilir-miyim?\" aria-expanded=\"false\" aria-controls=\"accordion-2863035485-content\" >\n\t\t\t<button class=\"toggle\" aria-label=\"A\u00e7\/Kapat\"><i class=\"icon-angle-down\"><\/i><\/button>\n\t\t\t<span>Sivil D\u00fc\u015f\u00fcn\u2019e ba\u015fvurmak istiyorum fakat ayn\u0131 zamanda bir video prod\u00fcksiyon \u015firketim de var. Hem \u00e7al\u0131\u015fma sahibi hem de tedarik\u00e7i olabilir miyim?<\/span>\n\t\t<\/a>\n\t\t<div id=\"accordion-2863035485-content\" class=\"accordion-inner\" aria-labelledby=\"accordion-2863035485-label\" >\n\t\t\t\n<ul>\n<li>Hay\u0131r, Sivil Du\u0308s\u0327u\u0308n taraf\u0131ndan desteklenen \u00e7al\u0131\u015fmalarda, hizmet al\u0131nan tedarik\u00e7i(ler) ile \u00e7al\u0131\u015fma sahibi aras\u0131nda herhangi bir \u00e7\u0131kar ili\u015fkisi bulunmamas\u0131 gerekir. Bu sebeple hem ba\u015fvuru sahibi hem de tedarik\u00e7i olunamaz.<\/li>\n<\/ul>\n\t\t<\/div>\n\t<\/div>\n\t\n\t<div id=\"accordion-233745423\" class=\"accordion-item\">\n\t\t<a id=\"accordion-233745423-label\" class=\"accordion-title plain\" href=\"#accordion-item-\u00c7eviri-faaliyetimiz-i\u00e7in-fatura-kesemeyen-bir-freelance-bir-\u00e7evirmen-ile-\u00e7al\u0131\u015fmam\u0131z-uygun-mudur?\" aria-expanded=\"false\" aria-controls=\"accordion-233745423-content\" >\n\t\t\t<button class=\"toggle\" aria-label=\"A\u00e7\/Kapat\"><i class=\"icon-angle-down\"><\/i><\/button>\n\t\t\t<span>\u00c7eviri faaliyetimiz i\u00e7in fatura kesemeyen bir freelance bir \u00e7evirmen ile \u00e7al\u0131\u015fmam\u0131z uygun mudur?<\/span>\n\t\t<\/a>\n\t\t<div id=\"accordion-233745423-content\" class=\"accordion-inner\" aria-labelledby=\"accordion-233745423-label\" >\n\t\t\t\n<ul>\n<li>Elbette fatura kesemeyen bir tedarik\u00e7i ile \u00e7al\u0131\u015fabilirsiniz. Bu durumda yine standart tedarik s\u00f6zle\u015fmesi imzalan\u0131r ve hizmet gider pusulas\u0131 ile faturaland\u0131r\u0131l\u0131r. Gider pusulas\u0131 ile faturaland\u0131rmada hizmetin toplam \u00fccreti \u00fczerinden %20 stopaj kesintisi yap\u0131l\u0131r.<\/li>\n<\/ul>\n\t\t<\/div>\n\t<\/div>\n\t\n\t<div id=\"accordion-3914966450\" class=\"accordion-item\">\n\t\t<a id=\"accordion-3914966450-label\" class=\"accordion-title plain\" href=\"#accordion-item-seyahat,-konaklama,-pasaport,-vize,-g\u00fcnl\u00fck-harcama-deste\u011fini-kendimiz-mi-kar\u015f\u0131lamal\u0131y\u0131z?\" aria-expanded=\"false\" aria-controls=\"accordion-3914966450-content\" >\n\t\t\t<button class=\"toggle\" aria-label=\"A\u00e7\/Kapat\"><i class=\"icon-angle-down\"><\/i><\/button>\n\t\t\t<span>Seyahat, konaklama, pasaport, vize, g\u00fcnl\u00fck harcama deste\u011fini kendimiz mi kar\u015f\u0131lamal\u0131y\u0131z?<\/span>\n\t\t<\/a>\n\t\t<div id=\"accordion-3914966450-content\" class=\"accordion-inner\" aria-labelledby=\"accordion-3914966450-label\" >\n\t\t\t\n<ul>\n<li>Seyahat, konaklama, vize ve g\u00fcnl\u00fck harcama deste\u011fi, sadece Sivil D\u00fc\u015f\u00fcn\u2019\u00fcn yetkilendirdi\u011fi seyahat acentas\u0131 taraf\u0131ndan ger\u00e7ekle\u015ftirilir. Pasaport giderleri destek kapsam\u0131nda kar\u015f\u0131lanmamaktad\u0131r. Detayl\u0131 bilgi i\u00e7in Uygulama Rehberi\u2019ni inceleyebilirsiniz. <\/li>\n<\/ul>\n\t\t<\/div>\n\t<\/div>\n\t\n\t<div id=\"accordion-3251026373\" class=\"accordion-item\">\n\t\t<a id=\"accordion-3251026373-label\" class=\"accordion-title plain\" href=\"#accordion-item-etkinlik-organizasyonu-faaliyeti-i\u00e7in-bir-tedarik\u00e7i-ile-mi-\u00e7al\u0131\u015fmak-zorunday\u0131z?\" aria-expanded=\"false\" aria-controls=\"accordion-3251026373-content\" >\n\t\t\t<button class=\"toggle\" aria-label=\"A\u00e7\/Kapat\"><i class=\"icon-angle-down\"><\/i><\/button>\n\t\t\t<span>Etkinlik organizasyonu faaliyeti i\u00e7in bir tedarik\u00e7i ile mi \u00e7al\u0131\u015fmak zorunday\u0131z?<\/span>\n\t\t<\/a>\n\t\t<div id=\"accordion-3251026373-content\" class=\"accordion-inner\" aria-labelledby=\"accordion-3251026373-label\" >\n\t\t\t\n<ul>\n<li>Evet, etkinlik mekan\u0131 ve ikramlar dahil olmak \u00fczere bir tedarik\u00e7i ile \u00e7al\u0131\u015f\u0131lmas\u0131 gerekiyor. Detayl\u0131 bilgi i\u00e7in Uygulama Rehberi\u2019ni inceleyebilirsiniz.  <\/li>\n<\/ul>\n\t\t<\/div>\n\t<\/div>\n\t\n\t<div id=\"accordion-1881616701\" class=\"accordion-item\">\n\t\t<a id=\"accordion-1881616701-label\" class=\"accordion-title plain\" href=\"#accordion-item-onaylanan-ba\u015fvuru-formunda-yer-alan-faaliyetler,-\u00e7\u0131kt\u0131lar-ve\/veya-b\u00fct\u00e7ede-de\u011fi\u015fiklik-yapabilir-miyim?\" aria-expanded=\"false\" aria-controls=\"accordion-1881616701-content\" >\n\t\t\t<button class=\"toggle\" aria-label=\"A\u00e7\/Kapat\"><i class=\"icon-angle-down\"><\/i><\/button>\n\t\t\t<span>Onaylanan ba\u015fvuru formunda yer alan faaliyetler, \u00e7\u0131kt\u0131lar ve\/veya b\u00fct\u00e7ede de\u011fi\u015fiklik yapabilir miyim?<\/span>\n\t\t<\/a>\n\t\t<div id=\"accordion-1881616701-content\" class=\"accordion-inner\" aria-labelledby=\"accordion-1881616701-label\" >\n\t\t\t\n<ul>\n<li>Neden de\u011fi\u015fikli\u011fe ihtiya\u00e7 duyuldu\u011funun detayl\u0131 bir \u015fekilde Program Destek Uzman\u0131n\u0131z ile payla\u015f\u0131lman\u0131z ve onay alman\u0131z halinde gerekli de\u011fi\u015fiklikleri yapabilirsiniz. Yap\u0131lmas\u0131 planlanan de\u011fi\u015fiklikler, onaylanan ba\u015fvuru formunun amac\u0131 ve i\u00e7eri\u011fine uygun olmas\u0131 gerekir.<\/li>\n<\/ul>\n\t\t<\/div>\n\t<\/div>\n\t\n\t<div id=\"accordion-2869338110\" class=\"accordion-item\">\n\t\t<a id=\"accordion-2869338110-label\" class=\"accordion-title plain\" href=\"#accordion-item-\u00c7\u0131kt\u0131-\u00fcretimini-tamamlad\u0131ktan-hemen-sonra-yayg\u0131nla\u015ft\u0131rabilir-miyim?\" aria-expanded=\"false\" aria-controls=\"accordion-2869338110-content\" >\n\t\t\t<button class=\"toggle\" aria-label=\"A\u00e7\/Kapat\"><i class=\"icon-angle-down\"><\/i><\/button>\n\t\t\t<span>\u00c7\u0131kt\u0131 \u00fcretimini tamamlad\u0131ktan hemen sonra yayg\u0131nla\u015ft\u0131rabilir miyim?<\/span>\n\t\t<\/a>\n\t\t<div id=\"accordion-2869338110-content\" class=\"accordion-inner\" aria-labelledby=\"accordion-2869338110-label\" >\n\t\t\t\n<ul>\n<li>\u00dcretilen t\u00fcm \u00e7\u0131kt\u0131lar\u0131n Sivil D\u00fc\u015f\u00fcn G\u00f6r\u00fcn\u00fcrl\u00fck Rehberi\u2019ne uygun olmal\u0131d\u0131r. \u00dcretimi tamamlar tamamlamaz, Program Destek Uzman\u0131n\u0131za onay i\u00e7in iletebilirsiniz. Onay al\u0131nmadan payla\u015f\u0131lan \u00e7\u0131kt\u0131lar\u0131n \u00f6demesi, Sivil D\u00fc\u015f\u00fcn taraf\u0131ndan yap\u0131lmamaktad\u0131r. Bu s\u00fcre\u00e7 ile ilgili detayl\u0131 bilgiyi Uygulama Rehberi\u2019nde bulabilirsiniz.<\/li>\n<\/ul>\n\t\t<\/div>\n\t<\/div>\n\t\n\t<div id=\"accordion-588412624\" class=\"accordion-item\">\n\t\t<a id=\"accordion-588412624-label\" class=\"accordion-title plain\" href=\"#accordion-item-faaliyet-takviminde-belirtti\u011fim-uygulama-s\u00fcresini-uzatmam\u0131z-m\u00fcmk\u00fcn-m\u00fc?\" aria-expanded=\"false\" aria-controls=\"accordion-588412624-content\" >\n\t\t\t<button class=\"toggle\" aria-label=\"A\u00e7\/Kapat\"><i class=\"icon-angle-down\"><\/i><\/button>\n\t\t\t<span>Faaliyet takviminde belirtti\u011fim uygulama s\u00fcresini uzatmam\u0131z m\u00fcmk\u00fcn m\u00fc?<\/span>\n\t\t<\/a>\n\t\t<div id=\"accordion-588412624-content\" class=\"accordion-inner\" aria-labelledby=\"accordion-588412624-label\" >\n\t\t\t\n<ul>\n<li>Neden ek s\u00fcreye ihtiyac\u0131n\u0131z oldu\u011funu detayl\u0131 bir \u015fekilde Program Destek Uzman\u0131n\u0131za yaz\u0131l\u0131 olarak aktarm\u0131n\u0131z gerekir. Uzatma gerek\u00e7enize onay vermesi durumunda s\u00fcre uzat\u0131labilir. \u0130stisnai durumlar d\u0131\u015f\u0131nda bu ek s\u00fcre 1 ay\u0131 ge\u00e7memesi gerekir.<\/li>\n<\/ul>\n\t\t<\/div>\n\t<\/div>\n\t\n\t<div id=\"accordion-1322866969\" class=\"accordion-item\">\n\t\t<a id=\"accordion-1322866969-label\" class=\"accordion-title plain\" href=\"#accordion-item-t\u00fcm-harcamalar-i\u00e7in-tedarik\u00e7ileri-bizim-mi-bulmam\u0131z-gerekiyor?\" aria-expanded=\"false\" aria-controls=\"accordion-1322866969-content\" >\n\t\t\t<button class=\"toggle\" aria-label=\"A\u00e7\/Kapat\"><i class=\"icon-angle-down\"><\/i><\/button>\n\t\t\t<span>T\u00fcm harcamalar i\u00e7in tedarik\u00e7ileri bizim mi bulmam\u0131z gerekiyor?<\/span>\n\t\t<\/a>\n\t\t<div id=\"accordion-1322866969-content\" class=\"accordion-inner\" aria-labelledby=\"accordion-1322866969-label\" >\n\t\t\t\n<ul>\n<li>Seyahat, konaklama, pasaport, vize, g\u00fcnl\u00fck harcama deste\u011fi ve dijital uygulama ve ara\u00e7lara \u00fcyelik\/abonelik harcamalar\u0131, Sivil D\u00fc\u015f\u00fcn\u2019\u00fcn yetkilendirdi\u011fi acentesi taraf\u0131ndan ger\u00e7ekle\u015ftirilir. Bu harcamalar d\u0131\u015f\u0131ndakiler i\u00e7in kendi belirleyece\u011finiz tedarik\u00e7iler ile \u00e7al\u0131\u015fabilirsiniz. Detayl\u0131 bilgiyi Uygulama Rehberi\u2019nde bulabilirsiniz.<\/li>\n<\/ul>\n\t\t<\/div>\n\t<\/div>\n\t\n\t<div id=\"accordion-402570183\" class=\"accordion-item\">\n\t\t<a id=\"accordion-402570183-label\" class=\"accordion-title plain\" href=\"#accordion-item-program-destek-uzman\u0131ma-nas\u0131l-ula\u015fabilirim?\" aria-expanded=\"false\" aria-controls=\"accordion-402570183-content\" >\n\t\t\t<button class=\"toggle\" aria-label=\"A\u00e7\/Kapat\"><i class=\"icon-angle-down\"><\/i><\/button>\n\t\t\t<span>Program Destek Uzman\u0131ma nas\u0131l ula\u015fabilirim?<\/span>\n\t\t<\/a>\n\t\t<div id=\"accordion-402570183-content\" class=\"accordion-inner\" aria-labelledby=\"accordion-402570183-label\" >\n\t\t\t\n<ul>\n<li>Program Destek Uzman\u0131n\u0131za, Sivil D\u00fc\u015f\u00fcn Bilgi Sistemi\u2019ndeki mesajlar b\u00f6l\u00fcm\u00fcnden yaz\u0131l\u0131 olarak veya telefon ile de Pazartesi, Sal\u0131, \u00c7ar\u015famba ve Per\u015fembe g\u00fcnleri 09:30 \u2013 12:00 aras\u0131 ula\u015fabilirsiniz. Program Destek Uzman\u0131n\u0131z en ge\u00e7 5 i\u015f g\u00fcn\u00fc i\u00e7erisinde size geri d\u00f6necektir.<\/li>\n<\/ul>\n\t\t<\/div>\n\t<\/div>\n\t\n<\/div>\n<\/div>\n<div id=\"tab_uygun-harcama-kalemleri\" class=\"panel entry-content\" role=\"tabpanel\" aria-labelledby=\"tab-uygun-harcama-kalemleri\">\n<div class=\"accordion\">\n\t<div id=\"accordion-1272893591\" class=\"accordion-item\">\n\t\t<a id=\"accordion-1272893591-label\" class=\"accordion-title plain\" href=\"#accordion-item-5.000-euro-maksimum-destek-i\u00e7in-ge\u00e7erli-olan-uygun-harcamalar-nelerdir?\" aria-expanded=\"false\" aria-controls=\"accordion-1272893591-content\" >\n\t\t\t<button class=\"toggle\" aria-label=\"A\u00e7\/Kapat\"><i class=\"icon-angle-down\"><\/i><\/button>\n\t\t\t<span>5.000 Euro maksimum destek i\u00e7in ge\u00e7erli olan uygun harcamalar nelerdir?<\/span>\n\t\t<\/a>\n\t\t<div id=\"accordion-1272893591-content\" class=\"accordion-inner\" aria-labelledby=\"accordion-1272893591-label\" >\n\t\t\t\n<ul>\n<li>Hareketlilik ve a\u011f olu\u015fturma<\/li>\n<li>Etkinlik organizasyonu<\/li>\n<li>Dijital\/bas\u0131l\u0131 materyaller<\/li>\n<li>Reklam ve ilan<\/li>\n<li>Dijitalle\u015fme<\/li>\n<\/ul>\n\t\t<\/div>\n\t<\/div>\n\t\n\t<div id=\"accordion-4178049060\" class=\"accordion-item\">\n\t\t<a id=\"accordion-4178049060-label\" class=\"accordion-title plain\" href=\"#accordion-item-seyahat,-konaklama,-g\u00fcnl\u00fck-harcama-\u00f6dene\u011fi,-pasaport,vize,-seyahat-sigortas\u0131,-\u00e7\u0131k\u0131\u015f-pulu-\u00fccreti-ve-toplant\u0131\/etkinlik-giderleri-uygun-harcama-kalemi-mi?\" aria-expanded=\"false\" aria-controls=\"accordion-4178049060-content\" >\n\t\t\t<button class=\"toggle\" aria-label=\"A\u00e7\/Kapat\"><i class=\"icon-angle-down\"><\/i><\/button>\n\t\t\t<span>Seyahat, konaklama, g\u00fcnl\u00fck harcama \u00f6dene\u011fi, pasaport,vize, seyahat sigortas\u0131, \u00e7\u0131k\u0131\u015f pulu \u00fccreti ve toplant\u0131\/etkinlik giderleri uygun harcama kalemi mi?<\/span>\n\t\t<\/a>\n\t\t<div id=\"accordion-4178049060-content\" class=\"accordion-inner\" aria-labelledby=\"accordion-4178049060-label\" >\n\t\t\t\n<ul>\n<li>Seyahat, konaklama, g\u00fcnl\u00fck harcama \u00f6dene\u011fi, vize, seyahat sigortas\u0131, \u00e7\u0131k\u0131\u015f pulu \u00fccreti ve toplant\u0131\/etkinlik giderleri uygun harcamalard\u0131r. Ancak pasaport giderleri destek kapsam\u0131nda uygun harcama kalemi de\u011fildir.<\/li>\n<\/ul>\n\t\t<\/div>\n\t<\/div>\n\t\n\t<div id=\"accordion-1677769521\" class=\"accordion-item\">\n\t\t<a id=\"accordion-1677769521-label\" class=\"accordion-title plain\" href=\"#accordion-item-web-sayfas\u0131-olu\u015fturulmas\u0131,-tasar\u0131m\u0131-ve-y\u00f6netimi-uygun-maliyet-midir?\" aria-expanded=\"false\" aria-controls=\"accordion-1677769521-content\" >\n\t\t\t<button class=\"toggle\" aria-label=\"A\u00e7\/Kapat\"><i class=\"icon-angle-down\"><\/i><\/button>\n\t\t\t<span>Web sayfas\u0131 olu\u015fturulmas\u0131, tasar\u0131m\u0131 ve y\u00f6netimi uygun maliyet midir?<\/span>\n\t\t<\/a>\n\t\t<div id=\"accordion-1677769521-content\" class=\"accordion-inner\" aria-labelledby=\"accordion-1677769521-label\" >\n\t\t\t\n<ul>\n<li>Evet, uygun harcamalard\u0131r. Detaylar\u0131 Ba\u015fvuru Rehberi ve Uygulama Rehberi\u2019nde bulabilirsiniz. <\/li>\n<\/ul>\n\t\t<\/div>\n\t<\/div>\n\t\n\t<div id=\"accordion-1736805953\" class=\"accordion-item\">\n\t\t<a id=\"accordion-1736805953-label\" class=\"accordion-title plain\" href=\"#accordion-item-dijital-etkinlik-kat\u0131l\u0131m-ve-organizasyon-\u00fccretleri-uygun-mudur?\" aria-expanded=\"false\" aria-controls=\"accordion-1736805953-content\" >\n\t\t\t<button class=\"toggle\" aria-label=\"A\u00e7\/Kapat\"><i class=\"icon-angle-down\"><\/i><\/button>\n\t\t\t<span>Dijital etkinlik kat\u0131l\u0131m ve organizasyon \u00fccretleri uygun mudur?<\/span>\n\t\t<\/a>\n\t\t<div id=\"accordion-1736805953-content\" class=\"accordion-inner\" aria-labelledby=\"accordion-1736805953-label\" >\n\t\t\t\n<ul>\n<li>Evet uygundur. Faturaland\u0131rma s\u00fcreci ile ilgili l\u00fctfen Uygulama Rehberi\u2019ni inceleyin. <\/li>\n<\/ul>\n\t\t<\/div>\n\t<\/div>\n\t\n\t<div id=\"accordion-2028251936\" class=\"accordion-item\">\n\t\t<a id=\"accordion-2028251936-label\" class=\"accordion-title plain\" href=\"#accordion-item-zoom-\u00fcyeli\u011fi-sat\u0131n-al\u0131m\u0131-uygun-bir-harcama-kalemi-midir?\" aria-expanded=\"false\" aria-controls=\"accordion-2028251936-content\" >\n\t\t\t<button class=\"toggle\" aria-label=\"A\u00e7\/Kapat\"><i class=\"icon-angle-down\"><\/i><\/button>\n\t\t\t<span>Zoom \u00fcyeli\u011fi sat\u0131n al\u0131m\u0131 uygun bir harcama kalemi midir?<\/span>\n\t\t<\/a>\n\t\t<div id=\"accordion-2028251936-content\" class=\"accordion-inner\" aria-labelledby=\"accordion-2028251936-label\" >\n\t\t\t\n<ul>\n<li>Zoom \u00fcyeli\u011fi ve benzeri dijital ara\u00e7 \u00fcyelik\/aboneli\u011fi sat\u0131n al\u0131m\u0131 uygun bir harcamad\u0131r. Faturaland\u0131rma ve \u00f6deme prosed\u00fcrlerinin detaylar\u0131 i\u00e7in Uygulama Rehberi\u2019ni inceleyebilir ya da Yard\u0131m Masas\u0131\u2019ndan bilgi alabilirsiniz. <\/li>\n<\/ul>\n\t\t<\/div>\n\t<\/div>\n\t\n\t<div id=\"accordion-3560399045\" class=\"accordion-item\">\n\t\t<a id=\"accordion-3560399045-label\" class=\"accordion-title plain\" href=\"#accordion-item-faaliyeti-y\u00fcr\u00fcten-insan-kayna\u011f\u0131n\u0131-ba\u015fvurumuzda-b\u00fct\u00e7elendirebilir-miyiz?\" aria-expanded=\"false\" aria-controls=\"accordion-3560399045-content\" >\n\t\t\t<button class=\"toggle\" aria-label=\"A\u00e7\/Kapat\"><i class=\"icon-angle-down\"><\/i><\/button>\n\t\t\t<span>Faaliyeti y\u00fcr\u00fcten insan kayna\u011f\u0131n\u0131 ba\u015fvurumuzda b\u00fct\u00e7elendirebilir miyiz?<\/span>\n\t\t<\/a>\n\t\t<div id=\"accordion-3560399045-content\" class=\"accordion-inner\" aria-labelledby=\"accordion-3560399045-label\" >\n\t\t\t\n<ul>\n<li>\u0130nsan kayna\u011f\u0131 \u00fccretlendirmeleri (personel, uzman \u00fccreti vb.), Sivil D\u00fc\u015f\u00fcn destekleri kapsam\u0131nda uygun  harcamalar de\u011fildir. Sivil D\u00fc\u015f\u00fcn, yaln\u0131zca ayni destek verir. Ba\u015fvuru kapsam\u0131na giren onaylanm\u0131\u015f b\u00fct\u00fcn harcama kalemlerinin bedeli, Sivil D\u00fc\u015f\u00fcn Ekibi taraf\u0131ndan tedarik\u00e7ilere veya \u00fc\u00e7\u00fcnc\u00fc taraflara do\u011frudan \u00f6denir. Sivil D\u00fc\u015f\u00fcn ba\u015fvurucular\u0131n hesaplar\u0131na do\u011frudan \u00f6deme yapmaz.<\/li>\n<\/ul>\n\t\t<\/div>\n\t<\/div>\n\t\n\t<div id=\"accordion-1037079847\" class=\"accordion-item\">\n\t\t<a id=\"accordion-1037079847-label\" class=\"accordion-title plain\" href=\"#accordion-item-ofis-kiras\u0131-ve-ve-elektrik,-su-gibi-ofis-masraflar\u0131-uygun-harcama-kalemi-mi?\" aria-expanded=\"false\" aria-controls=\"accordion-1037079847-content\" >\n\t\t\t<button class=\"toggle\" aria-label=\"A\u00e7\/Kapat\"><i class=\"icon-angle-down\"><\/i><\/button>\n\t\t\t<span>Ofis kiras\u0131 ve ve elektrik, su gibi ofis masraflar\u0131 uygun harcama kalemi mi?<\/span>\n\t\t<\/a>\n\t\t<div id=\"accordion-1037079847-content\" class=\"accordion-inner\" aria-labelledby=\"accordion-1037079847-label\" >\n\t\t\t\n<ul>\n<li>Ofis kiras\u0131 ile elektrik, su gibi di\u011fer t\u00fcm ofis giderleri uygun harcamalar de\u011fildir.<\/li>\n<\/ul>\n\t\t<\/div>\n\t<\/div>\n\t\n\t<div id=\"accordion-3346387544\" class=\"accordion-item\">\n\t\t<a id=\"accordion-3346387544-label\" class=\"accordion-title plain\" href=\"#accordion-item-koordinat\u00f6r,-assistan-veya-edit\u00f6r-gibi-yar\u0131-zamanl\u0131-veya-tam-zamanl\u0131-personel-giderleri-uygun-harcamalar-m\u0131?\" aria-expanded=\"false\" aria-controls=\"accordion-3346387544-content\" >\n\t\t\t<button class=\"toggle\" aria-label=\"A\u00e7\/Kapat\"><i class=\"icon-angle-down\"><\/i><\/button>\n\t\t\t<span>Koordinat\u00f6r, assistan veya edit\u00f6r gibi yar\u0131 zamanl\u0131 veya tam zamanl\u0131 personel giderleri uygun harcamalar m\u0131?<\/span>\n\t\t<\/a>\n\t\t<div id=\"accordion-3346387544-content\" class=\"accordion-inner\" aria-labelledby=\"accordion-3346387544-label\" >\n\t\t\t\n<ul>\n<li>Hay\u0131r. Sivil D\u00fc\u015f\u00fcn program\u0131n\u0131n uygulamas\u0131na y\u00f6n veren Avrupa Birli\u011fi G\u00f6rev Tan\u0131m\u0131\u2019na g\u00f6re bu maliyetler uygun DE\u011e\u0130LD\u0130R.<\/li>\n<\/ul>\n\t\t<\/div>\n\t<\/div>\n\t\n\t<div id=\"accordion-4236201456\" class=\"accordion-item\">\n\t\t<a id=\"accordion-4236201456-label\" class=\"accordion-title plain\" href=\"#accordion-item-uzman-deste\u011fi-alabilir-miyiz?\" aria-expanded=\"false\" aria-controls=\"accordion-4236201456-content\" >\n\t\t\t<button class=\"toggle\" aria-label=\"A\u00e7\/Kapat\"><i class=\"icon-angle-down\"><\/i><\/button>\n\t\t\t<span>Uzman deste\u011fi alabilir miyiz?<\/span>\n\t\t<\/a>\n\t\t<div id=\"accordion-4236201456-content\" class=\"accordion-inner\" aria-labelledby=\"accordion-4236201456-label\" >\n\t\t\t\n<ul>\n<li>Evet, uzmanlardan destek alabilirsiniz. Sivil D\u00fc\u015f\u00fcn Uzman Havuzu \u00e7e\u015fitli alanlarda yetkinli\u011fi bulunan uzmanlardan olu\u015fmaktad\u0131r. Uzman deste\u011fini 5,000 Euroluk destek tavan limitine ek olarak olarak talep edebilirsiniz. Sivil D\u00fc\u015f\u00fcn ekibi ihtiyac\u0131n\u0131z olan en uygun uzman\u0131 bulma konusunda size destek olacakt\u0131r.<\/li>\n<\/ul>\n\t\t<\/div>\n\t<\/div>\n\t\n\t<div id=\"accordion-1227700045\" class=\"accordion-item\">\n\t\t<a id=\"accordion-1227700045-label\" class=\"accordion-title plain\" href=\"#accordion-item-sivil-d\u00fc\u015f\u00fcn-uzman-havuzunda-yer-alan-uzmanlar\u0131n-alanlar\u0131n-nelerdir?\" aria-expanded=\"false\" aria-controls=\"accordion-1227700045-content\" >\n\t\t\t<button class=\"toggle\" aria-label=\"A\u00e7\/Kapat\"><i class=\"icon-angle-down\"><\/i><\/button>\n\t\t\t<span>Sivil D\u00fc\u015f\u00fcn Uzman Havuzunda yer alan uzmanlar\u0131n alanlar\u0131n nelerdir?<\/span>\n\t\t<\/a>\n\t\t<div id=\"accordion-1227700045-content\" class=\"accordion-inner\" aria-labelledby=\"accordion-1227700045-label\" >\n\t\t\t\n<p><strong>Organizasyonel ve Finansal Kapasite<\/strong><\/p>\n<ul>\n<li>Kurumsalla\u015fma<\/li>\n<li>Planlama<\/li>\n<li>G\u00f6n\u00fcll\u00fc y\u00f6netimi<\/li>\n<li>Kaynak geli\u015ftirme ve b\u00fct\u00e7eleme<\/li>\n<li>\u015eeffafl\u0131k ve hesap verebilirlik<\/li>\n<li>\u0130htiya\u00e7 analizi<\/li>\n<\/ul>\n<p><strong>\u0130leti\u015fim ve Sosyal Medya<\/strong><\/p>\n<ul>\n<li>Fark\u0131ndal\u0131k olu\u015fturma<\/li>\n<li>Medya ili\u015fkileri<\/li>\n<li>Sosyal medya y\u00f6netimi<\/li>\n<li>Dijital i\u00e7erik olu\u015fturma<\/li>\n<li>Hikaye anlat\u0131c\u0131l\u0131\u011f\u0131 ve mesaj olu\u015fturma<\/li>\n<li>Kurumsal kimlik ve ileti\u015fim<\/li>\n<\/ul>\n<p><strong>Savunuculuk<\/strong><\/p>\n<ul>\n<li>Yasama, politika ve kamu maliyesi analizi<\/li>\n<li>Karar vericilerle ili\u015fkilerin y\u00f6netimi,<\/li>\n<li>Ara\u015ft\u0131rma ve politika olu\u015fturma<\/li>\n<li>Savunuculuk kampanyas\u0131 tasar\u0131m\u0131 ve uygulamas\u0131<\/li>\n<\/ul>\n<p><strong>Dijital<\/strong><\/p>\n<ul>\n<li>Sosyal medya ara\u00e7lar\u0131 ve uygulamalar\u0131n\u0131n kullan\u0131m\u0131<\/li>\n<li>Dijital d\u00f6n\u00fc\u015f\u00fcm<\/li>\n<li>Oyunla\u015ft\u0131rma<\/li>\n<li>Veri toplama ve sunumu<\/li>\n<li>Dijital haritaland\u0131rma ve dijital performans izleme<\/li>\n<\/ul>\n<p><strong>Di\u011fer<\/strong><\/p>\n<ul>\n<li>Psikolojik ve hukuki destek<\/li>\n<\/ul>\n\t\t<\/div>\n\t<\/div>\n\t\n\t<div id=\"accordion-2423695297\" class=\"accordion-item\">\n\t\t<a id=\"accordion-2423695297-label\" class=\"accordion-title plain\" href=\"#accordion-item-uzman-havuzunuzdan-hangi-konularda-destek-alabiliyoruz?\" aria-expanded=\"false\" aria-controls=\"accordion-2423695297-content\" >\n\t\t\t<button class=\"toggle\" aria-label=\"A\u00e7\/Kapat\"><i class=\"icon-angle-down\"><\/i><\/button>\n\t\t\t<span>Uzman havuzunuzdan hangi konularda destek alabiliyoruz?<\/span>\n\t\t<\/a>\n\t\t<div id=\"accordion-2423695297-content\" class=\"accordion-inner\" aria-labelledby=\"accordion-2423695297-label\" >\n\t\t\t\n<p>Sivil Du\u0308s\u0327u\u0308n, rehberlik, mentorluk, e\u011fitim veya teknik hizmetler sag\u0306layabilecek, derinlemesine bilgi ve kapsaml\u0131 deneyime sahip kis\u0327iler arac\u0131l\u0131g\u0306\u0131yla uzman desteg\u0306i verir. Uzman desteg\u0306i 5000 Euro tutar\u0131ndaki tavan destek miktar\u0131na ek olarak talep edilir. Sivil D\u00fc\u015f\u00fcn uzman\u0131 havuzu \u201cOrganizasyonel ve Finansal Kapasite\u201d, \u201c\u0130leti\u015fim ve Sosyal Medya\u201d, \u201cSavunuculuk\u201d, \u201cDijital\u201d ve \u201cPsikolojik ve Hukuki Destek\u201d olmak \u00fczere 5 ana uzmanl\u0131k alan\u0131nda ve bunlar\u0131n alt\u0131nda toplam 21 alt uzmanl\u0131k alan\u0131nda destek sunar. Uzmanl\u0131k alanlar\u0131na daha detayl\u0131 g\u00f6z gezdirmek i\u00e7in l\u00fctfen Ba\u015fvuru Rehberini inceleyin.<\/p>\n\t\t<\/div>\n\t<\/div>\n\t\n<\/div>\n<\/div>\n<div id=\"tab_kay\u0131t-ve-ba\u015fvuru\" class=\"panel entry-content\" role=\"tabpanel\" aria-labelledby=\"tab-kay\u0131t-ve-ba\u015fvuru\">\n<div class=\"accordion\">\n\t<div id=\"accordion-1048918623\" class=\"accordion-item\">\n\t\t<a id=\"accordion-1048918623-label\" class=\"accordion-title plain\" href=\"#accordion-item-birden-fazla-kategoride-bir-ba\u015fvuru-haz\u0131rlayabilir-miyim?\" aria-expanded=\"false\" aria-controls=\"accordion-1048918623-content\" >\n\t\t\t<button class=\"toggle\" aria-label=\"A\u00e7\/Kapat\"><i class=\"icon-angle-down\"><\/i><\/button>\n\t\t\t<span>Birden fazla kategoride bir ba\u015fvuru haz\u0131rlayabilir miyim?<\/span>\n\t\t<\/a>\n\t\t<div id=\"accordion-1048918623-content\" class=\"accordion-inner\" aria-labelledby=\"accordion-1048918623-label\" >\n\t\t\t\n<ul>\n<li>Hay\u0131r, bir ba\u015fvuru haz\u0131rlarken yaln\u0131zca bir destek kategorisi se\u00e7ebilirsiniz.<\/li>\n<\/ul>\n\t\t<\/div>\n\t<\/div>\n\t\n\t<div id=\"accordion-2874592251\" class=\"accordion-item\">\n\t\t<a id=\"accordion-2874592251-label\" class=\"accordion-title plain\" href=\"#accordion-item-ba\u015fvurumu-e-posta-arac\u0131l\u0131\u011f\u0131yla-g\u00f6nderebilir-miyim?\" aria-expanded=\"false\" aria-controls=\"accordion-2874592251-content\" >\n\t\t\t<button class=\"toggle\" aria-label=\"A\u00e7\/Kapat\"><i class=\"icon-angle-down\"><\/i><\/button>\n\t\t\t<span>Ba\u015fvurumu e-posta arac\u0131l\u0131\u011f\u0131yla g\u00f6nderebilir miyim?<\/span>\n\t\t<\/a>\n\t\t<div id=\"accordion-2874592251-content\" class=\"accordion-inner\" aria-labelledby=\"accordion-2874592251-label\" >\n\t\t\t\n<ul>\n<li>Ba\u015fvurular\u0131n\u0131z\u0131, Sivil D\u00fc\u015f\u00fcn Bilgi Sistemi (MIS) arac\u0131l\u0131\u011fyla kabul ediyoruz. \u0130htiyac\u0131n\u0131z olmas\u0131 durumunda, alternatif yollar i\u00e7in l\u00fctfen Sivil D\u00fc\u015f\u00fcn ekibi ile ileti\u015fime ge\u00e7iniz.<\/li>\n<\/ul>\n\t\t<\/div>\n\t<\/div>\n\t\n\t<div id=\"accordion-3096179418\" class=\"accordion-item\">\n\t\t<a id=\"accordion-3096179418-label\" class=\"accordion-title plain\" href=\"#accordion-item-ba\u015fvurular,-t\u00fcrk\u00e7e-d\u0131\u015f\u0131ndaki-dillerde-kabul-ediliyor-mu?\" aria-expanded=\"false\" aria-controls=\"accordion-3096179418-content\" >\n\t\t\t<button class=\"toggle\" aria-label=\"A\u00e7\/Kapat\"><i class=\"icon-angle-down\"><\/i><\/button>\n\t\t\t<span>Ba\u015fvurular, T\u00fcrk\u00e7e d\u0131\u015f\u0131ndaki dillerde kabul ediliyor mu?<\/span>\n\t\t<\/a>\n\t\t<div id=\"accordion-3096179418-content\" class=\"accordion-inner\" aria-labelledby=\"accordion-3096179418-label\" >\n\t\t\t\n<ul>\n<li>Evet, \u0130ngilizce, K\u00fcrt\u00e7e veya Arap\u00e7a ba\u015fvuruda bulunabilirsiniz. Bu konuda Yard\u0131m Masas\u0131\u2019ndan detayl\u0131 bilgi alabilirsiniz.<\/li>\n<\/ul>\n\t\t<\/div>\n\t<\/div>\n\t\n\t<div id=\"accordion-3925897402\" class=\"accordion-item\">\n\t\t<a id=\"accordion-3925897402-label\" class=\"accordion-title plain\" href=\"#accordion-item-kay\u0131t-formunu-doldururken-nelere-dikkat-etmeliyiz?\" aria-expanded=\"false\" aria-controls=\"accordion-3925897402-content\" >\n\t\t\t<button class=\"toggle\" aria-label=\"A\u00e7\/Kapat\"><i class=\"icon-angle-down\"><\/i><\/button>\n\t\t\t<span>Kay\u0131t formunu doldururken nelere dikkat etmeliyiz?<\/span>\n\t\t<\/a>\n\t\t<div id=\"accordion-3925897402-content\" class=\"accordion-inner\" aria-labelledby=\"accordion-3925897402-label\" >\n\t\t\t\n<ul>\n<li>Kay\u0131t esnas\u0131nda verdi\u011fini bilgiler Sivil D\u00fc\u015f\u00fcn\u2019\u00fcn sizi daha yak\u0131ndan tan\u0131mas\u0131na, deneyimlerinizi \u00f6\u011frenmesi i\u00e7in \u00f6nemlidir. Dolay\u0131s\u0131yla, olabildi\u011fince t\u00fcm sorular\u0131 detayl\u0131 bir \u015fekilde yan\u0131tlay\u0131n\u0131z. Ki\u015fisel Verilerin Korunmas\u0131 Kanunu gere\u011fince t\u00fcm verileriniz tutulmaktad\u0131r.<\/li>\n<\/ul>\n\t\t<\/div>\n\t<\/div>\n\t\n\t<div id=\"accordion-4072364737\" class=\"accordion-item\">\n\t\t<a id=\"accordion-4072364737-label\" class=\"accordion-title plain\" href=\"#accordion-item-ba\u015fvuru-formunu-doldururken-nelere-dikkat-etmeliyiz?\" aria-expanded=\"false\" aria-controls=\"accordion-4072364737-content\" >\n\t\t\t<button class=\"toggle\" aria-label=\"A\u00e7\/Kapat\"><i class=\"icon-angle-down\"><\/i><\/button>\n\t\t\t<span>Ba\u015fvuru formunu doldururken nelere dikkat etmeliyiz?<\/span>\n\t\t<\/a>\n\t\t<div id=\"accordion-4072364737-content\" class=\"accordion-inner\" aria-labelledby=\"accordion-4072364737-label\" >\n\t\t\t\n<ul>\n<li>Sorular\u0131 yan\u0131tlarken olabildi\u011fince a\u00e7\u0131k olun.<\/li>\n<li>Genel yan\u0131tlardan ka\u00e7\u0131n\u0131n.<\/li>\n<li>Ne yapmak istedi\u011finiz, nas\u0131l yapaca\u011f\u0131n\u0131z ve kimlerin faydalanaca\u011f\u0131 konusunda m\u00fcmk\u00fcn oldu\u011funca net olun.<\/li>\n<li>Faaliyet plan\u0131n\u0131z\u0131 kronolojik s\u0131rayla payla\u015f\u0131n.<\/li>\n<li>Uzman talebinde bulunuyorsan\u0131z, uzmandan beklentileriniz ve \u00f6n g\u00f6rd\u00fc\u011f\u00fcn\u00fcz g\u00fcn say\u0131s\u0131n\u0131 payla\u015f\u0131n.<\/li>\n<\/ul>\n\t\t<\/div>\n\t<\/div>\n\t\n\t<div id=\"accordion-2615922505\" class=\"accordion-item\">\n\t\t<a id=\"accordion-2615922505-label\" class=\"accordion-title plain\" href=\"#accordion-item-\u00c7al\u0131\u015fma-ve-faaliyetlerimi-belirlerken-nelere-dikkat-etmeliyim?\" aria-expanded=\"false\" aria-controls=\"accordion-2615922505-content\" >\n\t\t\t<button class=\"toggle\" aria-label=\"A\u00e7\/Kapat\"><i class=\"icon-angle-down\"><\/i><\/button>\n\t\t\t<span>\u00c7al\u0131\u015fma ve faaliyetlerimi belirlerken nelere dikkat etmeliyim?<\/span>\n\t\t<\/a>\n\t\t<div id=\"accordion-2615922505-content\" class=\"accordion-inner\" aria-labelledby=\"accordion-2615922505-label\" >\n\t\t\t\n<ul>\n<li>\u00c7al\u0131\u015fman\u0131z ve faaliyetleriniz birbiriyle uyumlu olmal\u0131 ve hedefinize ula\u015fman\u0131z\u0131 nas\u0131l sa\u011flayaca\u011f\u0131n\u0131 a\u00e7\u0131klamal\u0131.<\/li>\n<li>\u00c7al\u0131\u015fman\u0131z\u0131 6 ay i\u00e7inde tamamlaman\u0131z gerekir. Planlad\u0131\u011f\u0131n\u0131z faaliyetlerin bu s\u00fcre zarf\u0131nda uygulanabilir ve tamamlanabilir oldu\u011fundan emin olun.<\/li>\n<li>\u00c7al\u0131\u015fman\u0131z\u0131n mevcut sosyal ve siyasi ko\u015fullar alt\u0131nda uygulanabilir oldu\u011fundan emin olun.<\/li>\n<\/ul>\n\t\t<\/div>\n\t<\/div>\n\t\n\t<div id=\"accordion-1903392791\" class=\"accordion-item\">\n\t\t<a id=\"accordion-1903392791-label\" class=\"accordion-title plain\" href=\"#accordion-item-b\u00fct\u00e7eyi-haz\u0131rlarken-nelere-dikkat-etmeliyim?\" aria-expanded=\"false\" aria-controls=\"accordion-1903392791-content\" >\n\t\t\t<button class=\"toggle\" aria-label=\"A\u00e7\/Kapat\"><i class=\"icon-angle-down\"><\/i><\/button>\n\t\t\t<span>B\u00fct\u00e7eyi haz\u0131rlarken nelere dikkat etmeliyim?<\/span>\n\t\t<\/a>\n\t\t<div id=\"accordion-1903392791-content\" class=\"accordion-inner\" aria-labelledby=\"accordion-1903392791-label\" >\n\t\t\t\n<ul>\n<li>B\u00fct\u00e7eniz 5,000 Euro yu ge\u00e7memeli.<\/li>\n<li>Uzman deste\u011fi bu 5,000 Euro ya ek olarak verilmektedir.<\/li>\n<li>B\u00fct\u00e7enizi sadece uygun harcama kalemlerine g\u00f6re yapt\u0131\u011f\u0131n\u0131zdan emin olunuz.<\/li>\n<li>Her bir harcama kalemi i\u00e7in b\u00fct\u00e7ede belirtilen rakam piyasa rakamlar\u0131yla uyumlu olmal\u0131d\u0131r.<\/li>\n<li>B\u00fct\u00e7eniz \u00e7al\u0131\u015fman\u0131z\u0131n kapsam\u0131 ve gereklilikleri ile uyumlu olmal\u0131d\u0131r.<\/li>\n<\/ul>\n\t\t<\/div>\n\t<\/div>\n\t\n\t<div id=\"accordion-3631461750\" class=\"accordion-item\">\n\t\t<a id=\"accordion-3631461750-label\" class=\"accordion-title plain\" href=\"#accordion-item-bilgi-sisteminde-kay\u0131tl\u0131-bir-ba\u015fvurunun-ait-oldu\u011fu-hesapta-belirtilen-ileti\u015fim-ki\u015fisi-de\u011fi\u015ftirilebilir-mi?\" aria-expanded=\"false\" aria-controls=\"accordion-3631461750-content\" >\n\t\t\t<button class=\"toggle\" aria-label=\"A\u00e7\/Kapat\"><i class=\"icon-angle-down\"><\/i><\/button>\n\t\t\t<span>Bilgi sisteminde kay\u0131tl\u0131 bir ba\u015fvurunun ait oldu\u011fu hesapta belirtilen ileti\u015fim ki\u015fisi de\u011fi\u015ftirilebilir mi?<\/span>\n\t\t<\/a>\n\t\t<div id=\"accordion-3631461750-content\" class=\"accordion-inner\" aria-labelledby=\"accordion-3631461750-label\" >\n\t\t\t\n<ul>\n<li>Uygunluk kontrol\u00fc ve uygulama s\u00fcrecinde Sivil D\u00fc\u015f\u00fcn Ekibi, yaln\u0131zca bu ki\u015fi ile ileti\u015fim kurmakla y\u00fck\u00fcml\u00fcd\u00fcr. \u0130leti\u015fim ki\u015fisi de\u011fi\u015fiklik talepleriniz ile ilgili l\u00fctfen Sivil D\u00fc\u015f\u00fcn Ekibi ile irtibata ge\u00e7iniz.<\/li>\n<\/ul>\n\t\t<\/div>\n\t<\/div>\n\t\n\t<div id=\"accordion-1134214860\" class=\"accordion-item\">\n\t\t<a id=\"accordion-1134214860-label\" class=\"accordion-title plain\" href=\"#accordion-item-ba\u015fvuruyu-g\u00f6nderdikten-sonra-formumuzda-de\u011fi\u015fiklik-yapabilir-miyiz?\" aria-expanded=\"false\" aria-controls=\"accordion-1134214860-content\" >\n\t\t\t<button class=\"toggle\" aria-label=\"A\u00e7\/Kapat\"><i class=\"icon-angle-down\"><\/i><\/button>\n\t\t\t<span>Ba\u015fvuruyu g\u00f6nderdikten sonra formumuzda de\u011fi\u015fiklik yapabilir miyiz?<\/span>\n\t\t<\/a>\n\t\t<div id=\"accordion-1134214860-content\" class=\"accordion-inner\" aria-labelledby=\"accordion-1134214860-label\" >\n\t\t\t\n<ul>\n<li>Uygunluk Kontrol s\u00fcrecinde formunuzda herhangi bir de\u011fi\u015fiklik yapamazs\u0131n\u0131z.<\/li>\n<\/ul>\n\t\t<\/div>\n\t<\/div>\n\t\n\t<div id=\"accordion-1143505671\" class=\"accordion-item\">\n\t\t<a id=\"accordion-1143505671-label\" class=\"accordion-title plain\" href=\"#accordion-item-5000-euroluk-desteg\u0306e-her-zaman-bas\u0327vuruluyor-mu?\" aria-expanded=\"false\" aria-controls=\"accordion-1143505671-content\" >\n\t\t\t<button class=\"toggle\" aria-label=\"A\u00e7\/Kapat\"><i class=\"icon-angle-down\"><\/i><\/button>\n\t\t\t<span>5000 Euroluk desteg\u0306e her zaman bas\u0327vuruluyor mu?<\/span>\n\t\t<\/a>\n\t\t<div id=\"accordion-1143505671-content\" class=\"accordion-inner\" aria-labelledby=\"accordion-1143505671-label\" >\n\t\t\t\n<ul>\n<li>Sivil D\u00fc\u015f\u00fcn desteklerine a\u00e7\u0131k oldu\u011fu s\u00fcrece ba\u015fvurunuzu g\u00f6nderebilirsiniz. Sivil D\u00fc\u015f\u00fcn destekleri hakk\u0131nda daha fazla bilgi edinmek i\u00e7in internet sitemizi ziyaret edebilir, sosyal medya hesaplar\u0131m\u0131z\u0131 takip edebilir veya yard\u0131m masas\u0131 ile ileti\u015fime ge\u00e7ebilirsiniz. Sivil D\u00fc\u015f\u00fcn destekleri kapsam\u0131nda tek seferde maksimum 5.000 Euro talep edilebilsiniz. Sizin \u00e7al\u0131\u015fman\u0131z\u0131n b\u00fct\u00e7esi ihtiyaca g\u00f6re bu rakam\u0131n alt\u0131nda da olabilir.<\/li>\n<\/ul>\n\t\t<\/div>\n\t<\/div>\n\t\n\t<div id=\"accordion-3114447995\" class=\"accordion-item\">\n\t\t<a id=\"accordion-3114447995-label\" class=\"accordion-title plain\" href=\"#accordion-item-hak-odakl\u0131-yaklas\u0327\u0131mlar\u0131-derneg\u0306imizde-anaak\u0131mlas\u0327t\u0131rarak-haz\u0131rlayacag\u0306\u0131m\u0131z-politika-belgeleri-ve-stratejik-plan\u0131m\u0131z-ic\u0327in-gelis\u0327tir-bas\u0327l\u0131g\u0306\u0131ndan-m\u0131-gu\u0308c\u0327len-bas\u0327l\u0131g\u0306\u0131nda-m\u0131-bas\u0327vurmak-daha-dog\u0306ru-olur?\" aria-expanded=\"false\" aria-controls=\"accordion-3114447995-content\" >\n\t\t\t<button class=\"toggle\" aria-label=\"A\u00e7\/Kapat\"><i class=\"icon-angle-down\"><\/i><\/button>\n\t\t\t<span>Hak odakl\u0131 yaklas\u0327\u0131mlar\u0131 derneg\u0306imizde anaak\u0131mlas\u0327t\u0131rarak haz\u0131rlayacag\u0306\u0131m\u0131z politika belgeleri ve stratejik plan\u0131m\u0131z ic\u0327in gelis\u0327tir bas\u0327l\u0131g\u0306\u0131ndan m\u0131 gu\u0308c\u0327len bas\u0327l\u0131g\u0306\u0131nda m\u0131 bas\u0327vurmak daha dog\u0306ru olur?<\/span>\n\t\t<\/a>\n\t\t<div id=\"accordion-3114447995-content\" class=\"accordion-inner\" aria-labelledby=\"accordion-3114447995-label\" >\n\t\t\t\n<ul>\n<li>Kurumsal g\u00fc\u00e7lenme s\u00f6z konusu oldu\u011fu i\u00e7in \u201cG\u00dc\u00c7LEN\u201d destek kategorisi \u00fczerinden ba\u015fvuru yap\u0131lmas\u0131 daha do\u011fru olacakt\u0131r. Ancak Sivil D\u00fc\u015f\u00fcn\u2019e ba\u015fvuru olarak iletilmek \u00fczere planlanan bir \u00e7al\u0131\u015fma bir veya birden fazla destek kategorisine denk d\u00fc\u015febilir. Bu durumda Ba\u015fvuru Rehberi\u2019nde yer alan 4 ana amac\u0131n alt ama\u00e7lar\u0131n\u0131 g\u00f6zden ge\u00e7irebilir veya Yard\u0131m Masas\u0131na dan\u0131\u015fabilirsiniz.<\/li>\n<\/ul>\n\t\t<\/div>\n\t<\/div>\n\t\n\t<div id=\"accordion-2180735799\" class=\"accordion-item\">\n\t\t<a id=\"accordion-2180735799-label\" class=\"accordion-title plain\" href=\"#accordion-item-burada-sunulan-destekler-veya-bir-k\u0131sm\u0131-ba\u015fka-bir-\u00e7a\u011fr\u0131l\u0131-ab-projesinde-de-yer-al\u0131yor-ise-bu-sak\u0131ncal\u0131-m\u0131d\u0131r?-kabul-edilebilir-midir?\" aria-expanded=\"false\" aria-controls=\"accordion-2180735799-content\" >\n\t\t\t<button class=\"toggle\" aria-label=\"A\u00e7\/Kapat\"><i class=\"icon-angle-down\"><\/i><\/button>\n\t\t\t<span>Burada sunulan destekler veya bir k\u0131sm\u0131 ba\u015fka bir \u00e7a\u011fr\u0131l\u0131 AB projesinde de yer al\u0131yor ise bu sak\u0131ncal\u0131 m\u0131d\u0131r? Kabul edilebilir midir?<\/span>\n\t\t<\/a>\n\t\t<div id=\"accordion-2180735799-content\" class=\"accordion-inner\" aria-labelledby=\"accordion-2180735799-label\" >\n\t\t\t\n<ul>\n<li>\u00c7al\u0131\u015fman\u0131z Sivil D\u00fc\u015f\u00fcn deste\u011fi d\u0131\u015f\u0131nda e\u015f finansman ya da sponsor deste\u011fi ile y\u00fcr\u00fct\u00fcl\u00fcyor olabilir ancak Sivil D\u00fc\u015f\u00fcn\u2019den talep edilen destek ile herhangi bir ba\u015fka AB program\u0131ndan al\u0131nan deste\u011fin ayn\u0131 olmamas\u0131 gerekir. Daha detayl\u0131 bilgi almak i\u00e7in Yard\u0131m Masas\u0131\u2019na ba\u015fvurabilirsiniz. <\/li>\n<\/ul>\n\t\t<\/div>\n\t<\/div>\n\t\n\t<div id=\"accordion-1576396070\" class=\"accordion-item\">\n\t\t<a id=\"accordion-1576396070-label\" class=\"accordion-title plain\" href=\"#accordion-item-ba\u015fvurular-g\u00f6nderilme-s\u0131ras\u0131na-g\u00f6re-de\u011ferlendirilecek-denilmi\u015fti,-program\u0131n-kapan\u0131\u015f\u0131na-kadar-olan-s\u00fcre\u00e7te-diledi\u011fimiz-vakitte-ba\u015fvursak-acaba-destek-alma-\u015fans\u0131m\u0131z-azal\u0131r-m\u0131?\" aria-expanded=\"false\" aria-controls=\"accordion-1576396070-content\" >\n\t\t\t<button class=\"toggle\" aria-label=\"A\u00e7\/Kapat\"><i class=\"icon-angle-down\"><\/i><\/button>\n\t\t\t<span>Ba\u015fvurular g\u00f6nderilme s\u0131ras\u0131na g\u00f6re de\u011ferlendirilecek denilmi\u015fti, program\u0131n kapan\u0131\u015f\u0131na kadar olan s\u00fcre\u00e7te diledi\u011fimiz vakitte ba\u015fvursak acaba destek alma \u015fans\u0131m\u0131z azal\u0131r m\u0131?<\/span>\n\t\t<\/a>\n\t\t<div id=\"accordion-1576396070-content\" class=\"accordion-inner\" aria-labelledby=\"accordion-1576396070-label\" >\n\t\t\t\n<ul>\n<li>Desteklerin kapan\u0131\u015f tarihine kadar yap\u0131lan t\u00fcm ba\u015fvurular, Sivil D\u00fc\u015f\u00fcn\u2019e geli\u015f s\u0131ras\u0131yla ayn\u0131 kriterler do\u011frultusunda de\u011ferlendirilir. Sivil D\u00fc\u015f\u00fcn\u2019\u00fcn genel ve di\u011fer \u00f6zel desteklerinden haberdar olmak i\u00e7in internet sitesinde \u2018Duyurular\u2019 k\u0131sm\u0131n\u0131 ziyaret edebilir veya sosyal medya hesaplar\u0131m\u0131z\u0131 takip edebilirsiniz.<\/li>\n<\/ul>\n\t\t<\/div>\n\t<\/div>\n\t\n\t<div id=\"accordion-1227366852\" class=\"accordion-item\">\n\t\t<a id=\"accordion-1227366852-label\" class=\"accordion-title plain\" href=\"#accordion-item-ticaret-ve-sanayi-odalar\u0131-ve-ticaret-borsalar\u0131-kad\u0131n-haklar\u0131-ya-da-gen\u00e7-giri\u015fimcilerin-desteklenmesi,-fark\u0131ndal\u0131\u011f\u0131n\u0131n-art\u0131r\u0131lmas\u0131-gibi-alanlarda-ba\u015fvuru-yapabilir-mi?\" aria-expanded=\"false\" aria-controls=\"accordion-1227366852-content\" >\n\t\t\t<button class=\"toggle\" aria-label=\"A\u00e7\/Kapat\"><i class=\"icon-angle-down\"><\/i><\/button>\n\t\t\t<span>Ticaret ve sanayi odalar\u0131 ve ticaret borsalar\u0131 kad\u0131n haklar\u0131 ya da gen\u00e7 giri\u015fimcilerin desteklenmesi, fark\u0131ndal\u0131\u011f\u0131n\u0131n art\u0131r\u0131lmas\u0131 gibi alanlarda ba\u015fvuru yapabilir mi?<\/span>\n\t\t<\/a>\n\t\t<div id=\"accordion-1227366852-content\" class=\"accordion-inner\" aria-labelledby=\"accordion-1227366852-label\" >\n\t\t\t\n<ul>\n<li>Evet, ticaret ve sanayi odalar\u0131 kad\u0131n haklar\u0131 ya da gen\u00e7 giri\u015fimcilerin desteklenmesi, fark\u0131ndal\u0131\u011f\u0131n\u0131n art\u0131r\u0131lmas\u0131 gibi alanlarda ba\u015fvuru yapabilir. Burada en \u00f6nemli nokta planlanan \u00e7al\u0131\u015fman\u0131n hak odakl\u0131 olup olmad\u0131\u011f\u0131d\u0131r. Sivil D\u00fc\u015f\u00fcn, akademik, ticari, siyasi faaliyetleri, burs taleplerini i\u00e7eren ve kar amac\u0131 g\u00fcden faaliyetleri desteklemez.<\/li>\n<\/ul>\n\t\t<\/div>\n\t<\/div>\n\t\n\t<div id=\"accordion-1292947828\" class=\"accordion-item\">\n\t\t<a id=\"accordion-1292947828-label\" class=\"accordion-title plain\" href=\"#accordion-item-ruhsal\/zihinsel-engeli-olan-ki\u015filer-i\u00e7in-g\u00f6n\u00fcll\u00fc-hukuki-destek-verecek-avukat-a\u011f\u0131-kurmak-istiyoruz.-sizin-deste\u011finiz-bu-y\u00f6nde-mi-yoksa-ba\u015fvuran-kurumun-hukuki-meseleleri-i\u00e7in-mi-bu-destek?\" aria-expanded=\"false\" aria-controls=\"accordion-1292947828-content\" >\n\t\t\t<button class=\"toggle\" aria-label=\"A\u00e7\/Kapat\"><i class=\"icon-angle-down\"><\/i><\/button>\n\t\t\t<span>Ruhsal\/zihinsel engeli olan ki\u015filer i\u00e7in g\u00f6n\u00fcll\u00fc hukuki destek verecek avukat a\u011f\u0131 kurmak istiyoruz. Sizin deste\u011finiz bu y\u00f6nde mi yoksa ba\u015fvuran kurumun hukuki meseleleri i\u00e7in mi bu destek?<\/span>\n\t\t<\/a>\n\t\t<div id=\"accordion-1292947828-content\" class=\"accordion-inner\" aria-labelledby=\"accordion-1292947828-label\" >\n\t\t\t\n<ul>\n<li>Sivil D\u00fc\u015f\u00fcn do\u011frudan hukuki destek vermez ya da hukuki deste\u011fi merkezine alan \u00e7al\u0131\u015fmalar\u0131 desteklemez. Fakat avukat a\u011f\u0131 kurulmas\u0131 i\u00e7in gereken planlama Sivil D\u00fc\u015f\u00fcn\u2019\u00fcn sundu\u011fu uzman deste\u011fi ile ger\u00e7ekle\u015febilir. Sivil D\u00fc\u015f\u00fcn uzman havuzundan size bir uzman atanabilir, b\u00f6ylece avukat a\u011f\u0131n\u0131n nas\u0131l kurulaca\u011f\u0131n\u0131 birlikte planlayabilirsiniz. Uzmanlar, yaln\u0131zca belirli k\u0131sa vadeli ihtiya\u00e7lar\u0131 kar\u015f\u0131lamak \u00fczere \u00e7al\u0131\u015f\u0131rlar. Sivil D\u00fc\u015f\u00fcn, uzmanlar\u0131n kadrolu \u00e7al\u0131\u015fanlar yerine hizmet vermesini desteklemez.<\/li>\n<\/ul>\n\t\t<\/div>\n\t<\/div>\n\t\n\t<div id=\"accordion-971386900\" class=\"accordion-item\">\n\t\t<a id=\"accordion-971386900-label\" class=\"accordion-title plain\" href=\"#accordion-item-eski-sistemdeki,-onaylanma-a\u015famas\u0131ndaki-eski-ba\u015fvuruma-nas\u0131l-ula\u015fabilirim?\" aria-expanded=\"false\" aria-controls=\"accordion-971386900-content\" >\n\t\t\t<button class=\"toggle\" aria-label=\"A\u00e7\/Kapat\"><i class=\"icon-angle-down\"><\/i><\/button>\n\t\t\t<span>Eski sistemdeki, onaylanma a\u015famas\u0131ndaki eski ba\u015fvuruma nas\u0131l ula\u015fabilirim?<\/span>\n\t\t<\/a>\n\t\t<div id=\"accordion-971386900-content\" class=\"accordion-inner\" aria-labelledby=\"accordion-971386900-label\" >\n\t\t\t\n<ul>\n<li>May\u0131s 2020 tarihinde Sivil D\u00fc\u015f\u00fcn Bilgi Sistemi tamamen yenilenmi\u015ftir. Bu sebeple eski ba\u015fvurunuza ula\u015fabilmek i\u00e7in info@sivildusun.eu adresine eski kay\u0131t bilgilerinizle birlikte bu talebinizi i\u00e7eren bir mail atman\u0131z gerekir.<\/li>\n<\/ul>\n\t\t<\/div>\n\t<\/div>\n\t\n\t<div id=\"accordion-3105360482\" class=\"accordion-item\">\n\t\t<a id=\"accordion-3105360482-label\" class=\"accordion-title plain\" href=\"#accordion-item-\u00c7al\u0131\u015fmam\u0131n-birden-fazla-hak-kategorisine-denk-d\u00fc\u015ft\u00fc\u011f\u00fcn\u00fc-farkettim,-hangisini-\u00f6nceliklendirmem-gerekiyor?\" aria-expanded=\"false\" aria-controls=\"accordion-3105360482-content\" >\n\t\t\t<button class=\"toggle\" aria-label=\"A\u00e7\/Kapat\"><i class=\"icon-angle-down\"><\/i><\/button>\n\t\t\t<span>\u00c7al\u0131\u015fmam\u0131n birden fazla hak kategorisine denk d\u00fc\u015ft\u00fc\u011f\u00fcn\u00fc farkettim, hangisini \u00f6nceliklendirmem gerekiyor?<\/span>\n\t\t<\/a>\n\t\t<div id=\"accordion-3105360482-content\" class=\"accordion-inner\" aria-labelledby=\"accordion-3105360482-label\" >\n\t\t\t\n<ul>\n<li>Sivil D\u00fc\u015f\u00fcn genel destek \u00e7a\u011fr\u0131s\u0131n\u0131n amac\u0131, GEL\u0130\u015eT\u0130R, DUYUR, G\u00dc\u00c7LEN ve ETK\u0130LE kategorilerinde yer alan hedefler do\u011frultusunda sivil toplum \u00f6rg\u00fctleri ve aktivistleri desteklemektir. Sivil D\u00fc\u015f\u00fcn\u2019e ba\u015fvuru olarak iletilmek \u00fczere planlanan bir \u00e7al\u0131\u015fma bir veya birden fazla destek kategorisine denk d\u00fc\u015febilir. Bu durumda Ba\u015fvuru Rehberi\u2019nde yer alan 4 ana kategorinin alt hedeflerini g\u00f6zden ge\u00e7irebilir veya Yard\u0131m Masas\u0131na dan\u0131\u015fabilirsiniz.<\/li>\n<\/ul>\n\t\t<\/div>\n\t<\/div>\n\t\n\t<div id=\"accordion-2939266958\" class=\"accordion-item\">\n\t\t<a id=\"accordion-2939266958-label\" class=\"accordion-title plain\" href=\"#accordion-item-harcama-kalemleri-i\u00e7in-a\u00e7\u0131klaman\u0131n-yan\u0131-s\u0131ra-tutar\u0131-tl-ya-da-euro-olarak-m\u0131-girece\u011fiz?\" aria-expanded=\"false\" aria-controls=\"accordion-2939266958-content\" >\n\t\t\t<button class=\"toggle\" aria-label=\"A\u00e7\/Kapat\"><i class=\"icon-angle-down\"><\/i><\/button>\n\t\t\t<span>Harcama kalemleri i\u00e7in a\u00e7\u0131klaman\u0131n yan\u0131 s\u0131ra tutar\u0131 TL ya da Euro olarak m\u0131 girece\u011fiz?<\/span>\n\t\t<\/a>\n\t\t<div id=\"accordion-2939266958-content\" class=\"accordion-inner\" aria-labelledby=\"accordion-2939266958-label\" >\n\t\t\t\n<ul>\n<li>\u00c7al\u0131\u015fman\u0131z\u0131n b\u00fct\u00e7esini olu\u015ftururken ve piyasa ara\u015ft\u0131rmas\u0131 yaparken TL\u2019 yi baz alman\u0131z gerekmektedir. Bilgi sistemi TL \u00fczerinden haz\u0131rlad\u0131\u011f\u0131n\u0131z b\u00fct\u00e7enizi o g\u00fcnk\u00fc InforEuro kuru \u00fczerinden Euro\u2019ya \u00e7evirmektedir.<\/li>\n<\/ul>\n\t\t<\/div>\n\t<\/div>\n\t\n\t<div id=\"accordion-2939795685\" class=\"accordion-item\">\n\t\t<a id=\"accordion-2939795685-label\" class=\"accordion-title plain\" href=\"#accordion-item-ba\u015fvurunun-revize-edildi\u011fi-varsay\u0131ld\u0131\u011f\u0131nda-revize-olan-\u00e7al\u0131\u015fmada-kur-g\u00fcncel-kurda-m\u0131-olacak-yoksa-ba\u015fvuru-kurunda-m\u0131?\" aria-expanded=\"false\" aria-controls=\"accordion-2939795685-content\" >\n\t\t\t<button class=\"toggle\" aria-label=\"A\u00e7\/Kapat\"><i class=\"icon-angle-down\"><\/i><\/button>\n\t\t\t<span>Ba\u015fvurunun revize edildi\u011fi varsay\u0131ld\u0131\u011f\u0131nda revize olan \u00e7al\u0131\u015fmada kur g\u00fcncel kurda m\u0131 olacak yoksa ba\u015fvuru kurunda m\u0131?<\/span>\n\t\t<\/a>\n\t\t<div id=\"accordion-2939795685-content\" class=\"accordion-inner\" aria-labelledby=\"accordion-2939795685-label\" >\n\t\t\t\n<ul>\n<li>Ba\u015fvuru kuru baz al\u0131n\u0131r.<\/li>\n<\/ul>\n\t\t<\/div>\n\t<\/div>\n\t\n\t<div id=\"accordion-2291613216\" class=\"accordion-item\">\n\t\t<a id=\"accordion-2291613216-label\" class=\"accordion-title plain\" href=\"#accordion-item-yurt-d\u0131\u015f\u0131nda-bir-platform-taraf\u0131ndan-bir-e\u011fitim-d\u00fczenlenecektir.-e\u011fitimin-belirli-bir-\u00fccreti-bulunmakta.-buna-kat\u0131l\u0131m-sa\u011flamak-i\u00e7in-sivil-d\u00fc\u015f\u00fcn-desteklerinden-faydalanabilir-miyiz?\" aria-expanded=\"false\" aria-controls=\"accordion-2291613216-content\" >\n\t\t\t<button class=\"toggle\" aria-label=\"A\u00e7\/Kapat\"><i class=\"icon-angle-down\"><\/i><\/button>\n\t\t\t<span>Yurt d\u0131\u015f\u0131nda bir platform taraf\u0131ndan bir e\u011fitim d\u00fczenlenecektir. E\u011fitimin belirli bir \u00fccreti bulunmakta. Buna kat\u0131l\u0131m sa\u011flamak i\u00e7in Sivil D\u00fc\u015f\u00fcn desteklerinden faydalanabilir miyiz?<\/span>\n\t\t<\/a>\n\t\t<div id=\"accordion-2291613216-content\" class=\"accordion-inner\" aria-labelledby=\"accordion-2291613216-label\" >\n\t\t\t\n<ul>\n<li>Evet faydalanabilirsiniz. <\/li>\n<\/ul>\n\t\t<\/div>\n\t<\/div>\n\t\n\t<div id=\"accordion-558394078\" class=\"accordion-item\">\n\t\t<a id=\"accordion-558394078-label\" class=\"accordion-title plain\" href=\"#accordion-item-m\u00fcltecilerle-ilgili-bir-\u00e7al\u0131\u015fma-yapmak-istiyoruz-fakat-baro-ile-ortak-bir-\u00e7al\u0131\u015fma-m\u0131-olmal\u0131-bireysel-bir-hukuki-destek-verebilir-miyiz-?\" aria-expanded=\"false\" aria-controls=\"accordion-558394078-content\" >\n\t\t\t<button class=\"toggle\" aria-label=\"A\u00e7\/Kapat\"><i class=\"icon-angle-down\"><\/i><\/button>\n\t\t\t<span>M\u00fcltecilerle ilgili bir \u00e7al\u0131\u015fma yapmak istiyoruz fakat Baro ile ortak bir \u00e7al\u0131\u015fma m\u0131 olmal\u0131 bireysel bir hukuki destek verebilir miyiz ?<\/span>\n\t\t<\/a>\n\t\t<div id=\"accordion-558394078-content\" class=\"accordion-inner\" aria-labelledby=\"accordion-558394078-label\" >\n\t\t\t\n<ul>\n<li>Sivil D\u00fc\u015f\u00fcn hukuki destek verilmesi planlanan \u00e7al\u0131\u015fmalar\u0131 desteklemez. Ancak ilgili hak alan\u0131 hakk\u0131nda fark\u0131ndal\u0131k yaratma ve hukuk ve adalete eri\u015fim hakk\u0131 ya da hukuki destek verecek bir avukat a\u011f\u0131n\u0131n kurulmas\u0131n\u0131n planlamas\u0131 gibi \u00e7al\u0131\u015fmalar y\u00fcr\u00fct\u00fclebilir. Bu s\u00fcre\u00e7te barolarla ve ilgili alanda \u00e7al\u0131\u015fan sivil toplum \u00f6rg\u00fctleriyle i\u015fbirli\u011fi yap\u0131labilir.  <\/li>\n<\/ul>\n\t\t<\/div>\n\t<\/div>\n\t\n\t<div id=\"accordion-2451065263\" class=\"accordion-item\">\n\t\t<a id=\"accordion-2451065263-label\" class=\"accordion-title plain\" href=\"#accordion-item-sivil-d\u00fc\u015f\u00fcn-destekleri-ne-kadar-bir-s\u00fcre-daha-bu-\u015fekilde-devam-edecek?\" aria-expanded=\"false\" aria-controls=\"accordion-2451065263-content\" >\n\t\t\t<button class=\"toggle\" aria-label=\"A\u00e7\/Kapat\"><i class=\"icon-angle-down\"><\/i><\/button>\n\t\t\t<span>Sivil D\u00fc\u015f\u00fcn destekleri ne kadar bir s\u00fcre daha bu \u015fekilde devam edecek?<\/span>\n\t\t<\/a>\n\t\t<div id=\"accordion-2451065263-content\" class=\"accordion-inner\" aria-labelledby=\"accordion-2451065263-label\" >\n\t\t\t\n<ul>\n<li>2024 Eyl\u00fcl ay\u0131na kadar desteklerin devam etmesi hedefleniyor. Ancak bu durum ba\u015fvurular\u0131n yo\u011funlu\u011funa g\u00f6re de\u011fi\u015febilir. Desteklere dair g\u00fcncel bilgileri sosyal medya hesaplar\u0131m\u0131zdan takip edebilirsiniz.<\/li>\n<\/ul>\n\t\t<\/div>\n\t<\/div>\n\t\n\t<div id=\"accordion-3126969079\" class=\"accordion-item\">\n\t\t<a id=\"accordion-3126969079-label\" class=\"accordion-title plain\" href=\"#accordion-item-daha-\u00f6nce-uygun-bulunmam\u0131\u015f-ba\u015fvurumu-geli\u015ftirmek-i\u00e7in-sivil-d\u00fc\u015f\u00fcn-uzman-havuzu\u2019ndan-yararlanabilir-miyim?-bunun-i\u00e7in-ne-yapmam-gerekiyor?\" aria-expanded=\"false\" aria-controls=\"accordion-3126969079-content\" >\n\t\t\t<button class=\"toggle\" aria-label=\"A\u00e7\/Kapat\"><i class=\"icon-angle-down\"><\/i><\/button>\n\t\t\t<span>Daha \u00f6nce uygun bulunmam\u0131\u015f ba\u015fvurumu geli\u015ftirmek i\u00e7in Sivil D\u00fc\u015f\u00fcn Uzman Havuzu\u2019ndan yararlanabilir miyim? Bunun i\u00e7in ne yapmam gerekiyor?<\/span>\n\t\t<\/a>\n\t\t<div id=\"accordion-3126969079-content\" class=\"accordion-inner\" aria-labelledby=\"accordion-3126969079-label\" >\n\t\t\t\n<ul>\n<li>Evet, yararlanabilirsiniz. Ba\u015fvurunuzu geli\u015ftirmek amac\u0131yla haz\u0131rlayaca\u011f\u0131n\u0131z uzman deste\u011fini i\u00e7eren ba\u015fvurunuzu ayn\u0131 di\u011fer ba\u015fvurular\u0131n\u0131z\u0131 g\u00f6nderdi\u011finiz gibi Bilgi Sisteminden bizlere iletmeniz gerekir. \u00d6rnek uzman destek formunu yardimmasasi@sivildusun.eu adresine mail atarak talep edebilirsiniz.<\/li>\n<\/ul>\n\t\t<\/div>\n\t<\/div>\n\t\n<\/div>\n<\/div>\n<div id=\"tab_sivil-d\u00fc\u015f\u00fcn-yard\u0131m-masas\u0131\" class=\"panel entry-content\" role=\"tabpanel\" aria-labelledby=\"tab-sivil-d\u00fc\u015f\u00fcn-yard\u0131m-masas\u0131\">\n<div class=\"accordion\">\n\t<div id=\"accordion-3857663242\" class=\"accordion-item\">\n\t\t<a id=\"accordion-3857663242-label\" class=\"accordion-title plain\" href=\"#accordion-item-yard\u0131m-masas\u0131\u2019na-nas\u0131l-ula\u015f\u0131r\u0131m?\" aria-expanded=\"false\" aria-controls=\"accordion-3857663242-content\" >\n\t\t\t<button class=\"toggle\" aria-label=\"A\u00e7\/Kapat\"><i class=\"icon-angle-down\"><\/i><\/button>\n\t\t\t<span>Yard\u0131m Masas\u0131\u2019na nas\u0131l ula\u015f\u0131r\u0131m?<\/span>\n\t\t<\/a>\n\t\t<div id=\"accordion-3857663242-content\" class=\"accordion-inner\" aria-labelledby=\"accordion-3857663242-label\" >\n\t\t\t\n<div class=\"row\"  id=\"row-1349491170\">\n\n\t<div id=\"col-1056419566\" class=\"col medium-6 small-12 large-6\"  >\n\t\t\t\t<div class=\"col-inner\"  >\n\t\t\t\n\t\t\t\n<p><strong>Telefon: <\/strong><\/p>\n<ul>\n<li>\n<div>0 850 215 5315<\/div>\n<\/li>\n<\/ul>\n\t\t<\/div>\n\t\t\t\t\t<\/div>\n\n\t\n\n\t<div id=\"col-2098141240\" class=\"col medium-6 small-12 large-6\"  >\n\t\t\t\t<div class=\"col-inner\"  >\n\t\t\t\n\t\t\t\n<ul>\n<li>Sivil D\u00fc\u015f\u00fcn Bilgi Sistemi (MIS): URL: <a href=\"http:\/\/mis.sivildusun.eu\/\">http:\/\/mis.sivildusun.eu<\/a><\/li>\n<li>E-posta: <a href=\"mailto:yardimmasasi@sivildusun.eu\">yardimmasasi@sivildusun.eu<\/a><\/li>\n<\/ul>\n<p>Sivil D\u00fc\u015f\u00fcn ekibi SMS ve whatsapp mesajlar\u0131na yan\u0131t vermemektedir.<\/p>\n\t\t<\/div>\n\t\t\t\t\t<\/div>\n\n\t\n<\/div>\n\t\t<\/div>\n\t<\/div>\n\t\n\t<div id=\"accordion-2951085342\" class=\"accordion-item\">\n\t\t<a id=\"accordion-2951085342-label\" class=\"accordion-title plain\" href=\"#accordion-item-sivil-d\u00fc\u015f\u00fcn-yard\u0131m-masas\u0131\u2019na-ne-zaman-ula\u015fabilirim?\" aria-expanded=\"false\" aria-controls=\"accordion-2951085342-content\" >\n\t\t\t<button class=\"toggle\" aria-label=\"A\u00e7\/Kapat\"><i class=\"icon-angle-down\"><\/i><\/button>\n\t\t\t<span>Sivil D\u00fc\u015f\u00fcn Yard\u0131m Masas\u0131\u2019na ne zaman ula\u015fabilirim?<\/span>\n\t\t<\/a>\n\t\t<div id=\"accordion-2951085342-content\" class=\"accordion-inner\" aria-labelledby=\"accordion-2951085342-label\" >\n\t\t\t\n<div class=\"row\"  id=\"row-1611118469\">\n\n\t<div id=\"col-1637005880\" class=\"col small-12 large-12\"  >\n\t\t\t\t<div class=\"col-inner\"  >\n\t\t\t\n\t\t\t\n<ul>\n<li>Yard\u0131m Masas\u0131 telefon hatlar\u0131 Pazartesi, Sal\u0131, \u00c7ar\u015famba ve Per\u015fembe g\u00fcnleri, 09:30 ile 12:00 saatleri aras\u0131nda \u00e7al\u0131\u015fmaktad\u0131r.<\/li>\n<\/ul>\n\t\t<\/div>\n\t\t\t\t\t<\/div>\n\n\t\n<\/div>\n\t\t<\/div>\n\t<\/div>\n\t\n\t<div id=\"accordion-1866671669\" class=\"accordion-item\">\n\t\t<a id=\"accordion-1866671669-label\" class=\"accordion-title plain\" href=\"#accordion-item-yard\u0131m-masas\u0131-hangi-alanlarda-destek-verir?\" aria-expanded=\"false\" aria-controls=\"accordion-1866671669-content\" >\n\t\t\t<button class=\"toggle\" aria-label=\"A\u00e7\/Kapat\"><i class=\"icon-angle-down\"><\/i><\/button>\n\t\t\t<span>Yard\u0131m Masas\u0131 hangi alanlarda destek verir?<\/span>\n\t\t<\/a>\n\t\t<div id=\"accordion-1866671669-content\" class=\"accordion-inner\" aria-labelledby=\"accordion-1866671669-label\" >\n\t\t\t\n<div class=\"row\"  id=\"row-1003583799\">\n\n\t<div id=\"col-7862157\" class=\"col small-12 large-12\"  >\n\t\t\t\t<div class=\"col-inner\"  >\n\t\t\t\n\t\t\t\n<p>Sivil D\u00fc\u015f\u00fcn ekibinden program asistanlar\u0131 yard\u0131m masas\u0131 olarak sizlere destek olur. Yard\u0131m Masas\u0131:<\/p>\n<ul>\n<li>Ba\u015fvuru Rehberi<\/li>\n<li>Uygunluk Kontrol S\u00fcreci ve Kriterleri<\/li>\n<li>Uygulama Rehberi<\/li>\n<li>Sivil D\u00fc\u015f\u00fcn Bilgi Sistemi (MIS)<\/li>\n<li>Uzman Havuzu alanlar\u0131nda destek verir, size yard\u0131mc\u0131 olur.<\/li>\n<\/ul>\n<p>T\u00fcm ba\u015fvuru sahiplerine e\u015fit, adil ve objektif davranabilmek ad\u0131na, program asistanlar\u0131 sadece teknik sorular\u0131 yan\u0131tlar. Ba\u015fvurular\u0131n i\u00e7eri\u011fine dair sorular\u0131 yan\u0131tlamaz.<\/p>\n\t\t<\/div>\n\t\t\t\t\t<\/div>\n\n\t\n<\/div>\n\t\t<\/div>\n\t<\/div>\n\t\n<\/div>\n<\/div>\n<div id=\"tab_bilgilendirme-bulu\u015fmalar\u0131\" class=\"panel entry-content\" role=\"tabpanel\" aria-labelledby=\"tab-bilgilendirme-bulu\u015fmalar\u0131\">\n<div class=\"accordion\">\n\t<div id=\"accordion-153556258\" class=\"accordion-item\">\n\t\t<a id=\"accordion-153556258-label\" class=\"accordion-title plain\" href=\"#accordion-item-bilgilendirme-bulu\u015fmalar\u0131na-kimler-kat\u0131labilir?\" aria-expanded=\"false\" aria-controls=\"accordion-153556258-content\" >\n\t\t\t<button class=\"toggle\" aria-label=\"A\u00e7\/Kapat\"><i class=\"icon-angle-down\"><\/i><\/button>\n\t\t\t<span>Bilgilendirme Bulu\u015fmalar\u0131na kimler kat\u0131labilir?<\/span>\n\t\t<\/a>\n\t\t<div id=\"accordion-153556258-content\" class=\"accordion-inner\" aria-labelledby=\"accordion-153556258-label\" >\n\t\t\t\n<div class=\"row\"  id=\"row-889421242\">\n\n\t<div id=\"col-251817335\" class=\"col small-12 large-12\"  >\n\t\t\t\t<div class=\"col-inner\"  >\n\t\t\t\n\t\t\t\n<ul>\n<li>Bilgilendirme Toplant\u0131lar\u0131, Sivil D\u00fc\u015f\u00fcn destekleri hakk\u0131nda bilgi sahibi olmak isteyen herkese a\u00e7\u0131kt\u0131r.<\/li>\n<\/ul>\n\t\t<\/div>\n\t\t\t\t\t<\/div>\n\n\t\n<\/div>\n\t\t<\/div>\n\t<\/div>\n\t\n\t<div id=\"accordion-3451692809\" class=\"accordion-item\">\n\t\t<a id=\"accordion-3451692809-label\" class=\"accordion-title plain\" href=\"#accordion-item-bilgilendirme-bulu\u015fmalar\u0131-ne-zaman-yap\u0131lacak?\" aria-expanded=\"false\" aria-controls=\"accordion-3451692809-content\" >\n\t\t\t<button class=\"toggle\" aria-label=\"A\u00e7\/Kapat\"><i class=\"icon-angle-down\"><\/i><\/button>\n\t\t\t<span>Bilgilendirme Bulu\u015fmalar\u0131 ne zaman yap\u0131lacak?<\/span>\n\t\t<\/a>\n\t\t<div id=\"accordion-3451692809-content\" class=\"accordion-inner\" aria-labelledby=\"accordion-3451692809-label\" >\n\t\t\t\n<div class=\"row\"  id=\"row-2121183460\">\n\n\t<div id=\"col-1296181988\" class=\"col small-12 large-12\"  >\n\t\t\t\t<div class=\"col-inner\"  >\n\t\t\t\n\t\t\t\n<ul>\n<li>Bilgilendirme Bulu\u015fmalar\u0131 dahil Sivil D\u00fc\u015f\u00fcn\u2019\u00fcn t\u00fcm faaliyetlerini Sivil D\u00fc\u015f\u00fcn web sitesinden (sivildusun.net) takip edebilirsiniz.\u00a0 Bunun yan\u0131 s\u0131ra Sivil D\u00fc\u015f\u00fcn e-b\u00fcltenine \u00fcye olabilir veya Facebook, Twitter, Instagram, LinkedIn, ile YouTube hesaplar\u0131m\u0131z\u0131 takip edebilirsiniz.<\/li>\n<\/ul>\n\t\t<\/div>\n\t\t\t\t\t<\/div>\n\n\t\n<\/div>\n\t\t<\/div>\n\t<\/div>\n\t\n<\/div>\n<\/div>\n<div id=\"tab_uygunluk-kontrol-s\u00fcreci\" class=\"panel entry-content\" role=\"tabpanel\" aria-labelledby=\"tab-uygunluk-kontrol-s\u00fcreci\">\n<div class=\"accordion\">\n\t<div id=\"accordion-1065513705\" class=\"accordion-item\">\n\t\t<a id=\"accordion-1065513705-label\" class=\"accordion-title plain\" href=\"#accordion-item-uygunluk-kontrol-s\u00fcreci-ne-kadar-s\u00fcrer?\" aria-expanded=\"false\" aria-controls=\"accordion-1065513705-content\" >\n\t\t\t<button class=\"toggle\" aria-label=\"A\u00e7\/Kapat\"><i class=\"icon-angle-down\"><\/i><\/button>\n\t\t\t<span>Uygunluk kontrol s\u00fcreci ne kadar s\u00fcrer?<\/span>\n\t\t<\/a>\n\t\t<div id=\"accordion-1065513705-content\" class=\"accordion-inner\" aria-labelledby=\"accordion-1065513705-label\" >\n\t\t\t\n<div class=\"row\"  id=\"row-6843510\">\n\n\t<div id=\"col-428073717\" class=\"col small-12 large-12\"  >\n\t\t\t\t<div class=\"col-inner\"  >\n\t\t\t\n\t\t\t\n<ul>\n<li>Ba\u015fvurular, Sivil D\u00fc\u015f\u00fcn\u2019e ula\u015fma s\u0131ras\u0131na g\u00f6re de\u011ferlendirilir. Ba\u015fvurunuz acil bir konuyla ilgiliyse, l\u00fctfen bunu formda belirtin. S\u00fcreci h\u0131zland\u0131rmak i\u00e7in elimizden geleni yapaca\u011f\u0131z. Ba\u015fvurunuzun hangi a\u015famada oldu\u011funu Sivil D\u00fc\u015f\u00fcn Bilgi Sistemi (MIS) \u00fczerinden takip edebilirsiniz.<\/li>\n<\/ul>\n\t\t<\/div>\n\t\t\t\t\t<\/div>\n\n\t\n<\/div>\n\t\t<\/div>\n\t<\/div>\n\t\n\t<div id=\"accordion-3654646402\" class=\"accordion-item\">\n\t\t<a id=\"accordion-3654646402-label\" class=\"accordion-title plain\" href=\"#accordion-item-uygunluk-kontrol-s\u00fcreci-nas\u0131l-i\u015fler?\" aria-expanded=\"false\" aria-controls=\"accordion-3654646402-content\" >\n\t\t\t<button class=\"toggle\" aria-label=\"A\u00e7\/Kapat\"><i class=\"icon-angle-down\"><\/i><\/button>\n\t\t\t<span>Uygunluk kontrol s\u00fcreci nas\u0131l i\u015fler?<\/span>\n\t\t<\/a>\n\t\t<div id=\"accordion-3654646402-content\" class=\"accordion-inner\" aria-labelledby=\"accordion-3654646402-label\" >\n\t\t\t\n<div class=\"row\"  id=\"row-1280550718\">\n\n\t<div id=\"col-1740403442\" class=\"col small-12 large-12\"  >\n\t\t\t\t<div class=\"col-inner\"  >\n\t\t\t\n\t\t\t\n<p><strong>\u0130ki a\u015famada ger\u00e7ekle\u015fir:<\/strong><\/p>\n<ul>\n<li>\u0130lk a\u015famada Teknik Uygunluk Kontrol\u00fc yap\u0131l\u0131r ve ba\u015fvurunun temel uygunluk gerekliliklerini kar\u015f\u0131lay\u0131p kar\u015f\u0131lamad\u0131\u011f\u0131na bak\u0131l\u0131r.<\/li>\n<li>\u0130kinci a\u015famada \u0130\u00e7eriksel Uygunluk Kontrol\u00fc yap\u0131l\u0131r ve ba\u015fvuruda bulundu\u011funuz \u00e7al\u0131\u015fman\u0131z\u0131n uygulanabilirli\u011fi ile hedef grubunuzun ihtiya\u00e7lar\u0131n\u0131 kar\u015f\u0131lama potansiyeli de\u011ferlendirilir.<\/li>\n<\/ul>\n<p><strong>Teknik Uygunluk Kontrol\u00fc Kriterleri:<\/strong><\/p>\n<ul>\n<li>Ba\u015fvuru sahibi, Ba\u015fvuru Rehberi\u2019ndeki \u201cKimler Ba\u015fvurabilir?\u201d b\u00f6l\u00fcm\u00fcnde belirtilen akt\u00f6rler ile uyumludur.<\/li>\n<li>Ba\u015fvuru sahibi, AB de\u011ferlerini benimser.<\/li>\n<li>Ba\u015fvuru sahibi, uluslararas\u0131 anla\u015fmalarda tan\u0131mlanan temel hak ve \u00f6zg\u00fcrl\u00fckleri geli\u015ftirmek i\u00e7in \u00e7al\u0131\u015f\u0131r.<\/li>\n<li>Ba\u015fvuru, Sivil D\u00fc\u015f\u00fcn genel deste\u011finin ama\u00e7lar\u0131ndan biri ile uyumludur.<\/li>\n<li>Ba\u015fvuru sahibi, Sivil D\u00fc\u015f\u00fcn Bilgi Sistemi\u2019nde kay\u0131tl\u0131d\u0131r.<\/li>\n<li>Ba\u015fvuru Sahibi, kay\u0131t a\u015famas\u0131nda istenen t\u00fcm bilgileri eksiksiz olarak sundu.<\/li>\n<li>Ba\u015fvuru Sahibi, ba\u015fvuru formunda yer alan t\u00fcm sorular\u0131 yan\u0131tlad\u0131.<\/li>\n<\/ul>\n\t\t<\/div>\n\t\t\t\t\t<\/div>\n\n\t\n<\/div>\n\t\t<\/div>\n\t<\/div>\n\t\n\t<div id=\"accordion-3845911640\" class=\"accordion-item\">\n\t\t<a id=\"accordion-3845911640-label\" class=\"accordion-title plain\" href=\"#accordion-item-uygunluk-kontrol-kriterleri-nelerdir?\" aria-expanded=\"false\" aria-controls=\"accordion-3845911640-content\" >\n\t\t\t<button class=\"toggle\" aria-label=\"A\u00e7\/Kapat\"><i class=\"icon-angle-down\"><\/i><\/button>\n\t\t\t<span>Uygunluk kontrol kriterleri nelerdir?<\/span>\n\t\t<\/a>\n\t\t<div id=\"accordion-3845911640-content\" class=\"accordion-inner\" aria-labelledby=\"accordion-3845911640-label\" >\n\t\t\t\n<div class=\"row\"  id=\"row-565749572\">\n\n\t<div id=\"col-844229326\" class=\"col small-12 large-12\"  >\n\t\t\t\t<div class=\"col-inner\"  >\n\t\t\t\n\t\t\t\n<p><strong>\u0130\u00e7eriksel Uygunluk Kontrol\u00fc Kriterleri:<\/strong><\/p>\n<p><strong>a.\u00a0\u00a0\u00a0\u00a0 Belirleyici Kriterler:<\/strong><\/p>\n<p>1.\u00a0\u00a0\u00a0\u00a0 Ba\u015fvuru, faaliyetlerin temel hak ve \u00f6zg\u00fcrl\u00fcklerin iyile\u015ftirilmesine nas\u0131l katk\u0131da bulunaca\u011f\u0131n\u0131 a\u00e7\u0131k\u00e7a tan\u0131ml\u0131yor.<\/p>\n<p>2.\u00a0\u00a0\u00a0\u00a0 \u00d6nerilen \u00e7al\u0131\u015fma belirli bir alana y\u00f6nelik, etkileri \u00f6l\u00e7\u00fclebilen, eri\u015filebilen, eldeki kaynaklarla ve belirli s\u00fcrede hayata ge\u00e7irilmeye uygun g\u00f6r\u00fcn\u00fcyor.<\/p>\n<p>3.\u00a0\u00a0\u00a0\u00a0 Ba\u015fvuru, hedef kitleyi ve ihtiya\u00e7lar\u0131n\u0131 net bir \u015fekilde tan\u0131ml\u0131yor.<\/p>\n<p>4.\u00a0\u00a0\u00a0\u00a0 \u00d6nerilen faaliyetler hedef kitlenin ihtiya\u00e7lar\u0131n\u0131 kar\u015f\u0131l\u0131yor.<\/p>\n<p>5.\u00a0\u00a0\u00a0\u00a0 B\u00fct\u00e7e miktar\u0131 ve \/ veya uzman deste\u011fi talebi, planlanan faaliyetleri ger\u00e7ekle\u015ftirmek i\u00e7in uygun ve gerekli.<\/p>\n<p><strong>b.\u00a0\u00a0\u00a0\u00a0 Destekleyici Kriterler:<\/strong><\/p>\n<p>1.\u00a0\u00a0\u00a0\u00a0 \u00d6nerilen \u00e7al\u0131\u015fma, faaliyet kapsam\u0131n\u0131n ve hedef kitlesinin \u00f6tesine ge\u00e7en faydalar \u00fcretiyor.<\/p>\n<p>2.\u00a0\u00a0\u00a0\u00a0 \u00d6nerilen \u00e7al\u0131\u015fma, yarat\u0131c\u0131l\u0131k \/ yenilik\u00e7ilik \u00f6rne\u011fi olacak veya yeni y\u00f6ntem ve yollar\u0131n kullan\u0131m\u0131 i\u00e7in \u00f6nayak oluyor.<\/p>\n<p>3.\u00a0\u00a0\u00a0\u00a0 \u00d6nerilen faaliyetler toplumun farkl\u0131 kesimlerinden gruplar\u0131n kat\u0131l\u0131m\u0131n\u0131 sa\u011fl\u0131yor veya i\u015f birli\u011fini te\u015fvik ediyor.<\/p>\n<p>4.\u00a0\u00a0\u00a0\u00a0 Mevcut ko\u015fullar bu \u00e7al\u0131\u015fmaya olan ihtiyac\u0131 acil hale getiriyor.<\/p>\n<p>5.\u00a0\u00a0\u00a0\u00a0 \u00c7al\u0131\u015fma, \u00f6zellikle \u015fu anda haklar\u0131 savunmas\u0131z olan bir grubun ihtiya\u00e7lar\u0131n\u0131 ele al\u0131yor.<\/p>\n\t\t<\/div>\n\t\t\t\t\t<\/div>\n\n\t\n<\/div>\n\t\t<\/div>\n\t<\/div>\n\t\n\t<div id=\"accordion-2211469787\" class=\"accordion-item\">\n\t\t<a id=\"accordion-2211469787-label\" class=\"accordion-title plain\" href=\"#accordion-item-uygunluk-kontrol\u00fc-kimler-taraf\u0131ndan-yap\u0131l\u0131yor?\" aria-expanded=\"false\" aria-controls=\"accordion-2211469787-content\" >\n\t\t\t<button class=\"toggle\" aria-label=\"A\u00e7\/Kapat\"><i class=\"icon-angle-down\"><\/i><\/button>\n\t\t\t<span>Uygunluk kontrol\u00fc kimler taraf\u0131ndan yap\u0131l\u0131yor?<\/span>\n\t\t<\/a>\n\t\t<div id=\"accordion-2211469787-content\" class=\"accordion-inner\" aria-labelledby=\"accordion-2211469787-label\" >\n\t\t\t\n<div class=\"row\"  id=\"row-486101931\">\n\n\t<div id=\"col-398689061\" class=\"col small-12 large-12\"  >\n\t\t\t\t<div class=\"col-inner\"  >\n\t\t\t\n\t\t\t\n<ul>\n<li>Teknik Uygunluk Kontrol\u00fc, Sivil D\u00fc\u015f\u00fcn ekibinde yer alan Program Destek Uzmanlar\u0131 taraf\u0131ndan ger\u00e7ekle\u015ftirilir.<\/li>\n<li>\u0130\u00e7eriksel Uygunluk Kontrol\u00fc, sivil toplum \u00e7al\u0131\u015fmalar\u0131 alan\u0131nda yetkin uzmanlar taraf\u0131ndan yap\u0131l\u0131r. Her bir ba\u015fvuru, birbirinden ve Sivil D\u00fc\u015f\u00fcn\u2019den ba\u011f\u0131ms\u0131z iki uzman taraf\u0131ndan incelenir ve ve bu iki uzman t\u00fcm yan\u0131tlar \u00fczerinde fikir birli\u011fine var\u0131r.<\/li>\n<li>Sivil D\u00fc\u015f\u00fcn ekibi, ba\u015fvurular\u0131n uygunlu\u011funa dair bir karar vermez ancak, uzmanlar\u0131n prosed\u00fcrleri takip edip etmedi\u011fini kontrol eder.<\/li>\n<\/ul>\n\t\t<\/div>\n\t\t\t\t\t<\/div>\n\n\t\n<\/div>\n\t\t<\/div>\n\t<\/div>\n\t\n\t<div id=\"accordion-2032560662\" class=\"accordion-item\">\n\t\t<a id=\"accordion-2032560662-label\" class=\"accordion-title plain\" href=\"#accordion-item-sonu\u00e7tan-nas\u0131l-haberdar-olaca\u011f\u0131m?\" aria-expanded=\"false\" aria-controls=\"accordion-2032560662-content\" >\n\t\t\t<button class=\"toggle\" aria-label=\"A\u00e7\/Kapat\"><i class=\"icon-angle-down\"><\/i><\/button>\n\t\t\t<span>Sonu\u00e7tan nas\u0131l haberdar olaca\u011f\u0131m?<\/span>\n\t\t<\/a>\n\t\t<div id=\"accordion-2032560662-content\" class=\"accordion-inner\" aria-labelledby=\"accordion-2032560662-label\" >\n\t\t\t\n<div class=\"row\"  id=\"row-1233485123\">\n\n\t<div id=\"col-378078052\" class=\"col small-12 large-12\"  >\n\t\t\t\t<div class=\"col-inner\"  >\n\t\t\t\n\t\t\t\n<ul>\n<li>Ba\u015fvurunuzun hangi a\u015famada oldu\u011funu MIS \u00fczerinden takip edebilirsiniz.<\/li>\n<li>Sonu\u00e7lara dair Sivil D\u00fc\u015f\u00fcn ekibi sizi e-posta arac\u0131l\u0131\u011f\u0131yla bilgilendirecektir.<\/li>\n<\/ul>\n\t\t<\/div>\n\t\t\t\t\t<\/div>\n\n\t\n<\/div>\n\t\t<\/div>\n\t<\/div>\n\t\n\t<div id=\"accordion-1025377341\" class=\"accordion-item\">\n\t\t<a id=\"accordion-1025377341-label\" class=\"accordion-title plain\" href=\"#accordion-item-de\u011ferlendiriciler,-ba\u015fvuru-konusu-onlara-\u00e7ok-yabanc\u0131-geliyorsa-ya-da-\u00e7ok-marjinal-bir-konuysa-daha-iyi-anlamak-i\u00e7in-ba\u015fvuru-sahibine-sorular-soruyor-mu?\" aria-expanded=\"false\" aria-controls=\"accordion-1025377341-content\" >\n\t\t\t<button class=\"toggle\" aria-label=\"A\u00e7\/Kapat\"><i class=\"icon-angle-down\"><\/i><\/button>\n\t\t\t<span>De\u011ferlendiriciler, ba\u015fvuru konusu onlara \u00e7ok yabanc\u0131 geliyorsa ya da \u00e7ok marjinal bir konuysa daha iyi anlamak i\u00e7in ba\u015fvuru sahibine sorular soruyor mu?<\/span>\n\t\t<\/a>\n\t\t<div id=\"accordion-1025377341-content\" class=\"accordion-inner\" aria-labelledby=\"accordion-1025377341-label\" >\n\t\t\t\n<div class=\"row\"  id=\"row-1191260742\">\n\n\t<div id=\"col-887277292\" class=\"col small-12 large-12\"  >\n\t\t\t\t<div class=\"col-inner\"  >\n\t\t\t\n\t\t\t\n<ul>\n<li>Avrupa Birli\u011fi T\u00fcrkiye Delegasyonu taraf\u0131ndan onaylanm\u0131\u015f uygunluk kontrol\u00fc uzmanlar\u0131 ve\/veya Sivil D\u00fc\u015f\u00fcn teknik destek ekibi, gerekli g\u00f6rd\u00fc\u011f\u00fc taktirde ba\u015fvuru sahibine sorular y\u00f6neltebilir. Uzmanlar\u0131n, ba\u015fvurunuza ili\u015fkin notlar\u0131, geri bildirimleri ve iyile\u015ftirme i\u00e7in y\u00f6nergeleri Sivil D\u00fc\u015f\u00fcn Bilgi Sisteminde yer al\u0131r. Ba\u015fvurunuzun iyile\u015ftirilmesi gerekiyorsa Sivil D\u00fc\u015f\u00fcn ekibi, Uygunluk Kontrol\u00fc Uzmanlar\u0131n\u0131n geri bildirimleri do\u011frultusunda size e-posta arac\u0131l\u0131\u011f\u0131yla Revizyon Talebi g\u00f6nderir. Daha detayl\u0131 bilgi i\u00e7in Ba\u015fvuru Rehberi\u2019nde yer alan Ba\u015fvurular\u0131n Uygunluk Kontrol\u00fc k\u0131sm\u0131n\u0131 inceleyin.<\/li>\n<\/ul>\n\t\t<\/div>\n\t\t\t\t\t<\/div>\n\n\t\n<\/div>\n\t\t<\/div>\n\t<\/div>\n\t\n<\/div>\n<\/div><\/div><\/div>\n\t\t<\/div>\n\t\t\t\t\t<\/div>\n\n\t\n<\/div>\n\t\t<\/div>\n\n\t\t\n<style>\n#section_2103046579 {\n  padding-top: 30px;\n  padding-bottom: 30px;\n}\n<\/style>\n\t<\/section>\n\t\n","protected":false},"excerpt":{"rendered":"","protected":false},"author":3,"featured_media":23567,"parent":524,"menu_order":5,"comment_status":"closed","ping_status":"closed","template":"page-blank.php","meta":{"footnotes":""},"_links":{"self":[{"href":"https:\/\/www.sivildusun.net\/yedek18062024\/wp-json\/wp\/v2\/pages\/29403"}],"collection":[{"href":"https:\/\/www.sivildusun.net\/yedek18062024\/wp-json\/wp\/v2\/pages"}],"about":[{"href":"https:\/\/www.sivildusun.net\/yedek18062024\/wp-json\/wp\/v2\/types\/page"}],"author":[{"embeddable":true,"href":"https:\/\/www.sivildusun.net\/yedek18062024\/wp-json\/wp\/v2\/users\/3"}],"replies":[{"embeddable":true,"href":"https:\/\/www.sivildusun.net\/yedek18062024\/wp-json\/wp\/v2\/comments?post=29403"}],"version-history":[{"count":0,"href":"https:\/\/www.sivildusun.net\/yedek18062024\/wp-json\/wp\/v2\/pages\/29403\/revisions"}],"up":[{"embeddable":true,"href":"https:\/\/www.sivildusun.net\/yedek18062024\/wp-json\/wp\/v2\/pages\/524"}],"wp:featuredmedia":[{"embeddable":true,"href":"https:\/\/www.sivildusun.net\/yedek18062024\/wp-json\/wp\/v2\/media\/23567"}],"wp:attachment":[{"href":"https:\/\/www.sivildusun.net\/yedek18062024\/wp-json\/wp\/v2\/media?parent=29403"}],"curies":[{"name":"wp","href":"https:\/\/api.w.org\/{rel}","templated":true}]}}