{"id":30595,"date":"2022-09-16T15:43:36","date_gmt":"2022-09-16T12:43:36","guid":{"rendered":"https:\/\/www.sivildusun.net\/?page_id=30595"},"modified":"2022-10-04T10:22:18","modified_gmt":"2022-10-04T07:22:18","slug":"dunyalar-ilham-dozu","status":"publish","type":"page","link":"https:\/\/www.sivildusun.net\/yedek18062024\/ilham-al\/calisma-urunleri\/dunyalar-ilham-dozu\/","title":{"rendered":"Haftal\u0131k \u0130lham Dozu"},"content":{"rendered":"\t<section class=\"section\" id=\"section_2137243726\">\n\t\t<div class=\"bg section-bg fill bg-fill  bg-loaded\" >\n\n\t\t\t\n\t\t\t<div class=\"loading-spin centered\"><\/div>\n\t\t\t\n\n\t\t<\/div>\n\n\t\t\n\n\t\t<div class=\"section-content relative\">\n\t\t\t\n<div class=\"row\"  id=\"row-959956208\">\n\n\t<div id=\"col-1677373415\" class=\"col rightsidebar medium-3 small-12 large-3\"  >\n\t\t\t\t<div class=\"col-inner\"  >\n\t\t\t\n\t\t\t\n<div class=\"row rightsidebar\"  id=\"row-902910686\">\n\n\n\t<div id=\"col-2100347246\" class=\"col small-12 large-12\"  >\n\t\t\t\t<div class=\"col-inner box-shadow-3\"  >\n\t\t\t\n\t\t\t\n\n\n\t\t<div class=\"icon-box featured-box icon-box-left text-left\"  >\n\t\t\t\t<div class=\"icon-box-text last-reset\">\n\t\t\t\t\t\t\t\t\t\n\n\t<div id=\"gap-1845105478\" class=\"gap-element clearfix\" style=\"display:block; height:auto;\">\n\t\t\n<style>\n#gap-1845105478 {\n  padding-top: 6px;\n}\n<\/style>\n\t<\/div>\n\t\n\n<h3>\u0130lham Al<\/h3>\n<div class=\"is-divider divider clearfix\" style=\"max-width:100%;background-color:rgb(233, 72, 63);\"><\/div>\n\n\n\t\t<\/div>\n\t<\/div>\n\t\n\t\n<p>[bellows config_id=\"main\" menu=\"6459\"]<\/p>\n\n\t\t<\/div>\n\t\t\t\t\n<style>\n#col-2100347246 > .col-inner {\n  padding: 0px 10px 0px 10px;\n}\n<\/style>\n\t<\/div>\n\n\t\n\n<\/div>\n\t\t<\/div>\n\t\t\t\t\t<\/div>\n\n\t\n\n\t<div id=\"col-1626106491\" class=\"col medium-9 small-12 large-9\"  >\n\t\t\t\t<div class=\"col-inner\"  >\n\t\t\t\n\t\t\t\n\n\t\t<div class=\"icon-box featured-box icon-box-left text-left\"  >\n\t\t\t\t<div class=\"icon-box-text last-reset\">\n\t\t\t\t\t\t\t\t\t\n  <div id=\"page-header-1695626841\" class=\"page-header-wrapper\">\n  <div class=\"page-title light divided-title\">\n\n    \n    <div class=\"page-title-inner container align-center flex-row medium-flex-wrap\" >\n              <div class=\"title-wrapper is-xlarge flex-col text-left medium-text-center\">\n          <h1 class=\"entry-title mb-0\">\n            Haftal\u0131k \u0130lham Dozu          <\/h1>\n        <\/div>\n                    <div class=\"title-content flex-col flex-right text-right medium-text-center\">\n        <div class=\"title-breadcrumbs pb-half pt-half\"><\/div>      <\/div>\n    <\/div>\n\n       <\/div>\n  <div class=\"container header-wrapper-divider\"><hr\/><\/div>  <\/div>\n  \n\t<div id=\"gap-2079175647\" class=\"gap-element clearfix\" style=\"display:block; height:auto;\">\n\t\t\n<style>\n#gap-2079175647 {\n  padding-top: 30px;\n}\n<\/style>\n\t<\/div>\n\t\n\t\t<\/div>\n\t<\/div>\n\t\n\t\n<div class=\"row align-equal\"  id=\"row-181895728\">\n\n\t<div id=\"col-1589728769\" class=\"col small-12 large-12\"  >\n\t\t\t\t<div class=\"col-inner\"  >\n\t\t\t\n\t\t\t\n\n  \n    <div class=\"row large-columns-3 medium-columns-1 small-columns-1 has-shadow row-box-shadow-3-hover\" >\n  <div class=\"col post-item\" >\n\t\t\t<div class=\"col-inner\">\n\t\t\t\t<div class=\"box box-bounce box-text-bottom box-blog-post has-hover\">\n            \t\t\t\t\t<div class=\"box-image\" >\n  \t\t\t\t\t\t<div class=\"image-cover\" style=\"padding-top:56.25%;\">\n\t\t\t\t\t\t\t<a href=\"https:\/\/www.sivildusun.net\/yedek18062024\/ilham-dozu-kapsama-alani\/\" class=\"plain\" aria-label=\"\u0130lham Dozu | ayr\u0131mc\u0131l\u0131k derdine derman \u00fcretenler: Kapsama Alan\u0131 ekibi\">\n\t\t\t\t\t\t\t\t<img fetchpriority=\"high\" decoding=\"async\" width=\"400\" height=\"225\" src=\"https:\/\/www.sivildusun.net\/yedek18062024\/wp-content\/uploads\/2023\/11\/new_website_post_size-1-1-400x225.png\" class=\"attachment-medium size-medium wp-post-image\" alt=\"\" srcset=\"https:\/\/www.sivildusun.net\/yedek18062024\/wp-content\/uploads\/2023\/11\/new_website_post_size-1-1-400x225.png 400w, https:\/\/www.sivildusun.net\/yedek18062024\/wp-content\/uploads\/2023\/11\/new_website_post_size-1-1-1024x576.png 1024w, https:\/\/www.sivildusun.net\/yedek18062024\/wp-content\/uploads\/2023\/11\/new_website_post_size-1-1-768x432.png 768w, https:\/\/www.sivildusun.net\/yedek18062024\/wp-content\/uploads\/2023\/11\/new_website_post_size-1-1.png 1280w\" sizes=\"(max-width: 400px) 100vw, 400px\" \/>\t\t\t\t\t\t\t<\/a>\n  \t\t\t\t\t\t\t  \t\t\t\t\t\t\t  \t\t\t\t\t\t<\/div>\n  \t\t\t\t\t\t  \t\t\t\t\t<\/div>\n          \t\t\t\t\t<div class=\"box-text text-left\" >\n\t\t\t\t\t<div class=\"box-text-inner blog-post-inner\">\n\n\t\t\t\t\t\n\t\t\t\t\t\t\t\t\t\t<h5 class=\"post-title is-large \">\n\t\t\t\t\t\t<a href=\"https:\/\/www.sivildusun.net\/yedek18062024\/ilham-dozu-kapsama-alani\/\" class=\"plain\">\u0130lham Dozu | ayr\u0131mc\u0131l\u0131k derdine derman \u00fcretenler: Kapsama Alan\u0131 ekibi<\/a>\n\t\t\t\t\t<\/h5>\n\t\t\t\t\t\t\t\t\t\t<div class=\"is-divider\"><\/div>\n\t\t\t\t\t\t\t\t\t\t<p class=\"from_the_blog_excerpt \">\n\t\t\t\t\t\tNefret Su\u00e7u Ma\u011fduru Translar\u0131 Anma G\u00fcn\u00fcne selam verdi\u011fimiz bu hafta, sizleri Kapsama Alan\u0131 ekibiyle bulu\u015fturmak...\t\t\t\t\t<\/p>\n\t\t\t\t\t                    \n\t\t\t\t\t\n\t\t\t\t\t\n\t\t\t\t\t<\/div>\n\t\t\t\t\t<\/div>\n\t\t\t\t\t\t\t\t\t\t\t\t\t\t\t\t<div class=\"badge absolute top post-date badge-square\">\n\t\t\t\t\t\t\t<div class=\"badge-inner\">\n\t\t\t\t\t\t\t\t<span class=\"post-date-day\">21<\/span><br>\n\t\t\t\t\t\t\t\t<span class=\"post-date-month is-xsmall\">Kas<\/span>\n\t\t\t\t\t\t\t<\/div>\n\t\t\t\t\t\t<\/div>\n\t\t\t\t\t\t\t\t\t<\/div>\n\t\t\t<\/div>\n\t\t<\/div><div class=\"col post-item\" >\n\t\t\t<div class=\"col-inner\">\n\t\t\t\t<div class=\"box box-bounce box-text-bottom box-blog-post has-hover\">\n            \t\t\t\t\t<div class=\"box-image\" >\n  \t\t\t\t\t\t<div class=\"image-cover\" style=\"padding-top:56.25%;\">\n\t\t\t\t\t\t\t<a href=\"https:\/\/www.sivildusun.net\/yedek18062024\/ilham-dozu-yikilan-mahalleden-filizlenen-topluluk-sulukule-gonulluleri\/\" class=\"plain\" aria-label=\"\u0130lham Dozu | Y\u0131k\u0131lan mahalleden filizlenen topluluk: Sulukule G\u00f6n\u00fcll\u00fcleri\">\n\t\t\t\t\t\t\t\t<img decoding=\"async\" width=\"400\" height=\"225\" src=\"https:\/\/www.sivildusun.net\/yedek18062024\/wp-content\/uploads\/2023\/11\/new_website_post_size-1-400x225.png\" class=\"attachment-medium size-medium wp-post-image\" alt=\"\" srcset=\"https:\/\/www.sivildusun.net\/yedek18062024\/wp-content\/uploads\/2023\/11\/new_website_post_size-1-400x225.png 400w, https:\/\/www.sivildusun.net\/yedek18062024\/wp-content\/uploads\/2023\/11\/new_website_post_size-1-1024x576.png 1024w, https:\/\/www.sivildusun.net\/yedek18062024\/wp-content\/uploads\/2023\/11\/new_website_post_size-1-768x432.png 768w, https:\/\/www.sivildusun.net\/yedek18062024\/wp-content\/uploads\/2023\/11\/new_website_post_size-1.png 1280w\" sizes=\"(max-width: 400px) 100vw, 400px\" \/>\t\t\t\t\t\t\t<\/a>\n  \t\t\t\t\t\t\t  \t\t\t\t\t\t\t  \t\t\t\t\t\t<\/div>\n  \t\t\t\t\t\t  \t\t\t\t\t<\/div>\n          \t\t\t\t\t<div class=\"box-text text-left\" >\n\t\t\t\t\t<div class=\"box-text-inner blog-post-inner\">\n\n\t\t\t\t\t\n\t\t\t\t\t\t\t\t\t\t<h5 class=\"post-title is-large \">\n\t\t\t\t\t\t<a href=\"https:\/\/www.sivildusun.net\/yedek18062024\/ilham-dozu-yikilan-mahalleden-filizlenen-topluluk-sulukule-gonulluleri\/\" class=\"plain\">\u0130lham Dozu | Y\u0131k\u0131lan mahalleden filizlenen topluluk: Sulukule G\u00f6n\u00fcll\u00fcleri<\/a>\n\t\t\t\t\t<\/h5>\n\t\t\t\t\t\t\t\t\t\t<div class=\"is-divider\"><\/div>\n\t\t\t\t\t\t\t\t\t\t<p class=\"from_the_blog_excerpt \">\n\t\t\t\t\t\tDe\u011fi\u015fim ve d\u00f6n\u00fc\u015f\u00fcmler \u00e7o\u011funlukla bir y\u0131k\u0131m\u0131n ard\u0131ndan geliyor. Sizleri bug\u00fcn kendilerini \u00e7\u00f6ken \u015feylerin kar\u015f\u0131s\u0131nda \u00fcreterek,...\t\t\t\t\t<\/p>\n\t\t\t\t\t                    \n\t\t\t\t\t\n\t\t\t\t\t\n\t\t\t\t\t<\/div>\n\t\t\t\t\t<\/div>\n\t\t\t\t\t\t\t\t\t\t\t\t\t\t\t\t<div class=\"badge absolute top post-date badge-square\">\n\t\t\t\t\t\t\t<div class=\"badge-inner\">\n\t\t\t\t\t\t\t\t<span class=\"post-date-day\">12<\/span><br>\n\t\t\t\t\t\t\t\t<span class=\"post-date-month is-xsmall\">Kas<\/span>\n\t\t\t\t\t\t\t<\/div>\n\t\t\t\t\t\t<\/div>\n\t\t\t\t\t\t\t\t\t<\/div>\n\t\t\t<\/div>\n\t\t<\/div><div class=\"col post-item\" >\n\t\t\t<div class=\"col-inner\">\n\t\t\t\t<div class=\"box box-bounce box-text-bottom box-blog-post has-hover\">\n            \t\t\t\t\t<div class=\"box-image\" >\n  \t\t\t\t\t\t<div class=\"image-cover\" style=\"padding-top:56.25%;\">\n\t\t\t\t\t\t\t<a href=\"https:\/\/www.sivildusun.net\/yedek18062024\/ilham-dozu-ureticilerle-tureticileri-bulusturan-topluluk-good4trust\/\" class=\"plain\" aria-label=\"\u0130lham Dozu | \u00dcreticilerle t\u00fcreticileri bulu\u015fturan topluluk: Good4trust\">\n\t\t\t\t\t\t\t\t<img decoding=\"async\" width=\"400\" height=\"258\" src=\"https:\/\/www.sivildusun.net\/yedek18062024\/wp-content\/uploads\/2023\/10\/Resim1-400x258.jpg\" class=\"attachment-medium size-medium wp-post-image\" alt=\"\" srcset=\"https:\/\/www.sivildusun.net\/yedek18062024\/wp-content\/uploads\/2023\/10\/Resim1-400x258.jpg 400w, https:\/\/www.sivildusun.net\/yedek18062024\/wp-content\/uploads\/2023\/10\/Resim1-768x495.jpg 768w, https:\/\/www.sivildusun.net\/yedek18062024\/wp-content\/uploads\/2023\/10\/Resim1.jpg 939w\" sizes=\"(max-width: 400px) 100vw, 400px\" \/>\t\t\t\t\t\t\t<\/a>\n  \t\t\t\t\t\t\t  \t\t\t\t\t\t\t  \t\t\t\t\t\t<\/div>\n  \t\t\t\t\t\t  \t\t\t\t\t<\/div>\n          \t\t\t\t\t<div class=\"box-text text-left\" >\n\t\t\t\t\t<div class=\"box-text-inner blog-post-inner\">\n\n\t\t\t\t\t\n\t\t\t\t\t\t\t\t\t\t<h5 class=\"post-title is-large \">\n\t\t\t\t\t\t<a href=\"https:\/\/www.sivildusun.net\/yedek18062024\/ilham-dozu-ureticilerle-tureticileri-bulusturan-topluluk-good4trust\/\" class=\"plain\">\u0130lham Dozu | \u00dcreticilerle t\u00fcreticileri bulu\u015fturan topluluk: Good4trust<\/a>\n\t\t\t\t\t<\/h5>\n\t\t\t\t\t\t\t\t\t\t<div class=\"is-divider\"><\/div>\n\t\t\t\t\t\t\t\t\t\t<p class=\"from_the_blog_excerpt \">\n\t\t\t\t\t\t\u015eu a\u015fikar ki t\u00fcketim bi\u00e7imimiz d\u00fcnyam\u0131z\u0131 t\u00fcketiyor. Onu daha iyi hale getirmek, daha ya\u015fanabilir k\u0131lmak...\t\t\t\t\t<\/p>\n\t\t\t\t\t                    \n\t\t\t\t\t\n\t\t\t\t\t\n\t\t\t\t\t<\/div>\n\t\t\t\t\t<\/div>\n\t\t\t\t\t\t\t\t\t\t\t\t\t\t\t\t<div class=\"badge absolute top post-date badge-square\">\n\t\t\t\t\t\t\t<div class=\"badge-inner\">\n\t\t\t\t\t\t\t\t<span class=\"post-date-day\">27<\/span><br>\n\t\t\t\t\t\t\t\t<span class=\"post-date-month is-xsmall\">Eki<\/span>\n\t\t\t\t\t\t\t<\/div>\n\t\t\t\t\t\t<\/div>\n\t\t\t\t\t\t\t\t\t<\/div>\n\t\t\t<\/div>\n\t\t<\/div><div class=\"col post-item\" >\n\t\t\t<div class=\"col-inner\">\n\t\t\t\t<div class=\"box box-bounce box-text-bottom box-blog-post has-hover\">\n            \t\t\t\t\t<div class=\"box-image\" >\n  \t\t\t\t\t\t<div class=\"image-cover\" style=\"padding-top:56.25%;\">\n\t\t\t\t\t\t\t<a href=\"https:\/\/www.sivildusun.net\/yedek18062024\/ilham-dozu-iyi-kalmaya-oncelik-verenlerin-toplulugu-travma-ve-iyilesme-dernegi\/\" class=\"plain\" aria-label=\"\u0130lham Dozu | \u0130yi kalmaya \u00f6ncelik verenlerin toplulu\u011fu: Travma ve \u0130yile\u015fme Derne\u011fi\">\n\t\t\t\t\t\t\t\t<img loading=\"lazy\" decoding=\"async\" width=\"400\" height=\"225\" src=\"https:\/\/www.sivildusun.net\/yedek18062024\/wp-content\/uploads\/2023\/10\/Ilhamdozu_twitter-7-400x225.png\" class=\"attachment-medium size-medium wp-post-image\" alt=\"\" srcset=\"https:\/\/www.sivildusun.net\/yedek18062024\/wp-content\/uploads\/2023\/10\/Ilhamdozu_twitter-7-400x225.png 400w, https:\/\/www.sivildusun.net\/yedek18062024\/wp-content\/uploads\/2023\/10\/Ilhamdozu_twitter-7-1024x576.png 1024w, https:\/\/www.sivildusun.net\/yedek18062024\/wp-content\/uploads\/2023\/10\/Ilhamdozu_twitter-7-768x432.png 768w, https:\/\/www.sivildusun.net\/yedek18062024\/wp-content\/uploads\/2023\/10\/Ilhamdozu_twitter-7-1536x864.png 1536w, https:\/\/www.sivildusun.net\/yedek18062024\/wp-content\/uploads\/2023\/10\/Ilhamdozu_twitter-7.png 1600w\" sizes=\"(max-width: 400px) 100vw, 400px\" \/>\t\t\t\t\t\t\t<\/a>\n  \t\t\t\t\t\t\t  \t\t\t\t\t\t\t  \t\t\t\t\t\t<\/div>\n  \t\t\t\t\t\t  \t\t\t\t\t<\/div>\n          \t\t\t\t\t<div class=\"box-text text-left\" >\n\t\t\t\t\t<div class=\"box-text-inner blog-post-inner\">\n\n\t\t\t\t\t\n\t\t\t\t\t\t\t\t\t\t<h5 class=\"post-title is-large \">\n\t\t\t\t\t\t<a href=\"https:\/\/www.sivildusun.net\/yedek18062024\/ilham-dozu-iyi-kalmaya-oncelik-verenlerin-toplulugu-travma-ve-iyilesme-dernegi\/\" class=\"plain\">\u0130lham Dozu | \u0130yi kalmaya \u00f6ncelik verenlerin toplulu\u011fu: Travma ve \u0130yile\u015fme Derne\u011fi<\/a>\n\t\t\t\t\t<\/h5>\n\t\t\t\t\t\t\t\t\t\t<div class=\"is-divider\"><\/div>\n\t\t\t\t\t\t\t\t\t\t<p class=\"from_the_blog_excerpt \">\n\t\t\t\t\t\t\u00c7al\u0131\u015f\u0131rken, sosyalle\u015firken, severken, karar verirken ruh sa\u011fl\u0131\u011f\u0131m\u0131z\u0131n iyi olmas\u0131 bize g\u00fc\u00e7 katmaz m\u0131? Fiziksel durumumuz...\t\t\t\t\t<\/p>\n\t\t\t\t\t                    \n\t\t\t\t\t\n\t\t\t\t\t\n\t\t\t\t\t<\/div>\n\t\t\t\t\t<\/div>\n\t\t\t\t\t\t\t\t\t\t\t\t\t\t\t\t<div class=\"badge absolute top post-date badge-square\">\n\t\t\t\t\t\t\t<div class=\"badge-inner\">\n\t\t\t\t\t\t\t\t<span class=\"post-date-day\">10<\/span><br>\n\t\t\t\t\t\t\t\t<span class=\"post-date-month is-xsmall\">Eki<\/span>\n\t\t\t\t\t\t\t<\/div>\n\t\t\t\t\t\t<\/div>\n\t\t\t\t\t\t\t\t\t<\/div>\n\t\t\t<\/div>\n\t\t<\/div><div class=\"col post-item\" >\n\t\t\t<div class=\"col-inner\">\n\t\t\t\t<div class=\"box box-bounce box-text-bottom box-blog-post has-hover\">\n            \t\t\t\t\t<div class=\"box-image\" >\n  \t\t\t\t\t\t<div class=\"image-cover\" style=\"padding-top:56.25%;\">\n\t\t\t\t\t\t\t<a href=\"https:\/\/www.sivildusun.net\/yedek18062024\/ilham-dozu-cografyamizin-ilk-feminist-toplulugu-nisvan-cemiyeti\/\" class=\"plain\" aria-label=\"\u0130lham Dozu | Co\u011frafyam\u0131z\u0131n ilk feminist toplulu\u011fu: Nisvan Cemiyeti\">\n\t\t\t\t\t\t\t\t<img loading=\"lazy\" decoding=\"async\" width=\"400\" height=\"225\" src=\"https:\/\/www.sivildusun.net\/yedek18062024\/wp-content\/uploads\/2023\/10\/new_website_post_size-400x225.png\" class=\"attachment-medium size-medium wp-post-image\" alt=\"\" srcset=\"https:\/\/www.sivildusun.net\/yedek18062024\/wp-content\/uploads\/2023\/10\/new_website_post_size-400x225.png 400w, https:\/\/www.sivildusun.net\/yedek18062024\/wp-content\/uploads\/2023\/10\/new_website_post_size-1024x576.png 1024w, https:\/\/www.sivildusun.net\/yedek18062024\/wp-content\/uploads\/2023\/10\/new_website_post_size-768x432.png 768w, https:\/\/www.sivildusun.net\/yedek18062024\/wp-content\/uploads\/2023\/10\/new_website_post_size.png 1280w\" sizes=\"(max-width: 400px) 100vw, 400px\" \/>\t\t\t\t\t\t\t<\/a>\n  \t\t\t\t\t\t\t  \t\t\t\t\t\t\t  \t\t\t\t\t\t<\/div>\n  \t\t\t\t\t\t  \t\t\t\t\t<\/div>\n          \t\t\t\t\t<div class=\"box-text text-left\" >\n\t\t\t\t\t<div class=\"box-text-inner blog-post-inner\">\n\n\t\t\t\t\t\n\t\t\t\t\t\t\t\t\t\t<h5 class=\"post-title is-large \">\n\t\t\t\t\t\t<a href=\"https:\/\/www.sivildusun.net\/yedek18062024\/ilham-dozu-cografyamizin-ilk-feminist-toplulugu-nisvan-cemiyeti\/\" class=\"plain\">\u0130lham Dozu | Co\u011frafyam\u0131z\u0131n ilk feminist toplulu\u011fu: Nisvan Cemiyeti<\/a>\n\t\t\t\t\t<\/h5>\n\t\t\t\t\t\t\t\t\t\t<div class=\"is-divider\"><\/div>\n\t\t\t\t\t\t\t\t\t\t<p class=\"from_the_blog_excerpt \">\n\t\t\t\t\t\t\u0130lham Dozunda bug\u00fcne kadar hep g\u00fcn\u00fcm\u00fczde varl\u0131\u011f\u0131n\u0131 s\u00fcrd\u00fcren topluluklara yer verdik. Ancak hem d\u00fcnyada hem...\t\t\t\t\t<\/p>\n\t\t\t\t\t                    \n\t\t\t\t\t\n\t\t\t\t\t\n\t\t\t\t\t<\/div>\n\t\t\t\t\t<\/div>\n\t\t\t\t\t\t\t\t\t\t\t\t\t\t\t\t<div class=\"badge absolute top post-date badge-square\">\n\t\t\t\t\t\t\t<div class=\"badge-inner\">\n\t\t\t\t\t\t\t\t<span class=\"post-date-day\">06<\/span><br>\n\t\t\t\t\t\t\t\t<span class=\"post-date-month is-xsmall\">Eki<\/span>\n\t\t\t\t\t\t\t<\/div>\n\t\t\t\t\t\t<\/div>\n\t\t\t\t\t\t\t\t\t<\/div>\n\t\t\t<\/div>\n\t\t<\/div><div class=\"col post-item\" >\n\t\t\t<div class=\"col-inner\">\n\t\t\t\t<div class=\"box box-bounce box-text-bottom box-blog-post has-hover\">\n            \t\t\t\t\t<div class=\"box-image\" >\n  \t\t\t\t\t\t<div class=\"image-cover\" style=\"padding-top:56.25%;\">\n\t\t\t\t\t\t\t<a href=\"https:\/\/www.sivildusun.net\/yedek18062024\/kaybiyla-anlasanlarin-toplulugu-olum-ve-yas-bilgeligi\/\" class=\"plain\" aria-label=\"Kayb\u0131yla anla\u015fanlar\u0131n toplulu\u011fu: \u00d6l\u00fcm ve Yas Bilgeli\u011fi\">\n\t\t\t\t\t\t\t\t<img loading=\"lazy\" decoding=\"async\" width=\"400\" height=\"225\" src=\"https:\/\/www.sivildusun.net\/yedek18062024\/wp-content\/uploads\/2023\/09\/new_website_post_size-1-3-400x225.png\" class=\"attachment-medium size-medium wp-post-image\" alt=\"\" srcset=\"https:\/\/www.sivildusun.net\/yedek18062024\/wp-content\/uploads\/2023\/09\/new_website_post_size-1-3-400x225.png 400w, https:\/\/www.sivildusun.net\/yedek18062024\/wp-content\/uploads\/2023\/09\/new_website_post_size-1-3-1024x576.png 1024w, https:\/\/www.sivildusun.net\/yedek18062024\/wp-content\/uploads\/2023\/09\/new_website_post_size-1-3-768x432.png 768w, https:\/\/www.sivildusun.net\/yedek18062024\/wp-content\/uploads\/2023\/09\/new_website_post_size-1-3.png 1280w\" sizes=\"(max-width: 400px) 100vw, 400px\" \/>\t\t\t\t\t\t\t<\/a>\n  \t\t\t\t\t\t\t  \t\t\t\t\t\t\t  \t\t\t\t\t\t<\/div>\n  \t\t\t\t\t\t  \t\t\t\t\t<\/div>\n          \t\t\t\t\t<div class=\"box-text text-left\" >\n\t\t\t\t\t<div class=\"box-text-inner blog-post-inner\">\n\n\t\t\t\t\t\n\t\t\t\t\t\t\t\t\t\t<h5 class=\"post-title is-large \">\n\t\t\t\t\t\t<a href=\"https:\/\/www.sivildusun.net\/yedek18062024\/kaybiyla-anlasanlarin-toplulugu-olum-ve-yas-bilgeligi\/\" class=\"plain\">Kayb\u0131yla anla\u015fanlar\u0131n toplulu\u011fu: \u00d6l\u00fcm ve Yas Bilgeli\u011fi<\/a>\n\t\t\t\t\t<\/h5>\n\t\t\t\t\t\t\t\t\t\t<div class=\"is-divider\"><\/div>\n\t\t\t\t\t\t\t\t\t\t<p class=\"from_the_blog_excerpt \">\n\t\t\t\t\t\tSevdiklerini kaybetmek, bir\u00e7ok ki\u015fi i\u00e7in ba\u015f edilmesi zor duygular\u0131 a\u00e7\u0131\u011fa \u00e7\u0131karabilir. Aileden birinin, bir arkada\u015f\u0131n,...\t\t\t\t\t<\/p>\n\t\t\t\t\t                    \n\t\t\t\t\t\n\t\t\t\t\t\n\t\t\t\t\t<\/div>\n\t\t\t\t\t<\/div>\n\t\t\t\t\t\t\t\t\t\t\t\t\t\t\t\t<div class=\"badge absolute top post-date badge-square\">\n\t\t\t\t\t\t\t<div class=\"badge-inner\">\n\t\t\t\t\t\t\t\t<span class=\"post-date-day\">22<\/span><br>\n\t\t\t\t\t\t\t\t<span class=\"post-date-month is-xsmall\">Eyl<\/span>\n\t\t\t\t\t\t\t<\/div>\n\t\t\t\t\t\t<\/div>\n\t\t\t\t\t\t\t\t\t<\/div>\n\t\t\t<\/div>\n\t\t<\/div><div class=\"col post-item\" >\n\t\t\t<div class=\"col-inner\">\n\t\t\t\t<div class=\"box box-bounce box-text-bottom box-blog-post has-hover\">\n            \t\t\t\t\t<div class=\"box-image\" >\n  \t\t\t\t\t\t<div class=\"image-cover\" style=\"padding-top:56.25%;\">\n\t\t\t\t\t\t\t<a href=\"https:\/\/www.sivildusun.net\/yedek18062024\/45-yas-uzerini-uretkenlige-heveslendiren-topluluk-genwise\/\" class=\"plain\" aria-label=\"45 ya\u015f \u00fczerini \u00fcretkenli\u011fe heveslendiren topluluk: Genwise\">\n\t\t\t\t\t\t\t\t<img loading=\"lazy\" decoding=\"async\" width=\"400\" height=\"265\" src=\"https:\/\/www.sivildusun.net\/yedek18062024\/wp-content\/uploads\/2023\/09\/64b6531d6b0e7a5e979c6e0f_DSC_0049-2-min-p-800-400x265.jpg\" class=\"attachment-medium size-medium wp-post-image\" alt=\"\" srcset=\"https:\/\/www.sivildusun.net\/yedek18062024\/wp-content\/uploads\/2023\/09\/64b6531d6b0e7a5e979c6e0f_DSC_0049-2-min-p-800-400x265.jpg 400w, https:\/\/www.sivildusun.net\/yedek18062024\/wp-content\/uploads\/2023\/09\/64b6531d6b0e7a5e979c6e0f_DSC_0049-2-min-p-800-768x509.jpg 768w, https:\/\/www.sivildusun.net\/yedek18062024\/wp-content\/uploads\/2023\/09\/64b6531d6b0e7a5e979c6e0f_DSC_0049-2-min-p-800.jpg 800w\" sizes=\"(max-width: 400px) 100vw, 400px\" \/>\t\t\t\t\t\t\t<\/a>\n  \t\t\t\t\t\t\t  \t\t\t\t\t\t\t  \t\t\t\t\t\t<\/div>\n  \t\t\t\t\t\t  \t\t\t\t\t<\/div>\n          \t\t\t\t\t<div class=\"box-text text-left\" >\n\t\t\t\t\t<div class=\"box-text-inner blog-post-inner\">\n\n\t\t\t\t\t\n\t\t\t\t\t\t\t\t\t\t<h5 class=\"post-title is-large \">\n\t\t\t\t\t\t<a href=\"https:\/\/www.sivildusun.net\/yedek18062024\/45-yas-uzerini-uretkenlige-heveslendiren-topluluk-genwise\/\" class=\"plain\">45 ya\u015f \u00fczerini \u00fcretkenli\u011fe heveslendiren topluluk: Genwise<\/a>\n\t\t\t\t\t<\/h5>\n\t\t\t\t\t\t\t\t\t\t<div class=\"is-divider\"><\/div>\n\t\t\t\t\t\t\t\t\t\t<p class=\"from_the_blog_excerpt \">\n\t\t\t\t\t\tBir kere geldi\u011fimiz bu hayat\u0131n her d\u00f6nemi dolu dolu ya\u015fanmay\u0131 hak ediyor. \u00c7ocukluk, gen\u00e7lik, yeti\u015fkinlik,...\t\t\t\t\t<\/p>\n\t\t\t\t\t                    \n\t\t\t\t\t\n\t\t\t\t\t\n\t\t\t\t\t<\/div>\n\t\t\t\t\t<\/div>\n\t\t\t\t\t\t\t\t\t\t\t\t\t\t\t\t<div class=\"badge absolute top post-date badge-square\">\n\t\t\t\t\t\t\t<div class=\"badge-inner\">\n\t\t\t\t\t\t\t\t<span class=\"post-date-day\">15<\/span><br>\n\t\t\t\t\t\t\t\t<span class=\"post-date-month is-xsmall\">Eyl<\/span>\n\t\t\t\t\t\t\t<\/div>\n\t\t\t\t\t\t<\/div>\n\t\t\t\t\t\t\t\t\t<\/div>\n\t\t\t<\/div>\n\t\t<\/div><div class=\"col post-item\" >\n\t\t\t<div class=\"col-inner\">\n\t\t\t\t<div class=\"box box-bounce box-text-bottom box-blog-post has-hover\">\n            \t\t\t\t\t<div class=\"box-image\" >\n  \t\t\t\t\t\t<div class=\"image-cover\" style=\"padding-top:56.25%;\">\n\t\t\t\t\t\t\t<a href=\"https:\/\/www.sivildusun.net\/yedek18062024\/ilham-dozu-dunyayi-koy-koyu-dunya-yapan-topluluk-la-via-campesina\/\" class=\"plain\" aria-label=\"\u0130lham Dozu | D\u00fcnyay\u0131 k\u00f6y, k\u00f6y\u00fc d\u00fcnya yapan topluluk:  La Via Campesina\">\n\t\t\t\t\t\t\t\t<img loading=\"lazy\" decoding=\"async\" width=\"400\" height=\"225\" src=\"https:\/\/www.sivildusun.net\/yedek18062024\/wp-content\/uploads\/2023\/09\/new_website_post_size-1-1-400x225.png\" class=\"attachment-medium size-medium wp-post-image\" alt=\"\" srcset=\"https:\/\/www.sivildusun.net\/yedek18062024\/wp-content\/uploads\/2023\/09\/new_website_post_size-1-1-400x225.png 400w, https:\/\/www.sivildusun.net\/yedek18062024\/wp-content\/uploads\/2023\/09\/new_website_post_size-1-1-1024x576.png 1024w, https:\/\/www.sivildusun.net\/yedek18062024\/wp-content\/uploads\/2023\/09\/new_website_post_size-1-1-768x432.png 768w, https:\/\/www.sivildusun.net\/yedek18062024\/wp-content\/uploads\/2023\/09\/new_website_post_size-1-1.png 1280w\" sizes=\"(max-width: 400px) 100vw, 400px\" \/>\t\t\t\t\t\t\t<\/a>\n  \t\t\t\t\t\t\t  \t\t\t\t\t\t\t  \t\t\t\t\t\t<\/div>\n  \t\t\t\t\t\t  \t\t\t\t\t<\/div>\n          \t\t\t\t\t<div class=\"box-text text-left\" >\n\t\t\t\t\t<div class=\"box-text-inner blog-post-inner\">\n\n\t\t\t\t\t\n\t\t\t\t\t\t\t\t\t\t<h5 class=\"post-title is-large \">\n\t\t\t\t\t\t<a href=\"https:\/\/www.sivildusun.net\/yedek18062024\/ilham-dozu-dunyayi-koy-koyu-dunya-yapan-topluluk-la-via-campesina\/\" class=\"plain\">\u0130lham Dozu | D\u00fcnyay\u0131 k\u00f6y, k\u00f6y\u00fc d\u00fcnya yapan topluluk:  La Via Campesina<\/a>\n\t\t\t\t\t<\/h5>\n\t\t\t\t\t\t\t\t\t\t<div class=\"is-divider\"><\/div>\n\t\t\t\t\t\t\t\t\t\t<p class=\"from_the_blog_excerpt \">\n\t\t\t\t\t\tBug\u00fcn, t\u00fcm d\u00fcnyadan k\u00f6yl\u00fc hareketlerini bir araya getiren uluslararas\u0131 bir toplulukla tan\u0131\u015faca\u011f\u0131z. La Via Campesina\u2019n\u0131n...\t\t\t\t\t<\/p>\n\t\t\t\t\t                    \n\t\t\t\t\t\n\t\t\t\t\t\n\t\t\t\t\t<\/div>\n\t\t\t\t\t<\/div>\n\t\t\t\t\t\t\t\t\t\t\t\t\t\t\t\t<div class=\"badge absolute top post-date badge-square\">\n\t\t\t\t\t\t\t<div class=\"badge-inner\">\n\t\t\t\t\t\t\t\t<span class=\"post-date-day\">08<\/span><br>\n\t\t\t\t\t\t\t\t<span class=\"post-date-month is-xsmall\">Eyl<\/span>\n\t\t\t\t\t\t\t<\/div>\n\t\t\t\t\t\t<\/div>\n\t\t\t\t\t\t\t\t\t<\/div>\n\t\t\t<\/div>\n\t\t<\/div><div class=\"col post-item\" >\n\t\t\t<div class=\"col-inner\">\n\t\t\t\t<div class=\"box box-bounce box-text-bottom box-blog-post has-hover\">\n            \t\t\t\t\t<div class=\"box-image\" >\n  \t\t\t\t\t\t<div class=\"image-cover\" style=\"padding-top:56.25%;\">\n\t\t\t\t\t\t\t<a href=\"https:\/\/www.sivildusun.net\/yedek18062024\/ilham-dozu-ogretmenleri-odalarinda-yalniz-birakmayan-topluluk-ogretmen-agi\/\" class=\"plain\" aria-label=\"\u0130lham Dozu | \u00d6\u011fretmenleri odalar\u0131nda yaln\u0131z b\u0131rakmayan topluluk: \u00d6\u011fretmen A\u011f\u0131\">\n\t\t\t\t\t\t\t\t<img loading=\"lazy\" decoding=\"async\" width=\"400\" height=\"225\" src=\"https:\/\/www.sivildusun.net\/yedek18062024\/wp-content\/uploads\/2023\/09\/DSC03875-400x225.jpg\" class=\"attachment-medium size-medium wp-post-image\" alt=\"\" srcset=\"https:\/\/www.sivildusun.net\/yedek18062024\/wp-content\/uploads\/2023\/09\/DSC03875-400x225.jpg 400w, https:\/\/www.sivildusun.net\/yedek18062024\/wp-content\/uploads\/2023\/09\/DSC03875-1024x576.jpg 1024w, https:\/\/www.sivildusun.net\/yedek18062024\/wp-content\/uploads\/2023\/09\/DSC03875-768x432.jpg 768w, https:\/\/www.sivildusun.net\/yedek18062024\/wp-content\/uploads\/2023\/09\/DSC03875-1536x864.jpg 1536w, https:\/\/www.sivildusun.net\/yedek18062024\/wp-content\/uploads\/2023\/09\/DSC03875-2048x1152.jpg 2048w\" sizes=\"(max-width: 400px) 100vw, 400px\" \/>\t\t\t\t\t\t\t<\/a>\n  \t\t\t\t\t\t\t  \t\t\t\t\t\t\t  \t\t\t\t\t\t<\/div>\n  \t\t\t\t\t\t  \t\t\t\t\t<\/div>\n          \t\t\t\t\t<div class=\"box-text text-left\" >\n\t\t\t\t\t<div class=\"box-text-inner blog-post-inner\">\n\n\t\t\t\t\t\n\t\t\t\t\t\t\t\t\t\t<h5 class=\"post-title is-large \">\n\t\t\t\t\t\t<a href=\"https:\/\/www.sivildusun.net\/yedek18062024\/ilham-dozu-ogretmenleri-odalarinda-yalniz-birakmayan-topluluk-ogretmen-agi\/\" class=\"plain\">\u0130lham Dozu | \u00d6\u011fretmenleri odalar\u0131nda yaln\u0131z b\u0131rakmayan topluluk: \u00d6\u011fretmen A\u011f\u0131<\/a>\n\t\t\t\t\t<\/h5>\n\t\t\t\t\t\t\t\t\t\t<div class=\"is-divider\"><\/div>\n\t\t\t\t\t\t\t\t\t\t<p class=\"from_the_blog_excerpt \">\n\t\t\t\t\t\t\u00d6\u011fretmenlik yolculu\u011funda bir arada dayan\u0131\u015farak y\u00fcr\u00fcmek isteyen \u00f6\u011fretmenler ve onlara yol arkada\u015fl\u0131\u011f\u0131 eden payda\u015flar, T\u00fcrkiye\u2019nin...\t\t\t\t\t<\/p>\n\t\t\t\t\t                    \n\t\t\t\t\t\n\t\t\t\t\t\n\t\t\t\t\t<\/div>\n\t\t\t\t\t<\/div>\n\t\t\t\t\t\t\t\t\t\t\t\t\t\t\t\t<div class=\"badge absolute top post-date badge-square\">\n\t\t\t\t\t\t\t<div class=\"badge-inner\">\n\t\t\t\t\t\t\t\t<span class=\"post-date-day\">01<\/span><br>\n\t\t\t\t\t\t\t\t<span class=\"post-date-month is-xsmall\">Eyl<\/span>\n\t\t\t\t\t\t\t<\/div>\n\t\t\t\t\t\t<\/div>\n\t\t\t\t\t\t\t\t\t<\/div>\n\t\t\t<\/div>\n\t\t<\/div><div class=\"col post-item\" >\n\t\t\t<div class=\"col-inner\">\n\t\t\t\t<div class=\"box box-bounce box-text-bottom box-blog-post has-hover\">\n            \t\t\t\t\t<div class=\"box-image\" >\n  \t\t\t\t\t\t<div class=\"image-cover\" style=\"padding-top:56.25%;\">\n\t\t\t\t\t\t\t<a href=\"https:\/\/www.sivildusun.net\/yedek18062024\/ilham-dozu-teknolojiyi-karakutusundan-cikarmaya-niyet-edenler-gozlemevi-toplulugu\/\" class=\"plain\" aria-label=\"\u0130lham Dozu |\u00a0Teknolojiyi karakutusundan \u00e7\u0131karmaya niyet edenler: g\u00f6zlemevi toplulu\u011fu\">\n\t\t\t\t\t\t\t\t<img loading=\"lazy\" decoding=\"async\" width=\"400\" height=\"225\" src=\"https:\/\/www.sivildusun.net\/yedek18062024\/wp-content\/uploads\/2023\/08\/3_-new_website_post_size-2-400x225.png\" class=\"attachment-medium size-medium wp-post-image\" alt=\"\" srcset=\"https:\/\/www.sivildusun.net\/yedek18062024\/wp-content\/uploads\/2023\/08\/3_-new_website_post_size-2-400x225.png 400w, https:\/\/www.sivildusun.net\/yedek18062024\/wp-content\/uploads\/2023\/08\/3_-new_website_post_size-2-1024x576.png 1024w, https:\/\/www.sivildusun.net\/yedek18062024\/wp-content\/uploads\/2023\/08\/3_-new_website_post_size-2-768x432.png 768w, https:\/\/www.sivildusun.net\/yedek18062024\/wp-content\/uploads\/2023\/08\/3_-new_website_post_size-2.png 1280w\" sizes=\"(max-width: 400px) 100vw, 400px\" \/>\t\t\t\t\t\t\t<\/a>\n  \t\t\t\t\t\t\t  \t\t\t\t\t\t\t  \t\t\t\t\t\t<\/div>\n  \t\t\t\t\t\t  \t\t\t\t\t<\/div>\n          \t\t\t\t\t<div class=\"box-text text-left\" >\n\t\t\t\t\t<div class=\"box-text-inner blog-post-inner\">\n\n\t\t\t\t\t\n\t\t\t\t\t\t\t\t\t\t<h5 class=\"post-title is-large \">\n\t\t\t\t\t\t<a href=\"https:\/\/www.sivildusun.net\/yedek18062024\/ilham-dozu-teknolojiyi-karakutusundan-cikarmaya-niyet-edenler-gozlemevi-toplulugu\/\" class=\"plain\">\u0130lham Dozu |\u00a0Teknolojiyi karakutusundan \u00e7\u0131karmaya niyet edenler: g\u00f6zlemevi toplulu\u011fu<\/a>\n\t\t\t\t\t<\/h5>\n\t\t\t\t\t\t\t\t\t\t<div class=\"is-divider\"><\/div>\n\t\t\t\t\t\t\t\t\t\t<p class=\"from_the_blog_excerpt \">\n\t\t\t\t\t\tT\u00fcrkiye\u2019nin ilk teknoloji izleme kurulu\u015fu g\u00f6zlemevi ve onun haklara sayg\u0131l\u0131 internet i\u00e7in \u00e7al\u0131\u015fan insanlar\u0131 ile...\t\t\t\t\t<\/p>\n\t\t\t\t\t                    \n\t\t\t\t\t\n\t\t\t\t\t\n\t\t\t\t\t<\/div>\n\t\t\t\t\t<\/div>\n\t\t\t\t\t\t\t\t\t\t\t\t\t\t\t\t<div class=\"badge absolute top post-date badge-square\">\n\t\t\t\t\t\t\t<div class=\"badge-inner\">\n\t\t\t\t\t\t\t\t<span class=\"post-date-day\">26<\/span><br>\n\t\t\t\t\t\t\t\t<span class=\"post-date-month is-xsmall\">A\u011fu<\/span>\n\t\t\t\t\t\t\t<\/div>\n\t\t\t\t\t\t<\/div>\n\t\t\t\t\t\t\t\t\t<\/div>\n\t\t\t<\/div>\n\t\t<\/div><div class=\"col post-item\" >\n\t\t\t<div class=\"col-inner\">\n\t\t\t\t<div class=\"box box-bounce box-text-bottom box-blog-post has-hover\">\n            \t\t\t\t\t<div class=\"box-image\" >\n  \t\t\t\t\t\t<div class=\"image-cover\" style=\"padding-top:56.25%;\">\n\t\t\t\t\t\t\t<a href=\"https:\/\/www.sivildusun.net\/yedek18062024\/ilham-dozu-kentin-sicagina-golge-olan-topluluk-harlem-heat-project\/\" class=\"plain\" aria-label=\"\u0130lham Dozu |\u00a0 Kentin s\u0131ca\u011f\u0131na g\u00f6lge olan topluluk: Harlem Heat Project\">\n\t\t\t\t\t\t\t\t<img loading=\"lazy\" decoding=\"async\" width=\"400\" height=\"225\" src=\"https:\/\/www.sivildusun.net\/yedek18062024\/wp-content\/uploads\/2023\/08\/new_website_post_size-400x225.png\" class=\"attachment-medium size-medium wp-post-image\" alt=\"\" srcset=\"https:\/\/www.sivildusun.net\/yedek18062024\/wp-content\/uploads\/2023\/08\/new_website_post_size-400x225.png 400w, https:\/\/www.sivildusun.net\/yedek18062024\/wp-content\/uploads\/2023\/08\/new_website_post_size-1024x576.png 1024w, https:\/\/www.sivildusun.net\/yedek18062024\/wp-content\/uploads\/2023\/08\/new_website_post_size-768x432.png 768w, https:\/\/www.sivildusun.net\/yedek18062024\/wp-content\/uploads\/2023\/08\/new_website_post_size.png 1280w\" sizes=\"(max-width: 400px) 100vw, 400px\" \/>\t\t\t\t\t\t\t<\/a>\n  \t\t\t\t\t\t\t  \t\t\t\t\t\t\t  \t\t\t\t\t\t<\/div>\n  \t\t\t\t\t\t  \t\t\t\t\t<\/div>\n          \t\t\t\t\t<div class=\"box-text text-left\" >\n\t\t\t\t\t<div class=\"box-text-inner blog-post-inner\">\n\n\t\t\t\t\t\n\t\t\t\t\t\t\t\t\t\t<h5 class=\"post-title is-large \">\n\t\t\t\t\t\t<a href=\"https:\/\/www.sivildusun.net\/yedek18062024\/ilham-dozu-kentin-sicagina-golge-olan-topluluk-harlem-heat-project\/\" class=\"plain\">\u0130lham Dozu |\u00a0 Kentin s\u0131ca\u011f\u0131na g\u00f6lge olan topluluk: Harlem Heat Project<\/a>\n\t\t\t\t\t<\/h5>\n\t\t\t\t\t\t\t\t\t\t<div class=\"is-divider\"><\/div>\n\t\t\t\t\t\t\t\t\t\t<p class=\"from_the_blog_excerpt \">\n\t\t\t\t\t\tHarlem Heat Project-HHP (Harlem S\u0131cakl\u0131k Projesi), 2016 yaz\u0131nda New York&#8217;ta ba\u015flayan topluluk temelli bir giri\u015fim....\t\t\t\t\t<\/p>\n\t\t\t\t\t                    \n\t\t\t\t\t\n\t\t\t\t\t\n\t\t\t\t\t<\/div>\n\t\t\t\t\t<\/div>\n\t\t\t\t\t\t\t\t\t\t\t\t\t\t\t\t<div class=\"badge absolute top post-date badge-square\">\n\t\t\t\t\t\t\t<div class=\"badge-inner\">\n\t\t\t\t\t\t\t\t<span class=\"post-date-day\">04<\/span><br>\n\t\t\t\t\t\t\t\t<span class=\"post-date-month is-xsmall\">A\u011fu<\/span>\n\t\t\t\t\t\t\t<\/div>\n\t\t\t\t\t\t<\/div>\n\t\t\t\t\t\t\t\t\t<\/div>\n\t\t\t<\/div>\n\t\t<\/div><div class=\"col post-item\" >\n\t\t\t<div class=\"col-inner\">\n\t\t\t\t<div class=\"box box-bounce box-text-bottom box-blog-post has-hover\">\n            \t\t\t\t\t<div class=\"box-image\" >\n  \t\t\t\t\t\t<div class=\"image-cover\" style=\"padding-top:56.25%;\">\n\t\t\t\t\t\t\t<a href=\"https:\/\/www.sivildusun.net\/yedek18062024\/komursuz-yasam-icin-hareket-350-turkiye-toplulugu\/\" class=\"plain\" aria-label=\"\u0130lham Dozu |\u00a0K\u00f6m\u00fcrs\u00fcz ya\u015fam i\u00e7in hareket: 350 T\u00fcrkiye toplulu\u011fu\">\n\t\t\t\t\t\t\t\t<img loading=\"lazy\" decoding=\"async\" width=\"400\" height=\"225\" src=\"https:\/\/www.sivildusun.net\/yedek18062024\/wp-content\/uploads\/2023\/07\/new_website_post_size-1-1-400x225.png\" class=\"attachment-medium size-medium wp-post-image\" alt=\"\" srcset=\"https:\/\/www.sivildusun.net\/yedek18062024\/wp-content\/uploads\/2023\/07\/new_website_post_size-1-1-400x225.png 400w, https:\/\/www.sivildusun.net\/yedek18062024\/wp-content\/uploads\/2023\/07\/new_website_post_size-1-1-1024x576.png 1024w, https:\/\/www.sivildusun.net\/yedek18062024\/wp-content\/uploads\/2023\/07\/new_website_post_size-1-1-768x432.png 768w, https:\/\/www.sivildusun.net\/yedek18062024\/wp-content\/uploads\/2023\/07\/new_website_post_size-1-1.png 1280w\" sizes=\"(max-width: 400px) 100vw, 400px\" \/>\t\t\t\t\t\t\t<\/a>\n  \t\t\t\t\t\t\t  \t\t\t\t\t\t\t  \t\t\t\t\t\t<\/div>\n  \t\t\t\t\t\t  \t\t\t\t\t<\/div>\n          \t\t\t\t\t<div class=\"box-text text-left\" >\n\t\t\t\t\t<div class=\"box-text-inner blog-post-inner\">\n\n\t\t\t\t\t\n\t\t\t\t\t\t\t\t\t\t<h5 class=\"post-title is-large \">\n\t\t\t\t\t\t<a href=\"https:\/\/www.sivildusun.net\/yedek18062024\/komursuz-yasam-icin-hareket-350-turkiye-toplulugu\/\" class=\"plain\">\u0130lham Dozu |\u00a0K\u00f6m\u00fcrs\u00fcz ya\u015fam i\u00e7in hareket: 350 T\u00fcrkiye toplulu\u011fu<\/a>\n\t\t\t\t\t<\/h5>\n\t\t\t\t\t\t\t\t\t\t<div class=\"is-divider\"><\/div>\n\t\t\t\t\t\t\t\t\t\t<p class=\"from_the_blog_excerpt \">\n\t\t\t\t\t\tHalk sa\u011fl\u0131\u011f\u0131n\u0131, do\u011fay\u0131, iklimi tehdit eden; fosil yak\u0131tlara dayal\u0131 enerji politikalar\u0131n\u0131n de\u011fi\u015fmesi i\u00e7in \u00e7al\u0131\u015fan topluluk,...\t\t\t\t\t<\/p>\n\t\t\t\t\t                    \n\t\t\t\t\t\n\t\t\t\t\t\n\t\t\t\t\t<\/div>\n\t\t\t\t\t<\/div>\n\t\t\t\t\t\t\t\t\t\t\t\t\t\t\t\t<div class=\"badge absolute top post-date badge-square\">\n\t\t\t\t\t\t\t<div class=\"badge-inner\">\n\t\t\t\t\t\t\t\t<span class=\"post-date-day\">29<\/span><br>\n\t\t\t\t\t\t\t\t<span class=\"post-date-month is-xsmall\">Tem<\/span>\n\t\t\t\t\t\t\t<\/div>\n\t\t\t\t\t\t<\/div>\n\t\t\t\t\t\t\t\t\t<\/div>\n\t\t\t<\/div>\n\t\t<\/div><div class=\"col post-item\" >\n\t\t\t<div class=\"col-inner\">\n\t\t\t\t<div class=\"box box-bounce box-text-bottom box-blog-post has-hover\">\n            \t\t\t\t\t<div class=\"box-image\" >\n  \t\t\t\t\t\t<div class=\"image-cover\" style=\"padding-top:56.25%;\">\n\t\t\t\t\t\t\t<a href=\"https:\/\/www.sivildusun.net\/yedek18062024\/ilham-dozu-gozlerim-ol-dayanisalim-bemyeyes-toplulugu\/\" class=\"plain\" aria-label=\"\u0130lham Dozu|\u00a0G\u00f6zlerim ol, dayan\u0131\u015fal\u0131m: BeMyEyes toplulu\u011fu\">\n\t\t\t\t\t\t\t\t<img loading=\"lazy\" decoding=\"async\" width=\"400\" height=\"225\" src=\"https:\/\/www.sivildusun.net\/yedek18062024\/wp-content\/uploads\/2023\/07\/3_-new_website_post_size-400x225.png\" class=\"attachment-medium size-medium wp-post-image\" alt=\"\" srcset=\"https:\/\/www.sivildusun.net\/yedek18062024\/wp-content\/uploads\/2023\/07\/3_-new_website_post_size-400x225.png 400w, https:\/\/www.sivildusun.net\/yedek18062024\/wp-content\/uploads\/2023\/07\/3_-new_website_post_size-1024x576.png 1024w, https:\/\/www.sivildusun.net\/yedek18062024\/wp-content\/uploads\/2023\/07\/3_-new_website_post_size-768x432.png 768w, https:\/\/www.sivildusun.net\/yedek18062024\/wp-content\/uploads\/2023\/07\/3_-new_website_post_size.png 1280w\" sizes=\"(max-width: 400px) 100vw, 400px\" \/>\t\t\t\t\t\t\t<\/a>\n  \t\t\t\t\t\t\t  \t\t\t\t\t\t\t  \t\t\t\t\t\t<\/div>\n  \t\t\t\t\t\t  \t\t\t\t\t<\/div>\n          \t\t\t\t\t<div class=\"box-text text-left\" >\n\t\t\t\t\t<div class=\"box-text-inner blog-post-inner\">\n\n\t\t\t\t\t\n\t\t\t\t\t\t\t\t\t\t<h5 class=\"post-title is-large \">\n\t\t\t\t\t\t<a href=\"https:\/\/www.sivildusun.net\/yedek18062024\/ilham-dozu-gozlerim-ol-dayanisalim-bemyeyes-toplulugu\/\" class=\"plain\">\u0130lham Dozu|\u00a0G\u00f6zlerim ol, dayan\u0131\u015fal\u0131m: BeMyEyes toplulu\u011fu<\/a>\n\t\t\t\t\t<\/h5>\n\t\t\t\t\t\t\t\t\t\t<div class=\"is-divider\"><\/div>\n\t\t\t\t\t\t\t\t\t\t<p class=\"from_the_blog_excerpt \">\n\t\t\t\t\t\tG\u00fcnl\u00fck ya\u015famda bize \u00e7ok basit gelen baz\u0131 i\u015flerin g\u00f6rme engelli veya g\u00f6rme g\u00fc\u00e7l\u00fc\u011f\u00fc \u00e7eken ki\u015filer...\t\t\t\t\t<\/p>\n\t\t\t\t\t                    \n\t\t\t\t\t\n\t\t\t\t\t\n\t\t\t\t\t<\/div>\n\t\t\t\t\t<\/div>\n\t\t\t\t\t\t\t\t\t\t\t\t\t\t\t\t<div class=\"badge absolute top post-date badge-square\">\n\t\t\t\t\t\t\t<div class=\"badge-inner\">\n\t\t\t\t\t\t\t\t<span class=\"post-date-day\">27<\/span><br>\n\t\t\t\t\t\t\t\t<span class=\"post-date-month is-xsmall\">Tem<\/span>\n\t\t\t\t\t\t\t<\/div>\n\t\t\t\t\t\t<\/div>\n\t\t\t\t\t\t\t\t\t<\/div>\n\t\t\t<\/div>\n\t\t<\/div><div class=\"col post-item\" >\n\t\t\t<div class=\"col-inner\">\n\t\t\t\t<div class=\"box box-bounce box-text-bottom box-blog-post has-hover\">\n            \t\t\t\t\t<div class=\"box-image\" >\n  \t\t\t\t\t\t<div class=\"image-cover\" style=\"padding-top:56.25%;\">\n\t\t\t\t\t\t\t<a href=\"https:\/\/www.sivildusun.net\/yedek18062024\/ilham-dozu-yanginlarin-golgesinde-hayvanlara-nefes-olanlar-kaplus-kurtarma-timi\/\" class=\"plain\" aria-label=\"\u0130lham Dozu | Yang\u0131nlar\u0131n g\u00f6lgesinde hayvanlara nefes olanlar: Kaplu\u015f Kurtarma Timi\">\n\t\t\t\t\t\t\t\t<img loading=\"lazy\" decoding=\"async\" width=\"400\" height=\"225\" src=\"https:\/\/www.sivildusun.net\/yedek18062024\/wp-content\/uploads\/2023\/05\/new_website_post_size-3-400x225.png\" class=\"attachment-medium size-medium wp-post-image\" alt=\"\" srcset=\"https:\/\/www.sivildusun.net\/yedek18062024\/wp-content\/uploads\/2023\/05\/new_website_post_size-3-400x225.png 400w, https:\/\/www.sivildusun.net\/yedek18062024\/wp-content\/uploads\/2023\/05\/new_website_post_size-3-1024x576.png 1024w, https:\/\/www.sivildusun.net\/yedek18062024\/wp-content\/uploads\/2023\/05\/new_website_post_size-3-768x432.png 768w, https:\/\/www.sivildusun.net\/yedek18062024\/wp-content\/uploads\/2023\/05\/new_website_post_size-3.png 1280w\" sizes=\"(max-width: 400px) 100vw, 400px\" \/>\t\t\t\t\t\t\t<\/a>\n  \t\t\t\t\t\t\t  \t\t\t\t\t\t\t  \t\t\t\t\t\t<\/div>\n  \t\t\t\t\t\t  \t\t\t\t\t<\/div>\n          \t\t\t\t\t<div class=\"box-text text-left\" >\n\t\t\t\t\t<div class=\"box-text-inner blog-post-inner\">\n\n\t\t\t\t\t\n\t\t\t\t\t\t\t\t\t\t<h5 class=\"post-title is-large \">\n\t\t\t\t\t\t<a href=\"https:\/\/www.sivildusun.net\/yedek18062024\/ilham-dozu-yanginlarin-golgesinde-hayvanlara-nefes-olanlar-kaplus-kurtarma-timi\/\" class=\"plain\">\u0130lham Dozu | Yang\u0131nlar\u0131n g\u00f6lgesinde hayvanlara nefes olanlar: Kaplu\u015f Kurtarma Timi<\/a>\n\t\t\t\t\t<\/h5>\n\t\t\t\t\t\t\t\t\t\t<div class=\"is-divider\"><\/div>\n\t\t\t\t\t\t\t\t\t\t<p class=\"from_the_blog_excerpt \">\n\t\t\t\t\t\t2021 yaz\u0131nda Marmaris yang\u0131nlar\u0131 s\u0131ras\u0131nda b\u00f6lgede kendili\u011finden bir hareket olarak do\u011fan Kaplu\u015f Kurtarma Timi, 140\u2019dan...\t\t\t\t\t<\/p>\n\t\t\t\t\t                    \n\t\t\t\t\t\n\t\t\t\t\t\n\t\t\t\t\t<\/div>\n\t\t\t\t\t<\/div>\n\t\t\t\t\t\t\t\t\t\t\t\t\t\t\t\t<div class=\"badge absolute top post-date badge-square\">\n\t\t\t\t\t\t\t<div class=\"badge-inner\">\n\t\t\t\t\t\t\t\t<span class=\"post-date-day\">23<\/span><br>\n\t\t\t\t\t\t\t\t<span class=\"post-date-month is-xsmall\">May<\/span>\n\t\t\t\t\t\t\t<\/div>\n\t\t\t\t\t\t<\/div>\n\t\t\t\t\t\t\t\t\t<\/div>\n\t\t\t<\/div>\n\t\t<\/div><div class=\"col post-item\" >\n\t\t\t<div class=\"col-inner\">\n\t\t\t\t<div class=\"box box-bounce box-text-bottom box-blog-post has-hover\">\n            \t\t\t\t\t<div class=\"box-image\" >\n  \t\t\t\t\t\t<div class=\"image-cover\" style=\"padding-top:56.25%;\">\n\t\t\t\t\t\t\t<a href=\"https:\/\/www.sivildusun.net\/yedek18062024\/ilham-dozu-bongo-art\/\" class=\"plain\" aria-label=\"\u0130lham Dozu | Engelleri b\u00fckmek i\u00e7in deneyim tasarlayanlar: Bongo Art toplulu\u011fu\">\n\t\t\t\t\t\t\t\t<img loading=\"lazy\" decoding=\"async\" width=\"400\" height=\"225\" src=\"https:\/\/www.sivildusun.net\/yedek18062024\/wp-content\/uploads\/2023\/04\/new_website_post_size-2-400x225.png\" class=\"attachment-medium size-medium wp-post-image\" alt=\"\" srcset=\"https:\/\/www.sivildusun.net\/yedek18062024\/wp-content\/uploads\/2023\/04\/new_website_post_size-2-400x225.png 400w, https:\/\/www.sivildusun.net\/yedek18062024\/wp-content\/uploads\/2023\/04\/new_website_post_size-2-1024x576.png 1024w, https:\/\/www.sivildusun.net\/yedek18062024\/wp-content\/uploads\/2023\/04\/new_website_post_size-2-768x432.png 768w, https:\/\/www.sivildusun.net\/yedek18062024\/wp-content\/uploads\/2023\/04\/new_website_post_size-2.png 1280w\" sizes=\"(max-width: 400px) 100vw, 400px\" \/>\t\t\t\t\t\t\t<\/a>\n  \t\t\t\t\t\t\t  \t\t\t\t\t\t\t  \t\t\t\t\t\t<\/div>\n  \t\t\t\t\t\t  \t\t\t\t\t<\/div>\n          \t\t\t\t\t<div class=\"box-text text-left\" >\n\t\t\t\t\t<div class=\"box-text-inner blog-post-inner\">\n\n\t\t\t\t\t\n\t\t\t\t\t\t\t\t\t\t<h5 class=\"post-title is-large \">\n\t\t\t\t\t\t<a href=\"https:\/\/www.sivildusun.net\/yedek18062024\/ilham-dozu-bongo-art\/\" class=\"plain\">\u0130lham Dozu | Engelleri b\u00fckmek i\u00e7in deneyim tasarlayanlar: Bongo Art toplulu\u011fu<\/a>\n\t\t\t\t\t<\/h5>\n\t\t\t\t\t\t\t\t\t\t<div class=\"is-divider\"><\/div>\n\t\t\t\t\t\t\t\t\t\t<p class=\"from_the_blog_excerpt \">\n\t\t\t\t\t\tD\u00fcnya\u2019da 250 milyon, T\u00fcrkiye\u2019de ise 1 milyon ki\u015finin, g\u00f6rme engelli oldu\u011fu i\u00e7in m\u00fczeleri gezemedi\u011fini biliyor...\t\t\t\t\t<\/p>\n\t\t\t\t\t                    \n\t\t\t\t\t\n\t\t\t\t\t\n\t\t\t\t\t<\/div>\n\t\t\t\t\t<\/div>\n\t\t\t\t\t\t\t\t\t\t\t\t\t\t\t\t<div class=\"badge absolute top post-date badge-square\">\n\t\t\t\t\t\t\t<div class=\"badge-inner\">\n\t\t\t\t\t\t\t\t<span class=\"post-date-day\">14<\/span><br>\n\t\t\t\t\t\t\t\t<span class=\"post-date-month is-xsmall\">Nis<\/span>\n\t\t\t\t\t\t\t<\/div>\n\t\t\t\t\t\t<\/div>\n\t\t\t\t\t\t\t\t\t<\/div>\n\t\t\t<\/div>\n\t\t<\/div><div class=\"col post-item\" >\n\t\t\t<div class=\"col-inner\">\n\t\t\t\t<div class=\"box box-bounce box-text-bottom box-blog-post has-hover\">\n            \t\t\t\t\t<div class=\"box-image\" >\n  \t\t\t\t\t\t<div class=\"image-cover\" style=\"padding-top:56.25%;\">\n\t\t\t\t\t\t\t<a href=\"https:\/\/www.sivildusun.net\/yedek18062024\/ilham-dozu-world-central-kitchen\/\" class=\"plain\" aria-label=\"\u0130lham Dozu | \u0130yi beslenme ve umut edebilme hakk\u0131 i\u00e7in yemek kaynatanlar: World Central Kitchen\">\n\t\t\t\t\t\t\t\t<img loading=\"lazy\" decoding=\"async\" width=\"400\" height=\"225\" src=\"https:\/\/www.sivildusun.net\/yedek18062024\/wp-content\/uploads\/2023\/04\/new_website_post_size-2-1-400x225.png\" class=\"attachment-medium size-medium wp-post-image\" alt=\"\" srcset=\"https:\/\/www.sivildusun.net\/yedek18062024\/wp-content\/uploads\/2023\/04\/new_website_post_size-2-1-400x225.png 400w, https:\/\/www.sivildusun.net\/yedek18062024\/wp-content\/uploads\/2023\/04\/new_website_post_size-2-1-1024x576.png 1024w, https:\/\/www.sivildusun.net\/yedek18062024\/wp-content\/uploads\/2023\/04\/new_website_post_size-2-1-768x432.png 768w, https:\/\/www.sivildusun.net\/yedek18062024\/wp-content\/uploads\/2023\/04\/new_website_post_size-2-1.png 1280w\" sizes=\"(max-width: 400px) 100vw, 400px\" \/>\t\t\t\t\t\t\t<\/a>\n  \t\t\t\t\t\t\t  \t\t\t\t\t\t\t  \t\t\t\t\t\t<\/div>\n  \t\t\t\t\t\t  \t\t\t\t\t<\/div>\n          \t\t\t\t\t<div class=\"box-text text-left\" >\n\t\t\t\t\t<div class=\"box-text-inner blog-post-inner\">\n\n\t\t\t\t\t\n\t\t\t\t\t\t\t\t\t\t<h5 class=\"post-title is-large \">\n\t\t\t\t\t\t<a href=\"https:\/\/www.sivildusun.net\/yedek18062024\/ilham-dozu-world-central-kitchen\/\" class=\"plain\">\u0130lham Dozu | \u0130yi beslenme ve umut edebilme hakk\u0131 i\u00e7in yemek kaynatanlar: World Central Kitchen<\/a>\n\t\t\t\t\t<\/h5>\n\t\t\t\t\t\t\t\t\t\t<div class=\"is-divider\"><\/div>\n\t\t\t\t\t\t\t\t\t\t<p class=\"from_the_blog_excerpt \">\n\t\t\t\t\t\t\u0130spanyol \u015eef Jose Andres\u2019in bir g\u00fcn evde e\u015fiyle yapt\u0131\u011f\u0131 g\u00fcnl\u00fck bir sohbetin sonucu olarak ortaya...\t\t\t\t\t<\/p>\n\t\t\t\t\t                    \n\t\t\t\t\t\n\t\t\t\t\t\n\t\t\t\t\t<\/div>\n\t\t\t\t\t<\/div>\n\t\t\t\t\t\t\t\t\t\t\t\t\t\t\t\t<div class=\"badge absolute top post-date badge-square\">\n\t\t\t\t\t\t\t<div class=\"badge-inner\">\n\t\t\t\t\t\t\t\t<span class=\"post-date-day\">09<\/span><br>\n\t\t\t\t\t\t\t\t<span class=\"post-date-month is-xsmall\">Nis<\/span>\n\t\t\t\t\t\t\t<\/div>\n\t\t\t\t\t\t<\/div>\n\t\t\t\t\t\t\t\t\t<\/div>\n\t\t\t<\/div>\n\t\t<\/div><div class=\"col post-item\" >\n\t\t\t<div class=\"col-inner\">\n\t\t\t\t<div class=\"box box-bounce box-text-bottom box-blog-post has-hover\">\n            \t\t\t\t\t<div class=\"box-image\" >\n  \t\t\t\t\t\t<div class=\"image-cover\" style=\"padding-top:56.25%;\">\n\t\t\t\t\t\t\t<a href=\"https:\/\/www.sivildusun.net\/yedek18062024\/aksam-yemeginde-icini-acan-topluluk\/\" class=\"plain\" aria-label=\"\u0130lham Dozu | Ak\u015fam yeme\u011finde i\u00e7ini a\u00e7an topluluk\">\n\t\t\t\t\t\t\t\t<img loading=\"lazy\" decoding=\"async\" width=\"400\" height=\"121\" src=\"https:\/\/www.sivildusun.net\/yedek18062024\/wp-content\/uploads\/2023\/02\/ilham_dozu_web-1020-\u00d7-309-px-5-400x121.png\" class=\"attachment-medium size-medium wp-post-image\" alt=\"\" srcset=\"https:\/\/www.sivildusun.net\/yedek18062024\/wp-content\/uploads\/2023\/02\/ilham_dozu_web-1020-\u00d7-309-px-5-400x121.png 400w, https:\/\/www.sivildusun.net\/yedek18062024\/wp-content\/uploads\/2023\/02\/ilham_dozu_web-1020-\u00d7-309-px-5-768x233.png 768w, https:\/\/www.sivildusun.net\/yedek18062024\/wp-content\/uploads\/2023\/02\/ilham_dozu_web-1020-\u00d7-309-px-5.png 1020w\" sizes=\"(max-width: 400px) 100vw, 400px\" \/>\t\t\t\t\t\t\t<\/a>\n  \t\t\t\t\t\t\t  \t\t\t\t\t\t\t  \t\t\t\t\t\t<\/div>\n  \t\t\t\t\t\t  \t\t\t\t\t<\/div>\n          \t\t\t\t\t<div class=\"box-text text-left\" >\n\t\t\t\t\t<div class=\"box-text-inner blog-post-inner\">\n\n\t\t\t\t\t\n\t\t\t\t\t\t\t\t\t\t<h5 class=\"post-title is-large \">\n\t\t\t\t\t\t<a href=\"https:\/\/www.sivildusun.net\/yedek18062024\/aksam-yemeginde-icini-acan-topluluk\/\" class=\"plain\">\u0130lham Dozu | Ak\u015fam yeme\u011finde i\u00e7ini a\u00e7an topluluk<\/a>\n\t\t\t\t\t<\/h5>\n\t\t\t\t\t\t\t\t\t\t<div class=\"is-divider\"><\/div>\n\t\t\t\t\t\t\t\t\t\t<p class=\"from_the_blog_excerpt \">\n\t\t\t\t\t\tKay\u0131p, \u015fiddet, ayr\u0131mc\u0131l\u0131k gibi zor konular\u0131 konu\u015fmak i\u00e7in genellikle do\u011fru zaman\u0131 bekleriz. Haz\u0131r ve emin...\t\t\t\t\t<\/p>\n\t\t\t\t\t                    \n\t\t\t\t\t\n\t\t\t\t\t\n\t\t\t\t\t<\/div>\n\t\t\t\t\t<\/div>\n\t\t\t\t\t\t\t\t\t\t\t\t\t\t\t\t<div class=\"badge absolute top post-date badge-square\">\n\t\t\t\t\t\t\t<div class=\"badge-inner\">\n\t\t\t\t\t\t\t\t<span class=\"post-date-day\">03<\/span><br>\n\t\t\t\t\t\t\t\t<span class=\"post-date-month is-xsmall\">\u015eub<\/span>\n\t\t\t\t\t\t\t<\/div>\n\t\t\t\t\t\t<\/div>\n\t\t\t\t\t\t\t\t\t<\/div>\n\t\t\t<\/div>\n\t\t<\/div><div class=\"col post-item\" >\n\t\t\t<div class=\"col-inner\">\n\t\t\t\t<div class=\"box box-bounce box-text-bottom box-blog-post has-hover\">\n            \t\t\t\t\t<div class=\"box-image\" >\n  \t\t\t\t\t\t<div class=\"image-cover\" style=\"padding-top:56.25%;\">\n\t\t\t\t\t\t\t<a href=\"https:\/\/www.sivildusun.net\/yedek18062024\/ilham-dozu-toplulugun-kodlari-yeniden-yaziliyor\/\" class=\"plain\" aria-label=\"\u0130lham Dozu | Toplulu\u011fun kodlar\u0131 yeniden yaz\u0131l\u0131yor\">\n\t\t\t\t\t\t\t\t<img loading=\"lazy\" decoding=\"async\" width=\"400\" height=\"121\" src=\"https:\/\/www.sivildusun.net\/yedek18062024\/wp-content\/uploads\/2023\/01\/ilham_dozu_web-34-400x121.png\" class=\"attachment-medium size-medium wp-post-image\" alt=\"\" srcset=\"https:\/\/www.sivildusun.net\/yedek18062024\/wp-content\/uploads\/2023\/01\/ilham_dozu_web-34-400x121.png 400w, https:\/\/www.sivildusun.net\/yedek18062024\/wp-content\/uploads\/2023\/01\/ilham_dozu_web-34-1024x310.png 1024w, https:\/\/www.sivildusun.net\/yedek18062024\/wp-content\/uploads\/2023\/01\/ilham_dozu_web-34-768x232.png 768w, https:\/\/www.sivildusun.net\/yedek18062024\/wp-content\/uploads\/2023\/01\/ilham_dozu_web-34.png 1051w\" sizes=\"(max-width: 400px) 100vw, 400px\" \/>\t\t\t\t\t\t\t<\/a>\n  \t\t\t\t\t\t\t  \t\t\t\t\t\t\t  \t\t\t\t\t\t<\/div>\n  \t\t\t\t\t\t  \t\t\t\t\t<\/div>\n          \t\t\t\t\t<div class=\"box-text text-left\" >\n\t\t\t\t\t<div class=\"box-text-inner blog-post-inner\">\n\n\t\t\t\t\t\n\t\t\t\t\t\t\t\t\t\t<h5 class=\"post-title is-large \">\n\t\t\t\t\t\t<a href=\"https:\/\/www.sivildusun.net\/yedek18062024\/ilham-dozu-toplulugun-kodlari-yeniden-yaziliyor\/\" class=\"plain\">\u0130lham Dozu | Toplulu\u011fun kodlar\u0131 yeniden yaz\u0131l\u0131yor<\/a>\n\t\t\t\t\t<\/h5>\n\t\t\t\t\t\t\t\t\t\t<div class=\"is-divider\"><\/div>\n\t\t\t\t\t\t\t\t\t\t<p class=\"from_the_blog_excerpt \">\n\t\t\t\t\t\tSava\u015flardan, do\u011fal afetlerden veya ayr\u0131mc\u0131l\u0131ktan etkilenenler i\u00e7in insani yard\u0131mlar hayati \u00f6nem ta\u015f\u0131yor. Ancak desteklemek ve...\t\t\t\t\t<\/p>\n\t\t\t\t\t                    \n\t\t\t\t\t\n\t\t\t\t\t\n\t\t\t\t\t<\/div>\n\t\t\t\t\t<\/div>\n\t\t\t\t\t\t\t\t\t\t\t\t\t\t\t\t<div class=\"badge absolute top post-date badge-square\">\n\t\t\t\t\t\t\t<div class=\"badge-inner\">\n\t\t\t\t\t\t\t\t<span class=\"post-date-day\">25<\/span><br>\n\t\t\t\t\t\t\t\t<span class=\"post-date-month is-xsmall\">Oca<\/span>\n\t\t\t\t\t\t\t<\/div>\n\t\t\t\t\t\t<\/div>\n\t\t\t\t\t\t\t\t\t<\/div>\n\t\t\t<\/div>\n\t\t<\/div><div class=\"col post-item\" >\n\t\t\t<div class=\"col-inner\">\n\t\t\t\t<div class=\"box box-bounce box-text-bottom box-blog-post has-hover\">\n            \t\t\t\t\t<div class=\"box-image\" >\n  \t\t\t\t\t\t<div class=\"image-cover\" style=\"padding-top:56.25%;\">\n\t\t\t\t\t\t\t<a href=\"https:\/\/www.sivildusun.net\/yedek18062024\/ilham-dozu-topluluklari-guclendiren-bir-topluluk-siddetsizlik-merkezi\/\" class=\"plain\" aria-label=\"\u0130lham Dozu | Topluluklar\u0131n iyili\u011fi a\u015fk\u0131na: \u015eiddetsizlik Merkezi\">\n\t\t\t\t\t\t\t\t<img loading=\"lazy\" decoding=\"async\" width=\"400\" height=\"225\" src=\"https:\/\/www.sivildusun.net\/yedek18062024\/wp-content\/uploads\/2023\/01\/new_website_post_size-1-400x225.png\" class=\"attachment-medium size-medium wp-post-image\" alt=\"\" srcset=\"https:\/\/www.sivildusun.net\/yedek18062024\/wp-content\/uploads\/2023\/01\/new_website_post_size-1-400x225.png 400w, https:\/\/www.sivildusun.net\/yedek18062024\/wp-content\/uploads\/2023\/01\/new_website_post_size-1-1024x576.png 1024w, https:\/\/www.sivildusun.net\/yedek18062024\/wp-content\/uploads\/2023\/01\/new_website_post_size-1-768x432.png 768w, https:\/\/www.sivildusun.net\/yedek18062024\/wp-content\/uploads\/2023\/01\/new_website_post_size-1.png 1280w\" sizes=\"(max-width: 400px) 100vw, 400px\" \/>\t\t\t\t\t\t\t<\/a>\n  \t\t\t\t\t\t\t  \t\t\t\t\t\t\t  \t\t\t\t\t\t<\/div>\n  \t\t\t\t\t\t  \t\t\t\t\t<\/div>\n          \t\t\t\t\t<div class=\"box-text text-left\" >\n\t\t\t\t\t<div class=\"box-text-inner blog-post-inner\">\n\n\t\t\t\t\t\n\t\t\t\t\t\t\t\t\t\t<h5 class=\"post-title is-large \">\n\t\t\t\t\t\t<a href=\"https:\/\/www.sivildusun.net\/yedek18062024\/ilham-dozu-topluluklari-guclendiren-bir-topluluk-siddetsizlik-merkezi\/\" class=\"plain\">\u0130lham Dozu | Topluluklar\u0131n iyili\u011fi a\u015fk\u0131na: \u015eiddetsizlik Merkezi<\/a>\n\t\t\t\t\t<\/h5>\n\t\t\t\t\t\t\t\t\t\t<div class=\"is-divider\"><\/div>\n\t\t\t\t\t\t\t\t\t\t<p class=\"from_the_blog_excerpt \">\n\t\t\t\t\t\tEn az iki ki\u015fi bir araya geldi\u011finde, dialog i\u00e7in oldu\u011fu kadar dialogsuzluk i\u00e7in de f\u0131rsatlar...\t\t\t\t\t<\/p>\n\t\t\t\t\t                    \n\t\t\t\t\t\n\t\t\t\t\t\n\t\t\t\t\t<\/div>\n\t\t\t\t\t<\/div>\n\t\t\t\t\t\t\t\t\t\t\t\t\t\t\t\t<div class=\"badge absolute top post-date badge-square\">\n\t\t\t\t\t\t\t<div class=\"badge-inner\">\n\t\t\t\t\t\t\t\t<span class=\"post-date-day\">10<\/span><br>\n\t\t\t\t\t\t\t\t<span class=\"post-date-month is-xsmall\">Oca<\/span>\n\t\t\t\t\t\t\t<\/div>\n\t\t\t\t\t\t<\/div>\n\t\t\t\t\t\t\t\t\t<\/div>\n\t\t\t<\/div>\n\t\t<\/div><div class=\"col post-item\" >\n\t\t\t<div class=\"col-inner\">\n\t\t\t\t<div class=\"box box-bounce box-text-bottom box-blog-post has-hover\">\n            \t\t\t\t\t<div class=\"box-image\" >\n  \t\t\t\t\t\t<div class=\"image-cover\" style=\"padding-top:56.25%;\">\n\t\t\t\t\t\t\t<a href=\"https:\/\/www.sivildusun.net\/yedek18062024\/ilham-dozu-kimsesiz-kopekler-icin-gayretli-insanlar-maya-vakfi-toplulugu\/\" class=\"plain\" aria-label=\"\u0130lham Dozu | Kimsesiz k\u00f6pekler i\u00e7in gayretli insanlar: MAYA Vakf\u0131 toplulu\u011fu\">\n\t\t\t\t\t\t\t\t<img loading=\"lazy\" decoding=\"async\" width=\"400\" height=\"225\" src=\"https:\/\/www.sivildusun.net\/yedek18062024\/wp-content\/uploads\/2022\/12\/new_website_post_size-1-400x225.png\" class=\"attachment-medium size-medium wp-post-image\" alt=\"\" srcset=\"https:\/\/www.sivildusun.net\/yedek18062024\/wp-content\/uploads\/2022\/12\/new_website_post_size-1-400x225.png 400w, https:\/\/www.sivildusun.net\/yedek18062024\/wp-content\/uploads\/2022\/12\/new_website_post_size-1-1024x576.png 1024w, https:\/\/www.sivildusun.net\/yedek18062024\/wp-content\/uploads\/2022\/12\/new_website_post_size-1-768x432.png 768w, https:\/\/www.sivildusun.net\/yedek18062024\/wp-content\/uploads\/2022\/12\/new_website_post_size-1.png 1280w\" sizes=\"(max-width: 400px) 100vw, 400px\" \/>\t\t\t\t\t\t\t<\/a>\n  \t\t\t\t\t\t\t  \t\t\t\t\t\t\t  \t\t\t\t\t\t<\/div>\n  \t\t\t\t\t\t  \t\t\t\t\t<\/div>\n          \t\t\t\t\t<div class=\"box-text text-left\" >\n\t\t\t\t\t<div class=\"box-text-inner blog-post-inner\">\n\n\t\t\t\t\t\n\t\t\t\t\t\t\t\t\t\t<h5 class=\"post-title is-large \">\n\t\t\t\t\t\t<a href=\"https:\/\/www.sivildusun.net\/yedek18062024\/ilham-dozu-kimsesiz-kopekler-icin-gayretli-insanlar-maya-vakfi-toplulugu\/\" class=\"plain\">\u0130lham Dozu | Kimsesiz k\u00f6pekler i\u00e7in gayretli insanlar: MAYA Vakf\u0131 toplulu\u011fu<\/a>\n\t\t\t\t\t<\/h5>\n\t\t\t\t\t\t\t\t\t\t<div class=\"is-divider\"><\/div>\n\t\t\t\t\t\t\t\t\t\t<p class=\"from_the_blog_excerpt \">\n\t\t\t\t\t\tT\u00fcrkiye\u2019de hayvan haklar\u0131na dair tart\u0131\u015fmalar\u0131n hat\u0131r\u0131 say\u0131l\u0131r bir k\u0131sm\u0131, sokak hayvanlar\u0131n\u0131n ya\u015fam alanlar\u0131 \u00fczerinden var...\t\t\t\t\t<\/p>\n\t\t\t\t\t                    \n\t\t\t\t\t\n\t\t\t\t\t\n\t\t\t\t\t<\/div>\n\t\t\t\t\t<\/div>\n\t\t\t\t\t\t\t\t\t\t\t\t\t\t\t\t<div class=\"badge absolute top post-date badge-square\">\n\t\t\t\t\t\t\t<div class=\"badge-inner\">\n\t\t\t\t\t\t\t\t<span class=\"post-date-day\">31<\/span><br>\n\t\t\t\t\t\t\t\t<span class=\"post-date-month is-xsmall\">Ara<\/span>\n\t\t\t\t\t\t\t<\/div>\n\t\t\t\t\t\t<\/div>\n\t\t\t\t\t\t\t\t\t<\/div>\n\t\t\t<\/div>\n\t\t<\/div><div class=\"col post-item\" >\n\t\t\t<div class=\"col-inner\">\n\t\t\t\t<div class=\"box box-bounce box-text-bottom box-blog-post has-hover\">\n            \t\t\t\t\t<div class=\"box-image\" >\n  \t\t\t\t\t\t<div class=\"image-cover\" style=\"padding-top:56.25%;\">\n\t\t\t\t\t\t\t<a href=\"https:\/\/www.sivildusun.net\/yedek18062024\/ilham-dozu-spod-danisma-hatti-bu-topluluktaki-herkesin-adi-ayni\/\" class=\"plain\" aria-label=\"\u0130lham Dozu | Bu topluluktaki herkesin ad\u0131 ayn\u0131: SPoD Dan\u0131\u015fma Hatt\u0131\">\n\t\t\t\t\t\t\t\t<img loading=\"lazy\" decoding=\"async\" width=\"400\" height=\"121\" src=\"https:\/\/www.sivildusun.net\/yedek18062024\/wp-content\/uploads\/2022\/11\/ilham_dozu_web-15-400x121.png\" class=\"attachment-medium size-medium wp-post-image\" alt=\"\" srcset=\"https:\/\/www.sivildusun.net\/yedek18062024\/wp-content\/uploads\/2022\/11\/ilham_dozu_web-15-400x121.png 400w, https:\/\/www.sivildusun.net\/yedek18062024\/wp-content\/uploads\/2022\/11\/ilham_dozu_web-15-1024x310.png 1024w, https:\/\/www.sivildusun.net\/yedek18062024\/wp-content\/uploads\/2022\/11\/ilham_dozu_web-15-768x232.png 768w, https:\/\/www.sivildusun.net\/yedek18062024\/wp-content\/uploads\/2022\/11\/ilham_dozu_web-15.png 1051w\" sizes=\"(max-width: 400px) 100vw, 400px\" \/>\t\t\t\t\t\t\t<\/a>\n  \t\t\t\t\t\t\t  \t\t\t\t\t\t\t  \t\t\t\t\t\t<\/div>\n  \t\t\t\t\t\t  \t\t\t\t\t<\/div>\n          \t\t\t\t\t<div class=\"box-text text-left\" >\n\t\t\t\t\t<div class=\"box-text-inner blog-post-inner\">\n\n\t\t\t\t\t\n\t\t\t\t\t\t\t\t\t\t<h5 class=\"post-title is-large \">\n\t\t\t\t\t\t<a href=\"https:\/\/www.sivildusun.net\/yedek18062024\/ilham-dozu-spod-danisma-hatti-bu-topluluktaki-herkesin-adi-ayni\/\" class=\"plain\">\u0130lham Dozu | Bu topluluktaki herkesin ad\u0131 ayn\u0131: SPoD Dan\u0131\u015fma Hatt\u0131<\/a>\n\t\t\t\t\t<\/h5>\n\t\t\t\t\t\t\t\t\t\t<div class=\"is-divider\"><\/div>\n\t\t\t\t\t\t\t\t\t\t<p class=\"from_the_blog_excerpt \">\n\t\t\t\t\t\tSPoD&#8217;un LGBT\u0130+ Dan\u0131\u015fma Hatt\u0131 LGBT\u0130+\u2019lar\u0131n g\u00fcnl\u00fck ya\u015famda kar\u015f\u0131la\u015ft\u0131\u011f\u0131 ayr\u0131mc\u0131l\u0131klara \u00e7\u00f6z\u00fcm bulabilmek, dertlerine ortak olabilmek i\u00e7in...\t\t\t\t\t<\/p>\n\t\t\t\t\t                    \n\t\t\t\t\t\n\t\t\t\t\t\n\t\t\t\t\t<\/div>\n\t\t\t\t\t<\/div>\n\t\t\t\t\t\t\t\t\t\t\t\t\t\t\t\t<div class=\"badge absolute top post-date badge-square\">\n\t\t\t\t\t\t\t<div class=\"badge-inner\">\n\t\t\t\t\t\t\t\t<span class=\"post-date-day\">17<\/span><br>\n\t\t\t\t\t\t\t\t<span class=\"post-date-month is-xsmall\">Kas<\/span>\n\t\t\t\t\t\t\t<\/div>\n\t\t\t\t\t\t<\/div>\n\t\t\t\t\t\t\t\t\t<\/div>\n\t\t\t<\/div>\n\t\t<\/div><div class=\"col post-item\" >\n\t\t\t<div class=\"col-inner\">\n\t\t\t\t<div class=\"box box-bounce box-text-bottom box-blog-post has-hover\">\n            \t\t\t\t\t<div class=\"box-image\" >\n  \t\t\t\t\t\t<div class=\"image-cover\" style=\"padding-top:56.25%;\">\n\t\t\t\t\t\t\t<a href=\"https:\/\/www.sivildusun.net\/yedek18062024\/kanadadaki-postacilarin-herkes-icin-bir-plani-var-delivering-community-power\/\" class=\"plain\" aria-label=\"\u0130lham Dozu | Kanadal\u0131 postac\u0131lar\u0131n herkes i\u00e7in iyilik d\u00fc\u015f\u00fcnen toplulu\u011fu: Delivering Community Power\">\n\t\t\t\t\t\t\t\t<img loading=\"lazy\" decoding=\"async\" width=\"400\" height=\"121\" src=\"https:\/\/www.sivildusun.net\/yedek18062024\/wp-content\/uploads\/2022\/11\/ilham_dozu_web-12-400x121.png\" class=\"attachment-medium size-medium wp-post-image\" alt=\"\" srcset=\"https:\/\/www.sivildusun.net\/yedek18062024\/wp-content\/uploads\/2022\/11\/ilham_dozu_web-12-400x121.png 400w, https:\/\/www.sivildusun.net\/yedek18062024\/wp-content\/uploads\/2022\/11\/ilham_dozu_web-12-1024x310.png 1024w, https:\/\/www.sivildusun.net\/yedek18062024\/wp-content\/uploads\/2022\/11\/ilham_dozu_web-12-768x232.png 768w, https:\/\/www.sivildusun.net\/yedek18062024\/wp-content\/uploads\/2022\/11\/ilham_dozu_web-12.png 1051w\" sizes=\"(max-width: 400px) 100vw, 400px\" \/>\t\t\t\t\t\t\t<\/a>\n  \t\t\t\t\t\t\t  \t\t\t\t\t\t\t  \t\t\t\t\t\t<\/div>\n  \t\t\t\t\t\t  \t\t\t\t\t<\/div>\n          \t\t\t\t\t<div class=\"box-text text-left\" >\n\t\t\t\t\t<div class=\"box-text-inner blog-post-inner\">\n\n\t\t\t\t\t\n\t\t\t\t\t\t\t\t\t\t<h5 class=\"post-title is-large \">\n\t\t\t\t\t\t<a href=\"https:\/\/www.sivildusun.net\/yedek18062024\/kanadadaki-postacilarin-herkes-icin-bir-plani-var-delivering-community-power\/\" class=\"plain\">\u0130lham Dozu | Kanadal\u0131 postac\u0131lar\u0131n herkes i\u00e7in iyilik d\u00fc\u015f\u00fcnen toplulu\u011fu: Delivering Community Power<\/a>\n\t\t\t\t\t<\/h5>\n\t\t\t\t\t\t\t\t\t\t<div class=\"is-divider\"><\/div>\n\t\t\t\t\t\t\t\t\t\t<p class=\"from_the_blog_excerpt \">\n\t\t\t\t\t\td\u00fcnyalar.a ba\u015flad\u0131\u011f\u0131m\u0131zdan beri dilimizde: Topluluklar her yerde. Delivering Community Power bunun en iyi \u00f6rneklerinden. Kanadal\u0131...\t\t\t\t\t<\/p>\n\t\t\t\t\t                    \n\t\t\t\t\t\n\t\t\t\t\t\n\t\t\t\t\t<\/div>\n\t\t\t\t\t<\/div>\n\t\t\t\t\t\t\t\t\t\t\t\t\t\t\t\t<div class=\"badge absolute top post-date badge-square\">\n\t\t\t\t\t\t\t<div class=\"badge-inner\">\n\t\t\t\t\t\t\t\t<span class=\"post-date-day\">11<\/span><br>\n\t\t\t\t\t\t\t\t<span class=\"post-date-month is-xsmall\">Kas<\/span>\n\t\t\t\t\t\t\t<\/div>\n\t\t\t\t\t\t<\/div>\n\t\t\t\t\t\t\t\t\t<\/div>\n\t\t\t<\/div>\n\t\t<\/div><div class=\"col post-item\" >\n\t\t\t<div class=\"col-inner\">\n\t\t\t\t<div class=\"box box-bounce box-text-bottom box-blog-post has-hover\">\n            \t\t\t\t\t<div class=\"box-image\" >\n  \t\t\t\t\t\t<div class=\"image-cover\" style=\"padding-top:56.25%;\">\n\t\t\t\t\t\t\t<a href=\"https:\/\/www.sivildusun.net\/yedek18062024\/ilham-dozu-vicdan-takimi\/\" class=\"plain\" aria-label=\"Sporu seven \u00e7ocuklar\u0131n toplulu\u011fu: Vicdan Tak\u0131m\u0131\">\n\t\t\t\t\t\t\t\t<img loading=\"lazy\" decoding=\"async\" width=\"400\" height=\"121\" src=\"https:\/\/www.sivildusun.net\/yedek18062024\/wp-content\/uploads\/2022\/11\/ilham_dozu_web-1-400x121.png\" class=\"attachment-medium size-medium wp-post-image\" alt=\"\" srcset=\"https:\/\/www.sivildusun.net\/yedek18062024\/wp-content\/uploads\/2022\/11\/ilham_dozu_web-1-400x121.png 400w, https:\/\/www.sivildusun.net\/yedek18062024\/wp-content\/uploads\/2022\/11\/ilham_dozu_web-1-1024x310.png 1024w, https:\/\/www.sivildusun.net\/yedek18062024\/wp-content\/uploads\/2022\/11\/ilham_dozu_web-1-768x232.png 768w, https:\/\/www.sivildusun.net\/yedek18062024\/wp-content\/uploads\/2022\/11\/ilham_dozu_web-1.png 1051w\" sizes=\"(max-width: 400px) 100vw, 400px\" \/>\t\t\t\t\t\t\t<\/a>\n  \t\t\t\t\t\t\t  \t\t\t\t\t\t\t  \t\t\t\t\t\t<\/div>\n  \t\t\t\t\t\t  \t\t\t\t\t<\/div>\n          \t\t\t\t\t<div class=\"box-text text-left\" >\n\t\t\t\t\t<div class=\"box-text-inner blog-post-inner\">\n\n\t\t\t\t\t\n\t\t\t\t\t\t\t\t\t\t<h5 class=\"post-title is-large \">\n\t\t\t\t\t\t<a href=\"https:\/\/www.sivildusun.net\/yedek18062024\/ilham-dozu-vicdan-takimi\/\" class=\"plain\">Sporu seven \u00e7ocuklar\u0131n toplulu\u011fu: Vicdan Tak\u0131m\u0131<\/a>\n\t\t\t\t\t<\/h5>\n\t\t\t\t\t\t\t\t\t\t<div class=\"is-divider\"><\/div>\n\t\t\t\t\t\t\t\t\t\t<p class=\"from_the_blog_excerpt \">\n\t\t\t\t\t\tBug\u00fcn\u00fcn yeti\u015fkinlerinin en renkli an\u0131lar\u0131 \u00e7ocukken oynad\u0131klar\u0131 sokak oyunlar\u0131nda, parklarda, bah\u00e7elerde. Peki ya bug\u00fcn\u00fcn \u00e7ocuklar\u0131?...\t\t\t\t\t<\/p>\n\t\t\t\t\t                    \n\t\t\t\t\t\n\t\t\t\t\t\n\t\t\t\t\t<\/div>\n\t\t\t\t\t<\/div>\n\t\t\t\t\t\t\t\t\t\t\t\t\t\t\t\t<div class=\"badge absolute top post-date badge-square\">\n\t\t\t\t\t\t\t<div class=\"badge-inner\">\n\t\t\t\t\t\t\t\t<span class=\"post-date-day\">01<\/span><br>\n\t\t\t\t\t\t\t\t<span class=\"post-date-month is-xsmall\">Kas<\/span>\n\t\t\t\t\t\t\t<\/div>\n\t\t\t\t\t\t<\/div>\n\t\t\t\t\t\t\t\t\t<\/div>\n\t\t\t<\/div>\n\t\t<\/div><div class=\"col post-item\" >\n\t\t\t<div class=\"col-inner\">\n\t\t\t\t<div class=\"box box-bounce box-text-bottom box-blog-post has-hover\">\n            \t\t\t\t\t<div class=\"box-image\" >\n  \t\t\t\t\t\t<div class=\"image-cover\" style=\"padding-top:56.25%;\">\n\t\t\t\t\t\t\t<a href=\"https:\/\/www.sivildusun.net\/yedek18062024\/ilham-dozu-hikayelerini-dunya-icin-anlatiyorlar-storytellers-collective\/\" class=\"plain\" aria-label=\"\u0130klimin ortak hikayemiz oldu\u011funu hat\u0131rlatanlar: Storytellers Collective\">\n\t\t\t\t\t\t\t\t<img loading=\"lazy\" decoding=\"async\" width=\"400\" height=\"225\" src=\"https:\/\/www.sivildusun.net\/yedek18062024\/wp-content\/uploads\/2022\/10\/new_website_post_size-400x225.png\" class=\"attachment-medium size-medium wp-post-image\" alt=\"\" srcset=\"https:\/\/www.sivildusun.net\/yedek18062024\/wp-content\/uploads\/2022\/10\/new_website_post_size-400x225.png 400w, https:\/\/www.sivildusun.net\/yedek18062024\/wp-content\/uploads\/2022\/10\/new_website_post_size-1024x576.png 1024w, https:\/\/www.sivildusun.net\/yedek18062024\/wp-content\/uploads\/2022\/10\/new_website_post_size-768x432.png 768w, https:\/\/www.sivildusun.net\/yedek18062024\/wp-content\/uploads\/2022\/10\/new_website_post_size.png 1280w\" sizes=\"(max-width: 400px) 100vw, 400px\" \/>\t\t\t\t\t\t\t<\/a>\n  \t\t\t\t\t\t\t  \t\t\t\t\t\t\t  \t\t\t\t\t\t<\/div>\n  \t\t\t\t\t\t  \t\t\t\t\t<\/div>\n          \t\t\t\t\t<div class=\"box-text text-left\" >\n\t\t\t\t\t<div class=\"box-text-inner blog-post-inner\">\n\n\t\t\t\t\t\n\t\t\t\t\t\t\t\t\t\t<h5 class=\"post-title is-large \">\n\t\t\t\t\t\t<a href=\"https:\/\/www.sivildusun.net\/yedek18062024\/ilham-dozu-hikayelerini-dunya-icin-anlatiyorlar-storytellers-collective\/\" class=\"plain\">\u0130klimin ortak hikayemiz oldu\u011funu hat\u0131rlatanlar: Storytellers Collective<\/a>\n\t\t\t\t\t<\/h5>\n\t\t\t\t\t\t\t\t\t\t<div class=\"is-divider\"><\/div>\n\t\t\t\t\t\t\t\t\t\t<p class=\"from_the_blog_excerpt \">\n\t\t\t\t\t\tEvrenin atomlardan de\u011fil hikayelerden olu\u015ftu\u011funu s\u00f6yleyen L\u00fcbnanl\u0131 \u015fair hakl\u0131yd\u0131. Bug\u00fcn d\u00fcnyay\u0131 daha iyi bir yer...\t\t\t\t\t<\/p>\n\t\t\t\t\t                    \n\t\t\t\t\t\n\t\t\t\t\t\n\t\t\t\t\t<\/div>\n\t\t\t\t\t<\/div>\n\t\t\t\t\t\t\t\t\t\t\t\t\t\t\t\t<div class=\"badge absolute top post-date badge-square\">\n\t\t\t\t\t\t\t<div class=\"badge-inner\">\n\t\t\t\t\t\t\t\t<span class=\"post-date-day\">26<\/span><br>\n\t\t\t\t\t\t\t\t<span class=\"post-date-month is-xsmall\">Eki<\/span>\n\t\t\t\t\t\t\t<\/div>\n\t\t\t\t\t\t<\/div>\n\t\t\t\t\t\t\t\t\t<\/div>\n\t\t\t<\/div>\n\t\t<\/div><div class=\"col post-item\" >\n\t\t\t<div class=\"col-inner\">\n\t\t\t\t<div class=\"box box-bounce box-text-bottom box-blog-post has-hover\">\n            \t\t\t\t\t<div class=\"box-image\" >\n  \t\t\t\t\t\t<div class=\"image-cover\" style=\"padding-top:56.25%;\">\n\t\t\t\t\t\t\t<a href=\"https:\/\/www.sivildusun.net\/yedek18062024\/ilham-dozu-bilgi-icin-bilginin-gucuyle-vikimedia-turkiye\/\" class=\"plain\" aria-label=\"\u0130lham Dozu | Bilgi i\u00e7in, bilginin g\u00fcc\u00fcyle: Vikimedia T\u00fcrkiye\">\n\t\t\t\t\t\t\t\t<img loading=\"lazy\" decoding=\"async\" width=\"400\" height=\"121\" src=\"https:\/\/www.sivildusun.net\/yedek18062024\/wp-content\/uploads\/2022\/10\/ilham_dozu_web-5-400x121.png\" class=\"attachment-medium size-medium wp-post-image\" alt=\"\" srcset=\"https:\/\/www.sivildusun.net\/yedek18062024\/wp-content\/uploads\/2022\/10\/ilham_dozu_web-5-400x121.png 400w, https:\/\/www.sivildusun.net\/yedek18062024\/wp-content\/uploads\/2022\/10\/ilham_dozu_web-5-1024x310.png 1024w, https:\/\/www.sivildusun.net\/yedek18062024\/wp-content\/uploads\/2022\/10\/ilham_dozu_web-5-768x232.png 768w, https:\/\/www.sivildusun.net\/yedek18062024\/wp-content\/uploads\/2022\/10\/ilham_dozu_web-5.png 1051w\" sizes=\"(max-width: 400px) 100vw, 400px\" \/>\t\t\t\t\t\t\t<\/a>\n  \t\t\t\t\t\t\t  \t\t\t\t\t\t\t  \t\t\t\t\t\t<\/div>\n  \t\t\t\t\t\t  \t\t\t\t\t<\/div>\n          \t\t\t\t\t<div class=\"box-text text-left\" >\n\t\t\t\t\t<div class=\"box-text-inner blog-post-inner\">\n\n\t\t\t\t\t\n\t\t\t\t\t\t\t\t\t\t<h5 class=\"post-title is-large \">\n\t\t\t\t\t\t<a href=\"https:\/\/www.sivildusun.net\/yedek18062024\/ilham-dozu-bilgi-icin-bilginin-gucuyle-vikimedia-turkiye\/\" class=\"plain\">\u0130lham Dozu | Bilgi i\u00e7in, bilginin g\u00fcc\u00fcyle: Vikimedia T\u00fcrkiye<\/a>\n\t\t\t\t\t<\/h5>\n\t\t\t\t\t\t\t\t\t\t<div class=\"is-divider\"><\/div>\n\t\t\t\t\t\t\t\t\t\t<p class=\"from_the_blog_excerpt \">\n\t\t\t\t\t\tSon y\u0131llarda akl\u0131m\u0131za ne zaman bir soru d\u00fc\u015fse ilk d\u00f6n\u00fcp bakt\u0131\u011f\u0131m\u0131z yerlerden biri Vikipedi. \u00d6dev...\t\t\t\t\t<\/p>\n\t\t\t\t\t                    \n\t\t\t\t\t\n\t\t\t\t\t\n\t\t\t\t\t<\/div>\n\t\t\t\t\t<\/div>\n\t\t\t\t\t\t\t\t\t\t\t\t\t\t\t\t<div class=\"badge absolute top post-date badge-square\">\n\t\t\t\t\t\t\t<div class=\"badge-inner\">\n\t\t\t\t\t\t\t\t<span class=\"post-date-day\">20<\/span><br>\n\t\t\t\t\t\t\t\t<span class=\"post-date-month is-xsmall\">Eki<\/span>\n\t\t\t\t\t\t\t<\/div>\n\t\t\t\t\t\t<\/div>\n\t\t\t\t\t\t\t\t\t<\/div>\n\t\t\t<\/div>\n\t\t<\/div><div class=\"col post-item\" >\n\t\t\t<div class=\"col-inner\">\n\t\t\t\t<div class=\"box box-bounce box-text-bottom box-blog-post has-hover\">\n            \t\t\t\t\t<div class=\"box-image\" >\n  \t\t\t\t\t\t<div class=\"image-cover\" style=\"padding-top:56.25%;\">\n\t\t\t\t\t\t\t<a href=\"https:\/\/www.sivildusun.net\/yedek18062024\/climate-for-change\/\" class=\"plain\" aria-label=\"B\u00fcy\u00fck konular i\u00e7in k\u00fc\u00e7\u00fck evlerde bulu\u015fan topluluk: Climate for Change\">\n\t\t\t\t\t\t\t\t<img loading=\"lazy\" decoding=\"async\" width=\"400\" height=\"121\" src=\"https:\/\/www.sivildusun.net\/yedek18062024\/wp-content\/uploads\/2022\/10\/ilham_dozu_web-18-400x121.png\" class=\"attachment-medium size-medium wp-post-image\" alt=\"\" srcset=\"https:\/\/www.sivildusun.net\/yedek18062024\/wp-content\/uploads\/2022\/10\/ilham_dozu_web-18-400x121.png 400w, https:\/\/www.sivildusun.net\/yedek18062024\/wp-content\/uploads\/2022\/10\/ilham_dozu_web-18-1024x310.png 1024w, https:\/\/www.sivildusun.net\/yedek18062024\/wp-content\/uploads\/2022\/10\/ilham_dozu_web-18-768x232.png 768w, https:\/\/www.sivildusun.net\/yedek18062024\/wp-content\/uploads\/2022\/10\/ilham_dozu_web-18.png 1051w\" sizes=\"(max-width: 400px) 100vw, 400px\" \/>\t\t\t\t\t\t\t<\/a>\n  \t\t\t\t\t\t\t  \t\t\t\t\t\t\t  \t\t\t\t\t\t<\/div>\n  \t\t\t\t\t\t  \t\t\t\t\t<\/div>\n          \t\t\t\t\t<div class=\"box-text text-left\" >\n\t\t\t\t\t<div class=\"box-text-inner blog-post-inner\">\n\n\t\t\t\t\t\n\t\t\t\t\t\t\t\t\t\t<h5 class=\"post-title is-large \">\n\t\t\t\t\t\t<a href=\"https:\/\/www.sivildusun.net\/yedek18062024\/climate-for-change\/\" class=\"plain\">B\u00fcy\u00fck konular i\u00e7in k\u00fc\u00e7\u00fck evlerde bulu\u015fan topluluk: Climate for Change<\/a>\n\t\t\t\t\t<\/h5>\n\t\t\t\t\t\t\t\t\t\t<div class=\"is-divider\"><\/div>\n\t\t\t\t\t\t\t\t\t\t<p class=\"from_the_blog_excerpt \">\n\t\t\t\t\t\t\u0130klim krizi art\u0131k kap\u0131da de\u011fil, i\u00e7eride. \u00c7o\u011fumuz i\u00e7in ya\u015famlar\u0131m\u0131z\u0131 adapte etmek zorunda hissetti\u011fimiz bir ger\u00e7ekli\u011fe...\t\t\t\t\t<\/p>\n\t\t\t\t\t                    \n\t\t\t\t\t\n\t\t\t\t\t\n\t\t\t\t\t<\/div>\n\t\t\t\t\t<\/div>\n\t\t\t\t\t\t\t\t\t\t\t\t\t\t\t\t<div class=\"badge absolute top post-date badge-square\">\n\t\t\t\t\t\t\t<div class=\"badge-inner\">\n\t\t\t\t\t\t\t\t<span class=\"post-date-day\">12<\/span><br>\n\t\t\t\t\t\t\t\t<span class=\"post-date-month is-xsmall\">Eki<\/span>\n\t\t\t\t\t\t\t<\/div>\n\t\t\t\t\t\t<\/div>\n\t\t\t\t\t\t\t\t\t<\/div>\n\t\t\t<\/div>\n\t\t<\/div><div class=\"col post-item\" >\n\t\t\t<div class=\"col-inner\">\n\t\t\t\t<div class=\"box box-bounce box-text-bottom box-blog-post has-hover\">\n            \t\t\t\t\t<div class=\"box-image\" >\n  \t\t\t\t\t\t<div class=\"image-cover\" style=\"padding-top:56.25%;\">\n\t\t\t\t\t\t\t<a href=\"https:\/\/www.sivildusun.net\/yedek18062024\/ilham-dozu-migration-jam\/\" class=\"plain\" aria-label=\"\u0130lham Dozu | Hikayelerle birbirine ba\u011flanan bir topluluk: Migration Jam\">\n\t\t\t\t\t\t\t\t<img loading=\"lazy\" decoding=\"async\" width=\"400\" height=\"121\" src=\"https:\/\/www.sivildusun.net\/yedek18062024\/wp-content\/uploads\/2022\/10\/ilham_dozu_web-14-400x121.png\" class=\"attachment-medium size-medium wp-post-image\" alt=\"\" srcset=\"https:\/\/www.sivildusun.net\/yedek18062024\/wp-content\/uploads\/2022\/10\/ilham_dozu_web-14-400x121.png 400w, https:\/\/www.sivildusun.net\/yedek18062024\/wp-content\/uploads\/2022\/10\/ilham_dozu_web-14-1024x310.png 1024w, https:\/\/www.sivildusun.net\/yedek18062024\/wp-content\/uploads\/2022\/10\/ilham_dozu_web-14-768x232.png 768w, https:\/\/www.sivildusun.net\/yedek18062024\/wp-content\/uploads\/2022\/10\/ilham_dozu_web-14.png 1051w\" sizes=\"(max-width: 400px) 100vw, 400px\" \/>\t\t\t\t\t\t\t<\/a>\n  \t\t\t\t\t\t\t  \t\t\t\t\t\t\t  \t\t\t\t\t\t<\/div>\n  \t\t\t\t\t\t  \t\t\t\t\t<\/div>\n          \t\t\t\t\t<div class=\"box-text text-left\" >\n\t\t\t\t\t<div class=\"box-text-inner blog-post-inner\">\n\n\t\t\t\t\t\n\t\t\t\t\t\t\t\t\t\t<h5 class=\"post-title is-large \">\n\t\t\t\t\t\t<a href=\"https:\/\/www.sivildusun.net\/yedek18062024\/ilham-dozu-migration-jam\/\" class=\"plain\">\u0130lham Dozu | Hikayelerle birbirine ba\u011flanan bir topluluk: Migration Jam<\/a>\n\t\t\t\t\t<\/h5>\n\t\t\t\t\t\t\t\t\t\t<div class=\"is-divider\"><\/div>\n\t\t\t\t\t\t\t\t\t\t<p class=\"from_the_blog_excerpt \">\n\t\t\t\t\t\tMigration Jam, m\u00fclteci ve g\u00f6\u00e7menlerin hikayelerini onlar\u0131n a\u011fz\u0131ndan dinlememize olanak sa\u011flayan bir platform. Hikayenin g\u00fcc\u00fcne...\t\t\t\t\t<\/p>\n\t\t\t\t\t                    \n\t\t\t\t\t\n\t\t\t\t\t\n\t\t\t\t\t<\/div>\n\t\t\t\t\t<\/div>\n\t\t\t\t\t\t\t\t\t\t\t\t\t\t\t\t<div class=\"badge absolute top post-date badge-square\">\n\t\t\t\t\t\t\t<div class=\"badge-inner\">\n\t\t\t\t\t\t\t\t<span class=\"post-date-day\">05<\/span><br>\n\t\t\t\t\t\t\t\t<span class=\"post-date-month is-xsmall\">Eki<\/span>\n\t\t\t\t\t\t\t<\/div>\n\t\t\t\t\t\t<\/div>\n\t\t\t\t\t\t\t\t\t<\/div>\n\t\t\t<\/div>\n\t\t<\/div><div class=\"col post-item\" >\n\t\t\t<div class=\"col-inner\">\n\t\t\t\t<div class=\"box box-bounce box-text-bottom box-blog-post has-hover\">\n            \t\t\t\t\t<div class=\"box-image\" >\n  \t\t\t\t\t\t<div class=\"image-cover\" style=\"padding-top:56.25%;\">\n\t\t\t\t\t\t\t<a href=\"https:\/\/www.sivildusun.net\/yedek18062024\/ilham-dozu-kucuk-ureticiden-temiz-gida\/\" class=\"plain\" aria-label=\"\u0130lham Dozu | K\u00fc\u00e7\u00fck \u00fcreticiden temiz g\u0131da, pazar yerinde dayan\u0131\u015fma\">\n\t\t\t\t\t\t\t\t<img loading=\"lazy\" decoding=\"async\" width=\"400\" height=\"121\" src=\"https:\/\/www.sivildusun.net\/yedek18062024\/wp-content\/uploads\/2022\/09\/ilham_dozu_web-10-400x121.png\" class=\"attachment-medium size-medium wp-post-image\" alt=\"\" srcset=\"https:\/\/www.sivildusun.net\/yedek18062024\/wp-content\/uploads\/2022\/09\/ilham_dozu_web-10-400x121.png 400w, https:\/\/www.sivildusun.net\/yedek18062024\/wp-content\/uploads\/2022\/09\/ilham_dozu_web-10-1024x310.png 1024w, https:\/\/www.sivildusun.net\/yedek18062024\/wp-content\/uploads\/2022\/09\/ilham_dozu_web-10-768x232.png 768w, https:\/\/www.sivildusun.net\/yedek18062024\/wp-content\/uploads\/2022\/09\/ilham_dozu_web-10.png 1051w\" sizes=\"(max-width: 400px) 100vw, 400px\" \/>\t\t\t\t\t\t\t<\/a>\n  \t\t\t\t\t\t\t  \t\t\t\t\t\t\t  \t\t\t\t\t\t<\/div>\n  \t\t\t\t\t\t  \t\t\t\t\t<\/div>\n          \t\t\t\t\t<div class=\"box-text text-left\" >\n\t\t\t\t\t<div class=\"box-text-inner blog-post-inner\">\n\n\t\t\t\t\t\n\t\t\t\t\t\t\t\t\t\t<h5 class=\"post-title is-large \">\n\t\t\t\t\t\t<a href=\"https:\/\/www.sivildusun.net\/yedek18062024\/ilham-dozu-kucuk-ureticiden-temiz-gida\/\" class=\"plain\">\u0130lham Dozu | K\u00fc\u00e7\u00fck \u00fcreticiden temiz g\u0131da, pazar yerinde dayan\u0131\u015fma<\/a>\n\t\t\t\t\t<\/h5>\n\t\t\t\t\t\t\t\t\t\t<div class=\"is-divider\"><\/div>\n\t\t\t\t\t\t\t\t\t\t<p class=\"from_the_blog_excerpt \">\n\t\t\t\t\t\tHer ay\u0131n bir pazar g\u00fcn\u00fc, \u0130stanbul\u2019daki Momo Anaokulu\u2019nun bah\u00e7esinde bir pazar yeri kuruluyor. Bu pazar...\t\t\t\t\t<\/p>\n\t\t\t\t\t                    \n\t\t\t\t\t\n\t\t\t\t\t\n\t\t\t\t\t<\/div>\n\t\t\t\t\t<\/div>\n\t\t\t\t\t\t\t\t\t\t\t\t\t\t\t\t<div class=\"badge absolute top post-date badge-square\">\n\t\t\t\t\t\t\t<div class=\"badge-inner\">\n\t\t\t\t\t\t\t\t<span class=\"post-date-day\">28<\/span><br>\n\t\t\t\t\t\t\t\t<span class=\"post-date-month is-xsmall\">Eyl<\/span>\n\t\t\t\t\t\t\t<\/div>\n\t\t\t\t\t\t<\/div>\n\t\t\t\t\t\t\t\t\t<\/div>\n\t\t\t<\/div>\n\t\t<\/div><div class=\"col post-item\" >\n\t\t\t<div class=\"col-inner\">\n\t\t\t\t<div class=\"box box-bounce box-text-bottom box-blog-post has-hover\">\n            \t\t\t\t\t<div class=\"box-image\" >\n  \t\t\t\t\t\t<div class=\"image-cover\" style=\"padding-top:56.25%;\">\n\t\t\t\t\t\t\t<a href=\"https:\/\/www.sivildusun.net\/yedek18062024\/ilham-dozu-gucunu-cocuklardan-alan-topluluk-parents-for-future-gelecek-icin-ebeveynler\/\" class=\"plain\" aria-label=\"\u0130lham Dozu | G\u00fcc\u00fcn\u00fc \u00e7ocuklardan alan topluluk: Parents for Future (Gelecek i\u00e7in Ebeveynler)\">\n\t\t\t\t\t\t\t\t<img loading=\"lazy\" decoding=\"async\" width=\"400\" height=\"400\" src=\"https:\/\/www.sivildusun.net\/yedek18062024\/wp-content\/uploads\/2022\/09\/ILHAM-DOZU-5-400x400.png\" class=\"attachment-medium size-medium wp-post-image\" alt=\"\" srcset=\"https:\/\/www.sivildusun.net\/yedek18062024\/wp-content\/uploads\/2022\/09\/ILHAM-DOZU-5-400x400.png 400w, https:\/\/www.sivildusun.net\/yedek18062024\/wp-content\/uploads\/2022\/09\/ILHAM-DOZU-5-1024x1024.png 1024w, https:\/\/www.sivildusun.net\/yedek18062024\/wp-content\/uploads\/2022\/09\/ILHAM-DOZU-5-150x150.png 150w, https:\/\/www.sivildusun.net\/yedek18062024\/wp-content\/uploads\/2022\/09\/ILHAM-DOZU-5-768x768.png 768w, https:\/\/www.sivildusun.net\/yedek18062024\/wp-content\/uploads\/2022\/09\/ILHAM-DOZU-5-300x300.png 300w, https:\/\/www.sivildusun.net\/yedek18062024\/wp-content\/uploads\/2022\/09\/ILHAM-DOZU-5.png 1080w\" sizes=\"(max-width: 400px) 100vw, 400px\" \/>\t\t\t\t\t\t\t<\/a>\n  \t\t\t\t\t\t\t  \t\t\t\t\t\t\t  \t\t\t\t\t\t<\/div>\n  \t\t\t\t\t\t  \t\t\t\t\t<\/div>\n          \t\t\t\t\t<div class=\"box-text text-left\" >\n\t\t\t\t\t<div class=\"box-text-inner blog-post-inner\">\n\n\t\t\t\t\t\n\t\t\t\t\t\t\t\t\t\t<h5 class=\"post-title is-large \">\n\t\t\t\t\t\t<a href=\"https:\/\/www.sivildusun.net\/yedek18062024\/ilham-dozu-gucunu-cocuklardan-alan-topluluk-parents-for-future-gelecek-icin-ebeveynler\/\" class=\"plain\">\u0130lham Dozu | G\u00fcc\u00fcn\u00fc \u00e7ocuklardan alan topluluk: Parents for Future (Gelecek i\u00e7in Ebeveynler)<\/a>\n\t\t\t\t\t<\/h5>\n\t\t\t\t\t\t\t\t\t\t<div class=\"is-divider\"><\/div>\n\t\t\t\t\t\t\t\t\t\t<p class=\"from_the_blog_excerpt \">\n\t\t\t\t\t\tGen\u00e7ler ve \u00e7ocuklar\u0131n iklim krizine kar\u015f\u0131 ba\u015flatt\u0131\u011f\u0131 Fridays for Future (Gelecek i\u00e7in Cumalar) hareketinden ilham...\t\t\t\t\t<\/p>\n\t\t\t\t\t                    \n\t\t\t\t\t\n\t\t\t\t\t\n\t\t\t\t\t<\/div>\n\t\t\t\t\t<\/div>\n\t\t\t\t\t\t\t\t\t\t\t\t\t\t\t\t<div class=\"badge absolute top post-date badge-square\">\n\t\t\t\t\t\t\t<div class=\"badge-inner\">\n\t\t\t\t\t\t\t\t<span class=\"post-date-day\">16<\/span><br>\n\t\t\t\t\t\t\t\t<span class=\"post-date-month is-xsmall\">Eyl<\/span>\n\t\t\t\t\t\t\t<\/div>\n\t\t\t\t\t\t<\/div>\n\t\t\t\t\t\t\t\t\t<\/div>\n\t\t\t<\/div>\n\t\t<\/div><div class=\"col post-item\" >\n\t\t\t<div class=\"col-inner\">\n\t\t\t\t<div class=\"box box-bounce box-text-bottom box-blog-post has-hover\">\n            \t\t\t\t\t<div class=\"box-image\" >\n  \t\t\t\t\t\t<div class=\"image-cover\" style=\"padding-top:56.25%;\">\n\t\t\t\t\t\t\t<a href=\"https:\/\/www.sivildusun.net\/yedek18062024\/gelecegi-copen-kurtaran-hareket-yasami-iyilestiriyoruz-dernegi\/\" class=\"plain\" aria-label=\"\u0130lham Dozu | Gelece\u011fi \u00e7\u00f6pten kurtaran hareket: Ya\u015fam\u0131 \u0130yile\u015ftirenler\">\n\t\t\t\t\t\t\t\t<img loading=\"lazy\" decoding=\"async\" width=\"400\" height=\"400\" src=\"https:\/\/www.sivildusun.net\/yedek18062024\/wp-content\/uploads\/2022\/09\/ILHAM-DOZU-2-400x400.png\" class=\"attachment-medium size-medium wp-post-image\" alt=\"\" srcset=\"https:\/\/www.sivildusun.net\/yedek18062024\/wp-content\/uploads\/2022\/09\/ILHAM-DOZU-2-400x400.png 400w, https:\/\/www.sivildusun.net\/yedek18062024\/wp-content\/uploads\/2022\/09\/ILHAM-DOZU-2-1024x1024.png 1024w, https:\/\/www.sivildusun.net\/yedek18062024\/wp-content\/uploads\/2022\/09\/ILHAM-DOZU-2-150x150.png 150w, https:\/\/www.sivildusun.net\/yedek18062024\/wp-content\/uploads\/2022\/09\/ILHAM-DOZU-2-768x768.png 768w, https:\/\/www.sivildusun.net\/yedek18062024\/wp-content\/uploads\/2022\/09\/ILHAM-DOZU-2-300x300.png 300w, https:\/\/www.sivildusun.net\/yedek18062024\/wp-content\/uploads\/2022\/09\/ILHAM-DOZU-2.png 1080w\" sizes=\"(max-width: 400px) 100vw, 400px\" \/>\t\t\t\t\t\t\t<\/a>\n  \t\t\t\t\t\t\t  \t\t\t\t\t\t\t  \t\t\t\t\t\t<\/div>\n  \t\t\t\t\t\t  \t\t\t\t\t<\/div>\n          \t\t\t\t\t<div class=\"box-text text-left\" >\n\t\t\t\t\t<div class=\"box-text-inner blog-post-inner\">\n\n\t\t\t\t\t\n\t\t\t\t\t\t\t\t\t\t<h5 class=\"post-title is-large \">\n\t\t\t\t\t\t<a href=\"https:\/\/www.sivildusun.net\/yedek18062024\/gelecegi-copen-kurtaran-hareket-yasami-iyilestiriyoruz-dernegi\/\" class=\"plain\">\u0130lham Dozu | Gelece\u011fi \u00e7\u00f6pten kurtaran hareket: Ya\u015fam\u0131 \u0130yile\u015ftirenler<\/a>\n\t\t\t\t\t<\/h5>\n\t\t\t\t\t\t\t\t\t\t<div class=\"is-divider\"><\/div>\n\t\t\t\t\t\t\t\t\t\t<p class=\"from_the_blog_excerpt \">\n\t\t\t\t\t\tTar\u0131m ve Orman Bakanl\u0131\u011f\u0131n\u0131n 2021 y\u0131l\u0131nda payla\u015ft\u0131\u011f\u0131 verilere g\u00f6re, T\u00fcrkiye\u2019de y\u0131lda 19 milyon ton g\u0131da...\t\t\t\t\t<\/p>\n\t\t\t\t\t                    \n\t\t\t\t\t\n\t\t\t\t\t\n\t\t\t\t\t<\/div>\n\t\t\t\t\t<\/div>\n\t\t\t\t\t\t\t\t\t\t\t\t\t\t\t\t<div class=\"badge absolute top post-date badge-square\">\n\t\t\t\t\t\t\t<div class=\"badge-inner\">\n\t\t\t\t\t\t\t\t<span class=\"post-date-day\">13<\/span><br>\n\t\t\t\t\t\t\t\t<span class=\"post-date-month is-xsmall\">Eyl<\/span>\n\t\t\t\t\t\t\t<\/div>\n\t\t\t\t\t\t<\/div>\n\t\t\t\t\t\t\t\t\t<\/div>\n\t\t\t<\/div>\n\t\t<\/div><div class=\"col post-item\" >\n\t\t\t<div class=\"col-inner\">\n\t\t\t\t<div class=\"box box-bounce box-text-bottom box-blog-post has-hover\">\n            \t\t\t\t\t<div class=\"box-image\" >\n  \t\t\t\t\t\t<div class=\"image-cover\" style=\"padding-top:56.25%;\">\n\t\t\t\t\t\t\t<a href=\"https:\/\/www.sivildusun.net\/yedek18062024\/koydeki-egitimi-donusturen-meslektas-dayanismasi-ogretmen-topluluklari\/\" class=\"plain\" aria-label=\"\u0130lham Dozu | K\u00f6ydeki e\u011fitimi d\u00f6n\u00fc\u015ft\u00fcren meslekta\u015f dayan\u0131\u015fmas\u0131: \u00d6\u011fretmen Topluluklar\u0131\">\n\t\t\t\t\t\t\t\t<img loading=\"lazy\" decoding=\"async\" width=\"400\" height=\"121\" src=\"https:\/\/www.sivildusun.net\/yedek18062024\/wp-content\/uploads\/2022\/09\/ilham_dozu_web-4-400x121.png\" class=\"attachment-medium size-medium wp-post-image\" alt=\"\" srcset=\"https:\/\/www.sivildusun.net\/yedek18062024\/wp-content\/uploads\/2022\/09\/ilham_dozu_web-4-400x121.png 400w, https:\/\/www.sivildusun.net\/yedek18062024\/wp-content\/uploads\/2022\/09\/ilham_dozu_web-4-1024x310.png 1024w, https:\/\/www.sivildusun.net\/yedek18062024\/wp-content\/uploads\/2022\/09\/ilham_dozu_web-4-768x232.png 768w, https:\/\/www.sivildusun.net\/yedek18062024\/wp-content\/uploads\/2022\/09\/ilham_dozu_web-4.png 1051w\" sizes=\"(max-width: 400px) 100vw, 400px\" \/>\t\t\t\t\t\t\t<\/a>\n  \t\t\t\t\t\t\t  \t\t\t\t\t\t\t  \t\t\t\t\t\t<\/div>\n  \t\t\t\t\t\t  \t\t\t\t\t<\/div>\n          \t\t\t\t\t<div class=\"box-text text-left\" >\n\t\t\t\t\t<div class=\"box-text-inner blog-post-inner\">\n\n\t\t\t\t\t\n\t\t\t\t\t\t\t\t\t\t<h5 class=\"post-title is-large \">\n\t\t\t\t\t\t<a href=\"https:\/\/www.sivildusun.net\/yedek18062024\/koydeki-egitimi-donusturen-meslektas-dayanismasi-ogretmen-topluluklari\/\" class=\"plain\">\u0130lham Dozu | K\u00f6ydeki e\u011fitimi d\u00f6n\u00fc\u015ft\u00fcren meslekta\u015f dayan\u0131\u015fmas\u0131: \u00d6\u011fretmen Topluluklar\u0131<\/a>\n\t\t\t\t\t<\/h5>\n\t\t\t\t\t\t\t\t\t\t<div class=\"is-divider\"><\/div>\n\t\t\t\t\t\t\t\t\t\t<p class=\"from_the_blog_excerpt \">\n\t\t\t\t\t\tK\u00f6y okullar\u0131nda \u00f6\u011fretmenlik yapanlar\u0131 neler bekliyor? \u00d6\u011frencilerle payla\u015f\u0131lan tatl\u0131 anlar ve s\u0131n\u0131rl\u0131 imkanlarla okuyan \u00e7ocuklar\u0131n...\t\t\t\t\t<\/p>\n\t\t\t\t\t                    \n\t\t\t\t\t\n\t\t\t\t\t\n\t\t\t\t\t<\/div>\n\t\t\t\t\t<\/div>\n\t\t\t\t\t\t\t\t\t\t\t\t\t\t\t\t<div class=\"badge absolute top post-date badge-square\">\n\t\t\t\t\t\t\t<div class=\"badge-inner\">\n\t\t\t\t\t\t\t\t<span class=\"post-date-day\">07<\/span><br>\n\t\t\t\t\t\t\t\t<span class=\"post-date-month is-xsmall\">Eyl<\/span>\n\t\t\t\t\t\t\t<\/div>\n\t\t\t\t\t\t<\/div>\n\t\t\t\t\t\t\t\t\t<\/div>\n\t\t\t<\/div>\n\t\t<\/div><div class=\"col post-item\" >\n\t\t\t<div class=\"col-inner\">\n\t\t\t\t<div class=\"box box-bounce box-text-bottom box-blog-post has-hover\">\n            \t\t\t\t\t<div class=\"box-image\" >\n  \t\t\t\t\t\t<div class=\"image-cover\" style=\"padding-top:56.25%;\">\n\t\t\t\t\t\t\t<a href=\"https:\/\/www.sivildusun.net\/yedek18062024\/haftalik-ilham-dozu-yeni-nesil-tarimda-bilgi-ve-diyalog-icin-nerede-bulusulur\/\" class=\"plain\" aria-label=\"\u0130lham Dozu | Yeni nesil tar\u0131mda bilgi ve diyalog i\u00e7in nerede bulu\u015fulur?\">\n\t\t\t\t\t\t\t\t<img loading=\"lazy\" decoding=\"async\" width=\"400\" height=\"225\" src=\"https:\/\/www.sivildusun.net\/yedek18062024\/wp-content\/uploads\/2022\/08\/3_-new_website_post_size-5-400x225.png\" class=\"attachment-medium size-medium wp-post-image\" alt=\"\" srcset=\"https:\/\/www.sivildusun.net\/yedek18062024\/wp-content\/uploads\/2022\/08\/3_-new_website_post_size-5-400x225.png 400w, https:\/\/www.sivildusun.net\/yedek18062024\/wp-content\/uploads\/2022\/08\/3_-new_website_post_size-5-1024x576.png 1024w, https:\/\/www.sivildusun.net\/yedek18062024\/wp-content\/uploads\/2022\/08\/3_-new_website_post_size-5-768x432.png 768w, https:\/\/www.sivildusun.net\/yedek18062024\/wp-content\/uploads\/2022\/08\/3_-new_website_post_size-5.png 1280w\" sizes=\"(max-width: 400px) 100vw, 400px\" \/>\t\t\t\t\t\t\t<\/a>\n  \t\t\t\t\t\t\t  \t\t\t\t\t\t\t  \t\t\t\t\t\t<\/div>\n  \t\t\t\t\t\t  \t\t\t\t\t<\/div>\n          \t\t\t\t\t<div class=\"box-text text-left\" >\n\t\t\t\t\t<div class=\"box-text-inner blog-post-inner\">\n\n\t\t\t\t\t\n\t\t\t\t\t\t\t\t\t\t<h5 class=\"post-title is-large \">\n\t\t\t\t\t\t<a href=\"https:\/\/www.sivildusun.net\/yedek18062024\/haftalik-ilham-dozu-yeni-nesil-tarimda-bilgi-ve-diyalog-icin-nerede-bulusulur\/\" class=\"plain\">\u0130lham Dozu | Yeni nesil tar\u0131mda bilgi ve diyalog i\u00e7in nerede bulu\u015fulur?<\/a>\n\t\t\t\t\t<\/h5>\n\t\t\t\t\t\t\t\t\t\t<div class=\"is-divider\"><\/div>\n\t\t\t\t\t\t\t\t\t\t<p class=\"from_the_blog_excerpt \">\n\t\t\t\t\t\tD\u00fcnyam\u0131z biricik. Onu ve bizi bekleyen gelecek ortak. Bu gelece\u011fe y\u00f6n verecek yollar\u0131 bir arada...\t\t\t\t\t<\/p>\n\t\t\t\t\t                    \n\t\t\t\t\t\n\t\t\t\t\t\n\t\t\t\t\t<\/div>\n\t\t\t\t\t<\/div>\n\t\t\t\t\t\t\t\t\t\t\t\t\t\t\t\t<div class=\"badge absolute top post-date badge-square\">\n\t\t\t\t\t\t\t<div class=\"badge-inner\">\n\t\t\t\t\t\t\t\t<span class=\"post-date-day\">31<\/span><br>\n\t\t\t\t\t\t\t\t<span class=\"post-date-month is-xsmall\">A\u011fu<\/span>\n\t\t\t\t\t\t\t<\/div>\n\t\t\t\t\t\t<\/div>\n\t\t\t\t\t\t\t\t\t<\/div>\n\t\t\t<\/div>\n\t\t<\/div><div class=\"col post-item\" >\n\t\t\t<div class=\"col-inner\">\n\t\t\t\t<div class=\"box box-bounce box-text-bottom box-blog-post has-hover\">\n            \t\t\t\t\t<div class=\"box-image\" >\n  \t\t\t\t\t\t<div class=\"image-cover\" style=\"padding-top:56.25%;\">\n\t\t\t\t\t\t\t<a href=\"https:\/\/www.sivildusun.net\/yedek18062024\/kentin-dusleri-kirsalin-ihtiyaclariyla-nasil-bulusur\/\" class=\"plain\" aria-label=\"\u0130lham Dozu | Kentin d\u00fc\u015fleri k\u0131rsal\u0131n ihtiya\u00e7lar\u0131yla nas\u0131l bulu\u015fur?\">\n\t\t\t\t\t\t\t\t<img loading=\"lazy\" decoding=\"async\" width=\"400\" height=\"225\" src=\"https:\/\/www.sivildusun.net\/yedek18062024\/wp-content\/uploads\/2022\/08\/3_-new_website_post_size-3-400x225.png\" class=\"attachment-medium size-medium wp-post-image\" alt=\"\" srcset=\"https:\/\/www.sivildusun.net\/yedek18062024\/wp-content\/uploads\/2022\/08\/3_-new_website_post_size-3-400x225.png 400w, https:\/\/www.sivildusun.net\/yedek18062024\/wp-content\/uploads\/2022\/08\/3_-new_website_post_size-3-1024x576.png 1024w, https:\/\/www.sivildusun.net\/yedek18062024\/wp-content\/uploads\/2022\/08\/3_-new_website_post_size-3-768x432.png 768w, https:\/\/www.sivildusun.net\/yedek18062024\/wp-content\/uploads\/2022\/08\/3_-new_website_post_size-3.png 1280w\" sizes=\"(max-width: 400px) 100vw, 400px\" \/>\t\t\t\t\t\t\t<\/a>\n  \t\t\t\t\t\t\t  \t\t\t\t\t\t\t  \t\t\t\t\t\t<\/div>\n  \t\t\t\t\t\t  \t\t\t\t\t<\/div>\n          \t\t\t\t\t<div class=\"box-text text-left\" >\n\t\t\t\t\t<div class=\"box-text-inner blog-post-inner\">\n\n\t\t\t\t\t\n\t\t\t\t\t\t\t\t\t\t<h5 class=\"post-title is-large \">\n\t\t\t\t\t\t<a href=\"https:\/\/www.sivildusun.net\/yedek18062024\/kentin-dusleri-kirsalin-ihtiyaclariyla-nasil-bulusur\/\" class=\"plain\">\u0130lham Dozu | Kentin d\u00fc\u015fleri k\u0131rsal\u0131n ihtiya\u00e7lar\u0131yla nas\u0131l bulu\u015fur?<\/a>\n\t\t\t\t\t<\/h5>\n\t\t\t\t\t\t\t\t\t\t<div class=\"is-divider\"><\/div>\n\t\t\t\t\t\t\t\t\t\t<p class=\"from_the_blog_excerpt \">\n\t\t\t\t\t\tD\u00fcnyam\u0131z biricik. Onu ve bizi bekleyen gelecek ortak. Bu gelece\u011fe y\u00f6n verecek yollar\u0131 bir arada...\t\t\t\t\t<\/p>\n\t\t\t\t\t                    \n\t\t\t\t\t\n\t\t\t\t\t\n\t\t\t\t\t<\/div>\n\t\t\t\t\t<\/div>\n\t\t\t\t\t\t\t\t\t\t\t\t\t\t\t\t<div class=\"badge absolute top post-date badge-square\">\n\t\t\t\t\t\t\t<div class=\"badge-inner\">\n\t\t\t\t\t\t\t\t<span class=\"post-date-day\">22<\/span><br>\n\t\t\t\t\t\t\t\t<span class=\"post-date-month is-xsmall\">A\u011fu<\/span>\n\t\t\t\t\t\t\t<\/div>\n\t\t\t\t\t\t<\/div>\n\t\t\t\t\t\t\t\t\t<\/div>\n\t\t\t<\/div>\n\t\t<\/div><div class=\"col post-item\" >\n\t\t\t<div class=\"col-inner\">\n\t\t\t\t<div class=\"box box-bounce box-text-bottom box-blog-post has-hover\">\n            \t\t\t\t\t<div class=\"box-image\" >\n  \t\t\t\t\t\t<div class=\"image-cover\" style=\"padding-top:56.25%;\">\n\t\t\t\t\t\t\t<a href=\"https:\/\/www.sivildusun.net\/yedek18062024\/haftalik-ilham-dozu-kimler-neden-nasil-dunyalar-kuruyor\/\" class=\"plain\" aria-label=\"Haftal\u0131k ilham dozu: kimler, neden, nas\u0131l d\u00fcnyalar kuruyor?\">\n\t\t\t\t\t\t\t\t<img loading=\"lazy\" decoding=\"async\" width=\"400\" height=\"225\" src=\"https:\/\/www.sivildusun.net\/yedek18062024\/wp-content\/uploads\/2022\/08\/3_-new_website_post_size-2-400x225.png\" class=\"attachment-medium size-medium wp-post-image\" alt=\"\" srcset=\"https:\/\/www.sivildusun.net\/yedek18062024\/wp-content\/uploads\/2022\/08\/3_-new_website_post_size-2-400x225.png 400w, https:\/\/www.sivildusun.net\/yedek18062024\/wp-content\/uploads\/2022\/08\/3_-new_website_post_size-2-1024x576.png 1024w, https:\/\/www.sivildusun.net\/yedek18062024\/wp-content\/uploads\/2022\/08\/3_-new_website_post_size-2-768x432.png 768w, https:\/\/www.sivildusun.net\/yedek18062024\/wp-content\/uploads\/2022\/08\/3_-new_website_post_size-2.png 1280w\" sizes=\"(max-width: 400px) 100vw, 400px\" \/>\t\t\t\t\t\t\t<\/a>\n  \t\t\t\t\t\t\t  \t\t\t\t\t\t\t  \t\t\t\t\t\t<\/div>\n  \t\t\t\t\t\t  \t\t\t\t\t<\/div>\n          \t\t\t\t\t<div class=\"box-text text-left\" >\n\t\t\t\t\t<div class=\"box-text-inner blog-post-inner\">\n\n\t\t\t\t\t\n\t\t\t\t\t\t\t\t\t\t<h5 class=\"post-title is-large \">\n\t\t\t\t\t\t<a href=\"https:\/\/www.sivildusun.net\/yedek18062024\/haftalik-ilham-dozu-kimler-neden-nasil-dunyalar-kuruyor\/\" class=\"plain\">Haftal\u0131k ilham dozu: kimler, neden, nas\u0131l d\u00fcnyalar kuruyor?<\/a>\n\t\t\t\t\t<\/h5>\n\t\t\t\t\t\t\t\t\t\t<div class=\"is-divider\"><\/div>\n\t\t\t\t\t\t\t\t\t\t<p class=\"from_the_blog_excerpt \">\n\t\t\t\t\t\tD\u00fcnyam\u0131z biricik. Onu ve bizi bekleyen gelecek ortak. Bu gelece\u011fe y\u00f6n verecek yollar\u0131 bir arada...\t\t\t\t\t<\/p>\n\t\t\t\t\t                    \n\t\t\t\t\t\n\t\t\t\t\t\n\t\t\t\t\t<\/div>\n\t\t\t\t\t<\/div>\n\t\t\t\t\t\t\t\t\t\t\t\t\t\t\t\t<div class=\"badge absolute top post-date badge-square\">\n\t\t\t\t\t\t\t<div class=\"badge-inner\">\n\t\t\t\t\t\t\t\t<span class=\"post-date-day\">17<\/span><br>\n\t\t\t\t\t\t\t\t<span class=\"post-date-month is-xsmall\">A\u011fu<\/span>\n\t\t\t\t\t\t\t<\/div>\n\t\t\t\t\t\t<\/div>\n\t\t\t\t\t\t\t\t\t<\/div>\n\t\t\t<\/div>\n\t\t<\/div><\/div>\n\t\t<\/div>\n\t\t\t\t\t<\/div>\n\n\t\n<\/div>\n\t\t<\/div>\n\t\t\t\t\t<\/div>\n\n\t\n<\/div>\n\t\t<\/div>\n\n\t\t\n<style>\n#section_2137243726 {\n  padding-top: 30px;\n  padding-bottom: 30px;\n}\n<\/style>\n\t<\/section>\n\t\n","protected":false},"excerpt":{"rendered":"","protected":false},"author":1,"featured_media":23567,"parent":22422,"menu_order":0,"comment_status":"closed","ping_status":"closed","template":"","meta":{"footnotes":""},"_links":{"self":[{"href":"https:\/\/www.sivildusun.net\/yedek18062024\/wp-json\/wp\/v2\/pages\/30595"}],"collection":[{"href":"https:\/\/www.sivildusun.net\/yedek18062024\/wp-json\/wp\/v2\/pages"}],"about":[{"href":"https:\/\/www.sivildusun.net\/yedek18062024\/wp-json\/wp\/v2\/types\/page"}],"author":[{"embeddable":true,"href":"https:\/\/www.sivildusun.net\/yedek18062024\/wp-json\/wp\/v2\/users\/1"}],"replies":[{"embeddable":true,"href":"https:\/\/www.sivildusun.net\/yedek18062024\/wp-json\/wp\/v2\/comments?post=30595"}],"version-history":[{"count":0,"href":"https:\/\/www.sivildusun.net\/yedek18062024\/wp-json\/wp\/v2\/pages\/30595\/revisions"}],"up":[{"embeddable":true,"href":"https:\/\/www.sivildusun.net\/yedek18062024\/wp-json\/wp\/v2\/pages\/22422"}],"wp:featuredmedia":[{"embeddable":true,"href":"https:\/\/www.sivildusun.net\/yedek18062024\/wp-json\/wp\/v2\/media\/23567"}],"wp:attachment":[{"href":"https:\/\/www.sivildusun.net\/yedek18062024\/wp-json\/wp\/v2\/media?parent=30595"}],"curies":[{"name":"wp","href":"https:\/\/api.w.org\/{rel}","templated":true}]}}