{"id":31076,"date":"2022-11-10T17:28:49","date_gmt":"2022-11-10T14:28:49","guid":{"rendered":"https:\/\/www.sivildusun.net\/?page_id=31076"},"modified":"2023-03-19T16:46:00","modified_gmt":"2023-03-19T13:46:00","slug":"ne-icin-basvurulur","status":"publish","type":"page","link":"https:\/\/www.sivildusun.net\/yedek18062024\/destek-al\/destekler\/acik-destekler\/ne-icin-basvurulur\/","title":{"rendered":"Ne i\u00e7in ba\u015fvurulur?"},"content":{"rendered":"\t<section class=\"section\" id=\"section_1810338634\">\n\t\t<div class=\"bg section-bg fill bg-fill  bg-loaded\" >\n\n\t\t\t\n\t\t\t<div class=\"loading-spin centered\"><\/div>\n\t\t\t\n\n\t\t<\/div>\n\n\t\t\n\n\t\t<div class=\"section-content relative\">\n\t\t\t\n<div class=\"row\"  id=\"row-1315609629\">\n\n\t<div id=\"col-1305855119\" class=\"col medium-3 small-12 large-3\"  >\n\t\t\t\t<div class=\"col-inner\"  >\n\t\t\t\n\t\t\t\n<div class=\"row rightsidebar\"  id=\"row-2032159029\">\n\n\n\t<div id=\"col-1203939406\" class=\"col small-12 large-12\"  >\n\t\t\t\t<div class=\"col-inner box-shadow-3\"  >\n\t\t\t\n\t\t\t\n\n\n\t\t<div class=\"icon-box featured-box icon-box-left text-left\"  >\n\t\t\t\t<div class=\"icon-box-text last-reset\">\n\t\t\t\t\t\t\t\t\t\n\n\t<div id=\"gap-568319344\" class=\"gap-element clearfix\" style=\"display:block; height:auto;\">\n\t\t\n<style>\n#gap-568319344 {\n  padding-top: 6px;\n}\n<\/style>\n\t<\/div>\n\t\n\n<h3>Destek Al<\/h3>\n<div class=\"is-divider divider clearfix\" style=\"max-width:100%;background-color:rgb(233, 72, 63);\"><\/div>\n\n\n\t\t<\/div>\n\t<\/div>\n\t\n\t\n<p>[bellows config_id=\"main\" menu=\"4\"]<\/p>\n<a data-animate=\"fadeInLeft\" href=\"https:\/\/mis.sivildusun.eu\/\" target=\"_blank\" class=\"button primary is-outline lowercase expand\" rel=\"noopener\"  >\n    <span>Ba\u015fvuru Yap<\/span>\n  <\/a>\n\n\n\n\t\t<\/div>\n\t\t\t\t\n<style>\n#col-1203939406 > .col-inner {\n  padding: 0px 10px 0px 10px;\n}\n<\/style>\n\t<\/div>\n\n\t\n\n<\/div>\n\t\t<\/div>\n\t\t\t\t\t<\/div>\n\n\t\n\n\t<div id=\"col-1880092698\" class=\"col medium-9 small-12 large-9\"  >\n\t\t\t\t<div class=\"col-inner\"  >\n\t\t\t\n\t\t\t\n<div class=\"row align-equal row-dashed\"  id=\"row-524878802\">\n\n\t<div id=\"col-1808471975\" class=\"col small-12 large-12\"  >\n\t\t\t\t<div class=\"col-inner\"  >\n\t\t\t\n\t\t\t\n\n\t\t<div class=\"icon-box featured-box icon-box-left text-left\"  >\n\t\t\t\t<div class=\"icon-box-text last-reset\">\n\t\t\t\t\t\t\t\t\t\n\t<div id=\"gap-483248742\" class=\"gap-element clearfix\" style=\"display:block; height:auto;\">\n\t\t\n<style>\n#gap-483248742 {\n  padding-top: 5px;\n}\n<\/style>\n\t<\/div>\n\t\n<h3 class=\"bigtitle\">Genel Destek<\/h3>\n\t\t<\/div>\n\t<\/div>\n\t\n\t\n<h2>Ne i\u00e7in ba\u015fvurulur?<\/h2>\n<p>Gelin \u015fimdi, kategorilere h\u0131zl\u0131ca g\u00f6z atal\u0131m. Sizce hangisi, sizi hedefinize daha \u00e7ok yakla\u015ft\u0131r\u0131r?<\/p>\n<div class=\"row align-equal\"  id=\"row-1088215067\">\n\n\t<div id=\"col-2120889715\" class=\"col medium-6 small-12 large-6\"  >\n\t\t\t\t<div class=\"col-inner box-shadow-3-hover\"  >\n\t\t\t\n\t\t\t\n\n\t\t<div class=\"icon-box featured-box icon-box-left text-left\"  >\n\t\t\t\t\t<div class=\"icon-box-img\" style=\"width: 50px\">\n\t\t\t\t<div class=\"icon\">\n\t\t\t\t\t<div class=\"icon-inner\" >\n\t\t\t\t\t\t<img decoding=\"async\" width=\"46\" height=\"150\" src=\"https:\/\/www.sivildusun.net\/yedek18062024\/wp-content\/uploads\/2021\/01\/sdbilgibeceri.svg\" class=\"attachment-medium size-medium\" alt=\"\" \/>\t\t\t\t\t<\/div>\n\t\t\t\t<\/div>\n\t\t\t<\/div>\n\t\t\t\t<div class=\"icon-box-text last-reset\">\n\t\t\t\t\t\t\t\t\t\n<h3 class=\"accordion_title\">Bilgi ve beceri geli\u015ftirmek<\/h3><div class=\"accordion\">\n\t<div id=\"accordion-3919051154\" class=\"accordion-item\">\n\t\t<a id=\"accordion-3919051154-label\" class=\"accordion-title plain\" href=\"#accordion-item-\u0130leti\u015fim-becerileri\" aria-expanded=\"false\" aria-controls=\"accordion-3919051154-content\" >\n\t\t\t<button class=\"toggle\" aria-label=\"A\u00e7\/Kapat\"><i class=\"icon-angle-down\"><\/i><\/button>\n\t\t\t<span>\u0130leti\u015fim becerileri<\/span>\n\t\t<\/a>\n\t\t<div id=\"accordion-3919051154-content\" class=\"accordion-inner\" aria-labelledby=\"accordion-3919051154-label\" >\n\t\t\t\n<p>Her \u015fey derdini anlatabilmekle, yani anla\u015fmakla ba\u015fl\u0131yor. \u0130leti\u015fim alan\u0131nda yetkinle\u015fmek, \u00e7o\u011fu kez insan, para, zaman gibi pek \u00e7ok kaynaktan tasarruf ederek sorunlar\u0131 kolayca \u00e7\u00f6zebilmemizi sa\u011flayabiliyor. Kurumsal ileti\u015fiminizi daha profesyonel hale getirmekten tutun da ikna ve motivasyon tekniklerine, mesaj geli\u015ftirip yayg\u0131nla\u015ft\u0131rma metotlar\u0131ndan hikaye anlat\u0131c\u0131l\u0131\u011f\u0131 ya da medya ili\u015fkilerine, ileti\u015fim g\u00fcc\u00fcn\u00fcz\u00fc art\u0131rmak istedi\u011finiz bir alan\u0131 belirleyerek yola \u00e7\u0131kabilirsiniz.<\/p>\n\t\t<\/div>\n\t<\/div>\n\t\n\t<div id=\"accordion-554482573\" class=\"accordion-item\">\n\t\t<a id=\"accordion-554482573-label\" class=\"accordion-title plain\" href=\"#accordion-item-g\u00f6n\u00fcll\u00fc,-destek\u00e7i-ve-payda\u015flar\u0131-art\u0131rma-becerisi\" aria-expanded=\"false\" aria-controls=\"accordion-554482573-content\" >\n\t\t\t<button class=\"toggle\" aria-label=\"A\u00e7\/Kapat\"><i class=\"icon-angle-down\"><\/i><\/button>\n\t\t\t<span>G\u00f6n\u00fcll\u00fc, destek\u00e7i ve payda\u015flar\u0131 art\u0131rma becerisi<\/span>\n\t\t<\/a>\n\t\t<div id=\"accordion-554482573-content\" class=\"accordion-inner\" aria-labelledby=\"accordion-554482573-label\" >\n\t\t\t\n<p>Daha aktif ve ba\u011f\u0131ms\u0131z bir sivil toplum i\u00e7in insan g\u00fcc\u00fc vazge\u00e7ilmez. Malum kaynaklar az, d\u00fcnya hi\u00e7 durmadan g\u00fcncelleniyor ve her zaman yapacak \u00e7ok i\u015f var. \u00d6rg\u00fct\u00fcn\u00fcz\u00fcn veya hareketinizin mesajlar\u0131n\u0131 ta\u015f\u0131yacak yeni insanlara nas\u0131l ula\u015faca\u011f\u0131n\u0131z\u0131 bilmiyor musunuz?Birlikte sorumluluk alabilece\u011finiz, ortak i\u015f \u00fcretece\u011finiz ki\u015fileri nas\u0131l bulacak, ikna edecek ve fikrinizin par\u00e7as\u0131 yapacaks\u0131n\u0131z? Bu ba\u015fl\u0131\u011f\u0131 se\u00e7erek sorular\u0131n\u0131za yan\u0131t bulabilirsiniz.<\/p>\n\t\t<\/div>\n\t<\/div>\n\t\n\t<div id=\"accordion-1019798899\" class=\"accordion-item\">\n\t\t<a id=\"accordion-1019798899-label\" class=\"accordion-title plain\" href=\"#accordion-item-farkl\u0131-kurumlarla-\u00e7al\u0131\u015fma-becerisi\" aria-expanded=\"false\" aria-controls=\"accordion-1019798899-content\" >\n\t\t\t<button class=\"toggle\" aria-label=\"A\u00e7\/Kapat\"><i class=\"icon-angle-down\"><\/i><\/button>\n\t\t\t<span>Farkl\u0131 kurumlarla \u00e7al\u0131\u015fma becerisi<\/span>\n\t\t<\/a>\n\t\t<div id=\"accordion-1019798899-content\" class=\"accordion-inner\" aria-labelledby=\"accordion-1019798899-label\" >\n\t\t\t\n<p>Bir aradayken, yap\u0131lan i\u015flerden \u00f6\u011frenilenler de sonunda ortaya \u00e7\u0131kan etki de katlanabilir. Bunu ba\u015farabilmek i\u00e7in sivil toplumun i\u015f birli\u011fine gidebilece\u011fi yerel, ulusal ve uluslararas\u0131 pek \u00e7ok taraf var; politika yap\u0131c\u0131lar, i\u015f d\u00fcnyas\u0131, akademi, medya ve ba\u011f\u0131\u015f\u00e7\u0131lar bir \u00e7\u0131rp\u0131da akla gelenler. Ba\u015fkalar\u0131n\u0131n ne yapt\u0131\u011f\u0131ndan haberdar olmak, vizyon geli\u015ftirmek i\u00e7in de faydal\u0131 bir se\u00e7enek olabilir. Bu i\u015fin inceliklerini \u00f6\u011frenmek istemez miydiniz?<\/p>\n\t\t<\/div>\n\t<\/div>\n\t\n\t<div id=\"accordion-2688977743\" class=\"accordion-item\">\n\t\t<a id=\"accordion-2688977743-label\" class=\"accordion-title plain\" href=\"#accordion-item-kaynak-geli\u015ftirme-ve-b\u00fct\u00e7e-y\u00f6netme-becerisi\" aria-expanded=\"false\" aria-controls=\"accordion-2688977743-content\" >\n\t\t\t<button class=\"toggle\" aria-label=\"A\u00e7\/Kapat\"><i class=\"icon-angle-down\"><\/i><\/button>\n\t\t\t<span>Kaynak geli\u015ftirme ve b\u00fct\u00e7e y\u00f6netme becerisi<\/span>\n\t\t<\/a>\n\t\t<div id=\"accordion-2688977743-content\" class=\"accordion-inner\" aria-labelledby=\"accordion-2688977743-label\" >\n\t\t\t\n<p>Ekonomik olarak nas\u0131l ayakta kalaca\u011f\u0131m\u0131z sorusu hem durdu\u011fumuz yeri hem de gitti\u011fimiz y\u00f6n\u00fc belirliyor. Kaynaklar\u0131m\u0131z\u0131 uzun vadeli ve ger\u00e7ek\u00e7i bi\u00e7imde var edebildi\u011fimizde, g\u00fcc\u00fcm\u00fcz\u00fcn \u00f6nemli bir k\u0131sm\u0131n\u0131 ne \u00fcretece\u011fimize ay\u0131rabiliyoruz. Peki kal\u0131c\u0131 bir finansal ak\u0131\u015f\u0131 nas\u0131l m\u00fcmk\u00fcn k\u0131lar\u0131z? Bireysel ve kurumsal ba\u011f\u0131\u015f\u00e7\u0131larla gelecek vadeden ortakl\u0131klar\u0131 nas\u0131l kurar\u0131z? Proje teklifi yazmakta nas\u0131l ustala\u015f\u0131r, b\u00fct\u00e7emizi dengeli \u015fekilde \u00e7al\u0131\u015fmam\u0131za uygulamay\u0131 nas\u0131l ba\u015far\u0131r\u0131z? Ke\u015ffetmek isteyenler i\u00e7in do\u011fru destek adresi bu ba\u015fl\u0131k.<\/p>\n\t\t<\/div>\n\t<\/div>\n\t\n\t<div id=\"accordion-1731847450\" class=\"accordion-item\">\n\t\t<a id=\"accordion-1731847450-label\" class=\"accordion-title plain\" href=\"#accordion-item-politika-geli\u015ftirme-becerisi\" aria-expanded=\"false\" aria-controls=\"accordion-1731847450-content\" >\n\t\t\t<button class=\"toggle\" aria-label=\"A\u00e7\/Kapat\"><i class=\"icon-angle-down\"><\/i><\/button>\n\t\t\t<span>Politika geli\u015ftirme becerisi<\/span>\n\t\t<\/a>\n\t\t<div id=\"accordion-1731847450-content\" class=\"accordion-inner\" aria-labelledby=\"accordion-1731847450-label\" >\n\t\t\t\n<p>Y\u00f6ntem, \u00e7o\u011fu zaman i\u015ften \u00f6nce gelebiliyor. Hedefinize do\u011fru giderken izleyece\u011finiz yolu belirlemek, hem kendinizin hem \u00e7evrenizin zay\u0131f ve g\u00fc\u00e7l\u00fc taraflar\u0131n\u0131 hesaba katarak hareket etmek ba\u015farabileceklerinizi do\u011frudan etkileyebiliyor. Hangi sorunu \u00e7\u00f6zmek istiyorsunuz? Bunu \u00e7\u00f6zmek sizin i\u00e7in neden \u00f6nemli? \u00c7\u00f6z\u00fcmler neler olabilir? Strateji belirlemek, sistem olu\u015fturmak, y\u00f6n \u00e7izmek veya yol haritas\u0131 \u00e7\u0131karmak konusunda yetkinle\u015fmek istiyorsan\u0131z bu destek tam size g\u00f6re.<\/p>\n\t\t<\/div>\n\t<\/div>\n\t\n\t<div id=\"accordion-710864284\" class=\"accordion-item\">\n\t\t<a id=\"accordion-710864284-label\" class=\"accordion-title plain\" href=\"#accordion-item-dijital-beceriler\" aria-expanded=\"false\" aria-controls=\"accordion-710864284-content\" >\n\t\t\t<button class=\"toggle\" aria-label=\"A\u00e7\/Kapat\"><i class=\"icon-angle-down\"><\/i><\/button>\n\t\t\t<span>Dijital beceriler<\/span>\n\t\t<\/a>\n\t\t<div id=\"accordion-710864284-content\" class=\"accordion-inner\" aria-labelledby=\"accordion-710864284-label\" >\n\t\t\t\n<p>Birka\u00e7 on y\u0131ld\u0131r ya\u015fam\u0131 fiziki oldu\u011fu kadar dijital evrende de var etmeye al\u0131\u015fk\u0131n\u0131z. Salg\u0131nla birlikte ise dijitalin sundu\u011fu yeni olanaklar\u0131 ke\u015ffetmek hem ka\u00e7\u0131n\u0131lmaz hem de daha heyecanl\u0131 hale geldi. Buras\u0131 derya deniz, nereden ba\u015flayaca\u011f\u0131m\u0131 bilemiyorum diyebilirsiniz. \u00d6rne\u011fin, bilgi ileti\u015fim teknolojilerinin kullan\u0131m\u0131 konusunda ilerlemek istiyor olabilirsiniz ya da belki oyunla\u015ft\u0131rma, veri g\u00f6rselle\u015ftirme ya da dijital haritaland\u0131rmayla ilgileniyorsunuz. Belki de dijital topluluk olu\u015fturmakla ilgili bilgi sahibi olarak, uzaktan e\u011fitim teknikleri veya e-moderasyonu \u00f6\u011frenerek ya da sosyal medyada etkili i\u00e7erik \u00fcreterek hedefinize ula\u015facaks\u0131n\u0131z. Hepsi ve daha fazlas\u0131 i\u00e7in dijital becerilerinizi geli\u015ftirmeyi se\u00e7ebilirsiniz.<\/p>\n\t\t<\/div>\n\t<\/div>\n\t\n\t<div id=\"accordion-3017119136\" class=\"accordion-item\">\n\t\t<a id=\"accordion-3017119136-label\" class=\"accordion-title plain\" href=\"#accordion-item-ba\u015fka-bir-beceri\" aria-expanded=\"false\" aria-controls=\"accordion-3017119136-content\" >\n\t\t\t<button class=\"toggle\" aria-label=\"A\u00e7\/Kapat\"><i class=\"icon-angle-down\"><\/i><\/button>\n\t\t\t<span>Ba\u015fka bir beceri<\/span>\n\t\t<\/a>\n\t\t<div id=\"accordion-3017119136-content\" class=\"accordion-inner\" aria-labelledby=\"accordion-3017119136-label\" >\n\t\t\t\n<p>Burada yer verilmeyen ve hak odakl\u0131 bak\u0131\u015f a\u00e7\u0131s\u0131yla fayda \u00fcretmenize katk\u0131 sunaca\u011f\u0131n\u0131 d\u00fc\u015f\u00fcnd\u00fc\u011f\u00fcn\u00fcz ba\u015fka bir beceri varsa, belirtebilirsiniz.<\/p>\n\t\t<\/div>\n\t<\/div>\n\t\n<\/div>\n\t\t<\/div>\n\t<\/div>\n\t\n\t\n\t\t<\/div>\n\t\t\t\t\t<\/div>\n\n\t\n\n\t<div id=\"col-1251520244\" class=\"col medium-6 small-12 large-6\"  >\n\t\t\t\t<div class=\"col-inner box-shadow-3-hover\"  >\n\t\t\t\n\t\t\t\n\n\t\t<div class=\"icon-box featured-box icon-box-left text-left\"  >\n\t\t\t\t\t<div class=\"icon-box-img\" style=\"width: 50px\">\n\t\t\t\t<div class=\"icon\">\n\t\t\t\t\t<div class=\"icon-inner\" >\n\t\t\t\t\t\t<img decoding=\"async\" width=\"46\" height=\"150\" src=\"https:\/\/www.sivildusun.net\/yedek18062024\/wp-content\/uploads\/2021\/01\/Asset-2sozyetki.svg\" class=\"attachment-medium size-medium\" alt=\"\" \/>\t\t\t\t\t<\/div>\n\t\t\t\t<\/div>\n\t\t\t<\/div>\n\t\t\t\t<div class=\"icon-box-text last-reset\">\n\t\t\t\t\t\t\t\t\t\n<h3 class=\"accordion_title\">S\u00f6z ve yetki sahiplerini etkilemek<\/h3><div class=\"accordion\">\n\t<div id=\"accordion-187317995\" class=\"accordion-item\">\n\t\t<a id=\"accordion-187317995-label\" class=\"accordion-title plain\" href=\"#accordion-item-politika-yap\u0131c\u0131lar-ve-yetkililerin-deste\u011fini-kazanmak\" aria-expanded=\"false\" aria-controls=\"accordion-187317995-content\" >\n\t\t\t<button class=\"toggle\" aria-label=\"A\u00e7\/Kapat\"><i class=\"icon-angle-down\"><\/i><\/button>\n\t\t\t<span>Politika yap\u0131c\u0131lar ve yetkililerin deste\u011fini kazanmak<\/span>\n\t\t<\/a>\n\t\t<div id=\"accordion-187317995-content\" class=\"accordion-inner\" aria-labelledby=\"accordion-187317995-label\" >\n\t\t\t\n<p>Bir yasaya katk\u0131 sunman\u0131n yolu, \u00f6ncelikle onu yapanlara dokunabilmekten ge\u00e7iyor. Amac\u0131n\u0131z\u0131 desteklemeleri i\u00e7in s\u00f6z ve yetki sahiplerini nas\u0131l harekete ge\u00e7irirsiniz? Onlarla ili\u015fki kurmak ve y\u00f6netmenin incelikleri neler? Temel karar vericileri tan\u0131yor musunuz? Onlardan tam olarak ne bekliyorsunuz? Savunuculu\u011fa h\u0131zl\u0131 ve kendinden emin bir giri\u015f yapmak ya da kendinizi bu alanda geli\u015ftirmek istiyorsan\u0131z, deste\u011finiz bu ba\u015fl\u0131k alt\u0131nda sizi bekliyor.<\/p>\n\t\t<\/div>\n\t<\/div>\n\t\n\t<div id=\"accordion-4263761983\" class=\"accordion-item\">\n\t\t<a id=\"accordion-4263761983-label\" class=\"accordion-title plain\" href=\"#accordion-item-dijital-ve-geleneksel-medyada-g\u00fcndem-olu\u015fturmak\" aria-expanded=\"false\" aria-controls=\"accordion-4263761983-content\" >\n\t\t\t<button class=\"toggle\" aria-label=\"A\u00e7\/Kapat\"><i class=\"icon-angle-down\"><\/i><\/button>\n\t\t\t<span>Dijital ve geleneksel medyada g\u00fcndem olu\u015fturmak<\/span>\n\t\t<\/a>\n\t\t<div id=\"accordion-4263761983-content\" class=\"accordion-inner\" aria-labelledby=\"accordion-4263761983-label\" >\n\t\t\t\n<p>Medya, yaratt\u0131\u011f\u0131n\u0131z etkiyi daha geni\u015f gruplara ula\u015ft\u0131rman\u0131z bak\u0131m\u0131ndan \u00f6nemli f\u0131rsatlar sunuyor. Mesaj\u0131n\u0131z\u0131 ve hedef kitlenizi belirleyip kullanaca\u011f\u0131n\u0131z ileti\u015fim kanal\u0131n\u0131 se\u00e7tikten sonra, i\u015fe koyulabilirsiniz. Kamuoyunu olu\u015fturmak ve tart\u0131\u015fmay\u0131 canland\u0131rmak i\u00e7in izleyece\u011finiz yollar\u0131, yapaca\u011f\u0131n\u0131z etkinlikleri ve kullanaca\u011f\u0131n\u0131z ara\u00e7lar\u0131 diledi\u011finiz gibi se\u00e7mekte \u00f6zg\u00fcrs\u00fcn\u00fcz.<\/p>\n\t\t<\/div>\n\t<\/div>\n\t\n\t<div id=\"accordion-2073966858\" class=\"accordion-item\">\n\t\t<a id=\"accordion-2073966858-label\" class=\"accordion-title plain\" href=\"#accordion-item-kanaat-\u00f6nderlerinin-deste\u011fini-almak\" aria-expanded=\"false\" aria-controls=\"accordion-2073966858-content\" >\n\t\t\t<button class=\"toggle\" aria-label=\"A\u00e7\/Kapat\"><i class=\"icon-angle-down\"><\/i><\/button>\n\t\t\t<span>Kanaat \u00f6nderlerinin deste\u011fini almak<\/span>\n\t\t<\/a>\n\t\t<div id=\"accordion-2073966858-content\" class=\"accordion-inner\" aria-labelledby=\"accordion-2073966858-label\" >\n\t\t\t\n<p>Bir mesele belirlediniz ve bununla ilgili \u00e7\u00f6z\u00fcm \u00f6nerilerinizi ortaya koydunuz. \u015eimdi s\u0131ra talepleriniz i\u00e7in bask\u0131 olu\u015fturmaya, g\u00fcndem yaratmaya geldi. Belki de bu i\u015fe tek ba\u015f\u0131n\u0131za soyunmak yerine, destek almay\u0131 tercih edersiniz. Sizin gibi d\u00fc\u015f\u00fcnen ya da giri\u015fiminizden haberdar oldu\u011funda yan\u0131n\u0131zda yer almay\u0131 se\u00e7ecek m\u00fcttefiklerinizin kim oldu\u011funu bilmek istemez misiniz? Siyaset\u00e7iler, hukuk\u00e7ular, i\u015f insanlar\u0131, akademisyenler, medya ve sivil toplumdan temsilciler\u2026 Uzmanl\u0131\u011f\u0131na g\u00fcvenilen, toplumu fikirleri ve \u00fcr\u00fcnleriyle etkileyen itibar sahibi ki\u015filer, s\u00f6zlerinizi daha geni\u015f mecralara ta\u015f\u0131man\u0131z i\u00e7in yolunuzu a\u00e7abilirler. Politika kararlar\u0131n\u0131 etkileyebilecek kanaat \u00f6nderleriyle ili\u015fki ve i\u015f birli\u011fi kurmak i\u00e7in bu ba\u015fl\u0131\u011f\u0131 se\u00e7ebilirsiniz.<\/p>\n\t\t<\/div>\n\t<\/div>\n\t\n\t<div id=\"accordion-1812689594\" class=\"accordion-item\">\n\t\t<a id=\"accordion-1812689594-label\" class=\"accordion-title plain\" href=\"#accordion-item-kamuoyunun-bir-fikir-veya-politikay\u0131-desteklemesini-sa\u011flamak\" aria-expanded=\"false\" aria-controls=\"accordion-1812689594-content\" >\n\t\t\t<button class=\"toggle\" aria-label=\"A\u00e7\/Kapat\"><i class=\"icon-angle-down\"><\/i><\/button>\n\t\t\t<span>Kamuoyunun bir fikir veya politikay\u0131 desteklemesini sa\u011flamak<\/span>\n\t\t<\/a>\n\t\t<div id=\"accordion-1812689594-content\" class=\"accordion-inner\" aria-labelledby=\"accordion-1812689594-label\" >\n\t\t\t\n<p>Talepleriniz i\u00e7in kamuoyundan destek g\u00f6rseydiniz neler de\u011fi\u015firdi? Kendinizi daha g\u00fc\u00e7l\u00fc ve g\u00fcvende hissetmez miydiniz? Bunu sa\u011flayabilmek i\u00e7in \u00f6ncelikle kamuoyunun o konu hakk\u0131nda ne d\u00fc\u015f\u00fcnd\u00fc\u011f\u00fcn\u00fc, ne hissetti\u011fini bilmeniz, hangi kesimlerin size destek vermeye yak\u0131n oldu\u011funu, hangilerinin amac\u0131n\u0131za kar\u015f\u0131 duraca\u011f\u0131n\u0131 tartman\u0131z faydal\u0131 olabilir. Toplumun farkl\u0131 kesimleri ve konu \u00fczerine duru\u015flar\u0131n\u0131 anlad\u0131ktan sonra, onlar\u0131 harekete ge\u00e7irecek somut ara\u00e7lar\u0131 tasarlaman\u0131z da gerekebilir. Bu bazen bir kampanya, bazen de vatanda\u015flara ortak ama\u00e7lar\u0131n\u0131z etraf\u0131nda bir arada \u00e7al\u0131\u015fmalar\u0131 i\u00e7in alan a\u00e7mak olabilir. Y\u00f6ntemi se\u00e7mek, sizin hayal g\u00fcc\u00fcn\u00fcze kalm\u0131\u015f.<\/p>\n\t\t<\/div>\n\t<\/div>\n\t\n\t<div id=\"accordion-1531679834\" class=\"accordion-item\">\n\t\t<a id=\"accordion-1531679834-label\" class=\"accordion-title plain\" href=\"#accordion-item-politika-\u00f6nerileri-geli\u015ftirmek\" aria-expanded=\"false\" aria-controls=\"accordion-1531679834-content\" >\n\t\t\t<button class=\"toggle\" aria-label=\"A\u00e7\/Kapat\"><i class=\"icon-angle-down\"><\/i><\/button>\n\t\t\t<span>Politika \u00f6nerileri geli\u015ftirmek<\/span>\n\t\t<\/a>\n\t\t<div id=\"accordion-1531679834-content\" class=\"accordion-inner\" aria-labelledby=\"accordion-1531679834-label\" >\n\t\t\t\n<p>De\u011fi\u015fim istedi\u011finiz politika ya da hizmet hakk\u0131nda var olan durum, yasal d\u00fczenlemeler, de\u011fi\u015fen ihtiya\u00e7lar, uluslararas\u0131 iyi uygulamalar gibi konularda bilgi sahibi olman\u0131z, durum tespiti yapabilmenize yard\u0131mc\u0131 olur. Bu da farkl\u0131 kaynaklardan d\u00fczenli olarak veriye ula\u015fman\u0131z demek. Peki bu veriyi amac\u0131n\u0131z \u00e7er\u00e7evesinde anlaml\u0131 bir bi\u00e7imde kullanabilmek istemez miydiniz? Bu uzmanl\u0131k size g\u00fcvenilirlik kazand\u0131rabilir. Politika yap\u0131c\u0131lar ve vatanda\u015flar nezdinde g\u00fcvenilir bir kaynak olursan\u0131z, amac\u0131n\u0131z\u0131n ger\u00e7ekle\u015fmesi yolunda destek toplaman\u0131z da kolayla\u015fabilir. Geli\u015ftirdi\u011finiz uzmanl\u0131\u011f\u0131, rapor, analiz, ara\u015ft\u0131rma, politika belgesi gibi ara\u00e7larla politika \u00f6nerilerine d\u00f6n\u00fc\u015ft\u00fcrebilirsiniz.<\/p>\n\t\t<\/div>\n\t<\/div>\n\t\n\t<div id=\"accordion-3029864714\" class=\"accordion-item\">\n\t\t<a id=\"accordion-3029864714-label\" class=\"accordion-title plain\" href=\"#accordion-item-koalisyon,-a\u011f,-platform-kurmak\" aria-expanded=\"false\" aria-controls=\"accordion-3029864714-content\" >\n\t\t\t<button class=\"toggle\" aria-label=\"A\u00e7\/Kapat\"><i class=\"icon-angle-down\"><\/i><\/button>\n\t\t\t<span>Koalisyon, a\u011f, platform kurmak<\/span>\n\t\t<\/a>\n\t\t<div id=\"accordion-3029864714-content\" class=\"accordion-inner\" aria-labelledby=\"accordion-3029864714-label\" >\n\t\t\t\n<p>G\u00fc\u00e7leri birle\u015ftirmek hem kaynaklar\u0131n\u0131z\u0131 daha etkili kullanman\u0131z hem de s\u00f6z\u00fcn\u00fcz\u00fc b\u00fcy\u00fctmenizde \u00e7ok \u015feyi de\u011fi\u015ftirebilir. Birbirinden \u00f6\u011frenmenin yan\u0131 s\u0131ra, ortak bir model\/yakla\u015f\u0131m geli\u015ftirebilir ya da kampanyalar y\u00fcr\u00fctebilirsiniz. Birlikte hareket etmek, politikalar\u0131 \u00fcretenler \u00fczerinde olu\u015fturmak istedi\u011finiz bask\u0131y\u0131 da daha kuvvetli ve g\u00f6r\u00fcn\u00fcr k\u0131lman\u0131za yard\u0131mc\u0131 olabilir.<\/p>\n\t\t<\/div>\n\t<\/div>\n\t\n\t<div id=\"accordion-2269097381\" class=\"accordion-item\">\n\t\t<a id=\"accordion-2269097381-label\" class=\"accordion-title plain\" href=\"#accordion-item-ba\u015fka-bir-y\u00f6ntem\" aria-expanded=\"false\" aria-controls=\"accordion-2269097381-content\" >\n\t\t\t<button class=\"toggle\" aria-label=\"A\u00e7\/Kapat\"><i class=\"icon-angle-down\"><\/i><\/button>\n\t\t\t<span>Ba\u015fka bir y\u00f6ntem<\/span>\n\t\t<\/a>\n\t\t<div id=\"accordion-2269097381-content\" class=\"accordion-inner\" aria-labelledby=\"accordion-2269097381-label\" >\n\t\t\t\n<p>S\u00f6z ve yetki sahiplerini burada yer verilmeyen ba\u015fka bir alandaetkilemek istiyorsan\u0131z, belirtebilirsiniz.<\/p>\n\t\t<\/div>\n\t<\/div>\n\t\n<\/div>\n\t\t<\/div>\n\t<\/div>\n\t\n\t\n\t\t<\/div>\n\t\t\t\t\t<\/div>\n\n\t\n\n\t<div id=\"col-1934482163\" class=\"col medium-6 small-12 large-6\"  >\n\t\t\t\t<div class=\"col-inner box-shadow-3-hover\"  >\n\t\t\t\n\t\t\t\n\n\t\t<div class=\"icon-box featured-box icon-box-left text-left\"  >\n\t\t\t\t\t<div class=\"icon-box-img\" style=\"width: 50px\">\n\t\t\t\t<div class=\"icon\">\n\t\t\t\t\t<div class=\"icon-inner\" >\n\t\t\t\t\t\t<img decoding=\"async\" width=\"46\" height=\"150\" src=\"https:\/\/www.sivildusun.net\/yedek18062024\/wp-content\/uploads\/2021\/01\/Asset-3sesimiduyurmak.svg\" class=\"attachment-medium size-medium\" alt=\"\" \/>\t\t\t\t\t<\/div>\n\t\t\t\t<\/div>\n\t\t\t<\/div>\n\t\t\t\t<div class=\"icon-box-text last-reset\">\n\t\t\t\t\t\t\t\t\t\n<h3 class=\"accordion_title\">Sesimi duyurmak<\/h3><div class=\"accordion\">\n\t<div id=\"accordion-347981592\" class=\"accordion-item\">\n\t\t<a id=\"accordion-347981592-label\" class=\"accordion-title plain\" href=\"#accordion-item-kamuoyunun-do\u011fru-bilgiye-ula\u015fmas\u0131n\u0131-sa\u011flamak\" aria-expanded=\"false\" aria-controls=\"accordion-347981592-content\" >\n\t\t\t<button class=\"toggle\" aria-label=\"A\u00e7\/Kapat\"><i class=\"icon-angle-down\"><\/i><\/button>\n\t\t\t<span>Kamuoyunun do\u011fru bilgiye ula\u015fmas\u0131n\u0131 sa\u011flamak<\/span>\n\t\t<\/a>\n\t\t<div id=\"accordion-347981592-content\" class=\"accordion-inner\" aria-labelledby=\"accordion-347981592-label\" >\n\t\t\t\n<p>Bilgi tarafs\u0131z ve g\u00fcvenilir de\u011filse, bilin\u00e7li kararlar verebilmek de m\u00fcmk\u00fcn olmayabiliyor.Sorumlu bak\u0131\u015f a\u00e7\u0131s\u0131yla tav\u0131r sergileyebilmek i\u00e7in \u00f6ncelikle do\u011fru bilgiye ihtiya\u00e7 duyuyoruz.. Bir hak alan\u0131nda ara\u015ft\u0131rma y\u00fcr\u00fctebilir, uzmanlarla g\u00f6r\u00fc\u015febilir, kendi veriye dayal\u0131 bilginizi \u00fcreterek kamuoyu ile payla\u015fabilirsiniz. Bir alanda referans kaynak olarak an\u0131lmak, g\u00fcven ve itibar kazanman\u0131za da destek olabilir.<\/p>\n\t\t<\/div>\n\t<\/div>\n\t\n\t<div id=\"accordion-1547671732\" class=\"accordion-item\">\n\t\t<a id=\"accordion-1547671732-label\" class=\"accordion-title plain\" href=\"#accordion-item-kamuoyunda-fark\u0131ndal\u0131k-yaratmak\" aria-expanded=\"false\" aria-controls=\"accordion-1547671732-content\" >\n\t\t\t<button class=\"toggle\" aria-label=\"A\u00e7\/Kapat\"><i class=\"icon-angle-down\"><\/i><\/button>\n\t\t\t<span>Kamuoyunda fark\u0131ndal\u0131k yaratmak<\/span>\n\t\t<\/a>\n\t\t<div id=\"accordion-1547671732-content\" class=\"accordion-inner\" aria-labelledby=\"accordion-1547671732-label\" >\n\t\t\t\n<p>\u0130nsanlar, kendi ya\u015famlar\u0131na do\u011frudan etki eden konularla ilgilenmeye ve b\u00f6yle durumlarda harekete ge\u00e7meye daha yatk\u0131n olabilir. Onlar\u0131n, amac\u0131n\u0131zla ilgili alg\u0131lar\u0131nda yapaca\u011f\u0131n\u0131z bir de\u011fi\u015fiklik, birdenbire b\u00fcy\u00fck kitleleri mesajlar\u0131n\u0131z\u0131n ta\u015f\u0131y\u0131c\u0131s\u0131 haline getirebilir. Bir hak alan\u0131nda farkl\u0131 d\u00fc\u015f\u00fcnmeye ba\u015flayanlar, bir sonraki ad\u0131mda, daha aktif tav\u0131r almak konusunda daha g\u00f6n\u00fcll\u00fc olabilirler. Al\u0131\u015fkanl\u0131klar\u0131, k\u00fclt\u00fcrel kal\u0131plar\u0131, \u00f6nyarg\u0131lar\u0131 ve ezberleri k\u0131rman\u0131n farkl\u0131 y\u00f6ntemleri \u00fczerine d\u00fc\u015f\u00fcnebilir, insanlar\u0131n rahatl\u0131kla uygulayaca\u011f\u0131 ara\u00e7lar tasarlayabilirsiniz.<\/p>\n\t\t<\/div>\n\t<\/div>\n\t\n\t<div id=\"accordion-1854585427\" class=\"accordion-item\">\n\t\t<a id=\"accordion-1854585427-label\" class=\"accordion-title plain\" href=\"#accordion-item-bilgi-kirlili\u011fiyle-m\u00fccadele-etmek\" aria-expanded=\"false\" aria-controls=\"accordion-1854585427-content\" >\n\t\t\t<button class=\"toggle\" aria-label=\"A\u00e7\/Kapat\"><i class=\"icon-angle-down\"><\/i><\/button>\n\t\t\t<span>Bilgi kirlili\u011fiyle m\u00fccadele etmek<\/span>\n\t\t<\/a>\n\t\t<div id=\"accordion-1854585427-content\" class=\"accordion-inner\" aria-labelledby=\"accordion-1854585427-label\" >\n\t\t\t\n<p>G\u00fcn\u00fcm\u00fczde, bilgiye ula\u015fmaktan \u00e7ok, onu s\u00fczme ve de\u011ferlendirme kabiliyetimiz \u00e7o\u011fu zaman yetersiz kalabiliyor. Ki\u015fisel tecr\u00fcbelere, genellemelere, inan\u0131\u015flara ya da alg\u0131lara dayal\u0131 bilgiyle me\u015fgul olurken, ger\u00e7ek ve yanl\u0131\u015f\u0131 birbirinden ay\u0131rmakta zorlanabiliyoruz. B\u00fct\u00fcn bu s\u00fcre\u00e7, kararlar\u0131m\u0131z\u0131, hayat\u0131 ya\u015fama ve ba\u015fkalar\u0131yla ili\u015fki kurma tercihlerimizi de etkiliyor. Bu d\u00f6ng\u00fcy\u00fc k\u0131rmak i\u00e7in bir giri\u015fimde bulunabilir, bir bilgi yanl\u0131\u015f\u0131na dikkat \u00e7ekerek, do\u011frusunun \u00f6\u011frenilmesi yolunda arac\u0131 olabilirsiniz.<\/p>\n\t\t<\/div>\n\t<\/div>\n\t\n\t<div id=\"accordion-1898045000\" class=\"accordion-item\">\n\t\t<a id=\"accordion-1898045000-label\" class=\"accordion-title plain\" href=\"#accordion-item-daha-g\u00f6r\u00fcn\u00fcr-olmak\" aria-expanded=\"false\" aria-controls=\"accordion-1898045000-content\" >\n\t\t\t<button class=\"toggle\" aria-label=\"A\u00e7\/Kapat\"><i class=\"icon-angle-down\"><\/i><\/button>\n\t\t\t<span>Daha g\u00f6r\u00fcn\u00fcr olmak<\/span>\n\t\t<\/a>\n\t\t<div id=\"accordion-1898045000-content\" class=\"accordion-inner\" aria-labelledby=\"accordion-1898045000-label\" >\n\t\t\t\n<p>Bilinirli\u011finizi art\u0131rmak, yeni bir \u00e7al\u0131\u015fma, \u00fcr\u00fcn ya da \u00f6rg\u00fct\u00fc tan\u0131tmak i\u00e7in g\u00f6r\u00fcn\u00fcr olmak isteyebilirsiniz. Kimli\u011finize dair \u00f6\u011feleri ta\u015f\u0131yan g\u00f6r\u00fcn\u00fcrl\u00fck malzemeleri \u00fcretebilir, kurumsal kimli\u011finizi yap\u0131land\u0131rabilir, \u00e7al\u0131\u015fmalar\u0131n\u0131z\u0131 tan\u0131tan yay\u0131nlar haz\u0131rlayabilir, bir etkinlik d\u00fczenleyerek itibar \u00e7al\u0131\u015fmas\u0131 yapabilirsiniz.<\/p>\n\t\t<\/div>\n\t<\/div>\n\t\n\t<div id=\"accordion-815928924\" class=\"accordion-item\">\n\t\t<a id=\"accordion-815928924-label\" class=\"accordion-title plain\" href=\"#accordion-item-kamuoyu-deste\u011fi-kazanmak\" aria-expanded=\"false\" aria-controls=\"accordion-815928924-content\" >\n\t\t\t<button class=\"toggle\" aria-label=\"A\u00e7\/Kapat\"><i class=\"icon-angle-down\"><\/i><\/button>\n\t\t\t<span>Kamuoyu deste\u011fi kazanmak<\/span>\n\t\t<\/a>\n\t\t<div id=\"accordion-815928924-content\" class=\"accordion-inner\" aria-labelledby=\"accordion-815928924-label\" >\n\t\t\t\n<p>\u00c7al\u0131\u015fman\u0131z\u0131n etkisini b\u00fcy\u00fctmek i\u00e7in kamuoyunun deste\u011fini kazand\u0131\u011f\u0131n\u0131zda sizi takip edenlerin de hak odakl\u0131 bak\u0131\u015f a\u00e7\u0131s\u0131n\u0131 benimsemeleri i\u00e7in \u00f6nc\u00fc olabilirsiniz. Kulland\u0131\u011f\u0131n\u0131z hak odakl\u0131 dil, hitap etti\u011finiz toplumun da dili haline gelebilir, sizin s\u00f6zleriniz onlar\u0131n da s\u00f6zleri olabilir. Bu ger\u00e7ekle\u015ftik\u00e7e, toplumun, \u00e7al\u0131\u015ft\u0131\u011f\u0131n\u0131z hak alan\u0131yla ilgili kendi rol ve sorumlulu\u011funu fark edip \u00fcstlenmesine de arac\u0131l\u0131k edebilirsiniz.<\/p>\n\t\t<\/div>\n\t<\/div>\n\t\n\t<div id=\"accordion-468015825\" class=\"accordion-item\">\n\t\t<a id=\"accordion-468015825-label\" class=\"accordion-title plain\" href=\"#accordion-item-vatanda\u015flar\u0131-hak-odakl\u0131-\u00e7al\u0131\u015fmalar\u0131n-par\u00e7as\u0131-yapmak\" aria-expanded=\"false\" aria-controls=\"accordion-468015825-content\" >\n\t\t\t<button class=\"toggle\" aria-label=\"A\u00e7\/Kapat\"><i class=\"icon-angle-down\"><\/i><\/button>\n\t\t\t<span>Vatanda\u015flar\u0131 hak odakl\u0131 \u00e7al\u0131\u015fmalar\u0131n par\u00e7as\u0131 yapmak<\/span>\n\t\t<\/a>\n\t\t<div id=\"accordion-468015825-content\" class=\"accordion-inner\" aria-labelledby=\"accordion-468015825-label\" >\n\t\t\t\n<p>\u0130nsanlara bir \u00e7al\u0131\u015fmada rol \u00fcstlenmeleri i\u00e7in alan a\u00e7\u0131ld\u0131\u011f\u0131nda, asl\u0131nda, demokratik ya\u015fam\u0131n gere\u011fi olan y\u00f6netime kat\u0131lmalar\u0131 i\u00e7in de f\u0131rsatlar yarat\u0131lm\u0131\u015f oluyor.Farkl\u0131 kesimlerin birbirlerini anlamak i\u00e7in \u00e7aba g\u00f6sterece\u011fi tart\u0131\u015fma ve diyalog ortamlar\u0131 olu\u015fturabilir; insanlara, ba\u015fkalar\u0131n\u0131 fark\u0131nda k\u0131lmak i\u00e7in sorumluluk \u00fcstlenebilecekleri yollar g\u00f6sterebilir; mesajlar\u0131n\u0131z\u0131 yayg\u0131nla\u015ft\u0131rmalar\u0131 i\u00e7in \u00e7e\u015fitli mekanizmalar sunabilirsiniz.<\/p>\n\t\t<\/div>\n\t<\/div>\n\t\n\t<div id=\"accordion-2866745954\" class=\"accordion-item\">\n\t\t<a id=\"accordion-2866745954-label\" class=\"accordion-title plain\" href=\"#accordion-item-ba\u015fka-bir-hedef\" aria-expanded=\"false\" aria-controls=\"accordion-2866745954-content\" >\n\t\t\t<button class=\"toggle\" aria-label=\"A\u00e7\/Kapat\"><i class=\"icon-angle-down\"><\/i><\/button>\n\t\t\t<span>Ba\u015fka bir hedef<\/span>\n\t\t<\/a>\n\t\t<div id=\"accordion-2866745954-content\" class=\"accordion-inner\" aria-labelledby=\"accordion-2866745954-label\" >\n\t\t\t\n<p>Sesinizi duyurman\u0131n burada yer verilmeyen ba\u015fka bir amac\u0131 varsa, belirtebilirsiniz.<\/p>\n\t\t<\/div>\n\t<\/div>\n\t\n<\/div>\n\t\t<\/div>\n\t<\/div>\n\t\n\t\n\t\t<\/div>\n\t\t\t\t\t<\/div>\n\n\t\n\n\t<div id=\"col-903894121\" class=\"col medium-6 small-12 large-6\"  >\n\t\t\t\t<div class=\"col-inner box-shadow-3-hover\"  >\n\t\t\t\n\t\t\t\n\n\t\t<div class=\"icon-box featured-box icon-box-left text-left\"  >\n\t\t\t\t\t<div class=\"icon-box-img\" style=\"width: 50px\">\n\t\t\t\t<div class=\"icon\">\n\t\t\t\t\t<div class=\"icon-inner\" >\n\t\t\t\t\t\t<img loading=\"lazy\" decoding=\"async\" width=\"46\" height=\"150\" src=\"https:\/\/www.sivildusun.net\/yedek18062024\/wp-content\/uploads\/2021\/01\/Asset-4organizasyon.svg\" class=\"attachment-medium size-medium\" alt=\"\" \/>\t\t\t\t\t<\/div>\n\t\t\t\t<\/div>\n\t\t\t<\/div>\n\t\t\t\t<div class=\"icon-box-text last-reset\">\n\t\t\t\t\t\t\t\t\t\n<h3 class=\"accordion_title\">Organizasyon g\u00fcc\u00fc kazanmak<\/h3><div class=\"accordion\">\n\t<div id=\"accordion-1154787713\" class=\"accordion-item\">\n\t\t<a id=\"accordion-1154787713-label\" class=\"accordion-title plain\" href=\"#accordion-item-hak-odakl\u0131-yakla\u015f\u0131m\u0131m\u0131-kuvvetlendirme\" aria-expanded=\"false\" aria-controls=\"accordion-1154787713-content\" >\n\t\t\t<button class=\"toggle\" aria-label=\"A\u00e7\/Kapat\"><i class=\"icon-angle-down\"><\/i><\/button>\n\t\t\t<span>Hak odakl\u0131 yakla\u015f\u0131m\u0131m\u0131 kuvvetlendirme<\/span>\n\t\t<\/a>\n\t\t<div id=\"accordion-1154787713-content\" class=\"accordion-inner\" aria-labelledby=\"accordion-1154787713-label\" >\n\t\t\t\n<p>Sivil toplum, de\u011fi\u015fimi ger\u00e7ek k\u0131lmak i\u00e7in var. Hak odakl\u0131 bakmak ise, bu de\u011fi\u015fim i\u00e7in planlad\u0131\u011f\u0131m\u0131z her i\u015fte, insan haklar\u0131n\u0131 g\u00fc\u00e7lendirmeyi g\u00f6zetmekle ilgili. Belki de y\u0131llard\u0131r \u00fcyesi oldu\u011funuz \u00f6rg\u00fctte kararlar\u0131n demokratik \u015fekilde al\u0131nmad\u0131\u011f\u0131n\u0131 fark etmi\u015fsinizdir. Ya da kurucular ve \u00fcyelerin e\u015fit konumda bulundu\u011fu bir kooperatifte, b\u00fct\u00fcn y\u00fck fark\u0131nda olmadan ba\u015fkan\u0131n \u00fczerine y\u0131\u011f\u0131lm\u0131\u015f olabilir. Y\u00f6netim kurulunu toplamak kolay, peki i\u00e7inde \u015fiddet olmayan bir ileti\u015fim dili yakalamak ve uzla\u015fabilmek nas\u0131l ba\u015far\u0131l\u0131r? Bu ba\u015fl\u0131\u011f\u0131 se\u00e7erek, hesap verebilirlik, \u015feffafl\u0131k, kat\u0131l\u0131m, e\u015fit muamele, ayr\u0131mc\u0131l\u0131k yapmama, hukukun \u00fcst\u00fcnl\u00fc\u011f\u00fc gibi kavramlar\u0131n kar\u015f\u0131l\u0131\u011f\u0131n\u0131 organizasyonunuzda hayata ge\u00e7irmek i\u00e7in ad\u0131m atabilirsiniz.<\/p>\n\t\t<\/div>\n\t<\/div>\n\t\n\t<div id=\"accordion-1660159459\" class=\"accordion-item\">\n\t\t<a id=\"accordion-1660159459-label\" class=\"accordion-title plain\" href=\"#accordion-item-ula\u015fmak-istedi\u011fim-ki\u015filerin-ihtiya\u00e7lar\u0131na-daha-iyi-cevap-verip,-daha-verimli-i\u015f-\u00fcretme\" aria-expanded=\"false\" aria-controls=\"accordion-1660159459-content\" >\n\t\t\t<button class=\"toggle\" aria-label=\"A\u00e7\/Kapat\"><i class=\"icon-angle-down\"><\/i><\/button>\n\t\t\t<span>Ula\u015fmak istedi\u011fim ki\u015filerin ihtiya\u00e7lar\u0131na daha iyi cevap verip, daha verimli i\u015f \u00fcretme<\/span>\n\t\t<\/a>\n\t\t<div id=\"accordion-1660159459-content\" class=\"accordion-inner\" aria-labelledby=\"accordion-1660159459-label\" >\n\t\t\t\n<p>\u015eu anda ama\u00e7lar\u0131n\u0131z bak\u0131m\u0131ndan ger\u00e7ekten hedefledi\u011finiz yerde misiniz? \u00c7al\u0131\u015fmalar\u0131n\u0131z\u0131n kimleri ne y\u00f6nde etkiledi\u011fini biliyor musunuz? \u00dcretti\u011finiz fayday\u0131 \u00f6l\u00e7\u00fcp de\u011ferlendiriyor musunuz? \u00c7aban\u0131z, ula\u015fmak istedi\u011finiz kitlenin beklenti ve ihtiya\u00e7lar\u0131na ne kadar kar\u015f\u0131l\u0131k gelebiliyor? Bu sorulara ger\u00e7ek\u00e7i yan\u0131tlar vermek, kaynak ve imkanlar\u0131n\u0131z \u00f6l\u00e7\u00fcs\u00fcnde \u00fcretkenli\u011finizi art\u0131rmak i\u00e7in y\u00f6ntemler belirleyerek hayata ge\u00e7irebilirsiniz.<\/p>\n\t\t<\/div>\n\t<\/div>\n\t\n\t<div id=\"accordion-1220298809\" class=\"accordion-item\">\n\t\t<a id=\"accordion-1220298809-label\" class=\"accordion-title plain\" href=\"#accordion-item-\u0130\u015f-birli\u011fi,-ortakl\u0131k,-a\u011f-olu\u015fturma\" aria-expanded=\"false\" aria-controls=\"accordion-1220298809-content\" >\n\t\t\t<button class=\"toggle\" aria-label=\"A\u00e7\/Kapat\"><i class=\"icon-angle-down\"><\/i><\/button>\n\t\t\t<span>\u0130\u015f birli\u011fi, ortakl\u0131k, a\u011f olu\u015fturma<\/span>\n\t\t<\/a>\n\t\t<div id=\"accordion-1220298809-content\" class=\"accordion-inner\" aria-labelledby=\"accordion-1220298809-label\" >\n\t\t\t\n<p>Sivil akt\u00f6rler olarak, ba\u015fka sivil akt\u00f6rlerle bir arada hareket etmek, pek \u00e7ok faydas\u0131n\u0131n yan\u0131nda, kapasitenizi g\u00fc\u00e7lendirmeye de b\u00fcy\u00fck etki edebilir. \u0130\u015f birli\u011fi yapaca\u011f\u0131n\u0131z olu\u015fumlar b\u00f6lgesel, ulusal, uluslararas\u0131 a\u011f ya da platformlar olabilir. Onlarla ayn\u0131 tematik alanda \u00e7al\u0131\u015f\u0131yor ya da ortak bir ilgi alan\u0131n\u0131 payla\u015f\u0131yor olabilirsiniz. \u00d6rg\u00fctlenme \u00f6zg\u00fcrl\u00fc\u011f\u00fc ya da mali y\u00fck\u00fcml\u00fcl\u00fcklerle ilgili d\u00fczenlemeler gibi varl\u0131\u011f\u0131n\u0131z\u0131 ilgilendiren bir konuda bilgi ve deneyim payla\u015f\u0131m\u0131 yapma ihtiyac\u0131 duyabilirsiniz. Beraber hareket eden yap\u0131lar, \u00e7o\u011fu kez, kaynaklara ula\u015fmak bak\u0131m\u0131ndan da avantaj kazanabilir.<\/p>\n\t\t<\/div>\n\t<\/div>\n\t\n\t<div id=\"accordion-3704931276\" class=\"accordion-item\">\n\t\t<a id=\"accordion-3704931276-label\" class=\"accordion-title plain\" href=\"#accordion-item-fon-kaynaklar\u0131n\u0131-\u00e7e\u015fitlendirip-kendi-kendimize-yetecek-kapasiteyi-kazanma\" aria-expanded=\"false\" aria-controls=\"accordion-3704931276-content\" >\n\t\t\t<button class=\"toggle\" aria-label=\"A\u00e7\/Kapat\"><i class=\"icon-angle-down\"><\/i><\/button>\n\t\t\t<span>Fon kaynaklar\u0131n\u0131 \u00e7e\u015fitlendirip kendi kendimize yetecek kapasiteyi kazanma<\/span>\n\t\t<\/a>\n\t\t<div id=\"accordion-3704931276-content\" class=\"accordion-inner\" aria-labelledby=\"accordion-3704931276-label\" >\n\t\t\t\n<p>Kaynak geli\u015ftirme, b\u00fct\u00fcnc\u00fcl bir yakla\u015f\u0131m gerektiren ve zaman alan bir s\u00fcre\u00e7. Fona eri\u015fmek ise bu s\u00fcrecin neredeyse son ad\u0131m\u0131. Buradaki as\u0131l mesele, kendi g\u00fcc\u00fcn\u00fcz ve kaynaklar\u0131n\u0131zla ayakta kalmay\u0131 ba\u015farabilmek yolunda hedef ve stratejiler belirlemek. Kaynak geli\u015ftirmek i\u00e7in mesaj\u0131n\u0131z\u0131 nas\u0131l olu\u015fturacak, nas\u0131l ileteceksiniz? \u00d6rg\u00fct\u00fcn\u00fczde tam zamanl\u0131 bir kaynak geli\u015ftirme birimi olsa nas\u0131l olurdu? Bu birim nas\u0131l mesajlar \u00fcretir ve bunlar\u0131 kimlere ula\u015ft\u0131rd\u0131\u011f\u0131nda ba\u015far\u0131 kazan\u0131rd\u0131? B\u00fct\u00fcn bu sorulara yan\u0131t bulmak i\u00e7in do\u011fru ba\u015fl\u0131ktas\u0131n\u0131z.<\/p>\n\t\t<\/div>\n\t<\/div>\n\t\n\t<div id=\"accordion-316454780\" class=\"accordion-item\">\n\t\t<a id=\"accordion-316454780-label\" class=\"accordion-title plain\" href=\"#accordion-item-uzun-vadeli-stratejik-plan-geli\u015ftirip-uygulama\" aria-expanded=\"false\" aria-controls=\"accordion-316454780-content\" >\n\t\t\t<button class=\"toggle\" aria-label=\"A\u00e7\/Kapat\"><i class=\"icon-angle-down\"><\/i><\/button>\n\t\t\t<span>Uzun vadeli stratejik plan geli\u015ftirip uygulama<\/span>\n\t\t<\/a>\n\t\t<div id=\"accordion-316454780-content\" class=\"accordion-inner\" aria-labelledby=\"accordion-316454780-label\" >\n\t\t\t\n<p>\u015eu an neredeyiz, nereye ula\u015fmak istiyoruz ve buraya en kolay hangi yoldan gidebiliriz? Stratejik planlama yaparak hayata ge\u00e7irdi\u011finizde, k\u0131s\u0131tl\u0131 kaynaklar\u0131n\u0131z\u0131 en do\u011fru bi\u00e7imde de\u011ferlendirmek; d\u0131\u015far\u0131daki de\u011fi\u015fimlere etkili tepkiler vermek; sorunlar\u0131n \u00e7\u00f6z\u00fcm\u00fcnde yarat\u0131c\u0131 olmak; net, ger\u00e7ek\u00e7i, sonu\u00e7lar\u0131 \u00f6l\u00e7\u00fclebilir hedefler koymak ve bunlara ula\u015fmak i\u00e7in en yerinde ara\u00e7lar\u0131 se\u00e7mekte ustala\u015fabilirsiniz.<\/p>\n\t\t<\/div>\n\t<\/div>\n\t\n\t<div id=\"accordion-3370948016\" class=\"accordion-item\">\n\t\t<a id=\"accordion-3370948016-label\" class=\"accordion-title plain\" href=\"#accordion-item-\u00c7al\u0131\u015fmalar\u0131m\u0131-yenilik\u00e7i-y\u00f6ntem-ve-yakla\u015f\u0131mlarla-geli\u015ftirme\" aria-expanded=\"false\" aria-controls=\"accordion-3370948016-content\" >\n\t\t\t<button class=\"toggle\" aria-label=\"A\u00e7\/Kapat\"><i class=\"icon-angle-down\"><\/i><\/button>\n\t\t\t<span>\u00c7al\u0131\u015fmalar\u0131m\u0131 yenilik\u00e7i y\u00f6ntem ve yakla\u015f\u0131mlarla geli\u015ftirme<\/span>\n\t\t<\/a>\n\t\t<div id=\"accordion-3370948016-content\" class=\"accordion-inner\" aria-labelledby=\"accordion-3370948016-label\" >\n\t\t\t\n<p>\u0130\u00e7inde ya\u015fad\u0131\u011f\u0131m\u0131z \u00e7a\u011f, durmadan g\u00fcncelleniyor. Buna ba\u011fl\u0131 olarak, g\u00fcndelik hayat\u0131n ritmi ve zihnimizin i\u015fleyi\u015f bi\u00e7imleri de de\u011fi\u015fiyor. Her ge\u00e7en g\u00fcn yeni sorunlar ediniyoruz, peki sistemlerimizi bunlarla ba\u015f edecek \u015fekilde d\u00f6n\u00fc\u015ft\u00fcrd\u00fck m\u00fc? De\u011fi\u015fimi hayata ge\u00e7irirken, t\u00fcm senaryolar, riskler ve f\u0131rsatlarla ilgili \u00e7al\u0131\u015fmalara organizasyondaki b\u00fct\u00fcn ekipleri dahil etmek, s\u00fcreci ortak ak\u0131l ve dil ile idare etmek gerekiyor. Peki bunu nas\u0131l ba\u015farabiliriz? Bu ba\u015fl\u0131\u011f\u0131 se\u00e7erek, trendleri anlamak ve kendi yap\u0131n\u0131z\u0131 onlara adapte edebilmek i\u00e7in yenilik\u00e7i metot ve yakla\u015f\u0131mlar\u0131 ke\u015ffedebilirsiniz.<\/p>\n\t\t<\/div>\n\t<\/div>\n\t\n\t<div id=\"accordion-1435669788\" class=\"accordion-item\">\n\t\t<a id=\"accordion-1435669788-label\" class=\"accordion-title plain\" href=\"#accordion-item-ba\u015fka-bir-alan\" aria-expanded=\"false\" aria-controls=\"accordion-1435669788-content\" >\n\t\t\t<button class=\"toggle\" aria-label=\"A\u00e7\/Kapat\"><i class=\"icon-angle-down\"><\/i><\/button>\n\t\t\t<span>Ba\u015fka bir alan<\/span>\n\t\t<\/a>\n\t\t<div id=\"accordion-1435669788-content\" class=\"accordion-inner\" aria-labelledby=\"accordion-1435669788-label\" >\n\t\t\t\n<p>Organizasyonel kapasitenizi, burada yer verilmeyen ba\u015fka bir alanda geli\u015ftirmek istiyorsan\u0131z, belirtebilirsiniz.<\/p>\n\t\t<\/div>\n\t<\/div>\n\t\n<\/div>\n\t\t<\/div>\n\t<\/div>\n\t\n\t\n\t\t<\/div>\n\t\t\t\t\t<\/div>\n\n\t\n<\/div>\n<div class=\"row\"  id=\"row-1135734002\">\n\n\t<div id=\"col-212313581\" class=\"col small-12 large-12\"  >\n\t\t\t\t<div class=\"col-inner text-center\"  >\n\t\t\t\n\t\t\t\n<p>Sizin i\u00e7in haz\u0131rlad\u0131\u011f\u0131m\u0131z mini testi \u00e7\u00f6zerek, hangi kategorinin sizin i\u00e7in daha uygun oldu\u011funa karar verebilirsiniz!<\/p>\n<a href=\"#test\" class=\"button primary\"  >\n  <i class=\"icon-checkmark\" aria-hidden=\"true\" ><\/i>  <span>Mini Test<\/span>\n  <\/a>\n\n\t<div id=\"test\"\n\t     class=\"lightbox-by-id lightbox-content mfp-hide lightbox-white \"\n\t     style=\"max-width:900px ;padding:20px\">\n\t\t\t<\/div>\n\t\n\t\n<div class=\"row row-collapse\"  id=\"row-136744046\">\n\n\t<div id=\"col-552423760\" class=\"col small-12 large-12\"  >\n\t\t\t\t<div class=\"col-inner text-center box-shadow-2\"  >\n\t\t\t\n\t<div class=\"is-border\"\n\t\tstyle=\"border-color:rgb(223, 223, 223);border-width:1px 1px 1px 1;\">\n\t<\/div>\n\t\t\t\n<div class=\"video video-fit mb imkanivar\" style=\"padding-top:0px;\"><div style=\"width: 640px;\" class=\"wp-video\"><!--[if lt IE 9]><script>document.createElement('video');<\/script><![endif]-->\n<video class=\"wp-video-shortcode\" id=\"video-31076-1\" width=\"640\" height=\"360\" preload=\"metadata\" controls=\"controls\"><source type=\"video\/mp4\" src=\"https:\/\/www.sivildusun.net\/yedek18062024\/wp-content\/uploads\/2022\/09\/imkanivar2.mp4?_=1\" \/><a href=\"https:\/\/www.sivildusun.net\/yedek18062024\/wp-content\/uploads\/2022\/09\/imkanivar2.mp4\">https:\/\/www.sivildusun.net\/yedek18062024\/wp-content\/uploads\/2022\/09\/imkanivar2.mp4<\/a><\/video><\/div>\n<\/div>\n\t\t<\/div>\n\t\t\t\t\t<\/div>\n\n\t\n<\/div>\n\t\t<\/div>\n\t\t\t\t\t<\/div>\n\n\t\n<\/div>\n\t\t<\/div>\n\t\t\t\t\n<style>\n#col-1808471975 > .col-inner {\n  padding: 30px 30px 30px 30px;\n  border-radius: 8px;\n}\n<\/style>\n\t<\/div>\n\n\t\n<\/div>\n\t\t<\/div>\n\t\t\t\t\t<\/div>\n\n\t\n<\/div>\n\t\t<\/div>\n\n\t\t\n<style>\n#section_1810338634 {\n  padding-top: 30px;\n  padding-bottom: 30px;\n}\n<\/style>\n\t<\/section>\n\t\n","protected":false},"excerpt":{"rendered":"","protected":false},"author":6,"featured_media":177,"parent":31091,"menu_order":1,"comment_status":"closed","ping_status":"closed","template":"page-single-page-nav.php","meta":{"footnotes":""},"_links":{"self":[{"href":"https:\/\/www.sivildusun.net\/yedek18062024\/wp-json\/wp\/v2\/pages\/31076"}],"collection":[{"href":"https:\/\/www.sivildusun.net\/yedek18062024\/wp-json\/wp\/v2\/pages"}],"about":[{"href":"https:\/\/www.sivildusun.net\/yedek18062024\/wp-json\/wp\/v2\/types\/page"}],"author":[{"embeddable":true,"href":"https:\/\/www.sivildusun.net\/yedek18062024\/wp-json\/wp\/v2\/users\/6"}],"replies":[{"embeddable":true,"href":"https:\/\/www.sivildusun.net\/yedek18062024\/wp-json\/wp\/v2\/comments?post=31076"}],"version-history":[{"count":0,"href":"https:\/\/www.sivildusun.net\/yedek18062024\/wp-json\/wp\/v2\/pages\/31076\/revisions"}],"up":[{"embeddable":true,"href":"https:\/\/www.sivildusun.net\/yedek18062024\/wp-json\/wp\/v2\/pages\/31091"}],"wp:featuredmedia":[{"embeddable":true,"href":"https:\/\/www.sivildusun.net\/yedek18062024\/wp-json\/wp\/v2\/media\/177"}],"wp:attachment":[{"href":"https:\/\/www.sivildusun.net\/yedek18062024\/wp-json\/wp\/v2\/media?parent=31076"}],"curies":[{"name":"wp","href":"https:\/\/api.w.org\/{rel}","templated":true}]}}