{"id":729,"date":"2021-01-03T21:12:05","date_gmt":"2021-01-03T18:12:05","guid":{"rendered":"https:\/\/sd.interkeydijital.com\/?page_id=729"},"modified":"2023-12-26T11:47:31","modified_gmt":"2023-12-26T08:47:31","slug":"kampanyalar","status":"publish","type":"page","link":"https:\/\/www.sivildusun.net\/yedek18062024\/yer-al\/kampanyalar\/","title":{"rendered":"Kampanyalar"},"content":{"rendered":"\t<section class=\"section\" id=\"section_961419268\">\n\t\t<div class=\"bg section-bg fill bg-fill  bg-loaded\" >\n\n\t\t\t\n\t\t\t<div class=\"loading-spin centered\"><\/div>\n\t\t\t\n\n\t\t<\/div>\n\n\t\t\n\n\t\t<div class=\"section-content relative\">\n\t\t\t\n<div class=\"row\"  id=\"row-1520823892\">\n\n\t<div id=\"col-1250076155\" class=\"col medium-3 small-12 large-3\"  >\n\t\t\t\t<div class=\"col-inner\"  >\n\t\t\t\n\t\t\t\n<div class=\"row rightsidebar\"  id=\"row-588503691\">\n\n\n\t<div id=\"col-1578732831\" class=\"col small-12 large-12\"  >\n\t\t\t\t<div class=\"col-inner box-shadow-3\"  >\n\t\t\t\n\t\t\t\n\n\n\t\t<div class=\"icon-box featured-box icon-box-left text-left\"  >\n\t\t\t\t<div class=\"icon-box-text last-reset\">\n\t\t\t\t\t\t\t\t\t\n\n\t<div id=\"gap-1039718771\" class=\"gap-element clearfix\" style=\"display:block; height:auto;\">\n\t\t\n<style>\n#gap-1039718771 {\n  padding-top: 6px;\n}\n<\/style>\n\t<\/div>\n\t\n\n<h3>Yer Al<\/h3>\n<div class=\"is-divider divider clearfix\" style=\"max-width:100%;background-color:rgb(233, 72, 63);\"><\/div>\n\n\n\t\t<\/div>\n\t<\/div>\n\t\n\t\n<p>[bellows config_id=\"main\" menu=\"6465\"]<\/p>\n\n\t\t<\/div>\n\t\t\t\t\n<style>\n#col-1578732831 > .col-inner {\n  padding: 0px 10px 0px 10px;\n}\n<\/style>\n\t<\/div>\n\n\t\n\n<\/div>\n\t\t<\/div>\n\t\t\t\t\t<\/div>\n\n\t\n\n\t<div id=\"col-2037639599\" class=\"col medium-9 small-12 large-9\"  >\n\t\t\t\t<div class=\"col-inner\"  >\n\t\t\t\n\t\t\t\n<div class=\"row align-equal\"  id=\"row-1402585083\">\n\n\t<div id=\"col-1676934996\" class=\"col small-12 large-12\"  >\n\t\t\t\t<div class=\"col-inner\"  >\n\t\t\t\n\t\t\t\n  <div id=\"page-header-1614665471\" class=\"page-header-wrapper\">\n  <div class=\"page-title light divided-title\">\n\n    \n    <div class=\"page-title-inner container align-center flex-row medium-flex-wrap\" >\n              <div class=\"title-wrapper is-xlarge flex-col text-left medium-text-center\">\n          <h1 class=\"entry-title mb-0\">\n            Kampanyalar          <\/h1>\n        <\/div>\n                    <div class=\"title-content flex-col flex-right text-right medium-text-center\">\n        <div class=\"title-breadcrumbs pb-half pt-half\"><\/div>      <\/div>\n    <\/div>\n\n       <\/div>\n  <div class=\"container header-wrapper-divider\"><hr\/><\/div>  <\/div>\n  \n<p>Kampanyalar\u0131m\u0131z, aktivizmi, temel haklar\u0131, topluluk ruhunu harekete ge\u00e7iren motivasyonlar\u0131 birlikte konu\u015fup tart\u0131\u015fmak i\u00e7in bize alan a\u00e7\u0131yor. Mesajlar\u0131m\u0131z\u0131 bir arada \u00e7o\u011faltman\u0131n farkl\u0131 yollar\u0131n\u0131 denemeyi seviyoruz. S\u00f6z s\u00f6ylemenin yaz\u0131l\u0131, g\u00f6rsel, i\u015fitsel ve sentez imkanlar\u0131n\u0131 hep beraber ke\u015ffediyor, farkl\u0131 dijital mecralarda sesimizi hep beraber g\u00fc\u00e7lendirmek i\u00e7in alternatif alanlar a\u00e7\u0131yoruz.\u00a0<\/p>\n\t<div id=\"gap-1779675306\" class=\"gap-element clearfix\" style=\"display:block; height:auto;\">\n\t\t\n<style>\n#gap-1779675306 {\n  padding-top: 30px;\n}\n<\/style>\n\t<\/div>\n\t\n<div class=\"row align-equal\"  id=\"row-1767127274\">\n\n\t<div id=\"col-637932167\" class=\"col small-12 large-12\"  >\n\t\t\t\t<div class=\"col-inner box-shadow-3\"  >\n\t\t\t\n\t\t\t\n<div class=\"row\"  id=\"row-1836841838\">\n\n\t<div id=\"col-141167572\" class=\"col medium-5 small-12 large-5\"  >\n\t\t\t\t<div class=\"col-inner\"  >\n\t\t\t\n\t\t\t\n\t<div class=\"img has-hover x md-x lg-x y md-y lg-y\" id=\"image_137536892\">\n\t\t\t\t\t\t\t\t<div class=\"img-inner dark\" >\n\t\t\t<img fetchpriority=\"high\" decoding=\"async\" width=\"1020\" height=\"256\" src=\"https:\/\/www.sivildusun.net\/yedek18062024\/wp-content\/uploads\/2023\/12\/google_form_header-690-\u00d7-173-px-1500-\u00d7-376-px-6-1-1024x257.png\" class=\"attachment-large size-large\" alt=\"\" srcset=\"https:\/\/www.sivildusun.net\/yedek18062024\/wp-content\/uploads\/2023\/12\/google_form_header-690-\u00d7-173-px-1500-\u00d7-376-px-6-1-1024x257.png 1024w, https:\/\/www.sivildusun.net\/yedek18062024\/wp-content\/uploads\/2023\/12\/google_form_header-690-\u00d7-173-px-1500-\u00d7-376-px-6-1-400x100.png 400w, https:\/\/www.sivildusun.net\/yedek18062024\/wp-content\/uploads\/2023\/12\/google_form_header-690-\u00d7-173-px-1500-\u00d7-376-px-6-1-768x193.png 768w, https:\/\/www.sivildusun.net\/yedek18062024\/wp-content\/uploads\/2023\/12\/google_form_header-690-\u00d7-173-px-1500-\u00d7-376-px-6-1.png 1500w\" sizes=\"(max-width: 1020px) 100vw, 1020px\" \/>\t\t\t\t\t\t\n\t\t\t\t\t<\/div>\n\t\t\t\t\t\t\t\t\n<style>\n#image_137536892 {\n  width: 100%;\n}\n<\/style>\n\t<\/div>\n\t\n\t\t<\/div>\n\t\t\t\t\t<\/div>\n\n\t\n\n\t<div id=\"col-523453881\" class=\"col medium-7 small-12 large-7\"  >\n\t\t\t\t<div class=\"col-inner\"  >\n\t\t\t\n\t\t\t\n<h4><strong>#10aral\u0131kinsanhaklar\u0131g\u00fcn\u00fc | Aral\u0131k 2023<\/strong><\/h4>\n<p>Deprem toparlanma s\u00fcrecinde sivil toplumun ortaya koydu\u011fu \u00e7abalar hepimize umut vermi\u015fti. Ayn\u0131 umutla ge\u00e7en sene kal\u0131c\u0131 iyile\u015fmeye katk\u0131 sunmak istemi\u015f ve gayret \u00f6zel deste\u011fini duyurmu\u015ftuk. 10 Aral\u0131k \u0130nsan Haklar\u0131 G\u00fcn\u00fcnde sorumluluk varsa umut da var dedik; gayret\u2019in de deste\u011fiyle toparlanma s\u00fcrecinde haklar yarar\u0131na \u00e7al\u0131\u015fma y\u00fcr\u00fctenlerin hikayelerini anlatt\u0131k. <a href=\"https:\/\/www.sivildusun.net\/yedek18062024\/sorumluluk-varsa-umut-var-haklari-yasatan-gayretler\/\">Ke\u015ffedin.<\/a><\/p>\n<p>\u00a0<\/p>\n\t\t<\/div>\n\t\t\t\t\t<\/div>\n\n\t\n<\/div>\n\t\t<\/div>\n\t\t\t\t\t<\/div>\n\n\t\n\n\t<div id=\"col-1115571556\" class=\"col small-12 large-12\"  >\n\t\t\t\t<div class=\"col-inner box-shadow-3\"  >\n\t\t\t\n\t\t\t\n<div class=\"row\"  id=\"row-1498125477\">\n\n\t<div id=\"col-235418027\" class=\"col medium-5 small-12 large-5\"  >\n\t\t\t\t<div class=\"col-inner\"  >\n\t\t\t\n\t\t\t\n\t<div class=\"img has-hover x md-x lg-x y md-y lg-y\" id=\"image_1679067580\">\n\t\t\t\t\t\t\t\t<div class=\"img-inner dark\" >\n\t\t\t<img decoding=\"async\" width=\"1020\" height=\"574\" src=\"https:\/\/www.sivildusun.net\/yedek18062024\/wp-content\/uploads\/2023\/04\/dunyalar_video_post_tw-1024x576.png\" class=\"attachment-large size-large\" alt=\"\" srcset=\"https:\/\/www.sivildusun.net\/yedek18062024\/wp-content\/uploads\/2023\/04\/dunyalar_video_post_tw-1024x576.png 1024w, https:\/\/www.sivildusun.net\/yedek18062024\/wp-content\/uploads\/2023\/04\/dunyalar_video_post_tw-400x225.png 400w, https:\/\/www.sivildusun.net\/yedek18062024\/wp-content\/uploads\/2023\/04\/dunyalar_video_post_tw-768x432.png 768w, https:\/\/www.sivildusun.net\/yedek18062024\/wp-content\/uploads\/2023\/04\/dunyalar_video_post_tw-1536x864.png 1536w, https:\/\/www.sivildusun.net\/yedek18062024\/wp-content\/uploads\/2023\/04\/dunyalar_video_post_tw.png 1600w\" sizes=\"(max-width: 1020px) 100vw, 1020px\" \/>\t\t\t\t\t\t\n\t\t\t\t\t<\/div>\n\t\t\t\t\t\t\t\t\n<style>\n#image_1679067580 {\n  width: 100%;\n}\n<\/style>\n\t<\/div>\n\t\n\t\t<\/div>\n\t\t\t\t\t<\/div>\n\n\t\n\n\t<div id=\"col-524269098\" class=\"col medium-7 small-12 large-7\"  >\n\t\t\t\t<div class=\"col-inner\"  >\n\t\t\t\n\t\t\t\n<h4><strong>#ilhaml\u0131d\u00fcnyalar | Temmuz 2022- Kas\u0131m 2023<\/strong>\u00a0\u00a0<\/h4>\n<p>Topluluk olu\u015fturmak ve topluluklar\u0131n \u00fcretti\u011fi g\u00fc\u00e7 ile hareket geli\u015ftirmek, d\u00fcnyan\u0131n ortak sorunlar\u0131na cevap olacak de\u011fi\u015fimi ger\u00e7ekle\u015ftirebilmek yolunda bize nas\u0131l g\u00fc\u00e7 katar?<\/p>\n<p>Bu sorunun cevaplar\u0131n\u0131 bir arada ke\u015ffe \u00e7\u0131kmak i\u00e7in topluluk temelli \u00e7abalar\u0131 g\u00fc\u00e7lendirmek ve te\u015fvik etmek \u00fczere, bir giri\u015fim ba\u015flatt\u0131k. Temmuz 2022\u2019de ba\u015flayan d\u00fcnyalar. giri\u015fimi ile t\u00fcm sivil toplumu, d\u00fcnyay\u0131 de\u011fi\u015ftirecek ad\u0131mlar\u0131 \u00f6nce kendi d\u00fcnyalar\u0131nda atmaya davet ettik. Bilgilendirici ve e\u011flenceli i\u00e7erikler, tart\u0131\u015fmalar , iyi \u00f6rnekler ve yeni ke\u015fiflerle d\u00fcnyalar yolculu\u011funda birlikte yol al\u0131yoruz. d\u00fcnyalar.\u2019\u0131n sesini y\u00fckseltmek topluluklar\u0131 g\u00fcndem yapmak, hem kendinize hem toplulu\u011funuza g\u00fc\u00e7 vermek i\u00e7in ilhaml\u0131 d\u00fcnyalar kampanyas\u0131n\u0131 y\u00fcr\u00fctmeye devam ediyoruz. <a href=\"https:\/\/dunyalar.sivildusun.net\/\">Ke\u015ffedin.<\/a><\/p>\n<p>\u00a0<\/p>\n\t\t<\/div>\n\t\t\t\t\t<\/div>\n\n\t\n<\/div>\n\t\t<\/div>\n\t\t\t\t\t<\/div>\n\n\t\n\n\t<div id=\"col-2096586815\" class=\"col small-12 large-12\"  >\n\t\t\t\t<div class=\"col-inner box-shadow-3\"  >\n\t\t\t\n\t\t\t\n<div class=\"row\"  id=\"row-64790364\">\n\n\t<div id=\"col-2106194386\" class=\"col medium-5 small-12 large-5\"  >\n\t\t\t\t<div class=\"col-inner\"  >\n\t\t\t\n\t\t\t\n\t<div class=\"img has-hover x md-x lg-x y md-y lg-y\" id=\"image_1966249984\">\n\t\t\t\t\t\t\t\t<div class=\"img-inner dark\" >\n\t\t\t<img decoding=\"async\" width=\"1020\" height=\"493\" src=\"https:\/\/www.sivildusun.net\/yedek18062024\/wp-content\/uploads\/2023\/04\/Screenshot-2023-04-13-at-02.53.11-1024x495.png\" class=\"attachment-large size-large\" alt=\"\" srcset=\"https:\/\/www.sivildusun.net\/yedek18062024\/wp-content\/uploads\/2023\/04\/Screenshot-2023-04-13-at-02.53.11-1024x495.png 1024w, https:\/\/www.sivildusun.net\/yedek18062024\/wp-content\/uploads\/2023\/04\/Screenshot-2023-04-13-at-02.53.11-400x193.png 400w, https:\/\/www.sivildusun.net\/yedek18062024\/wp-content\/uploads\/2023\/04\/Screenshot-2023-04-13-at-02.53.11-768x371.png 768w, https:\/\/www.sivildusun.net\/yedek18062024\/wp-content\/uploads\/2023\/04\/Screenshot-2023-04-13-at-02.53.11.png 1406w\" sizes=\"(max-width: 1020px) 100vw, 1020px\" \/>\t\t\t\t\t\t\n\t\t\t\t\t<\/div>\n\t\t\t\t\t\t\t\t\n<style>\n#image_1966249984 {\n  width: 100%;\n}\n<\/style>\n\t<\/div>\n\t\n\t\t<\/div>\n\t\t\t\t\t<\/div>\n\n\t\n\n\t<div id=\"col-369384298\" class=\"col medium-7 small-12 large-7\"  >\n\t\t\t\t<div class=\"col-inner\"  >\n\t\t\t\n\t\t\t\n<h4><strong>#Birlikte10Y\u0131l | Kas\u0131m 2022-Mart 2023<\/strong><\/h4>\n<p>Sivil D\u00fc\u015f\u00fcn Ekim 2021&#8217;de 10 ya\u015f\u0131na bast\u0131. Kutlamaya ortak olmak isteyen herkesi dijital duvar\u0131m\u0131za; d\u00fc\u015f\u00fcncelerini, duygular\u0131n\u0131 deneyim ve an\u0131lar\u0131n\u0131 payla\u015fmaya davet ettik. Sivil D\u00fc\u015f\u00fcn\u2019le yolu kesi\u015fen y\u00fczlerce ki\u015fi 10. Y\u0131l duvar\u0131m\u0131z\u0131 harika mesajlarla donatt\u0131.<\/p>\n<p>Sivil D\u00fcs\u00fcn&#8217;\u00fcn haklar\u0131 koruyup ya\u015fatmak yolunda \u00e7al\u0131\u015fan aktivist ve \u00f6rg\u00fctlerin seslerini duyurmalar\u0131na, g\u00fc\u00e7lenmelerine, beceri geli\u015ftirmelerine ve politika yap\u0131m\u0131n\u0131 etkilemelerine nas\u0131l yard\u0131mc\u0131 oldu\u011funa dair retrospektif sundu\u011fumuz bir y\u0131ld\u00f6n\u00fcm\u00fc videosu haz\u0131rlad\u0131k. Videoda Avrupa Birli\u011fi T\u00fcrkiye Delegasyonu Ba\u015fkan\u0131 B\u00fcy\u00fckel\u00e7i Nikolaus Meyer-Landrut da bizlerle kendi kutlama mesaj\u0131n\u0131 payla\u015ft\u0131.<\/p>\n<p><a href=\"https:\/\/www.youtube.com\/watch?v=RQoNWPfxZBQ\">Videoyu izleyin.<\/a><\/p>\n<p><a href=\"https:\/\/birlikte10yil.sivildusun.net\/\">Duvara mesaj b\u0131rak\u0131n.<\/a><\/p>\n<p>\u00a0<\/p>\n<p>\u00a0<\/p>\n\t\t<\/div>\n\t\t\t\t\t<\/div>\n\n\t\n<\/div>\n\t\t<\/div>\n\t\t\t\t\t<\/div>\n\n\t\n\n\t<div id=\"col-265159291\" class=\"col small-12 large-12\"  >\n\t\t\t\t<div class=\"col-inner box-shadow-3\"  >\n\t\t\t\n\t\t\t\n<div class=\"row\"  id=\"row-1188336405\">\n\n\t<div id=\"col-1526324583\" class=\"col medium-5 small-12 large-5\"  >\n\t\t\t\t<div class=\"col-inner\"  >\n\t\t\t\n\t\t\t\n\t<div class=\"img has-hover x md-x lg-x y md-y lg-y\" id=\"image_1265709363\">\n\t\t\t\t\t\t\t\t<div class=\"img-inner dark\" >\n\t\t\t<img loading=\"lazy\" decoding=\"async\" width=\"1020\" height=\"574\" src=\"https:\/\/www.sivildusun.net\/yedek18062024\/wp-content\/uploads\/2023\/04\/wiki_dunyalar_landing_Page_icin-1024x576.png\" class=\"attachment-large size-large\" alt=\"\" srcset=\"https:\/\/www.sivildusun.net\/yedek18062024\/wp-content\/uploads\/2023\/04\/wiki_dunyalar_landing_Page_icin-1024x576.png 1024w, https:\/\/www.sivildusun.net\/yedek18062024\/wp-content\/uploads\/2023\/04\/wiki_dunyalar_landing_Page_icin-400x225.png 400w, https:\/\/www.sivildusun.net\/yedek18062024\/wp-content\/uploads\/2023\/04\/wiki_dunyalar_landing_Page_icin-768x432.png 768w, https:\/\/www.sivildusun.net\/yedek18062024\/wp-content\/uploads\/2023\/04\/wiki_dunyalar_landing_Page_icin-1536x864.png 1536w, https:\/\/www.sivildusun.net\/yedek18062024\/wp-content\/uploads\/2023\/04\/wiki_dunyalar_landing_Page_icin.png 1920w\" sizes=\"(max-width: 1020px) 100vw, 1020px\" \/>\t\t\t\t\t\t\n\t\t\t\t\t<\/div>\n\t\t\t\t\t\t\t\t\n<style>\n#image_1265709363 {\n  width: 100%;\n}\n<\/style>\n\t<\/div>\n\t\n\t\t<\/div>\n\t\t\t\t\t<\/div>\n\n\t\n\n\t<div id=\"col-393311048\" class=\"col medium-7 small-12 large-7\"  >\n\t\t\t\t<div class=\"col-inner\"  >\n\t\t\t\n\t\t\t\n<h4><strong>#Ad\u0131ylaYa\u015fas\u0131n | Kas\u0131m 2022<\/strong><\/h4>\n<p><span class=\"TextRun SCXW232444381 BCX0\" lang=\"TR\" xml:lang=\"TR\" data-contrast=\"auto\"><span class=\"NormalTextRun SCXW232444381 BCX0\">Ya\u015fam\u0131n i\u00e7inde var etmek iste\u011fimiz ger\u00e7eklikleri, \u00f6nce d\u00fc\u015f\u00fcncede ve dilde var ederiz.<\/span> <span class=\"NormalTextRun SCXW232444381 BCX0\">Biz de <\/span><\/span><span class=\"TextRun SCXW232444381 BCX0\" lang=\"EN-GB\" xml:lang=\"EN-GB\" data-contrast=\"auto\"> <span class=\"NormalTextRun SpellingErrorV2Themed SCXW232444381 BCX0\">to<\/span><\/span><span class=\"TextRun SCXW232444381 BCX0\" lang=\"EN-GB\" xml:lang=\"EN-GB\" data-contrast=\"none\"><span class=\"NormalTextRun SpellingErrorV2Themed SCXW232444381 BCX0\">pluluklardan<\/span> <span class=\"NormalTextRun SpellingErrorV2Themed SCXW232444381 BCX0\">g\u00fc\u00e7<\/span> <span class=\"NormalTextRun SpellingErrorV2Themed SCXW232444381 BCX0\">almak<\/span> <span class=\"NormalTextRun SpellingErrorV2Themed SCXW232444381 BCX0\">ve<\/span> <span class=\"NormalTextRun SpellingErrorV2Themed SCXW232444381 BCX0\">topluluklara<\/span> <span class=\"NormalTextRun SpellingErrorV2Themed SCXW232444381 BCX0\">g\u00fc\u00e7<\/span> <span class=\"NormalTextRun SpellingErrorV2Themed SCXW232444381 BCX0\">vermek<\/span> <span class=\"NormalTextRun SpellingErrorV2Themed SCXW232444381 BCX0\">i\u00e7in<\/span> <span class=\"NormalTextRun SpellingErrorV2Themed SCXW232444381 BCX0\">onlar\u0131<\/span> <span class=\"NormalTextRun SpellingErrorV2Themed SCXW232444381 BCX0\">\u00f6ncelikle<\/span> <span class=\"NormalTextRun SpellingErrorV2Themed SCXW232444381 BCX0\">dilde<\/span> <span class=\"NormalTextRun SpellingErrorV2Themed SCXW232444381 BCX0\">ya\u015fatmak<\/span> <span class=\"NormalTextRun SpellingErrorV2Themed SCXW232444381 BCX0\">yolunda<\/span> <span class=\"NormalTextRun SpellingErrorV2Themed SCXW232444381 BCX0\">bir<\/span> <span class=\"NormalTextRun SpellingErrorV2Themed SCXW232444381 BCX0\">ad\u0131m<\/span> <span class=\"NormalTextRun SpellingErrorV2Themed SCXW232444381 BCX0\">atmak<\/span><span class=\"NormalTextRun SCXW232444381 BCX0\">, <\/span><span class=\"NormalTextRun SpellingErrorV2Themed SCXW232444381 BCX0\">hareket<\/span> <span class=\"NormalTextRun SpellingErrorV2Themed SCXW232444381 BCX0\">ba\u015flatmak<\/span> <span class=\"NormalTextRun SpellingErrorV2Themed SCXW232444381 BCX0\">istedik<\/span><span class=\"NormalTextRun SCXW232444381 BCX0\">. Bu <\/span><span class=\"NormalTextRun SpellingErrorV2Themed SCXW232444381 BCX0\">hareketin<\/span> <span class=\"NormalTextRun SpellingErrorV2Themed SCXW232444381 BCX0\">bir<\/span> <span class=\"NormalTextRun SpellingErrorV2Themed SCXW232444381 BCX0\">VikiMaraton<\/span><span class=\"NormalTextRun SCXW232444381 BCX0\">, <\/span><span class=\"NormalTextRun SpellingErrorV2Themed SCXW232444381 BCX0\">ev sahibinin<\/span> <span class=\"NormalTextRun SpellingErrorV2Themed SCXW232444381 BCX0\">ise<\/span> <span class=\"NormalTextRun SpellingErrorV2Themed SCXW232444381 BCX0\">VikiPedi<\/span> <span class=\"NormalTextRun SpellingErrorV2Themed SCXW232444381 BCX0\">olmas\u0131na<\/span> <span class=\"NormalTextRun SpellingErrorV2Themed SCXW232444381 BCX0\">karar<\/span> <span class=\"NormalTextRun SpellingErrorV2Themed SCXW232444381 BCX0\">verdik<\/span><span class=\"NormalTextRun SCXW232444381 BCX0\">.<\/span> <span class=\"NormalTextRun SpellingErrorV2Themed SCXW232444381 BCX0\">B\u00f6ylece<\/span> <span class=\"NormalTextRun SpellingErrorV2Themed SCXW232444381 BCX0\">T\u00fcrk\u00e7eye<\/span> <span class=\"NormalTextRun SpellingErrorV2Themed SCXW232444381 BCX0\">topluluklara<\/span> <span class=\"NormalTextRun SpellingErrorV2Themed SCXW232444381 BCX0\">dair<\/span> <span class=\"NormalTextRun SpellingErrorV2Themed SCXW232444381 BCX0\">kavram<\/span> <span class=\"NormalTextRun SpellingErrorV2Themed SCXW232444381 BCX0\">ve<\/span> <span class=\"NormalTextRun SpellingErrorV2Themed SCXW232444381 BCX0\">anlat\u0131lar\u0131<\/span> <span class=\"NormalTextRun SpellingErrorV2Themed SCXW232444381 BCX0\">kazand\u0131rmay\u0131<\/span> <span class=\"NormalTextRun SpellingErrorV2Themed SCXW232444381 BCX0\">hedefliyorduk<\/span><span class=\"NormalTextRun SCXW232444381 BCX0\">. <\/span><span class=\"NormalTextRun SpellingErrorV2Themed SCXW232444381 BCX0\">O<\/span><\/span><span class=\"TextRun SCXW232444381 BCX0\" lang=\"EN-GB\" xml:lang=\"EN-GB\" data-contrast=\"none\"><span class=\"NormalTextRun SpellingErrorV2Themed SCXW232444381 BCX0\">rtak<\/span> <span class=\"NormalTextRun SpellingErrorV2Themed SCXW232444381 BCX0\">fayda<\/span> <span class=\"NormalTextRun SpellingErrorV2Themed SCXW232444381 BCX0\">i\u00e7in<\/span> <span class=\"NormalTextRun SpellingErrorV2Themed SCXW232444381 BCX0\">\u00e7aba<\/span> <span class=\"NormalTextRun SpellingErrorV2Themed SCXW232444381 BCX0\">g\u00f6stermeyi<\/span> <span class=\"NormalTextRun SpellingErrorV2Themed SCXW232444381 BCX0\">de\u011ferli<\/span> <span class=\"NormalTextRun SpellingErrorV2Themed SCXW232444381 BCX0\">bulan<\/span><span class=\"NormalTextRun SCXW232444381 BCX0\">;<\/span> <span class=\"NormalTextRun SpellingErrorV2Themed SCXW232444381 BCX0\">ara\u015ft\u0131rma<\/span><span class=\"NormalTextRun SCXW232444381 BCX0\">, <\/span><span class=\"NormalTextRun SpellingErrorV2Themed SCXW232444381 BCX0\">bilgi<\/span> <span class=\"NormalTextRun SpellingErrorV2Themed SCXW232444381 BCX0\">edinme<\/span><span class=\"NormalTextRun SCXW232444381 BCX0\">, <\/span><span class=\"NormalTextRun SpellingErrorV2Themed SCXW232444381 BCX0\">ver<\/span><span class=\"NormalTextRun SpellingErrorV2Themed SCXW232444381 BCX0\">i<\/span> <span class=\"NormalTextRun SpellingErrorV2Themed SCXW232444381 BCX0\">i\u015fleme<\/span> <span class=\"NormalTextRun SpellingErrorV2Themed SCXW232444381 BCX0\">faaliyetlerine<\/span> <span class=\"NormalTextRun SpellingErrorV2Themed SCXW232444381 BCX0\">merakl\u0131<\/span><span class=\"NormalTextRun SCXW232444381 BCX0\">;<\/span> <span class=\"NormalTextRun SpellingErrorV2Themed SCXW232444381 BCX0\">zihnini<\/span> <span class=\"NormalTextRun SpellingErrorV2Themed SCXW232444381 BCX0\">geli\u015ftirmek<\/span><span class=\"NormalTextRun SCXW232444381 BCX0\">, <\/span><\/span><span class=\"TextRun Highlight SCXW232444381 BCX0\" lang=\"EN-GB\" xml:lang=\"EN-GB\" data-contrast=\"none\"><span class=\"NormalTextRun SpellingErrorV2Themed SCXW232444381 BCX0\">farkl\u0131<\/span> <span class=\"NormalTextRun SpellingErrorV2Themed SCXW232444381 BCX0\">grup<\/span> <span class=\"NormalTextRun SpellingErrorV2Themed SCXW232444381 BCX0\">\u00e7al\u0131\u015fmalar\u0131n\u0131<\/span> <span class=\"NormalTextRun SpellingErrorV2Themed SCXW232444381 BCX0\">deneyimlemek<\/span> <span class=\"NormalTextRun SpellingErrorV2Themed SCXW232444381 BCX0\">ve<\/span> <span class=\"NormalTextRun SpellingErrorV2Themed SCXW232444381 BCX0\">topluluk<\/span> <span class=\"NormalTextRun SpellingErrorV2Themed SCXW232444381 BCX0\">olmaya<\/span> <span class=\"NormalTextRun SpellingErrorV2Themed SCXW232444381 BCX0\">dair<\/span> <span class=\"NormalTextRun SpellingErrorV2Themed SCXW232444381 BCX0\">bak\u0131\u015f<\/span> <span class=\"NormalTextRun SpellingErrorV2Themed SCXW232444381 BCX0\">a\u00e7\u0131s\u0131n\u0131<\/span> <span class=\"NormalTextRun SpellingErrorV2Themed SCXW232444381 BCX0\">geli\u015ftirmek<\/span> <span class=\"NormalTextRun SpellingErrorV2Themed SCXW232444381 BCX0\">isteyen<\/span> <span class=\"NormalTextRun SpellingErrorV2Themed SCXW232444381 BCX0\">dijital<\/span> <span class=\"NormalTextRun SpellingErrorV2Themed SCXW232444381 BCX0\">g\u00f6n\u00fcll\u00fcleri<\/span> <\/span><span class=\"TextRun SCXW232444381 BCX0\" lang=\"EN-GB\" xml:lang=\"EN-GB\" data-contrast=\"none\"><strong><span class=\"NormalTextRun SpellingErrorV2Themed SCXW232444381 BCX0\">Dilde<\/span><span class=\"NormalTextRun SCXW232444381 BCX0\"> Varsa <\/span><span class=\"NormalTextRun SpellingErrorV2Themed SCXW232444381 BCX0\">Hayatta<\/span><\/strong><span class=\"NormalTextRun SCXW232444381 BCX0\"><strong> da Var<\/strong> <\/span><span class=\"NormalTextRun SpellingErrorV2Themed SCXW232444381 BCX0\">slogan\u0131yla<\/span> <span class=\"NormalTextRun SpellingErrorV2Themed SCXW232444381 BCX0\">d\u00fcnyalar<\/span><span class=\"NormalTextRun SCXW232444381 BCX0\">. <\/span><span class=\"NormalTextRun SpellingErrorV2Themed SCXW232444381 BCX0\">VikiMaratonunda<\/span> <span class=\"NormalTextRun SpellingErrorV2Themed SCXW232444381 BCX0\">yer<\/span> <span class=\"NormalTextRun SpellingErrorV2Themed SCXW232444381 BCX0\">al<\/span><span class=\"NormalTextRun SpellingErrorV2Themed SCXW232444381 BCX0\">maya<\/span> <span class=\"NormalTextRun SpellingErrorV2Themed SCXW232444381 BCX0\">\u00e7a\u011f\u0131rd\u0131k<\/span><span class=\"NormalTextRun SCXW232444381 BCX0\">.<\/span><\/span><\/p>\n<p>49 farkl\u0131 \u015fehirden ba\u015fvuran 244 ki\u015fi aras\u0131ndan i\u00e7lerinde \u00f6\u011frenciler, akademisyenler, gazeteciler ve topluluk liderlerinin oldu\u011fu 72 g\u00f6n\u00fcll\u00fc, bir ay boyunca hem online bulu\u015fmalarda bir araya geldi hem de bireysel olarak \u00e7al\u0131\u015ft\u0131. Maratonun sonunda kat\u0131l\u0131mc\u0131lar, t\u00fcm d\u00fcnyadan g\u00f6n\u00fcll\u00fclerin katk\u0131lar\u0131yla insanl\u0131\u011f\u0131n ortak faydas\u0131 i\u00e7in var edilen dijital ansiklopedi Vikipedi\u2019de; topluluk ve topluluk olu\u015fturma tan\u0131m\/kavramlar\u0131na y\u00f6nelik T\u00fcrk\u00e7e i\u00e7erikler geli\u015ftirdi.<\/p>\n<p>VikiMaraton kapsam\u0131nda geli\u015ftirilen i\u00e7erikleri ke\u015ffetmek ve katk\u0131 sunmaya devam etmek i\u00e7in t\u0131klay\u0131n.<\/p>\n\t\t<\/div>\n\t\t\t\t\t<\/div>\n\n\t\n<\/div>\n\t\t<\/div>\n\t\t\t\t\t<\/div>\n\n\t\n\n\t<div id=\"col-471968887\" class=\"col small-12 large-12\"  >\n\t\t\t\t<div class=\"col-inner box-shadow-3\"  >\n\t\t\t\n\t\t\t\n<div class=\"row\"  id=\"row-1214143085\">\n\n\t<div id=\"col-1649301594\" class=\"col medium-5 small-12 large-5\"  >\n\t\t\t\t<div class=\"col-inner\"  >\n\t\t\t\n\t\t\t\n\t<div class=\"img has-hover x md-x lg-x y md-y lg-y\" id=\"image_82813330\">\n\t\t\t\t\t\t\t\t<div class=\"img-inner dark\" >\n\t\t\t<img loading=\"lazy\" decoding=\"async\" width=\"1020\" height=\"574\" src=\"https:\/\/www.sivildusun.net\/yedek18062024\/wp-content\/uploads\/2023\/04\/bir_ucundan_tut_twitter-1-1024x576.png\" class=\"attachment-large size-large\" alt=\"\" srcset=\"https:\/\/www.sivildusun.net\/yedek18062024\/wp-content\/uploads\/2023\/04\/bir_ucundan_tut_twitter-1-1024x576.png 1024w, https:\/\/www.sivildusun.net\/yedek18062024\/wp-content\/uploads\/2023\/04\/bir_ucundan_tut_twitter-1-400x225.png 400w, https:\/\/www.sivildusun.net\/yedek18062024\/wp-content\/uploads\/2023\/04\/bir_ucundan_tut_twitter-1-768x432.png 768w, https:\/\/www.sivildusun.net\/yedek18062024\/wp-content\/uploads\/2023\/04\/bir_ucundan_tut_twitter-1-1536x864.png 1536w, https:\/\/www.sivildusun.net\/yedek18062024\/wp-content\/uploads\/2023\/04\/bir_ucundan_tut_twitter-1.png 1600w\" sizes=\"(max-width: 1020px) 100vw, 1020px\" \/>\t\t\t\t\t\t\n\t\t\t\t\t<\/div>\n\t\t\t\t\t\t\t\t\n<style>\n#image_82813330 {\n  width: 100%;\n}\n<\/style>\n\t<\/div>\n\t\n\t\t<\/div>\n\t\t\t\t\t<\/div>\n\n\t\n\n\t<div id=\"col-233323898\" class=\"col medium-7 small-12 large-7\"  >\n\t\t\t\t<div class=\"col-inner\"  >\n\t\t\t\n\t\t\t\n<h4>#BirUcundanTut | <strong>Temmuz 2021- Temmuz 2022<\/strong><\/h4>\n<p>Yeni \u00e7a\u011fa uyum sa\u011flayabilmek, felaketlerle ba\u015f edebilme kapasitesi kadar t\u00fcm canl\u0131l\u0131kla bir arada ya\u015famay\u0131 \u00f6\u011frenme ve hayata ge\u00e7irebilme g\u00fcc\u00fcn\u00fc de gerektiriyor. 2021 Temmuzunun sonunda ba\u015flayan ve hem T\u00fcrkiye\u2019nin hem de d\u00fcnyan\u0131n farkl\u0131 b\u00f6lgelerinde etkili olan do\u011fal afetleri kayg\u0131yla izledi\u011fimiz g\u00fcnlerde, Sivil D\u00fc\u015f\u00fcn olarak seyirci olman\u0131n \u00f6tesine nas\u0131l ge\u00e7ebilece\u011fimizi sorgulad\u0131k.<\/p>\n<p>\u0130nsan haklar\u0131n\u0131n yan\u0131 s\u0131ra \u00e7evre ve hayvan haklar\u0131n\u0131 koruyup ya\u015fatan \u00e7al\u0131\u015fmalar\u0131 destekledi\u011fimizi yineleyerek elini ta\u015f\u0131n alt\u0131na koymak isteyenlere \u00e7a\u011fr\u0131 yapt\u0131k. \u0130klim krizi kaynakl\u0131 ortaya \u00e7\u0131kan kay\u0131plar\u0131 yerine koymak ve ayakta kalacak sistemler olu\u015fturmak isteyenlerin Sivil D\u00fc\u015f\u00fcn destekleriyle neler yapabileceklerini anlatt\u0131k. \u00c7evre ve hayvan haklar\u0131n\u0131 koruyup geli\u015ftirmek yolunda Sivil D\u00fc\u015f\u00fcn destekleriyle hayata ge\u00e7irilmi\u015f \u00e7al\u0131\u015fmalar\u0131 g\u00f6r\u00fcn\u00fcr k\u0131larak ilham\u0131 b\u00fcy\u00fctt\u00fck.<\/p>\n<p><a href=\"https:\/\/www.sivildusun.net\/yedek18062024\/degisim-icin-bir-ucundan-tut-sivil-dusun-destekleriyle-haklari-yasat\/\">Ke\u015ffedin.<\/a><\/p>\n\t\t<\/div>\n\t\t\t\t\t<\/div>\n\n\t\n<\/div>\n\t\t<\/div>\n\t\t\t\t\t<\/div>\n\n\t\n\n\t<div id=\"col-174979910\" class=\"col small-12 large-12\"  >\n\t\t\t\t<div class=\"col-inner box-shadow-3\"  >\n\t\t\t\n\t\t\t\n<div class=\"row\"  id=\"row-2018612967\">\n\n\t<div id=\"col-45981985\" class=\"col medium-5 small-12 large-5\"  >\n\t\t\t\t<div class=\"col-inner\"  >\n\t\t\t\n\t\t\t\n\t<div class=\"img has-hover x md-x lg-x y md-y lg-y\" id=\"image_1858547066\">\n\t\t\t\t\t\t\t\t<div class=\"img-inner dark\" >\n\t\t\t<img loading=\"lazy\" decoding=\"async\" width=\"1020\" height=\"574\" src=\"https:\/\/www.sivildusun.net\/yedek18062024\/wp-content\/uploads\/2022\/03\/web-1024x576.png\" class=\"attachment-large size-large\" alt=\"\" srcset=\"https:\/\/www.sivildusun.net\/yedek18062024\/wp-content\/uploads\/2022\/03\/web-1024x576.png 1024w, https:\/\/www.sivildusun.net\/yedek18062024\/wp-content\/uploads\/2022\/03\/web-400x225.png 400w, https:\/\/www.sivildusun.net\/yedek18062024\/wp-content\/uploads\/2022\/03\/web-768x432.png 768w, https:\/\/www.sivildusun.net\/yedek18062024\/wp-content\/uploads\/2022\/03\/web-1536x864.png 1536w, https:\/\/www.sivildusun.net\/yedek18062024\/wp-content\/uploads\/2022\/03\/web.png 1600w\" sizes=\"(max-width: 1020px) 100vw, 1020px\" \/>\t\t\t\t\t\t\n\t\t\t\t\t<\/div>\n\t\t\t\t\t\t\t\t\n<style>\n#image_1858547066 {\n  width: 100%;\n}\n<\/style>\n\t<\/div>\n\t\n\t\t<\/div>\n\t\t\t\t\t<\/div>\n\n\t\n\n\t<div id=\"col-854623238\" class=\"col medium-7 small-12 large-7\"  >\n\t\t\t\t<div class=\"col-inner\"  >\n\t\t\t\n\t\t\t\n<h4>#PencereniA\u00e7 | Mart 2022<\/h4>\n<p>Sivil D\u00fc\u015f\u00fcn desteklerinden yararlananlar\u0131n hat\u0131r\u0131 say\u0131l\u0131r bir k\u0131sm\u0131, kad\u0131nlardan olu\u015fuyor. Dahas\u0131, desteklere tek ba\u015flar\u0131na, ekipleriyle ya da bir sivil toplum \u00f6rg\u00fct\u00fcn\u00fc temsilen ba\u015fvuran kad\u0131nlar\u0131n say\u0131s\u0131 her ge\u00e7en g\u00fcn art\u0131yor.\u00a0<\/p>\n<p>8 Mart D\u00fcnya Kad\u0131nlar G\u00fcn\u00fcn\u00fc vesile ettik; d\u00fc\u015fleyerek, d\u00fc\u015f\u00fcnerek, ba\u015flatarak ve b\u00fcy\u00fcterek g\u00fc\u00e7lenen kad\u0131nlar\u0131 Sivil D\u00fc\u015f\u00fcn toplulu\u011fu ile tan\u0131\u015ft\u0131rd\u0131k. 8-15 Mart 2022 tarihleri aras\u0131ndaki 7 g\u00fcn boyunca, Sivil D\u00fc\u015f\u00fcn destekleriyle sekiz farkl\u0131 hak alan\u0131na g\u00fc\u00e7 katm\u0131\u015f 10 kad\u0131n\u0131n hikayesini anlatt\u0131k. Bu kad\u0131nlardan baz\u0131lar\u0131 sorguluyor, baz\u0131lar\u0131 ses \u00e7\u0131kar\u0131yor, baz\u0131lar\u0131 \u00fcretiyordu. Hepsinin ortak noktas\u0131 ise, de\u011fi\u015fim i\u00e7in pencere a\u00e7arak bize hem umut hem de perspektif katmas\u0131yd\u0131.\u00a0<\/p>\n<p>B\u00f6ylece t\u00fcm kad\u0131nlar\u0131, kutlamay\u0131 b\u00fcy\u00fctmeye, #PencereniA\u00e7 slogan\u0131yla kendi pencerelerini a\u00e7\u0131p hem dinlemeye hem anlatmaya \u00e7a\u011f\u0131rd\u0131k.\u00a0<\/p>\n<p class=\"p1\"><a href=\"https:\/\/www.sivildusun.net\/yedek18062024\/8-martta-pencereni-ac\/\">Kampanyay\u0131 ke\u015ffedin.<\/a><\/p>\n\t\t<\/div>\n\t\t\t\t\t<\/div>\n\n\t\n<\/div>\n\t\t<\/div>\n\t\t\t\t\t<\/div>\n\n\t\n\n\t<div id=\"col-1841534248\" class=\"col small-12 large-12\"  >\n\t\t\t\t<div class=\"col-inner box-shadow-3\"  >\n\t\t\t\n\t\t\t\n<div class=\"row\"  id=\"row-649165812\">\n\n\t<div id=\"col-606698988\" class=\"col medium-5 small-12 large-5\"  >\n\t\t\t\t<div class=\"col-inner\"  >\n\t\t\t\n\t\t\t\n\t<div class=\"img has-hover x md-x lg-x y md-y lg-y\" id=\"image_1212599349\">\n\t\t\t\t\t\t\t\t<div class=\"img-inner dark\" >\n\t\t\t<img loading=\"lazy\" decoding=\"async\" width=\"1020\" height=\"574\" src=\"https:\/\/www.sivildusun.net\/yedek18062024\/wp-content\/uploads\/2021\/12\/2_-new_website_post_size-2-1024x576.png\" class=\"attachment-large size-large\" alt=\"\" srcset=\"https:\/\/www.sivildusun.net\/yedek18062024\/wp-content\/uploads\/2021\/12\/2_-new_website_post_size-2-1024x576.png 1024w, https:\/\/www.sivildusun.net\/yedek18062024\/wp-content\/uploads\/2021\/12\/2_-new_website_post_size-2-400x225.png 400w, https:\/\/www.sivildusun.net\/yedek18062024\/wp-content\/uploads\/2021\/12\/2_-new_website_post_size-2-768x432.png 768w, https:\/\/www.sivildusun.net\/yedek18062024\/wp-content\/uploads\/2021\/12\/2_-new_website_post_size-2.png 1280w\" sizes=\"(max-width: 1020px) 100vw, 1020px\" \/>\t\t\t\t\t\t\n\t\t\t\t\t<\/div>\n\t\t\t\t\t\t\t\t\n<style>\n#image_1212599349 {\n  width: 100%;\n}\n<\/style>\n\t<\/div>\n\t\n\t\t<\/div>\n\t\t\t\t\t<\/div>\n\n\t\n\n\t<div id=\"col-1788808067\" class=\"col medium-7 small-12 large-7\"  >\n\t\t\t\t<div class=\"col-inner\"  >\n\t\t\t\n\t\t\t\n<h4>#Vazge\u00e7mem | Aral\u0131k 2021<\/h4>\n<p>Hayat\u0131n sorunlar\u0131 ne kadar devle\u015firse devle\u015fsin, hepimizin hak etti\u011fi onurlu ve e\u015fit ya\u015fama adanm\u0131\u015f haklardan b\u00fcy\u00fck de\u011filler. Haklar hepimizden g\u00fc\u00e7l\u00fc ve b\u00fcy\u00fckler. \u00c7\u00fcnk\u00fc her ne olursa olsun vazge\u00e7ilmeden, devredilmeden korunup ya\u015fat\u0131lmalar\u0131 gerekiyor.<\/p>\n<p>\u0130nsan Haklar\u0131 Beyannamesinin 73. kabul edili\u015f y\u0131ld\u00f6n\u00fcm\u00fc olan 10 Aral\u0131k haftas\u0131nda, Sivil D\u00fc\u015f\u00fcn olarak herkesi, haklar\u0131 e\u015fit\u00e7e ve karde\u015f\u00e7e ya\u015fama talebinden asla vazge\u00e7memeye \u00e7a\u011f\u0131rd\u0131k. Hayat zorsa, ondan b\u00fcy\u00fck haklar var, dedik; t\u00fcm olumsuz ko\u015fullar, imkans\u0131zl\u0131klar ve sorunlara ra\u011fmen y\u00fcz\u00fcm\u00fcz\u00fc haklar\u0131n bizim i\u00e7in vadetti\u011fi onurlu ve iyi ya\u015fama \u00e7evirmeyi teklif ettik. Beyannamenin i\u00e7inden se\u00e7ti\u011fimiz 10 hak alan\u0131n\u0131 koruyup geli\u015ftirmek i\u00e7in Sivil D\u00fc\u015f\u00fcn deste\u011fiyle hayata ge\u00e7mi\u015f 10 \u00e7al\u0131\u015fmaya yak\u0131ndan bakarak hikayelerini payla\u015ft\u0131k.<\/p>\n<p class=\"p1\"><a href=\"https:\/\/www.sivildusun.net\/yedek18062024\/hayat-zorsa-ondan-buyuk-haklar-var\/\">Kampanyay\u0131 ke\u015ffedin.<\/a><\/p>\n\t\t<\/div>\n\t\t\t\t\t<\/div>\n\n\t\n<\/div>\n\t\t<\/div>\n\t\t\t\t\t<\/div>\n\n\t\n\n\t<div id=\"col-478426331\" class=\"col small-12 large-12\"  >\n\t\t\t\t<div class=\"col-inner box-shadow-3\"  >\n\t\t\t\n\t\t\t\n<div class=\"row\"  id=\"row-813320295\">\n\n\t<div id=\"col-44629838\" class=\"col medium-5 small-12 large-5\"  >\n\t\t\t\t<div class=\"col-inner\"  >\n\t\t\t\n\t\t\t\n\t<div class=\"img has-hover x md-x lg-x y md-y lg-y\" id=\"image_1228722157\">\n\t\t\t\t\t\t\t\t<div class=\"img-inner dark\" >\n\t\t\t<img loading=\"lazy\" decoding=\"async\" width=\"1020\" height=\"574\" src=\"https:\/\/www.sivildusun.net\/yedek18062024\/wp-content\/uploads\/2021\/09\/new_website_post_size-12-1024x576.png\" class=\"attachment-large size-large\" alt=\"\" srcset=\"https:\/\/www.sivildusun.net\/yedek18062024\/wp-content\/uploads\/2021\/09\/new_website_post_size-12-1024x576.png 1024w, https:\/\/www.sivildusun.net\/yedek18062024\/wp-content\/uploads\/2021\/09\/new_website_post_size-12-400x225.png 400w, https:\/\/www.sivildusun.net\/yedek18062024\/wp-content\/uploads\/2021\/09\/new_website_post_size-12-768x432.png 768w, https:\/\/www.sivildusun.net\/yedek18062024\/wp-content\/uploads\/2021\/09\/new_website_post_size-12.png 1280w\" sizes=\"(max-width: 1020px) 100vw, 1020px\" \/>\t\t\t\t\t\t\n\t\t\t\t\t<\/div>\n\t\t\t\t\t\t\t\t\n<style>\n#image_1228722157 {\n  width: 100%;\n}\n<\/style>\n\t<\/div>\n\t\n\t\t<\/div>\n\t\t\t\t\t<\/div>\n\n\t\n\n\t<div id=\"col-3871933\" class=\"col medium-7 small-12 large-7\"  >\n\t\t\t\t<div class=\"col-inner\"  >\n\t\t\t\n\t\t\t\n<h4>#SivilD\u00fc\u015f\u00fcnen | Eyl\u00fcl 2021<\/h4>\n<p>Onlar, haklar\u0131 ya\u015fatmak i\u00e7in sivil d\u00fc\u015f\u00fcnenler. Kendi ba\u015flar\u0131na, ekipleriyle veya bir sivil toplum \u00f6rg\u00fct\u00fcn\u00fc temsilen Sivil D\u00fc\u015f\u00fcn desteklerine ba\u015fvuruyor ve hepimizin haklar\u0131n\u0131 ya\u015fatmak yolunda d\u00fcnyay\u0131 daha iyi bir yer yap\u0131yorlar. Bu podcast serisinde onlar\u0131n, desteklerin katk\u0131s\u0131yla \u00e7al\u0131\u015fmalar\u0131n\u0131 hayata ge\u00e7irirken yapt\u0131klar\u0131 yolculu\u011fa tan\u0131kl\u0131k ediyoruz. Sevilen radyocu Ege Kayacan&#8217;\u0131n sunumuyla ger\u00e7ekle\u015fen sohbette, heyecanlar\u0131n\u0131, biriktirdikleri tecr\u00fcbeleri ve \u00e7\u0131kard\u0131klar\u0131 dersleri dinliyoruz.<\/p>\n<p>\u00a0<\/p>\n<p class=\"p1\"><a href=\"https:\/\/www.sivildusun.net\/yedek18062024\/bilgi-al\/kutuphane\/podcastler\/\">Podcastleri dinlemek i\u00e7in t\u0131klay\u0131n.\u00a0<\/a><\/p>\n\t\t<\/div>\n\t\t\t\t\t<\/div>\n\n\t\n<\/div>\n\t\t<\/div>\n\t\t\t\t\t<\/div>\n\n\t\n\n\t<div id=\"col-892289751\" class=\"col small-12 large-12\"  >\n\t\t\t\t<div class=\"col-inner box-shadow-3\"  >\n\t\t\t\n\t\t\t\n<div class=\"row\"  id=\"row-114938499\">\n\n\t<div id=\"col-902806341\" class=\"col medium-5 small-12 large-5\"  >\n\t\t\t\t<div class=\"col-inner\"  >\n\t\t\t\n\t\t\t\n\t<div class=\"img has-hover x md-x lg-x y md-y lg-y\" id=\"image_1067850243\">\n\t\t\t\t\t\t\t\t<div class=\"img-inner dark\" >\n\t\t\t<img loading=\"lazy\" decoding=\"async\" width=\"1020\" height=\"574\" src=\"https:\/\/www.sivildusun.net\/yedek18062024\/wp-content\/uploads\/2021\/03\/websitesi_kadinlar_gunu-1024x576.png\" class=\"attachment-large size-large\" alt=\"\" srcset=\"https:\/\/www.sivildusun.net\/yedek18062024\/wp-content\/uploads\/2021\/03\/websitesi_kadinlar_gunu-1024x576.png 1024w, https:\/\/www.sivildusun.net\/yedek18062024\/wp-content\/uploads\/2021\/03\/websitesi_kadinlar_gunu-400x225.png 400w, https:\/\/www.sivildusun.net\/yedek18062024\/wp-content\/uploads\/2021\/03\/websitesi_kadinlar_gunu-768x432.png 768w, https:\/\/www.sivildusun.net\/yedek18062024\/wp-content\/uploads\/2021\/03\/websitesi_kadinlar_gunu.png 1220w\" sizes=\"(max-width: 1020px) 100vw, 1020px\" \/>\t\t\t\t\t\t\n\t\t\t\t\t<\/div>\n\t\t\t\t\t\t\t\t\n<style>\n#image_1067850243 {\n  width: 100%;\n}\n<\/style>\n\t<\/div>\n\t\n\t\t<\/div>\n\t\t\t\t\t<\/div>\n\n\t\n\n\t<div id=\"col-22633799\" class=\"col medium-7 small-12 large-7\"  >\n\t\t\t\t<div class=\"col-inner\"  >\n\t\t\t\n\t\t\t\n<h4>#YenidenTanisalim | Mart 2021<\/h4>\n<p>Hak alanlar\u0131n\u0131 koruyabilmeyi ger\u00e7ekle\u015ftirebilmek i\u00e7in \u00f6ncelikle onlar\u0131 korumakla, ne kastetti\u011fimizi, bunun hayatta, ya\u015fam hikayelerinin i\u00e7inde nereye denk geldi\u011fini do\u011fru ve a\u00e7\u0131k ifade edebiliyor olmak gerekiyor. Mart 2021&#8217;de, 8 Mart D\u00fcnya Kad\u0131nlar G\u00fcn\u00fc etraf\u0131nda dijital platformlar\u0131m\u0131zda \u00f6rg\u00fctledi\u011fimiz kampanya ile, kad\u0131nlar\u0131n g\u00fc\u00e7lenmesi\/g\u00fc\u00e7lendirilmesi ifadelerinin kar\u015f\u0131l\u0131k geldi\u011fi anlam k\u00fcmesini, Sivil D\u00fc\u015f\u00fcn deste\u011fiyle \u00e7al\u0131\u015fma y\u00fcr\u00fctm\u00fc\u015f, Sivil D\u00fc\u015f\u00fcn toplulu\u011funun i\u00e7inde yer alan kad\u0131nlar\u0131n hikayeleri \u00fczerinden g\u00f6r\u00fcn\u00fcr k\u0131ld\u0131k. G\u00fc\u00e7l\u00fc kad\u0131n\u0131n \u00f6zeliklerinden olan ba\u011f\u0131ms\u0131zl\u0131k, yarat\u0131c\u0131l\u0131k ve \u00fcretkenli\u011fi vurgulayarak, kad\u0131nlar\u0131n bu taraflar\u0131n\u0131 ortaya \u00e7\u0131karan (ayn\u0131 zamanda bu taraflar\u0131n\u0131 kullanarak ortaya \u00e7\u0131kan) \u00e7al\u0131\u015fmalar\u0131n arka plan\u0131n\u0131, \u00e7al\u0131\u015fma sahibi kad\u0131nlar\u0131n ya\u015fam \u00f6yk\u00fcleriyle birlikte sunduk.<\/p>\n<p class=\"p1\"><a href=\"https:\/\/www.sivildusun.net\/yedek18062024\/8-martta-yeniden-tanisalim\/\" target=\"_blank\" rel=\"noopener\">Kampanya hakk\u0131nda daha fazla \u015fey \u00f6\u011frenin.<\/a><\/p>\n\t\t<\/div>\n\t\t\t\t\t<\/div>\n\n\t\n<\/div>\n\t\t<\/div>\n\t\t\t\t\t<\/div>\n\n\t\n\n\t<div id=\"col-1297249641\" class=\"col small-12 large-12\"  >\n\t\t\t\t<div class=\"col-inner box-shadow-3\"  >\n\t\t\t\n\t\t\t\n<div class=\"row\"  id=\"row-88507043\">\n\n\t<div id=\"col-1116636884\" class=\"col medium-5 small-12 large-5\"  >\n\t\t\t\t<div class=\"col-inner\"  >\n\t\t\t\n\t\t\t\n\t<div class=\"img has-hover x md-x lg-x y md-y lg-y\" id=\"image_612004325\">\n\t\t\t\t\t\t\t\t<div class=\"img-inner dark\" >\n\t\t\t<img loading=\"lazy\" decoding=\"async\" width=\"1020\" height=\"477\" src=\"https:\/\/www.sivildusun.net\/yedek18062024\/wp-content\/uploads\/2021\/02\/yasasin-1024x479.png\" class=\"attachment-large size-large\" alt=\"\" srcset=\"https:\/\/www.sivildusun.net\/yedek18062024\/wp-content\/uploads\/2021\/02\/yasasin-1024x479.png 1024w, https:\/\/www.sivildusun.net\/yedek18062024\/wp-content\/uploads\/2021\/02\/yasasin-400x187.png 400w, https:\/\/www.sivildusun.net\/yedek18062024\/wp-content\/uploads\/2021\/02\/yasasin-768x359.png 768w, https:\/\/www.sivildusun.net\/yedek18062024\/wp-content\/uploads\/2021\/02\/yasasin-1536x719.png 1536w, https:\/\/www.sivildusun.net\/yedek18062024\/wp-content\/uploads\/2021\/02\/yasasin-2048x958.png 2048w\" sizes=\"(max-width: 1020px) 100vw, 1020px\" \/>\t\t\t\t\t\t\n\t\t\t\t\t<\/div>\n\t\t\t\t\t\t\t\t\n<style>\n#image_612004325 {\n  width: 100%;\n}\n<\/style>\n\t<\/div>\n\t\n\t\t<\/div>\n\t\t\t\t\t<\/div>\n\n\t\n\n\t<div id=\"col-1802625715\" class=\"col medium-7 small-12 large-7\"  >\n\t\t\t\t<div class=\"col-inner\"  >\n\t\t\t\n\t\t\t\n<h4>#Ya\u015fas\u0131n | Aral\u0131k 2020<\/h4>\n<p class=\"p1\">\u0130nsan Haklar\u0131 Evrensel Beyannamesinin kabul\u00fcn\u00fcn 72. Y\u0131l\u0131n\u0131 kutlamak i\u00e7in herkesi, haklar\u0131n\u0131 ka\u011f\u0131tta de\u011fil hayatta ya\u015fatmaya davet etti\u011fimiz bir kampanya ba\u015flatt\u0131k. \u0130nsan Haklar\u0131 Haftas\u0131n\u0131n ba\u015flad\u0131\u011f\u0131 10 Aral\u0131k\u2019tan itibaren 10 g\u00fcn boyunca her g\u00fcn, Beyannamede korumaya al\u0131nan haklardan biri g\u00fcndeme ta\u015f\u0131d\u0131k. Haklar\u0131n ya\u015fam\u0131m\u0131zda durdu\u011fu yerin ad\u0131n koymak i\u00e7in herkesi #ya\u015fas\u0131n etiketiyle meydan okumalar ve dijital tart\u0131\u015fmalara kat\u0131lmaya \u00e7a\u011f\u0131rd\u0131k, sivil toplumun haklar\u0131 ya\u015fatmak i\u00e7in yapt\u0131\u011f\u0131 \u00e7al\u0131\u015fmalar\u0131 duyurarak ilham\u0131 b\u00fcy\u00fctt\u00fck. &lt;\/<\/p>\n<p class=\"p1\"><a href=\"https:\/\/www.sivildusun.net\/yedek18062024\/sivil-dusun-haklari-yasatmaya-cagiriyor-kagitta-degil-hayatta\/\" target=\"_blank\" rel=\"noopener\">Kampanya hakk\u0131nda daha fazla \u015fey \u00f6\u011frenin.<\/a><\/p>\n\t\t<\/div>\n\t\t\t\t\t<\/div>\n\n\t\n<\/div>\n\t\t<\/div>\n\t\t\t\t\t<\/div>\n\n\t\n\n\t<div id=\"col-1559094393\" class=\"col small-12 large-12\"  >\n\t\t\t\t<div class=\"col-inner box-shadow-3\"  >\n\t\t\t\n\t\t\t\n<div class=\"row\"  id=\"row-756224972\">\n\n\t<div id=\"col-1549414062\" class=\"col medium-5 small-12 large-5\"  >\n\t\t\t\t<div class=\"col-inner\"  >\n\t\t\t\n\t\t\t\n\t<div class=\"img has-hover x md-x lg-x y md-y lg-y\" id=\"image_1972877888\">\n\t\t\t\t\t\t\t\t<div class=\"img-inner dark\" >\n\t\t\t<img loading=\"lazy\" decoding=\"async\" width=\"1020\" height=\"1020\" src=\"https:\/\/www.sivildusun.net\/yedek18062024\/wp-content\/uploads\/2021\/02\/pride-1024x1024.png\" class=\"attachment-large size-large\" alt=\"\" srcset=\"https:\/\/www.sivildusun.net\/yedek18062024\/wp-content\/uploads\/2021\/02\/pride-1024x1024.png 1024w, https:\/\/www.sivildusun.net\/yedek18062024\/wp-content\/uploads\/2021\/02\/pride-400x400.png 400w, https:\/\/www.sivildusun.net\/yedek18062024\/wp-content\/uploads\/2021\/02\/pride-150x150.png 150w, https:\/\/www.sivildusun.net\/yedek18062024\/wp-content\/uploads\/2021\/02\/pride-768x768.png 768w, https:\/\/www.sivildusun.net\/yedek18062024\/wp-content\/uploads\/2021\/02\/pride.png 1080w\" sizes=\"(max-width: 1020px) 100vw, 1020px\" \/>\t\t\t\t\t\t\n\t\t\t\t\t<\/div>\n\t\t\t\t\t\t\t\t\n<style>\n#image_1972877888 {\n  width: 100%;\n}\n<\/style>\n\t<\/div>\n\t\n\t\t<\/div>\n\t\t\t\t\t<\/div>\n\n\t\n\n\t<div id=\"col-1573573561\" class=\"col medium-7 small-12 large-7\"  >\n\t\t\t\t<div class=\"col-inner\"  >\n\t\t\t\n\t\t\t\n<h4>#Pride | Haziran 2020<\/h4>\n<p class=\"p1\"><span style=\"font-weight: 400;\">Onur Ay\u0131na \u00f6zel bir mini kampanya ile, sayfalar\u0131m\u0131z\u0131 LGBT\u0130+ haklar\u0131n\u0131n g\u00f6r\u00fcn\u00fcrl\u00fc\u011f\u00fcne ay\u0131rd\u0131k. Kimi zaman sayfalar\u0131m\u0131zda s\u00f6z\u00fc, alanda \u00e7al\u0131\u015fan \u00f6rg\u00fctlere devrettik; kimi zaman fark\u0131ndal\u0131k ay\u0131n\u0131n etkinliklerini \u00f6ne \u00e7\u0131kard\u0131k; kimi zaman sanat\u0131 LGBT+ aktivizmiyle birle\u015ftiren sanat\u00e7\u0131lara, kimi zaman da yarat\u0131c\u0131 i\u015flere ses olduk. <\/span><\/p>\n\t\t<\/div>\n\t\t\t\t\t<\/div>\n\n\t\n<\/div>\n\t\t<\/div>\n\t\t\t\t\t<\/div>\n\n\t\n\n\t<div id=\"col-784340648\" class=\"col small-12 large-12\"  >\n\t\t\t\t<div class=\"col-inner box-shadow-3\"  >\n\t\t\t\n\t\t\t\n<div class=\"row\"  id=\"row-1901715803\">\n\n\t<div id=\"col-690381216\" class=\"col medium-5 small-12 large-5\"  >\n\t\t\t\t<div class=\"col-inner\"  >\n\t\t\t\n\t\t\t\n\t<div class=\"img has-hover x md-x lg-x y md-y lg-y\" id=\"image_260919773\">\n\t\t\t\t\t\t\t\t<div class=\"img-inner dark\" >\n\t\t\t<img loading=\"lazy\" decoding=\"async\" width=\"375\" height=\"250\" src=\"https:\/\/www.sivildusun.net\/yedek18062024\/wp-content\/uploads\/2020\/05\/BBS_kampanya_sayfasi.png\" class=\"attachment-large size-large\" alt=\"\" srcset=\"https:\/\/www.sivildusun.net\/yedek18062024\/wp-content\/uploads\/2020\/05\/BBS_kampanya_sayfasi.png 375w, https:\/\/www.sivildusun.net\/yedek18062024\/wp-content\/uploads\/2020\/05\/BBS_kampanya_sayfasi-300x200.png 300w\" sizes=\"(max-width: 375px) 100vw, 375px\" \/>\t\t\t\t\t\t\n\t\t\t\t\t<\/div>\n\t\t\t\t\t\t\t\t\n<style>\n#image_260919773 {\n  width: 100%;\n}\n<\/style>\n\t<\/div>\n\t\n\t\t<\/div>\n\t\t\t\t\t<\/div>\n\n\t\n\n\t<div id=\"col-1934767979\" class=\"col medium-7 small-12 large-7\"  >\n\t\t\t\t<div class=\"col-inner\"  >\n\t\t\t\n\t\t\t\n<h4>#\u0130yiG\u00fcndeK\u00f6t\u00fcG\u00fcnde | May\u0131s 2020<\/h4>\n<p>T\u00fcm d\u00fcnyan\u0131n etkisi alt\u0131na girdi\u011fi yeni tip koronavir\u00fcs (COVID-19) salg\u0131n\u0131na ba\u011fl\u0131 ya\u015fanmakta olan kriz, bizi hayatlar\u0131m\u0131zda benzeri g\u00f6r\u00fclmemi\u015f zorluklarla kar\u015f\u0131 kar\u015f\u0131ya b\u0131rakt\u0131. Salg\u0131n\u0131n d\u00fcnya \u00e7ap\u0131nda yol a\u00e7t\u0131\u011f\u0131 ola\u011fan\u00fcst\u00fc ko\u015fullarda, kimi hak ve \u00f6zg\u00fcrl\u00fckler daha da k\u0131r\u0131lganla\u015ft\u0131, baz\u0131 grup ve \u00e7evreler her zamankinden daha \u00e7ok zarara a\u00e7\u0131k hale geldi, y\u00fcksek oranda hak ihlalleri ya\u015fand\u0131. Hayatta iyi g\u00fcnler kadar k\u00f6t\u00fc g\u00fcnler de var, dedik. Fark\u0131ndal\u0131k varsa, iyi g\u00fcnler i\u00e7in daha \u00e7ok umut oldu\u011funun alt\u0131n\u0131 \u00e7izdik. \u0130\u00e7inden ge\u00e7ti\u011fimiz bu zor g\u00fcnlerde, sivil toplum olarak \u00f6nce kendi g\u00fcc\u00fcm\u00fcz\u00fc toplamak ve g\u00fcc\u00fcn\u00fc toplamaya ihtiyac\u0131 olanlar\u0131n yan\u0131nda yer almaya ba\u015flamak i\u00e7in Nisan 2020\u2019nin son haftas\u0131nda, Bizi Ba\u011flayan \u015eeyler kampanyas\u0131n\u0131 ba\u015flatt\u0131k. <a href=\"https:\/\/www.sivildusun.net\/yedek18062024\/bizi-baglayan-seyler-iyigundekotugunde\/\">Daha \u00e7ok \u00f6\u011frenmek i\u00e7in t\u0131klay\u0131n.<\/a><\/p>\n\t\t<\/div>\n\t\t\t\t\t<\/div>\n\n\t\n<\/div>\n\t\t<\/div>\n\t\t\t\t\t<\/div>\n\n\t\n\n\t<div id=\"col-1292048926\" class=\"col small-12 large-12\"  >\n\t\t\t\t<div class=\"col-inner box-shadow-3\"  >\n\t\t\t\n\t\t\t\n<div class=\"row\"  id=\"row-978286390\">\n\n\t<div id=\"col-235508808\" class=\"col medium-5 small-12 large-5\"  >\n\t\t\t\t<div class=\"col-inner\"  >\n\t\t\t\n\t\t\t\n\t<div class=\"img has-hover x md-x lg-x y md-y lg-y\" id=\"image_1210443633\">\n\t\t\t\t\t\t\t\t<div class=\"img-inner dark\" >\n\t\t\t<img loading=\"lazy\" decoding=\"async\" width=\"697\" height=\"468\" src=\"https:\/\/www.sivildusun.net\/yedek18062024\/wp-content\/uploads\/2021\/02\/neler_mumkun.png\" class=\"attachment-large size-large\" alt=\"\" srcset=\"https:\/\/www.sivildusun.net\/yedek18062024\/wp-content\/uploads\/2021\/02\/neler_mumkun.png 697w, https:\/\/www.sivildusun.net\/yedek18062024\/wp-content\/uploads\/2021\/02\/neler_mumkun-400x269.png 400w\" sizes=\"(max-width: 697px) 100vw, 697px\" \/>\t\t\t\t\t\t\n\t\t\t\t\t<\/div>\n\t\t\t\t\t\t\t\t\n<style>\n#image_1210443633 {\n  width: 100%;\n}\n<\/style>\n\t<\/div>\n\t\n\t\t<\/div>\n\t\t\t\t\t<\/div>\n\n\t\n\n\t<div id=\"col-458492433\" class=\"col medium-7 small-12 large-7\"  >\n\t\t\t\t<div class=\"col-inner\"  >\n\t\t\t\n\t\t\t\n<h4>#NelerM\u00fcmk\u00fcn | Mart 2020<\/h4>\n<p class=\"p1\"><span style=\"font-weight: 400;\">Karantina d\u00f6neminde <strong>#NelerMumkun<\/strong> etiketiyle sivil topluma baz\u0131 sorular sorduk: En \u00e7ok neyin ihtiyac\u0131n\u0131 duyuyorsunuz? Sivil D\u00fc\u015f\u00fcn sizin i\u00e7in ne yapabilir? \u0130mkan\u0131n\u0131z olsayd\u0131, elinizden gelseydi \u00e7al\u0131\u015ft\u0131\u011f\u0131n\u0131z alanda nas\u0131l bir etki uyand\u0131rmak, bunu hangi ara\u00e7larla yapmay\u0131 isterdiniz? Sivil D\u00fc\u015f\u00fcn size hangi deste\u011fi, nas\u0131l verse daha g\u00fc\u00e7l\u00fc hissederdiniz? Dijital medyada 50 binin \u00fczerinde insana ula\u015ft\u0131k, bunlardan 7 bine yak\u0131n\u0131yla etkile\u015fime ge\u00e7tik. Sivil D\u00fc\u015f\u00fcn\u2019\u00fcn yeni desteklerine, bu sorulara ald\u0131\u011f\u0131m\u0131z cevaplar do\u011frultusunda, hep beraber \u015fekil verdik.<\/span><\/p>\n\t\t<\/div>\n\t\t\t\t\t<\/div>\n\n\t\n<\/div>\n\t\t<\/div>\n\t\t\t\t\t<\/div>\n\n\t\n\n\t<div id=\"col-1250995251\" class=\"col small-12 large-12\"  >\n\t\t\t\t<div class=\"col-inner box-shadow-3\"  >\n\t\t\t\n\t\t\t\n<div class=\"row\"  id=\"row-782862820\">\n\n\t<div id=\"col-1152936225\" class=\"col medium-5 small-12 large-5\"  >\n\t\t\t\t<div class=\"col-inner\"  >\n\t\t\t\n\t\t\t\n\t<div class=\"img has-hover x md-x lg-x y md-y lg-y\" id=\"image_439913708\">\n\t\t\t\t\t\t\t\t<div class=\"img-inner dark\" >\n\t\t\t<img loading=\"lazy\" decoding=\"async\" width=\"1020\" height=\"693\" src=\"https:\/\/www.sivildusun.net\/yedek18062024\/wp-content\/uploads\/2021\/02\/siviltoplumic\u0327in-1024x696.png\" class=\"attachment-large size-large\" alt=\"\" srcset=\"https:\/\/www.sivildusun.net\/yedek18062024\/wp-content\/uploads\/2021\/02\/siviltoplumic\u0327in-1024x696.png 1024w, https:\/\/www.sivildusun.net\/yedek18062024\/wp-content\/uploads\/2021\/02\/siviltoplumic\u0327in-400x272.png 400w, https:\/\/www.sivildusun.net\/yedek18062024\/wp-content\/uploads\/2021\/02\/siviltoplumic\u0327in-768x522.png 768w, https:\/\/www.sivildusun.net\/yedek18062024\/wp-content\/uploads\/2021\/02\/siviltoplumic\u0327in-1536x1044.png 1536w, https:\/\/www.sivildusun.net\/yedek18062024\/wp-content\/uploads\/2021\/02\/siviltoplumic\u0327in.png 1660w\" sizes=\"(max-width: 1020px) 100vw, 1020px\" \/>\t\t\t\t\t\t\n\t\t\t\t\t<\/div>\n\t\t\t\t\t\t\t\t\n<style>\n#image_439913708 {\n  width: 100%;\n}\n<\/style>\n\t<\/div>\n\t\n\t\t<\/div>\n\t\t\t\t\t<\/div>\n\n\t\n\n\t<div id=\"col-1048909914\" class=\"col medium-7 small-12 large-7\"  >\n\t\t\t\t<div class=\"col-inner\"  >\n\t\t\t\n\t\t\t\n<h4>#SivilToplum\u0130\u00e7in | Aral\u0131k 2019<\/h4>\n<p>Sivil D\u00fc\u015f\u00fcn\u2019\u00fcn 2018-2019 s\u00fcresince yedi ba\u015fl\u0131kta ger\u00e7ekle\u015ftirdi\u011fi e\u011fitimlerin yard\u0131mc\u0131 rehberleri, indirilebilir formatta yay\u0131nland\u0131, <strong>#SivilToplum\u0130\u00e7in<\/strong> etiketiyle tan\u0131t\u0131l\u0131p yayg\u0131nla\u015ft\u0131r\u0131ld\u0131. <a href=\"https:\/\/www.sivildusun.net\/yedek18062024\/bilgi-al\/kutuphane\/\" target=\"_blank\" rel=\"noopener\">Rehberleri inceleyin.\u00a0<\/a> <a href=\"https:\/\/www.sivildusun.net\/yedek18062024\/sivil-toplum-icin\/\" target=\"_blank\" rel=\"noopener\">Kampanya hakk\u0131nda daha fazla \u015fey \u00f6\u011frenin.<\/a> <a href=\"https:\/\/www.google.com\/url?q=https:\/\/youtube.com\/playlist?list%3DPLlWFltJ5eLx-SXaSKJCj1wtgeKcmcWe1N&amp;sa=D&amp;source=editors&amp;ust=1613219920335000&amp;usg=AOvVaw10siMTgfCnRuGb4LaCyJTn\" target=\"_blank\" rel=\"noopener\">Kampanya videosunu izleyin.<\/a><\/p>\n\t\t<\/div>\n\t\t\t\t\t<\/div>\n\n\t\n<\/div>\n\t\t<\/div>\n\t\t\t\t\t<\/div>\n\n\t\n\n\t<div id=\"col-992475273\" class=\"col small-12 large-12\"  >\n\t\t\t\t<div class=\"col-inner box-shadow-3\"  >\n\t\t\t\n\t\t\t\n<div class=\"row\"  id=\"row-1923759019\">\n\n\t<div id=\"col-789392962\" class=\"col medium-5 small-12 large-5\"  >\n\t\t\t\t<div class=\"col-inner\"  >\n\t\t\t\n\t\t\t\n\t<div class=\"img has-hover x md-x lg-x y md-y lg-y\" id=\"image_849836592\">\n\t\t\t\t\t\t\t\t<div class=\"img-inner dark\" >\n\t\t\t<img loading=\"lazy\" decoding=\"async\" width=\"1020\" height=\"472\" src=\"https:\/\/www.sivildusun.net\/yedek18062024\/wp-content\/uploads\/2021\/02\/iklimIcin-1024x474.png\" class=\"attachment-large size-large\" alt=\"\" srcset=\"https:\/\/www.sivildusun.net\/yedek18062024\/wp-content\/uploads\/2021\/02\/iklimIcin-1024x474.png 1024w, https:\/\/www.sivildusun.net\/yedek18062024\/wp-content\/uploads\/2021\/02\/iklimIcin-400x185.png 400w, https:\/\/www.sivildusun.net\/yedek18062024\/wp-content\/uploads\/2021\/02\/iklimIcin-768x356.png 768w, https:\/\/www.sivildusun.net\/yedek18062024\/wp-content\/uploads\/2021\/02\/iklimIcin.png 1436w\" sizes=\"(max-width: 1020px) 100vw, 1020px\" \/>\t\t\t\t\t\t\n\t\t\t\t\t<\/div>\n\t\t\t\t\t\t\t\t\n<style>\n#image_849836592 {\n  width: 100%;\n}\n<\/style>\n\t<\/div>\n\t\n\t\t<\/div>\n\t\t\t\t\t<\/div>\n\n\t\n\n\t<div id=\"col-127247853\" class=\"col medium-7 small-12 large-7\"  >\n\t\t\t\t<div class=\"col-inner\"  >\n\t\t\t\n\t\t\t\n<h4>#\u0130klim\u0130\u00e7in | Eyl\u00fcl 2019<\/h4>\n<p><span style=\"font-weight: 400;\">Sivil D\u00fc\u015f\u00fcn, AB T\u00fcrkiye Delegasyonunun 24 Eyl\u00fcl &#8211; 6 Ekim 2019 aras\u0131nda <\/span><b>\u0130klim Eylem Haftas\u0131 <\/b><span style=\"font-weight: 400;\">kapsam\u0131nda d\u00fczenledi\u011fi kampanya ile, <strong>#\u0130klim\u0130\u00e7in<\/strong> ne yap\u0131labilir sorusuna cevap arad\u0131. \u0130klim de\u011fi\u015fikli\u011fi konusuna dikkat \u00e7ekmeyi ve T\u00fcrkiye\u2019de \u00e7evre hakk\u0131n\u0131n geli\u015fmesine y\u00f6nelik \u00e7al\u0131\u015fmalara katk\u0131 sunmay\u0131 hedefleyen <strong>#\u0130klim\u0130\u00e7in<\/strong> kampanyas\u0131 kapsam\u0131nda, uluslararas\u0131 s\u00f6zle\u015fmelerle tan\u0131mlanan haklar\u0131n kapsam\u0131na dair bilginin yan\u0131 s\u0131ra, alanda sivil toplum \u00f6rg\u00fctleri ve aktivistlerin faaliyetleri, birer d\u00fcnya vatanda\u015f\u0131 olarak bu konuda nas\u0131l aksiyon alabilece\u011fimiz \u00fczerine payla\u015f\u0131mlarda bulunuldu. Kampanya s\u00fcresince, Sivil D\u00fc\u015f\u00fcn sosyal medya hesaplar\u0131n\u0131 takip edenler #<strong>\u0130klim\u0130\u00e7in<\/strong> yapabileceklerini, kendi mesajlar\u0131n\u0131 yollayarak dola\u015f\u0131ma soktular.\u00a0<\/span><\/p>\n<p><a href=\"https:\/\/www.sivildusun.net\/yedek18062024\/sivil-dusun-iklimicin-kampanyasi\/\" target=\"_blank\" rel=\"noopener\"><span style=\"font-weight: 400;\">Kampanya hakk\u0131nda daha fazla \u015fey \u00f6\u011frenin.\u00a0<\/span><\/a><a href=\"https:\/\/www.google.com\/url?q=https:\/\/youtube.com\/playlist?list%3DPLlWFltJ5eLx8Z4IZ5byss1c71jsZMfThT&amp;sa=D&amp;source=editors&amp;ust=1613219920327000&amp;usg=AOvVaw2PS_cRzXFyRNv73IroqOE4\" target=\"_blank\" rel=\"noopener\"><span style=\"font-weight: 400;\">Kampanya videosunu izleyin. <\/span><\/a><\/p>\n\t\t<\/div>\n\t\t\t\t\t<\/div>\n\n\t\n<\/div>\n\t\t<\/div>\n\t\t\t\t\t<\/div>\n\n\t\n\n\t<div id=\"col-1488249319\" class=\"col small-12 large-12\"  >\n\t\t\t\t<div class=\"col-inner box-shadow-3\"  >\n\t\t\t\n\t\t\t\n<div class=\"row\"  id=\"row-305064350\">\n\n\t<div id=\"col-1246036326\" class=\"col medium-5 small-12 large-5\"  >\n\t\t\t\t<div class=\"col-inner\"  >\n\t\t\t\n\t\t\t\n\n  \n    <div id=\"gallery-1354969408\" class=\"slider slider-auto-height row-collapse slider-nav-reveal\" data-flickity-options='{\"imagesLoaded\": true, \"dragThreshold\" : 5, \"cellAlign\": \"left\",\"wrapAround\": true,\"prevNextButtons\": true,\"percentPosition\": true,\"pageDots\": false, \"rightToLeft\": false, \"autoPlay\" : false}'>\n\n  <div class=\"gallery-col col\" >\n          <div class=\"col-inner\">\n            <a class=\"image-lightbox lightbox-gallery\" href=\"https:\/\/www.sivildusun.net\/yedek18062024\/wp-content\/uploads\/2021\/02\/Birlikte-Yas\u0327iyoruz-1.png\" title=\"\">            <div class=\"box has-hover gallery-box box-default\">\n              <div class=\"box-image\" >\n                <img loading=\"lazy\" decoding=\"async\" width=\"400\" height=\"267\" src=\"https:\/\/www.sivildusun.net\/yedek18062024\/wp-content\/uploads\/2021\/02\/Birlikte-Yas\u0327iyoruz-1-400x267.png\" class=\"attachment-medium size-medium\" alt=\"\" ids=\"23037,23038,23039,23040,23110\" style=\"default\" type=\"slider-full\" srcset=\"https:\/\/www.sivildusun.net\/yedek18062024\/wp-content\/uploads\/2021\/02\/Birlikte-Yas\u0327iyoruz-1-400x267.png 400w, https:\/\/www.sivildusun.net\/yedek18062024\/wp-content\/uploads\/2021\/02\/Birlikte-Yas\u0327iyoruz-1-768x512.png 768w, https:\/\/www.sivildusun.net\/yedek18062024\/wp-content\/uploads\/2021\/02\/Birlikte-Yas\u0327iyoruz-1.png 820w\" sizes=\"(max-width: 400px) 100vw, 400px\" \/>                                                              <\/div>\n              <div class=\"box-text text-left\" >\n                 <p><\/p>\n              <\/div>\n            <\/div>\n            <\/a>          <\/div>\n         <\/div><div class=\"gallery-col col\" >\n          <div class=\"col-inner\">\n            <a class=\"image-lightbox lightbox-gallery\" href=\"https:\/\/www.sivildusun.net\/yedek18062024\/wp-content\/uploads\/2021\/02\/Birlikte-Yas\u0327iyoruz-2.png\" title=\"\">            <div class=\"box has-hover gallery-box box-default\">\n              <div class=\"box-image\" >\n                <img loading=\"lazy\" decoding=\"async\" width=\"400\" height=\"250\" src=\"https:\/\/www.sivildusun.net\/yedek18062024\/wp-content\/uploads\/2021\/02\/Birlikte-Yas\u0327iyoruz-2.png\" class=\"attachment-medium size-medium\" alt=\"\" ids=\"23037,23038,23039,23040,23110\" style=\"default\" type=\"slider-full\" \/>                                                              <\/div>\n              <div class=\"box-text text-left\" >\n                 <p><\/p>\n              <\/div>\n            <\/div>\n            <\/a>          <\/div>\n         <\/div><div class=\"gallery-col col\" >\n          <div class=\"col-inner\">\n            <a class=\"image-lightbox lightbox-gallery\" href=\"https:\/\/www.sivildusun.net\/yedek18062024\/wp-content\/uploads\/2021\/02\/Birlikte-Yas\u0327iyoruz-3.png\" title=\"\">            <div class=\"box has-hover gallery-box box-default\">\n              <div class=\"box-image\" >\n                <img loading=\"lazy\" decoding=\"async\" width=\"400\" height=\"250\" src=\"https:\/\/www.sivildusun.net\/yedek18062024\/wp-content\/uploads\/2021\/02\/Birlikte-Yas\u0327iyoruz-3.png\" class=\"attachment-medium size-medium\" alt=\"\" ids=\"23037,23038,23039,23040,23110\" style=\"default\" type=\"slider-full\" \/>                                                              <\/div>\n              <div class=\"box-text text-left\" >\n                 <p><\/p>\n              <\/div>\n            <\/div>\n            <\/a>          <\/div>\n         <\/div><div class=\"gallery-col col\" >\n          <div class=\"col-inner\">\n            <a class=\"image-lightbox lightbox-gallery\" href=\"https:\/\/www.sivildusun.net\/yedek18062024\/wp-content\/uploads\/2021\/02\/Birlikte-Yas\u0327iyoruz-4.png\" title=\"\">            <div class=\"box has-hover gallery-box box-default\">\n              <div class=\"box-image\" >\n                <img loading=\"lazy\" decoding=\"async\" width=\"400\" height=\"250\" src=\"https:\/\/www.sivildusun.net\/yedek18062024\/wp-content\/uploads\/2021\/02\/Birlikte-Yas\u0327iyoruz-4.png\" class=\"attachment-medium size-medium\" alt=\"\" ids=\"23037,23038,23039,23040,23110\" style=\"default\" type=\"slider-full\" \/>                                                              <\/div>\n              <div class=\"box-text text-left\" >\n                 <p><\/p>\n              <\/div>\n            <\/div>\n            <\/a>          <\/div>\n         <\/div><div class=\"gallery-col col\" >\n          <div class=\"col-inner\">\n            <a class=\"image-lightbox lightbox-gallery\" href=\"https:\/\/www.sivildusun.net\/yedek18062024\/wp-content\/uploads\/2021\/02\/Birlikte-Yas\u0327iyoruz-51.png\" title=\"\">            <div class=\"box has-hover gallery-box box-default\">\n              <div class=\"box-image\" >\n                <img loading=\"lazy\" decoding=\"async\" width=\"400\" height=\"250\" src=\"https:\/\/www.sivildusun.net\/yedek18062024\/wp-content\/uploads\/2021\/02\/Birlikte-Yas\u0327iyoruz-51.png\" class=\"attachment-medium size-medium\" alt=\"\" ids=\"23037,23038,23039,23040,23110\" style=\"default\" type=\"slider-full\" \/>                                                              <\/div>\n              <div class=\"box-text text-left\" >\n                 <p><\/p>\n              <\/div>\n            <\/div>\n            <\/a>          <\/div>\n         <\/div><\/div>\n\t\t<\/div>\n\t\t\t\t\t<\/div>\n\n\t\n\n\t<div id=\"col-813109485\" class=\"col medium-7 small-12 large-7\"  >\n\t\t\t\t<div class=\"col-inner\"  >\n\t\t\t\n\t\t\t\n<h4>#BirlikteYa\u015f\u0131yoruz | Mart 2019<\/h4>\n<p>\u00dc\u00e7 haftaya yay\u0131lan #BirlikteYa\u015f\u0131yoruz kampanyas\u0131yla, destekledi\u011fimiz tematik alanlar i\u00e7erisinde yer alan hayvan haklar\u0131n\u0131n geli\u015fimine odakland\u0131k. #SivilD\u00fc\u015f\u00fcn deste\u011fiyle hayvan haklar\u0131 alan\u0131nda \u00e7al\u0131\u015fmalar y\u00fcr\u00fcten sivil toplum \u00f6rg\u00fctleri ve aktivistler, ses getiren kampanyalar\u0131n\u0131 bizimle payla\u015ft\u0131.<\/p>\n<p>Uluslararas\u0131 s\u00f6zle\u015fmelerle tan\u0131mlanan haklar, T\u00fcrkiye\u2019den ve Avrupa\u2019dan iyi \u00f6rnekler, konuyla ilgili yay\u0131nlar #BirlikteYa\u015f\u0131yoruz etiketiyle web sitemiz ve sosyal medya hesaplar\u0131m\u0131zdayd\u0131. <a href=\"https:\/\/www.sivildusun.net\/yedek18062024\/birlikte-yasiyoruz\/\">Kampanya payla\u015f\u0131mlar\u0131na g\u00f6z atmak i\u00e7in t\u0131klay\u0131n\u0131z.<\/a><\/p>\n\t\t<\/div>\n\t\t\t\t\t<\/div>\n\n\t\n<\/div>\n\t\t<\/div>\n\t\t\t\t\t<\/div>\n\n\t\n\n\t<div id=\"col-495181711\" class=\"col small-12 large-12\"  >\n\t\t\t\t<div class=\"col-inner box-shadow-3\"  >\n\t\t\t\n\t\t\t\n<div class=\"row\"  id=\"row-931109106\">\n\n\t<div id=\"col-950844490\" class=\"col medium-5 small-12 large-5\"  >\n\t\t\t\t<div class=\"col-inner\"  >\n\t\t\t\n\t\t\t\n\n  \n    <div id=\"gallery-1795237914\" class=\"slider slider-auto-height row-collapse slider-nav-reveal\" data-flickity-options='{\"imagesLoaded\": true, \"dragThreshold\" : 5, \"cellAlign\": \"left\",\"wrapAround\": true,\"prevNextButtons\": true,\"percentPosition\": true,\"pageDots\": false, \"rightToLeft\": false, \"autoPlay\" : false}'>\n\n  <div class=\"gallery-col col\" >\n          <div class=\"col-inner\">\n            <a class=\"image-lightbox lightbox-gallery\" href=\"https:\/\/www.sivildusun.net\/yedek18062024\/wp-content\/uploads\/2021\/02\/hak-c\u0327etelesi-1.png\" title=\"\">            <div class=\"box has-hover gallery-box box-default\">\n              <div class=\"box-image\" >\n                <img loading=\"lazy\" decoding=\"async\" width=\"400\" height=\"267\" src=\"https:\/\/www.sivildusun.net\/yedek18062024\/wp-content\/uploads\/2021\/02\/hak-c\u0327etelesi-1-400x267.png\" class=\"attachment-medium size-medium\" alt=\"\" ids=\"23029,23032,23033,23031\" style=\"default\" type=\"slider-full\" srcset=\"https:\/\/www.sivildusun.net\/yedek18062024\/wp-content\/uploads\/2021\/02\/hak-c\u0327etelesi-1-400x267.png 400w, https:\/\/www.sivildusun.net\/yedek18062024\/wp-content\/uploads\/2021\/02\/hak-c\u0327etelesi-1-768x512.png 768w, https:\/\/www.sivildusun.net\/yedek18062024\/wp-content\/uploads\/2021\/02\/hak-c\u0327etelesi-1.png 820w\" sizes=\"(max-width: 400px) 100vw, 400px\" \/>                                                              <\/div>\n              <div class=\"box-text text-left\" >\n                 <p><\/p>\n              <\/div>\n            <\/div>\n            <\/a>          <\/div>\n         <\/div><div class=\"gallery-col col\" >\n          <div class=\"col-inner\">\n            <a class=\"image-lightbox lightbox-gallery\" href=\"https:\/\/www.sivildusun.net\/yedek18062024\/wp-content\/uploads\/2021\/02\/Hak-C\u0327etelesi-3.png\" title=\"\">            <div class=\"box has-hover gallery-box box-default\">\n              <div class=\"box-image\" >\n                <img loading=\"lazy\" decoding=\"async\" width=\"400\" height=\"250\" src=\"https:\/\/www.sivildusun.net\/yedek18062024\/wp-content\/uploads\/2021\/02\/Hak-C\u0327etelesi-3.png\" class=\"attachment-medium size-medium\" alt=\"\" ids=\"23029,23032,23033,23031\" style=\"default\" type=\"slider-full\" \/>                                                              <\/div>\n              <div class=\"box-text text-left\" >\n                 <p><\/p>\n              <\/div>\n            <\/div>\n            <\/a>          <\/div>\n         <\/div><div class=\"gallery-col col\" >\n          <div class=\"col-inner\">\n            <a class=\"image-lightbox lightbox-gallery\" href=\"https:\/\/www.sivildusun.net\/yedek18062024\/wp-content\/uploads\/2021\/02\/Hak-C\u0327etelesi-4.png\" title=\"\">            <div class=\"box has-hover gallery-box box-default\">\n              <div class=\"box-image\" >\n                <img loading=\"lazy\" decoding=\"async\" width=\"400\" height=\"250\" src=\"https:\/\/www.sivildusun.net\/yedek18062024\/wp-content\/uploads\/2021\/02\/Hak-C\u0327etelesi-4.png\" class=\"attachment-medium size-medium\" alt=\"\" ids=\"23029,23032,23033,23031\" style=\"default\" type=\"slider-full\" \/>                                                              <\/div>\n              <div class=\"box-text text-left\" >\n                 <p><\/p>\n              <\/div>\n            <\/div>\n            <\/a>          <\/div>\n         <\/div><div class=\"gallery-col col\" >\n          <div class=\"col-inner\">\n            <a class=\"image-lightbox lightbox-gallery\" href=\"https:\/\/www.sivildusun.net\/yedek18062024\/wp-content\/uploads\/2021\/02\/Hak-C\u0327etelesi-2.png\" title=\"\">            <div class=\"box has-hover gallery-box box-default\">\n              <div class=\"box-image\" >\n                <img loading=\"lazy\" decoding=\"async\" width=\"400\" height=\"250\" src=\"https:\/\/www.sivildusun.net\/yedek18062024\/wp-content\/uploads\/2021\/02\/Hak-C\u0327etelesi-2.png\" class=\"attachment-medium size-medium\" alt=\"\" ids=\"23029,23032,23033,23031\" style=\"default\" type=\"slider-full\" \/>                                                              <\/div>\n              <div class=\"box-text text-left\" >\n                 <p><\/p>\n              <\/div>\n            <\/div>\n            <\/a>          <\/div>\n         <\/div><\/div>\n\t\t<\/div>\n\t\t\t\t\t<\/div>\n\n\t\n\n\t<div id=\"col-1269154315\" class=\"col medium-7 small-12 large-7\"  >\n\t\t\t\t<div class=\"col-inner\"  >\n\t\t\t\n\t\t\t\n<h4>#Hak\u00c7etelesi | Kas\u0131m 2018<\/h4>\n<p>Avrupa \u0130nsan Haklar\u0131 S\u00f6zle\u015fmesi\u2019nin imzaland\u0131\u011f\u0131 g\u00fcn olan 4 Kas\u0131m ile 10 Aral\u0131k \u0130nsan Haklar\u0131 G\u00fcn\u00fc aras\u0131nda #Hak\u00c7etelesi etiketiyle haklar\u0131n tarihine birlikte g\u00f6z att\u0131k. Temel haklar\u0131n geli\u015fiminde yeni nesil hak alanlar\u0131na, sivil toplumun hak temelli yakla\u015f\u0131mla ilgili g\u00f6r\u00fc\u015flerini ald\u0131k.<\/p>\n<p>Uluslararas\u0131 bildirge ve s\u00f6zle\u015fmelerle tan\u0131mlanan temel haklar, hak temelli yakla\u015f\u0131m ve sivil toplum \u00e7al\u0131\u015fmalar\u0131nda s\u0131k\u00e7a kullan\u0131lan kavramlara y\u00f6nelik temel bilgiler, \u00f6rnekler, yay\u0131nlar ve istatistikleri bir arada g\u00f6rebilece\u011finiz <a href=\"https:\/\/www.sivildusun.net\/yedek18062024\/hak-cetelesi\/\">#Hak\u00c7etelesi web sayfas\u0131 i\u00e7in t\u0131klay\u0131n\u0131z.<\/a><\/p>\n\t\t<\/div>\n\t\t\t\t\t<\/div>\n\n\t\n<\/div>\n\t\t<\/div>\n\t\t\t\t\t<\/div>\n\n\t\n\n\t<div id=\"col-1884913362\" class=\"col small-12 large-12\"  >\n\t\t\t\t<div class=\"col-inner box-shadow-3\"  >\n\t\t\t\n\t\t\t\n<div class=\"row\"  id=\"row-1699270506\">\n\n\t<div id=\"col-310957591\" class=\"col medium-5 small-12 large-5\"  >\n\t\t\t\t<div class=\"col-inner\"  >\n\t\t\t\n\t\t\t\n\n  \n    <div id=\"gallery-2114311923\" class=\"slider slider-auto-height row-collapse slider-nav-reveal\" data-flickity-options='{\"imagesLoaded\": true, \"dragThreshold\" : 5, \"cellAlign\": \"left\",\"wrapAround\": true,\"prevNextButtons\": true,\"percentPosition\": true,\"pageDots\": false, \"rightToLeft\": false, \"autoPlay\" : false}'>\n\n  <div class=\"gallery-col col\" >\n          <div class=\"col-inner\">\n            <a class=\"image-lightbox lightbox-gallery\" href=\"https:\/\/www.sivildusun.net\/yedek18062024\/wp-content\/uploads\/2021\/02\/1.png\" title=\"\">            <div class=\"box has-hover gallery-box box-default\">\n              <div class=\"box-image\" >\n                <img loading=\"lazy\" decoding=\"async\" width=\"400\" height=\"250\" src=\"https:\/\/www.sivildusun.net\/yedek18062024\/wp-content\/uploads\/2021\/02\/1.png\" class=\"attachment-medium size-medium\" alt=\"\" ids=\"23080,23081,23082\" style=\"default\" type=\"slider-full\" \/>                                                              <\/div>\n              <div class=\"box-text text-left\" >\n                 <p><\/p>\n              <\/div>\n            <\/div>\n            <\/a>          <\/div>\n         <\/div><div class=\"gallery-col col\" >\n          <div class=\"col-inner\">\n            <a class=\"image-lightbox lightbox-gallery\" href=\"https:\/\/www.sivildusun.net\/yedek18062024\/wp-content\/uploads\/2021\/02\/2-1.png\" title=\"\">            <div class=\"box has-hover gallery-box box-default\">\n              <div class=\"box-image\" >\n                <img loading=\"lazy\" decoding=\"async\" width=\"400\" height=\"250\" src=\"https:\/\/www.sivildusun.net\/yedek18062024\/wp-content\/uploads\/2021\/02\/2-1.png\" class=\"attachment-medium size-medium\" alt=\"\" ids=\"23080,23081,23082\" style=\"default\" type=\"slider-full\" \/>                                                              <\/div>\n              <div class=\"box-text text-left\" >\n                 <p><\/p>\n              <\/div>\n            <\/div>\n            <\/a>          <\/div>\n         <\/div><div class=\"gallery-col col\" >\n          <div class=\"col-inner\">\n            <a class=\"image-lightbox lightbox-gallery\" href=\"https:\/\/www.sivildusun.net\/yedek18062024\/wp-content\/uploads\/2021\/02\/3-1-1.png\" title=\"\">            <div class=\"box has-hover gallery-box box-default\">\n              <div class=\"box-image\" >\n                <img loading=\"lazy\" decoding=\"async\" width=\"400\" height=\"250\" src=\"https:\/\/www.sivildusun.net\/yedek18062024\/wp-content\/uploads\/2021\/02\/3-1-1.png\" class=\"attachment-medium size-medium\" alt=\"\" ids=\"23080,23081,23082\" style=\"default\" type=\"slider-full\" \/>                                                              <\/div>\n              <div class=\"box-text text-left\" >\n                 <p><\/p>\n              <\/div>\n            <\/div>\n            <\/a>          <\/div>\n         <\/div><\/div>\n\t\t<\/div>\n\t\t\t\t\t<\/div>\n\n\t\n\n\t<div id=\"col-1414891648\" class=\"col medium-7 small-12 large-7\"  >\n\t\t\t\t<div class=\"col-inner\"  >\n\t\t\t\n\t\t\t\n<h4>#HomofobiKar\u015f\u0131t\u0131G\u00fcn | May\u0131s 2017<\/h4>\n<p>Uluslararas\u0131 Homofobi, Transfobi ve Bifobi Kar\u015f\u0131t\u0131 G\u00fcn, t\u00fcm d\u00fcnyada her y\u0131l 17 May\u0131s\u2019ta kutlan\u0131yor. #SivilD\u00fc\u015f\u00fcn olarak biz de bu y\u0131l destek verdi\u011fimiz LGBT\u0130+ aktivistlerinden bu \u00f6zel g\u00fcn kapsam\u0131nda an\u0131lar\u0131n\u0131 ve mesajlar\u0131n\u0131 payla\u015fmalar\u0131n\u0131 istedik. <a href=\"https:\/\/www.sivildusun.net\/yedek18062024\/uluslararasi-homofobi-transfobi-bifobi-karsiti-gun\/\">Devam\u0131 i\u00e7in t\u0131klay\u0131n\u0131z.<\/a><\/p>\n\t\t<\/div>\n\t\t\t\t\t<\/div>\n\n\t\n<\/div>\n\t\t<\/div>\n\t\t\t\t\t<\/div>\n\n\t\n\n\t<div id=\"col-850451436\" class=\"col small-12 large-12\"  >\n\t\t\t\t<div class=\"col-inner box-shadow-3\"  >\n\t\t\t\n\t\t\t\n<div class=\"row\"  id=\"row-1905043504\">\n\n\t<div id=\"col-1358384047\" class=\"col medium-5 small-12 large-5\"  >\n\t\t\t\t<div class=\"col-inner\"  >\n\t\t\t\n\t\t\t\n\n  \n    <div id=\"gallery-314014876\" class=\"slider slider-auto-height row-collapse slider-nav-reveal\" data-flickity-options='{\"imagesLoaded\": true, \"dragThreshold\" : 5, \"cellAlign\": \"left\",\"wrapAround\": true,\"prevNextButtons\": true,\"percentPosition\": true,\"pageDots\": false, \"rightToLeft\": false, \"autoPlay\" : false}'>\n\n  <div class=\"gallery-col col\" >\n          <div class=\"col-inner\">\n            <a class=\"image-lightbox lightbox-gallery\" href=\"https:\/\/www.sivildusun.net\/yedek18062024\/wp-content\/uploads\/2021\/02\/kadinlar.png\" title=\"\">            <div class=\"box has-hover gallery-box box-default\">\n              <div class=\"box-image\" >\n                <img loading=\"lazy\" decoding=\"async\" width=\"400\" height=\"267\" src=\"https:\/\/www.sivildusun.net\/yedek18062024\/wp-content\/uploads\/2021\/02\/kadinlar-400x267.png\" class=\"attachment-medium size-medium\" alt=\"\" ids=\"23071,23072\" style=\"default\" type=\"slider-full\" srcset=\"https:\/\/www.sivildusun.net\/yedek18062024\/wp-content\/uploads\/2021\/02\/kadinlar-400x267.png 400w, https:\/\/www.sivildusun.net\/yedek18062024\/wp-content\/uploads\/2021\/02\/kadinlar.png 600w\" sizes=\"(max-width: 400px) 100vw, 400px\" \/>                                                              <\/div>\n              <div class=\"box-text text-left\" >\n                 <p><\/p>\n              <\/div>\n            <\/div>\n            <\/a>          <\/div>\n         <\/div><div class=\"gallery-col col\" >\n          <div class=\"col-inner\">\n            <a class=\"image-lightbox lightbox-gallery\" href=\"https:\/\/www.sivildusun.net\/yedek18062024\/wp-content\/uploads\/2021\/02\/kadinlar-kolaj600x400-1.png\" title=\"\">            <div class=\"box has-hover gallery-box box-default\">\n              <div class=\"box-image\" >\n                <img loading=\"lazy\" decoding=\"async\" width=\"400\" height=\"267\" src=\"https:\/\/www.sivildusun.net\/yedek18062024\/wp-content\/uploads\/2021\/02\/kadinlar-kolaj600x400-1-400x267.png\" class=\"attachment-medium size-medium\" alt=\"\" ids=\"23071,23072\" style=\"default\" type=\"slider-full\" srcset=\"https:\/\/www.sivildusun.net\/yedek18062024\/wp-content\/uploads\/2021\/02\/kadinlar-kolaj600x400-1-400x267.png 400w, https:\/\/www.sivildusun.net\/yedek18062024\/wp-content\/uploads\/2021\/02\/kadinlar-kolaj600x400-1.png 600w\" sizes=\"(max-width: 400px) 100vw, 400px\" \/>                                                              <\/div>\n              <div class=\"box-text text-left\" >\n                 <p><\/p>\n              <\/div>\n            <\/div>\n            <\/a>          <\/div>\n         <\/div><\/div>\n\t\t<\/div>\n\t\t\t\t\t<\/div>\n\n\t\n\n\t<div id=\"col-1610585170\" class=\"col medium-7 small-12 large-7\"  >\n\t\t\t\t<div class=\"col-inner\"  >\n\t\t\t\n\t\t\t\n<h4>#Kad\u0131nlarBirlikteG\u00fc\u00e7l\u00fc | Mart 2017<\/h4>\n<p>2017 y\u0131l\u0131nda, 8 Mart D\u00fcnya Kad\u0131nlar G\u00fcn\u00fc i\u00e7in bir hafta s\u00fcresince, #Kad\u0131nlarBirlikteG\u00fc\u00e7l\u00fc etiketiyle, kad\u0131n haklar\u0131 alan\u0131ndaki \u00e7al\u0131\u015fmalar\u0131, yakla\u015fan etkinlikleri, kad\u0131n \u00f6rg\u00fctleri ve aktivistlerin 8 Mart mesajlar\u0131n\u0131 web sitesi ve sosyal medya hesaplar\u0131nda payla\u015ft\u0131k.<\/p>\n<p>Kampanyada, toplumsal cinsiyet ve kad\u0131n haklar\u0131 alan\u0131nda destek sa\u011flanan \u00e7al\u0131\u015fmalara ve yay\u0131nlara, kad\u0131n \u00f6rg\u00fctleri ve aktivistlerin 8 Mart mesajlar\u0131na, g\u00fcncel 8 Mart etkinliklerine, kad\u0131n hareketine y\u00f6n veren ve sivil alana katk\u0131s\u0131 olan tarihsel s\u00fcre\u00e7lere, sanatta iz b\u0131rakan kad\u0131n kahramanlara yer verdik. <a href=\"https:\/\/www.sivildusun.net\/yedek18062024\/sivil-dusun-ile-8-mart-dunya-kadinlar-gunune-dogru\/\">Yaz\u0131lar i\u00e7in t\u0131klay\u0131n\u0131z.<\/a><\/p>\n\t\t<\/div>\n\t\t\t\t\t<\/div>\n\n\t\n<\/div>\n\t\t<\/div>\n\t\t\t\t\t<\/div>\n\n\t\n\n\t<div id=\"col-2105512843\" class=\"col small-12 large-12\"  >\n\t\t\t\t<div class=\"col-inner box-shadow-3\"  >\n\t\t\t\n\t\t\t\n<div class=\"row\"  id=\"row-1707726443\">\n\n\t<div id=\"col-1194815839\" class=\"col medium-5 small-12 large-5\"  >\n\t\t\t\t<div class=\"col-inner\"  >\n\t\t\t\n\t\t\t\n\n  \n    <div id=\"gallery-1955352160\" class=\"slider slider-auto-height row-collapse slider-nav-reveal\" data-flickity-options='{\"imagesLoaded\": true, \"dragThreshold\" : 5, \"cellAlign\": \"left\",\"wrapAround\": true,\"prevNextButtons\": true,\"percentPosition\": true,\"pageDots\": false, \"rightToLeft\": false, \"autoPlay\" : false}'>\n\n  <div class=\"gallery-col col\" >\n          <div class=\"col-inner\">\n            <a class=\"image-lightbox lightbox-gallery\" href=\"https:\/\/www.sivildusun.net\/yedek18062024\/wp-content\/uploads\/2021\/02\/So\u0308zKu\u0308c\u0327u\u0308g\u0306u\u0308n-1-400x250-1.jpg\" title=\"\">            <div class=\"box has-hover gallery-box box-default\">\n              <div class=\"box-image\" >\n                <img loading=\"lazy\" decoding=\"async\" width=\"400\" height=\"250\" src=\"https:\/\/www.sivildusun.net\/yedek18062024\/wp-content\/uploads\/2021\/02\/So\u0308zKu\u0308c\u0327u\u0308g\u0306u\u0308n-1-400x250-1.jpg\" class=\"attachment-medium size-medium\" alt=\"\" ids=\"23104\" style=\"default\" type=\"slider-full\" \/>                                                              <\/div>\n              <div class=\"box-text text-left\" >\n                 <p><\/p>\n              <\/div>\n            <\/div>\n            <\/a>          <\/div>\n         <\/div><\/div>\n\t\t<\/div>\n\t\t\t\t\t<\/div>\n\n\t\n\n\t<div id=\"col-1889274653\" class=\"col medium-7 small-12 large-7\"  >\n\t\t\t\t<div class=\"col-inner\"  >\n\t\t\t\n\t\t\t\n<h4>#S\u00f6zK\u00fc\u00e7\u00fc\u011f\u00fcn | Nisan 2016<\/h4>\n<p>2016 Nisan ay\u0131nda \u00e7ocuklar i\u00e7in de\u011fil \u00e7ocuklarla birlikte d\u00fc\u015f\u00fcnelim diyerek, #S\u00f6zK\u00fc\u00e7\u00fc\u011f\u00fcn kampanyas\u0131n\u0131 ba\u015flatt\u0131k. \u00c7ocu\u011fun ya\u015fam hakk\u0131n\u0131, \u00e7ocuk kat\u0131l\u0131m\u0131n\u0131; \u00e7ocuk koruma, sosyal yard\u0131m, adalet, sa\u011fl\u0131k ve e\u011fitim alan\u0131nda \u00e7al\u0131\u015fan aktivistler ve sivil akt\u00f6rlerin payla\u015ft\u0131\u011f\u0131 yaz\u0131larla tart\u0131\u015ft\u0131k.<\/p>\n<p>\u00c7ocu\u011fun iyilik hali, \u00c7ocuk Haklar\u0131 S\u00f6zle\u015fmesi\u2019nin ula\u015famad\u0131\u011f\u0131 \u00e7ocuklar, \u00e7ocuk mahpuslara y\u00f6nelik hak talepleri, okullar\u0131n \u00f6\u011frenci kat\u0131l\u0131m\u0131n\u0131 ne kadar destekledi\u011fi, \u00e7ocuklar\u0131n medyada ve medya arac\u0131l\u0131\u011f\u0131yla seslerini duyurabilmeleri tart\u0131\u015ft\u0131\u011f\u0131m\u0131z konulardan baz\u0131lar\u0131 oldu. <a href=\"https:\/\/www.sivildusun.net\/yedek18062024\/sozkucugun\/\">#S\u00f6zK\u00fc\u00e7\u00fc\u011f\u00fcn yaz\u0131lar\u0131 i\u00e7in t\u0131klay\u0131n\u0131z.<\/a><\/p>\n\t\t<\/div>\n\t\t\t\t\t<\/div>\n\n\t\n<\/div>\n\t\t<\/div>\n\t\t\t\t\t<\/div>\n\n\t\n\n\t<div id=\"col-546675777\" class=\"col small-12 large-12\"  >\n\t\t\t\t<div class=\"col-inner box-shadow-3\"  >\n\t\t\t\n\t\t\t\n<div class=\"row\"  id=\"row-501214776\">\n\n\t<div id=\"col-1020437890\" class=\"col medium-5 small-12 large-5\"  >\n\t\t\t\t<div class=\"col-inner\"  >\n\t\t\t\n\t\t\t\n\n  \n    <div id=\"gallery-551942363\" class=\"slider slider-auto-height row-collapse slider-nav-reveal\" data-flickity-options='{\"imagesLoaded\": true, \"dragThreshold\" : 5, \"cellAlign\": \"left\",\"wrapAround\": true,\"prevNextButtons\": true,\"percentPosition\": true,\"pageDots\": false, \"rightToLeft\": false, \"autoPlay\" : false}'>\n\n  <div class=\"gallery-col col\" >\n          <div class=\"col-inner\">\n            <a class=\"image-lightbox lightbox-gallery\" href=\"https:\/\/www.sivildusun.net\/yedek18062024\/wp-content\/uploads\/2021\/02\/BenceAktivizm-deborah2-1024x712.jpg\" title=\"\">            <div class=\"box has-hover gallery-box box-default\">\n              <div class=\"box-image\" >\n                <img loading=\"lazy\" decoding=\"async\" width=\"400\" height=\"278\" src=\"https:\/\/www.sivildusun.net\/yedek18062024\/wp-content\/uploads\/2021\/02\/BenceAktivizm-deborah2-400x278.jpg\" class=\"attachment-medium size-medium\" alt=\"\" ids=\"23116,23064,23117,23062,23115,23063,23113,23061,23114,23060,23118,23058,23057,23059,23056,23055,23054,23053,23052,23051,23050,23049\" style=\"default\" type=\"slider-full\" srcset=\"https:\/\/www.sivildusun.net\/yedek18062024\/wp-content\/uploads\/2021\/02\/BenceAktivizm-deborah2-400x278.jpg 400w, https:\/\/www.sivildusun.net\/yedek18062024\/wp-content\/uploads\/2021\/02\/BenceAktivizm-deborah2-1024x712.jpg 1024w, https:\/\/www.sivildusun.net\/yedek18062024\/wp-content\/uploads\/2021\/02\/BenceAktivizm-deborah2-768x534.jpg 768w, https:\/\/www.sivildusun.net\/yedek18062024\/wp-content\/uploads\/2021\/02\/BenceAktivizm-deborah2.jpg 1288w\" sizes=\"(max-width: 400px) 100vw, 400px\" \/>                                                              <\/div>\n              <div class=\"box-text text-left\" >\n                 <p><\/p>\n              <\/div>\n            <\/div>\n            <\/a>          <\/div>\n         <\/div><div class=\"gallery-col col\" >\n          <div class=\"col-inner\">\n            <a class=\"image-lightbox lightbox-gallery\" href=\"https:\/\/www.sivildusun.net\/yedek18062024\/wp-content\/uploads\/2021\/02\/BenceAktivizm20.png\" title=\"\">            <div class=\"box has-hover gallery-box box-default\">\n              <div class=\"box-image\" >\n                <img loading=\"lazy\" decoding=\"async\" width=\"400\" height=\"267\" src=\"https:\/\/www.sivildusun.net\/yedek18062024\/wp-content\/uploads\/2021\/02\/BenceAktivizm20-400x267.png\" class=\"attachment-medium size-medium\" alt=\"\" ids=\"23116,23064,23117,23062,23115,23063,23113,23061,23114,23060,23118,23058,23057,23059,23056,23055,23054,23053,23052,23051,23050,23049\" style=\"default\" type=\"slider-full\" srcset=\"https:\/\/www.sivildusun.net\/yedek18062024\/wp-content\/uploads\/2021\/02\/BenceAktivizm20-400x267.png 400w, https:\/\/www.sivildusun.net\/yedek18062024\/wp-content\/uploads\/2021\/02\/BenceAktivizm20.png 600w\" sizes=\"(max-width: 400px) 100vw, 400px\" \/>                                                              <\/div>\n              <div class=\"box-text text-left\" >\n                 <p><\/p>\n              <\/div>\n            <\/div>\n            <\/a>          <\/div>\n         <\/div><div class=\"gallery-col col\" >\n          <div class=\"col-inner\">\n            <a class=\"image-lightbox lightbox-gallery\" href=\"https:\/\/www.sivildusun.net\/yedek18062024\/wp-content\/uploads\/2021\/02\/Dudu-Karaman-DinC3A7.png\" title=\"\">            <div class=\"box has-hover gallery-box box-default\">\n              <div class=\"box-image\" >\n                <img loading=\"lazy\" decoding=\"async\" width=\"400\" height=\"267\" src=\"https:\/\/www.sivildusun.net\/yedek18062024\/wp-content\/uploads\/2021\/02\/Dudu-Karaman-DinC3A7-400x267.png\" class=\"attachment-medium size-medium\" alt=\"\" ids=\"23116,23064,23117,23062,23115,23063,23113,23061,23114,23060,23118,23058,23057,23059,23056,23055,23054,23053,23052,23051,23050,23049\" style=\"default\" type=\"slider-full\" srcset=\"https:\/\/www.sivildusun.net\/yedek18062024\/wp-content\/uploads\/2021\/02\/Dudu-Karaman-DinC3A7-400x267.png 400w, https:\/\/www.sivildusun.net\/yedek18062024\/wp-content\/uploads\/2021\/02\/Dudu-Karaman-DinC3A7.png 600w\" sizes=\"(max-width: 400px) 100vw, 400px\" \/>                                                              <\/div>\n              <div class=\"box-text text-left\" >\n                 <p><\/p>\n              <\/div>\n            <\/div>\n            <\/a>          <\/div>\n         <\/div><div class=\"gallery-col col\" >\n          <div class=\"col-inner\">\n            <a class=\"image-lightbox lightbox-gallery\" href=\"https:\/\/www.sivildusun.net\/yedek18062024\/wp-content\/uploads\/2021\/02\/BenceAktivizm18.png\" title=\"\">            <div class=\"box has-hover gallery-box box-default\">\n              <div class=\"box-image\" >\n                <img loading=\"lazy\" decoding=\"async\" width=\"400\" height=\"267\" src=\"https:\/\/www.sivildusun.net\/yedek18062024\/wp-content\/uploads\/2021\/02\/BenceAktivizm18-400x267.png\" class=\"attachment-medium size-medium\" alt=\"\" ids=\"23116,23064,23117,23062,23115,23063,23113,23061,23114,23060,23118,23058,23057,23059,23056,23055,23054,23053,23052,23051,23050,23049\" style=\"default\" type=\"slider-full\" srcset=\"https:\/\/www.sivildusun.net\/yedek18062024\/wp-content\/uploads\/2021\/02\/BenceAktivizm18-400x267.png 400w, https:\/\/www.sivildusun.net\/yedek18062024\/wp-content\/uploads\/2021\/02\/BenceAktivizm18.png 600w\" sizes=\"(max-width: 400px) 100vw, 400px\" \/>                                                              <\/div>\n              <div class=\"box-text text-left\" >\n                 <p><\/p>\n              <\/div>\n            <\/div>\n            <\/a>          <\/div>\n         <\/div><div class=\"gallery-col col\" >\n          <div class=\"col-inner\">\n            <a class=\"image-lightbox lightbox-gallery\" href=\"https:\/\/www.sivildusun.net\/yedek18062024\/wp-content\/uploads\/2021\/02\/Ayhan-Ongun.png\" title=\"\">            <div class=\"box has-hover gallery-box box-default\">\n              <div class=\"box-image\" >\n                <img loading=\"lazy\" decoding=\"async\" width=\"400\" height=\"267\" src=\"https:\/\/www.sivildusun.net\/yedek18062024\/wp-content\/uploads\/2021\/02\/Ayhan-Ongun-400x267.png\" class=\"attachment-medium size-medium\" alt=\"\" ids=\"23116,23064,23117,23062,23115,23063,23113,23061,23114,23060,23118,23058,23057,23059,23056,23055,23054,23053,23052,23051,23050,23049\" style=\"default\" type=\"slider-full\" srcset=\"https:\/\/www.sivildusun.net\/yedek18062024\/wp-content\/uploads\/2021\/02\/Ayhan-Ongun-400x267.png 400w, https:\/\/www.sivildusun.net\/yedek18062024\/wp-content\/uploads\/2021\/02\/Ayhan-Ongun.png 600w\" sizes=\"(max-width: 400px) 100vw, 400px\" \/>                                                              <\/div>\n              <div class=\"box-text text-left\" >\n                 <p><\/p>\n              <\/div>\n            <\/div>\n            <\/a>          <\/div>\n         <\/div><div class=\"gallery-col col\" >\n          <div class=\"col-inner\">\n            <a class=\"image-lightbox lightbox-gallery\" href=\"https:\/\/www.sivildusun.net\/yedek18062024\/wp-content\/uploads\/2021\/02\/BenceAktivizm19.png\" title=\"\">            <div class=\"box has-hover gallery-box box-default\">\n              <div class=\"box-image\" >\n                <img loading=\"lazy\" decoding=\"async\" width=\"400\" height=\"267\" src=\"https:\/\/www.sivildusun.net\/yedek18062024\/wp-content\/uploads\/2021\/02\/BenceAktivizm19-400x267.png\" class=\"attachment-medium size-medium\" alt=\"\" ids=\"23116,23064,23117,23062,23115,23063,23113,23061,23114,23060,23118,23058,23057,23059,23056,23055,23054,23053,23052,23051,23050,23049\" style=\"default\" type=\"slider-full\" srcset=\"https:\/\/www.sivildusun.net\/yedek18062024\/wp-content\/uploads\/2021\/02\/BenceAktivizm19-400x267.png 400w, https:\/\/www.sivildusun.net\/yedek18062024\/wp-content\/uploads\/2021\/02\/BenceAktivizm19.png 600w\" sizes=\"(max-width: 400px) 100vw, 400px\" \/>                                                              <\/div>\n              <div class=\"box-text text-left\" >\n                 <p><\/p>\n              <\/div>\n            <\/div>\n            <\/a>          <\/div>\n         <\/div><div class=\"gallery-col col\" >\n          <div class=\"col-inner\">\n            <a class=\"image-lightbox lightbox-gallery\" href=\"https:\/\/www.sivildusun.net\/yedek18062024\/wp-content\/uploads\/2021\/02\/Kerem-C387iftC3A7ioC49Flu.png\" title=\"\">            <div class=\"box has-hover gallery-box box-default\">\n              <div class=\"box-image\" >\n                <img loading=\"lazy\" decoding=\"async\" width=\"400\" height=\"267\" src=\"https:\/\/www.sivildusun.net\/yedek18062024\/wp-content\/uploads\/2021\/02\/Kerem-C387iftC3A7ioC49Flu-400x267.png\" class=\"attachment-medium size-medium\" alt=\"\" ids=\"23116,23064,23117,23062,23115,23063,23113,23061,23114,23060,23118,23058,23057,23059,23056,23055,23054,23053,23052,23051,23050,23049\" style=\"default\" type=\"slider-full\" srcset=\"https:\/\/www.sivildusun.net\/yedek18062024\/wp-content\/uploads\/2021\/02\/Kerem-C387iftC3A7ioC49Flu-400x267.png 400w, https:\/\/www.sivildusun.net\/yedek18062024\/wp-content\/uploads\/2021\/02\/Kerem-C387iftC3A7ioC49Flu.png 600w\" sizes=\"(max-width: 400px) 100vw, 400px\" \/>                                                              <\/div>\n              <div class=\"box-text text-left\" >\n                 <p><\/p>\n              <\/div>\n            <\/div>\n            <\/a>          <\/div>\n         <\/div><div class=\"gallery-col col\" >\n          <div class=\"col-inner\">\n            <a class=\"image-lightbox lightbox-gallery\" href=\"https:\/\/www.sivildusun.net\/yedek18062024\/wp-content\/uploads\/2021\/02\/BenceAktivizm17-e1614416446518.png\" title=\"\">            <div class=\"box has-hover gallery-box box-default\">\n              <div class=\"box-image\" >\n                <img loading=\"lazy\" decoding=\"async\" width=\"400\" height=\"267\" src=\"https:\/\/www.sivildusun.net\/yedek18062024\/wp-content\/uploads\/2021\/02\/BenceAktivizm17-400x267.png\" class=\"attachment-medium size-medium\" alt=\"\" ids=\"23116,23064,23117,23062,23115,23063,23113,23061,23114,23060,23118,23058,23057,23059,23056,23055,23054,23053,23052,23051,23050,23049\" style=\"default\" type=\"slider-full\" \/>                                                              <\/div>\n              <div class=\"box-text text-left\" >\n                 <p><\/p>\n              <\/div>\n            <\/div>\n            <\/a>          <\/div>\n         <\/div><div class=\"gallery-col col\" >\n          <div class=\"col-inner\">\n            <a class=\"image-lightbox lightbox-gallery\" href=\"https:\/\/www.sivildusun.net\/yedek18062024\/wp-content\/uploads\/2021\/02\/Adem-ArkadaC59F.png\" title=\"\">            <div class=\"box has-hover gallery-box box-default\">\n              <div class=\"box-image\" >\n                <img loading=\"lazy\" decoding=\"async\" width=\"400\" height=\"267\" src=\"https:\/\/www.sivildusun.net\/yedek18062024\/wp-content\/uploads\/2021\/02\/Adem-ArkadaC59F-400x267.png\" class=\"attachment-medium size-medium\" alt=\"\" ids=\"23116,23064,23117,23062,23115,23063,23113,23061,23114,23060,23118,23058,23057,23059,23056,23055,23054,23053,23052,23051,23050,23049\" style=\"default\" type=\"slider-full\" srcset=\"https:\/\/www.sivildusun.net\/yedek18062024\/wp-content\/uploads\/2021\/02\/Adem-ArkadaC59F-400x267.png 400w, https:\/\/www.sivildusun.net\/yedek18062024\/wp-content\/uploads\/2021\/02\/Adem-ArkadaC59F.png 600w\" sizes=\"(max-width: 400px) 100vw, 400px\" \/>                                                              <\/div>\n              <div class=\"box-text text-left\" >\n                 <p><\/p>\n              <\/div>\n            <\/div>\n            <\/a>          <\/div>\n         <\/div><div class=\"gallery-col col\" >\n          <div class=\"col-inner\">\n            <a class=\"image-lightbox lightbox-gallery\" href=\"https:\/\/www.sivildusun.net\/yedek18062024\/wp-content\/uploads\/2021\/02\/BenceAktivizm16.png\" title=\"\">            <div class=\"box has-hover gallery-box box-default\">\n              <div class=\"box-image\" >\n                <img loading=\"lazy\" decoding=\"async\" width=\"400\" height=\"267\" src=\"https:\/\/www.sivildusun.net\/yedek18062024\/wp-content\/uploads\/2021\/02\/BenceAktivizm16-400x267.png\" class=\"attachment-medium size-medium\" alt=\"\" ids=\"23116,23064,23117,23062,23115,23063,23113,23061,23114,23060,23118,23058,23057,23059,23056,23055,23054,23053,23052,23051,23050,23049\" style=\"default\" type=\"slider-full\" srcset=\"https:\/\/www.sivildusun.net\/yedek18062024\/wp-content\/uploads\/2021\/02\/BenceAktivizm16-400x267.png 400w, https:\/\/www.sivildusun.net\/yedek18062024\/wp-content\/uploads\/2021\/02\/BenceAktivizm16.png 600w\" sizes=\"(max-width: 400px) 100vw, 400px\" \/>                                                              <\/div>\n              <div class=\"box-text text-left\" >\n                 <p><\/p>\n              <\/div>\n            <\/div>\n            <\/a>          <\/div>\n         <\/div><div class=\"gallery-col col\" >\n          <div class=\"col-inner\">\n            <a class=\"image-lightbox lightbox-gallery\" href=\"https:\/\/www.sivildusun.net\/yedek18062024\/wp-content\/uploads\/2021\/02\/Hakan-C396zkan-1.png\" title=\"\">            <div class=\"box has-hover gallery-box box-default\">\n              <div class=\"box-image\" >\n                <img loading=\"lazy\" decoding=\"async\" width=\"400\" height=\"267\" src=\"https:\/\/www.sivildusun.net\/yedek18062024\/wp-content\/uploads\/2021\/02\/Hakan-C396zkan-1-400x267.png\" class=\"attachment-medium size-medium\" alt=\"\" ids=\"23116,23064,23117,23062,23115,23063,23113,23061,23114,23060,23118,23058,23057,23059,23056,23055,23054,23053,23052,23051,23050,23049\" style=\"default\" type=\"slider-full\" srcset=\"https:\/\/www.sivildusun.net\/yedek18062024\/wp-content\/uploads\/2021\/02\/Hakan-C396zkan-1-400x267.png 400w, https:\/\/www.sivildusun.net\/yedek18062024\/wp-content\/uploads\/2021\/02\/Hakan-C396zkan-1.png 600w\" sizes=\"(max-width: 400px) 100vw, 400px\" \/>                                                              <\/div>\n              <div class=\"box-text text-left\" >\n                 <p><\/p>\n              <\/div>\n            <\/div>\n            <\/a>          <\/div>\n         <\/div><div class=\"gallery-col col\" >\n          <div class=\"col-inner\">\n            <a class=\"image-lightbox lightbox-gallery\" href=\"https:\/\/www.sivildusun.net\/yedek18062024\/wp-content\/uploads\/2021\/02\/BenceAktivizm14.png\" title=\"\">            <div class=\"box has-hover gallery-box box-default\">\n              <div class=\"box-image\" >\n                <img loading=\"lazy\" decoding=\"async\" width=\"400\" height=\"267\" src=\"https:\/\/www.sivildusun.net\/yedek18062024\/wp-content\/uploads\/2021\/02\/BenceAktivizm14-400x267.png\" class=\"attachment-medium size-medium\" alt=\"\" ids=\"23116,23064,23117,23062,23115,23063,23113,23061,23114,23060,23118,23058,23057,23059,23056,23055,23054,23053,23052,23051,23050,23049\" style=\"default\" type=\"slider-full\" srcset=\"https:\/\/www.sivildusun.net\/yedek18062024\/wp-content\/uploads\/2021\/02\/BenceAktivizm14-400x267.png 400w, https:\/\/www.sivildusun.net\/yedek18062024\/wp-content\/uploads\/2021\/02\/BenceAktivizm14.png 600w\" sizes=\"(max-width: 400px) 100vw, 400px\" \/>                                                              <\/div>\n              <div class=\"box-text text-left\" >\n                 <p><\/p>\n              <\/div>\n            <\/div>\n            <\/a>          <\/div>\n         <\/div><div class=\"gallery-col col\" >\n          <div class=\"col-inner\">\n            <a class=\"image-lightbox lightbox-gallery\" href=\"https:\/\/www.sivildusun.net\/yedek18062024\/wp-content\/uploads\/2021\/02\/BenceAktivizm13.png\" title=\"\">            <div class=\"box has-hover gallery-box box-default\">\n              <div class=\"box-image\" >\n                <img loading=\"lazy\" decoding=\"async\" width=\"400\" height=\"267\" src=\"https:\/\/www.sivildusun.net\/yedek18062024\/wp-content\/uploads\/2021\/02\/BenceAktivizm13-400x267.png\" class=\"attachment-medium size-medium\" alt=\"\" ids=\"23116,23064,23117,23062,23115,23063,23113,23061,23114,23060,23118,23058,23057,23059,23056,23055,23054,23053,23052,23051,23050,23049\" style=\"default\" type=\"slider-full\" srcset=\"https:\/\/www.sivildusun.net\/yedek18062024\/wp-content\/uploads\/2021\/02\/BenceAktivizm13-400x267.png 400w, https:\/\/www.sivildusun.net\/yedek18062024\/wp-content\/uploads\/2021\/02\/BenceAktivizm13.png 600w\" sizes=\"(max-width: 400px) 100vw, 400px\" \/>                                                              <\/div>\n              <div class=\"box-text text-left\" >\n                 <p><\/p>\n              <\/div>\n            <\/div>\n            <\/a>          <\/div>\n         <\/div><div class=\"gallery-col col\" >\n          <div class=\"col-inner\">\n            <a class=\"image-lightbox lightbox-gallery\" href=\"https:\/\/www.sivildusun.net\/yedek18062024\/wp-content\/uploads\/2021\/02\/BenceAktivizm15.png\" title=\"\">            <div class=\"box has-hover gallery-box box-default\">\n              <div class=\"box-image\" >\n                <img loading=\"lazy\" decoding=\"async\" width=\"400\" height=\"267\" src=\"https:\/\/www.sivildusun.net\/yedek18062024\/wp-content\/uploads\/2021\/02\/BenceAktivizm15-400x267.png\" class=\"attachment-medium size-medium\" alt=\"\" ids=\"23116,23064,23117,23062,23115,23063,23113,23061,23114,23060,23118,23058,23057,23059,23056,23055,23054,23053,23052,23051,23050,23049\" style=\"default\" type=\"slider-full\" srcset=\"https:\/\/www.sivildusun.net\/yedek18062024\/wp-content\/uploads\/2021\/02\/BenceAktivizm15-400x267.png 400w, https:\/\/www.sivildusun.net\/yedek18062024\/wp-content\/uploads\/2021\/02\/BenceAktivizm15.png 600w\" sizes=\"(max-width: 400px) 100vw, 400px\" \/>                                                              <\/div>\n              <div class=\"box-text text-left\" >\n                 <p><\/p>\n              <\/div>\n            <\/div>\n            <\/a>          <\/div>\n         <\/div><div class=\"gallery-col col\" >\n          <div class=\"col-inner\">\n            <a class=\"image-lightbox lightbox-gallery\" href=\"https:\/\/www.sivildusun.net\/yedek18062024\/wp-content\/uploads\/2021\/02\/BenceAktivizm12.png\" title=\"\">            <div class=\"box has-hover gallery-box box-default\">\n              <div class=\"box-image\" >\n                <img loading=\"lazy\" decoding=\"async\" width=\"400\" height=\"267\" src=\"https:\/\/www.sivildusun.net\/yedek18062024\/wp-content\/uploads\/2021\/02\/BenceAktivizm12-400x267.png\" class=\"attachment-medium size-medium\" alt=\"\" ids=\"23116,23064,23117,23062,23115,23063,23113,23061,23114,23060,23118,23058,23057,23059,23056,23055,23054,23053,23052,23051,23050,23049\" style=\"default\" type=\"slider-full\" srcset=\"https:\/\/www.sivildusun.net\/yedek18062024\/wp-content\/uploads\/2021\/02\/BenceAktivizm12-400x267.png 400w, https:\/\/www.sivildusun.net\/yedek18062024\/wp-content\/uploads\/2021\/02\/BenceAktivizm12.png 600w\" sizes=\"(max-width: 400px) 100vw, 400px\" \/>                                                              <\/div>\n              <div class=\"box-text text-left\" >\n                 <p><\/p>\n              <\/div>\n            <\/div>\n            <\/a>          <\/div>\n         <\/div><div class=\"gallery-col col\" >\n          <div class=\"col-inner\">\n            <a class=\"image-lightbox lightbox-gallery\" href=\"https:\/\/www.sivildusun.net\/yedek18062024\/wp-content\/uploads\/2021\/02\/BenceAktivizm11.png\" title=\"\">            <div class=\"box has-hover gallery-box box-default\">\n              <div class=\"box-image\" >\n                <img loading=\"lazy\" decoding=\"async\" width=\"400\" height=\"267\" src=\"https:\/\/www.sivildusun.net\/yedek18062024\/wp-content\/uploads\/2021\/02\/BenceAktivizm11-400x267.png\" class=\"attachment-medium size-medium\" alt=\"\" ids=\"23116,23064,23117,23062,23115,23063,23113,23061,23114,23060,23118,23058,23057,23059,23056,23055,23054,23053,23052,23051,23050,23049\" style=\"default\" type=\"slider-full\" srcset=\"https:\/\/www.sivildusun.net\/yedek18062024\/wp-content\/uploads\/2021\/02\/BenceAktivizm11-400x267.png 400w, https:\/\/www.sivildusun.net\/yedek18062024\/wp-content\/uploads\/2021\/02\/BenceAktivizm11.png 600w\" sizes=\"(max-width: 400px) 100vw, 400px\" \/>                                                              <\/div>\n              <div class=\"box-text text-left\" >\n                 <p><\/p>\n              <\/div>\n            <\/div>\n            <\/a>          <\/div>\n         <\/div><div class=\"gallery-col col\" >\n          <div class=\"col-inner\">\n            <a class=\"image-lightbox lightbox-gallery\" href=\"https:\/\/www.sivildusun.net\/yedek18062024\/wp-content\/uploads\/2021\/02\/BenceAktivizm10.png\" title=\"\">            <div class=\"box has-hover gallery-box box-default\">\n              <div class=\"box-image\" >\n                <img loading=\"lazy\" decoding=\"async\" width=\"400\" height=\"267\" src=\"https:\/\/www.sivildusun.net\/yedek18062024\/wp-content\/uploads\/2021\/02\/BenceAktivizm10-400x267.png\" class=\"attachment-medium size-medium\" alt=\"\" ids=\"23116,23064,23117,23062,23115,23063,23113,23061,23114,23060,23118,23058,23057,23059,23056,23055,23054,23053,23052,23051,23050,23049\" style=\"default\" type=\"slider-full\" srcset=\"https:\/\/www.sivildusun.net\/yedek18062024\/wp-content\/uploads\/2021\/02\/BenceAktivizm10-400x267.png 400w, https:\/\/www.sivildusun.net\/yedek18062024\/wp-content\/uploads\/2021\/02\/BenceAktivizm10.png 600w\" sizes=\"(max-width: 400px) 100vw, 400px\" \/>                                                              <\/div>\n              <div class=\"box-text text-left\" >\n                 <p><\/p>\n              <\/div>\n            <\/div>\n            <\/a>          <\/div>\n         <\/div><div class=\"gallery-col col\" >\n          <div class=\"col-inner\">\n            <a class=\"image-lightbox lightbox-gallery\" href=\"https:\/\/www.sivildusun.net\/yedek18062024\/wp-content\/uploads\/2021\/02\/BenceAktivizm9.png\" title=\"\">            <div class=\"box has-hover gallery-box box-default\">\n              <div class=\"box-image\" >\n                <img loading=\"lazy\" decoding=\"async\" width=\"400\" height=\"267\" src=\"https:\/\/www.sivildusun.net\/yedek18062024\/wp-content\/uploads\/2021\/02\/BenceAktivizm9-400x267.png\" class=\"attachment-medium size-medium\" alt=\"\" ids=\"23116,23064,23117,23062,23115,23063,23113,23061,23114,23060,23118,23058,23057,23059,23056,23055,23054,23053,23052,23051,23050,23049\" style=\"default\" type=\"slider-full\" srcset=\"https:\/\/www.sivildusun.net\/yedek18062024\/wp-content\/uploads\/2021\/02\/BenceAktivizm9-400x267.png 400w, https:\/\/www.sivildusun.net\/yedek18062024\/wp-content\/uploads\/2021\/02\/BenceAktivizm9.png 600w\" sizes=\"(max-width: 400px) 100vw, 400px\" \/>                                                              <\/div>\n              <div class=\"box-text text-left\" >\n                 <p><\/p>\n              <\/div>\n            <\/div>\n            <\/a>          <\/div>\n         <\/div><div class=\"gallery-col col\" >\n          <div class=\"col-inner\">\n            <a class=\"image-lightbox lightbox-gallery\" href=\"https:\/\/www.sivildusun.net\/yedek18062024\/wp-content\/uploads\/2021\/02\/BenceAktivizm8.png\" title=\"\">            <div class=\"box has-hover gallery-box box-default\">\n              <div class=\"box-image\" >\n                <img loading=\"lazy\" decoding=\"async\" width=\"400\" height=\"267\" src=\"https:\/\/www.sivildusun.net\/yedek18062024\/wp-content\/uploads\/2021\/02\/BenceAktivizm8-400x267.png\" class=\"attachment-medium size-medium\" alt=\"\" ids=\"23116,23064,23117,23062,23115,23063,23113,23061,23114,23060,23118,23058,23057,23059,23056,23055,23054,23053,23052,23051,23050,23049\" style=\"default\" type=\"slider-full\" srcset=\"https:\/\/www.sivildusun.net\/yedek18062024\/wp-content\/uploads\/2021\/02\/BenceAktivizm8-400x267.png 400w, https:\/\/www.sivildusun.net\/yedek18062024\/wp-content\/uploads\/2021\/02\/BenceAktivizm8.png 600w\" sizes=\"(max-width: 400px) 100vw, 400px\" \/>                                                              <\/div>\n              <div class=\"box-text text-left\" >\n                 <p><\/p>\n              <\/div>\n            <\/div>\n            <\/a>          <\/div>\n         <\/div><div class=\"gallery-col col\" >\n          <div class=\"col-inner\">\n            <a class=\"image-lightbox lightbox-gallery\" href=\"https:\/\/www.sivildusun.net\/yedek18062024\/wp-content\/uploads\/2021\/02\/BenceAktivizm7.png\" title=\"\">            <div class=\"box has-hover gallery-box box-default\">\n              <div class=\"box-image\" >\n                <img loading=\"lazy\" decoding=\"async\" width=\"400\" height=\"267\" src=\"https:\/\/www.sivildusun.net\/yedek18062024\/wp-content\/uploads\/2021\/02\/BenceAktivizm7-400x267.png\" class=\"attachment-medium size-medium\" alt=\"\" ids=\"23116,23064,23117,23062,23115,23063,23113,23061,23114,23060,23118,23058,23057,23059,23056,23055,23054,23053,23052,23051,23050,23049\" style=\"default\" type=\"slider-full\" srcset=\"https:\/\/www.sivildusun.net\/yedek18062024\/wp-content\/uploads\/2021\/02\/BenceAktivizm7-400x267.png 400w, https:\/\/www.sivildusun.net\/yedek18062024\/wp-content\/uploads\/2021\/02\/BenceAktivizm7.png 600w\" sizes=\"(max-width: 400px) 100vw, 400px\" \/>                                                              <\/div>\n              <div class=\"box-text text-left\" >\n                 <p><\/p>\n              <\/div>\n            <\/div>\n            <\/a>          <\/div>\n         <\/div><div class=\"gallery-col col\" >\n          <div class=\"col-inner\">\n            <a class=\"image-lightbox lightbox-gallery\" href=\"https:\/\/www.sivildusun.net\/yedek18062024\/wp-content\/uploads\/2021\/02\/BenceAktivizm6.png\" title=\"\">            <div class=\"box has-hover gallery-box box-default\">\n              <div class=\"box-image\" >\n                <img loading=\"lazy\" decoding=\"async\" width=\"400\" height=\"267\" src=\"https:\/\/www.sivildusun.net\/yedek18062024\/wp-content\/uploads\/2021\/02\/BenceAktivizm6-400x267.png\" class=\"attachment-medium size-medium\" alt=\"\" ids=\"23116,23064,23117,23062,23115,23063,23113,23061,23114,23060,23118,23058,23057,23059,23056,23055,23054,23053,23052,23051,23050,23049\" style=\"default\" type=\"slider-full\" srcset=\"https:\/\/www.sivildusun.net\/yedek18062024\/wp-content\/uploads\/2021\/02\/BenceAktivizm6-400x267.png 400w, https:\/\/www.sivildusun.net\/yedek18062024\/wp-content\/uploads\/2021\/02\/BenceAktivizm6.png 600w\" sizes=\"(max-width: 400px) 100vw, 400px\" \/>                                                              <\/div>\n              <div class=\"box-text text-left\" >\n                 <p><\/p>\n              <\/div>\n            <\/div>\n            <\/a>          <\/div>\n         <\/div><div class=\"gallery-col col\" >\n          <div class=\"col-inner\">\n            <a class=\"image-lightbox lightbox-gallery\" href=\"https:\/\/www.sivildusun.net\/yedek18062024\/wp-content\/uploads\/2021\/02\/BenceAktivizm5.png\" title=\"\">            <div class=\"box has-hover gallery-box box-default\">\n              <div class=\"box-image\" >\n                <img loading=\"lazy\" decoding=\"async\" width=\"400\" height=\"267\" src=\"https:\/\/www.sivildusun.net\/yedek18062024\/wp-content\/uploads\/2021\/02\/BenceAktivizm5-400x267.png\" class=\"attachment-medium size-medium\" alt=\"\" ids=\"23116,23064,23117,23062,23115,23063,23113,23061,23114,23060,23118,23058,23057,23059,23056,23055,23054,23053,23052,23051,23050,23049\" style=\"default\" type=\"slider-full\" srcset=\"https:\/\/www.sivildusun.net\/yedek18062024\/wp-content\/uploads\/2021\/02\/BenceAktivizm5-400x267.png 400w, https:\/\/www.sivildusun.net\/yedek18062024\/wp-content\/uploads\/2021\/02\/BenceAktivizm5.png 600w\" sizes=\"(max-width: 400px) 100vw, 400px\" \/>                                                              <\/div>\n              <div class=\"box-text text-left\" >\n                 <p><\/p>\n              <\/div>\n            <\/div>\n            <\/a>          <\/div>\n         <\/div><\/div>\n\t\t<\/div>\n\t\t\t\t\t<\/div>\n\n\t\n\n\t<div id=\"col-226483194\" class=\"col medium-7 small-12 large-7\"  >\n\t\t\t\t<div class=\"col-inner\"  >\n\t\t\t\n\t\t\t\n<h4>#BenceAktivizm | \u015eubat 2016<\/h4>\n<p>\u201cAktivizm\u201d ne ifade ediyor, sizlere soruyor, tan\u0131mlar\u0131n\u0131z\u0131 payla\u015f\u0131yoruz. Sosyal medya kanallar\u0131m\u0131zda, dan\u0131\u015fma toplant\u0131lar\u0131m\u0131zda, r\u00f6portajlar\u0131m\u0131zda \u201cSizce aktivizm ne demek?\u201d diye sorduk, siz de #BenceAktivizm diyerek c\u00fcmlenin devam\u0131n\u0131 getirdiniz.<\/p>\n<p>Birisi \u201c#BenceAktivizm de\u011fi\u015ftirmek, de\u011fi\u015ftirmek ic\u0327in eylemde bulunmak,\u201d bir di\u011feri \u201c#BenceAktivizm inand\u0131\u011f\u0131n de\u011ferleri savunmak ve toplum yarar\u0131na hak arama \u00e7abas\u0131d\u0131r,\u201d dedi. Aktivizm tan\u0131m\u0131n\u0131 sizlerin katk\u0131s\u0131yla zenginle\u015ftirmeye devam ediyoruz. <a href=\"https:\/\/www.sivildusun.net\/yedek18062024\/benceaktivizm-cem-arslan\/\">Sivil toplumun aktivizmi nas\u0131l tan\u0131mlad\u0131\u011f\u0131na g\u00f6z atmak i\u00e7in t\u0131klay\u0131n\u0131z.<\/a><\/p>\n\t\t<\/div>\n\t\t\t\t\t<\/div>\n\n\t\n<\/div>\n\t\t<\/div>\n\t\t\t\t\t<\/div>\n\n\t\n\n\t<div id=\"col-1893164921\" class=\"col small-12 large-12\"  >\n\t\t\t\t<div class=\"col-inner box-shadow-3\"  >\n\t\t\t\n\t\t\t\n<div class=\"row\"  id=\"row-1727450205\">\n\n\t<div id=\"col-210513223\" class=\"col medium-5 small-12 large-5\"  >\n\t\t\t\t<div class=\"col-inner\"  >\n\t\t\t\n\t\t\t\n\n  \n    <div id=\"gallery-57845526\" class=\"slider slider-auto-height row-collapse slider-nav-reveal\" data-flickity-options='{\"imagesLoaded\": true, \"dragThreshold\" : 5, \"cellAlign\": \"left\",\"wrapAround\": true,\"prevNextButtons\": true,\"percentPosition\": true,\"pageDots\": false, \"rightToLeft\": false, \"autoPlay\" : false}'>\n\n  <div class=\"gallery-col col\" >\n          <div class=\"col-inner\">\n            <a class=\"image-lightbox lightbox-gallery\" href=\"https:\/\/www.sivildusun.net\/yedek18062024\/wp-content\/uploads\/2021\/02\/baris\u0327idu\u0308s\u0327le-2-1.png\" title=\"\">            <div class=\"box has-hover gallery-box box-default\">\n              <div class=\"box-image\" >\n                <img loading=\"lazy\" decoding=\"async\" width=\"400\" height=\"263\" src=\"https:\/\/www.sivildusun.net\/yedek18062024\/wp-content\/uploads\/2021\/02\/baris\u0327idu\u0308s\u0327le-2-1-400x263.png\" class=\"attachment-medium size-medium\" alt=\"\" ids=\"23100,23099\" style=\"default\" type=\"slider-full\" srcset=\"https:\/\/www.sivildusun.net\/yedek18062024\/wp-content\/uploads\/2021\/02\/baris\u0327idu\u0308s\u0327le-2-1-400x263.png 400w, https:\/\/www.sivildusun.net\/yedek18062024\/wp-content\/uploads\/2021\/02\/baris\u0327idu\u0308s\u0327le-2-1.png 600w\" sizes=\"(max-width: 400px) 100vw, 400px\" \/>                                                              <\/div>\n              <div class=\"box-text text-left\" >\n                 <p><\/p>\n              <\/div>\n            <\/div>\n            <\/a>          <\/div>\n         <\/div><div class=\"gallery-col col\" >\n          <div class=\"col-inner\">\n            <a class=\"image-lightbox lightbox-gallery\" href=\"https:\/\/www.sivildusun.net\/yedek18062024\/wp-content\/uploads\/2021\/02\/baris\u0327idu\u0308s\u0327le-1.png\" title=\"\">            <div class=\"box has-hover gallery-box box-default\">\n              <div class=\"box-image\" >\n                <img loading=\"lazy\" decoding=\"async\" width=\"400\" height=\"309\" src=\"https:\/\/www.sivildusun.net\/yedek18062024\/wp-content\/uploads\/2021\/02\/baris\u0327idu\u0308s\u0327le-1-400x309.png\" class=\"attachment-medium size-medium\" alt=\"\" ids=\"23100,23099\" style=\"default\" type=\"slider-full\" srcset=\"https:\/\/www.sivildusun.net\/yedek18062024\/wp-content\/uploads\/2021\/02\/baris\u0327idu\u0308s\u0327le-1-400x309.png 400w, https:\/\/www.sivildusun.net\/yedek18062024\/wp-content\/uploads\/2021\/02\/baris\u0327idu\u0308s\u0327le-1-768x593.png 768w, https:\/\/www.sivildusun.net\/yedek18062024\/wp-content\/uploads\/2021\/02\/baris\u0327idu\u0308s\u0327le-1.png 800w\" sizes=\"(max-width: 400px) 100vw, 400px\" \/>                                                              <\/div>\n              <div class=\"box-text text-left\" >\n                 <p><\/p>\n              <\/div>\n            <\/div>\n            <\/a>          <\/div>\n         <\/div><\/div>\n\t\t<\/div>\n\t\t\t\t\t<\/div>\n\n\t\n\n\t<div id=\"col-900700169\" class=\"col medium-7 small-12 large-7\"  >\n\t\t\t\t<div class=\"col-inner\"  >\n\t\t\t\n\t\t\t\n<h4>#Bar\u0131\u015f\u0131D\u00fc\u015fle | Eyl\u00fcl 2015<\/h4>\n<p>2015 y\u0131l\u0131n\u0131n sonbahar\u0131nda bar\u0131\u015f\u0131 konu\u015ftuk, bar\u0131\u015f\u0131 tart\u0131\u015ft\u0131k, bar\u0131\u015f\u0131 d\u00fc\u015fledik. Bar\u0131\u015f\u0131n ve yeniden in\u015fas\u0131n\u0131n bir kez daha \u00f6nem kazand\u0131\u011f\u0131 i\u00e7inde bulundu\u011fumuz d\u00f6nemde; bar\u0131\u015f s\u00fcreci, bar\u0131\u015f, demokrasi ve insan haklar\u0131 konular\u0131n\u0131 sivil toplum, akademi, bas\u0131n ve sanat alanlar\u0131ndan farkl\u0131 isimlerle tart\u0131\u015ft\u0131k.<\/p>\n<p>D\u00fcnyada bar\u0131\u015f\u0131 de\u011ferlendiren yaz\u0131larla beraber bar\u0131\u015f\u0131n habercilikle, kad\u0131nla, \u00e7ocukla, sivil toplumla, kat\u0131l\u0131mc\u0131 demokrasiyle ili\u015fkisini ve bar\u0131\u015f g\u00f6zlemcili\u011fini sizlerden gelen yaz\u0131larla anlamaya \u00e7al\u0131\u015ft\u0131k ve payla\u015f\u0131mlar\u0131n\u0131z\u0131 web sitemizde, sosyal medya kanallar\u0131m\u0131zda #Bar\u0131\u015f\u0131D\u00fc\u015fle etiketiyle payla\u015ft\u0131k. <a href=\"https:\/\/www.sivildusun.net\/yedek18062024\/yer-al\/barisidusle\/\">#Bar\u0131\u015f\u0131D\u00fc\u015fle yaz\u0131lar\u0131 i\u00e7in t\u0131klay\u0131n\u0131z.<\/a><\/p>\n\t\t<\/div>\n\t\t\t\t\t<\/div>\n\n\t\n<\/div>\n\t\t<\/div>\n\t\t\t\t\t<\/div>\n\n\t\n\n<style>\n#row-1767127274 > .col > .col-inner {\n  padding: 20px 20px 20px 20px;\n}\n<\/style>\n<\/div>\n\t\t<\/div>\n\t\t\t\t\n<style>\n#col-1676934996 > .col-inner {\n  padding: 30px 30px 30px 30px;\n  border-radius: 8px;\n}\n<\/style>\n\t<\/div>\n\n\t\n\n<style>\n#row-1402585083 > .col > .col-inner {\n  padding: 20px 20px 20px 20px;\n}\n<\/style>\n<\/div>\n\t\t<\/div>\n\t\t\t\t\t<\/div>\n\n\t\n<\/div>\n\t\t<\/div>\n\n\t\t\n<style>\n#section_961419268 {\n  padding-top: 30px;\n  padding-bottom: 30px;\n}\n<\/style>\n\t<\/section>\n\t\n","protected":false},"excerpt":{"rendered":"","protected":false},"author":1,"featured_media":23567,"parent":727,"menu_order":0,"comment_status":"closed","ping_status":"closed","template":"page-blank.php","meta":{"footnotes":""},"_links":{"self":[{"href":"https:\/\/www.sivildusun.net\/yedek18062024\/wp-json\/wp\/v2\/pages\/729"}],"collection":[{"href":"https:\/\/www.sivildusun.net\/yedek18062024\/wp-json\/wp\/v2\/pages"}],"about":[{"href":"https:\/\/www.sivildusun.net\/yedek18062024\/wp-json\/wp\/v2\/types\/page"}],"author":[{"embeddable":true,"href":"https:\/\/www.sivildusun.net\/yedek18062024\/wp-json\/wp\/v2\/users\/1"}],"replies":[{"embeddable":true,"href":"https:\/\/www.sivildusun.net\/yedek18062024\/wp-json\/wp\/v2\/comments?post=729"}],"version-history":[{"count":0,"href":"https:\/\/www.sivildusun.net\/yedek18062024\/wp-json\/wp\/v2\/pages\/729\/revisions"}],"up":[{"embeddable":true,"href":"https:\/\/www.sivildusun.net\/yedek18062024\/wp-json\/wp\/v2\/pages\/727"}],"wp:featuredmedia":[{"embeddable":true,"href":"https:\/\/www.sivildusun.net\/yedek18062024\/wp-json\/wp\/v2\/media\/23567"}],"wp:attachment":[{"href":"https:\/\/www.sivildusun.net\/yedek18062024\/wp-json\/wp\/v2\/media?parent=729"}],"curies":[{"name":"wp","href":"https:\/\/api.w.org\/{rel}","templated":true}]}}